{"version":"1.0","provider_name":"Monbailleur.fr - Emploi","provider_url":"https:\/\/www.monbailleur.fr\/offres-emploi","author_name":"Monbailleur.fr - Emploi","author_url":"https:\/\/www.monbailleur.fr\/offres-emploi","title":"Gestionnaire m\u00e9diation et parcours locatif H\/F","type":"rich","width":600,"height":338,"html":"<blockquote class=\"wp-embedded-content\" data-secret=\"OspvGvOFva\"><a href=\"https:\/\/www.monbailleur.fr\/offres-emploi\/poste\/gestionnaire-mediation-et-parcours-locatif-h-f\">Gestionnaire m\u00e9diation et parcours locatif H\/F<\/a><\/blockquote><iframe sandbox=\"allow-scripts\" security=\"restricted\" src=\"https:\/\/www.monbailleur.fr\/offres-emploi\/poste\/gestionnaire-mediation-et-parcours-locatif-h-f\/embed#?secret=OspvGvOFva\" width=\"600\" height=\"338\" title=\"\u00ab\u00a0Gestionnaire m\u00e9diation et parcours locatif H\/F\u00a0\u00bb &#8212; Monbailleur.fr - Emploi\" data-secret=\"OspvGvOFva\" frameborder=\"0\" marginwidth=\"0\" marginheight=\"0\" scrolling=\"no\" class=\"wp-embedded-content\"><\/iframe><script type=\"text\/javascript\">\n\/* <![CDATA[ *\/\n\/*! This file is auto-generated *\/\n!function(d,l){\"use strict\";l.querySelector&&d.addEventListener&&\"undefined\"!=typeof URL&&(d.wp=d.wp||{},d.wp.receiveEmbedMessage||(d.wp.receiveEmbedMessage=function(e){var t=e.data;if((t||t.secret||t.message||t.value)&&!\/[^a-zA-Z0-9]\/.test(t.secret)){for(var s,r,n,a=l.querySelectorAll('iframe[data-secret=\"'+t.secret+'\"]'),o=l.querySelectorAll('blockquote[data-secret=\"'+t.secret+'\"]'),c=new RegExp(\"^https?:$\",\"i\"),i=0;i<o.length;i++)o[i].style.display=\"none\";for(i=0;i<a.length;i++)s=a[i],e.source===s.contentWindow&&(s.removeAttribute(\"style\"),\"height\"===t.message?(1e3<(r=parseInt(t.value,10))?r=1e3:~~r<200&&(r=200),s.height=r):\"link\"===t.message&&(r=new URL(s.getAttribute(\"src\")),n=new URL(t.value),c.test(n.protocol))&&n.host===r.host&&l.activeElement===s&&(d.top.location.href=t.value))}},d.addEventListener(\"message\",d.wp.receiveEmbedMessage,!1),l.addEventListener(\"DOMContentLoaded\",function(){for(var e,t,s=l.querySelectorAll(\"iframe.wp-embedded-content\"),r=0;r<s.length;r++)(t=(e=s[r]).getAttribute(\"data-secret\"))||(t=Math.random().toString(36).substring(2,12),e.src+=\"#?secret=\"+t,e.setAttribute(\"data-secret\",t)),e.contentWindow.postMessage({message:\"ready\",secret:t},\"*\")},!1)))}(window,document);\n\/\/# sourceURL=https:\/\/www.monbailleur.fr\/offres-emploi\/wp-includes\/js\/wp-embed.min.js\n\/* ]]> *\/\n<\/script>\n","thumbnail_url":"https:\/\/www.monbailleur.fr\/offres-emploi\/wp-content\/uploads\/2024\/10\/sa-hlm-coutances-granville.png","thumbnail_width":200,"thumbnail_height":74,"description":"L&rsquo;entreprise: La SA HLM Coutances Granville g\u00e8re un parc de pr\u00e8s de 4 000 logements, principalement situ\u00e9s dans le d\u00e9partement de la Manche, sur les secteurs de Coutances et Granville, avec une forte proportion de logements individuels. La soci\u00e9t\u00e9 est un acteur cl\u00e9 dans le domaine du logement social et \u0153uvre pour l&rsquo;am\u00e9lioration et l&rsquo;entretien"}