{"version":"1.0","provider_name":"Monbailleur.fr - Emploi","provider_url":"https:\/\/www.monbailleur.fr\/offres-emploi","author_name":"Monbailleur.fr - Emploi","author_url":"https:\/\/www.monbailleur.fr\/offres-emploi","title":"Gestionnaire technique H\/F","type":"rich","width":600,"height":338,"html":"<blockquote class=\"wp-embedded-content\" data-secret=\"1X9lsrTA0i\"><a href=\"https:\/\/www.monbailleur.fr\/offres-emploi\/poste\/gestionnaire-technique-h-f-3\">Gestionnaire technique H\/F<\/a><\/blockquote><iframe sandbox=\"allow-scripts\" security=\"restricted\" src=\"https:\/\/www.monbailleur.fr\/offres-emploi\/poste\/gestionnaire-technique-h-f-3\/embed#?secret=1X9lsrTA0i\" width=\"600\" height=\"338\" title=\"\u00ab\u00a0Gestionnaire technique H\/F\u00a0\u00bb &#8212; Monbailleur.fr - Emploi\" data-secret=\"1X9lsrTA0i\" frameborder=\"0\" marginwidth=\"0\" marginheight=\"0\" scrolling=\"no\" class=\"wp-embedded-content\"><\/iframe><script>\n\/*! This file is auto-generated *\/\n!function(d,l){\"use strict\";l.querySelector&&d.addEventListener&&\"undefined\"!=typeof URL&&(d.wp=d.wp||{},d.wp.receiveEmbedMessage||(d.wp.receiveEmbedMessage=function(e){var t=e.data;if((t||t.secret||t.message||t.value)&&!\/[^a-zA-Z0-9]\/.test(t.secret)){for(var s,r,n,a=l.querySelectorAll('iframe[data-secret=\"'+t.secret+'\"]'),o=l.querySelectorAll('blockquote[data-secret=\"'+t.secret+'\"]'),c=new RegExp(\"^https?:$\",\"i\"),i=0;i<o.length;i++)o[i].style.display=\"none\";for(i=0;i<a.length;i++)s=a[i],e.source===s.contentWindow&&(s.removeAttribute(\"style\"),\"height\"===t.message?(1e3<(r=parseInt(t.value,10))?r=1e3:~~r<200&&(r=200),s.height=r):\"link\"===t.message&&(r=new URL(s.getAttribute(\"src\")),n=new URL(t.value),c.test(n.protocol))&&n.host===r.host&&l.activeElement===s&&(d.top.location.href=t.value))}},d.addEventListener(\"message\",d.wp.receiveEmbedMessage,!1),l.addEventListener(\"DOMContentLoaded\",function(){for(var e,t,s=l.querySelectorAll(\"iframe.wp-embedded-content\"),r=0;r<s.length;r++)(t=(e=s[r]).getAttribute(\"data-secret\"))||(t=Math.random().toString(36).substring(2,12),e.src+=\"#?secret=\"+t,e.setAttribute(\"data-secret\",t)),e.contentWindow.postMessage({message:\"ready\",secret:t},\"*\")},!1)))}(window,document);\n\/\/# sourceURL=https:\/\/www.monbailleur.fr\/offres-emploi\/wp-includes\/js\/wp-embed.min.js\n<\/script>\n","thumbnail_url":"https:\/\/www.monbailleur.fr\/offres-emploi\/wp-content\/uploads\/2023\/06\/mon_bailleur_emploi_placeholder.png","thumbnail_width":512,"thumbnail_height":512,"description":"L&rsquo;entreprise: Alsace Habitat est une soci\u00e9t\u00e9 d\u2019\u00e9conomie mixte bas\u00e9e \u00e0 Strasbourg, partenaire privil\u00e9gi\u00e9 de la Collectivit\u00e9 europ\u00e9enne d\u2019Alsace. Avec plus de 230 collaborateurs et un parc de 17 000 logements, l\u2019entreprise construit, am\u00e9nage et r\u00e9habilite des logements aid\u00e9s, des r\u00e9sidences s\u00e9niors, des gendarmeries, des foyers \u00e9tudiants et jeunes travailleurs, sur l\u2019ensemble du territoire bas-rhinois. Mixit\u00e9,"}