{"id":32161,"date":"2025-11-20T07:00:17","date_gmt":"2025-11-20T06:00:17","guid":{"rendered":"https:\/\/www.monbailleur.fr\/offres-emploi\/poste\/pmo-de-coordination-transverse-h-f"},"modified":"2025-11-20T07:00:17","modified_gmt":"2025-11-20T06:00:17","slug":"pmo-de-coordination-transverse-h-f","status":"publish","type":"job_listing","link":"https:\/\/www.monbailleur.fr\/offres-emploi\/poste\/pmo-de-coordination-transverse-h-f","title":{"rendered":"PMO de coordination transverse H\/F"},"content":{"rendered":"<h2>L&rsquo;entreprise:<\/h2>\n<p>Action Logement Groupe d\u00e9termine les orientations strat\u00e9giques du groupe Action Logement, les conditions d&#8217;emploi des ressources financi\u00e8res, et veille \u00e0 ce que les aides et les services soient distribu\u00e9s avec \u00e9quit\u00e9 entre les personnes \u00e9ligibles, dans tous les territoires.<\/p>\n<h2>Description:<\/h2>\n<\/p>\n<p>Action Logement, qui sommes-nous ?<\/p>\n<p>Depuis plus de soixante-cinq ans, la vocation du groupe Action Logement, acteur de r\u00e9f\u00e9rence du logement social et interm\u00e9diaire en France, est de faciliter l\u2019acc\u00e8s au logement pour favoriser l\u2019emploi.<\/p>\n<p>&#8211; 18 000 collaborateurs<\/p>\n<p>&#8211; Un patrimoine de plus d\u2019un million de logements en France<\/p>\n<p>&#8211; Une pr\u00e9sence partout en France M\u00e9tropolitaine et dans les DROM (Guadeloupe, Guyane, La R\u00e9union, Mayotte et Martinique)<\/p>\n<p>&#8211; Reconnu d\u2019utilit\u00e9 sociale<\/p>\n<p>En 2017, l\u2019aboutissement de la r\u00e9forme structurelle d\u2019Action Logement initi\u00e9e par les partenaires sociaux, a abouti \u00e0 la constitution effective du groupe Action Logement. Aussi, si vous aimez les environnements dynamiques et challengeants et que vous souhaitez participer \u00e0 ce projet stimulant, rejoignez-nous !<\/p>\n<p>A ce titre, vos missions seront les suivantes : <\/p>\n<p><span style=\"text-decoration: underline\">Volet Coordination transverse<\/span> :<\/p>\n<p>&#8211; Faciliter la coordination entre les \u00e9quipes de la Direction Strat\u00e9gie &amp; Pilotage \u00e0 travers la mise en place d\u2019outils et de processus ;<\/p>\n<p>&#8211; Assurer le suivi des activit\u00e9s des \u00e9quipes de la direction Strat\u00e9gie &amp; Pilotage en participant \u00e0 leurs instances d\u2019\u00e9quipes et \u00e0 l\u2019aide d\u2019indicateurs de suivi ;<\/p>\n<p>&#8211; R\u00e9diger des notes th\u00e9matiques \u00e0 destination de l\u2019\u00e9quipe Strat\u00e9gie &amp; Pilotage et de la DSI ;<\/p>\n<p>&#8211; Pr\u00e9parer et consolider des pr\u00e9sentations diverses, dans le cadre d\u2019instances de pilotage r\u00e9currentes ou pour r\u00e9pondre \u00e0 des besoins ponctuels.<\/p>\n<\/p>\n<p><span style=\"text-decoration: underline\">Volet Audit<\/span> :<\/p>\n<p>&#8211; Assurer le suivi des recommandations d&rsquo;audits et des contr\u00f4les permanents de la direction Strat\u00e9gie &amp; Pilotage ;<\/p>\n<p>&#8211; Faciliter la coordination entre les \u00e9quipes de la Direction Strat\u00e9gie &amp; Pilotage \u00e0 travers la mise en place d\u2019outils et de processus ;<\/p>\n<p>&#8211; R\u00e9diger des notes th\u00e9matiques \u00e0 destination de l\u2019\u00e9quipe Strat\u00e9gie &amp; Pilotage et de la DSI ;<\/p>\n<p>&#8211; Pr\u00e9parer et consolider des pr\u00e9sentations diverses, dans le cadre d\u2019instances de pilotage r\u00e9currentes ou pour r\u00e9pondre \u00e0 des besoins ponctuels.<\/p>\n<\/p>\n<p><span style=\"text-decoration: underline\">Volet Communication<\/span> :<\/p>\n<p>&#8211; R\u00e9alisation et publication des supports de communication pr\u00e9sentant l&rsquo;activit\u00e9 de la direction sous divers formats (articles internet, vid\u00e9os, visuels, mailing&#8230;)<\/p>\n<p>&#8211; Participation \u00e0 l&rsquo;\u00e9laboration du plan de communication<\/p>\n<p>&#8211; Participation \u00e0 la mise \u00e0 jour du site internet<\/p>\n<\/p>\n<p><span style=\"text-decoration: underline\">Volet Ev\u00e9nementiel<\/span> :<\/p>\n<p>&#8211; Planification, pr\u00e9paration et suivi des \u00e9v\u00e9nements et des animations<\/p>\n<p>&#8211; Recherche de prestataires et contacts avec les intervenants internes et externes<\/p>\n<p>&#8211; Respect du budget confi\u00e9<\/p>\n<p>&#8211; Animation et encadrement des groupes durant les diff\u00e9rentes activit\u00e9s propos\u00e9es<br \/>&#8211; Proposition d&rsquo;animations vari\u00e9es favorisant la coh\u00e9sion d&rsquo;\u00e9quipe<\/p>\n<div class=\"know_div_element know_div\" lang=\"fr\" style=\"top: 0px; left: 0px; z-index: 210000; font-size: 1rem\"> <\/div>\n<h2>Profil:<\/h2>\n<\/p>\n<p>De formation : Bac+5 (IEP, \u00e9cole de commerce, universit\u00e9) &#8211; stage de fin d&rsquo;\u00e9tudes ou de c\u00e9sure<\/p>\n<p>Comp\u00e9tences recherch\u00e9es : <\/p>\n<p>&#8211; Rigoureux, organis\u00e9(e), flexible et autonome<\/p>\n<p>&#8211; Capacit\u00e9 d&rsquo;analyse et de synth\u00e8se<\/p>\n<p>&#8211; Aisance en communication orale et \u00e9crite<\/p>\n<p>&#8211; Avoir un bon relationnel, \u00eatre \u00e0 l&rsquo;\u00e9coute<\/p>\n<p>&#8211; \u00catre force de proposition<\/p>\n<p>&#8211; Bonnes capacit\u00e9s r\u00e9dactionnelles et orales<\/p>\n<p>&#8211; Ma\u00eetrise de MS Office<\/p>\n<p>&#8211; Int\u00e9r\u00eat pour la transformation num\u00e9rique et le fonctionnement d&rsquo;une DSI (pilotage des projets, gestion budg\u00e9taire, &#8230;)<\/p>\n<p>&#8211; Esprit cr\u00e9atif et sensibilit\u00e9 \u00e0 l&rsquo;innovation<br \/>&#8211; Connaissance des outils : Suite Office, Microsoft Teams, SharePoint et Canva.<\/p>\n<div class=\"know_div_element know_div\" lang=\"fr\" style=\"top: 0px; left: 0px; z-index: 210000; font-size: 1rem\"> <\/div>\n<h3>Niveau de dipl\u00f4me:<\/h3>\n<p> BAC + 5 (Master 2, DESS, DEA)<\/p>\n<h3>Sp\u00e9cialisations:<\/h3>\n<p>Informatique \/ Syst\u00e8me Information \/T\u00e9l\u00e9communication<\/p>\n<h3> Entit\u00e9 <\/h3>\n<p> Action Logement Services porte l&rsquo;une des deux missions d&rsquo;utilit\u00e9 sociale du groupe Action Logement : faciliter l&rsquo;acc\u00e8s au logement des plus fragiles, en d\u00e9livrant des services et des aides financi\u00e8res pour accompagner leur mobilit\u00e9 r\u00e9sidentielle et professionnelle. La soci\u00e9t\u00e9 contribue \u00e9galement au financement des bailleurs sociaux pour la construction et la r\u00e9habilitation de logements. Elle favorise ainsi l&rsquo;acc\u00e8s et le maintien dans l&#8217;emploi, la performance des entreprises, et le d\u00e9veloppement des territoires.<\/p>\n","protected":false},"author":0,"featured_media":3646,"template":"","meta":{"_promoted":"","_job_location":"France, Ile-de-France, 75 - Paris 21 quai d'Austerlitz 75013 Paris","_application":"https:\/\/actionlogement-recrute.talent-soft.com\/offre-de-emploi\/emploi-pmo-de-coordination-transverse-h-f_16478.aspx?utm_source=monbailleur.fr","_company_name":"Action Logement","_company_website":"https:\/\/actionlogement-recrute.talent-soft.com\/","_company_tagline":"","_company_twitter":"","_company_video":"","_filled":0,"_featured":0,"_remote_position":0,"_job_salary":"","_job_salary_currency":"","_job_salary_unit":""},"job-categories":[78],"job-types":[52],"class_list":{"0":"post-32161","1":"job_listing","2":"type-job_listing","3":"status-publish","4":"has-post-thumbnail","5":"hentry","6":"job_listing_category-autres","7":"job_listing_type-cdd","9":"job-type-cdd"},"yoast_head":"<!-- This site is optimized with the Yoast SEO Premium plugin v22.4 (Yoast SEO v25.1) - https:\/\/yoast.com\/wordpress\/plugins\/seo\/ -->\n<title>PMO de coordination transverse H\/F - Monbailleur.fr - Emploi<\/title>\n<meta name=\"robots\" content=\"noindex, follow\" \/>\n<meta property=\"og:locale\" content=\"fr_FR\" \/>\n<meta property=\"og:type\" content=\"article\" \/>\n<meta property=\"og:title\" content=\"PMO de coordination transverse H\/F\" \/>\n<meta property=\"og:description\" content=\"L&rsquo;entreprise: Action Logement Groupe d\u00e9termine les orientations strat\u00e9giques du groupe Action Logement, les conditions d&#8217;emploi des ressources financi\u00e8res, et veille \u00e0 ce que les aides et les services soient distribu\u00e9s avec \u00e9quit\u00e9 entre les personnes \u00e9ligibles, dans tous les territoires. Description: Action Logement, qui sommes-nous ? Depuis plus de soixante-cinq ans, la vocation du groupe\" \/>\n<meta property=\"og:url\" content=\"https:\/\/www.monbailleur.fr\/offres-emploi\/poste\/pmo-de-coordination-transverse-h-f\" \/>\n<meta property=\"og:site_name\" content=\"Monbailleur.fr - Emploi\" \/>\n<meta property=\"og:image\" content=\"https:\/\/www.monbailleur.fr\/offres-emploi\/wp-content\/uploads\/2023\/06\/action-logement.png\" \/>\n\t<meta property=\"og:image:width\" content=\"175\" \/>\n\t<meta property=\"og:image:height\" content=\"200\" \/>\n\t<meta property=\"og:image:type\" content=\"image\/png\" \/>\n<meta name=\"twitter:card\" content=\"summary_large_image\" \/>\n<meta name=\"twitter:label1\" content=\"Dur\u00e9e de lecture estim\u00e9e\" \/>\n\t<meta name=\"twitter:data1\" content=\"3 minutes\" \/>\n<script type=\"application\/ld+json\" class=\"yoast-schema-graph\">{\"@context\":\"https:\/\/schema.org\",\"@graph\":[{\"@type\":\"WebPage\",\"@id\":\"https:\/\/www.monbailleur.fr\/offres-emploi\/poste\/pmo-de-coordination-transverse-h-f\",\"url\":\"https:\/\/www.monbailleur.fr\/offres-emploi\/poste\/pmo-de-coordination-transverse-h-f\",\"name\":\"PMO de coordination transverse H\/F - Monbailleur.fr - Emploi\",\"isPartOf\":{\"@id\":\"https:\/\/www.monbailleur.fr\/offres-emploi\/#website\"},\"primaryImageOfPage\":{\"@id\":\"https:\/\/www.monbailleur.fr\/offres-emploi\/poste\/pmo-de-coordination-transverse-h-f#primaryimage\"},\"image\":{\"@id\":\"https:\/\/www.monbailleur.fr\/offres-emploi\/poste\/pmo-de-coordination-transverse-h-f#primaryimage\"},\"thumbnailUrl\":\"https:\/\/www.monbailleur.fr\/offres-emploi\/wp-content\/uploads\/2023\/06\/action-logement.png\",\"datePublished\":\"2025-11-20T06:00:17+00:00\",\"breadcrumb\":{\"@id\":\"https:\/\/www.monbailleur.fr\/offres-emploi\/poste\/pmo-de-coordination-transverse-h-f#breadcrumb\"},\"inLanguage\":\"fr-FR\",\"potentialAction\":[{\"@type\":\"ReadAction\",\"target\":[\"https:\/\/www.monbailleur.fr\/offres-emploi\/poste\/pmo-de-coordination-transverse-h-f\"]}]},{\"@type\":\"ImageObject\",\"inLanguage\":\"fr-FR\",\"@id\":\"https:\/\/www.monbailleur.fr\/offres-emploi\/poste\/pmo-de-coordination-transverse-h-f#primaryimage\",\"url\":\"https:\/\/www.monbailleur.fr\/offres-emploi\/wp-content\/uploads\/2023\/06\/action-logement.png\",\"contentUrl\":\"https:\/\/www.monbailleur.fr\/offres-emploi\/wp-content\/uploads\/2023\/06\/action-logement.png\",\"width\":175,\"height\":200},{\"@type\":\"BreadcrumbList\",\"@id\":\"https:\/\/www.monbailleur.fr\/offres-emploi\/poste\/pmo-de-coordination-transverse-h-f#breadcrumb\",\"itemListElement\":[{\"@type\":\"ListItem\",\"position\":1,\"name\":\"Accueil\",\"item\":\"https:\/\/www.monbailleur.fr\/offres-emploi\/\"},{\"@type\":\"ListItem\",\"position\":2,\"name\":\"offres d\u2019emploi\",\"item\":\"https:\/\/www.monbailleur.fr\/offres-emploi\/job-listings\"},{\"@type\":\"ListItem\",\"position\":3,\"name\":\"PMO de coordination transverse H\/F\"}]},{\"@type\":\"WebSite\",\"@id\":\"https:\/\/www.monbailleur.fr\/offres-emploi\/#website\",\"url\":\"https:\/\/www.monbailleur.fr\/offres-emploi\/\",\"name\":\"Monbailleur.fr - Emploi\",\"description\":\"Les offres d&#039;emploi du logement social\",\"publisher\":{\"@id\":\"https:\/\/www.monbailleur.fr\/offres-emploi\/#organization\"},\"potentialAction\":[{\"@type\":\"SearchAction\",\"target\":{\"@type\":\"EntryPoint\",\"urlTemplate\":\"https:\/\/www.monbailleur.fr\/offres-emploi\/?s={search_term_string}\"},\"query-input\":{\"@type\":\"PropertyValueSpecification\",\"valueRequired\":true,\"valueName\":\"search_term_string\"}}],\"inLanguage\":\"fr-FR\"},{\"@type\":\"Organization\",\"@id\":\"https:\/\/www.monbailleur.fr\/offres-emploi\/#organization\",\"name\":\"Monbailleur.fr - Emploi\",\"url\":\"https:\/\/www.monbailleur.fr\/offres-emploi\/\",\"logo\":{\"@type\":\"ImageObject\",\"inLanguage\":\"fr-FR\",\"@id\":\"https:\/\/www.monbailleur.fr\/offres-emploi\/#\/schema\/logo\/image\/\",\"url\":\"https:\/\/www.monbailleur.fr\/offres-emploi\/wp-content\/uploads\/2023\/06\/MonBailleur-1200x675-1.png\",\"contentUrl\":\"https:\/\/www.monbailleur.fr\/offres-emploi\/wp-content\/uploads\/2023\/06\/MonBailleur-1200x675-1.png\",\"width\":1200,\"height\":675,\"caption\":\"Monbailleur.fr - Emploi\"},\"image\":{\"@id\":\"https:\/\/www.monbailleur.fr\/offres-emploi\/#\/schema\/logo\/image\/\"}}]}<\/script>\n<!-- \/ Yoast SEO Premium plugin. -->","yoast_head_json":{"title":"PMO de coordination transverse H\/F - Monbailleur.fr - Emploi","robots":{"index":"noindex","follow":"follow"},"og_locale":"fr_FR","og_type":"article","og_title":"PMO de coordination transverse H\/F","og_description":"L&rsquo;entreprise: Action Logement Groupe d\u00e9termine les orientations strat\u00e9giques du groupe Action Logement, les conditions d&#8217;emploi des ressources financi\u00e8res, et veille \u00e0 ce que les aides et les services soient distribu\u00e9s avec \u00e9quit\u00e9 entre les personnes \u00e9ligibles, dans tous les territoires. Description: Action Logement, qui sommes-nous ? Depuis plus de soixante-cinq ans, la vocation du groupe","og_url":"https:\/\/www.monbailleur.fr\/offres-emploi\/poste\/pmo-de-coordination-transverse-h-f","og_site_name":"Monbailleur.fr - Emploi","og_image":[{"width":175,"height":200,"url":"https:\/\/www.monbailleur.fr\/offres-emploi\/wp-content\/uploads\/2023\/06\/action-logement.png","type":"image\/png"}],"twitter_card":"summary_large_image","twitter_misc":{"Dur\u00e9e de lecture estim\u00e9e":"3 minutes"},"schema":{"@context":"https:\/\/schema.org","@graph":[{"@type":"WebPage","@id":"https:\/\/www.monbailleur.fr\/offres-emploi\/poste\/pmo-de-coordination-transverse-h-f","url":"https:\/\/www.monbailleur.fr\/offres-emploi\/poste\/pmo-de-coordination-transverse-h-f","name":"PMO de coordination transverse H\/F - Monbailleur.fr - Emploi","isPartOf":{"@id":"https:\/\/www.monbailleur.fr\/offres-emploi\/#website"},"primaryImageOfPage":{"@id":"https:\/\/www.monbailleur.fr\/offres-emploi\/poste\/pmo-de-coordination-transverse-h-f#primaryimage"},"image":{"@id":"https:\/\/www.monbailleur.fr\/offres-emploi\/poste\/pmo-de-coordination-transverse-h-f#primaryimage"},"thumbnailUrl":"https:\/\/www.monbailleur.fr\/offres-emploi\/wp-content\/uploads\/2023\/06\/action-logement.png","datePublished":"2025-11-20T06:00:17+00:00","breadcrumb":{"@id":"https:\/\/www.monbailleur.fr\/offres-emploi\/poste\/pmo-de-coordination-transverse-h-f#breadcrumb"},"inLanguage":"fr-FR","potentialAction":[{"@type":"ReadAction","target":["https:\/\/www.monbailleur.fr\/offres-emploi\/poste\/pmo-de-coordination-transverse-h-f"]}]},{"@type":"ImageObject","inLanguage":"fr-FR","@id":"https:\/\/www.monbailleur.fr\/offres-emploi\/poste\/pmo-de-coordination-transverse-h-f#primaryimage","url":"https:\/\/www.monbailleur.fr\/offres-emploi\/wp-content\/uploads\/2023\/06\/action-logement.png","contentUrl":"https:\/\/www.monbailleur.fr\/offres-emploi\/wp-content\/uploads\/2023\/06\/action-logement.png","width":175,"height":200},{"@type":"BreadcrumbList","@id":"https:\/\/www.monbailleur.fr\/offres-emploi\/poste\/pmo-de-coordination-transverse-h-f#breadcrumb","itemListElement":[{"@type":"ListItem","position":1,"name":"Accueil","item":"https:\/\/www.monbailleur.fr\/offres-emploi\/"},{"@type":"ListItem","position":2,"name":"offres d\u2019emploi","item":"https:\/\/www.monbailleur.fr\/offres-emploi\/job-listings"},{"@type":"ListItem","position":3,"name":"PMO de coordination transverse H\/F"}]},{"@type":"WebSite","@id":"https:\/\/www.monbailleur.fr\/offres-emploi\/#website","url":"https:\/\/www.monbailleur.fr\/offres-emploi\/","name":"Monbailleur.fr - Emploi","description":"Les offres d&#039;emploi du logement social","publisher":{"@id":"https:\/\/www.monbailleur.fr\/offres-emploi\/#organization"},"potentialAction":[{"@type":"SearchAction","target":{"@type":"EntryPoint","urlTemplate":"https:\/\/www.monbailleur.fr\/offres-emploi\/?s={search_term_string}"},"query-input":{"@type":"PropertyValueSpecification","valueRequired":true,"valueName":"search_term_string"}}],"inLanguage":"fr-FR"},{"@type":"Organization","@id":"https:\/\/www.monbailleur.fr\/offres-emploi\/#organization","name":"Monbailleur.fr - Emploi","url":"https:\/\/www.monbailleur.fr\/offres-emploi\/","logo":{"@type":"ImageObject","inLanguage":"fr-FR","@id":"https:\/\/www.monbailleur.fr\/offres-emploi\/#\/schema\/logo\/image\/","url":"https:\/\/www.monbailleur.fr\/offres-emploi\/wp-content\/uploads\/2023\/06\/MonBailleur-1200x675-1.png","contentUrl":"https:\/\/www.monbailleur.fr\/offres-emploi\/wp-content\/uploads\/2023\/06\/MonBailleur-1200x675-1.png","width":1200,"height":675,"caption":"Monbailleur.fr - Emploi"},"image":{"@id":"https:\/\/www.monbailleur.fr\/offres-emploi\/#\/schema\/logo\/image\/"}}]}},"_links":{"self":[{"href":"https:\/\/www.monbailleur.fr\/offres-emploi\/wp-json\/wp\/v2\/job-listings\/32161","targetHints":{"allow":["GET"]}}],"collection":[{"href":"https:\/\/www.monbailleur.fr\/offres-emploi\/wp-json\/wp\/v2\/job-listings"}],"about":[{"href":"https:\/\/www.monbailleur.fr\/offres-emploi\/wp-json\/wp\/v2\/types\/job_listing"}],"wp:featuredmedia":[{"embeddable":true,"href":"https:\/\/www.monbailleur.fr\/offres-emploi\/wp-json\/wp\/v2\/media\/3646"}],"wp:attachment":[{"href":"https:\/\/www.monbailleur.fr\/offres-emploi\/wp-json\/wp\/v2\/media?parent=32161"}],"wp:term":[{"taxonomy":"job_listing_category","embeddable":true,"href":"https:\/\/www.monbailleur.fr\/offres-emploi\/wp-json\/wp\/v2\/job-categories?post=32161"},{"taxonomy":"job_listing_type","embeddable":true,"href":"https:\/\/www.monbailleur.fr\/offres-emploi\/wp-json\/wp\/v2\/job-types?post=32161"}],"curies":[{"name":"wp","href":"https:\/\/api.w.org\/{rel}","templated":true}]}}