{"id":32886,"date":"2025-12-19T07:00:04","date_gmt":"2025-12-19T06:00:04","guid":{"rendered":"https:\/\/www.monbailleur.fr\/offres-emploi\/poste\/gardien-ne-dimmeubles-saint-louis-h-f"},"modified":"2025-12-19T07:00:04","modified_gmt":"2025-12-19T06:00:04","slug":"gardien-ne-dimmeubles-saint-louis-h-f","status":"publish","type":"job_listing","link":"https:\/\/www.monbailleur.fr\/offres-emploi\/poste\/gardien-ne-dimmeubles-saint-louis-h-f","title":{"rendered":"Gardien.ne d&rsquo;immeubles &#8211; Saint-Louis H\/F"},"content":{"rendered":"<h2>L&rsquo;entreprise:<\/h2>\n<p>Action Logement Groupe d\u00e9termine les orientations strat\u00e9giques du groupe Action Logement, les conditions d&#8217;emploi des ressources financi\u00e8res, et veille \u00e0 ce que les aides et les services soient distribu\u00e9s avec \u00e9quit\u00e9 entre les personnes \u00e9ligibles, dans tous les territoires.<\/p>\n<h2>Description:<\/h2>\n<\/p>\n<p style=\"text-align: justify\">Le.la gardien.ne d\u2019immeubles devra :<\/p>\n<p style=\"text-align: justify\">&#8211; Assurer l\u2019entretien m\u00e9nager des parties communes (halls d\u2019immeubles \u2026) et des abords des immeubles.<\/p>\n<p style=\"text-align: justify\">&#8211; Nettoyer et lessiver les mont\u00e9es d\u2019escalier du secteur.<\/p>\n<p style=\"text-align: justify\">&#8211; Assurer la petite maintenance technique (changement d\u2019ampoules \u2026).<\/p>\n<p style=\"text-align: justify\">&#8211; Surveiller et contr\u00f4ler le secteur.<\/p>\n<p style=\"text-align: justify\">&#8211; Effectuer un retour d\u2019information des r\u00e9clamations et contr\u00f4ler la r\u00e9alisation des travaux demand\u00e9s ainsi que des \u00e9quipements s\u00e9curit\u00e9.<\/p>\n<p style=\"text-align: justify\">&#8211; G\u00e9rer les ordures m\u00e9nag\u00e8res et la manutention des conteneurs.<\/p>\n<p style=\"text-align: justify\">&#8211; Effectuer des \u00e9tats des lieux d\u2019entr\u00e9e et de sortie \u2026<\/p>\n<p style=\"text-align: justify\">\n<p style=\"text-align: center\"><span style=\"font-size: 10pt\"><strong><span style=\"text-decoration: underline\">Merci de postuler en parall\u00e8le sur<\/span> :<\/strong><\/span><\/p>\n<p style=\"text-align: center\"><span style=\"font-size: 10pt\"><strong>https:\/\/besthr.com\/fr\/jobs\/gardienne-dimmeuble-saint-louis-gimmstl02<\/strong><\/span><\/p>\n<h2>Profil:<\/h2>\n<\/p>\n<p style=\"text-align: justify\"><strong>Profil souhait\u00e9 :<\/strong><\/p>\n<p style=\"text-align: justify\">&#8211; CAP \u00e0 BAC, id\u00e9alement CAP Gardien d\u2019immeubles.<\/p>\n<p style=\"text-align: justify\">&#8211; Permis B <span style=\"text-decoration: underline\">obligatoire<\/span>.<\/p>\n<p style=\"text-align: justify\">\n<p style=\"text-align: justify\"><strong>Comp\u00e9tences associ\u00e9es :<\/strong><\/p>\n<p style=\"text-align: justify\">&#8211; Exp\u00e9rience du service aux particuliers.<\/p>\n<p style=\"text-align: justify\">&#8211; Exp\u00e9rience dans le nettoyage.<\/p>\n<p style=\"text-align: justify\">&#8211; Bon relationnel et sens du service.<\/p>\n<p style=\"text-align: justify\">&#8211; Rigueur et esprit d\u2019\u00e9quipe<\/p>\n<p style=\"text-align: justify\">\n<p style=\"text-align: justify\"><strong>Particularit\u00e9s et contraintes :<\/strong><\/p>\n<p style=\"text-align: justify\">&#8211; 37 heures \/ semaine, du lundi au vendredi. <\/p>\n<p style=\"text-align: justify\">&#8211; Bonnes aptitudes physiques<\/p>\n<h3>Niveau de dipl\u00f4me:<\/h3>\n<p> Certificat d&rsquo;Aptitude Professionnelle (CAP)<\/p>\n<h3>Sp\u00e9cialisations:<\/h3>\n<p>Autre fili\u00e8re<\/p>\n","protected":false},"author":0,"featured_media":3646,"template":"","meta":{"_promoted":"","_job_location":"France, Grand-Est, 68 - Haut Rhin Saint-Louis","_application":"https:\/\/actionlogement-recrute.talent-soft.com\/offre-de-emploi\/emploi-gardien-ne-d-immeubles-saint-louis-h-f_16652.aspx?utm_source=monbailleur.fr","_company_name":"Action Logement","_company_website":"https:\/\/actionlogement-recrute.talent-soft.com\/","_company_tagline":"","_company_twitter":"","_company_video":"","_filled":0,"_featured":0,"_remote_position":0,"_job_salary":"","_job_salary_currency":"","_job_salary_unit":""},"job-categories":[78],"job-types":[63],"class_list":{"0":"post-32886","1":"job_listing","2":"type-job_listing","3":"status-publish","4":"has-post-thumbnail","5":"hentry","6":"job_listing_category-autres","7":"job_listing_type-cdi","9":"job-type-cdi"},"yoast_head":"<!-- This site is optimized with the Yoast SEO Premium plugin v22.4 (Yoast SEO v25.1) - https:\/\/yoast.com\/wordpress\/plugins\/seo\/ -->\n<title>Gardien.ne d&#039;immeubles - Saint-Louis H\/F - Monbailleur.fr - Emploi<\/title>\n<meta name=\"robots\" content=\"noindex, follow\" \/>\n<meta property=\"og:locale\" content=\"fr_FR\" \/>\n<meta property=\"og:type\" content=\"article\" \/>\n<meta property=\"og:title\" content=\"Gardien.ne d&#039;immeubles - Saint-Louis H\/F\" \/>\n<meta property=\"og:description\" content=\"L&rsquo;entreprise: Action Logement Groupe d\u00e9termine les orientations strat\u00e9giques du groupe Action Logement, les conditions d&#8217;emploi des ressources financi\u00e8res, et veille \u00e0 ce que les aides et les services soient distribu\u00e9s avec \u00e9quit\u00e9 entre les personnes \u00e9ligibles, dans tous les territoires. Description: Le.la gardien.ne d\u2019immeubles devra : &#8211; Assurer l\u2019entretien m\u00e9nager des parties communes (halls d\u2019immeubles\" \/>\n<meta property=\"og:url\" content=\"https:\/\/www.monbailleur.fr\/offres-emploi\/poste\/gardien-ne-dimmeubles-saint-louis-h-f\" \/>\n<meta property=\"og:site_name\" content=\"Monbailleur.fr - Emploi\" \/>\n<meta property=\"og:image\" content=\"https:\/\/www.monbailleur.fr\/offres-emploi\/wp-content\/uploads\/2023\/06\/action-logement.png\" \/>\n\t<meta property=\"og:image:width\" content=\"175\" \/>\n\t<meta property=\"og:image:height\" content=\"200\" \/>\n\t<meta property=\"og:image:type\" content=\"image\/png\" \/>\n<meta name=\"twitter:card\" content=\"summary_large_image\" \/>\n<meta name=\"twitter:label1\" content=\"Dur\u00e9e de lecture estim\u00e9e\" \/>\n\t<meta name=\"twitter:data1\" content=\"1 minute\" \/>\n<script type=\"application\/ld+json\" class=\"yoast-schema-graph\">{\"@context\":\"https:\/\/schema.org\",\"@graph\":[{\"@type\":\"WebPage\",\"@id\":\"https:\/\/www.monbailleur.fr\/offres-emploi\/poste\/gardien-ne-dimmeubles-saint-louis-h-f\",\"url\":\"https:\/\/www.monbailleur.fr\/offres-emploi\/poste\/gardien-ne-dimmeubles-saint-louis-h-f\",\"name\":\"Gardien.ne d'immeubles - Saint-Louis H\/F - Monbailleur.fr - Emploi\",\"isPartOf\":{\"@id\":\"https:\/\/www.monbailleur.fr\/offres-emploi\/#website\"},\"primaryImageOfPage\":{\"@id\":\"https:\/\/www.monbailleur.fr\/offres-emploi\/poste\/gardien-ne-dimmeubles-saint-louis-h-f#primaryimage\"},\"image\":{\"@id\":\"https:\/\/www.monbailleur.fr\/offres-emploi\/poste\/gardien-ne-dimmeubles-saint-louis-h-f#primaryimage\"},\"thumbnailUrl\":\"https:\/\/www.monbailleur.fr\/offres-emploi\/wp-content\/uploads\/2023\/06\/action-logement.png\",\"datePublished\":\"2025-12-19T06:00:04+00:00\",\"breadcrumb\":{\"@id\":\"https:\/\/www.monbailleur.fr\/offres-emploi\/poste\/gardien-ne-dimmeubles-saint-louis-h-f#breadcrumb\"},\"inLanguage\":\"fr-FR\",\"potentialAction\":[{\"@type\":\"ReadAction\",\"target\":[\"https:\/\/www.monbailleur.fr\/offres-emploi\/poste\/gardien-ne-dimmeubles-saint-louis-h-f\"]}]},{\"@type\":\"ImageObject\",\"inLanguage\":\"fr-FR\",\"@id\":\"https:\/\/www.monbailleur.fr\/offres-emploi\/poste\/gardien-ne-dimmeubles-saint-louis-h-f#primaryimage\",\"url\":\"https:\/\/www.monbailleur.fr\/offres-emploi\/wp-content\/uploads\/2023\/06\/action-logement.png\",\"contentUrl\":\"https:\/\/www.monbailleur.fr\/offres-emploi\/wp-content\/uploads\/2023\/06\/action-logement.png\",\"width\":175,\"height\":200},{\"@type\":\"BreadcrumbList\",\"@id\":\"https:\/\/www.monbailleur.fr\/offres-emploi\/poste\/gardien-ne-dimmeubles-saint-louis-h-f#breadcrumb\",\"itemListElement\":[{\"@type\":\"ListItem\",\"position\":1,\"name\":\"Accueil\",\"item\":\"https:\/\/www.monbailleur.fr\/offres-emploi\/\"},{\"@type\":\"ListItem\",\"position\":2,\"name\":\"offres d\u2019emploi\",\"item\":\"https:\/\/www.monbailleur.fr\/offres-emploi\/job-listings\"},{\"@type\":\"ListItem\",\"position\":3,\"name\":\"Gardien.ne d&rsquo;immeubles &#8211; Saint-Louis H\/F\"}]},{\"@type\":\"WebSite\",\"@id\":\"https:\/\/www.monbailleur.fr\/offres-emploi\/#website\",\"url\":\"https:\/\/www.monbailleur.fr\/offres-emploi\/\",\"name\":\"Monbailleur.fr - Emploi\",\"description\":\"Les offres d&#039;emploi du logement social\",\"publisher\":{\"@id\":\"https:\/\/www.monbailleur.fr\/offres-emploi\/#organization\"},\"potentialAction\":[{\"@type\":\"SearchAction\",\"target\":{\"@type\":\"EntryPoint\",\"urlTemplate\":\"https:\/\/www.monbailleur.fr\/offres-emploi\/?s={search_term_string}\"},\"query-input\":{\"@type\":\"PropertyValueSpecification\",\"valueRequired\":true,\"valueName\":\"search_term_string\"}}],\"inLanguage\":\"fr-FR\"},{\"@type\":\"Organization\",\"@id\":\"https:\/\/www.monbailleur.fr\/offres-emploi\/#organization\",\"name\":\"Monbailleur.fr - Emploi\",\"url\":\"https:\/\/www.monbailleur.fr\/offres-emploi\/\",\"logo\":{\"@type\":\"ImageObject\",\"inLanguage\":\"fr-FR\",\"@id\":\"https:\/\/www.monbailleur.fr\/offres-emploi\/#\/schema\/logo\/image\/\",\"url\":\"https:\/\/www.monbailleur.fr\/offres-emploi\/wp-content\/uploads\/2023\/06\/MonBailleur-1200x675-1.png\",\"contentUrl\":\"https:\/\/www.monbailleur.fr\/offres-emploi\/wp-content\/uploads\/2023\/06\/MonBailleur-1200x675-1.png\",\"width\":1200,\"height\":675,\"caption\":\"Monbailleur.fr - Emploi\"},\"image\":{\"@id\":\"https:\/\/www.monbailleur.fr\/offres-emploi\/#\/schema\/logo\/image\/\"}}]}<\/script>\n<!-- \/ Yoast SEO Premium plugin. -->","yoast_head_json":{"title":"Gardien.ne d'immeubles - Saint-Louis H\/F - Monbailleur.fr - Emploi","robots":{"index":"noindex","follow":"follow"},"og_locale":"fr_FR","og_type":"article","og_title":"Gardien.ne d'immeubles - Saint-Louis H\/F","og_description":"L&rsquo;entreprise: Action Logement Groupe d\u00e9termine les orientations strat\u00e9giques du groupe Action Logement, les conditions d&#8217;emploi des ressources financi\u00e8res, et veille \u00e0 ce que les aides et les services soient distribu\u00e9s avec \u00e9quit\u00e9 entre les personnes \u00e9ligibles, dans tous les territoires. Description: Le.la gardien.ne d\u2019immeubles devra : &#8211; Assurer l\u2019entretien m\u00e9nager des parties communes (halls d\u2019immeubles","og_url":"https:\/\/www.monbailleur.fr\/offres-emploi\/poste\/gardien-ne-dimmeubles-saint-louis-h-f","og_site_name":"Monbailleur.fr - Emploi","og_image":[{"width":175,"height":200,"url":"https:\/\/www.monbailleur.fr\/offres-emploi\/wp-content\/uploads\/2023\/06\/action-logement.png","type":"image\/png"}],"twitter_card":"summary_large_image","twitter_misc":{"Dur\u00e9e de lecture estim\u00e9e":"1 minute"},"schema":{"@context":"https:\/\/schema.org","@graph":[{"@type":"WebPage","@id":"https:\/\/www.monbailleur.fr\/offres-emploi\/poste\/gardien-ne-dimmeubles-saint-louis-h-f","url":"https:\/\/www.monbailleur.fr\/offres-emploi\/poste\/gardien-ne-dimmeubles-saint-louis-h-f","name":"Gardien.ne d'immeubles - Saint-Louis H\/F - Monbailleur.fr - Emploi","isPartOf":{"@id":"https:\/\/www.monbailleur.fr\/offres-emploi\/#website"},"primaryImageOfPage":{"@id":"https:\/\/www.monbailleur.fr\/offres-emploi\/poste\/gardien-ne-dimmeubles-saint-louis-h-f#primaryimage"},"image":{"@id":"https:\/\/www.monbailleur.fr\/offres-emploi\/poste\/gardien-ne-dimmeubles-saint-louis-h-f#primaryimage"},"thumbnailUrl":"https:\/\/www.monbailleur.fr\/offres-emploi\/wp-content\/uploads\/2023\/06\/action-logement.png","datePublished":"2025-12-19T06:00:04+00:00","breadcrumb":{"@id":"https:\/\/www.monbailleur.fr\/offres-emploi\/poste\/gardien-ne-dimmeubles-saint-louis-h-f#breadcrumb"},"inLanguage":"fr-FR","potentialAction":[{"@type":"ReadAction","target":["https:\/\/www.monbailleur.fr\/offres-emploi\/poste\/gardien-ne-dimmeubles-saint-louis-h-f"]}]},{"@type":"ImageObject","inLanguage":"fr-FR","@id":"https:\/\/www.monbailleur.fr\/offres-emploi\/poste\/gardien-ne-dimmeubles-saint-louis-h-f#primaryimage","url":"https:\/\/www.monbailleur.fr\/offres-emploi\/wp-content\/uploads\/2023\/06\/action-logement.png","contentUrl":"https:\/\/www.monbailleur.fr\/offres-emploi\/wp-content\/uploads\/2023\/06\/action-logement.png","width":175,"height":200},{"@type":"BreadcrumbList","@id":"https:\/\/www.monbailleur.fr\/offres-emploi\/poste\/gardien-ne-dimmeubles-saint-louis-h-f#breadcrumb","itemListElement":[{"@type":"ListItem","position":1,"name":"Accueil","item":"https:\/\/www.monbailleur.fr\/offres-emploi\/"},{"@type":"ListItem","position":2,"name":"offres d\u2019emploi","item":"https:\/\/www.monbailleur.fr\/offres-emploi\/job-listings"},{"@type":"ListItem","position":3,"name":"Gardien.ne d&rsquo;immeubles &#8211; Saint-Louis H\/F"}]},{"@type":"WebSite","@id":"https:\/\/www.monbailleur.fr\/offres-emploi\/#website","url":"https:\/\/www.monbailleur.fr\/offres-emploi\/","name":"Monbailleur.fr - Emploi","description":"Les offres d&#039;emploi du logement social","publisher":{"@id":"https:\/\/www.monbailleur.fr\/offres-emploi\/#organization"},"potentialAction":[{"@type":"SearchAction","target":{"@type":"EntryPoint","urlTemplate":"https:\/\/www.monbailleur.fr\/offres-emploi\/?s={search_term_string}"},"query-input":{"@type":"PropertyValueSpecification","valueRequired":true,"valueName":"search_term_string"}}],"inLanguage":"fr-FR"},{"@type":"Organization","@id":"https:\/\/www.monbailleur.fr\/offres-emploi\/#organization","name":"Monbailleur.fr - Emploi","url":"https:\/\/www.monbailleur.fr\/offres-emploi\/","logo":{"@type":"ImageObject","inLanguage":"fr-FR","@id":"https:\/\/www.monbailleur.fr\/offres-emploi\/#\/schema\/logo\/image\/","url":"https:\/\/www.monbailleur.fr\/offres-emploi\/wp-content\/uploads\/2023\/06\/MonBailleur-1200x675-1.png","contentUrl":"https:\/\/www.monbailleur.fr\/offres-emploi\/wp-content\/uploads\/2023\/06\/MonBailleur-1200x675-1.png","width":1200,"height":675,"caption":"Monbailleur.fr - Emploi"},"image":{"@id":"https:\/\/www.monbailleur.fr\/offres-emploi\/#\/schema\/logo\/image\/"}}]}},"_links":{"self":[{"href":"https:\/\/www.monbailleur.fr\/offres-emploi\/wp-json\/wp\/v2\/job-listings\/32886","targetHints":{"allow":["GET"]}}],"collection":[{"href":"https:\/\/www.monbailleur.fr\/offres-emploi\/wp-json\/wp\/v2\/job-listings"}],"about":[{"href":"https:\/\/www.monbailleur.fr\/offres-emploi\/wp-json\/wp\/v2\/types\/job_listing"}],"wp:featuredmedia":[{"embeddable":true,"href":"https:\/\/www.monbailleur.fr\/offres-emploi\/wp-json\/wp\/v2\/media\/3646"}],"wp:attachment":[{"href":"https:\/\/www.monbailleur.fr\/offres-emploi\/wp-json\/wp\/v2\/media?parent=32886"}],"wp:term":[{"taxonomy":"job_listing_category","embeddable":true,"href":"https:\/\/www.monbailleur.fr\/offres-emploi\/wp-json\/wp\/v2\/job-categories?post=32886"},{"taxonomy":"job_listing_type","embeddable":true,"href":"https:\/\/www.monbailleur.fr\/offres-emploi\/wp-json\/wp\/v2\/job-types?post=32886"}],"curies":[{"name":"wp","href":"https:\/\/api.w.org\/{rel}","templated":true}]}}