{"id":33357,"date":"2026-02-14T07:00:25","date_gmt":"2026-02-14T06:00:25","guid":{"rendered":"https:\/\/www.monbailleur.fr\/offres-emploi\/poste\/responsable-juridique-ventes-cdc-habitat-75-h-f"},"modified":"2026-02-14T07:00:25","modified_gmt":"2026-02-14T06:00:25","slug":"responsable-juridique-ventes-cdc-habitat-75-h-f","status":"publish","type":"job_listing","link":"https:\/\/www.monbailleur.fr\/offres-emploi\/poste\/responsable-juridique-ventes-cdc-habitat-75-h-f","title":{"rendered":"Responsable juridique ventes &#8211; CDC Habitat (75) H\/F"},"content":{"rendered":"<h2>L&rsquo;entreprise:<\/h2>\n<p>CDC Habitat, anciennement Groupe SNI, est une filiale de la Caisse des d\u00e9p\u00f4ts et consignations ayant pour mission principale la gestion du patrimoine immobilier public. L&rsquo;entreprise g\u00e8re 348 725 logements. En 2005, le groupe SNI se transforme en op\u00e9rateur immobilier global.<\/p>\n<h2>Description:<\/h2>\n<\/p>\n<p><strong>Et si votre expertise juridique contribuait \u00e0 faciliter l\u2019acc\u00e8s au logement pour tous\u202f?<\/strong><\/p>\n<p>Chez CDC Habitat, filiale de la Caisse des D\u00e9p\u00f4ts, chaque poste a du sens. Nous construisons un habitat accessible, durable et humain, au service de l\u2019int\u00e9r\u00eat g\u00e9n\u00e9ral.<\/p>\n<p>Aujourd\u2019hui, nous recherchons notre Responsable Juridique Ventes pour rejoindre la Direction Juridique Groupe et accompagner le GIE Services Clients Groupe (SCG).<\/p>\n<p>Si vous \u00eates juriste exp\u00e9riment\u00e9(e) dans les ventes immobili\u00e8res et que vous aimez conjuguer exigence, conseil et impact, cette mission est faite pour vous.<\/p>\n<p><strong>Votre r\u00f4le au quotidien<\/strong><br \/><span style=\"text-decoration: underline\">Si vous \u00eates responsable juridique ventes, vos missions seront les suivantes<\/span>\u202f:<\/p>\n<ul>\n<li><strong>Encadrer et animer une \u00e9quipe de 10 juristes du p\u00f4le immobilier ventes, organiser et coordonner leur activit\u00e9.<\/strong> Mettre en place une organisation qui permette d&rsquo;assurer de fa\u00e7on satisfaisante le volet juridique des ventes du groupe.<\/li>\n<li><strong>S\u00e9curiser juridiquement<\/strong> l\u2019ensemble des op\u00e9rations de ventes du Groupe.<\/li>\n<li><strong>Conseiller et accompagner<\/strong> le GIE SCG dans le montage et la r\u00e9alisation des ventes\u202f: \u00e9laboration des \u00ab\u00a0check-lists\u00a0\u00bb, collecte des pi\u00e8ces (e-Resid, Picosy\u2026), r\u00e9daction et relecture des promesses, actes de vente, r\u00e9diger des r\u00e8glements de copropri\u00e9t\u00e9, statuts d\u2019ASL\u2026<\/li>\n<li><strong>Suivre les pr\u00e9contentieux et contentieux<\/strong> relatifs aux ventes, en lien avec le P\u00f4le Contentieux de la DJG.<\/li>\n<li><strong>Apporter une assistance \u00e0 la n\u00e9gociation de la documentation contractuelle des ventes en bloc.<\/strong><\/li>\n<li><strong>Assurer le pilotage des notaires <\/strong>en charge des ventes par EI ou en portefeuille.<\/li>\n<li><strong>Participer au volet juridiques ventes des projets complexes<\/strong><\/li>\n<li>du Groupe (Lamartine, Atrium, etc.) en lien avec la Direction Juridique, conseiller et assister la Direction du Groupe (Pr\u00e9sidente, Directeur G\u00e9n\u00e9ral, Directrice de la DSCG, autres membres du directoire ou du COMEX) pour les op\u00e9rations de transfert d&rsquo;actifs complexes ou \u00e0 fort enjeu juridique telles que Lamartine en 2022 ou Atrium en 2025 et 2026.<\/li>\n<li><strong>Informer et former l<\/strong>es \u00e9quipes internes gr\u00e2ce \u00e0 vos notes, formations et votre veille juridique active.<\/li>\n<li><strong>Assurer la veille juridique et r\u00e9diger des notes juridiques en mati\u00e8re de vente immobili\u00e8re<\/strong><\/li>\n<li>Le cas \u00e9ch\u00e9ant, r\u00e9diger des notes dans le cadre des<strong> actions institutionnelles du Groupe.<\/strong><\/li>\n<\/ul>\n<p><strong>Si cette aventure humaine et professionnelle r\u00e9sonne en vous, rejoignez CDC Habitat et construisez avec nous un habitat plus juste et durable.<\/strong><\/p>\n<p style=\"text-align: center\"><strong>Postulez d\u00e8s maintenant\u202f!<\/strong><\/p>\n<h2>Profil:<\/h2>\n<\/p>\n<p><span style=\"text-decoration: underline\">Si vous avez :<\/span><\/p>\n<p><strong>Ce profil :<\/strong><br \/>Dipl\u00f4m\u00e9(e) d\u2019un Bac+5 en droit immobilier ou droit notarial, vous disposez d\u2019une exp\u00e9rience confirm\u00e9e en \u00e9tude notariale ou au sein d\u2019une direction juridique immobili\u00e8re (fonci\u00e8re, SA d\u2019HLM, SEM\u2026).<\/p>\n<p>Vous ma\u00eetrisez les r\u00e8gles de vente des logements libres, interm\u00e9diaires et sociaux, ainsi que le droit immobilier dans sa globalit\u00e9 (baux, VEFA, urbanisme, construction, acquisitions\/cessions).<\/p>\n<p>Si vous avez par ailleurs :<\/p>\n<p>&#8211; une connaissance g\u00e9n\u00e9ral du droit immobilier logements (baux, urbanisme, construction, acquisitions\/cessions, VEFA etc.).<\/p>\n<p>&#8211; une excellente qualit\u00e9 r\u00e9dactionnelle d\u2019analyse et de synth\u00e8se.<br \/>&#8211; une capacit\u00e9 d&rsquo;organisation et de planification.<br \/>&#8211; une culture \u00ab\u202fbusiness partner\u202f\u00bb, p\u00e9dagogie et sens du service.<\/p>\n<p>&#8211; une pratique du \u00ab\u00a0datarooms vendeur\u00a0\u00bb, des outils du Groupe (suite bureautique, GED, \u00ab\u00a0e\u2011signature\u00a0\u00bb, mod\u00e8les\/clausiers, r\u00e9f\u00e9rentiels internes) et de la gestion d&rsquo;informations confidentielles.<\/p>\n<p><strong>&#8211; Ces \u00ab\u00a0soft skills<\/strong>\u00a0\u00bb :<\/p>\n<ul>\n<li><strong>\u00ab\u00a0Leadership\u00a0\u00bb collaboratif\u202f:<\/strong> vous f\u00e9d\u00e9rez, inspirez et faites avancer collectivement.<\/li>\n<li><strong>Rigueur, autonomie, priorisation et orientation r\u00e9sultat<\/strong><\/li>\n<li><strong>Aisance relationnelle avec des interlocuteurs vari\u00e9s<\/strong> (m\u00e9tiers, conseils, notaires, investisseurs) y compris en contexte sensible\/visibilit\u00e9 externe.<\/li>\n<li><strong>Exp\u00e9rience confirm\u00e9e de pilotage de conseils externes Conditions &amp; environnement<\/strong><\/li>\n<\/ul>\n<p><strong>Et que vous avez envie de relever ce challenge, alors ce poste est fait pour vous !<\/strong><\/p>\n<p> <strong>Notre processus de recrutement<\/strong> :<\/p>\n<ol>\n<li>D\u2019abord un \u00e9change t\u00e9l\u00e9phonique avec un membre de l\u2019\u00e9quipe recrutement pour faire un point sur votre parcours<\/li>\n<li>Puis un entretien op\u00e9rationnel et technique avec l\u2019\u00e9quipe hi\u00e9rarchique du P\u00f4le pour vous pr\u00e9senter les enjeux et attendus du poste<\/li>\n<li>Et en finalit\u00e9 un entretien avec un membre de l\u2019\u00e9quipe RH afin de parler de votre projet professionnel et vous pr\u00e9senter la culture du Groupe CDC Habitat<\/li>\n<\/ol>\n<p><strong>Les plus le CDC Habitat ?<\/strong><\/p>\n<ul>\n<li>La fiert\u00e9 de porter chaque jour l\u2019int\u00e9r\u00eat g\u00e9n\u00e9ral, au sein du premier bailleur de France, aux c\u00f4t\u00e9s de 10 000 collaborateurs engag\u00e9s pour le logement pour tous.<\/li>\n<li>Un management de proximit\u00e9 et un environnement de travail bienveillant, favorisant la coop\u00e9ration, le partage d\u2019expertise et la mont\u00e9e en comp\u00e9tences.<\/li>\n<\/ul>\n<p><span style=\"text-decoration: underline\">Mais aussi, au quotidien :<\/span><\/p>\n<ul>\n<li>Une r\u00e9mun\u00e9ration globale attractive : participation et int\u00e9ressement Groupe, prime de performance individuelle, prime de vacances\u2026<\/li>\n<li>Un \u00e9quilibre de vie pr\u00e9serv\u00e9 gr\u00e2ce aux RTT et au t\u00e9l\u00e9travail (jusqu\u2019\u00e0 2 jours par semaine, d\u00e9blocable apr\u00e8s 3 mois d\u2019anciennet\u00e9 selon l\u2019accord en vigueur).<\/li>\n<li>Des avantages sociaux concrets qui facilitent le quotidien : restaurant d\u2019entreprise, CSE dynamique, conciergerie, salle de sport, et d\u2019autres services pens\u00e9s pour les collaborateurs.<\/li>\n<\/ul>\n<p> <strong>Si vous vous reconnaissez dans ces valeurs et avez envie de donner du sens \u00e0 votre expertise au sein d\u2019un grand acteur de l\u2019habitat d\u2019int\u00e9r\u00eat g\u00e9n\u00e9ral, alors postulez et rejoignez CDC Habitat !<\/strong><\/p>\n<h3>Niveau de dipl\u00f4me:<\/h3>\n<p> BAC+5 et plus<\/p>\n<h3>Sp\u00e9cialisations:<\/h3>\n<p>JURIDIQUE \/ DROIT<\/p>\n<h3> Entit\u00e9 de rattachement <\/h3>\n<p> Relevez le challenge de l&rsquo;habitat au sein d&rsquo;un groupe en croissance ! <\/p>\n<p>Rejoindre CDC Habitat, c&rsquo;est int\u00e9grer un groupe expert des m\u00e9tiers de la construction, de la gestion locative, de la r\u00e9novation de l&rsquo;habitat et de la Ville. <br \/>Un groupe engag\u00e9 pour r\u00e9pondre aux d\u00e9fis actuels et au service de l&rsquo;int\u00e9r\u00eat g\u00e9n\u00e9ral. <br \/>Notre gamme de logements r\u00e9pond \u00e0 des besoins tr\u00e8s divers et favorise la mise en \u0153uvre d&rsquo;un v\u00e9ritable parcours r\u00e9sidentiel, adapt\u00e9 aux diff\u00e9rentes \u00e9tapes de la vie. <br \/>Rejoindre CDC Habitat, c&rsquo;est int\u00e9grer un collectif de passionn\u00e9s. <br \/>Notre Groupe offre plusieurs centaines de m\u00e9tiers. Une multitude d&rsquo;opportunit\u00e9s vous attend. <br \/>Si vous aussi vous souhaitez, avoir un m\u00e9tier porteur de sens dans un environnement stimulant et bienveillant, nous sommes faits pour nous rencontrer ! <\/p>\n<p>CDC Habitat s&rsquo;engage en faveur de la diversit\u00e9, l&rsquo;\u00e9galit\u00e9 professionnelle, l&#8217;emploi des travailleurs handicap\u00e9s.<\/p>\n<p>Cadre<\/p>\n","protected":false},"author":0,"featured_media":3651,"template":"","meta":{"_promoted":"","_job_location":"France, Ile-de-France, Paris (75) 33 Avenue Pierre Mend\u00e8s-France 75013 PARIS","_application":"https:\/\/emploi.cdc-habitat.com\/offre-de-emploi\/emploi-responsable-juridique-ventes-cdc-habitat-75-h-f_11409.aspx?utm_source=monbailleur.fr","_company_name":"CDC Habitat","_company_website":"https:\/\/www.cdc-habitat.fr\/","_company_tagline":"","_company_twitter":"","_company_video":"","_filled":0,"_featured":0,"_remote_position":0,"_job_salary":"","_job_salary_currency":"","_job_salary_unit":""},"job-categories":[78],"job-types":[63],"class_list":{"0":"post-33357","1":"job_listing","2":"type-job_listing","3":"status-publish","4":"has-post-thumbnail","5":"hentry","6":"job_listing_category-autres","7":"job_listing_type-cdi","9":"job-type-cdi"},"yoast_head":"<!-- This site is optimized with the Yoast SEO Premium plugin v22.4 (Yoast SEO v25.1) - https:\/\/yoast.com\/wordpress\/plugins\/seo\/ -->\n<title>Responsable juridique ventes - CDC Habitat (75) H\/F - Monbailleur.fr - Emploi<\/title>\n<meta name=\"robots\" content=\"noindex, follow\" \/>\n<meta property=\"og:locale\" content=\"fr_FR\" \/>\n<meta property=\"og:type\" content=\"article\" \/>\n<meta property=\"og:title\" content=\"Responsable juridique ventes - CDC Habitat (75) H\/F\" \/>\n<meta property=\"og:description\" content=\"L&rsquo;entreprise: CDC Habitat, anciennement Groupe SNI, est une filiale de la Caisse des d\u00e9p\u00f4ts et consignations ayant pour mission principale la gestion du patrimoine immobilier public. L&rsquo;entreprise g\u00e8re 348 725 logements. En 2005, le groupe SNI se transforme en op\u00e9rateur immobilier global. Description: Et si votre expertise juridique contribuait \u00e0 faciliter l\u2019acc\u00e8s au logement pour\" \/>\n<meta property=\"og:url\" content=\"https:\/\/www.monbailleur.fr\/offres-emploi\/poste\/responsable-juridique-ventes-cdc-habitat-75-h-f\" \/>\n<meta property=\"og:site_name\" content=\"Monbailleur.fr - Emploi\" \/>\n<meta property=\"og:image\" content=\"https:\/\/www.monbailleur.fr\/offres-emploi\/wp-content\/uploads\/2023\/06\/cdc-habitat.png\" \/>\n\t<meta property=\"og:image:width\" content=\"291\" \/>\n\t<meta property=\"og:image:height\" content=\"73\" \/>\n\t<meta property=\"og:image:type\" content=\"image\/png\" \/>\n<meta name=\"twitter:card\" content=\"summary_large_image\" \/>\n<meta name=\"twitter:label1\" content=\"Dur\u00e9e de lecture estim\u00e9e\" \/>\n\t<meta name=\"twitter:data1\" content=\"5 minutes\" \/>\n<script type=\"application\/ld+json\" class=\"yoast-schema-graph\">{\"@context\":\"https:\/\/schema.org\",\"@graph\":[{\"@type\":\"WebPage\",\"@id\":\"https:\/\/www.monbailleur.fr\/offres-emploi\/poste\/responsable-juridique-ventes-cdc-habitat-75-h-f\",\"url\":\"https:\/\/www.monbailleur.fr\/offres-emploi\/poste\/responsable-juridique-ventes-cdc-habitat-75-h-f\",\"name\":\"Responsable juridique ventes - CDC Habitat (75) H\/F - Monbailleur.fr - Emploi\",\"isPartOf\":{\"@id\":\"https:\/\/www.monbailleur.fr\/offres-emploi\/#website\"},\"primaryImageOfPage\":{\"@id\":\"https:\/\/www.monbailleur.fr\/offres-emploi\/poste\/responsable-juridique-ventes-cdc-habitat-75-h-f#primaryimage\"},\"image\":{\"@id\":\"https:\/\/www.monbailleur.fr\/offres-emploi\/poste\/responsable-juridique-ventes-cdc-habitat-75-h-f#primaryimage\"},\"thumbnailUrl\":\"https:\/\/www.monbailleur.fr\/offres-emploi\/wp-content\/uploads\/2023\/06\/cdc-habitat.png\",\"datePublished\":\"2026-02-14T06:00:25+00:00\",\"breadcrumb\":{\"@id\":\"https:\/\/www.monbailleur.fr\/offres-emploi\/poste\/responsable-juridique-ventes-cdc-habitat-75-h-f#breadcrumb\"},\"inLanguage\":\"fr-FR\",\"potentialAction\":[{\"@type\":\"ReadAction\",\"target\":[\"https:\/\/www.monbailleur.fr\/offres-emploi\/poste\/responsable-juridique-ventes-cdc-habitat-75-h-f\"]}]},{\"@type\":\"ImageObject\",\"inLanguage\":\"fr-FR\",\"@id\":\"https:\/\/www.monbailleur.fr\/offres-emploi\/poste\/responsable-juridique-ventes-cdc-habitat-75-h-f#primaryimage\",\"url\":\"https:\/\/www.monbailleur.fr\/offres-emploi\/wp-content\/uploads\/2023\/06\/cdc-habitat.png\",\"contentUrl\":\"https:\/\/www.monbailleur.fr\/offres-emploi\/wp-content\/uploads\/2023\/06\/cdc-habitat.png\",\"width\":291,\"height\":73},{\"@type\":\"BreadcrumbList\",\"@id\":\"https:\/\/www.monbailleur.fr\/offres-emploi\/poste\/responsable-juridique-ventes-cdc-habitat-75-h-f#breadcrumb\",\"itemListElement\":[{\"@type\":\"ListItem\",\"position\":1,\"name\":\"Accueil\",\"item\":\"https:\/\/www.monbailleur.fr\/offres-emploi\/\"},{\"@type\":\"ListItem\",\"position\":2,\"name\":\"offres d\u2019emploi\",\"item\":\"https:\/\/www.monbailleur.fr\/offres-emploi\/job-listings\"},{\"@type\":\"ListItem\",\"position\":3,\"name\":\"Responsable juridique ventes &#8211; CDC Habitat (75) H\/F\"}]},{\"@type\":\"WebSite\",\"@id\":\"https:\/\/www.monbailleur.fr\/offres-emploi\/#website\",\"url\":\"https:\/\/www.monbailleur.fr\/offres-emploi\/\",\"name\":\"Monbailleur.fr - Emploi\",\"description\":\"Les offres d&#039;emploi du logement social\",\"publisher\":{\"@id\":\"https:\/\/www.monbailleur.fr\/offres-emploi\/#organization\"},\"potentialAction\":[{\"@type\":\"SearchAction\",\"target\":{\"@type\":\"EntryPoint\",\"urlTemplate\":\"https:\/\/www.monbailleur.fr\/offres-emploi\/?s={search_term_string}\"},\"query-input\":{\"@type\":\"PropertyValueSpecification\",\"valueRequired\":true,\"valueName\":\"search_term_string\"}}],\"inLanguage\":\"fr-FR\"},{\"@type\":\"Organization\",\"@id\":\"https:\/\/www.monbailleur.fr\/offres-emploi\/#organization\",\"name\":\"Monbailleur.fr - Emploi\",\"url\":\"https:\/\/www.monbailleur.fr\/offres-emploi\/\",\"logo\":{\"@type\":\"ImageObject\",\"inLanguage\":\"fr-FR\",\"@id\":\"https:\/\/www.monbailleur.fr\/offres-emploi\/#\/schema\/logo\/image\/\",\"url\":\"https:\/\/www.monbailleur.fr\/offres-emploi\/wp-content\/uploads\/2023\/06\/MonBailleur-1200x675-1.png\",\"contentUrl\":\"https:\/\/www.monbailleur.fr\/offres-emploi\/wp-content\/uploads\/2023\/06\/MonBailleur-1200x675-1.png\",\"width\":1200,\"height\":675,\"caption\":\"Monbailleur.fr - Emploi\"},\"image\":{\"@id\":\"https:\/\/www.monbailleur.fr\/offres-emploi\/#\/schema\/logo\/image\/\"}}]}<\/script>\n<!-- \/ Yoast SEO Premium plugin. -->","yoast_head_json":{"title":"Responsable juridique ventes - CDC Habitat (75) H\/F - Monbailleur.fr - Emploi","robots":{"index":"noindex","follow":"follow"},"og_locale":"fr_FR","og_type":"article","og_title":"Responsable juridique ventes - CDC Habitat (75) H\/F","og_description":"L&rsquo;entreprise: CDC Habitat, anciennement Groupe SNI, est une filiale de la Caisse des d\u00e9p\u00f4ts et consignations ayant pour mission principale la gestion du patrimoine immobilier public. L&rsquo;entreprise g\u00e8re 348 725 logements. En 2005, le groupe SNI se transforme en op\u00e9rateur immobilier global. Description: Et si votre expertise juridique contribuait \u00e0 faciliter l\u2019acc\u00e8s au logement pour","og_url":"https:\/\/www.monbailleur.fr\/offres-emploi\/poste\/responsable-juridique-ventes-cdc-habitat-75-h-f","og_site_name":"Monbailleur.fr - Emploi","og_image":[{"width":291,"height":73,"url":"https:\/\/www.monbailleur.fr\/offres-emploi\/wp-content\/uploads\/2023\/06\/cdc-habitat.png","type":"image\/png"}],"twitter_card":"summary_large_image","twitter_misc":{"Dur\u00e9e de lecture estim\u00e9e":"5 minutes"},"schema":{"@context":"https:\/\/schema.org","@graph":[{"@type":"WebPage","@id":"https:\/\/www.monbailleur.fr\/offres-emploi\/poste\/responsable-juridique-ventes-cdc-habitat-75-h-f","url":"https:\/\/www.monbailleur.fr\/offres-emploi\/poste\/responsable-juridique-ventes-cdc-habitat-75-h-f","name":"Responsable juridique ventes - CDC Habitat (75) H\/F - Monbailleur.fr - Emploi","isPartOf":{"@id":"https:\/\/www.monbailleur.fr\/offres-emploi\/#website"},"primaryImageOfPage":{"@id":"https:\/\/www.monbailleur.fr\/offres-emploi\/poste\/responsable-juridique-ventes-cdc-habitat-75-h-f#primaryimage"},"image":{"@id":"https:\/\/www.monbailleur.fr\/offres-emploi\/poste\/responsable-juridique-ventes-cdc-habitat-75-h-f#primaryimage"},"thumbnailUrl":"https:\/\/www.monbailleur.fr\/offres-emploi\/wp-content\/uploads\/2023\/06\/cdc-habitat.png","datePublished":"2026-02-14T06:00:25+00:00","breadcrumb":{"@id":"https:\/\/www.monbailleur.fr\/offres-emploi\/poste\/responsable-juridique-ventes-cdc-habitat-75-h-f#breadcrumb"},"inLanguage":"fr-FR","potentialAction":[{"@type":"ReadAction","target":["https:\/\/www.monbailleur.fr\/offres-emploi\/poste\/responsable-juridique-ventes-cdc-habitat-75-h-f"]}]},{"@type":"ImageObject","inLanguage":"fr-FR","@id":"https:\/\/www.monbailleur.fr\/offres-emploi\/poste\/responsable-juridique-ventes-cdc-habitat-75-h-f#primaryimage","url":"https:\/\/www.monbailleur.fr\/offres-emploi\/wp-content\/uploads\/2023\/06\/cdc-habitat.png","contentUrl":"https:\/\/www.monbailleur.fr\/offres-emploi\/wp-content\/uploads\/2023\/06\/cdc-habitat.png","width":291,"height":73},{"@type":"BreadcrumbList","@id":"https:\/\/www.monbailleur.fr\/offres-emploi\/poste\/responsable-juridique-ventes-cdc-habitat-75-h-f#breadcrumb","itemListElement":[{"@type":"ListItem","position":1,"name":"Accueil","item":"https:\/\/www.monbailleur.fr\/offres-emploi\/"},{"@type":"ListItem","position":2,"name":"offres d\u2019emploi","item":"https:\/\/www.monbailleur.fr\/offres-emploi\/job-listings"},{"@type":"ListItem","position":3,"name":"Responsable juridique ventes &#8211; CDC Habitat (75) H\/F"}]},{"@type":"WebSite","@id":"https:\/\/www.monbailleur.fr\/offres-emploi\/#website","url":"https:\/\/www.monbailleur.fr\/offres-emploi\/","name":"Monbailleur.fr - Emploi","description":"Les offres d&#039;emploi du logement social","publisher":{"@id":"https:\/\/www.monbailleur.fr\/offres-emploi\/#organization"},"potentialAction":[{"@type":"SearchAction","target":{"@type":"EntryPoint","urlTemplate":"https:\/\/www.monbailleur.fr\/offres-emploi\/?s={search_term_string}"},"query-input":{"@type":"PropertyValueSpecification","valueRequired":true,"valueName":"search_term_string"}}],"inLanguage":"fr-FR"},{"@type":"Organization","@id":"https:\/\/www.monbailleur.fr\/offres-emploi\/#organization","name":"Monbailleur.fr - Emploi","url":"https:\/\/www.monbailleur.fr\/offres-emploi\/","logo":{"@type":"ImageObject","inLanguage":"fr-FR","@id":"https:\/\/www.monbailleur.fr\/offres-emploi\/#\/schema\/logo\/image\/","url":"https:\/\/www.monbailleur.fr\/offres-emploi\/wp-content\/uploads\/2023\/06\/MonBailleur-1200x675-1.png","contentUrl":"https:\/\/www.monbailleur.fr\/offres-emploi\/wp-content\/uploads\/2023\/06\/MonBailleur-1200x675-1.png","width":1200,"height":675,"caption":"Monbailleur.fr - Emploi"},"image":{"@id":"https:\/\/www.monbailleur.fr\/offres-emploi\/#\/schema\/logo\/image\/"}}]}},"_links":{"self":[{"href":"https:\/\/www.monbailleur.fr\/offres-emploi\/wp-json\/wp\/v2\/job-listings\/33357","targetHints":{"allow":["GET"]}}],"collection":[{"href":"https:\/\/www.monbailleur.fr\/offres-emploi\/wp-json\/wp\/v2\/job-listings"}],"about":[{"href":"https:\/\/www.monbailleur.fr\/offres-emploi\/wp-json\/wp\/v2\/types\/job_listing"}],"wp:featuredmedia":[{"embeddable":true,"href":"https:\/\/www.monbailleur.fr\/offres-emploi\/wp-json\/wp\/v2\/media\/3651"}],"wp:attachment":[{"href":"https:\/\/www.monbailleur.fr\/offres-emploi\/wp-json\/wp\/v2\/media?parent=33357"}],"wp:term":[{"taxonomy":"job_listing_category","embeddable":true,"href":"https:\/\/www.monbailleur.fr\/offres-emploi\/wp-json\/wp\/v2\/job-categories?post=33357"},{"taxonomy":"job_listing_type","embeddable":true,"href":"https:\/\/www.monbailleur.fr\/offres-emploi\/wp-json\/wp\/v2\/job-types?post=33357"}],"curies":[{"name":"wp","href":"https:\/\/api.w.org\/{rel}","templated":true}]}}