{"id":34464,"date":"2026-02-18T07:00:08","date_gmt":"2026-02-18T06:00:08","guid":{"rendered":"https:\/\/www.monbailleur.fr\/offres-emploi\/poste\/responsable-securite-des-systemes-dinformation-adoma-75-h-f"},"modified":"2026-02-18T07:00:08","modified_gmt":"2026-02-18T06:00:08","slug":"responsable-securite-des-systemes-dinformation-adoma-75-h-f","status":"publish","type":"job_listing","link":"https:\/\/www.monbailleur.fr\/offres-emploi\/poste\/responsable-securite-des-systemes-dinformation-adoma-75-h-f","title":{"rendered":"Responsable S\u00e9curit\u00e9 Des Syst\u00e8mes d&rsquo;Information &#8211; Adoma (75) H\/F"},"content":{"rendered":"<h2>L&rsquo;entreprise:<\/h2>\n<p>CDC Habitat, anciennement Groupe SNI, est une filiale de la Caisse des d\u00e9p\u00f4ts et consignations ayant pour mission principale la gestion du patrimoine immobilier public. L&rsquo;entreprise g\u00e8re 348 725 logements. En 2005, le groupe SNI se transforme en op\u00e9rateur immobilier global.<\/p>\n<h2>Description:<\/h2>\n<\/p>\n<p><span style=\"text-decoration: underline\">MISSION<\/span><\/p>\n<p>Une mission d\u2019int\u00e9r\u00eat g\u00e9n\u00e9ral<\/p>\n<p>Nos solutions de logement accompagn\u00e9 et d\u2019h\u00e9bergement ont pour vocation d\u2019accueillir un public en situation de pr\u00e9carit\u00e9 et de vuln\u00e9rabilit\u00e9. Au quotidien, les \u00e9quipes veillent \u00e0 un accueil et \u00e0 un accompagnement social de qualit\u00e9.<\/p>\n<p>Rattach\u00e9 au Directeur des Syst\u00e8mes d\u2019Information, vous mettez en \u0153uvre et am\u00e9liorez la politique de s\u00e9curit\u00e9 du SI (pr\u00e9vention, protection, d\u00e9fense, r\u00e9silience\/rem\u00e9diation), dans un contexte de transformation et de refonte des Syst\u00e8mes d\u2019Information en coh\u00e9rence avec le groupe CDC Habitat.<br \/>Garant de la bonne application de cette politique, vous occupez un r\u00f4le de conseil, d\u2019assistance et d\u2019alerte en vue de pallier les attaques potentielles ou av\u00e9r\u00e9es. A ce titre, vous pr\u00e9conisez toute d\u00e9cision d\u2019intervention sur les syst\u00e8mes d\u2019information et t\u00e9l\u00e9coms.<\/p>\n<p><strong>En tant que Responsable s\u00e9curit\u00e9 des syst\u00e8mes d\u2019information, agir concr\u00e8tement pour l\u2019int\u00e9r\u00eat g\u00e9n\u00e9ral c\u2019est notamment\u2026<\/strong><\/p>\n<p><strong>Assurer :<\/strong> <br \/>&#8211; La mise en \u0153uvre et l\u2019animation de la politique de s\u00e9curit\u00e9 des SI (PSSI) en coh\u00e9rence avec celle du groupe : pilotage de la gouvernance SSI de l\u2019entreprise en d\u00e9finissant notamment la feuille de route des projets de renforcement de s\u00e9curit\u00e9 de l\u2019entreprise, \u00e9laboration des indicateurs de pilotage et suivi transverse des projets de s\u00e9curit\u00e9 ;<br \/>&#8211; L\u2019identification des risques majeurs : \u00e9valuation des risques, menaces et cons\u00e9quences en vue d\u2019\u00e9tablir le d\u2019un plan de pr\u00e9vention et assurer la surveillance et l\u2019appr\u00e9ciation de la s\u00e9curit\u00e9 ;<br \/>&#8211; Une veille technologique et r\u00e9glementaire sur les solutions de s\u00e9curit\u00e9 \u00e9mergentes et l\u2019\u00e9volution des r\u00e9glementations en mati\u00e8re de cybers\u00e9curit\u00e9 et de protection des donn\u00e9es personnelles en \u00e9troite collaboration avec le d\u00e9l\u00e9gu\u00e9 \u00e0 la protection des donn\u00e9es.<\/p>\n<p><strong>Piloter : <\/strong><br \/>&#8211; La supervision des audits, tests d\u2019intrusion et leurs plans de rem\u00e9diation via l\u2019ensemble des dispositifs d\u2019\u00e9valuation de la s\u00e9curit\u00e9 en coordonnant les audits internes et externes, les simulations d\u2019attaques (pentests) et en assurant le suivi des actions correctives jusqu\u2019\u00e0 leur r\u00e9solution ;<br \/>&#8211; La gestion des incidents de s\u00e9curit\u00e9 et les crises de s\u00e9curit\u00e9 en am\u00e9liorant les processus de r\u00e9ponse aux incidents de s\u00e9curit\u00e9 existants ainsi qu\u2019en assurant le suivi des actions correctives en coordination avec l\u2019\u00e9quipe de s\u00e9curit\u00e9 op\u00e9rationnelle du groupe CDC Habitat ;<br \/>&#8211; Les projets SSI transverses de la d\u00e9finition des besoins \u00e0 la mise en \u0153uvre op\u00e9rationnelle en assurant la coordination des parties prenantes de la DSI,<\/p>\n<p><strong>Participer :<\/strong> <br \/>&#8211; Aux actions de sensibilisation\/formation aux enjeux de s\u00e9curit\u00e9 notamment par la formation ; <br \/>&#8211; A la r\u00e9alisation de la charte de s\u00e9curit\u00e9 et \u00e0 sa promotion aupr\u00e8s des utilisateurs ;<br \/>&#8211; A l\u2019animation transverse de la communaut\u00e9 et de la d\u00e9marche SSI au sein de la DSI ;<br \/>&#8211; A l\u2019accompagnement des \u00e9quipes m\u00e9tiers et techniques dans la construction et le d\u00e9ploiement de leurs projets<\/p>\n<h2>Profil:<\/h2>\n<\/p>\n<p><span style=\"text-decoration: underline\">PROFIL<\/span><\/p>\n<p>Si vous aussi, vous voulez contribuer \u00e0 l\u2019int\u00e9r\u00eat g\u00e9n\u00e9ral et disposez de :<br \/>&#8211; Une formation sup\u00e9rieure bac+5 en Informatique, R\u00e9seaux et\/ou S\u00e9curit\u00e9 des SI <br \/>&#8211; Une exp\u00e9rience d\u2019au moins 2 ans en cybers\u00e9curit\u00e9 ;<br \/>&#8211; Bonnes connaissances :<br \/>o du syst\u00e8me d&rsquo;information global, de l\u2019urbanisation et de l\u2019architecture du SI ; <br \/>o des syst\u00e8mes et r\u00e9seaux ; notamment Active Directory et Firewalling<br \/>o juridiques en mati\u00e8re de s\u00e9curit\u00e9, RGPD et de droit informatique ;<br \/>o des normes ISO 2700x et r\u00e9f\u00e9rentiels et m\u00e9thodologies publi\u00e9es par l\u2019ANSSI, l\u2019OWASP, le NIST<br \/>&#8211; Un excellent relationnel et d\u2019un sens aigu du service client afin de favoriser le travail en \u00e9quipe et les interactions avec des interlocuteurs vari\u00e9s ;<br \/>&#8211; Solides acquis des normes et proc\u00e9dures de s\u00e9curit\u00e9 et des outils et technologies qui s&rsquo;y rapportent : S\u00e9curit\u00e9 du cloud, firewall, EDR, cryptographie, SIEM, MDM, serveurs d&rsquo;authentification, tests d&rsquo;intrusion, PKI, filtrages d&rsquo;URL&#8230;<br \/>&#8211; Bonnes capacit\u00e9s r\u00e9dactionnelles et de synth\u00e8se ;<br \/>&#8211; Autonomie, esprit d\u2019initiative et capacit\u00e9 \u00e0 \u00eatre force de proposition.<\/p>\n<p>Votre capacit\u00e9 \u00e0 d\u00e9velopper un r\u00e9seau des principaux prestataires du march\u00e9 de la s\u00e9curit\u00e9 informatique (\u00e9diteurs, soci\u00e9t\u00e9s de service&#8230;) sera fortement appr\u00e9ci\u00e9e.<\/p>\n<p>Postulez !<\/p>\n<p>Lieu : poste bas\u00e9 \u00e0 Paris 13\u00e8me<\/p>\n<p><strong>Rejoindre Adoma,<\/strong><\/p>\n<p>C\u2019est b\u00e9n\u00e9ficier d\u2019avantages sociaux :<br \/>. Temps de travail forfait 203 jours\/an<br \/>. T\u00e9l\u00e9travail jusqu\u2019\u00e0 2 jours\/semaine (condition d\u2019anciennet\u00e9 6 mois).<br \/>. Compte \u00e9pargne-temps<br \/>. Titres-restaurant<br \/>. Mutuelle familiale et pr\u00e9voyance<\/p>\n<p>C\u2019est aussi int\u00e9grer un environnement de travail bienveillant :<br \/>. Un management attentif \u00e0 l\u2019\u00e9quilibre entre la vie professionnelle et la vie priv\u00e9e<br \/>. Une entreprise respectueuse de la diversit\u00e9 et de l\u2019\u00e9galit\u00e9 de traitement professionnel entre toutes et tous<\/p>\n<\/p>\n<p><strong>Votre processus de recrutement se d\u00e9roulera en 2 \u00e9tapes :<\/strong><\/p>\n<p>1. D\u2019abord, un premier \u00e9change t\u00e9l\u00e9phonique avec le responsable recrutement et mobilit\u00e9 pour faire connaissance<\/p>\n<p>2. Une rencontre avec le Directeur SI et le recruteur pour \u00e9changer sur les missions et votre projet professionnel<\/p>\n<p><strong>ENTIT\u00c9 DE RATTACHEMENT :<\/strong><\/p>\n<p>En rejoignant Adoma, vous rejoignez un acteur de la solidarit\u00e9 engag\u00e9 pour le logement et l\u2019h\u00e9bergement des personnes en difficult\u00e9 : jeunes en insertion, travailleurs pr\u00e9caires, b\u00e9n\u00e9ficiaires de minima sociaux, travailleurs migrants, familles monoparentales\u2026 Pour nos 3 000 collaborateurs, l\u2019int\u00e9r\u00eat g\u00e9n\u00e9ral est au centre de nos pr\u00e9occupations avec une conviction qui nous anime : \u00ab un logement pour tous, c\u2019est un avenir pour chacun \u00bb. Nous accompagnons plus de 88 000 clients sur l&rsquo;ensemble du territoire.<br \/>Adoma est une filiale du groupe CDC Habitat. Un groupe pr\u00e9sent partout dans l\u2019Hexagone et en Outre-mer o\u00f9 10 800 collaborateurs imaginent des solutions d\u2019habitat inclusives et durables au service des politiques publiques pour l\u2019am\u00e9nagement des quartiers et des territoires.<\/p>\n<h3>Niveau de dipl\u00f4me:<\/h3>\n<p> BAC+5 et plus<\/p>\n<h3>Sp\u00e9cialisations:<\/h3>\n<p>INFORMATIQUE \/ SYSTEME INFORMATION \/ TELECOMMUNICATION<\/p>\n<h3> Entit\u00e9 de rattachement <\/h3>\n<p> En rejoignant Adoma, vous rejoignez un acteur de la solidarit\u00e9 engag\u00e9 pour le logement et l&rsquo;h\u00e9bergement des personnes en difficult\u00e9 : jeunes en insertion, travailleurs pr\u00e9caires, b\u00e9n\u00e9ficiaires de minima sociaux, travailleurs migrants, familles monoparentales. Pour nos 3 000 collaborateurs, l&rsquo;int\u00e9r\u00eat g\u00e9n\u00e9ral est au centre de nos pr\u00e9occupations avec une conviction qui nous anime : \u00ab un logement pour tous, c&rsquo;est un avenir pour chacun \u00bb. Nous accompagnons plus de 88 000 clients sur l&rsquo;ensemble du territoire. <br \/>Adoma est une filiale du groupe CDC Habitat. Un groupe partout dans l&rsquo;Hexagone et en Outre-mer o\u00f9 10 800 collaborateurs imaginent des solutions d&rsquo;habitat inclusives et durables au service des politiques publiques pour l&rsquo;am\u00e9nagement des quartiers et des territoires. <\/p>\n<p><\/p>\n<p>Cadre<\/p>\n","protected":false},"author":0,"featured_media":3651,"template":"","meta":{"_promoted":"","_job_location":"France, Ile-de-France, Paris (75) 33 Avenue Pierre Mend\u00e8s-France 75013 PARIS","_application":"https:\/\/emploi.cdc-habitat.com\/offre-de-emploi\/emploi-responsable-securite-des-systemes-d-information-adoma-75-h-f_11660.aspx?utm_source=monbailleur.fr","_company_name":"CDC Habitat","_company_website":"https:\/\/www.cdc-habitat.fr\/","_company_tagline":"","_company_twitter":"","_company_video":"","_filled":0,"_featured":0,"_remote_position":0,"_job_salary":"","_job_salary_currency":"","_job_salary_unit":""},"job-categories":[78],"job-types":[63],"class_list":{"0":"post-34464","1":"job_listing","2":"type-job_listing","3":"status-publish","4":"has-post-thumbnail","5":"hentry","6":"job_listing_category-autres","7":"job_listing_type-cdi","9":"job-type-cdi"},"yoast_head":"<!-- This site is optimized with the Yoast SEO Premium plugin v22.4 (Yoast SEO v25.1) - https:\/\/yoast.com\/wordpress\/plugins\/seo\/ -->\n<title>Responsable S\u00e9curit\u00e9 Des Syst\u00e8mes d&#039;Information - Adoma (75) H\/F - Monbailleur.fr - Emploi<\/title>\n<meta name=\"robots\" content=\"noindex, follow\" \/>\n<meta property=\"og:locale\" content=\"fr_FR\" \/>\n<meta property=\"og:type\" content=\"article\" \/>\n<meta property=\"og:title\" content=\"Responsable S\u00e9curit\u00e9 Des Syst\u00e8mes d&#039;Information - Adoma (75) H\/F\" \/>\n<meta property=\"og:description\" content=\"L&rsquo;entreprise: CDC Habitat, anciennement Groupe SNI, est une filiale de la Caisse des d\u00e9p\u00f4ts et consignations ayant pour mission principale la gestion du patrimoine immobilier public. L&rsquo;entreprise g\u00e8re 348 725 logements. En 2005, le groupe SNI se transforme en op\u00e9rateur immobilier global. Description: MISSION Une mission d\u2019int\u00e9r\u00eat g\u00e9n\u00e9ral Nos solutions de logement accompagn\u00e9 et d\u2019h\u00e9bergement\" \/>\n<meta property=\"og:url\" content=\"https:\/\/www.monbailleur.fr\/offres-emploi\/poste\/responsable-securite-des-systemes-dinformation-adoma-75-h-f\" \/>\n<meta property=\"og:site_name\" content=\"Monbailleur.fr - Emploi\" \/>\n<meta property=\"og:image\" content=\"https:\/\/www.monbailleur.fr\/offres-emploi\/wp-content\/uploads\/2023\/06\/cdc-habitat.png\" \/>\n\t<meta property=\"og:image:width\" content=\"291\" \/>\n\t<meta property=\"og:image:height\" content=\"73\" \/>\n\t<meta property=\"og:image:type\" content=\"image\/png\" \/>\n<meta name=\"twitter:card\" content=\"summary_large_image\" \/>\n<meta name=\"twitter:label1\" content=\"Dur\u00e9e de lecture estim\u00e9e\" \/>\n\t<meta name=\"twitter:data1\" content=\"6 minutes\" \/>\n<script type=\"application\/ld+json\" class=\"yoast-schema-graph\">{\"@context\":\"https:\/\/schema.org\",\"@graph\":[{\"@type\":\"WebPage\",\"@id\":\"https:\/\/www.monbailleur.fr\/offres-emploi\/poste\/responsable-securite-des-systemes-dinformation-adoma-75-h-f\",\"url\":\"https:\/\/www.monbailleur.fr\/offres-emploi\/poste\/responsable-securite-des-systemes-dinformation-adoma-75-h-f\",\"name\":\"Responsable S\u00e9curit\u00e9 Des Syst\u00e8mes d'Information - Adoma (75) H\/F - Monbailleur.fr - Emploi\",\"isPartOf\":{\"@id\":\"https:\/\/www.monbailleur.fr\/offres-emploi\/#website\"},\"primaryImageOfPage\":{\"@id\":\"https:\/\/www.monbailleur.fr\/offres-emploi\/poste\/responsable-securite-des-systemes-dinformation-adoma-75-h-f#primaryimage\"},\"image\":{\"@id\":\"https:\/\/www.monbailleur.fr\/offres-emploi\/poste\/responsable-securite-des-systemes-dinformation-adoma-75-h-f#primaryimage\"},\"thumbnailUrl\":\"https:\/\/www.monbailleur.fr\/offres-emploi\/wp-content\/uploads\/2023\/06\/cdc-habitat.png\",\"datePublished\":\"2026-02-18T06:00:08+00:00\",\"breadcrumb\":{\"@id\":\"https:\/\/www.monbailleur.fr\/offres-emploi\/poste\/responsable-securite-des-systemes-dinformation-adoma-75-h-f#breadcrumb\"},\"inLanguage\":\"fr-FR\",\"potentialAction\":[{\"@type\":\"ReadAction\",\"target\":[\"https:\/\/www.monbailleur.fr\/offres-emploi\/poste\/responsable-securite-des-systemes-dinformation-adoma-75-h-f\"]}]},{\"@type\":\"ImageObject\",\"inLanguage\":\"fr-FR\",\"@id\":\"https:\/\/www.monbailleur.fr\/offres-emploi\/poste\/responsable-securite-des-systemes-dinformation-adoma-75-h-f#primaryimage\",\"url\":\"https:\/\/www.monbailleur.fr\/offres-emploi\/wp-content\/uploads\/2023\/06\/cdc-habitat.png\",\"contentUrl\":\"https:\/\/www.monbailleur.fr\/offres-emploi\/wp-content\/uploads\/2023\/06\/cdc-habitat.png\",\"width\":291,\"height\":73},{\"@type\":\"BreadcrumbList\",\"@id\":\"https:\/\/www.monbailleur.fr\/offres-emploi\/poste\/responsable-securite-des-systemes-dinformation-adoma-75-h-f#breadcrumb\",\"itemListElement\":[{\"@type\":\"ListItem\",\"position\":1,\"name\":\"Accueil\",\"item\":\"https:\/\/www.monbailleur.fr\/offres-emploi\/\"},{\"@type\":\"ListItem\",\"position\":2,\"name\":\"offres d\u2019emploi\",\"item\":\"https:\/\/www.monbailleur.fr\/offres-emploi\/job-listings\"},{\"@type\":\"ListItem\",\"position\":3,\"name\":\"Responsable S\u00e9curit\u00e9 Des Syst\u00e8mes d&rsquo;Information &#8211; Adoma (75) H\/F\"}]},{\"@type\":\"WebSite\",\"@id\":\"https:\/\/www.monbailleur.fr\/offres-emploi\/#website\",\"url\":\"https:\/\/www.monbailleur.fr\/offres-emploi\/\",\"name\":\"Monbailleur.fr - Emploi\",\"description\":\"Les offres d&#039;emploi du logement social\",\"publisher\":{\"@id\":\"https:\/\/www.monbailleur.fr\/offres-emploi\/#organization\"},\"potentialAction\":[{\"@type\":\"SearchAction\",\"target\":{\"@type\":\"EntryPoint\",\"urlTemplate\":\"https:\/\/www.monbailleur.fr\/offres-emploi\/?s={search_term_string}\"},\"query-input\":{\"@type\":\"PropertyValueSpecification\",\"valueRequired\":true,\"valueName\":\"search_term_string\"}}],\"inLanguage\":\"fr-FR\"},{\"@type\":\"Organization\",\"@id\":\"https:\/\/www.monbailleur.fr\/offres-emploi\/#organization\",\"name\":\"Monbailleur.fr - Emploi\",\"url\":\"https:\/\/www.monbailleur.fr\/offres-emploi\/\",\"logo\":{\"@type\":\"ImageObject\",\"inLanguage\":\"fr-FR\",\"@id\":\"https:\/\/www.monbailleur.fr\/offres-emploi\/#\/schema\/logo\/image\/\",\"url\":\"https:\/\/www.monbailleur.fr\/offres-emploi\/wp-content\/uploads\/2023\/06\/MonBailleur-1200x675-1.png\",\"contentUrl\":\"https:\/\/www.monbailleur.fr\/offres-emploi\/wp-content\/uploads\/2023\/06\/MonBailleur-1200x675-1.png\",\"width\":1200,\"height\":675,\"caption\":\"Monbailleur.fr - Emploi\"},\"image\":{\"@id\":\"https:\/\/www.monbailleur.fr\/offres-emploi\/#\/schema\/logo\/image\/\"}}]}<\/script>\n<!-- \/ Yoast SEO Premium plugin. -->","yoast_head_json":{"title":"Responsable S\u00e9curit\u00e9 Des Syst\u00e8mes d'Information - Adoma (75) H\/F - Monbailleur.fr - Emploi","robots":{"index":"noindex","follow":"follow"},"og_locale":"fr_FR","og_type":"article","og_title":"Responsable S\u00e9curit\u00e9 Des Syst\u00e8mes d'Information - Adoma (75) H\/F","og_description":"L&rsquo;entreprise: CDC Habitat, anciennement Groupe SNI, est une filiale de la Caisse des d\u00e9p\u00f4ts et consignations ayant pour mission principale la gestion du patrimoine immobilier public. L&rsquo;entreprise g\u00e8re 348 725 logements. En 2005, le groupe SNI se transforme en op\u00e9rateur immobilier global. Description: MISSION Une mission d\u2019int\u00e9r\u00eat g\u00e9n\u00e9ral Nos solutions de logement accompagn\u00e9 et d\u2019h\u00e9bergement","og_url":"https:\/\/www.monbailleur.fr\/offres-emploi\/poste\/responsable-securite-des-systemes-dinformation-adoma-75-h-f","og_site_name":"Monbailleur.fr - Emploi","og_image":[{"width":291,"height":73,"url":"https:\/\/www.monbailleur.fr\/offres-emploi\/wp-content\/uploads\/2023\/06\/cdc-habitat.png","type":"image\/png"}],"twitter_card":"summary_large_image","twitter_misc":{"Dur\u00e9e de lecture estim\u00e9e":"6 minutes"},"schema":{"@context":"https:\/\/schema.org","@graph":[{"@type":"WebPage","@id":"https:\/\/www.monbailleur.fr\/offres-emploi\/poste\/responsable-securite-des-systemes-dinformation-adoma-75-h-f","url":"https:\/\/www.monbailleur.fr\/offres-emploi\/poste\/responsable-securite-des-systemes-dinformation-adoma-75-h-f","name":"Responsable S\u00e9curit\u00e9 Des Syst\u00e8mes d'Information - Adoma (75) H\/F - Monbailleur.fr - Emploi","isPartOf":{"@id":"https:\/\/www.monbailleur.fr\/offres-emploi\/#website"},"primaryImageOfPage":{"@id":"https:\/\/www.monbailleur.fr\/offres-emploi\/poste\/responsable-securite-des-systemes-dinformation-adoma-75-h-f#primaryimage"},"image":{"@id":"https:\/\/www.monbailleur.fr\/offres-emploi\/poste\/responsable-securite-des-systemes-dinformation-adoma-75-h-f#primaryimage"},"thumbnailUrl":"https:\/\/www.monbailleur.fr\/offres-emploi\/wp-content\/uploads\/2023\/06\/cdc-habitat.png","datePublished":"2026-02-18T06:00:08+00:00","breadcrumb":{"@id":"https:\/\/www.monbailleur.fr\/offres-emploi\/poste\/responsable-securite-des-systemes-dinformation-adoma-75-h-f#breadcrumb"},"inLanguage":"fr-FR","potentialAction":[{"@type":"ReadAction","target":["https:\/\/www.monbailleur.fr\/offres-emploi\/poste\/responsable-securite-des-systemes-dinformation-adoma-75-h-f"]}]},{"@type":"ImageObject","inLanguage":"fr-FR","@id":"https:\/\/www.monbailleur.fr\/offres-emploi\/poste\/responsable-securite-des-systemes-dinformation-adoma-75-h-f#primaryimage","url":"https:\/\/www.monbailleur.fr\/offres-emploi\/wp-content\/uploads\/2023\/06\/cdc-habitat.png","contentUrl":"https:\/\/www.monbailleur.fr\/offres-emploi\/wp-content\/uploads\/2023\/06\/cdc-habitat.png","width":291,"height":73},{"@type":"BreadcrumbList","@id":"https:\/\/www.monbailleur.fr\/offres-emploi\/poste\/responsable-securite-des-systemes-dinformation-adoma-75-h-f#breadcrumb","itemListElement":[{"@type":"ListItem","position":1,"name":"Accueil","item":"https:\/\/www.monbailleur.fr\/offres-emploi\/"},{"@type":"ListItem","position":2,"name":"offres d\u2019emploi","item":"https:\/\/www.monbailleur.fr\/offres-emploi\/job-listings"},{"@type":"ListItem","position":3,"name":"Responsable S\u00e9curit\u00e9 Des Syst\u00e8mes d&rsquo;Information &#8211; Adoma (75) H\/F"}]},{"@type":"WebSite","@id":"https:\/\/www.monbailleur.fr\/offres-emploi\/#website","url":"https:\/\/www.monbailleur.fr\/offres-emploi\/","name":"Monbailleur.fr - Emploi","description":"Les offres d&#039;emploi du logement social","publisher":{"@id":"https:\/\/www.monbailleur.fr\/offres-emploi\/#organization"},"potentialAction":[{"@type":"SearchAction","target":{"@type":"EntryPoint","urlTemplate":"https:\/\/www.monbailleur.fr\/offres-emploi\/?s={search_term_string}"},"query-input":{"@type":"PropertyValueSpecification","valueRequired":true,"valueName":"search_term_string"}}],"inLanguage":"fr-FR"},{"@type":"Organization","@id":"https:\/\/www.monbailleur.fr\/offres-emploi\/#organization","name":"Monbailleur.fr - Emploi","url":"https:\/\/www.monbailleur.fr\/offres-emploi\/","logo":{"@type":"ImageObject","inLanguage":"fr-FR","@id":"https:\/\/www.monbailleur.fr\/offres-emploi\/#\/schema\/logo\/image\/","url":"https:\/\/www.monbailleur.fr\/offres-emploi\/wp-content\/uploads\/2023\/06\/MonBailleur-1200x675-1.png","contentUrl":"https:\/\/www.monbailleur.fr\/offres-emploi\/wp-content\/uploads\/2023\/06\/MonBailleur-1200x675-1.png","width":1200,"height":675,"caption":"Monbailleur.fr - Emploi"},"image":{"@id":"https:\/\/www.monbailleur.fr\/offres-emploi\/#\/schema\/logo\/image\/"}}]}},"_links":{"self":[{"href":"https:\/\/www.monbailleur.fr\/offres-emploi\/wp-json\/wp\/v2\/job-listings\/34464","targetHints":{"allow":["GET"]}}],"collection":[{"href":"https:\/\/www.monbailleur.fr\/offres-emploi\/wp-json\/wp\/v2\/job-listings"}],"about":[{"href":"https:\/\/www.monbailleur.fr\/offres-emploi\/wp-json\/wp\/v2\/types\/job_listing"}],"wp:featuredmedia":[{"embeddable":true,"href":"https:\/\/www.monbailleur.fr\/offres-emploi\/wp-json\/wp\/v2\/media\/3651"}],"wp:attachment":[{"href":"https:\/\/www.monbailleur.fr\/offres-emploi\/wp-json\/wp\/v2\/media?parent=34464"}],"wp:term":[{"taxonomy":"job_listing_category","embeddable":true,"href":"https:\/\/www.monbailleur.fr\/offres-emploi\/wp-json\/wp\/v2\/job-categories?post=34464"},{"taxonomy":"job_listing_type","embeddable":true,"href":"https:\/\/www.monbailleur.fr\/offres-emploi\/wp-json\/wp\/v2\/job-types?post=34464"}],"curies":[{"name":"wp","href":"https:\/\/api.w.org\/{rel}","templated":true}]}}