{"id":34606,"date":"2026-02-21T07:00:31","date_gmt":"2026-02-21T06:00:31","guid":{"rendered":"https:\/\/www.monbailleur.fr\/offres-emploi\/poste\/gestionnaire-administration-du-personnel-h-f"},"modified":"2026-02-21T07:00:31","modified_gmt":"2026-02-21T06:00:31","slug":"gestionnaire-administration-du-personnel-h-f","status":"publish","type":"job_listing","link":"https:\/\/www.monbailleur.fr\/offres-emploi\/poste\/gestionnaire-administration-du-personnel-h-f","title":{"rendered":"Gestionnaire Administration du personnel H\/F"},"content":{"rendered":"<h2>L&rsquo;entreprise:<\/h2>\n<\/p>\n<p>Et si vous rejoignez un organisme social et solidaire, en d\u00e9veloppement permanent ?<\/p>\n<p>Depuis 1969, Hauts-de-Seine Habitat, premier bailleur social du d\u00e9partement, continue \u00e0 innover et \u00e0 d\u00e9velopper des solutions de logement pour tous, en mettant le locataire au c\u0153ur de ses actions.<\/p>\n<p>Rejoindre Hauts-de-Seine Habitat, c&rsquo;est int\u00e9grer un office compos\u00e9 de 850 collaborateurs, tous anim\u00e9s par la fiert\u00e9 de travailler pour une mission de service public, dans un organisme portant des valeurs fortes : le sens du service, le sens des responsabilit\u00e9s, l&rsquo;exemplarit\u00e9 et l&rsquo;esprit d&rsquo;\u00e9quipe.<\/p>\n<p>Nous recherchons des collaborateurs motiv\u00e9s par notre mission d&rsquo;int\u00e9r\u00eat g\u00e9n\u00e9ral, appr\u00e9ciant le travail en transversal, dans l&rsquo;objectif de relever ensemble les d\u00e9fis du logement de demain et atteindre l&rsquo;enti\u00e8re satisfaction de nos locataires.<\/p>\n<\/p>\n<h2>Description:<\/h2>\n<\/p>\n<p>Sous la responsabilit\u00e9 hi\u00e9rarchique du responsable paie et administration du personnel, le Gestionnaire Administration du personnel contribue au bon fonctionnement de l\u2019Office en r\u00e9alisant l\u2019administration du personnel des collaborateurs de l\u2019office de statut Priv\u00e9 et public.<\/p>\n<p>Assurer la gestion administrative des salari\u00e9s ou agents de leur entr\u00e9e \u00e0 leur sorti en garantissant la conformit\u00e9 r\u00e8glementaire la fiabilit\u00e9 des donn\u00e9es RH et la bonne application des r\u00e8gles statutaire ou du droit du travail<\/p>\n<p>A ce titre, il\/elle a pour missions :<\/p>\n<p><strong>Gestion Administrative du personnel priv\u00e9 et des agents :<\/strong><\/p>\n<ul>\n<li>R\u00e9daction et suivi des actes administratifs (contrats, avenants, d\u00e9cisions, \u2026)<\/li>\n<li>Constitution et mise \u00e0 jour des dossiers individuels<\/li>\n<li>Gestion des entr\u00e9es et sorties (embauche, mutation, d\u00e9mission, retraite&#8230;)<\/li>\n<li>Suivi des positions statutaires (avancement de grade, m\u00e9daille du travail, changement d\u2019\u00e9chelon, CITIS, \u2026)<\/li>\n<li>Suivi des adh\u00e9sions mutuelles et pr\u00e9voyance<\/li>\n<\/ul>\n<p><strong>Accueil et relation avec les collaborateurs internes et externes :<\/strong><\/p>\n<ul>\n<li>Gestion et accueil t\u00e9l\u00e9phonique des collaborateurs<\/li>\n<li>Gestion des relations avec les Directions de proximit\u00e9<\/li>\n<li>Information et accompagnement des salari\u00e9s du priv\u00e9 et des agents<\/li>\n<li>Gestion et suivi des d\u00e9marches administratives des salari\u00e9s \u00e9trangers (changement de statut, autorisation de travail, \u2026)<\/li>\n<li>\u00catre l\u2019interlocuteur principal entre l\u2019office et CIG<\/li>\n<\/ul>\n<p><strong>Gestion des temps et absences :<\/strong><\/p>\n<ul>\n<li>Suivi des cong\u00e9s, autorisation d\u2019absences dans l\u2019outil de GTA (KELIO)<\/li>\n<li>Gestion des remont\u00e9es d\u2019information de l\u2019outil gestion des temps (KELIO) selon les besoins (extractions\u2026)<\/li>\n<\/ul>\n<p><strong>Missions annexes :<\/strong><\/p>\n<ul>\n<li>Participer au d\u00e9ploiement de projets \u00e9ventuels<\/li>\n<li>Etre force de proposition sur des axes d\u2019am\u00e9lioration le cas \u00e9ch\u00e9ant<\/li>\n<\/ul>\n<p><strong>Sant\u00e9 et s\u00e9curit\u00e9 au travail :<\/strong><\/p>\n<p><span style=\"text-decoration: underline\">Missions :<\/span> Respecter les consignes en lien avec la sant\u00e9 et la s\u00e9curit\u00e9 au travail \/ Supprimer les risques pr\u00e9sents dans son environnement de travail \/Remonter tout dysfonctionnement constat\u00e9 et toute possibilit\u00e9 d&rsquo;am\u00e9lioration<br \/><span style=\"text-decoration: underline\">Responsabilit\u00e9s :<\/span> Alerter un coll\u00e8gue qui ne respecte pas les consignes de s\u00e9curit\u00e9.<\/p>\n<h2>Profil:<\/h2>\n<\/p>\n<p>Bac +2 avec premi\u00e8re exp\u00e9rience confirm\u00e9e dans le domaine de l\u2019administration du personnel<\/p>\n<p><strong>Comp\u00e9tences techniques :<\/strong><\/p>\n<ul>\n<li>Maitrise de l\u2019administration du personnel,<\/li>\n<li>Connaissance du statut de la fonction publique territoriale,<\/li>\n<li>Ma\u00eetrise des outils bureautiques et informatiques<\/li>\n<li>Connaissance des m\u00e9tiers et de la r\u00e9glementation du logement social<\/li>\n<li>Connaissance du Pack Office<\/li>\n<li>Capacit\u00e9s r\u00e9dactionnelles<\/li>\n<\/ul>\n<p><strong>Comp\u00e9tences comportementales :<\/strong><\/p>\n<ul>\n<li>Sens du travail en \u00e9quipe,<\/li>\n<li>R\u00e9activit\u00e9<\/li>\n<li>Rigueur<\/li>\n<li>Capacit\u00e9 d\u2019analyse et de synth\u00e8se<\/li>\n<li>Sens de l\u2019organisation et respect des d\u00e9lais<\/li>\n<li>Gestion des priorit\u00e9s<\/li>\n<li>Aisance relationnelle<\/li>\n<li>Autonomie<\/li>\n<li>Force de proposition<\/li>\n<\/ul>\n<h3>Niveau de dipl\u00f4me:<\/h3>\n<p> Niveau II &#8211; Bac+3\/4 (licence, ma\u00eetrise,&#8230;)<\/p>\n<h3>Temps de travail<\/h3>\n<p>Temps plein <\/p>\n<h3> Organisme <\/h3>\n<p> <span id=\"ctl00_ctl00_AspMainContent_MainContent_MasterPageSettingsView_ctl03_ctl01_fldEntityDescriptionFormat_lblContentText\"><span id=\"ctl00_MainContent_DescriptionEntityEdit_SubForm1_ctl01_Field1_ctl00_lblEntityFormat\">HAUTS-DE-SEINE HABITAT OPH <\/span><br \/><\/span><\/p>\n","protected":false},"author":0,"featured_media":5636,"template":"","meta":{"_promoted":"","_job_location":"France, Ile-de-France, Hauts-de-Seine (92) Levallois-Perret","_application":"https:\/\/les-hlm-recrutent.talent-soft.com\/offre-de-emploi\/emploi-gestionnaire-administration-du-personnel-h-f_67730.aspx?utm_source=monbailleur.fr","_company_name":"HAUTS-DE-SEINE HABITAT OPH","_company_website":"","_company_tagline":"","_company_twitter":"","_company_video":"","_filled":0,"_featured":0,"_remote_position":0,"_job_salary":"","_job_salary_currency":"","_job_salary_unit":""},"job-categories":[78],"job-types":[63],"class_list":{"0":"post-34606","1":"job_listing","2":"type-job_listing","3":"status-publish","4":"has-post-thumbnail","5":"hentry","6":"job_listing_category-autres","7":"job_listing_type-cdi","9":"job-type-cdi"},"yoast_head":"<!-- This site is optimized with the Yoast SEO Premium plugin v22.4 (Yoast SEO v25.1) - https:\/\/yoast.com\/wordpress\/plugins\/seo\/ -->\n<title>Gestionnaire Administration du personnel H\/F - Monbailleur.fr - Emploi<\/title>\n<meta name=\"robots\" content=\"noindex, follow\" \/>\n<meta property=\"og:locale\" content=\"fr_FR\" \/>\n<meta property=\"og:type\" content=\"article\" \/>\n<meta property=\"og:title\" content=\"Gestionnaire Administration du personnel H\/F\" \/>\n<meta property=\"og:description\" content=\"L&rsquo;entreprise: Et si vous rejoignez un organisme social et solidaire, en d\u00e9veloppement permanent ? Depuis 1969, Hauts-de-Seine Habitat, premier bailleur social du d\u00e9partement, continue \u00e0 innover et \u00e0 d\u00e9velopper des solutions de logement pour tous, en mettant le locataire au c\u0153ur de ses actions. Rejoindre Hauts-de-Seine Habitat, c&rsquo;est int\u00e9grer un office compos\u00e9 de 850 collaborateurs,\" \/>\n<meta property=\"og:url\" content=\"https:\/\/www.monbailleur.fr\/offres-emploi\/poste\/gestionnaire-administration-du-personnel-h-f\" \/>\n<meta property=\"og:site_name\" content=\"Monbailleur.fr - Emploi\" \/>\n<meta property=\"og:image\" content=\"https:\/\/www.monbailleur.fr\/offres-emploi\/wp-content\/uploads\/2023\/06\/mon_bailleur_emploi_placeholder.png\" \/>\n\t<meta property=\"og:image:width\" content=\"512\" \/>\n\t<meta property=\"og:image:height\" content=\"512\" \/>\n\t<meta property=\"og:image:type\" content=\"image\/png\" \/>\n<meta name=\"twitter:card\" content=\"summary_large_image\" \/>\n<meta name=\"twitter:label1\" content=\"Dur\u00e9e de lecture estim\u00e9e\" \/>\n\t<meta name=\"twitter:data1\" content=\"3 minutes\" \/>\n<script type=\"application\/ld+json\" class=\"yoast-schema-graph\">{\"@context\":\"https:\/\/schema.org\",\"@graph\":[{\"@type\":\"WebPage\",\"@id\":\"https:\/\/www.monbailleur.fr\/offres-emploi\/poste\/gestionnaire-administration-du-personnel-h-f\",\"url\":\"https:\/\/www.monbailleur.fr\/offres-emploi\/poste\/gestionnaire-administration-du-personnel-h-f\",\"name\":\"Gestionnaire Administration du personnel H\/F - Monbailleur.fr - Emploi\",\"isPartOf\":{\"@id\":\"https:\/\/www.monbailleur.fr\/offres-emploi\/#website\"},\"primaryImageOfPage\":{\"@id\":\"https:\/\/www.monbailleur.fr\/offres-emploi\/poste\/gestionnaire-administration-du-personnel-h-f#primaryimage\"},\"image\":{\"@id\":\"https:\/\/www.monbailleur.fr\/offres-emploi\/poste\/gestionnaire-administration-du-personnel-h-f#primaryimage\"},\"thumbnailUrl\":\"https:\/\/www.monbailleur.fr\/offres-emploi\/wp-content\/uploads\/2023\/06\/mon_bailleur_emploi_placeholder.png\",\"datePublished\":\"2026-02-21T06:00:31+00:00\",\"breadcrumb\":{\"@id\":\"https:\/\/www.monbailleur.fr\/offres-emploi\/poste\/gestionnaire-administration-du-personnel-h-f#breadcrumb\"},\"inLanguage\":\"fr-FR\",\"potentialAction\":[{\"@type\":\"ReadAction\",\"target\":[\"https:\/\/www.monbailleur.fr\/offres-emploi\/poste\/gestionnaire-administration-du-personnel-h-f\"]}]},{\"@type\":\"ImageObject\",\"inLanguage\":\"fr-FR\",\"@id\":\"https:\/\/www.monbailleur.fr\/offres-emploi\/poste\/gestionnaire-administration-du-personnel-h-f#primaryimage\",\"url\":\"https:\/\/www.monbailleur.fr\/offres-emploi\/wp-content\/uploads\/2023\/06\/mon_bailleur_emploi_placeholder.png\",\"contentUrl\":\"https:\/\/www.monbailleur.fr\/offres-emploi\/wp-content\/uploads\/2023\/06\/mon_bailleur_emploi_placeholder.png\",\"width\":512,\"height\":512},{\"@type\":\"BreadcrumbList\",\"@id\":\"https:\/\/www.monbailleur.fr\/offres-emploi\/poste\/gestionnaire-administration-du-personnel-h-f#breadcrumb\",\"itemListElement\":[{\"@type\":\"ListItem\",\"position\":1,\"name\":\"Accueil\",\"item\":\"https:\/\/www.monbailleur.fr\/offres-emploi\/\"},{\"@type\":\"ListItem\",\"position\":2,\"name\":\"offres d\u2019emploi\",\"item\":\"https:\/\/www.monbailleur.fr\/offres-emploi\/job-listings\"},{\"@type\":\"ListItem\",\"position\":3,\"name\":\"Gestionnaire Administration du personnel H\/F\"}]},{\"@type\":\"WebSite\",\"@id\":\"https:\/\/www.monbailleur.fr\/offres-emploi\/#website\",\"url\":\"https:\/\/www.monbailleur.fr\/offres-emploi\/\",\"name\":\"Monbailleur.fr - Emploi\",\"description\":\"Les offres d&#039;emploi du logement social\",\"publisher\":{\"@id\":\"https:\/\/www.monbailleur.fr\/offres-emploi\/#organization\"},\"potentialAction\":[{\"@type\":\"SearchAction\",\"target\":{\"@type\":\"EntryPoint\",\"urlTemplate\":\"https:\/\/www.monbailleur.fr\/offres-emploi\/?s={search_term_string}\"},\"query-input\":{\"@type\":\"PropertyValueSpecification\",\"valueRequired\":true,\"valueName\":\"search_term_string\"}}],\"inLanguage\":\"fr-FR\"},{\"@type\":\"Organization\",\"@id\":\"https:\/\/www.monbailleur.fr\/offres-emploi\/#organization\",\"name\":\"Monbailleur.fr - Emploi\",\"url\":\"https:\/\/www.monbailleur.fr\/offres-emploi\/\",\"logo\":{\"@type\":\"ImageObject\",\"inLanguage\":\"fr-FR\",\"@id\":\"https:\/\/www.monbailleur.fr\/offres-emploi\/#\/schema\/logo\/image\/\",\"url\":\"https:\/\/www.monbailleur.fr\/offres-emploi\/wp-content\/uploads\/2023\/06\/MonBailleur-1200x675-1.png\",\"contentUrl\":\"https:\/\/www.monbailleur.fr\/offres-emploi\/wp-content\/uploads\/2023\/06\/MonBailleur-1200x675-1.png\",\"width\":1200,\"height\":675,\"caption\":\"Monbailleur.fr - Emploi\"},\"image\":{\"@id\":\"https:\/\/www.monbailleur.fr\/offres-emploi\/#\/schema\/logo\/image\/\"}}]}<\/script>\n<!-- \/ Yoast SEO Premium plugin. -->","yoast_head_json":{"title":"Gestionnaire Administration du personnel H\/F - Monbailleur.fr - Emploi","robots":{"index":"noindex","follow":"follow"},"og_locale":"fr_FR","og_type":"article","og_title":"Gestionnaire Administration du personnel H\/F","og_description":"L&rsquo;entreprise: Et si vous rejoignez un organisme social et solidaire, en d\u00e9veloppement permanent ? Depuis 1969, Hauts-de-Seine Habitat, premier bailleur social du d\u00e9partement, continue \u00e0 innover et \u00e0 d\u00e9velopper des solutions de logement pour tous, en mettant le locataire au c\u0153ur de ses actions. Rejoindre Hauts-de-Seine Habitat, c&rsquo;est int\u00e9grer un office compos\u00e9 de 850 collaborateurs,","og_url":"https:\/\/www.monbailleur.fr\/offres-emploi\/poste\/gestionnaire-administration-du-personnel-h-f","og_site_name":"Monbailleur.fr - Emploi","og_image":[{"width":512,"height":512,"url":"https:\/\/www.monbailleur.fr\/offres-emploi\/wp-content\/uploads\/2023\/06\/mon_bailleur_emploi_placeholder.png","type":"image\/png"}],"twitter_card":"summary_large_image","twitter_misc":{"Dur\u00e9e de lecture estim\u00e9e":"3 minutes"},"schema":{"@context":"https:\/\/schema.org","@graph":[{"@type":"WebPage","@id":"https:\/\/www.monbailleur.fr\/offres-emploi\/poste\/gestionnaire-administration-du-personnel-h-f","url":"https:\/\/www.monbailleur.fr\/offres-emploi\/poste\/gestionnaire-administration-du-personnel-h-f","name":"Gestionnaire Administration du personnel H\/F - Monbailleur.fr - Emploi","isPartOf":{"@id":"https:\/\/www.monbailleur.fr\/offres-emploi\/#website"},"primaryImageOfPage":{"@id":"https:\/\/www.monbailleur.fr\/offres-emploi\/poste\/gestionnaire-administration-du-personnel-h-f#primaryimage"},"image":{"@id":"https:\/\/www.monbailleur.fr\/offres-emploi\/poste\/gestionnaire-administration-du-personnel-h-f#primaryimage"},"thumbnailUrl":"https:\/\/www.monbailleur.fr\/offres-emploi\/wp-content\/uploads\/2023\/06\/mon_bailleur_emploi_placeholder.png","datePublished":"2026-02-21T06:00:31+00:00","breadcrumb":{"@id":"https:\/\/www.monbailleur.fr\/offres-emploi\/poste\/gestionnaire-administration-du-personnel-h-f#breadcrumb"},"inLanguage":"fr-FR","potentialAction":[{"@type":"ReadAction","target":["https:\/\/www.monbailleur.fr\/offres-emploi\/poste\/gestionnaire-administration-du-personnel-h-f"]}]},{"@type":"ImageObject","inLanguage":"fr-FR","@id":"https:\/\/www.monbailleur.fr\/offres-emploi\/poste\/gestionnaire-administration-du-personnel-h-f#primaryimage","url":"https:\/\/www.monbailleur.fr\/offres-emploi\/wp-content\/uploads\/2023\/06\/mon_bailleur_emploi_placeholder.png","contentUrl":"https:\/\/www.monbailleur.fr\/offres-emploi\/wp-content\/uploads\/2023\/06\/mon_bailleur_emploi_placeholder.png","width":512,"height":512},{"@type":"BreadcrumbList","@id":"https:\/\/www.monbailleur.fr\/offres-emploi\/poste\/gestionnaire-administration-du-personnel-h-f#breadcrumb","itemListElement":[{"@type":"ListItem","position":1,"name":"Accueil","item":"https:\/\/www.monbailleur.fr\/offres-emploi\/"},{"@type":"ListItem","position":2,"name":"offres d\u2019emploi","item":"https:\/\/www.monbailleur.fr\/offres-emploi\/job-listings"},{"@type":"ListItem","position":3,"name":"Gestionnaire Administration du personnel H\/F"}]},{"@type":"WebSite","@id":"https:\/\/www.monbailleur.fr\/offres-emploi\/#website","url":"https:\/\/www.monbailleur.fr\/offres-emploi\/","name":"Monbailleur.fr - Emploi","description":"Les offres d&#039;emploi du logement social","publisher":{"@id":"https:\/\/www.monbailleur.fr\/offres-emploi\/#organization"},"potentialAction":[{"@type":"SearchAction","target":{"@type":"EntryPoint","urlTemplate":"https:\/\/www.monbailleur.fr\/offres-emploi\/?s={search_term_string}"},"query-input":{"@type":"PropertyValueSpecification","valueRequired":true,"valueName":"search_term_string"}}],"inLanguage":"fr-FR"},{"@type":"Organization","@id":"https:\/\/www.monbailleur.fr\/offres-emploi\/#organization","name":"Monbailleur.fr - Emploi","url":"https:\/\/www.monbailleur.fr\/offres-emploi\/","logo":{"@type":"ImageObject","inLanguage":"fr-FR","@id":"https:\/\/www.monbailleur.fr\/offres-emploi\/#\/schema\/logo\/image\/","url":"https:\/\/www.monbailleur.fr\/offres-emploi\/wp-content\/uploads\/2023\/06\/MonBailleur-1200x675-1.png","contentUrl":"https:\/\/www.monbailleur.fr\/offres-emploi\/wp-content\/uploads\/2023\/06\/MonBailleur-1200x675-1.png","width":1200,"height":675,"caption":"Monbailleur.fr - Emploi"},"image":{"@id":"https:\/\/www.monbailleur.fr\/offres-emploi\/#\/schema\/logo\/image\/"}}]}},"_links":{"self":[{"href":"https:\/\/www.monbailleur.fr\/offres-emploi\/wp-json\/wp\/v2\/job-listings\/34606","targetHints":{"allow":["GET"]}}],"collection":[{"href":"https:\/\/www.monbailleur.fr\/offres-emploi\/wp-json\/wp\/v2\/job-listings"}],"about":[{"href":"https:\/\/www.monbailleur.fr\/offres-emploi\/wp-json\/wp\/v2\/types\/job_listing"}],"wp:featuredmedia":[{"embeddable":true,"href":"https:\/\/www.monbailleur.fr\/offres-emploi\/wp-json\/wp\/v2\/media\/5636"}],"wp:attachment":[{"href":"https:\/\/www.monbailleur.fr\/offres-emploi\/wp-json\/wp\/v2\/media?parent=34606"}],"wp:term":[{"taxonomy":"job_listing_category","embeddable":true,"href":"https:\/\/www.monbailleur.fr\/offres-emploi\/wp-json\/wp\/v2\/job-categories?post=34606"},{"taxonomy":"job_listing_type","embeddable":true,"href":"https:\/\/www.monbailleur.fr\/offres-emploi\/wp-json\/wp\/v2\/job-types?post=34606"}],"curies":[{"name":"wp","href":"https:\/\/api.w.org\/{rel}","templated":true}]}}