{"id":34760,"date":"2026-02-28T07:00:36","date_gmt":"2026-02-28T06:00:36","guid":{"rendered":"https:\/\/www.monbailleur.fr\/offres-emploi\/poste\/charge-de-communication-cdc-habitat-75-h-f-2"},"modified":"2026-02-28T07:00:36","modified_gmt":"2026-02-28T06:00:36","slug":"charge-de-communication-cdc-habitat-75-h-f-2","status":"publish","type":"job_listing","link":"https:\/\/www.monbailleur.fr\/offres-emploi\/poste\/charge-de-communication-cdc-habitat-75-h-f-2","title":{"rendered":"Charg\u00e9 de communication &#8211; CDC Habitat (75) H\/F"},"content":{"rendered":"<h2>L&rsquo;entreprise:<\/h2>\n<\/p>\n<p>Relevez le challenge de l&rsquo;habitat au sein d&rsquo;un groupe en croissance !<\/p>\n<p>Rejoindre CDC Habitat, c&rsquo;est int\u00e9grer un groupe expert des m\u00e9tiers de la construction, de la gestion locative, de la r\u00e9novation de l&rsquo;habitat et de la Ville.<br \/>Un groupe engag\u00e9 pour r\u00e9pondre aux d\u00e9fis actuels et au service de l&rsquo;int\u00e9r\u00eat g\u00e9n\u00e9ral.<br \/>Notre gamme de logements r\u00e9pond \u00e0 des besoins tr\u00e8s divers et favorise la mise en oeuvre d&rsquo;un v\u00e9ritable parcours r\u00e9sidentiel, adapt\u00e9 aux diff\u00e9rentes \u00e9tapes de la vie.<br \/>Rejoindre CDC Habitat, c&rsquo;est int\u00e9grer un collectif de passionn\u00e9s.<br \/>Notre Groupe offre plusieurs centaines de m\u00e9tiers. Une multitude d&rsquo;opportunit\u00e9s vous attend.<br \/>Si vous aussi vous souhaitez, avoir un m\u00e9tier porteur de sens dans un environnement stimulant et bienveillant, nous sommes faits pour nous rencontrer !<\/p>\n<p>CDC Habitat s&rsquo;engage en faveur de la diversit\u00e9, l&rsquo;\u00e9galit\u00e9 professionnelle, l&#8217;emploi des travailleurs handicap\u00e9s.<\/p>\n<h2>Description:<\/h2>\n<\/p>\n<p>Dans l&rsquo;Hexagone comme dans les territoires ultramarins, CDC Habitat s&rsquo;engage chaque jour pour un habitat durable accessible \u00e0 tous. Un habitat qui garantit des cadres de vie adapt\u00e9s \u00e0 la diversit\u00e9 des locataires et des r\u00e9sidents, aux \u00e9volutions soci\u00e9tales et aux d\u00e9fis environnementaux.<br \/>En nous rejoignant, vous contribuez \u00e0 la r\u00e9ussite de cette mission au service du bien commun et aux c\u00f4t\u00e9s de nos parties prenantes : locataires, collaborateurs, institutionnels, m\u00e9dias.<\/p>\n<p>Agir pour l&rsquo;int\u00e9r\u00eat g\u00e9n\u00e9ral chez CDC HABITAT, en communication, c&rsquo;est<br \/>&#8211; Participer \u00e0 la communication institutionnelle:<br \/>\u00c9laborer les supports, organiser et suivre les actions de communication externe afin de valoriser l&rsquo;image et renforcer la notori\u00e9t\u00e9 de la soci\u00e9t\u00e9<br \/>Alimenter et mettre \u00e0 jour le site Internet<br \/>R\u00e9aliser les supports de communication des territoires et m\u00e9dias dont le Chef de projets a la responsabilit\u00e9, en veillant \u00e0 promouvoir l&rsquo;image de la soci\u00e9t\u00e9 aupr\u00e8s des \u00e9lus, des partenaires et dans le r\u00e9seau professionnel.<br \/>Planifier, organiser et participer aux \u00e9v\u00e9nements externes type 1\u00e8res pierres, inaugurations<\/p>\n<p>&#8211; Assurer le d\u00e9veloppement de la communication locataire et commerciale<br \/>Concevoir et r\u00e9aliser les outils de communication locataire et commerciale, afin d&rsquo;am\u00e9liorer l&rsquo;information et la satisfaction du client final (lettres d&rsquo;info, newsletter, \u2026)<br \/>Assurer la promotion des services et du travail r\u00e9alis\u00e9 par les \u00e9quipes aupr\u00e8s des locataires et partenaires.<\/p>\n<p>&#8211; Mettre en oeuvre les actions de communication interne<br \/>Organiser et mettre en oeuvre les \u00e9v\u00e9nements internes (voeux CDC Habitat \u00eele de France, \u2026)<br \/>R\u00e9aliser les documents de communication interne<br \/>Alimenter et mettre \u00e0 jour l&rsquo;intranet<br \/>Suivre et accompagner les actions RH mises en oeuvre \u00e0 destination des collaborateurs (s\u00e9minaire int\u00e9gration, politique QVCT, sensibilisation, journ\u00e9e th\u00e9matique)<\/p>\n<p>Le poste pourra n\u00e9cessiter une pr\u00e9sence \u00e0 certains \u00e9v\u00e9nements en fin de journ\u00e9e.<\/p>\n<h2>Profil:<\/h2>\n<\/p>\n<p>Si\u2026<br \/>&#8211; Vous \u00eates dot\u00e9 d&rsquo;une formation de type bac+5 en communication<br \/>&#8211; Vous disposez d&rsquo;une exp\u00e9rience professionnelle minimale de 1 \u00e0 2 ans en communication institutionnelle imp\u00e9rativement<br \/>&#8211; Votre savez interagir avec aisance au sein d&rsquo;un r\u00e9seau compos\u00e9 d&rsquo;interlocuteurs de tous niveaux et en capacit\u00e9 d&rsquo;aller au-devant de l&rsquo;information avec assurance<br \/>&#8211; Vous appr\u00e9ciez \u00e9voluer dans un environnement exigeant et expos\u00e9, avec rigueur, flexibilit\u00e9 et enthousiasme<br \/>&#8211; Vous \u00eates \u00e0 l&rsquo;aise avec la suite Adobe, Canva, PPT ; la connaissance de Play play ou d&rsquo;un autre logiciel de montage vid\u00e9o est un plus<br \/>\u2026 alors, rejoignez-nous !<\/p>\n<p>Votre processus de recrutement se d\u00e9roulera en 3 \u00e9tapes :<br \/>Premier contact avec un membre de l&rsquo;\u00e9quipe RH pour \u00e9changer sur votre parcours et vos aspirations<br \/>Deuxi\u00e8me \u00e9tape : une rencontre avec l&rsquo;\u00e9quipe hi\u00e9rarchique du p\u00f4le pour discuter du poste, de ses enjeux et de votre projet<br \/>Dernier \u00e9change avec un membre de l&rsquo;\u00e9quipe RH pour vous pr\u00e9senter la culture du Groupe CDC HABITAT.<br \/>Travailler pour le groupe CDC Habitat, c&rsquo;est une belle entreprise !<\/p>\n<\/p>\n<h3>Temps de travail<\/h3>\n<p>Temps plein <\/p>\n<h3> Organisme <\/h3>\n<p> <span id=\"ctl00_ctl00_AspMainContent_MainContent_MasterPageSettingsView_ctl03_ctl01_fldEntityDescriptionFormat_lblContentText\"><span id=\"ctl00_MainContent_DescriptionEntityEdit_SubForm1_ctl01_Field1_ctl00_lblEntityFormat\">CDC HABITAT <\/span><br \/><\/span><\/p>\n","protected":false},"author":0,"featured_media":5636,"template":"","meta":{"_promoted":"","_job_location":"France, Ile-de-France, Paris (75) 33 avenue Pierre Mendes France","_application":"https:\/\/les-hlm-recrutent.talent-soft.com\/offre-de-emploi\/emploi-charge-de-communication-cdc-habitat-75-h-f_67827.aspx?utm_source=monbailleur.fr","_company_name":"CDC HABITAT","_company_website":"","_company_tagline":"","_company_twitter":"","_company_video":"","_filled":0,"_featured":0,"_remote_position":0,"_job_salary":"","_job_salary_currency":"","_job_salary_unit":""},"job-categories":[78],"job-types":[63],"class_list":{"0":"post-34760","1":"job_listing","2":"type-job_listing","3":"status-publish","4":"has-post-thumbnail","5":"hentry","6":"job_listing_category-autres","7":"job_listing_type-cdi","9":"job-type-cdi"},"yoast_head":"<!-- This site is optimized with the Yoast SEO Premium plugin v22.4 (Yoast SEO v25.1) - https:\/\/yoast.com\/wordpress\/plugins\/seo\/ -->\n<title>Charg\u00e9 de communication - CDC Habitat (75) H\/F - Monbailleur.fr - Emploi<\/title>\n<meta name=\"robots\" content=\"noindex, follow\" \/>\n<meta property=\"og:locale\" content=\"fr_FR\" \/>\n<meta property=\"og:type\" content=\"article\" \/>\n<meta property=\"og:title\" content=\"Charg\u00e9 de communication - CDC Habitat (75) H\/F\" \/>\n<meta property=\"og:description\" content=\"L&rsquo;entreprise: Relevez le challenge de l&rsquo;habitat au sein d&rsquo;un groupe en croissance ! Rejoindre CDC Habitat, c&rsquo;est int\u00e9grer un groupe expert des m\u00e9tiers de la construction, de la gestion locative, de la r\u00e9novation de l&rsquo;habitat et de la Ville.Un groupe engag\u00e9 pour r\u00e9pondre aux d\u00e9fis actuels et au service de l&rsquo;int\u00e9r\u00eat g\u00e9n\u00e9ral.Notre gamme de logements\" \/>\n<meta property=\"og:url\" content=\"https:\/\/www.monbailleur.fr\/offres-emploi\/poste\/charge-de-communication-cdc-habitat-75-h-f-2\" \/>\n<meta property=\"og:site_name\" content=\"Monbailleur.fr - Emploi\" \/>\n<meta property=\"og:image\" content=\"https:\/\/www.monbailleur.fr\/offres-emploi\/wp-content\/uploads\/2023\/06\/mon_bailleur_emploi_placeholder.png\" \/>\n\t<meta property=\"og:image:width\" content=\"512\" \/>\n\t<meta property=\"og:image:height\" content=\"512\" \/>\n\t<meta property=\"og:image:type\" content=\"image\/png\" \/>\n<meta name=\"twitter:card\" content=\"summary_large_image\" \/>\n<meta name=\"twitter:label1\" content=\"Dur\u00e9e de lecture estim\u00e9e\" \/>\n\t<meta name=\"twitter:data1\" content=\"3 minutes\" \/>\n<script type=\"application\/ld+json\" class=\"yoast-schema-graph\">{\"@context\":\"https:\/\/schema.org\",\"@graph\":[{\"@type\":\"WebPage\",\"@id\":\"https:\/\/www.monbailleur.fr\/offres-emploi\/poste\/charge-de-communication-cdc-habitat-75-h-f-2\",\"url\":\"https:\/\/www.monbailleur.fr\/offres-emploi\/poste\/charge-de-communication-cdc-habitat-75-h-f-2\",\"name\":\"Charg\u00e9 de communication - CDC Habitat (75) H\/F - Monbailleur.fr - Emploi\",\"isPartOf\":{\"@id\":\"https:\/\/www.monbailleur.fr\/offres-emploi\/#website\"},\"primaryImageOfPage\":{\"@id\":\"https:\/\/www.monbailleur.fr\/offres-emploi\/poste\/charge-de-communication-cdc-habitat-75-h-f-2#primaryimage\"},\"image\":{\"@id\":\"https:\/\/www.monbailleur.fr\/offres-emploi\/poste\/charge-de-communication-cdc-habitat-75-h-f-2#primaryimage\"},\"thumbnailUrl\":\"https:\/\/www.monbailleur.fr\/offres-emploi\/wp-content\/uploads\/2023\/06\/mon_bailleur_emploi_placeholder.png\",\"datePublished\":\"2026-02-28T06:00:36+00:00\",\"breadcrumb\":{\"@id\":\"https:\/\/www.monbailleur.fr\/offres-emploi\/poste\/charge-de-communication-cdc-habitat-75-h-f-2#breadcrumb\"},\"inLanguage\":\"fr-FR\",\"potentialAction\":[{\"@type\":\"ReadAction\",\"target\":[\"https:\/\/www.monbailleur.fr\/offres-emploi\/poste\/charge-de-communication-cdc-habitat-75-h-f-2\"]}]},{\"@type\":\"ImageObject\",\"inLanguage\":\"fr-FR\",\"@id\":\"https:\/\/www.monbailleur.fr\/offres-emploi\/poste\/charge-de-communication-cdc-habitat-75-h-f-2#primaryimage\",\"url\":\"https:\/\/www.monbailleur.fr\/offres-emploi\/wp-content\/uploads\/2023\/06\/mon_bailleur_emploi_placeholder.png\",\"contentUrl\":\"https:\/\/www.monbailleur.fr\/offres-emploi\/wp-content\/uploads\/2023\/06\/mon_bailleur_emploi_placeholder.png\",\"width\":512,\"height\":512},{\"@type\":\"BreadcrumbList\",\"@id\":\"https:\/\/www.monbailleur.fr\/offres-emploi\/poste\/charge-de-communication-cdc-habitat-75-h-f-2#breadcrumb\",\"itemListElement\":[{\"@type\":\"ListItem\",\"position\":1,\"name\":\"Accueil\",\"item\":\"https:\/\/www.monbailleur.fr\/offres-emploi\/\"},{\"@type\":\"ListItem\",\"position\":2,\"name\":\"offres d\u2019emploi\",\"item\":\"https:\/\/www.monbailleur.fr\/offres-emploi\/job-listings\"},{\"@type\":\"ListItem\",\"position\":3,\"name\":\"Charg\u00e9 de communication &#8211; CDC Habitat (75) H\/F\"}]},{\"@type\":\"WebSite\",\"@id\":\"https:\/\/www.monbailleur.fr\/offres-emploi\/#website\",\"url\":\"https:\/\/www.monbailleur.fr\/offres-emploi\/\",\"name\":\"Monbailleur.fr - Emploi\",\"description\":\"Les offres d&#039;emploi du logement social\",\"publisher\":{\"@id\":\"https:\/\/www.monbailleur.fr\/offres-emploi\/#organization\"},\"potentialAction\":[{\"@type\":\"SearchAction\",\"target\":{\"@type\":\"EntryPoint\",\"urlTemplate\":\"https:\/\/www.monbailleur.fr\/offres-emploi\/?s={search_term_string}\"},\"query-input\":{\"@type\":\"PropertyValueSpecification\",\"valueRequired\":true,\"valueName\":\"search_term_string\"}}],\"inLanguage\":\"fr-FR\"},{\"@type\":\"Organization\",\"@id\":\"https:\/\/www.monbailleur.fr\/offres-emploi\/#organization\",\"name\":\"Monbailleur.fr - Emploi\",\"url\":\"https:\/\/www.monbailleur.fr\/offres-emploi\/\",\"logo\":{\"@type\":\"ImageObject\",\"inLanguage\":\"fr-FR\",\"@id\":\"https:\/\/www.monbailleur.fr\/offres-emploi\/#\/schema\/logo\/image\/\",\"url\":\"https:\/\/www.monbailleur.fr\/offres-emploi\/wp-content\/uploads\/2023\/06\/MonBailleur-1200x675-1.png\",\"contentUrl\":\"https:\/\/www.monbailleur.fr\/offres-emploi\/wp-content\/uploads\/2023\/06\/MonBailleur-1200x675-1.png\",\"width\":1200,\"height\":675,\"caption\":\"Monbailleur.fr - Emploi\"},\"image\":{\"@id\":\"https:\/\/www.monbailleur.fr\/offres-emploi\/#\/schema\/logo\/image\/\"}}]}<\/script>\n<!-- \/ Yoast SEO Premium plugin. -->","yoast_head_json":{"title":"Charg\u00e9 de communication - CDC Habitat (75) H\/F - Monbailleur.fr - Emploi","robots":{"index":"noindex","follow":"follow"},"og_locale":"fr_FR","og_type":"article","og_title":"Charg\u00e9 de communication - CDC Habitat (75) H\/F","og_description":"L&rsquo;entreprise: Relevez le challenge de l&rsquo;habitat au sein d&rsquo;un groupe en croissance ! Rejoindre CDC Habitat, c&rsquo;est int\u00e9grer un groupe expert des m\u00e9tiers de la construction, de la gestion locative, de la r\u00e9novation de l&rsquo;habitat et de la Ville.Un groupe engag\u00e9 pour r\u00e9pondre aux d\u00e9fis actuels et au service de l&rsquo;int\u00e9r\u00eat g\u00e9n\u00e9ral.Notre gamme de logements","og_url":"https:\/\/www.monbailleur.fr\/offres-emploi\/poste\/charge-de-communication-cdc-habitat-75-h-f-2","og_site_name":"Monbailleur.fr - Emploi","og_image":[{"width":512,"height":512,"url":"https:\/\/www.monbailleur.fr\/offres-emploi\/wp-content\/uploads\/2023\/06\/mon_bailleur_emploi_placeholder.png","type":"image\/png"}],"twitter_card":"summary_large_image","twitter_misc":{"Dur\u00e9e de lecture estim\u00e9e":"3 minutes"},"schema":{"@context":"https:\/\/schema.org","@graph":[{"@type":"WebPage","@id":"https:\/\/www.monbailleur.fr\/offres-emploi\/poste\/charge-de-communication-cdc-habitat-75-h-f-2","url":"https:\/\/www.monbailleur.fr\/offres-emploi\/poste\/charge-de-communication-cdc-habitat-75-h-f-2","name":"Charg\u00e9 de communication - CDC Habitat (75) H\/F - Monbailleur.fr - Emploi","isPartOf":{"@id":"https:\/\/www.monbailleur.fr\/offres-emploi\/#website"},"primaryImageOfPage":{"@id":"https:\/\/www.monbailleur.fr\/offres-emploi\/poste\/charge-de-communication-cdc-habitat-75-h-f-2#primaryimage"},"image":{"@id":"https:\/\/www.monbailleur.fr\/offres-emploi\/poste\/charge-de-communication-cdc-habitat-75-h-f-2#primaryimage"},"thumbnailUrl":"https:\/\/www.monbailleur.fr\/offres-emploi\/wp-content\/uploads\/2023\/06\/mon_bailleur_emploi_placeholder.png","datePublished":"2026-02-28T06:00:36+00:00","breadcrumb":{"@id":"https:\/\/www.monbailleur.fr\/offres-emploi\/poste\/charge-de-communication-cdc-habitat-75-h-f-2#breadcrumb"},"inLanguage":"fr-FR","potentialAction":[{"@type":"ReadAction","target":["https:\/\/www.monbailleur.fr\/offres-emploi\/poste\/charge-de-communication-cdc-habitat-75-h-f-2"]}]},{"@type":"ImageObject","inLanguage":"fr-FR","@id":"https:\/\/www.monbailleur.fr\/offres-emploi\/poste\/charge-de-communication-cdc-habitat-75-h-f-2#primaryimage","url":"https:\/\/www.monbailleur.fr\/offres-emploi\/wp-content\/uploads\/2023\/06\/mon_bailleur_emploi_placeholder.png","contentUrl":"https:\/\/www.monbailleur.fr\/offres-emploi\/wp-content\/uploads\/2023\/06\/mon_bailleur_emploi_placeholder.png","width":512,"height":512},{"@type":"BreadcrumbList","@id":"https:\/\/www.monbailleur.fr\/offres-emploi\/poste\/charge-de-communication-cdc-habitat-75-h-f-2#breadcrumb","itemListElement":[{"@type":"ListItem","position":1,"name":"Accueil","item":"https:\/\/www.monbailleur.fr\/offres-emploi\/"},{"@type":"ListItem","position":2,"name":"offres d\u2019emploi","item":"https:\/\/www.monbailleur.fr\/offres-emploi\/job-listings"},{"@type":"ListItem","position":3,"name":"Charg\u00e9 de communication &#8211; CDC Habitat (75) H\/F"}]},{"@type":"WebSite","@id":"https:\/\/www.monbailleur.fr\/offres-emploi\/#website","url":"https:\/\/www.monbailleur.fr\/offres-emploi\/","name":"Monbailleur.fr - Emploi","description":"Les offres d&#039;emploi du logement social","publisher":{"@id":"https:\/\/www.monbailleur.fr\/offres-emploi\/#organization"},"potentialAction":[{"@type":"SearchAction","target":{"@type":"EntryPoint","urlTemplate":"https:\/\/www.monbailleur.fr\/offres-emploi\/?s={search_term_string}"},"query-input":{"@type":"PropertyValueSpecification","valueRequired":true,"valueName":"search_term_string"}}],"inLanguage":"fr-FR"},{"@type":"Organization","@id":"https:\/\/www.monbailleur.fr\/offres-emploi\/#organization","name":"Monbailleur.fr - Emploi","url":"https:\/\/www.monbailleur.fr\/offres-emploi\/","logo":{"@type":"ImageObject","inLanguage":"fr-FR","@id":"https:\/\/www.monbailleur.fr\/offres-emploi\/#\/schema\/logo\/image\/","url":"https:\/\/www.monbailleur.fr\/offres-emploi\/wp-content\/uploads\/2023\/06\/MonBailleur-1200x675-1.png","contentUrl":"https:\/\/www.monbailleur.fr\/offres-emploi\/wp-content\/uploads\/2023\/06\/MonBailleur-1200x675-1.png","width":1200,"height":675,"caption":"Monbailleur.fr - Emploi"},"image":{"@id":"https:\/\/www.monbailleur.fr\/offres-emploi\/#\/schema\/logo\/image\/"}}]}},"_links":{"self":[{"href":"https:\/\/www.monbailleur.fr\/offres-emploi\/wp-json\/wp\/v2\/job-listings\/34760","targetHints":{"allow":["GET"]}}],"collection":[{"href":"https:\/\/www.monbailleur.fr\/offres-emploi\/wp-json\/wp\/v2\/job-listings"}],"about":[{"href":"https:\/\/www.monbailleur.fr\/offres-emploi\/wp-json\/wp\/v2\/types\/job_listing"}],"wp:featuredmedia":[{"embeddable":true,"href":"https:\/\/www.monbailleur.fr\/offres-emploi\/wp-json\/wp\/v2\/media\/5636"}],"wp:attachment":[{"href":"https:\/\/www.monbailleur.fr\/offres-emploi\/wp-json\/wp\/v2\/media?parent=34760"}],"wp:term":[{"taxonomy":"job_listing_category","embeddable":true,"href":"https:\/\/www.monbailleur.fr\/offres-emploi\/wp-json\/wp\/v2\/job-categories?post=34760"},{"taxonomy":"job_listing_type","embeddable":true,"href":"https:\/\/www.monbailleur.fr\/offres-emploi\/wp-json\/wp\/v2\/job-types?post=34760"}],"curies":[{"name":"wp","href":"https:\/\/api.w.org\/{rel}","templated":true}]}}