{"id":34833,"date":"2026-04-04T08:00:35","date_gmt":"2026-04-04T06:00:35","guid":{"rendered":"https:\/\/www.monbailleur.fr\/offres-emploi\/poste\/conseiller-charge-de-clientele-f-h-melun-h-f"},"modified":"2026-04-04T08:00:35","modified_gmt":"2026-04-04T06:00:35","slug":"conseiller-charge-de-clientele-f-h-melun-h-f","status":"publish","type":"job_listing","link":"https:\/\/www.monbailleur.fr\/offres-emploi\/poste\/conseiller-charge-de-clientele-f-h-melun-h-f","title":{"rendered":"Conseiller \/ Charg\u00e9 de client\u00e8le F\/H MELUN H\/F"},"content":{"rendered":"<h2>L&rsquo;entreprise:<\/h2>\n<\/p>\n<p>Les Foyers de Seine-et-Marne, soci\u00e9t\u00e9 priv\u00e9e d\u2019int\u00e9r\u00eat g\u00e9n\u00e9ral, a pour mission de cr\u00e9er et maintenir une offre d\u2019habitat et de cadre de vie pour un public aux besoins sp\u00e9cifiques, de garantir quotidiennement et durablement la s\u00e9curit\u00e9 et le confort de vie de ses locataires et de concevoir et produire des habitats responsables.<\/p>\n<p>En tant qu\u2019acteur majeur du logement social et membre du Groupe VYV, FSM est convaincu que l\u2019habitat est un v\u00e9ritable levier de sant\u00e9. Notre vision est donc claire : nous voulons transformer le logement social en pla\u00e7ant la sant\u00e9 au c\u0153ur de nos projets, comme un crit\u00e8re essentiel de toutes nos actions.<\/p>\n<\/p>\n<p>Si vous partagez ces valeurs et souhaitez participer \u00e0 les d\u00e9velopper au quotidien, rejoignez-nous en tant que Charg\u00e9(e) de client\u00e8le, en CDI, dans notre agence situ\u00e9e \u00e0 Melun.<\/p>\n<h2>Description:<\/h2>\n<\/p>\n<p>Orientation des logements vers les r\u00e9servataires (Gestion en Flux) en prenant en compte les objectifs et obligations r\u00e9glementaires (DALO, ACD, 1er quartile hors QPV\u2026)<\/p>\n<p>Pour le contingent non r\u00e9serv\u00e9 : rechercher et s\u00e9lectionner les candidats appropri\u00e9s par rapport au logement vacant, en prenant en compte les demandes de mutation interne.<\/p>\n<p>Instruire, \u00e9tudier et analyser les dossiers des demandeurs<\/p>\n<p>Pr\u00e9parer les dossiers d\u2019attribution et pr\u00e9sentation en Commission d\u2019attribution des logements apr\u00e8s contr\u00f4le et validation par le chef d\u2019agence.<\/p>\n<\/p>\n<p>Commercialisation des annexes <\/p>\n<p>Pour les livraisons :<\/p>\n<p>Contribuer au plan de commercialisation des logements neufs (participation aux r\u00e9unions internes, de peuplement\u2026)<\/p>\n<p>Informer les r\u00e9servataires<\/p>\n<\/p>\n<p>Vie du bail :<\/p>\n<p>Assurer la signature du bail et coordonne l\u2019entr\u00e9e du locataire<\/p>\n<p>Actualiser les situations locatives par avenant, dans le respect de la r\u00e8glementation en vigueur<\/p>\n<p>Traiter les cong\u00e9s et contr\u00f4ler les pr\u00e9avis,<\/p>\n<p>Connaitre le fonctionnement social des ensembles immobiliers,<\/p>\n<p>Orienter et traiter les demandes des clients dans le respect des engagements de qualit\u00e9 de service<\/p>\n<p>Assurer le traitement de 1er niveau en cas de conflits et troubles de voisinage.<\/p>\n<p>Assurer la signature des avenants<\/p>\n<\/p>\n<p>Pr\u00e9contentieux<\/p>\n<p>Suivre et relancer par t\u00e9l\u00e9phone les locataires en impay\u00e9s<\/p>\n<p>Elaborer et suivre les plans d\u2019apurement<\/p>\n<p>Proc\u00e9der \u00e0 des diagnostics socio-\u00e9conomiques avec une attention particuli\u00e8re aupr\u00e8s des primo-d\u00e9biteurs,<\/p>\n<p>Mettre en jeu les garanties de loyer,<\/p>\n<p>Orienter les locataires vers des dispositifs sociaux,<\/p>\n<\/p>\n<p>Transf\u00e9rer les dossiers au contentieux d\u00e8s le 2\u00e8me mois d\u2019impay\u00e9 r\u00e9volu,<\/p>\n<p>Etablir un \u00e9tat des lieux mensuels de l\u2019\u00e9volution des dossiers en pr\u00e9contentieux avec le responsable hi\u00e9rarchique.<\/p>\n<\/p>\n<p>Participation et contributions<\/p>\n<p>Participer au traitement des enqu\u00eates SLS\/OPS (traitement des d\u00e9riv\u00e9s, relances si n\u00e9cessaire\u2026)<\/p>\n<p>Participer aux diff\u00e9rents projets d\u2019entreprise (Qualit\u00e9 de service, LIVIA, Loge&amp;Care, Assurance Sociale et Solidaire\u2026)<\/p>\n<p>Participer \u00e0 la mise en location des groupes neufs<\/p>\n<p>Participer au suivi des dispositifs concernant les relogements, dans le cadre des NPNRU<\/p>\n<p>Participer aux animations sur sites<\/p>\n<h2>Profil:<\/h2>\n<\/p>\n<p>PROFIL RECHERCH\u00c9<\/p>\n<p>Formation<\/p>\n<p>Formation g\u00e9n\u00e9rale niveau Bac \u00e0 Bac + 2 Professions immobili\u00e8res.<\/p>\n<p>Exp\u00e9rience de 2 ans minimum sur un poste similaire.<\/p>\n<\/p>\n<p>Savoir-faire<\/p>\n<p>Connaissance de la r\u00e9glementation HLM de base (gestion locative, attributions, loyers, charges locatives).<\/p>\n<p>Ma\u00eetrise logiciels Word, Excel, IKOS.<\/p>\n<\/p>\n<p>Savoir-\u00eatre<\/p>\n<p>Aisance r\u00e9dactionnelle et orale,<\/p>\n<p>Savoir \u00e9couter et trouver des solutions de m\u00e9diation,<\/p>\n<p>Sens des priorit\u00e9s, rigueur dans la coordination et le suivi de travail,<\/p>\n<p>Esprit d\u2019initiative, aptitude \u00e0 anticiper, polyvalence<\/p>\n<\/p>\n<p>INFORMATIONS PRATIQUES<\/p>\n<p>R\u00e9mun\u00e9ration<\/p>\n<p>Salaire : 28 001\u20ac brut annuel se d\u00e9composant comme suit :<\/p>\n<p>\u00b7 Salaire de base : 2 066.49\u20ac bruts\/mois<\/p>\n<p>\u00b7 13\u00e8me mois<\/p>\n<p>\u00b7 Prime de vacances : 0.55 mois de salaire (contre 900 \u20ac selon la convention collective des ESH)<\/p>\n<p>Prime d\u2019int\u00e9ressement selon accord d&rsquo;int\u00e9ressement<\/p>\n<\/p>\n<p>Avantages<\/p>\n<p>Temps de travail : 39h\/semaine avec 22 RTT en contrepartie, 4 jours employeur<\/p>\n<p>T\u00e9l\u00e9travail : 1 jour par semaine<\/p>\n<p>Titres restaurant : 8.80 \u20ac par jour avec participation employeur de 60%<\/p>\n<p>Mutuelle : participation employeur de 90 % sur la formule de base obligatoire<\/p>\n<p>Compte \u00e9pargne temps<\/p>\n<\/p>\n<p>Candidature<\/p>\n<p>Poste bas\u00e9 au 14 bis avenue Thiers \u00e0 Melun<\/p>\n<p>Date d\u2019embauche : imm\u00e9diate<\/p>\n<p>Envoi des CV et lettre de motivation \u00e0 Mme Chrystel Basquin, responsable des Ressources humaines, recrutement@fsm.eu<\/p>\n<h3>Niveau de dipl\u00f4me:<\/h3>\n<p> Niveau III &#8211; Bac+2 (BTS, DUT,\u2026)<\/p>\n<h3>Temps de travail<\/h3>\n<p>Temps plein <\/p>\n<h3> Organisme <\/h3>\n<p> <span id=\"ctl00_ctl00_AspMainContent_MainContent_MasterPageSettingsView_ctl03_ctl01_fldEntityDescriptionFormat_lblContentText\"><span id=\"ctl00_MainContent_DescriptionEntityEdit_SubForm1_ctl01_Field1_ctl00_lblEntityFormat\">LES FOYERS DE SEINE-ET-MARNE <\/span><br \/><\/span><\/p>\n","protected":false},"author":0,"featured_media":28659,"template":"","meta":{"_promoted":"","_job_location":"France, Ile-de-France, Seine et Marne (77) 14 avenue Thiers 77000 Melun","_application":"https:\/\/les-hlm-recrutent.talent-soft.com\/offre-de-emploi\/emploi-conseiller-charge-de-clientele-f-h-melun-h-f_67869.aspx?utm_source=monbailleur.fr","_company_name":"LES FOYERS DE SEINE-ET-MARNE","_company_website":"","_company_tagline":"","_company_twitter":"","_company_video":"","_filled":0,"_featured":0,"_remote_position":0,"_job_salary":"","_job_salary_currency":"","_job_salary_unit":""},"job-categories":[78],"job-types":[63],"class_list":{"0":"post-34833","1":"job_listing","2":"type-job_listing","3":"status-publish","4":"has-post-thumbnail","5":"hentry","6":"job_listing_category-autres","7":"job_listing_type-cdi","9":"job-type-cdi"},"yoast_head":"<!-- This site is optimized with the Yoast SEO Premium plugin v22.4 (Yoast SEO v25.1) - https:\/\/yoast.com\/wordpress\/plugins\/seo\/ -->\n<title>Conseiller \/ Charg\u00e9 de client\u00e8le F\/H MELUN H\/F - Monbailleur.fr - Emploi<\/title>\n<meta name=\"robots\" content=\"noindex, follow\" \/>\n<meta property=\"og:locale\" content=\"fr_FR\" \/>\n<meta property=\"og:type\" content=\"article\" \/>\n<meta property=\"og:title\" content=\"Conseiller \/ Charg\u00e9 de client\u00e8le F\/H MELUN H\/F\" \/>\n<meta property=\"og:description\" content=\"L&rsquo;entreprise: Les Foyers de Seine-et-Marne, soci\u00e9t\u00e9 priv\u00e9e d\u2019int\u00e9r\u00eat g\u00e9n\u00e9ral, a pour mission de cr\u00e9er et maintenir une offre d\u2019habitat et de cadre de vie pour un public aux besoins sp\u00e9cifiques, de garantir quotidiennement et durablement la s\u00e9curit\u00e9 et le confort de vie de ses locataires et de concevoir et produire des habitats responsables. En tant\" \/>\n<meta property=\"og:url\" content=\"https:\/\/www.monbailleur.fr\/offres-emploi\/poste\/conseiller-charge-de-clientele-f-h-melun-h-f\" \/>\n<meta property=\"og:site_name\" content=\"Monbailleur.fr - Emploi\" \/>\n<meta property=\"og:image\" content=\"https:\/\/www.monbailleur.fr\/offres-emploi\/wp-content\/uploads\/2025\/07\/les-foyers-de-seine-et-marne.jpg\" \/>\n\t<meta property=\"og:image:width\" content=\"168\" \/>\n\t<meta property=\"og:image:height\" content=\"200\" \/>\n\t<meta property=\"og:image:type\" content=\"image\/jpeg\" \/>\n<meta name=\"twitter:card\" content=\"summary_large_image\" \/>\n<meta name=\"twitter:label1\" content=\"Dur\u00e9e de lecture estim\u00e9e\" \/>\n\t<meta name=\"twitter:data1\" content=\"3 minutes\" \/>\n<script type=\"application\/ld+json\" class=\"yoast-schema-graph\">{\"@context\":\"https:\/\/schema.org\",\"@graph\":[{\"@type\":\"WebPage\",\"@id\":\"https:\/\/www.monbailleur.fr\/offres-emploi\/poste\/conseiller-charge-de-clientele-f-h-melun-h-f\",\"url\":\"https:\/\/www.monbailleur.fr\/offres-emploi\/poste\/conseiller-charge-de-clientele-f-h-melun-h-f\",\"name\":\"Conseiller \/ Charg\u00e9 de client\u00e8le F\/H MELUN H\/F - Monbailleur.fr - Emploi\",\"isPartOf\":{\"@id\":\"https:\/\/www.monbailleur.fr\/offres-emploi\/#website\"},\"primaryImageOfPage\":{\"@id\":\"https:\/\/www.monbailleur.fr\/offres-emploi\/poste\/conseiller-charge-de-clientele-f-h-melun-h-f#primaryimage\"},\"image\":{\"@id\":\"https:\/\/www.monbailleur.fr\/offres-emploi\/poste\/conseiller-charge-de-clientele-f-h-melun-h-f#primaryimage\"},\"thumbnailUrl\":\"https:\/\/www.monbailleur.fr\/offres-emploi\/wp-content\/uploads\/2025\/07\/les-foyers-de-seine-et-marne.jpg\",\"datePublished\":\"2026-04-04T06:00:35+00:00\",\"breadcrumb\":{\"@id\":\"https:\/\/www.monbailleur.fr\/offres-emploi\/poste\/conseiller-charge-de-clientele-f-h-melun-h-f#breadcrumb\"},\"inLanguage\":\"fr-FR\",\"potentialAction\":[{\"@type\":\"ReadAction\",\"target\":[\"https:\/\/www.monbailleur.fr\/offres-emploi\/poste\/conseiller-charge-de-clientele-f-h-melun-h-f\"]}]},{\"@type\":\"ImageObject\",\"inLanguage\":\"fr-FR\",\"@id\":\"https:\/\/www.monbailleur.fr\/offres-emploi\/poste\/conseiller-charge-de-clientele-f-h-melun-h-f#primaryimage\",\"url\":\"https:\/\/www.monbailleur.fr\/offres-emploi\/wp-content\/uploads\/2025\/07\/les-foyers-de-seine-et-marne.jpg\",\"contentUrl\":\"https:\/\/www.monbailleur.fr\/offres-emploi\/wp-content\/uploads\/2025\/07\/les-foyers-de-seine-et-marne.jpg\",\"width\":168,\"height\":200},{\"@type\":\"BreadcrumbList\",\"@id\":\"https:\/\/www.monbailleur.fr\/offres-emploi\/poste\/conseiller-charge-de-clientele-f-h-melun-h-f#breadcrumb\",\"itemListElement\":[{\"@type\":\"ListItem\",\"position\":1,\"name\":\"Accueil\",\"item\":\"https:\/\/www.monbailleur.fr\/offres-emploi\/\"},{\"@type\":\"ListItem\",\"position\":2,\"name\":\"offres d\u2019emploi\",\"item\":\"https:\/\/www.monbailleur.fr\/offres-emploi\/job-listings\"},{\"@type\":\"ListItem\",\"position\":3,\"name\":\"Conseiller \/ Charg\u00e9 de client\u00e8le F\/H MELUN H\/F\"}]},{\"@type\":\"WebSite\",\"@id\":\"https:\/\/www.monbailleur.fr\/offres-emploi\/#website\",\"url\":\"https:\/\/www.monbailleur.fr\/offres-emploi\/\",\"name\":\"Monbailleur.fr - Emploi\",\"description\":\"Les offres d&#039;emploi du logement social\",\"publisher\":{\"@id\":\"https:\/\/www.monbailleur.fr\/offres-emploi\/#organization\"},\"potentialAction\":[{\"@type\":\"SearchAction\",\"target\":{\"@type\":\"EntryPoint\",\"urlTemplate\":\"https:\/\/www.monbailleur.fr\/offres-emploi\/?s={search_term_string}\"},\"query-input\":{\"@type\":\"PropertyValueSpecification\",\"valueRequired\":true,\"valueName\":\"search_term_string\"}}],\"inLanguage\":\"fr-FR\"},{\"@type\":\"Organization\",\"@id\":\"https:\/\/www.monbailleur.fr\/offres-emploi\/#organization\",\"name\":\"Monbailleur.fr - Emploi\",\"url\":\"https:\/\/www.monbailleur.fr\/offres-emploi\/\",\"logo\":{\"@type\":\"ImageObject\",\"inLanguage\":\"fr-FR\",\"@id\":\"https:\/\/www.monbailleur.fr\/offres-emploi\/#\/schema\/logo\/image\/\",\"url\":\"https:\/\/www.monbailleur.fr\/offres-emploi\/wp-content\/uploads\/2023\/06\/MonBailleur-1200x675-1.png\",\"contentUrl\":\"https:\/\/www.monbailleur.fr\/offres-emploi\/wp-content\/uploads\/2023\/06\/MonBailleur-1200x675-1.png\",\"width\":1200,\"height\":675,\"caption\":\"Monbailleur.fr - Emploi\"},\"image\":{\"@id\":\"https:\/\/www.monbailleur.fr\/offres-emploi\/#\/schema\/logo\/image\/\"}}]}<\/script>\n<!-- \/ Yoast SEO Premium plugin. -->","yoast_head_json":{"title":"Conseiller \/ Charg\u00e9 de client\u00e8le F\/H MELUN H\/F - Monbailleur.fr - Emploi","robots":{"index":"noindex","follow":"follow"},"og_locale":"fr_FR","og_type":"article","og_title":"Conseiller \/ Charg\u00e9 de client\u00e8le F\/H MELUN H\/F","og_description":"L&rsquo;entreprise: Les Foyers de Seine-et-Marne, soci\u00e9t\u00e9 priv\u00e9e d\u2019int\u00e9r\u00eat g\u00e9n\u00e9ral, a pour mission de cr\u00e9er et maintenir une offre d\u2019habitat et de cadre de vie pour un public aux besoins sp\u00e9cifiques, de garantir quotidiennement et durablement la s\u00e9curit\u00e9 et le confort de vie de ses locataires et de concevoir et produire des habitats responsables. En tant","og_url":"https:\/\/www.monbailleur.fr\/offres-emploi\/poste\/conseiller-charge-de-clientele-f-h-melun-h-f","og_site_name":"Monbailleur.fr - Emploi","og_image":[{"width":168,"height":200,"url":"https:\/\/www.monbailleur.fr\/offres-emploi\/wp-content\/uploads\/2025\/07\/les-foyers-de-seine-et-marne.jpg","type":"image\/jpeg"}],"twitter_card":"summary_large_image","twitter_misc":{"Dur\u00e9e de lecture estim\u00e9e":"3 minutes"},"schema":{"@context":"https:\/\/schema.org","@graph":[{"@type":"WebPage","@id":"https:\/\/www.monbailleur.fr\/offres-emploi\/poste\/conseiller-charge-de-clientele-f-h-melun-h-f","url":"https:\/\/www.monbailleur.fr\/offres-emploi\/poste\/conseiller-charge-de-clientele-f-h-melun-h-f","name":"Conseiller \/ Charg\u00e9 de client\u00e8le F\/H MELUN H\/F - Monbailleur.fr - Emploi","isPartOf":{"@id":"https:\/\/www.monbailleur.fr\/offres-emploi\/#website"},"primaryImageOfPage":{"@id":"https:\/\/www.monbailleur.fr\/offres-emploi\/poste\/conseiller-charge-de-clientele-f-h-melun-h-f#primaryimage"},"image":{"@id":"https:\/\/www.monbailleur.fr\/offres-emploi\/poste\/conseiller-charge-de-clientele-f-h-melun-h-f#primaryimage"},"thumbnailUrl":"https:\/\/www.monbailleur.fr\/offres-emploi\/wp-content\/uploads\/2025\/07\/les-foyers-de-seine-et-marne.jpg","datePublished":"2026-04-04T06:00:35+00:00","breadcrumb":{"@id":"https:\/\/www.monbailleur.fr\/offres-emploi\/poste\/conseiller-charge-de-clientele-f-h-melun-h-f#breadcrumb"},"inLanguage":"fr-FR","potentialAction":[{"@type":"ReadAction","target":["https:\/\/www.monbailleur.fr\/offres-emploi\/poste\/conseiller-charge-de-clientele-f-h-melun-h-f"]}]},{"@type":"ImageObject","inLanguage":"fr-FR","@id":"https:\/\/www.monbailleur.fr\/offres-emploi\/poste\/conseiller-charge-de-clientele-f-h-melun-h-f#primaryimage","url":"https:\/\/www.monbailleur.fr\/offres-emploi\/wp-content\/uploads\/2025\/07\/les-foyers-de-seine-et-marne.jpg","contentUrl":"https:\/\/www.monbailleur.fr\/offres-emploi\/wp-content\/uploads\/2025\/07\/les-foyers-de-seine-et-marne.jpg","width":168,"height":200},{"@type":"BreadcrumbList","@id":"https:\/\/www.monbailleur.fr\/offres-emploi\/poste\/conseiller-charge-de-clientele-f-h-melun-h-f#breadcrumb","itemListElement":[{"@type":"ListItem","position":1,"name":"Accueil","item":"https:\/\/www.monbailleur.fr\/offres-emploi\/"},{"@type":"ListItem","position":2,"name":"offres d\u2019emploi","item":"https:\/\/www.monbailleur.fr\/offres-emploi\/job-listings"},{"@type":"ListItem","position":3,"name":"Conseiller \/ Charg\u00e9 de client\u00e8le F\/H MELUN H\/F"}]},{"@type":"WebSite","@id":"https:\/\/www.monbailleur.fr\/offres-emploi\/#website","url":"https:\/\/www.monbailleur.fr\/offres-emploi\/","name":"Monbailleur.fr - Emploi","description":"Les offres d&#039;emploi du logement social","publisher":{"@id":"https:\/\/www.monbailleur.fr\/offres-emploi\/#organization"},"potentialAction":[{"@type":"SearchAction","target":{"@type":"EntryPoint","urlTemplate":"https:\/\/www.monbailleur.fr\/offres-emploi\/?s={search_term_string}"},"query-input":{"@type":"PropertyValueSpecification","valueRequired":true,"valueName":"search_term_string"}}],"inLanguage":"fr-FR"},{"@type":"Organization","@id":"https:\/\/www.monbailleur.fr\/offres-emploi\/#organization","name":"Monbailleur.fr - Emploi","url":"https:\/\/www.monbailleur.fr\/offres-emploi\/","logo":{"@type":"ImageObject","inLanguage":"fr-FR","@id":"https:\/\/www.monbailleur.fr\/offres-emploi\/#\/schema\/logo\/image\/","url":"https:\/\/www.monbailleur.fr\/offres-emploi\/wp-content\/uploads\/2023\/06\/MonBailleur-1200x675-1.png","contentUrl":"https:\/\/www.monbailleur.fr\/offres-emploi\/wp-content\/uploads\/2023\/06\/MonBailleur-1200x675-1.png","width":1200,"height":675,"caption":"Monbailleur.fr - Emploi"},"image":{"@id":"https:\/\/www.monbailleur.fr\/offres-emploi\/#\/schema\/logo\/image\/"}}]}},"_links":{"self":[{"href":"https:\/\/www.monbailleur.fr\/offres-emploi\/wp-json\/wp\/v2\/job-listings\/34833","targetHints":{"allow":["GET"]}}],"collection":[{"href":"https:\/\/www.monbailleur.fr\/offres-emploi\/wp-json\/wp\/v2\/job-listings"}],"about":[{"href":"https:\/\/www.monbailleur.fr\/offres-emploi\/wp-json\/wp\/v2\/types\/job_listing"}],"wp:featuredmedia":[{"embeddable":true,"href":"https:\/\/www.monbailleur.fr\/offres-emploi\/wp-json\/wp\/v2\/media\/28659"}],"wp:attachment":[{"href":"https:\/\/www.monbailleur.fr\/offres-emploi\/wp-json\/wp\/v2\/media?parent=34833"}],"wp:term":[{"taxonomy":"job_listing_category","embeddable":true,"href":"https:\/\/www.monbailleur.fr\/offres-emploi\/wp-json\/wp\/v2\/job-categories?post=34833"},{"taxonomy":"job_listing_type","embeddable":true,"href":"https:\/\/www.monbailleur.fr\/offres-emploi\/wp-json\/wp\/v2\/job-types?post=34833"}],"curies":[{"name":"wp","href":"https:\/\/api.w.org\/{rel}","templated":true}]}}