{"id":35593,"date":"2026-03-28T07:00:11","date_gmt":"2026-03-28T06:00:11","guid":{"rendered":"https:\/\/www.monbailleur.fr\/offres-emploi\/poste\/charge-de-recouvrement-amiable-et-judiciaire-f-h-h-f"},"modified":"2026-03-28T07:00:11","modified_gmt":"2026-03-28T06:00:11","slug":"charge-de-recouvrement-amiable-et-judiciaire-f-h-h-f","status":"publish","type":"job_listing","link":"https:\/\/www.monbailleur.fr\/offres-emploi\/poste\/charge-de-recouvrement-amiable-et-judiciaire-f-h-h-f","title":{"rendered":"Charg\u00e9 de recouvrement amiable et judiciaire F\/H H\/F"},"content":{"rendered":"<h2>L&rsquo;entreprise:<\/h2>\n<\/p>\n<p>Et si vous rejoignez un organisme social et solidaire, en d\u00e9veloppement permanent ?<\/p>\n<p>Depuis 1969, Hauts-de-Seine Habitat, premier bailleur social du d\u00e9partement, continue \u00e0 innover et \u00e0 d\u00e9velopper des solutions de logement pour tous, en mettant le locataire au c\u0153ur de ses actions.<\/p>\n<p>Rejoindre Hauts-de-Seine Habitat, c&rsquo;est int\u00e9grer un office compos\u00e9 de 850 collaborateurs, tous anim\u00e9s par la fiert\u00e9 de travailler pour une mission de service public, dans un organisme portant des valeurs fortes : le sens du service, le sens des responsabilit\u00e9s, l&rsquo;exemplarit\u00e9 et l&rsquo;esprit d&rsquo;\u00e9quipe.<\/p>\n<p>Nous recherchons des collaborateurs motiv\u00e9s par notre mission d&rsquo;int\u00e9r\u00eat g\u00e9n\u00e9ral, appr\u00e9ciant le travail en transversal, dans l&rsquo;objectif de relever ensemble les d\u00e9fis du logement de demain et atteindre l&rsquo;enti\u00e8re satisfaction de nos locataires.<\/p>\n<h2>Description:<\/h2>\n<\/p>\n<p>Sous la responsabilit\u00e9 hi\u00e9rarchique du Responsable contentieux impay\u00e9, le (la) charg\u00e9(e) de recouvrement amiable et judiciaire, a pour mission principale d\u2019assurer le recouvrement des cr\u00e9ances locatives et assimil\u00e9es (logements, commerces, parkings, foyers, associations,), par la mise en \u0153uvre de proc\u00e9dures amiables et judiciaires adapt\u00e9es, dans le respect de la r\u00e9glementation, des proc\u00e9dures internes et des orientations d\u00e9finies par la Direction.<br \/>Il\/elle contribue activement \u00e0 la pr\u00e9vention des impay\u00e9s, \u00e0 la s\u00e9curisation des recettes de l\u2019Office et \u00e0 la ma\u00eetrise du risque financier.<br \/>Missions permanentes:<br \/>Le (la) gestionnaire recouvrement amiable et judiciaire est responsable du traitement complet des dossiers de recouvrement, depuis la phase amiable jusqu\u2019\u00e0 l\u2019ex\u00e9cution forc\u00e9e, et a notamment pour missions :<br \/>Recouvrement amiable<br \/>Gestion proactive des dossiers d\u2019impay\u00e9s d\u00e8s les premiers incidents de paiement ;<br \/>Analyse de la situation financi\u00e8re du d\u00e9biteur et proposition de solutions adapt\u00e9es ;<br \/>Mise en place et suivi des plans d\u2019apurement ;<br \/>Suivi des dossiers de surendettement ;<br \/>Relances t\u00e9l\u00e9phoniques et \u00e9crites (courriers, mails, SMS) ;<br \/>Accueil t\u00e9l\u00e9phonique, information, conseil et orientation des locataires d\u00e9biteurs ;<br \/>Collaboration avec les conseillers sociaux dans le cadre du traitement social de l\u2019impay\u00e9 (FSL, accompagnement social\u2026) ;<br \/>Suivi des aides financi\u00e8res (CAF, MSA, FSL\u2026) et articulation avec les partenaires sociaux ;<br \/>Recouvrement judiciaire<br \/>Engagement, suivi et ma\u00eetrise des proc\u00e9dures judiciaires de recouvrement (injonction de payer, assignation en paiement, proc\u00e9dure simplifi\u00e9e de recouvrement des petites cr\u00e9ances, voies d\u2019ex\u00e9cution\u2026) ;<br \/>Constitution, pr\u00e9paration et transmission des dossiers aux prestataires juridiques (avocats, commissaires de justice) ;<br \/>Suivi de l\u2019ex\u00e9cution des d\u00e9cisions de justice et des mesures d\u2019ex\u00e9cution forc\u00e9e ;<br \/>Analyse des d\u00e9cisions judiciaires et mise en \u0153uvre op\u00e9rationnelle ;<br \/>Traitement des dossiers de surendettement et de r\u00e9tablissement personnel (Banque de France) ;<br \/>Gestion des recours en garantie ;<br \/>Gestion administrative et financi\u00e8re<br \/>Suivi de la facturation des frais de justice et des honoraires ;<br \/>D\u00e9mat\u00e9rialisation et tenue du dossier de recouvrement ;<br \/>Mise \u00e0 jour des outils m\u00e9tiers et des bases de donn\u00e9es ;<br \/>Tenue et mise \u00e0 jour des tableaux de bord de suivi d\u2019activit\u00e9 (recouvrement, proc\u00e9dures, d\u00e9lais, encaissements\u2026) ;<br \/>Reporting r\u00e9gulier aupr\u00e8s de la hi\u00e9rarchie ;<br \/>Travail partenarial et transversal<br \/>Travail en transversalit\u00e9 avec les directions internes (gestion locative, directions de proximit\u00e9, finances, action sociale\u2026) ;<br \/>Relations r\u00e9guli\u00e8res avec les partenaires institutionnels (CAF, Pr\u00e9fecture, services sociaux, Banque de France, collectivit\u00e9s\u2026) ;<br \/>Participation \u00e0 des r\u00e9unions partenariales ;<br \/>Am\u00e9lioration continue<br \/>Contribution \u00e0 l\u2019optimisation des processus de recouvrement ;<br \/>Proposition d\u2019actions pr\u00e9ventives pour r\u00e9duire les impay\u00e9s ;<\/p>\n<h2>Profil:<\/h2>\n<\/p>\n<p>Dans le cadre de son activit\u00e9, le (la) gestionnaire recouvrement amiable et judiciaire peut \u00eatre amen\u00e9(e) \u00e0 repr\u00e9senter l\u2019Office en justice ou devant des commissions partenariales.<\/p>\n<p>Bac +3 \u00e0 Bac +4 (sp\u00e9cialit\u00e9 professions immobili\u00e8res, droit immobilier, droit priv\u00e9, gestion locative) compl\u00e9t\u00e9 par une premi\u00e8re exp\u00e9rience professionnelle dans le recouvrement amiable et judiciaire ou la gestion des dossiers contentieux.<\/p>\n<p>Comp\u00e9tences techniques<\/p>\n<p>Connaissances de la r\u00e8glementation HLM, plus particuli\u00e8rement, de la proc\u00e9dure civile et des proc\u00e9dures civiles d\u2019ex\u00e9cution<br \/>Ma\u00eetrise de l\u2019environnement du logement social<br \/>Connaissances juridiques en mati\u00e8re de recouvrement amiable et contentieux<br \/>Capacit\u00e9 \u00e0 analyser une d\u00e9cision de justice<br \/>Ma\u00eetrise des outils bureautiques et informatiques<br \/>Capacit\u00e9s r\u00e9dactionnelles<br \/>Ma\u00eetrise des techniques de n\u00e9gociation et de m\u00e9diation<br \/>Comp\u00e9tences comportementales<\/p>\n<p>Rigueur<br \/>Sens de l\u2019organisation<br \/>Aisance relationnelle<br \/>Sens de la n\u00e9gociation<br \/>Discr\u00e9tion et sens de la confidentialit\u00e9<br \/>Sens de la r\u00e9serve<br \/>Disponibilit\u00e9<br \/>\u00c9coute<br \/>Autonomie<br \/>R\u00e9activit\u00e9<br \/>Gestion des conflits<br \/>Esprit d\u2019analyse et de synth\u00e8se<\/p>\n<h3>Niveau de dipl\u00f4me:<\/h3>\n<p> Niveau II &#8211; Bac+3\/4 (licence, ma\u00eetrise,&#8230;)<\/p>\n<h3>Temps de travail<\/h3>\n<p>Temps plein <\/p>\n<h3> Organisme <\/h3>\n<p> <span id=\"ctl00_ctl00_AspMainContent_MainContent_MasterPageSettingsView_ctl03_ctl01_fldEntityDescriptionFormat_lblContentText\"><span id=\"ctl00_MainContent_DescriptionEntityEdit_SubForm1_ctl01_Field1_ctl00_lblEntityFormat\">HAUTS-DE-SEINE HABITAT OPH <\/span><br \/><\/span><\/p>\n","protected":false},"author":0,"featured_media":5636,"template":"","meta":{"_promoted":"","_job_location":"France, Ile-de-France, Hauts-de-Seine (92) Levallois-Perret","_application":"https:\/\/les-hlm-recrutent.talent-soft.com\/offre-de-emploi\/emploi-charge-de-recouvrement-amiable-et-judiciaire-f-h-h-f_68368.aspx?utm_source=monbailleur.fr","_company_name":"HAUTS-DE-SEINE HABITAT OPH","_company_website":"","_company_tagline":"","_company_twitter":"","_company_video":"","_filled":0,"_featured":0,"_remote_position":0,"_job_salary":"","_job_salary_currency":"","_job_salary_unit":""},"job-categories":[78],"job-types":[52],"class_list":{"0":"post-35593","1":"job_listing","2":"type-job_listing","3":"status-publish","4":"has-post-thumbnail","5":"hentry","6":"job_listing_category-autres","7":"job_listing_type-cdd","9":"job-type-cdd"},"yoast_head":"<!-- This site is optimized with the Yoast SEO Premium plugin v22.4 (Yoast SEO v25.1) - https:\/\/yoast.com\/wordpress\/plugins\/seo\/ -->\n<title>Charg\u00e9 de recouvrement amiable et judiciaire F\/H H\/F - Monbailleur.fr - Emploi<\/title>\n<meta name=\"robots\" content=\"noindex, follow\" \/>\n<meta property=\"og:locale\" content=\"fr_FR\" \/>\n<meta property=\"og:type\" content=\"article\" \/>\n<meta property=\"og:title\" content=\"Charg\u00e9 de recouvrement amiable et judiciaire F\/H H\/F\" \/>\n<meta property=\"og:description\" content=\"L&rsquo;entreprise: Et si vous rejoignez un organisme social et solidaire, en d\u00e9veloppement permanent ? Depuis 1969, Hauts-de-Seine Habitat, premier bailleur social du d\u00e9partement, continue \u00e0 innover et \u00e0 d\u00e9velopper des solutions de logement pour tous, en mettant le locataire au c\u0153ur de ses actions. Rejoindre Hauts-de-Seine Habitat, c&rsquo;est int\u00e9grer un office compos\u00e9 de 850 collaborateurs,\" \/>\n<meta property=\"og:url\" content=\"https:\/\/www.monbailleur.fr\/offres-emploi\/poste\/charge-de-recouvrement-amiable-et-judiciaire-f-h-h-f\" \/>\n<meta property=\"og:site_name\" content=\"Monbailleur.fr - Emploi\" \/>\n<meta property=\"og:image\" content=\"https:\/\/www.monbailleur.fr\/offres-emploi\/wp-content\/uploads\/2023\/06\/mon_bailleur_emploi_placeholder.png\" \/>\n\t<meta property=\"og:image:width\" content=\"512\" \/>\n\t<meta property=\"og:image:height\" content=\"512\" \/>\n\t<meta property=\"og:image:type\" content=\"image\/png\" \/>\n<meta name=\"twitter:card\" content=\"summary_large_image\" \/>\n<meta name=\"twitter:label1\" content=\"Dur\u00e9e de lecture estim\u00e9e\" \/>\n\t<meta name=\"twitter:data1\" content=\"4 minutes\" \/>\n<script type=\"application\/ld+json\" class=\"yoast-schema-graph\">{\"@context\":\"https:\/\/schema.org\",\"@graph\":[{\"@type\":\"WebPage\",\"@id\":\"https:\/\/www.monbailleur.fr\/offres-emploi\/poste\/charge-de-recouvrement-amiable-et-judiciaire-f-h-h-f\",\"url\":\"https:\/\/www.monbailleur.fr\/offres-emploi\/poste\/charge-de-recouvrement-amiable-et-judiciaire-f-h-h-f\",\"name\":\"Charg\u00e9 de recouvrement amiable et judiciaire F\/H H\/F - Monbailleur.fr - Emploi\",\"isPartOf\":{\"@id\":\"https:\/\/www.monbailleur.fr\/offres-emploi\/#website\"},\"primaryImageOfPage\":{\"@id\":\"https:\/\/www.monbailleur.fr\/offres-emploi\/poste\/charge-de-recouvrement-amiable-et-judiciaire-f-h-h-f#primaryimage\"},\"image\":{\"@id\":\"https:\/\/www.monbailleur.fr\/offres-emploi\/poste\/charge-de-recouvrement-amiable-et-judiciaire-f-h-h-f#primaryimage\"},\"thumbnailUrl\":\"https:\/\/www.monbailleur.fr\/offres-emploi\/wp-content\/uploads\/2023\/06\/mon_bailleur_emploi_placeholder.png\",\"datePublished\":\"2026-03-28T06:00:11+00:00\",\"breadcrumb\":{\"@id\":\"https:\/\/www.monbailleur.fr\/offres-emploi\/poste\/charge-de-recouvrement-amiable-et-judiciaire-f-h-h-f#breadcrumb\"},\"inLanguage\":\"fr-FR\",\"potentialAction\":[{\"@type\":\"ReadAction\",\"target\":[\"https:\/\/www.monbailleur.fr\/offres-emploi\/poste\/charge-de-recouvrement-amiable-et-judiciaire-f-h-h-f\"]}]},{\"@type\":\"ImageObject\",\"inLanguage\":\"fr-FR\",\"@id\":\"https:\/\/www.monbailleur.fr\/offres-emploi\/poste\/charge-de-recouvrement-amiable-et-judiciaire-f-h-h-f#primaryimage\",\"url\":\"https:\/\/www.monbailleur.fr\/offres-emploi\/wp-content\/uploads\/2023\/06\/mon_bailleur_emploi_placeholder.png\",\"contentUrl\":\"https:\/\/www.monbailleur.fr\/offres-emploi\/wp-content\/uploads\/2023\/06\/mon_bailleur_emploi_placeholder.png\",\"width\":512,\"height\":512},{\"@type\":\"BreadcrumbList\",\"@id\":\"https:\/\/www.monbailleur.fr\/offres-emploi\/poste\/charge-de-recouvrement-amiable-et-judiciaire-f-h-h-f#breadcrumb\",\"itemListElement\":[{\"@type\":\"ListItem\",\"position\":1,\"name\":\"Accueil\",\"item\":\"https:\/\/www.monbailleur.fr\/offres-emploi\/\"},{\"@type\":\"ListItem\",\"position\":2,\"name\":\"offres d\u2019emploi\",\"item\":\"https:\/\/www.monbailleur.fr\/offres-emploi\/job-listings\"},{\"@type\":\"ListItem\",\"position\":3,\"name\":\"Charg\u00e9 de recouvrement amiable et judiciaire F\/H H\/F\"}]},{\"@type\":\"WebSite\",\"@id\":\"https:\/\/www.monbailleur.fr\/offres-emploi\/#website\",\"url\":\"https:\/\/www.monbailleur.fr\/offres-emploi\/\",\"name\":\"Monbailleur.fr - Emploi\",\"description\":\"Les offres d&#039;emploi du logement social\",\"publisher\":{\"@id\":\"https:\/\/www.monbailleur.fr\/offres-emploi\/#organization\"},\"potentialAction\":[{\"@type\":\"SearchAction\",\"target\":{\"@type\":\"EntryPoint\",\"urlTemplate\":\"https:\/\/www.monbailleur.fr\/offres-emploi\/?s={search_term_string}\"},\"query-input\":{\"@type\":\"PropertyValueSpecification\",\"valueRequired\":true,\"valueName\":\"search_term_string\"}}],\"inLanguage\":\"fr-FR\"},{\"@type\":\"Organization\",\"@id\":\"https:\/\/www.monbailleur.fr\/offres-emploi\/#organization\",\"name\":\"Monbailleur.fr - Emploi\",\"url\":\"https:\/\/www.monbailleur.fr\/offres-emploi\/\",\"logo\":{\"@type\":\"ImageObject\",\"inLanguage\":\"fr-FR\",\"@id\":\"https:\/\/www.monbailleur.fr\/offres-emploi\/#\/schema\/logo\/image\/\",\"url\":\"https:\/\/www.monbailleur.fr\/offres-emploi\/wp-content\/uploads\/2023\/06\/MonBailleur-1200x675-1.png\",\"contentUrl\":\"https:\/\/www.monbailleur.fr\/offres-emploi\/wp-content\/uploads\/2023\/06\/MonBailleur-1200x675-1.png\",\"width\":1200,\"height\":675,\"caption\":\"Monbailleur.fr - Emploi\"},\"image\":{\"@id\":\"https:\/\/www.monbailleur.fr\/offres-emploi\/#\/schema\/logo\/image\/\"}}]}<\/script>\n<!-- \/ Yoast SEO Premium plugin. -->","yoast_head_json":{"title":"Charg\u00e9 de recouvrement amiable et judiciaire F\/H H\/F - Monbailleur.fr - Emploi","robots":{"index":"noindex","follow":"follow"},"og_locale":"fr_FR","og_type":"article","og_title":"Charg\u00e9 de recouvrement amiable et judiciaire F\/H H\/F","og_description":"L&rsquo;entreprise: Et si vous rejoignez un organisme social et solidaire, en d\u00e9veloppement permanent ? Depuis 1969, Hauts-de-Seine Habitat, premier bailleur social du d\u00e9partement, continue \u00e0 innover et \u00e0 d\u00e9velopper des solutions de logement pour tous, en mettant le locataire au c\u0153ur de ses actions. Rejoindre Hauts-de-Seine Habitat, c&rsquo;est int\u00e9grer un office compos\u00e9 de 850 collaborateurs,","og_url":"https:\/\/www.monbailleur.fr\/offres-emploi\/poste\/charge-de-recouvrement-amiable-et-judiciaire-f-h-h-f","og_site_name":"Monbailleur.fr - Emploi","og_image":[{"width":512,"height":512,"url":"https:\/\/www.monbailleur.fr\/offres-emploi\/wp-content\/uploads\/2023\/06\/mon_bailleur_emploi_placeholder.png","type":"image\/png"}],"twitter_card":"summary_large_image","twitter_misc":{"Dur\u00e9e de lecture estim\u00e9e":"4 minutes"},"schema":{"@context":"https:\/\/schema.org","@graph":[{"@type":"WebPage","@id":"https:\/\/www.monbailleur.fr\/offres-emploi\/poste\/charge-de-recouvrement-amiable-et-judiciaire-f-h-h-f","url":"https:\/\/www.monbailleur.fr\/offres-emploi\/poste\/charge-de-recouvrement-amiable-et-judiciaire-f-h-h-f","name":"Charg\u00e9 de recouvrement amiable et judiciaire F\/H H\/F - Monbailleur.fr - Emploi","isPartOf":{"@id":"https:\/\/www.monbailleur.fr\/offres-emploi\/#website"},"primaryImageOfPage":{"@id":"https:\/\/www.monbailleur.fr\/offres-emploi\/poste\/charge-de-recouvrement-amiable-et-judiciaire-f-h-h-f#primaryimage"},"image":{"@id":"https:\/\/www.monbailleur.fr\/offres-emploi\/poste\/charge-de-recouvrement-amiable-et-judiciaire-f-h-h-f#primaryimage"},"thumbnailUrl":"https:\/\/www.monbailleur.fr\/offres-emploi\/wp-content\/uploads\/2023\/06\/mon_bailleur_emploi_placeholder.png","datePublished":"2026-03-28T06:00:11+00:00","breadcrumb":{"@id":"https:\/\/www.monbailleur.fr\/offres-emploi\/poste\/charge-de-recouvrement-amiable-et-judiciaire-f-h-h-f#breadcrumb"},"inLanguage":"fr-FR","potentialAction":[{"@type":"ReadAction","target":["https:\/\/www.monbailleur.fr\/offres-emploi\/poste\/charge-de-recouvrement-amiable-et-judiciaire-f-h-h-f"]}]},{"@type":"ImageObject","inLanguage":"fr-FR","@id":"https:\/\/www.monbailleur.fr\/offres-emploi\/poste\/charge-de-recouvrement-amiable-et-judiciaire-f-h-h-f#primaryimage","url":"https:\/\/www.monbailleur.fr\/offres-emploi\/wp-content\/uploads\/2023\/06\/mon_bailleur_emploi_placeholder.png","contentUrl":"https:\/\/www.monbailleur.fr\/offres-emploi\/wp-content\/uploads\/2023\/06\/mon_bailleur_emploi_placeholder.png","width":512,"height":512},{"@type":"BreadcrumbList","@id":"https:\/\/www.monbailleur.fr\/offres-emploi\/poste\/charge-de-recouvrement-amiable-et-judiciaire-f-h-h-f#breadcrumb","itemListElement":[{"@type":"ListItem","position":1,"name":"Accueil","item":"https:\/\/www.monbailleur.fr\/offres-emploi\/"},{"@type":"ListItem","position":2,"name":"offres d\u2019emploi","item":"https:\/\/www.monbailleur.fr\/offres-emploi\/job-listings"},{"@type":"ListItem","position":3,"name":"Charg\u00e9 de recouvrement amiable et judiciaire F\/H H\/F"}]},{"@type":"WebSite","@id":"https:\/\/www.monbailleur.fr\/offres-emploi\/#website","url":"https:\/\/www.monbailleur.fr\/offres-emploi\/","name":"Monbailleur.fr - Emploi","description":"Les offres d&#039;emploi du logement social","publisher":{"@id":"https:\/\/www.monbailleur.fr\/offres-emploi\/#organization"},"potentialAction":[{"@type":"SearchAction","target":{"@type":"EntryPoint","urlTemplate":"https:\/\/www.monbailleur.fr\/offres-emploi\/?s={search_term_string}"},"query-input":{"@type":"PropertyValueSpecification","valueRequired":true,"valueName":"search_term_string"}}],"inLanguage":"fr-FR"},{"@type":"Organization","@id":"https:\/\/www.monbailleur.fr\/offres-emploi\/#organization","name":"Monbailleur.fr - Emploi","url":"https:\/\/www.monbailleur.fr\/offres-emploi\/","logo":{"@type":"ImageObject","inLanguage":"fr-FR","@id":"https:\/\/www.monbailleur.fr\/offres-emploi\/#\/schema\/logo\/image\/","url":"https:\/\/www.monbailleur.fr\/offres-emploi\/wp-content\/uploads\/2023\/06\/MonBailleur-1200x675-1.png","contentUrl":"https:\/\/www.monbailleur.fr\/offres-emploi\/wp-content\/uploads\/2023\/06\/MonBailleur-1200x675-1.png","width":1200,"height":675,"caption":"Monbailleur.fr - Emploi"},"image":{"@id":"https:\/\/www.monbailleur.fr\/offres-emploi\/#\/schema\/logo\/image\/"}}]}},"_links":{"self":[{"href":"https:\/\/www.monbailleur.fr\/offres-emploi\/wp-json\/wp\/v2\/job-listings\/35593","targetHints":{"allow":["GET"]}}],"collection":[{"href":"https:\/\/www.monbailleur.fr\/offres-emploi\/wp-json\/wp\/v2\/job-listings"}],"about":[{"href":"https:\/\/www.monbailleur.fr\/offres-emploi\/wp-json\/wp\/v2\/types\/job_listing"}],"wp:featuredmedia":[{"embeddable":true,"href":"https:\/\/www.monbailleur.fr\/offres-emploi\/wp-json\/wp\/v2\/media\/5636"}],"wp:attachment":[{"href":"https:\/\/www.monbailleur.fr\/offres-emploi\/wp-json\/wp\/v2\/media?parent=35593"}],"wp:term":[{"taxonomy":"job_listing_category","embeddable":true,"href":"https:\/\/www.monbailleur.fr\/offres-emploi\/wp-json\/wp\/v2\/job-categories?post=35593"},{"taxonomy":"job_listing_type","embeddable":true,"href":"https:\/\/www.monbailleur.fr\/offres-emploi\/wp-json\/wp\/v2\/job-types?post=35593"}],"curies":[{"name":"wp","href":"https:\/\/api.w.org\/{rel}","templated":true}]}}