{"id":35597,"date":"2026-03-28T07:00:13","date_gmt":"2026-03-28T06:00:13","guid":{"rendered":"https:\/\/www.monbailleur.fr\/offres-emploi\/poste\/charge-de-gestion-locative-alternant-cdc-habitat-37-h-f-h-f"},"modified":"2026-03-28T07:00:13","modified_gmt":"2026-03-28T06:00:13","slug":"charge-de-gestion-locative-alternant-cdc-habitat-37-h-f-h-f","status":"publish","type":"job_listing","link":"https:\/\/www.monbailleur.fr\/offres-emploi\/poste\/charge-de-gestion-locative-alternant-cdc-habitat-37-h-f-h-f","title":{"rendered":"Charg\u00e9 de Gestion Locative \u2013 ALTERNANT &#8211; CDC Habitat (37) \u2013 H\/F H\/F"},"content":{"rendered":"<h2>L&rsquo;entreprise:<\/h2>\n<p>CDC Habitat, anciennement Groupe SNI, est une filiale de la Caisse des d\u00e9p\u00f4ts et consignations ayant pour mission principale la gestion du patrimoine immobilier public. L&rsquo;entreprise g\u00e8re 348 725 logements. En 2005, le groupe SNI se transforme en op\u00e9rateur immobilier global.<\/p>\n<h2>Description:<\/h2>\n<\/p>\n<p>Une mission d\u2019int\u00e9r\u00eat g\u00e9n\u00e9ral<\/p>\n<p>Nos r\u00e9sidences ne sont pas seulement des logements occup\u00e9s par nos clients locataires, mais de v\u00e9ritables lieux de vie au sein desquels le bien vivre ensemble est essentiel.<br \/> Vous interviendrez aux c\u00f4t\u00e9s de l\u2019\u00e9quipe de proximit\u00e9 de l\u2019agence de Tours Grand Centre.<\/p>\n<p>Sous la responsabilit\u00e9 de votre Responsable de secteur, en tant que Charg\u00e9(e) de Gestion Locative, en alternance, vous assurerez la satisfaction de nos r\u00e9sidents, la p\u00e9rennit\u00e9 du patrimoine et veillerez \u00e0 la s\u00e9curit\u00e9 des biens et des personnes.<\/p>\n<p>En tant que Charg\u00e9(e) de Gestion Locative dans le secteur de l\u2019Habitat, agir concr\u00e8tement pour l\u2019int\u00e9r\u00eat g\u00e9n\u00e9ral\u2026<\/p>\n<p>C\u2019est assurer,<\/p>\n<p>&#8211; Les visites suite \u00e0 pr\u00e9avis de d\u00e9part et r\u00e9aliser les \u00e9tats des lieux,<\/p>\n<p>&#8211; Un suivi r\u00e9actif et qualitatif des demandes et r\u00e9clamations des locataires,<\/p>\n<p>&#8211; La r\u00e9duction des dur\u00e9es de vacance des logements,<\/p>\n<p>&#8211; Les actions de relance des impay\u00e9s sollicit\u00e9es par le p\u00f4le recouvrement.<\/p>\n<p> C\u2019est contribuer,<\/p>\n<p>&#8211; Aux commandes de travaux, en assurer le suivi et la r\u00e9ception,<\/p>\n<p>&#8211; A la d\u00e9claration et aux suivis les sinistres multirisques,<\/p>\n<p>&#8211; A signaler les faits impactant la s\u00e9curit\u00e9 ou la tranquillit\u00e9 des lieux, et initier les mesures n\u00e9cessaires,<\/p>\n<p>&#8211; A d\u00e9tecter et recenser les dysfonctionnements en lien avec le service technique.<\/p>\n<p> C\u2019est collaborer,<\/p>\n<p>&#8211; Avec l\u2019\u00e9quipe de gardiens, votre manager et les diff\u00e9rents services de l\u2019agence<\/p>\n<p> C\u2019est veiller,<\/p>\n<p>&#8211; A la qualit\u00e9 des interventions des prestataires,<\/p>\n<p>&#8211; Au respect des r\u00e8gles de vie commune dans les r\u00e9sidences et alerter en cas de difficult\u00e9,<\/p>\n<p>&#8211; A la satisfaction client en portant une attention quotidienne \u00e0 la qualit\u00e9 des r\u00e9ponses apport\u00e9es,<\/p>\n<p>&#8211; Au bon fonctionnement quotidien des r\u00e9sidences.<\/p>\n<\/p>\n<h2>Profil:<\/h2>\n<\/p>\n<p>Le confort de vie de nos clients locataires d\u00e9pend de notre \u00e9coute et de la prise en compte de leurs besoins. Leur satisfaction passe par notre capacit\u00e9 \u00e0 organiser au quotidien l\u2019entretien des r\u00e9sidences et un dialogue constant.<\/p>\n<p>Cette alternance est faite pour vous :<\/p>\n<p>&#8211; Si vous suivez une formation dans l\u2019immobilier (Bac + 2 \u00e0 5),<\/p>\n<p>&#8211; Vous \u00eates reconnu(e) pour vos qualit\u00e9s relationnelles, votre sens de l\u2019\u00e9coute, votre esprit d\u2019\u00e9quipe et votre polyvalence,<\/p>\n<p>&#8211; Vous avez le sens de l\u2019engagement dans une activit\u00e9 d\u2019int\u00e9r\u00eat g\u00e9n\u00e9ral,<\/p>\n<p>&#8211; Vous aimez travailler en vous appuyant sur des process qui ont fait leurs preuves,<\/p>\n<p>&#8211; Vous \u00eates capable de g\u00e9rer les impr\u00e9vus,<\/p>\n<p>&#8211; Vous avez le gout du contact et prenez \u00e0 c\u0153ur la satisfaction clients,<\/p>\n<p>&#8211; Vous poss\u00e9dez le Permis B,<\/p>\n<p>&#8211; Et si vous avez une bonne dose d\u2019\u00e9nergie !<\/p>\n<\/p>\n<p>Postulez !<\/p>\n<h3>Niveau de dipl\u00f4me:<\/h3>\n<p> BAC+2<\/p>\n<h3>Sp\u00e9cialisations:<\/h3>\n<ul>\n<li>A-GESTION IMMOBILIERE<\/li>\n<li>A-IMMOBILIER<\/li>\n<li>A-PROFESSIONS IMMOBILIERES<\/li>\n<\/ul>\n<h3> Entit\u00e9 de rattachement <\/h3>\n<p> Rejoindre le groupe CDC Habitat, c&rsquo;est int\u00e9grer une entreprise au service de l&rsquo;habitat d&rsquo;int\u00e9r\u00eat public. Un groupe expert des m\u00e9tiers de la gestion locative, de la construction, de la r\u00e9novation de l&rsquo;habitat et de la ville. Un groupe engag\u00e9 pour r\u00e9pondre aux d\u00e9fis actuels. Un op\u00e9rateur global, pr\u00e9sent dans l&rsquo;Hexagone et les Outre-mer, qui offre \u00e0 ses 10 800 collaborateurs un cadre de travail bienveillant et la possibilit\u00e9 d&rsquo;agir concr\u00e8tement. <\/p>\n<p>Vous \u00e9voluerez au sein de la direction interr\u00e9gionale Grand Ouest de CDC Habitat, bas\u00e9e \u00e0 Nantes et organis\u00e9e en r\u00e9seau d&rsquo;agences de gestion locative situ\u00e9es \u00e0 H\u00e9rouville-Saint-Clair, Rouen, Cou\u00e9ron, Le Mans, Tours et Orl\u00e9ans. Nos 400 collaborateurs assurent la gestion et le d\u00e9veloppement d&rsquo;un patrimoine de 36 000 logements sociaux, interm\u00e9diaires et abordables destin\u00e9s aux familles, aux \u00e9tudiants, jeunes actifs, aux personnes \u00e2g\u00e9es et personnes fragilis\u00e9es et\/ou en situation de handicap. <\/p>\n<p>CDC Habitat s&rsquo;engage en faveur de la diversit\u00e9, l&rsquo;\u00e9galit\u00e9 professionnelle, l&#8217;emploi des travailleurs handicap\u00e9s.<\/p>\n<p>Employ\u00e9<\/p>\n","protected":false},"author":0,"featured_media":3651,"template":"","meta":{"_promoted":"","_job_location":"France, Centre-Val-de-Loire, Indre et Loire (37) 12 rue du Docteur Herpin- 37000 TOURS","_application":"https:\/\/emploi.cdc-habitat.com\/offre-de-emploi\/emploi-charge-de-gestion-locative-alternant-cdc-habitat-37-h-f-h-f_11921.aspx?utm_source=monbailleur.fr","_company_name":"CDC Habitat","_company_website":"https:\/\/www.cdc-habitat.fr\/","_company_tagline":"","_company_twitter":"","_company_video":"","_filled":0,"_featured":0,"_remote_position":0,"_job_salary":"","_job_salary_currency":"","_job_salary_unit":""},"job-categories":[78],"job-types":[69],"class_list":{"0":"post-35597","1":"job_listing","2":"type-job_listing","3":"status-publish","4":"has-post-thumbnail","5":"hentry","6":"job_listing_category-autres","7":"job_listing_type-alternance","9":"job-type-alternance"},"yoast_head":"<!-- This site is optimized with the Yoast SEO Premium plugin v22.4 (Yoast SEO v25.1) - https:\/\/yoast.com\/wordpress\/plugins\/seo\/ -->\n<title>Charg\u00e9 de Gestion Locative \u2013 ALTERNANT - CDC Habitat (37) \u2013 H\/F H\/F - Monbailleur.fr - Emploi<\/title>\n<meta name=\"robots\" content=\"noindex, follow\" \/>\n<meta property=\"og:locale\" content=\"fr_FR\" \/>\n<meta property=\"og:type\" content=\"article\" \/>\n<meta property=\"og:title\" content=\"Charg\u00e9 de Gestion Locative \u2013 ALTERNANT - CDC Habitat (37) \u2013 H\/F H\/F\" \/>\n<meta property=\"og:description\" content=\"L&rsquo;entreprise: CDC Habitat, anciennement Groupe SNI, est une filiale de la Caisse des d\u00e9p\u00f4ts et consignations ayant pour mission principale la gestion du patrimoine immobilier public. L&rsquo;entreprise g\u00e8re 348 725 logements. En 2005, le groupe SNI se transforme en op\u00e9rateur immobilier global. Description: Une mission d\u2019int\u00e9r\u00eat g\u00e9n\u00e9ral Nos r\u00e9sidences ne sont pas seulement des logements\" \/>\n<meta property=\"og:url\" content=\"https:\/\/www.monbailleur.fr\/offres-emploi\/poste\/charge-de-gestion-locative-alternant-cdc-habitat-37-h-f-h-f\" \/>\n<meta property=\"og:site_name\" content=\"Monbailleur.fr - Emploi\" \/>\n<meta property=\"og:image\" content=\"https:\/\/www.monbailleur.fr\/offres-emploi\/wp-content\/uploads\/2023\/06\/cdc-habitat.png\" \/>\n\t<meta property=\"og:image:width\" content=\"291\" \/>\n\t<meta property=\"og:image:height\" content=\"73\" \/>\n\t<meta property=\"og:image:type\" content=\"image\/png\" \/>\n<meta name=\"twitter:card\" content=\"summary_large_image\" \/>\n<meta name=\"twitter:label1\" content=\"Dur\u00e9e de lecture estim\u00e9e\" \/>\n\t<meta name=\"twitter:data1\" content=\"4 minutes\" \/>\n<script type=\"application\/ld+json\" class=\"yoast-schema-graph\">{\"@context\":\"https:\/\/schema.org\",\"@graph\":[{\"@type\":\"WebPage\",\"@id\":\"https:\/\/www.monbailleur.fr\/offres-emploi\/poste\/charge-de-gestion-locative-alternant-cdc-habitat-37-h-f-h-f\",\"url\":\"https:\/\/www.monbailleur.fr\/offres-emploi\/poste\/charge-de-gestion-locative-alternant-cdc-habitat-37-h-f-h-f\",\"name\":\"Charg\u00e9 de Gestion Locative \u2013 ALTERNANT - CDC Habitat (37) \u2013 H\/F H\/F - Monbailleur.fr - Emploi\",\"isPartOf\":{\"@id\":\"https:\/\/www.monbailleur.fr\/offres-emploi\/#website\"},\"primaryImageOfPage\":{\"@id\":\"https:\/\/www.monbailleur.fr\/offres-emploi\/poste\/charge-de-gestion-locative-alternant-cdc-habitat-37-h-f-h-f#primaryimage\"},\"image\":{\"@id\":\"https:\/\/www.monbailleur.fr\/offres-emploi\/poste\/charge-de-gestion-locative-alternant-cdc-habitat-37-h-f-h-f#primaryimage\"},\"thumbnailUrl\":\"https:\/\/www.monbailleur.fr\/offres-emploi\/wp-content\/uploads\/2023\/06\/cdc-habitat.png\",\"datePublished\":\"2026-03-28T06:00:13+00:00\",\"breadcrumb\":{\"@id\":\"https:\/\/www.monbailleur.fr\/offres-emploi\/poste\/charge-de-gestion-locative-alternant-cdc-habitat-37-h-f-h-f#breadcrumb\"},\"inLanguage\":\"fr-FR\",\"potentialAction\":[{\"@type\":\"ReadAction\",\"target\":[\"https:\/\/www.monbailleur.fr\/offres-emploi\/poste\/charge-de-gestion-locative-alternant-cdc-habitat-37-h-f-h-f\"]}]},{\"@type\":\"ImageObject\",\"inLanguage\":\"fr-FR\",\"@id\":\"https:\/\/www.monbailleur.fr\/offres-emploi\/poste\/charge-de-gestion-locative-alternant-cdc-habitat-37-h-f-h-f#primaryimage\",\"url\":\"https:\/\/www.monbailleur.fr\/offres-emploi\/wp-content\/uploads\/2023\/06\/cdc-habitat.png\",\"contentUrl\":\"https:\/\/www.monbailleur.fr\/offres-emploi\/wp-content\/uploads\/2023\/06\/cdc-habitat.png\",\"width\":291,\"height\":73},{\"@type\":\"BreadcrumbList\",\"@id\":\"https:\/\/www.monbailleur.fr\/offres-emploi\/poste\/charge-de-gestion-locative-alternant-cdc-habitat-37-h-f-h-f#breadcrumb\",\"itemListElement\":[{\"@type\":\"ListItem\",\"position\":1,\"name\":\"Accueil\",\"item\":\"https:\/\/www.monbailleur.fr\/offres-emploi\/\"},{\"@type\":\"ListItem\",\"position\":2,\"name\":\"offres d\u2019emploi\",\"item\":\"https:\/\/www.monbailleur.fr\/offres-emploi\/job-listings\"},{\"@type\":\"ListItem\",\"position\":3,\"name\":\"Charg\u00e9 de Gestion Locative \u2013 ALTERNANT &#8211; CDC Habitat (37) \u2013 H\/F H\/F\"}]},{\"@type\":\"WebSite\",\"@id\":\"https:\/\/www.monbailleur.fr\/offres-emploi\/#website\",\"url\":\"https:\/\/www.monbailleur.fr\/offres-emploi\/\",\"name\":\"Monbailleur.fr - Emploi\",\"description\":\"Les offres d&#039;emploi du logement social\",\"publisher\":{\"@id\":\"https:\/\/www.monbailleur.fr\/offres-emploi\/#organization\"},\"potentialAction\":[{\"@type\":\"SearchAction\",\"target\":{\"@type\":\"EntryPoint\",\"urlTemplate\":\"https:\/\/www.monbailleur.fr\/offres-emploi\/?s={search_term_string}\"},\"query-input\":{\"@type\":\"PropertyValueSpecification\",\"valueRequired\":true,\"valueName\":\"search_term_string\"}}],\"inLanguage\":\"fr-FR\"},{\"@type\":\"Organization\",\"@id\":\"https:\/\/www.monbailleur.fr\/offres-emploi\/#organization\",\"name\":\"Monbailleur.fr - Emploi\",\"url\":\"https:\/\/www.monbailleur.fr\/offres-emploi\/\",\"logo\":{\"@type\":\"ImageObject\",\"inLanguage\":\"fr-FR\",\"@id\":\"https:\/\/www.monbailleur.fr\/offres-emploi\/#\/schema\/logo\/image\/\",\"url\":\"https:\/\/www.monbailleur.fr\/offres-emploi\/wp-content\/uploads\/2023\/06\/MonBailleur-1200x675-1.png\",\"contentUrl\":\"https:\/\/www.monbailleur.fr\/offres-emploi\/wp-content\/uploads\/2023\/06\/MonBailleur-1200x675-1.png\",\"width\":1200,\"height\":675,\"caption\":\"Monbailleur.fr - Emploi\"},\"image\":{\"@id\":\"https:\/\/www.monbailleur.fr\/offres-emploi\/#\/schema\/logo\/image\/\"}}]}<\/script>\n<!-- \/ Yoast SEO Premium plugin. -->","yoast_head_json":{"title":"Charg\u00e9 de Gestion Locative \u2013 ALTERNANT - CDC Habitat (37) \u2013 H\/F H\/F - Monbailleur.fr - Emploi","robots":{"index":"noindex","follow":"follow"},"og_locale":"fr_FR","og_type":"article","og_title":"Charg\u00e9 de Gestion Locative \u2013 ALTERNANT - CDC Habitat (37) \u2013 H\/F H\/F","og_description":"L&rsquo;entreprise: CDC Habitat, anciennement Groupe SNI, est une filiale de la Caisse des d\u00e9p\u00f4ts et consignations ayant pour mission principale la gestion du patrimoine immobilier public. L&rsquo;entreprise g\u00e8re 348 725 logements. En 2005, le groupe SNI se transforme en op\u00e9rateur immobilier global. Description: Une mission d\u2019int\u00e9r\u00eat g\u00e9n\u00e9ral Nos r\u00e9sidences ne sont pas seulement des logements","og_url":"https:\/\/www.monbailleur.fr\/offres-emploi\/poste\/charge-de-gestion-locative-alternant-cdc-habitat-37-h-f-h-f","og_site_name":"Monbailleur.fr - Emploi","og_image":[{"width":291,"height":73,"url":"https:\/\/www.monbailleur.fr\/offres-emploi\/wp-content\/uploads\/2023\/06\/cdc-habitat.png","type":"image\/png"}],"twitter_card":"summary_large_image","twitter_misc":{"Dur\u00e9e de lecture estim\u00e9e":"4 minutes"},"schema":{"@context":"https:\/\/schema.org","@graph":[{"@type":"WebPage","@id":"https:\/\/www.monbailleur.fr\/offres-emploi\/poste\/charge-de-gestion-locative-alternant-cdc-habitat-37-h-f-h-f","url":"https:\/\/www.monbailleur.fr\/offres-emploi\/poste\/charge-de-gestion-locative-alternant-cdc-habitat-37-h-f-h-f","name":"Charg\u00e9 de Gestion Locative \u2013 ALTERNANT - CDC Habitat (37) \u2013 H\/F H\/F - Monbailleur.fr - Emploi","isPartOf":{"@id":"https:\/\/www.monbailleur.fr\/offres-emploi\/#website"},"primaryImageOfPage":{"@id":"https:\/\/www.monbailleur.fr\/offres-emploi\/poste\/charge-de-gestion-locative-alternant-cdc-habitat-37-h-f-h-f#primaryimage"},"image":{"@id":"https:\/\/www.monbailleur.fr\/offres-emploi\/poste\/charge-de-gestion-locative-alternant-cdc-habitat-37-h-f-h-f#primaryimage"},"thumbnailUrl":"https:\/\/www.monbailleur.fr\/offres-emploi\/wp-content\/uploads\/2023\/06\/cdc-habitat.png","datePublished":"2026-03-28T06:00:13+00:00","breadcrumb":{"@id":"https:\/\/www.monbailleur.fr\/offres-emploi\/poste\/charge-de-gestion-locative-alternant-cdc-habitat-37-h-f-h-f#breadcrumb"},"inLanguage":"fr-FR","potentialAction":[{"@type":"ReadAction","target":["https:\/\/www.monbailleur.fr\/offres-emploi\/poste\/charge-de-gestion-locative-alternant-cdc-habitat-37-h-f-h-f"]}]},{"@type":"ImageObject","inLanguage":"fr-FR","@id":"https:\/\/www.monbailleur.fr\/offres-emploi\/poste\/charge-de-gestion-locative-alternant-cdc-habitat-37-h-f-h-f#primaryimage","url":"https:\/\/www.monbailleur.fr\/offres-emploi\/wp-content\/uploads\/2023\/06\/cdc-habitat.png","contentUrl":"https:\/\/www.monbailleur.fr\/offres-emploi\/wp-content\/uploads\/2023\/06\/cdc-habitat.png","width":291,"height":73},{"@type":"BreadcrumbList","@id":"https:\/\/www.monbailleur.fr\/offres-emploi\/poste\/charge-de-gestion-locative-alternant-cdc-habitat-37-h-f-h-f#breadcrumb","itemListElement":[{"@type":"ListItem","position":1,"name":"Accueil","item":"https:\/\/www.monbailleur.fr\/offres-emploi\/"},{"@type":"ListItem","position":2,"name":"offres d\u2019emploi","item":"https:\/\/www.monbailleur.fr\/offres-emploi\/job-listings"},{"@type":"ListItem","position":3,"name":"Charg\u00e9 de Gestion Locative \u2013 ALTERNANT &#8211; CDC Habitat (37) \u2013 H\/F H\/F"}]},{"@type":"WebSite","@id":"https:\/\/www.monbailleur.fr\/offres-emploi\/#website","url":"https:\/\/www.monbailleur.fr\/offres-emploi\/","name":"Monbailleur.fr - Emploi","description":"Les offres d&#039;emploi du logement social","publisher":{"@id":"https:\/\/www.monbailleur.fr\/offres-emploi\/#organization"},"potentialAction":[{"@type":"SearchAction","target":{"@type":"EntryPoint","urlTemplate":"https:\/\/www.monbailleur.fr\/offres-emploi\/?s={search_term_string}"},"query-input":{"@type":"PropertyValueSpecification","valueRequired":true,"valueName":"search_term_string"}}],"inLanguage":"fr-FR"},{"@type":"Organization","@id":"https:\/\/www.monbailleur.fr\/offres-emploi\/#organization","name":"Monbailleur.fr - Emploi","url":"https:\/\/www.monbailleur.fr\/offres-emploi\/","logo":{"@type":"ImageObject","inLanguage":"fr-FR","@id":"https:\/\/www.monbailleur.fr\/offres-emploi\/#\/schema\/logo\/image\/","url":"https:\/\/www.monbailleur.fr\/offres-emploi\/wp-content\/uploads\/2023\/06\/MonBailleur-1200x675-1.png","contentUrl":"https:\/\/www.monbailleur.fr\/offres-emploi\/wp-content\/uploads\/2023\/06\/MonBailleur-1200x675-1.png","width":1200,"height":675,"caption":"Monbailleur.fr - Emploi"},"image":{"@id":"https:\/\/www.monbailleur.fr\/offres-emploi\/#\/schema\/logo\/image\/"}}]}},"_links":{"self":[{"href":"https:\/\/www.monbailleur.fr\/offres-emploi\/wp-json\/wp\/v2\/job-listings\/35597","targetHints":{"allow":["GET"]}}],"collection":[{"href":"https:\/\/www.monbailleur.fr\/offres-emploi\/wp-json\/wp\/v2\/job-listings"}],"about":[{"href":"https:\/\/www.monbailleur.fr\/offres-emploi\/wp-json\/wp\/v2\/types\/job_listing"}],"wp:featuredmedia":[{"embeddable":true,"href":"https:\/\/www.monbailleur.fr\/offres-emploi\/wp-json\/wp\/v2\/media\/3651"}],"wp:attachment":[{"href":"https:\/\/www.monbailleur.fr\/offres-emploi\/wp-json\/wp\/v2\/media?parent=35597"}],"wp:term":[{"taxonomy":"job_listing_category","embeddable":true,"href":"https:\/\/www.monbailleur.fr\/offres-emploi\/wp-json\/wp\/v2\/job-categories?post=35597"},{"taxonomy":"job_listing_type","embeddable":true,"href":"https:\/\/www.monbailleur.fr\/offres-emploi\/wp-json\/wp\/v2\/job-types?post=35597"}],"curies":[{"name":"wp","href":"https:\/\/api.w.org\/{rel}","templated":true}]}}