{"id":35618,"date":"2026-04-01T08:00:36","date_gmt":"2026-04-01T06:00:36","guid":{"rendered":"https:\/\/www.monbailleur.fr\/offres-emploi\/poste\/developpeur-web-confirme-h-f"},"modified":"2026-04-01T08:00:37","modified_gmt":"2026-04-01T06:00:37","slug":"developpeur-web-confirme-h-f","status":"publish","type":"job_listing","link":"https:\/\/www.monbailleur.fr\/offres-emploi\/poste\/developpeur-web-confirme-h-f","title":{"rendered":"D\u00e9veloppeur Web Confirm\u00e9 H\/F"},"content":{"rendered":"<h2>L&rsquo;entreprise:<\/h2>\n<p>Action Logement Groupe d\u00e9termine les orientations strat\u00e9giques du groupe Action Logement, les conditions d&#8217;emploi des ressources financi\u00e8res, et veille \u00e0 ce que les aides et les services soient distribu\u00e9s avec \u00e9quit\u00e9 entre les personnes \u00e9ligibles, dans tous les territoires.<\/p>\n<h2>Description:<\/h2>\n<\/p>\n<p><strong>Rejoignez la dynamique des \u00e9quipes de Cl\u00e9sence et devenez acteur de la modernisation de l&rsquo;habitat social de demain. C&rsquo;est parce que vous \u00eates unique et engag\u00e9(e) que nous sommes faits pour partager ensemble l&rsquo;aventure CLESENCE.<\/strong><\/p>\n<\/p>\n<p>Au sein de la Direction des Usages Num\u00e9riques et des Syst\u00e8mes d&rsquo;Information, nous recherchons un <strong>D\u00e9veloppeur web confirm\u00e9 H\/F<\/strong> pour concevoir de nouvelles applications et faire \u00e9voluer sur des applications existantes.<\/p>\n<\/p>\n<p><span style=\"text-decoration: underline\">Vos missions sont les suivantes :<\/span><\/p>\n<ul>\n<li>Assurer la maintenance et l&rsquo;\u00e9volution de l&rsquo;extranet Espace Locataires<\/li>\n<li>D\u00e9velopper de nouvelles fonctionnalit\u00e9s en PHP \/ Symfony<\/li>\n<li>Concevoir et int\u00e9grer des API pour les \u00e9changes entre applications<\/li>\n<li>D\u00e9velopper et consommer des web services (REST \/ SOAP)<\/li>\n<li>Interagir avec les bases de donn\u00e9es Oracle<\/li>\n<li>Utiliser des interfaces d&rsquo;administration Sonata Admin \/ EasyAdmin<\/li>\n<li>Participer \u00e0 la gestion des environnements applicatifs via Docker<\/li>\n<li>R\u00e9aliser les tests techniques et contribuer \u00e0 la documentation des d\u00e9veloppements<\/li>\n<li>D\u00e9velopper ponctuellement des scripts d&rsquo;automatisation<\/li>\n<li>Contribuer progressivement \u00e0 la maintenance et au d\u00e9veloppement d&rsquo;applications Power Apps\/Power Automate<\/li>\n<\/ul>\n<h2>Profil:<\/h2>\n<\/p>\n<p><strong><span style=\"text-decoration: underline\">Votre profil :<\/span><\/strong><\/p>\n<ul>\n<li>Vous poss\u00e9dez une exp\u00e9rience \u00e0 minima de 4 ans dans une fonction similaire<\/li>\n<li>Exp\u00e9rience solide en PHP\/Symfony<\/li>\n<li>maitrise des API et int\u00e9grations applicatives<\/li>\n<li>Exp\u00e9riences avec Oracle, web services SOAP et environnements Docker<\/li>\n<li>Capacit\u00e9 \u00e0 intervenir sur des applications existantes et \u00e0 en am\u00e9liorer la qualit\u00e9 technico fonctionnelle<\/li>\n<li>Int\u00e9r\u00eat pour les technologies Microsoft Power Platform<\/li>\n<li>Capacit\u00e9 r\u00e9dactionnelle, d&rsquo;\u00e9coute et de compr\u00e9hension des besoins m\u00e9tiers<\/li>\n<\/ul>\n<p><span style=\"text-decoration: underline\"><strong>Informations compl\u00e9mentaires :<\/strong><\/span><\/p>\n<ul>\n<li>Treizi\u00e8me mois<\/li>\n<li>Prime de vacances<\/li>\n<li>Ch\u00e8ques d\u00e9jeuner<\/li>\n<li>Prime d&rsquo;int\u00e9ressement et Plan \u00e9pargne salarial avec abondement<\/li>\n<li>Mutuelle prise en charge \u00e0 50%<\/li>\n<li>Equilibre vie pro &#8211; vie perso gr\u00e2ce aux horaires flexibles<\/li>\n<li>Pr\u00e9voyance et retraite suppl\u00e9mentaire<\/li>\n<li>Avantages CSE<\/li>\n<\/ul>\n<h3>Niveau de dipl\u00f4me:<\/h3>\n<p> BAC + 3 (Licence, Pr\u00e9pa)<\/p>\n<h3>Sp\u00e9cialisations:<\/h3>\n<p>Informatique \/ Syst\u00e8me Information \/T\u00e9l\u00e9communication<\/p>\n","protected":false},"author":0,"featured_media":3646,"template":"","meta":{"_promoted":"","_job_location":"France, Hauts-de-France Saint-Quentin\/ Compi\u00e8gne","_application":"https:\/\/actionlogement-recrute.talent-soft.com\/offre-de-emploi\/emploi-developpeur-web-confirme-h-f_17212.aspx?utm_source=monbailleur.fr","_company_name":"Action Logement","_company_website":"https:\/\/actionlogement-recrute.talent-soft.com\/","_company_tagline":"","_company_twitter":"","_company_video":"","_filled":0,"_featured":0,"_remote_position":0,"_job_salary":"","_job_salary_currency":"","_job_salary_unit":""},"job-categories":[78],"job-types":[63],"class_list":{"0":"post-35618","1":"job_listing","2":"type-job_listing","3":"status-publish","4":"has-post-thumbnail","5":"hentry","6":"job_listing_category-autres","7":"job_listing_type-cdi","9":"job-type-cdi"},"yoast_head":"<!-- This site is optimized with the Yoast SEO Premium plugin v22.4 (Yoast SEO v25.1) - https:\/\/yoast.com\/wordpress\/plugins\/seo\/ -->\n<title>D\u00e9veloppeur Web Confirm\u00e9 H\/F - Monbailleur.fr - Emploi<\/title>\n<meta name=\"robots\" content=\"noindex, follow\" \/>\n<meta property=\"og:locale\" content=\"fr_FR\" \/>\n<meta property=\"og:type\" content=\"article\" \/>\n<meta property=\"og:title\" content=\"D\u00e9veloppeur Web Confirm\u00e9 H\/F\" \/>\n<meta property=\"og:description\" content=\"L&rsquo;entreprise: Action Logement Groupe d\u00e9termine les orientations strat\u00e9giques du groupe Action Logement, les conditions d&#8217;emploi des ressources financi\u00e8res, et veille \u00e0 ce que les aides et les services soient distribu\u00e9s avec \u00e9quit\u00e9 entre les personnes \u00e9ligibles, dans tous les territoires. Description: Rejoignez la dynamique des \u00e9quipes de Cl\u00e9sence et devenez acteur de la modernisation de\" \/>\n<meta property=\"og:url\" content=\"https:\/\/www.monbailleur.fr\/offres-emploi\/poste\/developpeur-web-confirme-h-f\" \/>\n<meta property=\"og:site_name\" content=\"Monbailleur.fr - Emploi\" \/>\n<meta property=\"article:modified_time\" content=\"2026-04-01T06:00:37+00:00\" \/>\n<meta property=\"og:image\" content=\"https:\/\/www.monbailleur.fr\/offres-emploi\/wp-content\/uploads\/2023\/06\/action-logement.png\" \/>\n\t<meta property=\"og:image:width\" content=\"175\" \/>\n\t<meta property=\"og:image:height\" content=\"200\" \/>\n\t<meta property=\"og:image:type\" content=\"image\/png\" \/>\n<meta name=\"twitter:card\" content=\"summary_large_image\" \/>\n<meta name=\"twitter:label1\" content=\"Dur\u00e9e de lecture estim\u00e9e\" \/>\n\t<meta name=\"twitter:data1\" content=\"2 minutes\" \/>\n<script type=\"application\/ld+json\" class=\"yoast-schema-graph\">{\"@context\":\"https:\/\/schema.org\",\"@graph\":[{\"@type\":\"WebPage\",\"@id\":\"https:\/\/www.monbailleur.fr\/offres-emploi\/poste\/developpeur-web-confirme-h-f\",\"url\":\"https:\/\/www.monbailleur.fr\/offres-emploi\/poste\/developpeur-web-confirme-h-f\",\"name\":\"D\u00e9veloppeur Web Confirm\u00e9 H\/F - Monbailleur.fr - Emploi\",\"isPartOf\":{\"@id\":\"https:\/\/www.monbailleur.fr\/offres-emploi\/#website\"},\"primaryImageOfPage\":{\"@id\":\"https:\/\/www.monbailleur.fr\/offres-emploi\/poste\/developpeur-web-confirme-h-f#primaryimage\"},\"image\":{\"@id\":\"https:\/\/www.monbailleur.fr\/offres-emploi\/poste\/developpeur-web-confirme-h-f#primaryimage\"},\"thumbnailUrl\":\"https:\/\/www.monbailleur.fr\/offres-emploi\/wp-content\/uploads\/2023\/06\/action-logement.png\",\"datePublished\":\"2026-04-01T06:00:36+00:00\",\"dateModified\":\"2026-04-01T06:00:37+00:00\",\"breadcrumb\":{\"@id\":\"https:\/\/www.monbailleur.fr\/offres-emploi\/poste\/developpeur-web-confirme-h-f#breadcrumb\"},\"inLanguage\":\"fr-FR\",\"potentialAction\":[{\"@type\":\"ReadAction\",\"target\":[\"https:\/\/www.monbailleur.fr\/offres-emploi\/poste\/developpeur-web-confirme-h-f\"]}]},{\"@type\":\"ImageObject\",\"inLanguage\":\"fr-FR\",\"@id\":\"https:\/\/www.monbailleur.fr\/offres-emploi\/poste\/developpeur-web-confirme-h-f#primaryimage\",\"url\":\"https:\/\/www.monbailleur.fr\/offres-emploi\/wp-content\/uploads\/2023\/06\/action-logement.png\",\"contentUrl\":\"https:\/\/www.monbailleur.fr\/offres-emploi\/wp-content\/uploads\/2023\/06\/action-logement.png\",\"width\":175,\"height\":200},{\"@type\":\"BreadcrumbList\",\"@id\":\"https:\/\/www.monbailleur.fr\/offres-emploi\/poste\/developpeur-web-confirme-h-f#breadcrumb\",\"itemListElement\":[{\"@type\":\"ListItem\",\"position\":1,\"name\":\"Accueil\",\"item\":\"https:\/\/www.monbailleur.fr\/offres-emploi\/\"},{\"@type\":\"ListItem\",\"position\":2,\"name\":\"offres d\u2019emploi\",\"item\":\"https:\/\/www.monbailleur.fr\/offres-emploi\/job-listings\"},{\"@type\":\"ListItem\",\"position\":3,\"name\":\"D\u00e9veloppeur Web Confirm\u00e9 H\/F\"}]},{\"@type\":\"WebSite\",\"@id\":\"https:\/\/www.monbailleur.fr\/offres-emploi\/#website\",\"url\":\"https:\/\/www.monbailleur.fr\/offres-emploi\/\",\"name\":\"Monbailleur.fr - Emploi\",\"description\":\"Les offres d&#039;emploi du logement social\",\"publisher\":{\"@id\":\"https:\/\/www.monbailleur.fr\/offres-emploi\/#organization\"},\"potentialAction\":[{\"@type\":\"SearchAction\",\"target\":{\"@type\":\"EntryPoint\",\"urlTemplate\":\"https:\/\/www.monbailleur.fr\/offres-emploi\/?s={search_term_string}\"},\"query-input\":{\"@type\":\"PropertyValueSpecification\",\"valueRequired\":true,\"valueName\":\"search_term_string\"}}],\"inLanguage\":\"fr-FR\"},{\"@type\":\"Organization\",\"@id\":\"https:\/\/www.monbailleur.fr\/offres-emploi\/#organization\",\"name\":\"Monbailleur.fr - Emploi\",\"url\":\"https:\/\/www.monbailleur.fr\/offres-emploi\/\",\"logo\":{\"@type\":\"ImageObject\",\"inLanguage\":\"fr-FR\",\"@id\":\"https:\/\/www.monbailleur.fr\/offres-emploi\/#\/schema\/logo\/image\/\",\"url\":\"https:\/\/www.monbailleur.fr\/offres-emploi\/wp-content\/uploads\/2023\/06\/MonBailleur-1200x675-1.png\",\"contentUrl\":\"https:\/\/www.monbailleur.fr\/offres-emploi\/wp-content\/uploads\/2023\/06\/MonBailleur-1200x675-1.png\",\"width\":1200,\"height\":675,\"caption\":\"Monbailleur.fr - Emploi\"},\"image\":{\"@id\":\"https:\/\/www.monbailleur.fr\/offres-emploi\/#\/schema\/logo\/image\/\"}}]}<\/script>\n<!-- \/ Yoast SEO Premium plugin. -->","yoast_head_json":{"title":"D\u00e9veloppeur Web Confirm\u00e9 H\/F - Monbailleur.fr - Emploi","robots":{"index":"noindex","follow":"follow"},"og_locale":"fr_FR","og_type":"article","og_title":"D\u00e9veloppeur Web Confirm\u00e9 H\/F","og_description":"L&rsquo;entreprise: Action Logement Groupe d\u00e9termine les orientations strat\u00e9giques du groupe Action Logement, les conditions d&#8217;emploi des ressources financi\u00e8res, et veille \u00e0 ce que les aides et les services soient distribu\u00e9s avec \u00e9quit\u00e9 entre les personnes \u00e9ligibles, dans tous les territoires. Description: Rejoignez la dynamique des \u00e9quipes de Cl\u00e9sence et devenez acteur de la modernisation de","og_url":"https:\/\/www.monbailleur.fr\/offres-emploi\/poste\/developpeur-web-confirme-h-f","og_site_name":"Monbailleur.fr - Emploi","article_modified_time":"2026-04-01T06:00:37+00:00","og_image":[{"width":175,"height":200,"url":"https:\/\/www.monbailleur.fr\/offres-emploi\/wp-content\/uploads\/2023\/06\/action-logement.png","type":"image\/png"}],"twitter_card":"summary_large_image","twitter_misc":{"Dur\u00e9e de lecture estim\u00e9e":"2 minutes"},"schema":{"@context":"https:\/\/schema.org","@graph":[{"@type":"WebPage","@id":"https:\/\/www.monbailleur.fr\/offres-emploi\/poste\/developpeur-web-confirme-h-f","url":"https:\/\/www.monbailleur.fr\/offres-emploi\/poste\/developpeur-web-confirme-h-f","name":"D\u00e9veloppeur Web Confirm\u00e9 H\/F - Monbailleur.fr - Emploi","isPartOf":{"@id":"https:\/\/www.monbailleur.fr\/offres-emploi\/#website"},"primaryImageOfPage":{"@id":"https:\/\/www.monbailleur.fr\/offres-emploi\/poste\/developpeur-web-confirme-h-f#primaryimage"},"image":{"@id":"https:\/\/www.monbailleur.fr\/offres-emploi\/poste\/developpeur-web-confirme-h-f#primaryimage"},"thumbnailUrl":"https:\/\/www.monbailleur.fr\/offres-emploi\/wp-content\/uploads\/2023\/06\/action-logement.png","datePublished":"2026-04-01T06:00:36+00:00","dateModified":"2026-04-01T06:00:37+00:00","breadcrumb":{"@id":"https:\/\/www.monbailleur.fr\/offres-emploi\/poste\/developpeur-web-confirme-h-f#breadcrumb"},"inLanguage":"fr-FR","potentialAction":[{"@type":"ReadAction","target":["https:\/\/www.monbailleur.fr\/offres-emploi\/poste\/developpeur-web-confirme-h-f"]}]},{"@type":"ImageObject","inLanguage":"fr-FR","@id":"https:\/\/www.monbailleur.fr\/offres-emploi\/poste\/developpeur-web-confirme-h-f#primaryimage","url":"https:\/\/www.monbailleur.fr\/offres-emploi\/wp-content\/uploads\/2023\/06\/action-logement.png","contentUrl":"https:\/\/www.monbailleur.fr\/offres-emploi\/wp-content\/uploads\/2023\/06\/action-logement.png","width":175,"height":200},{"@type":"BreadcrumbList","@id":"https:\/\/www.monbailleur.fr\/offres-emploi\/poste\/developpeur-web-confirme-h-f#breadcrumb","itemListElement":[{"@type":"ListItem","position":1,"name":"Accueil","item":"https:\/\/www.monbailleur.fr\/offres-emploi\/"},{"@type":"ListItem","position":2,"name":"offres d\u2019emploi","item":"https:\/\/www.monbailleur.fr\/offres-emploi\/job-listings"},{"@type":"ListItem","position":3,"name":"D\u00e9veloppeur Web Confirm\u00e9 H\/F"}]},{"@type":"WebSite","@id":"https:\/\/www.monbailleur.fr\/offres-emploi\/#website","url":"https:\/\/www.monbailleur.fr\/offres-emploi\/","name":"Monbailleur.fr - Emploi","description":"Les offres d&#039;emploi du logement social","publisher":{"@id":"https:\/\/www.monbailleur.fr\/offres-emploi\/#organization"},"potentialAction":[{"@type":"SearchAction","target":{"@type":"EntryPoint","urlTemplate":"https:\/\/www.monbailleur.fr\/offres-emploi\/?s={search_term_string}"},"query-input":{"@type":"PropertyValueSpecification","valueRequired":true,"valueName":"search_term_string"}}],"inLanguage":"fr-FR"},{"@type":"Organization","@id":"https:\/\/www.monbailleur.fr\/offres-emploi\/#organization","name":"Monbailleur.fr - Emploi","url":"https:\/\/www.monbailleur.fr\/offres-emploi\/","logo":{"@type":"ImageObject","inLanguage":"fr-FR","@id":"https:\/\/www.monbailleur.fr\/offres-emploi\/#\/schema\/logo\/image\/","url":"https:\/\/www.monbailleur.fr\/offres-emploi\/wp-content\/uploads\/2023\/06\/MonBailleur-1200x675-1.png","contentUrl":"https:\/\/www.monbailleur.fr\/offres-emploi\/wp-content\/uploads\/2023\/06\/MonBailleur-1200x675-1.png","width":1200,"height":675,"caption":"Monbailleur.fr - Emploi"},"image":{"@id":"https:\/\/www.monbailleur.fr\/offres-emploi\/#\/schema\/logo\/image\/"}}]}},"_links":{"self":[{"href":"https:\/\/www.monbailleur.fr\/offres-emploi\/wp-json\/wp\/v2\/job-listings\/35618","targetHints":{"allow":["GET"]}}],"collection":[{"href":"https:\/\/www.monbailleur.fr\/offres-emploi\/wp-json\/wp\/v2\/job-listings"}],"about":[{"href":"https:\/\/www.monbailleur.fr\/offres-emploi\/wp-json\/wp\/v2\/types\/job_listing"}],"wp:featuredmedia":[{"embeddable":true,"href":"https:\/\/www.monbailleur.fr\/offres-emploi\/wp-json\/wp\/v2\/media\/3646"}],"wp:attachment":[{"href":"https:\/\/www.monbailleur.fr\/offres-emploi\/wp-json\/wp\/v2\/media?parent=35618"}],"wp:term":[{"taxonomy":"job_listing_category","embeddable":true,"href":"https:\/\/www.monbailleur.fr\/offres-emploi\/wp-json\/wp\/v2\/job-categories?post=35618"},{"taxonomy":"job_listing_type","embeddable":true,"href":"https:\/\/www.monbailleur.fr\/offres-emploi\/wp-json\/wp\/v2\/job-types?post=35618"}],"curies":[{"name":"wp","href":"https:\/\/api.w.org\/{rel}","templated":true}]}}