{"id":35648,"date":"2026-03-28T07:00:42","date_gmt":"2026-03-28T06:00:42","guid":{"rendered":"https:\/\/www.monbailleur.fr\/offres-emploi\/poste\/manager-de-proximite-logement-social-h-f"},"modified":"2026-03-28T07:00:42","modified_gmt":"2026-03-28T06:00:42","slug":"manager-de-proximite-logement-social-h-f","status":"publish","type":"job_listing","link":"https:\/\/www.monbailleur.fr\/offres-emploi\/poste\/manager-de-proximite-logement-social-h-f","title":{"rendered":"Manager de proximit\u00e9 logement social H\/F"},"content":{"rendered":"<h2>L&rsquo;entreprise:<\/h2>\n<h2>Description:<\/h2>\n<\/p>\n<p>L\u2019agence Porte de l\u2019Ouest situ\u00e9e \u00e0 Oullins Pierre-B\u00e9nite recherche un(e) responsable d&rsquo;\u00e9quipe sectoris\u00e9e\/manager de proximit\u00e9 (H\/F) \u00e0 temps complet en CDI.<\/p>\n<\/p>\n<p>Rattach\u00e9(e) au directeur d&rsquo;agence, vous \u00eates responsable d\u2019une \u00e9quipe pluridisciplinaire avec la gestion de logements et stationnements affect\u00e9e sur un secteur d\u00e9termin\u00e9.<\/p>\n<p>Am\u00e9liorer le service client est votre objectif. Ainsi, vous optimisez la gestion des prestations de proximit\u00e9 de votre secteur et vous conduisez les projets de r\u00e9sidence.<\/p>\n<\/p>\n<p>Votre mission est de piloter la mise en \u0153uvre des activit\u00e9s op\u00e9rationnelles de votre secteur notamment dans le cadre des projets de r\u00e9sidence et dans le respect des objectifs \u00e9conomiques, techniques et de satisfaction du client de l\u2019entreprise, une partie du patrimoine est situ\u00e9e en QPV Quartier Prioritaire de la Ville.<\/p>\n<\/p>\n<p><strong>A ce titre, vos principales responsabilit\u00e9s sont de :<\/strong><\/p>\n<ul>\n<li>Encadrer et motiver une \u00e9quipe de 9 collaborateurs compos\u00e9e de 2 Charg\u00e9s de client\u00e8le , 2 Charg\u00e9s d&rsquo;exploitation maintenance et 5 Agents de r\u00e9sidence.<\/li>\n<li>Animer les r\u00e9unions op\u00e9rationnelles avec des points individuels et collectifs<\/li>\n<li>Pr\u00e9voir, planifier et faire ex\u00e9cuter les activit\u00e9s op\u00e9rationnelles sur son secteur, contr\u00f4ler leur r\u00e9alisation<\/li>\n<li>Faciliter la mise en \u0153uvre des travaux li\u00e9s aux PPRT (Plan de Pr\u00e9vention des Risques Technologiques)<\/li>\n<li>Participer \u00e0 la r\u00e9alisation des r\u00e9habilitations programm\u00e9es<\/li>\n<li>Contribuer \u00e0 l\u2019\u00e9tablissement du PSP (Plan Strat\u00e9gique du Patrimoine)<\/li>\n<li>Intervenir aupr\u00e8s des syndics de copropri\u00e9t\u00e9, participer aux Assembl\u00e9es G\u00e9n\u00e9rales en cas de n\u00e9cessit\u00e9<\/li>\n<li>Partager les informations li\u00e9es \u00e0 son domaine d\u2019activit\u00e9 (sociale, patrimoniale, locatif..) aupr\u00e8s de son \u00e9quipe<\/li>\n<li>Piloter les activit\u00e9s de commercialisation, de recouvrement, de maintenance sur son secteur<\/li>\n<li>Veiller \u00e0 l\u2019am\u00e9lioration de la satisfaction du client et \u00e0 la qualit\u00e9 de vie des r\u00e9sidences<\/li>\n<li>Organiser et \u00e9valuer l\u2019activit\u00e9 de propret\u00e9 sur son secteur et s\u2019assurer d\u2019une continuit\u00e9 du service (suppl\u00e9ance)<\/li>\n<li>Superviser et contr\u00f4ler les engagements r\u00e9alis\u00e9s par les Charg\u00e9s d\u2019Exploitation Maintenance dans le respect des budgets allou\u00e9s<\/li>\n<li>G\u00e9rer les march\u00e9s \u00e0 bons de commande (espaces verts, prestataires propret\u00e9, aires de jeux, etc.)<\/li>\n<li>Entretenir de bonnes relations avec les partenaires locaux et institutionnels en lien avec le directeur d\u2019agence.<\/li>\n<\/ul>\n<h2>Profil:<\/h2>\n<\/p>\n<p>Ce poste s\u2019adresse \u00e0 un(e) candidat dipl\u00f4m\u00e9(e) d\u2019une formation sup\u00e9rieure en gestion immobili\u00e8re, ayant au moins 5 ans d\u2019exp\u00e9riences sur un poste similaire au sein d\u2019un environnement de taille \u00e9quivalente ou dans le logement social.<\/p>\n<p>Vous \u00eates reconnu(e) pour votre fibre manag\u00e9riale et votre capacit\u00e9 \u00e0 f\u00e9d\u00e9rer. Vous savez prendre des d\u00e9cisions et convaincre.<\/p>\n<p>Vous faites preuve d\u2019aptitude pour l\u2019organisation et les responsabilit\u00e9s op\u00e9rationnelles. Vous g\u00e9rez avec rigueur les budgets qui vous sont attribu\u00e9s. Vous \u00eates dot\u00e9(e) d\u2019un fort sens du service client afin de contribuer \u00e0 l\u2019am\u00e9lioration de la satisfaction du client et \u00e0 la qualit\u00e9 de vie des r\u00e9sidences.<\/p>\n<\/p>\n<p>Des d\u00e9placements sont \u00e0 pr\u00e9voir.<\/p>\n<\/p>\n<p><strong>Travailler \u00e0 Lyon M\u00e9tropole Habitat, c&rsquo;est :<\/strong><\/p>\n<ul>\n<li>Int\u00e9grer une entreprise publique avec une mission d&rsquo;int\u00e9r\u00eat g\u00e9n\u00e9ral d\u00e9ploy\u00e9e sur tout le territoire de la m\u00e9tropole de Lyon et engag\u00e9e socialement dans une d\u00e9marche RSE<\/li>\n<li>Travailler dans des \u00e9quipes \u00e0 taille humaine actives et motiv\u00e9es, avec des interlocuteurs et des dossiers tr\u00e8s vari\u00e9s<\/li>\n<li>Avoir la possibilit\u00e9 de t\u00e9l\u00e9 travailler un jour par semaine \u00e0 partir de 6 mois d\u2019anciennet\u00e9 avec dotation de mat\u00e9riel n\u00e9cessaire<\/li>\n<li>Pouvoir disposer d&rsquo;un am\u00e9nagement de son temps de travail (annualisation sur cinq jours, quatre jours et demi, alternativement quatre et cinq jours ou forfait annuel en jours) et six semaines de cong\u00e9s pay\u00e9s<\/li>\n<li>Avoir la possibilit\u00e9 d&rsquo;\u00eatre form\u00e9(e) r\u00e9guli\u00e8rement, comme l&rsquo;ensemble de nos collaborateurs<\/li>\n<li>Structure de r\u00e9mun\u00e9ration : fixe annuel avec treizi\u00e8me mois + int\u00e9ressement + avantages CSE + subvention restaurant + participation mutuelle + indemnit\u00e9 de transport.<\/li>\n<\/ul>\n<h3>Temps de travail<\/h3>\n<p>Temps plein <\/p>\n<h3> Organisme <\/h3>\n<p> <span id=\"ctl00_ctl00_AspMainContent_MainContent_MasterPageSettingsView_ctl03_ctl01_fldEntityDescriptionFormat_lblContentText\"><span id=\"ctl00_MainContent_DescriptionEntityEdit_SubForm1_ctl01_Field1_ctl00_lblEntityFormat\">LYON M\u00c9TROPOLE HABITAT <\/span><br \/><\/span><\/p>\n","protected":false},"author":0,"featured_media":31683,"template":"","meta":{"_promoted":"","_job_location":"France, Auvergne - Rhone-Alpes, Rh\u00f4ne (69) Oullins","_application":"https:\/\/les-hlm-recrutent.talent-soft.com\/offre-de-emploi\/emploi-manager-de-proximite-logement-social-h-f_68342.aspx?utm_source=monbailleur.fr","_company_name":"LYON M\u00c9TROPOLE HABITAT","_company_website":"","_company_tagline":"","_company_twitter":"","_company_video":"","_filled":0,"_featured":0,"_remote_position":0,"_job_salary":"","_job_salary_currency":"","_job_salary_unit":""},"job-categories":[78],"job-types":[63],"class_list":{"0":"post-35648","1":"job_listing","2":"type-job_listing","3":"status-publish","4":"has-post-thumbnail","5":"hentry","6":"job_listing_category-autres","7":"job_listing_type-cdi","9":"job-type-cdi"},"yoast_head":"<!-- This site is optimized with the Yoast SEO Premium plugin v22.4 (Yoast SEO v25.1) - https:\/\/yoast.com\/wordpress\/plugins\/seo\/ -->\n<title>Manager de proximit\u00e9 logement social H\/F - Monbailleur.fr - Emploi<\/title>\n<meta name=\"robots\" content=\"noindex, follow\" \/>\n<meta property=\"og:locale\" content=\"fr_FR\" \/>\n<meta property=\"og:type\" content=\"article\" \/>\n<meta property=\"og:title\" content=\"Manager de proximit\u00e9 logement social H\/F\" \/>\n<meta property=\"og:description\" content=\"L&rsquo;entreprise: Description: L\u2019agence Porte de l\u2019Ouest situ\u00e9e \u00e0 Oullins Pierre-B\u00e9nite recherche un(e) responsable d&rsquo;\u00e9quipe sectoris\u00e9e\/manager de proximit\u00e9 (H\/F) \u00e0 temps complet en CDI. Rattach\u00e9(e) au directeur d&rsquo;agence, vous \u00eates responsable d\u2019une \u00e9quipe pluridisciplinaire avec la gestion de logements et stationnements affect\u00e9e sur un secteur d\u00e9termin\u00e9. Am\u00e9liorer le service client est votre objectif. Ainsi, vous optimisez\" \/>\n<meta property=\"og:url\" content=\"https:\/\/www.monbailleur.fr\/offres-emploi\/poste\/manager-de-proximite-logement-social-h-f\" \/>\n<meta property=\"og:site_name\" content=\"Monbailleur.fr - Emploi\" \/>\n<meta property=\"og:image\" content=\"https:\/\/www.monbailleur.fr\/offres-emploi\/wp-content\/uploads\/2025\/10\/lyon-metropole-habitat.jpg\" \/>\n\t<meta property=\"og:image:width\" content=\"200\" \/>\n\t<meta property=\"og:image:height\" content=\"79\" \/>\n\t<meta property=\"og:image:type\" content=\"image\/jpeg\" \/>\n<meta name=\"twitter:card\" content=\"summary_large_image\" \/>\n<meta name=\"twitter:label1\" content=\"Dur\u00e9e de lecture estim\u00e9e\" \/>\n\t<meta name=\"twitter:data1\" content=\"3 minutes\" \/>\n<script type=\"application\/ld+json\" class=\"yoast-schema-graph\">{\"@context\":\"https:\/\/schema.org\",\"@graph\":[{\"@type\":\"WebPage\",\"@id\":\"https:\/\/www.monbailleur.fr\/offres-emploi\/poste\/manager-de-proximite-logement-social-h-f\",\"url\":\"https:\/\/www.monbailleur.fr\/offres-emploi\/poste\/manager-de-proximite-logement-social-h-f\",\"name\":\"Manager de proximit\u00e9 logement social H\/F - Monbailleur.fr - Emploi\",\"isPartOf\":{\"@id\":\"https:\/\/www.monbailleur.fr\/offres-emploi\/#website\"},\"primaryImageOfPage\":{\"@id\":\"https:\/\/www.monbailleur.fr\/offres-emploi\/poste\/manager-de-proximite-logement-social-h-f#primaryimage\"},\"image\":{\"@id\":\"https:\/\/www.monbailleur.fr\/offres-emploi\/poste\/manager-de-proximite-logement-social-h-f#primaryimage\"},\"thumbnailUrl\":\"https:\/\/www.monbailleur.fr\/offres-emploi\/wp-content\/uploads\/2025\/10\/lyon-metropole-habitat.jpg\",\"datePublished\":\"2026-03-28T06:00:42+00:00\",\"breadcrumb\":{\"@id\":\"https:\/\/www.monbailleur.fr\/offres-emploi\/poste\/manager-de-proximite-logement-social-h-f#breadcrumb\"},\"inLanguage\":\"fr-FR\",\"potentialAction\":[{\"@type\":\"ReadAction\",\"target\":[\"https:\/\/www.monbailleur.fr\/offres-emploi\/poste\/manager-de-proximite-logement-social-h-f\"]}]},{\"@type\":\"ImageObject\",\"inLanguage\":\"fr-FR\",\"@id\":\"https:\/\/www.monbailleur.fr\/offres-emploi\/poste\/manager-de-proximite-logement-social-h-f#primaryimage\",\"url\":\"https:\/\/www.monbailleur.fr\/offres-emploi\/wp-content\/uploads\/2025\/10\/lyon-metropole-habitat.jpg\",\"contentUrl\":\"https:\/\/www.monbailleur.fr\/offres-emploi\/wp-content\/uploads\/2025\/10\/lyon-metropole-habitat.jpg\",\"width\":200,\"height\":79},{\"@type\":\"BreadcrumbList\",\"@id\":\"https:\/\/www.monbailleur.fr\/offres-emploi\/poste\/manager-de-proximite-logement-social-h-f#breadcrumb\",\"itemListElement\":[{\"@type\":\"ListItem\",\"position\":1,\"name\":\"Accueil\",\"item\":\"https:\/\/www.monbailleur.fr\/offres-emploi\/\"},{\"@type\":\"ListItem\",\"position\":2,\"name\":\"offres d\u2019emploi\",\"item\":\"https:\/\/www.monbailleur.fr\/offres-emploi\/job-listings\"},{\"@type\":\"ListItem\",\"position\":3,\"name\":\"Manager de proximit\u00e9 logement social H\/F\"}]},{\"@type\":\"WebSite\",\"@id\":\"https:\/\/www.monbailleur.fr\/offres-emploi\/#website\",\"url\":\"https:\/\/www.monbailleur.fr\/offres-emploi\/\",\"name\":\"Monbailleur.fr - Emploi\",\"description\":\"Les offres d&#039;emploi du logement social\",\"publisher\":{\"@id\":\"https:\/\/www.monbailleur.fr\/offres-emploi\/#organization\"},\"potentialAction\":[{\"@type\":\"SearchAction\",\"target\":{\"@type\":\"EntryPoint\",\"urlTemplate\":\"https:\/\/www.monbailleur.fr\/offres-emploi\/?s={search_term_string}\"},\"query-input\":{\"@type\":\"PropertyValueSpecification\",\"valueRequired\":true,\"valueName\":\"search_term_string\"}}],\"inLanguage\":\"fr-FR\"},{\"@type\":\"Organization\",\"@id\":\"https:\/\/www.monbailleur.fr\/offres-emploi\/#organization\",\"name\":\"Monbailleur.fr - Emploi\",\"url\":\"https:\/\/www.monbailleur.fr\/offres-emploi\/\",\"logo\":{\"@type\":\"ImageObject\",\"inLanguage\":\"fr-FR\",\"@id\":\"https:\/\/www.monbailleur.fr\/offres-emploi\/#\/schema\/logo\/image\/\",\"url\":\"https:\/\/www.monbailleur.fr\/offres-emploi\/wp-content\/uploads\/2023\/06\/MonBailleur-1200x675-1.png\",\"contentUrl\":\"https:\/\/www.monbailleur.fr\/offres-emploi\/wp-content\/uploads\/2023\/06\/MonBailleur-1200x675-1.png\",\"width\":1200,\"height\":675,\"caption\":\"Monbailleur.fr - Emploi\"},\"image\":{\"@id\":\"https:\/\/www.monbailleur.fr\/offres-emploi\/#\/schema\/logo\/image\/\"}}]}<\/script>\n<!-- \/ Yoast SEO Premium plugin. -->","yoast_head_json":{"title":"Manager de proximit\u00e9 logement social H\/F - Monbailleur.fr - Emploi","robots":{"index":"noindex","follow":"follow"},"og_locale":"fr_FR","og_type":"article","og_title":"Manager de proximit\u00e9 logement social H\/F","og_description":"L&rsquo;entreprise: Description: L\u2019agence Porte de l\u2019Ouest situ\u00e9e \u00e0 Oullins Pierre-B\u00e9nite recherche un(e) responsable d&rsquo;\u00e9quipe sectoris\u00e9e\/manager de proximit\u00e9 (H\/F) \u00e0 temps complet en CDI. Rattach\u00e9(e) au directeur d&rsquo;agence, vous \u00eates responsable d\u2019une \u00e9quipe pluridisciplinaire avec la gestion de logements et stationnements affect\u00e9e sur un secteur d\u00e9termin\u00e9. Am\u00e9liorer le service client est votre objectif. Ainsi, vous optimisez","og_url":"https:\/\/www.monbailleur.fr\/offres-emploi\/poste\/manager-de-proximite-logement-social-h-f","og_site_name":"Monbailleur.fr - Emploi","og_image":[{"width":200,"height":79,"url":"https:\/\/www.monbailleur.fr\/offres-emploi\/wp-content\/uploads\/2025\/10\/lyon-metropole-habitat.jpg","type":"image\/jpeg"}],"twitter_card":"summary_large_image","twitter_misc":{"Dur\u00e9e de lecture estim\u00e9e":"3 minutes"},"schema":{"@context":"https:\/\/schema.org","@graph":[{"@type":"WebPage","@id":"https:\/\/www.monbailleur.fr\/offres-emploi\/poste\/manager-de-proximite-logement-social-h-f","url":"https:\/\/www.monbailleur.fr\/offres-emploi\/poste\/manager-de-proximite-logement-social-h-f","name":"Manager de proximit\u00e9 logement social H\/F - Monbailleur.fr - Emploi","isPartOf":{"@id":"https:\/\/www.monbailleur.fr\/offres-emploi\/#website"},"primaryImageOfPage":{"@id":"https:\/\/www.monbailleur.fr\/offres-emploi\/poste\/manager-de-proximite-logement-social-h-f#primaryimage"},"image":{"@id":"https:\/\/www.monbailleur.fr\/offres-emploi\/poste\/manager-de-proximite-logement-social-h-f#primaryimage"},"thumbnailUrl":"https:\/\/www.monbailleur.fr\/offres-emploi\/wp-content\/uploads\/2025\/10\/lyon-metropole-habitat.jpg","datePublished":"2026-03-28T06:00:42+00:00","breadcrumb":{"@id":"https:\/\/www.monbailleur.fr\/offres-emploi\/poste\/manager-de-proximite-logement-social-h-f#breadcrumb"},"inLanguage":"fr-FR","potentialAction":[{"@type":"ReadAction","target":["https:\/\/www.monbailleur.fr\/offres-emploi\/poste\/manager-de-proximite-logement-social-h-f"]}]},{"@type":"ImageObject","inLanguage":"fr-FR","@id":"https:\/\/www.monbailleur.fr\/offres-emploi\/poste\/manager-de-proximite-logement-social-h-f#primaryimage","url":"https:\/\/www.monbailleur.fr\/offres-emploi\/wp-content\/uploads\/2025\/10\/lyon-metropole-habitat.jpg","contentUrl":"https:\/\/www.monbailleur.fr\/offres-emploi\/wp-content\/uploads\/2025\/10\/lyon-metropole-habitat.jpg","width":200,"height":79},{"@type":"BreadcrumbList","@id":"https:\/\/www.monbailleur.fr\/offres-emploi\/poste\/manager-de-proximite-logement-social-h-f#breadcrumb","itemListElement":[{"@type":"ListItem","position":1,"name":"Accueil","item":"https:\/\/www.monbailleur.fr\/offres-emploi\/"},{"@type":"ListItem","position":2,"name":"offres d\u2019emploi","item":"https:\/\/www.monbailleur.fr\/offres-emploi\/job-listings"},{"@type":"ListItem","position":3,"name":"Manager de proximit\u00e9 logement social H\/F"}]},{"@type":"WebSite","@id":"https:\/\/www.monbailleur.fr\/offres-emploi\/#website","url":"https:\/\/www.monbailleur.fr\/offres-emploi\/","name":"Monbailleur.fr - Emploi","description":"Les offres d&#039;emploi du logement social","publisher":{"@id":"https:\/\/www.monbailleur.fr\/offres-emploi\/#organization"},"potentialAction":[{"@type":"SearchAction","target":{"@type":"EntryPoint","urlTemplate":"https:\/\/www.monbailleur.fr\/offres-emploi\/?s={search_term_string}"},"query-input":{"@type":"PropertyValueSpecification","valueRequired":true,"valueName":"search_term_string"}}],"inLanguage":"fr-FR"},{"@type":"Organization","@id":"https:\/\/www.monbailleur.fr\/offres-emploi\/#organization","name":"Monbailleur.fr - Emploi","url":"https:\/\/www.monbailleur.fr\/offres-emploi\/","logo":{"@type":"ImageObject","inLanguage":"fr-FR","@id":"https:\/\/www.monbailleur.fr\/offres-emploi\/#\/schema\/logo\/image\/","url":"https:\/\/www.monbailleur.fr\/offres-emploi\/wp-content\/uploads\/2023\/06\/MonBailleur-1200x675-1.png","contentUrl":"https:\/\/www.monbailleur.fr\/offres-emploi\/wp-content\/uploads\/2023\/06\/MonBailleur-1200x675-1.png","width":1200,"height":675,"caption":"Monbailleur.fr - Emploi"},"image":{"@id":"https:\/\/www.monbailleur.fr\/offres-emploi\/#\/schema\/logo\/image\/"}}]}},"_links":{"self":[{"href":"https:\/\/www.monbailleur.fr\/offres-emploi\/wp-json\/wp\/v2\/job-listings\/35648","targetHints":{"allow":["GET"]}}],"collection":[{"href":"https:\/\/www.monbailleur.fr\/offres-emploi\/wp-json\/wp\/v2\/job-listings"}],"about":[{"href":"https:\/\/www.monbailleur.fr\/offres-emploi\/wp-json\/wp\/v2\/types\/job_listing"}],"wp:featuredmedia":[{"embeddable":true,"href":"https:\/\/www.monbailleur.fr\/offres-emploi\/wp-json\/wp\/v2\/media\/31683"}],"wp:attachment":[{"href":"https:\/\/www.monbailleur.fr\/offres-emploi\/wp-json\/wp\/v2\/media?parent=35648"}],"wp:term":[{"taxonomy":"job_listing_category","embeddable":true,"href":"https:\/\/www.monbailleur.fr\/offres-emploi\/wp-json\/wp\/v2\/job-categories?post=35648"},{"taxonomy":"job_listing_type","embeddable":true,"href":"https:\/\/www.monbailleur.fr\/offres-emploi\/wp-json\/wp\/v2\/job-types?post=35648"}],"curies":[{"name":"wp","href":"https:\/\/api.w.org\/{rel}","templated":true}]}}