{"id":35732,"date":"2026-04-02T08:00:18","date_gmt":"2026-04-02T06:00:18","guid":{"rendered":"https:\/\/www.monbailleur.fr\/offres-emploi\/poste\/charge-de-contentieux-h-f"},"modified":"2026-04-02T08:00:18","modified_gmt":"2026-04-02T06:00:18","slug":"charge-de-contentieux-h-f","status":"publish","type":"job_listing","link":"https:\/\/www.monbailleur.fr\/offres-emploi\/poste\/charge-de-contentieux-h-f","title":{"rendered":"Charg\u00e9 de contentieux H\/F"},"content":{"rendered":"<h2>L&rsquo;entreprise:<\/h2>\n<\/p>\n<p>La Maison Pour Tous, Coop\u00e9rative immobili\u00e8re forte de ses valeurs et en plein d\u00e9veloppement gr\u00e2ce \u00e0 l implication quotidienne de ses 180 collaborateurs.<\/p>\n<p>En tant que Coop\u00e9rative Immobili\u00e8re, La Maison Pour Tous r\u00e9affirme ses valeurs :<\/p>\n<p><strong>AUDACE <\/strong>: oser des actions et les inscrire dans le succ\u00e8s (ex : agence mobile, partenariats &#8230;)<\/p>\n<p><strong>CULTURE CLIENT :<\/strong> rester connect\u00e9 aux r\u00e9alit\u00e9s du terrain. Placer le client au c\u0153ur de nos pr\u00e9occupations. Cr\u00e9er des relations de confiance et mutuellement b\u00e9n\u00e9fiques.<\/p>\n<p><strong>SOLIDARIT\u00c9 :<\/strong> engager des actions dans la bienveillance vis-\u00e0-vis d&rsquo;autrui. Entretenir une assistance mutuelle entre parties prenantes (collaborateurs, locataires, propri\u00e9taires, partenaires&#8230;)<\/p>\n<p><strong>EFFICIENCE :<\/strong> satisfaire nos clients et partenaires en apportant la r\u00e9ponse appropri\u00e9e avec des co\u00fbts ma\u00eetris\u00e9s et des outils adapt\u00e9s. <\/p>\n<h2>Description:<\/h2>\n<\/p>\n<p style=\"text-align: justify\">Une nouvelle opportunit\u00e9 s\u2019ouvre chez nous ! Dans le cadre d\u2019un d\u00e9part \u00e0 la retraite, nous recherchons un<strong> Charg\u00e9 de contentieux (H\/F)<\/strong>.<\/p>\n<p style=\"text-align: justify\">Le Charg\u00e9 de contentieux (H\/F) est l\u2019interlocuteur privil\u00e9gi\u00e9 des d\u00e9biteurs et des partenaires en mati\u00e8re de recouvrement contentieux. Il est garant de la<br \/>qualit\u00e9 des r\u00e9ponses apport\u00e9es en vue d\u2019\u00e9viter la d\u00e9gradation des situations d\u2019impay\u00e9s et met en \u0153uvre les proc\u00e9dures contentieuses jusqu\u2019au solde de la<br \/>dette ou la r\u00e9siliation du bail ou l\u2019expulsion.<\/p>\n<p style=\"text-align: justify\"><strong>Activit\u00e9s :<\/strong><\/p>\n<p style=\"text-align: justify\"><strong>Mise en \u0153uvre des proc\u00e9dures de traitement amiable et judiciaire :<\/strong><\/p>\n<p style=\"text-align: justify\">&#8211; Assurer le suivi mensuel des situations d\u2019impay\u00e9s pour \u00e9viter leur d\u00e9gradation et les solutionner<br \/>&#8211; Mettre en \u0153uvre les relances adapt\u00e9es aupr\u00e8s des d\u00e9biteurs relevant de son portefeuille<br \/>&#8211; Conseiller et orienter les d\u00e9biteurs<br \/>&#8211; Mettre au point et suivre les plans d\u2019apurement<br \/>&#8211; Suivre les dossiers Banque De France et mettre en \u0153uvre les d\u00e9cisions<br \/>&#8211; Proposer un mode de paiement adapt\u00e9 et encaisser les loyers \/ dettes<\/p>\n<p style=\"text-align: justify\"><strong>Engagement des proc\u00e9dures contentieuses :<\/strong><\/p>\n<p style=\"text-align: justify\">&#8211; Argumenter et justifier aupr\u00e8s de son Responsable, la mani\u00e8re de continuer la proc\u00e9dure contentieuse des dossiers les plus lourds<br \/>&#8211; Mettre en place et suivre l\u2019ensemble des actions judiciaires jusqu\u2019\u00e0 l\u2019expulsion<br \/>&#8211; Contr\u00f4ler et mettre en paiement les frais de justice de ses dossiers li\u00e9s aux actes contentieux<\/p>\n<p style=\"text-align: justify\">&#8211; Coordonner ses actions contentieuses avec les partenaires externes<br \/>&#8211; Pr\u00e9parer, constituer et pr\u00e9senter les dossiers contentieux devant les tribunaux, au sein des Commissions de Coordination des Actions de Pr\u00e9vention<br \/>des Expulsions Locatives (CCAPEX) et lors des synth\u00e8ses en Pr\u00e9fecture au moment de la r\u00e9quisition du Concours de la Force Publique<\/p>\n<p style=\"text-align: justify\"><strong>Mise en \u0153uvre des proc\u00e9dures de traitement amiable pour les d\u00e9biteurs partis :<\/strong><br \/>&#8211; Engager les proc\u00e9dures civiles d\u2019ex\u00e9cution en fonction des \u00e9l\u00e9ments \u00e0 sa disposition<\/p>\n<p style=\"text-align: justify\"><strong>Conseiller et former les Charg\u00e9s de client\u00e8le dans leur mission pr\u00e9 contentieux<\/strong><\/p>\n<p style=\"text-align: justify\">\n<p style=\"text-align: justify\"><strong>Connaissances professionnelles sp\u00e9cifiques<\/strong><\/p>\n<p style=\"text-align: justify\"><strong>Comp\u00e9tences cl\u00e9s :<br \/><\/strong>&#8211; \u00catre capable de g\u00e9rer un conflit<br \/>&#8211; Avoir une app\u00e9tence pour le recouvrement des impay\u00e9s locatifs<br \/>&#8211; Maitriser les proc\u00e9dures contentieuses<br \/>&#8211; Connaitre le fonctionnement des partenaires et de l\u2019institution judiciaire<\/p>\n<p style=\"text-align: justify\"><strong><br \/>Aptitudes requises :<br \/><\/strong>&#8211; Capacit\u00e9 \u00e0 prendre du recul<br \/>&#8211; Capacit\u00e9 d\u2019\u00e9coute distanci\u00e9e et empathie<br \/>&#8211; Aisance relationnelle \u00e9crite et orale<br \/>&#8211; Autonomie<br \/>&#8211; Force de proposition et de n\u00e9gociation<br \/>&#8211; Rigueur<\/p>\n<p style=\"text-align: justify\">&#8211; Capacit\u00e9s d\u2019analyse et de diagnostic<br \/>&#8211; Devoir de r\u00e9serve et de confidentialit\u00e9<\/p>\n<h2>Profil:<\/h2>\n<\/p>\n<p style=\"text-align: justify\">Bac + 3 en droit<\/p>\n<p style=\"text-align: justify\">Exp\u00e9rience souhait\u00e9e<\/p>\n<p style=\"text-align: justify\">Le permis B (boite manuelle) est obligatoire, d\u00e9placements \u00e0 pr\u00e9voir dans le cadre des missions \/ formations internes.<\/p>\n<h3>Niveau de dipl\u00f4me:<\/h3>\n<p> Niveau II &#8211; Bac+3\/4 (licence, ma\u00eetrise,&#8230;)<\/p>\n<h3>Temps de travail<\/h3>\n<p>Temps plein <\/p>\n<h3> Organisme <\/h3>\n<p> <span id=\"ctl00_ctl00_AspMainContent_MainContent_MasterPageSettingsView_ctl03_ctl01_fldEntityDescriptionFormat_lblContentText\"><span id=\"ctl00_MainContent_DescriptionEntityEdit_SubForm1_ctl01_Field1_ctl00_lblEntityFormat\">LA MAISON POUR TOUS <\/span><br \/><\/span><\/p>\n","protected":false},"author":0,"featured_media":3725,"template":"","meta":{"_promoted":"","_job_location":"France, Bourgogne - Franche-Comt\u00e9, Jura (39) 7E RUE LEON ET CECILE MATHY 39570 MONTMOROT","_application":"https:\/\/les-hlm-recrutent.talent-soft.com\/offre-de-emploi\/emploi-charge-de-contentieux-h-f_68407.aspx?utm_source=monbailleur.fr","_company_name":"LA MAISON POUR TOUS","_company_website":"","_company_tagline":"","_company_twitter":"","_company_video":"","_filled":0,"_featured":0,"_remote_position":0,"_job_salary":"","_job_salary_currency":"","_job_salary_unit":""},"job-categories":[78],"job-types":[63],"class_list":{"0":"post-35732","1":"job_listing","2":"type-job_listing","3":"status-publish","4":"has-post-thumbnail","5":"hentry","6":"job_listing_category-autres","7":"job_listing_type-cdi","9":"job-type-cdi"},"yoast_head":"<!-- This site is optimized with the Yoast SEO Premium plugin v22.4 (Yoast SEO v25.1) - https:\/\/yoast.com\/wordpress\/plugins\/seo\/ -->\n<title>Charg\u00e9 de contentieux H\/F - Monbailleur.fr - Emploi<\/title>\n<meta name=\"robots\" content=\"noindex, follow\" \/>\n<meta property=\"og:locale\" content=\"fr_FR\" \/>\n<meta property=\"og:type\" content=\"article\" \/>\n<meta property=\"og:title\" content=\"Charg\u00e9 de contentieux H\/F\" \/>\n<meta property=\"og:description\" content=\"L&rsquo;entreprise: La Maison Pour Tous, Coop\u00e9rative immobili\u00e8re forte de ses valeurs et en plein d\u00e9veloppement gr\u00e2ce \u00e0 l implication quotidienne de ses 180 collaborateurs. En tant que Coop\u00e9rative Immobili\u00e8re, La Maison Pour Tous r\u00e9affirme ses valeurs : AUDACE : oser des actions et les inscrire dans le succ\u00e8s (ex : agence mobile, partenariats &#8230;) CULTURE\" \/>\n<meta property=\"og:url\" content=\"https:\/\/www.monbailleur.fr\/offres-emploi\/poste\/charge-de-contentieux-h-f\" \/>\n<meta property=\"og:site_name\" content=\"Monbailleur.fr - Emploi\" \/>\n<meta property=\"og:image\" content=\"https:\/\/www.monbailleur.fr\/offres-emploi\/wp-content\/uploads\/2023\/06\/la-maison-pour-tous.png\" \/>\n\t<meta property=\"og:image:width\" content=\"200\" \/>\n\t<meta property=\"og:image:height\" content=\"141\" \/>\n\t<meta property=\"og:image:type\" content=\"image\/png\" \/>\n<meta name=\"twitter:card\" content=\"summary_large_image\" \/>\n<meta name=\"twitter:label1\" content=\"Dur\u00e9e de lecture estim\u00e9e\" \/>\n\t<meta name=\"twitter:data1\" content=\"3 minutes\" \/>\n<script type=\"application\/ld+json\" class=\"yoast-schema-graph\">{\"@context\":\"https:\/\/schema.org\",\"@graph\":[{\"@type\":\"WebPage\",\"@id\":\"https:\/\/www.monbailleur.fr\/offres-emploi\/poste\/charge-de-contentieux-h-f\",\"url\":\"https:\/\/www.monbailleur.fr\/offres-emploi\/poste\/charge-de-contentieux-h-f\",\"name\":\"Charg\u00e9 de contentieux H\/F - Monbailleur.fr - Emploi\",\"isPartOf\":{\"@id\":\"https:\/\/www.monbailleur.fr\/offres-emploi\/#website\"},\"primaryImageOfPage\":{\"@id\":\"https:\/\/www.monbailleur.fr\/offres-emploi\/poste\/charge-de-contentieux-h-f#primaryimage\"},\"image\":{\"@id\":\"https:\/\/www.monbailleur.fr\/offres-emploi\/poste\/charge-de-contentieux-h-f#primaryimage\"},\"thumbnailUrl\":\"https:\/\/www.monbailleur.fr\/offres-emploi\/wp-content\/uploads\/2023\/06\/la-maison-pour-tous.png\",\"datePublished\":\"2026-04-02T06:00:18+00:00\",\"breadcrumb\":{\"@id\":\"https:\/\/www.monbailleur.fr\/offres-emploi\/poste\/charge-de-contentieux-h-f#breadcrumb\"},\"inLanguage\":\"fr-FR\",\"potentialAction\":[{\"@type\":\"ReadAction\",\"target\":[\"https:\/\/www.monbailleur.fr\/offres-emploi\/poste\/charge-de-contentieux-h-f\"]}]},{\"@type\":\"ImageObject\",\"inLanguage\":\"fr-FR\",\"@id\":\"https:\/\/www.monbailleur.fr\/offres-emploi\/poste\/charge-de-contentieux-h-f#primaryimage\",\"url\":\"https:\/\/www.monbailleur.fr\/offres-emploi\/wp-content\/uploads\/2023\/06\/la-maison-pour-tous.png\",\"contentUrl\":\"https:\/\/www.monbailleur.fr\/offres-emploi\/wp-content\/uploads\/2023\/06\/la-maison-pour-tous.png\",\"width\":200,\"height\":141},{\"@type\":\"BreadcrumbList\",\"@id\":\"https:\/\/www.monbailleur.fr\/offres-emploi\/poste\/charge-de-contentieux-h-f#breadcrumb\",\"itemListElement\":[{\"@type\":\"ListItem\",\"position\":1,\"name\":\"Accueil\",\"item\":\"https:\/\/www.monbailleur.fr\/offres-emploi\/\"},{\"@type\":\"ListItem\",\"position\":2,\"name\":\"offres d\u2019emploi\",\"item\":\"https:\/\/www.monbailleur.fr\/offres-emploi\/job-listings\"},{\"@type\":\"ListItem\",\"position\":3,\"name\":\"Charg\u00e9 de contentieux H\/F\"}]},{\"@type\":\"WebSite\",\"@id\":\"https:\/\/www.monbailleur.fr\/offres-emploi\/#website\",\"url\":\"https:\/\/www.monbailleur.fr\/offres-emploi\/\",\"name\":\"Monbailleur.fr - Emploi\",\"description\":\"Les offres d&#039;emploi du logement social\",\"publisher\":{\"@id\":\"https:\/\/www.monbailleur.fr\/offres-emploi\/#organization\"},\"potentialAction\":[{\"@type\":\"SearchAction\",\"target\":{\"@type\":\"EntryPoint\",\"urlTemplate\":\"https:\/\/www.monbailleur.fr\/offres-emploi\/?s={search_term_string}\"},\"query-input\":{\"@type\":\"PropertyValueSpecification\",\"valueRequired\":true,\"valueName\":\"search_term_string\"}}],\"inLanguage\":\"fr-FR\"},{\"@type\":\"Organization\",\"@id\":\"https:\/\/www.monbailleur.fr\/offres-emploi\/#organization\",\"name\":\"Monbailleur.fr - Emploi\",\"url\":\"https:\/\/www.monbailleur.fr\/offres-emploi\/\",\"logo\":{\"@type\":\"ImageObject\",\"inLanguage\":\"fr-FR\",\"@id\":\"https:\/\/www.monbailleur.fr\/offres-emploi\/#\/schema\/logo\/image\/\",\"url\":\"https:\/\/www.monbailleur.fr\/offres-emploi\/wp-content\/uploads\/2023\/06\/MonBailleur-1200x675-1.png\",\"contentUrl\":\"https:\/\/www.monbailleur.fr\/offres-emploi\/wp-content\/uploads\/2023\/06\/MonBailleur-1200x675-1.png\",\"width\":1200,\"height\":675,\"caption\":\"Monbailleur.fr - Emploi\"},\"image\":{\"@id\":\"https:\/\/www.monbailleur.fr\/offres-emploi\/#\/schema\/logo\/image\/\"}}]}<\/script>\n<!-- \/ Yoast SEO Premium plugin. -->","yoast_head_json":{"title":"Charg\u00e9 de contentieux H\/F - Monbailleur.fr - Emploi","robots":{"index":"noindex","follow":"follow"},"og_locale":"fr_FR","og_type":"article","og_title":"Charg\u00e9 de contentieux H\/F","og_description":"L&rsquo;entreprise: La Maison Pour Tous, Coop\u00e9rative immobili\u00e8re forte de ses valeurs et en plein d\u00e9veloppement gr\u00e2ce \u00e0 l implication quotidienne de ses 180 collaborateurs. En tant que Coop\u00e9rative Immobili\u00e8re, La Maison Pour Tous r\u00e9affirme ses valeurs : AUDACE : oser des actions et les inscrire dans le succ\u00e8s (ex : agence mobile, partenariats &#8230;) CULTURE","og_url":"https:\/\/www.monbailleur.fr\/offres-emploi\/poste\/charge-de-contentieux-h-f","og_site_name":"Monbailleur.fr - Emploi","og_image":[{"width":200,"height":141,"url":"https:\/\/www.monbailleur.fr\/offres-emploi\/wp-content\/uploads\/2023\/06\/la-maison-pour-tous.png","type":"image\/png"}],"twitter_card":"summary_large_image","twitter_misc":{"Dur\u00e9e de lecture estim\u00e9e":"3 minutes"},"schema":{"@context":"https:\/\/schema.org","@graph":[{"@type":"WebPage","@id":"https:\/\/www.monbailleur.fr\/offres-emploi\/poste\/charge-de-contentieux-h-f","url":"https:\/\/www.monbailleur.fr\/offres-emploi\/poste\/charge-de-contentieux-h-f","name":"Charg\u00e9 de contentieux H\/F - Monbailleur.fr - Emploi","isPartOf":{"@id":"https:\/\/www.monbailleur.fr\/offres-emploi\/#website"},"primaryImageOfPage":{"@id":"https:\/\/www.monbailleur.fr\/offres-emploi\/poste\/charge-de-contentieux-h-f#primaryimage"},"image":{"@id":"https:\/\/www.monbailleur.fr\/offres-emploi\/poste\/charge-de-contentieux-h-f#primaryimage"},"thumbnailUrl":"https:\/\/www.monbailleur.fr\/offres-emploi\/wp-content\/uploads\/2023\/06\/la-maison-pour-tous.png","datePublished":"2026-04-02T06:00:18+00:00","breadcrumb":{"@id":"https:\/\/www.monbailleur.fr\/offres-emploi\/poste\/charge-de-contentieux-h-f#breadcrumb"},"inLanguage":"fr-FR","potentialAction":[{"@type":"ReadAction","target":["https:\/\/www.monbailleur.fr\/offres-emploi\/poste\/charge-de-contentieux-h-f"]}]},{"@type":"ImageObject","inLanguage":"fr-FR","@id":"https:\/\/www.monbailleur.fr\/offres-emploi\/poste\/charge-de-contentieux-h-f#primaryimage","url":"https:\/\/www.monbailleur.fr\/offres-emploi\/wp-content\/uploads\/2023\/06\/la-maison-pour-tous.png","contentUrl":"https:\/\/www.monbailleur.fr\/offres-emploi\/wp-content\/uploads\/2023\/06\/la-maison-pour-tous.png","width":200,"height":141},{"@type":"BreadcrumbList","@id":"https:\/\/www.monbailleur.fr\/offres-emploi\/poste\/charge-de-contentieux-h-f#breadcrumb","itemListElement":[{"@type":"ListItem","position":1,"name":"Accueil","item":"https:\/\/www.monbailleur.fr\/offres-emploi\/"},{"@type":"ListItem","position":2,"name":"offres d\u2019emploi","item":"https:\/\/www.monbailleur.fr\/offres-emploi\/job-listings"},{"@type":"ListItem","position":3,"name":"Charg\u00e9 de contentieux H\/F"}]},{"@type":"WebSite","@id":"https:\/\/www.monbailleur.fr\/offres-emploi\/#website","url":"https:\/\/www.monbailleur.fr\/offres-emploi\/","name":"Monbailleur.fr - Emploi","description":"Les offres d&#039;emploi du logement social","publisher":{"@id":"https:\/\/www.monbailleur.fr\/offres-emploi\/#organization"},"potentialAction":[{"@type":"SearchAction","target":{"@type":"EntryPoint","urlTemplate":"https:\/\/www.monbailleur.fr\/offres-emploi\/?s={search_term_string}"},"query-input":{"@type":"PropertyValueSpecification","valueRequired":true,"valueName":"search_term_string"}}],"inLanguage":"fr-FR"},{"@type":"Organization","@id":"https:\/\/www.monbailleur.fr\/offres-emploi\/#organization","name":"Monbailleur.fr - Emploi","url":"https:\/\/www.monbailleur.fr\/offres-emploi\/","logo":{"@type":"ImageObject","inLanguage":"fr-FR","@id":"https:\/\/www.monbailleur.fr\/offres-emploi\/#\/schema\/logo\/image\/","url":"https:\/\/www.monbailleur.fr\/offres-emploi\/wp-content\/uploads\/2023\/06\/MonBailleur-1200x675-1.png","contentUrl":"https:\/\/www.monbailleur.fr\/offres-emploi\/wp-content\/uploads\/2023\/06\/MonBailleur-1200x675-1.png","width":1200,"height":675,"caption":"Monbailleur.fr - Emploi"},"image":{"@id":"https:\/\/www.monbailleur.fr\/offres-emploi\/#\/schema\/logo\/image\/"}}]}},"_links":{"self":[{"href":"https:\/\/www.monbailleur.fr\/offres-emploi\/wp-json\/wp\/v2\/job-listings\/35732","targetHints":{"allow":["GET"]}}],"collection":[{"href":"https:\/\/www.monbailleur.fr\/offres-emploi\/wp-json\/wp\/v2\/job-listings"}],"about":[{"href":"https:\/\/www.monbailleur.fr\/offres-emploi\/wp-json\/wp\/v2\/types\/job_listing"}],"wp:featuredmedia":[{"embeddable":true,"href":"https:\/\/www.monbailleur.fr\/offres-emploi\/wp-json\/wp\/v2\/media\/3725"}],"wp:attachment":[{"href":"https:\/\/www.monbailleur.fr\/offres-emploi\/wp-json\/wp\/v2\/media?parent=35732"}],"wp:term":[{"taxonomy":"job_listing_category","embeddable":true,"href":"https:\/\/www.monbailleur.fr\/offres-emploi\/wp-json\/wp\/v2\/job-categories?post=35732"},{"taxonomy":"job_listing_type","embeddable":true,"href":"https:\/\/www.monbailleur.fr\/offres-emploi\/wp-json\/wp\/v2\/job-types?post=35732"}],"curies":[{"name":"wp","href":"https:\/\/api.w.org\/{rel}","templated":true}]}}