{"id":35964,"date":"2026-04-10T08:00:30","date_gmt":"2026-04-10T06:00:30","guid":{"rendered":"https:\/\/www.monbailleur.fr\/offres-emploi\/poste\/charge-gestion-locative-et-comm-alt-cdc-habitat-44-h-f"},"modified":"2026-04-10T08:00:30","modified_gmt":"2026-04-10T06:00:30","slug":"charge-gestion-locative-et-comm-alt-cdc-habitat-44-h-f","status":"publish","type":"job_listing","link":"https:\/\/www.monbailleur.fr\/offres-emploi\/poste\/charge-gestion-locative-et-comm-alt-cdc-habitat-44-h-f","title":{"rendered":"Charg\u00e9 Gestion Locative et Comm &#8211; ALT &#8211; CDC Habitat (44)- H\/F"},"content":{"rendered":"<h2>L&rsquo;entreprise:<\/h2>\n<\/p>\n<p>Rejoindre le groupe CDC Habitat, c&rsquo;est int\u00e9grer une entreprise au service de l&rsquo;habitat d&rsquo;int\u00e9r\u00eat public. Un groupe expert des m\u00e9tiers de la gestion locative, de la construction, de la r\u00e9novation de l&rsquo;habitat et de la ville. Un groupe engag\u00e9 pour r\u00e9pondre aux d\u00e9fis actuels. Un op\u00e9rateur global, pr\u00e9sent dans l&rsquo;Hexagone et les Outre-mer, qui offre \u00e0 ses 10 800 collaborateurs un cadre de travail bienveillant et la possibilit\u00e9 d&rsquo;agir concr\u00e8tement.<\/p>\n<p>Vous \u00e9voluerez au sein de la direction interr\u00e9gionale Grand Ouest de CDC Habitat, bas\u00e9e \u00e0 Nantes et organis\u00e9e en r\u00e9seau d&rsquo;agences de gestion locative situ\u00e9es \u00e0 H\u00e9rouville-Saint-Clair, Rouen, Cou\u00e9ron, Le Mans, Tours et Orl\u00e9ans. Nos 400 collaborateurs assurent la gestion et le d\u00e9veloppement d&rsquo;un patrimoine de 36 000 logements sociaux, interm\u00e9diaires et abordables destin\u00e9s aux familles, aux \u00e9tudiants, jeunes actifs, aux personnes \u00e2g\u00e9es et personnes fragilis\u00e9es et\/ou en situation de handicap.<\/p>\n<p>CDC Habitat s&rsquo;engage en faveur de la diversit\u00e9, l&rsquo;\u00e9galit\u00e9 professionnelle, l&#8217;emploi des travailleurs handicap\u00e9s.<\/p>\n<h2>Description:<\/h2>\n<\/p>\n<p>Une mission d&rsquo;int\u00e9r\u00eat g\u00e9n\u00e9ral<\/p>\n<p>Nos r\u00e9sidences ne sont pas seulement des logements occup\u00e9s par nos clients locataires, mais de v\u00e9ritables lieux de vie au sein desquels le bien vivre ensemble est essentiel.<\/p>\n<p>Sous la responsabilit\u00e9 de la Responsable de Gestion Locative et Client\u00e8le, vous interviendrez au sein de l&rsquo;\u00e9quipe dynamique et engag\u00e9e de gestion locative de l&rsquo;agence Nantes Loire en tant que Charg\u00e9(e) de Gestion Locative et Commerciale en alternance. Vous assurez la location de nos logements dans le respect de la politique d&rsquo;attribution du Groupe en veillant \u00e0 la satisfaction des locataires.<\/p>\n<p>En tant que Charg\u00e9(e) de Gestion Locative et Commerciale dans le secteur de l&rsquo;Habitat, agir concr\u00e8tement pour l&rsquo;int\u00e9r\u00eat g\u00e9n\u00e9ral\u2026<\/p>\n<p>C&rsquo;est assurer la location des logements,<br \/>&#8211; Rechercher les candidats pour garantir une optimisation du taux de remplissage du parc, en limitant le risque d&rsquo;impay\u00e9s<br \/>&#8211; Instruire les dossiers de candidature (\u00e9tudier et qualifier les dossiers)<br \/>&#8211; Assurer la relation commerciale aupr\u00e8s des partenaires et des candidats<br \/>&#8211; G\u00e9rer l&rsquo;\u00e9volution du parcours r\u00e9sidentiel des locataires<\/p>\n<p>C&rsquo;est assurer la gestion administrative li\u00e9e \u00e0 la vie du bail,<br \/>&#8211; Pr\u00e9parer les baux et avenants, veiller \u00e0 leur signature<br \/>&#8211; Traiter les demandes administratives et r\u00e9clamations li\u00e9es \u00e0 la vie du bail<br \/>&#8211; Assurer la mise \u00e0 jour et la fiabilit\u00e9 de la base de donn\u00e9es client<\/p>\n<\/p>\n<h2>Profil:<\/h2>\n<\/p>\n<p>Si vous aussi, vous partagez cette id\u00e9e de notre m\u00e9tier, avec en plus :<br \/>&#8211; Si vous suivez une formation dans l&rsquo;immobilier (Bac + 2 \u00e0 5),<br \/>&#8211; Vous \u00eates reconnu(e) pour vos qualit\u00e9s relationnelles, votre sens de l&rsquo;\u00e9coute, votre esprit d&rsquo;\u00e9quipe et votre polyvalence,<br \/>&#8211; Vous avez le sens de l&rsquo;engagement dans une activit\u00e9 d&rsquo;int\u00e9r\u00eat g\u00e9n\u00e9ral,<br \/>&#8211; Vous aimez travailler en vous appuyant sur des process qui ont fait leurs preuves,<br \/>&#8211; Vous \u00eates capable de g\u00e9rer les impr\u00e9vus,<br \/>&#8211; Vous avez le gout du contact et prenez \u00e0 coeur la satisfaction clients,<br \/>&#8211; Vous poss\u00e9dez le Permis B,<\/p>\n<p>Rejoindre CDC Habitat,<\/p>\n<p>C&rsquo;est b\u00e9n\u00e9ficier d&rsquo;avantages :<br \/>. Temps de travail 35 h\/semaine, 3 RTT offerts\/an, 29 CP\/an et 5 jours de r\u00e9vision<br \/>. 13 mois de salaire et primes<br \/>. Participation aux frais de transport<br \/>. Titres-restaurant<br \/>. Mutuelle familiale et pr\u00e9voyance<br \/>. Prestations CSE<br \/>. T\u00e9l\u00e9travail possible (forfait de 17 jours\/an)<\/p>\n<p>Dans le cadre du processus de recrutement,<br \/>&#8211; lors d&rsquo;un 1er entretien, vous rencontrerez la Charg\u00e9e de missions RH ainsi que la Responsable Gestion locative et client\u00e8le.<br \/>&#8211; Un 2nd entretien sera potentiellement organis\u00e9.<\/p>\n<p>Travailler pour le groupe CDC Habitat, c&rsquo;est une belle entreprise !<\/p>\n<h3>Temps de travail<\/h3>\n<p>Temps plein <\/p>\n<h3> Organisme <\/h3>\n<p> <span id=\"ctl00_ctl00_AspMainContent_MainContent_MasterPageSettingsView_ctl03_ctl01_fldEntityDescriptionFormat_lblContentText\"><span id=\"ctl00_MainContent_DescriptionEntityEdit_SubForm1_ctl01_Field1_ctl00_lblEntityFormat\">CDC HABITAT <\/span><br \/><\/span><\/p>\n","protected":false},"author":0,"featured_media":5636,"template":"","meta":{"_promoted":"","_job_location":"France, Pays de Loire, Loire Atlantique (44) 1 boulevard de la liberation - Coueron","_application":"https:\/\/les-hlm-recrutent.talent-soft.com\/offre-de-emploi\/emploi-charge-gestion-locative-et-comm-alt-cdc-habitat-44-h-f_68498.aspx?utm_source=monbailleur.fr","_company_name":"CDC HABITAT","_company_website":"","_company_tagline":"","_company_twitter":"","_company_video":"","_filled":0,"_featured":0,"_remote_position":0,"_job_salary":"","_job_salary_currency":"","_job_salary_unit":""},"job-categories":[78],"job-types":[69],"class_list":{"0":"post-35964","1":"job_listing","2":"type-job_listing","3":"status-publish","4":"has-post-thumbnail","5":"hentry","6":"job_listing_category-autres","7":"job_listing_type-alternance","9":"job-type-alternance"},"yoast_head":"<!-- This site is optimized with the Yoast SEO Premium plugin v22.4 (Yoast SEO v25.1) - https:\/\/yoast.com\/wordpress\/plugins\/seo\/ -->\n<title>Charg\u00e9 Gestion Locative et Comm - ALT - CDC Habitat (44)- H\/F - Monbailleur.fr - Emploi<\/title>\n<meta name=\"robots\" content=\"noindex, follow\" \/>\n<meta property=\"og:locale\" content=\"fr_FR\" \/>\n<meta property=\"og:type\" content=\"article\" \/>\n<meta property=\"og:title\" content=\"Charg\u00e9 Gestion Locative et Comm - ALT - CDC Habitat (44)- H\/F\" \/>\n<meta property=\"og:description\" content=\"L&rsquo;entreprise: Rejoindre le groupe CDC Habitat, c&rsquo;est int\u00e9grer une entreprise au service de l&rsquo;habitat d&rsquo;int\u00e9r\u00eat public. Un groupe expert des m\u00e9tiers de la gestion locative, de la construction, de la r\u00e9novation de l&rsquo;habitat et de la ville. Un groupe engag\u00e9 pour r\u00e9pondre aux d\u00e9fis actuels. Un op\u00e9rateur global, pr\u00e9sent dans l&rsquo;Hexagone et les Outre-mer, qui\" \/>\n<meta property=\"og:url\" content=\"https:\/\/www.monbailleur.fr\/offres-emploi\/poste\/charge-gestion-locative-et-comm-alt-cdc-habitat-44-h-f\" \/>\n<meta property=\"og:site_name\" content=\"Monbailleur.fr - Emploi\" \/>\n<meta property=\"og:image\" content=\"https:\/\/www.monbailleur.fr\/offres-emploi\/wp-content\/uploads\/2023\/06\/mon_bailleur_emploi_placeholder.png\" \/>\n\t<meta property=\"og:image:width\" content=\"512\" \/>\n\t<meta property=\"og:image:height\" content=\"512\" \/>\n\t<meta property=\"og:image:type\" content=\"image\/png\" \/>\n<meta name=\"twitter:card\" content=\"summary_large_image\" \/>\n<meta name=\"twitter:label1\" content=\"Dur\u00e9e de lecture estim\u00e9e\" \/>\n\t<meta name=\"twitter:data1\" content=\"3 minutes\" \/>\n<script type=\"application\/ld+json\" class=\"yoast-schema-graph\">{\"@context\":\"https:\/\/schema.org\",\"@graph\":[{\"@type\":\"WebPage\",\"@id\":\"https:\/\/www.monbailleur.fr\/offres-emploi\/poste\/charge-gestion-locative-et-comm-alt-cdc-habitat-44-h-f\",\"url\":\"https:\/\/www.monbailleur.fr\/offres-emploi\/poste\/charge-gestion-locative-et-comm-alt-cdc-habitat-44-h-f\",\"name\":\"Charg\u00e9 Gestion Locative et Comm - ALT - CDC Habitat (44)- H\/F - Monbailleur.fr - Emploi\",\"isPartOf\":{\"@id\":\"https:\/\/www.monbailleur.fr\/offres-emploi\/#website\"},\"primaryImageOfPage\":{\"@id\":\"https:\/\/www.monbailleur.fr\/offres-emploi\/poste\/charge-gestion-locative-et-comm-alt-cdc-habitat-44-h-f#primaryimage\"},\"image\":{\"@id\":\"https:\/\/www.monbailleur.fr\/offres-emploi\/poste\/charge-gestion-locative-et-comm-alt-cdc-habitat-44-h-f#primaryimage\"},\"thumbnailUrl\":\"https:\/\/www.monbailleur.fr\/offres-emploi\/wp-content\/uploads\/2023\/06\/mon_bailleur_emploi_placeholder.png\",\"datePublished\":\"2026-04-10T06:00:30+00:00\",\"breadcrumb\":{\"@id\":\"https:\/\/www.monbailleur.fr\/offres-emploi\/poste\/charge-gestion-locative-et-comm-alt-cdc-habitat-44-h-f#breadcrumb\"},\"inLanguage\":\"fr-FR\",\"potentialAction\":[{\"@type\":\"ReadAction\",\"target\":[\"https:\/\/www.monbailleur.fr\/offres-emploi\/poste\/charge-gestion-locative-et-comm-alt-cdc-habitat-44-h-f\"]}]},{\"@type\":\"ImageObject\",\"inLanguage\":\"fr-FR\",\"@id\":\"https:\/\/www.monbailleur.fr\/offres-emploi\/poste\/charge-gestion-locative-et-comm-alt-cdc-habitat-44-h-f#primaryimage\",\"url\":\"https:\/\/www.monbailleur.fr\/offres-emploi\/wp-content\/uploads\/2023\/06\/mon_bailleur_emploi_placeholder.png\",\"contentUrl\":\"https:\/\/www.monbailleur.fr\/offres-emploi\/wp-content\/uploads\/2023\/06\/mon_bailleur_emploi_placeholder.png\",\"width\":512,\"height\":512},{\"@type\":\"BreadcrumbList\",\"@id\":\"https:\/\/www.monbailleur.fr\/offres-emploi\/poste\/charge-gestion-locative-et-comm-alt-cdc-habitat-44-h-f#breadcrumb\",\"itemListElement\":[{\"@type\":\"ListItem\",\"position\":1,\"name\":\"Accueil\",\"item\":\"https:\/\/www.monbailleur.fr\/offres-emploi\/\"},{\"@type\":\"ListItem\",\"position\":2,\"name\":\"offres d\u2019emploi\",\"item\":\"https:\/\/www.monbailleur.fr\/offres-emploi\/job-listings\"},{\"@type\":\"ListItem\",\"position\":3,\"name\":\"Charg\u00e9 Gestion Locative et Comm &#8211; ALT &#8211; CDC Habitat (44)- H\/F\"}]},{\"@type\":\"WebSite\",\"@id\":\"https:\/\/www.monbailleur.fr\/offres-emploi\/#website\",\"url\":\"https:\/\/www.monbailleur.fr\/offres-emploi\/\",\"name\":\"Monbailleur.fr - Emploi\",\"description\":\"Les offres d&#039;emploi du logement social\",\"publisher\":{\"@id\":\"https:\/\/www.monbailleur.fr\/offres-emploi\/#organization\"},\"potentialAction\":[{\"@type\":\"SearchAction\",\"target\":{\"@type\":\"EntryPoint\",\"urlTemplate\":\"https:\/\/www.monbailleur.fr\/offres-emploi\/?s={search_term_string}\"},\"query-input\":{\"@type\":\"PropertyValueSpecification\",\"valueRequired\":true,\"valueName\":\"search_term_string\"}}],\"inLanguage\":\"fr-FR\"},{\"@type\":\"Organization\",\"@id\":\"https:\/\/www.monbailleur.fr\/offres-emploi\/#organization\",\"name\":\"Monbailleur.fr - Emploi\",\"url\":\"https:\/\/www.monbailleur.fr\/offres-emploi\/\",\"logo\":{\"@type\":\"ImageObject\",\"inLanguage\":\"fr-FR\",\"@id\":\"https:\/\/www.monbailleur.fr\/offres-emploi\/#\/schema\/logo\/image\/\",\"url\":\"https:\/\/www.monbailleur.fr\/offres-emploi\/wp-content\/uploads\/2023\/06\/MonBailleur-1200x675-1.png\",\"contentUrl\":\"https:\/\/www.monbailleur.fr\/offres-emploi\/wp-content\/uploads\/2023\/06\/MonBailleur-1200x675-1.png\",\"width\":1200,\"height\":675,\"caption\":\"Monbailleur.fr - Emploi\"},\"image\":{\"@id\":\"https:\/\/www.monbailleur.fr\/offres-emploi\/#\/schema\/logo\/image\/\"}}]}<\/script>\n<!-- \/ Yoast SEO Premium plugin. -->","yoast_head_json":{"title":"Charg\u00e9 Gestion Locative et Comm - ALT - CDC Habitat (44)- H\/F - Monbailleur.fr - Emploi","robots":{"index":"noindex","follow":"follow"},"og_locale":"fr_FR","og_type":"article","og_title":"Charg\u00e9 Gestion Locative et Comm - ALT - CDC Habitat (44)- H\/F","og_description":"L&rsquo;entreprise: Rejoindre le groupe CDC Habitat, c&rsquo;est int\u00e9grer une entreprise au service de l&rsquo;habitat d&rsquo;int\u00e9r\u00eat public. Un groupe expert des m\u00e9tiers de la gestion locative, de la construction, de la r\u00e9novation de l&rsquo;habitat et de la ville. Un groupe engag\u00e9 pour r\u00e9pondre aux d\u00e9fis actuels. Un op\u00e9rateur global, pr\u00e9sent dans l&rsquo;Hexagone et les Outre-mer, qui","og_url":"https:\/\/www.monbailleur.fr\/offres-emploi\/poste\/charge-gestion-locative-et-comm-alt-cdc-habitat-44-h-f","og_site_name":"Monbailleur.fr - Emploi","og_image":[{"width":512,"height":512,"url":"https:\/\/www.monbailleur.fr\/offres-emploi\/wp-content\/uploads\/2023\/06\/mon_bailleur_emploi_placeholder.png","type":"image\/png"}],"twitter_card":"summary_large_image","twitter_misc":{"Dur\u00e9e de lecture estim\u00e9e":"3 minutes"},"schema":{"@context":"https:\/\/schema.org","@graph":[{"@type":"WebPage","@id":"https:\/\/www.monbailleur.fr\/offres-emploi\/poste\/charge-gestion-locative-et-comm-alt-cdc-habitat-44-h-f","url":"https:\/\/www.monbailleur.fr\/offres-emploi\/poste\/charge-gestion-locative-et-comm-alt-cdc-habitat-44-h-f","name":"Charg\u00e9 Gestion Locative et Comm - ALT - CDC Habitat (44)- H\/F - Monbailleur.fr - Emploi","isPartOf":{"@id":"https:\/\/www.monbailleur.fr\/offres-emploi\/#website"},"primaryImageOfPage":{"@id":"https:\/\/www.monbailleur.fr\/offres-emploi\/poste\/charge-gestion-locative-et-comm-alt-cdc-habitat-44-h-f#primaryimage"},"image":{"@id":"https:\/\/www.monbailleur.fr\/offres-emploi\/poste\/charge-gestion-locative-et-comm-alt-cdc-habitat-44-h-f#primaryimage"},"thumbnailUrl":"https:\/\/www.monbailleur.fr\/offres-emploi\/wp-content\/uploads\/2023\/06\/mon_bailleur_emploi_placeholder.png","datePublished":"2026-04-10T06:00:30+00:00","breadcrumb":{"@id":"https:\/\/www.monbailleur.fr\/offres-emploi\/poste\/charge-gestion-locative-et-comm-alt-cdc-habitat-44-h-f#breadcrumb"},"inLanguage":"fr-FR","potentialAction":[{"@type":"ReadAction","target":["https:\/\/www.monbailleur.fr\/offres-emploi\/poste\/charge-gestion-locative-et-comm-alt-cdc-habitat-44-h-f"]}]},{"@type":"ImageObject","inLanguage":"fr-FR","@id":"https:\/\/www.monbailleur.fr\/offres-emploi\/poste\/charge-gestion-locative-et-comm-alt-cdc-habitat-44-h-f#primaryimage","url":"https:\/\/www.monbailleur.fr\/offres-emploi\/wp-content\/uploads\/2023\/06\/mon_bailleur_emploi_placeholder.png","contentUrl":"https:\/\/www.monbailleur.fr\/offres-emploi\/wp-content\/uploads\/2023\/06\/mon_bailleur_emploi_placeholder.png","width":512,"height":512},{"@type":"BreadcrumbList","@id":"https:\/\/www.monbailleur.fr\/offres-emploi\/poste\/charge-gestion-locative-et-comm-alt-cdc-habitat-44-h-f#breadcrumb","itemListElement":[{"@type":"ListItem","position":1,"name":"Accueil","item":"https:\/\/www.monbailleur.fr\/offres-emploi\/"},{"@type":"ListItem","position":2,"name":"offres d\u2019emploi","item":"https:\/\/www.monbailleur.fr\/offres-emploi\/job-listings"},{"@type":"ListItem","position":3,"name":"Charg\u00e9 Gestion Locative et Comm &#8211; ALT &#8211; CDC Habitat (44)- H\/F"}]},{"@type":"WebSite","@id":"https:\/\/www.monbailleur.fr\/offres-emploi\/#website","url":"https:\/\/www.monbailleur.fr\/offres-emploi\/","name":"Monbailleur.fr - Emploi","description":"Les offres d&#039;emploi du logement social","publisher":{"@id":"https:\/\/www.monbailleur.fr\/offres-emploi\/#organization"},"potentialAction":[{"@type":"SearchAction","target":{"@type":"EntryPoint","urlTemplate":"https:\/\/www.monbailleur.fr\/offres-emploi\/?s={search_term_string}"},"query-input":{"@type":"PropertyValueSpecification","valueRequired":true,"valueName":"search_term_string"}}],"inLanguage":"fr-FR"},{"@type":"Organization","@id":"https:\/\/www.monbailleur.fr\/offres-emploi\/#organization","name":"Monbailleur.fr - Emploi","url":"https:\/\/www.monbailleur.fr\/offres-emploi\/","logo":{"@type":"ImageObject","inLanguage":"fr-FR","@id":"https:\/\/www.monbailleur.fr\/offres-emploi\/#\/schema\/logo\/image\/","url":"https:\/\/www.monbailleur.fr\/offres-emploi\/wp-content\/uploads\/2023\/06\/MonBailleur-1200x675-1.png","contentUrl":"https:\/\/www.monbailleur.fr\/offres-emploi\/wp-content\/uploads\/2023\/06\/MonBailleur-1200x675-1.png","width":1200,"height":675,"caption":"Monbailleur.fr - Emploi"},"image":{"@id":"https:\/\/www.monbailleur.fr\/offres-emploi\/#\/schema\/logo\/image\/"}}]}},"_links":{"self":[{"href":"https:\/\/www.monbailleur.fr\/offres-emploi\/wp-json\/wp\/v2\/job-listings\/35964","targetHints":{"allow":["GET"]}}],"collection":[{"href":"https:\/\/www.monbailleur.fr\/offres-emploi\/wp-json\/wp\/v2\/job-listings"}],"about":[{"href":"https:\/\/www.monbailleur.fr\/offres-emploi\/wp-json\/wp\/v2\/types\/job_listing"}],"wp:featuredmedia":[{"embeddable":true,"href":"https:\/\/www.monbailleur.fr\/offres-emploi\/wp-json\/wp\/v2\/media\/5636"}],"wp:attachment":[{"href":"https:\/\/www.monbailleur.fr\/offres-emploi\/wp-json\/wp\/v2\/media?parent=35964"}],"wp:term":[{"taxonomy":"job_listing_category","embeddable":true,"href":"https:\/\/www.monbailleur.fr\/offres-emploi\/wp-json\/wp\/v2\/job-categories?post=35964"},{"taxonomy":"job_listing_type","embeddable":true,"href":"https:\/\/www.monbailleur.fr\/offres-emploi\/wp-json\/wp\/v2\/job-types?post=35964"}],"curies":[{"name":"wp","href":"https:\/\/api.w.org\/{rel}","templated":true}]}}