{"id":36055,"date":"2026-04-13T08:00:37","date_gmt":"2026-04-13T06:00:37","guid":{"rendered":"https:\/\/www.monbailleur.fr\/offres-emploi\/poste\/directeur-interregional-adjoint-cdc-habitat-44-h-f"},"modified":"2026-04-13T08:00:37","modified_gmt":"2026-04-13T06:00:37","slug":"directeur-interregional-adjoint-cdc-habitat-44-h-f","status":"publish","type":"job_listing","link":"https:\/\/www.monbailleur.fr\/offres-emploi\/poste\/directeur-interregional-adjoint-cdc-habitat-44-h-f","title":{"rendered":"Directeur interr\u00e9gional adjoint &#8211; CDC Habitat (44) H\/F"},"content":{"rendered":"<h2>L&rsquo;entreprise:<\/h2>\n<\/p>\n<p>Rejoindre le groupe CDC Habitat, c&rsquo;est int\u00e9grer une entreprise au service de l&rsquo;habitat d&rsquo;int\u00e9r\u00eat public. Un groupe expert des m\u00e9tiers de la gestion locative, de la construction, de la r\u00e9novation de l&rsquo;habitat et de la ville. Un groupe engag\u00e9 pour r\u00e9pondre aux d\u00e9fis actuels. Un op\u00e9rateur global, pr\u00e9sent dans l&rsquo;Hexagone et les Outre-mer, qui offre \u00e0 ses 10 800 collaborateurs un cadre de travail bienveillant et la possibilit\u00e9 d&rsquo;agir concr\u00e8tement.<\/p>\n<p>Vous \u00e9voluerez au sein de la direction interr\u00e9gionale Grand Ouest \u00e0 Nantes et organis\u00e9e en r\u00e9seau d&rsquo;agences. Nos 400 collaborateurs assurent la gestion et le d\u00e9veloppement d&rsquo;un patrimoine de 36 000 logements sociaux, interm\u00e9diaires et abordables destin\u00e9s aux familles, aux \u00e9tudiants, jeunes actifs, aux personnes \u00e2g\u00e9es et personnes fragilis\u00e9es et\/ou en situation de handicap.<\/p>\n<p>Une mission d&rsquo;int\u00e9r\u00eat g\u00e9n\u00e9ral<br \/>Plac\u00e9 sous l&rsquo;autorit\u00e9 du Directeur Interr\u00e9gional et au sein du comit\u00e9 de Direction, le Directeur\/trice Interr\u00e9gional(e) Adjoint(e) Exploitation et R\u00e9seau d&rsquo;Agences, pilote l&rsquo;activit\u00e9 op\u00e9rationnelle li\u00e9e \u00e0 l&rsquo;exploitation du patrimoine : commercialisation des logements, vie du bail, relation client, recouvrement et contentieux, gestion des copropri\u00e9t\u00e9s, s\u00e9curit\u00e9 du parc, entretien et maintenance des immeubles, travaux de gros entretien et de renouvellement de composants.<\/p>\n<h2>Description:<\/h2>\n<\/p>\n<p>En tant que Directeur\/trice Interr\u00e9gional(e) Adjoint(e), dans le secteur de l&rsquo;Habitat, agir concr\u00e8tement pour l&rsquo;int\u00e9r\u00eat g\u00e9n\u00e9ral\u2026<\/p>\n<p>C&rsquo;est manager les ressources humaines,<br \/>&#8211; En garantissant la sant\u00e9, la s\u00e9curit\u00e9 et les conditions de travail du personnel,<br \/>&#8211; En encadrant et en animant une \u00e9quipe compos\u00e9e d&rsquo;environ 300 collaborateurs dont 100 gardiens et employ\u00e9s d&rsquo;immeubles<br \/>&#8211; En pr\u00e9sidant la CSSCT (Commission Sant\u00e9, S\u00e9curit\u00e9 et Conditions de Travail),<br \/>&#8211; En participant \u00e0 la d\u00e9finition des besoins RH de ses \u00e9quipes (recrutement, formation, mobilit\u00e9, accompagnements professionnels\u2026)<\/p>\n<p>C&rsquo;est piloter la gestion locative,<br \/>&#8211; En veillant au respect des normes et r\u00e9glementations (attribution, commercialisation, loyers)<br \/>&#8211; En mettant en oeuvre les politiques de peuplement et de loyers du Groupe<br \/>&#8211; En optimisant l&rsquo;occupation du parc, r\u00e9duire les impay\u00e9s, superviser la gestion des copropri\u00e9t\u00e9s et les proc\u00e9dures contentieuses<br \/>&#8211; En organisant et en animant les instances de concertation locative<\/p>\n<p>C&rsquo;est assurer de la gestion technique du patrimoine,<br \/>&#8211; En garantissant la s\u00e9curit\u00e9 des clients et la conformit\u00e9 du patrimoine<br \/>&#8211; En engageant et en suivant la bonne ex\u00e9cution des contrats d&rsquo;entretien et de maintenance<br \/>&#8211; En inspectant le patrimoine et programmer les travaux dans le cadre fix\u00e9 par le PMT<br \/>&#8211; En r\u00e9alisant annuellement les travaux arr\u00eat\u00e9s en lien le Directeur du Patrimoine<\/p>\n<p>C&rsquo;est faire vivre la culture client, le d\u00e9veloppement social et la qualit\u00e9 de service,<br \/>&#8211; En supervisant le traitement des r\u00e9clamations<br \/>&#8211; En mettant en oeuvre les plans d&rsquo;action qualit\u00e9 de service dans un objectif d&rsquo;am\u00e9lioration continue de la satisfaction client<br \/>&#8211; En d\u00e9veloppant des dispositifs d&rsquo;accompagnement social, notamment en QPV, et initier des actions d&rsquo;innovation sociale avec la responsable de l&rsquo;animation sociale.<\/p>\n<p>C&rsquo;est contribuer \u00e0 la strat\u00e9gie,<br \/>&#8211; En participant \u00e0 l&rsquo;\u00e9laboration et au suivi du plan strat\u00e9gique de la direction interr\u00e9gionale<br \/>&#8211; En prenant part aux r\u00e9flexions sur l&rsquo;\u00e9volution du mod\u00e8le d&rsquo;exploitation et d&rsquo;organisation territoriale<br \/>&#8211; En portant les projets de transformation au sein du r\u00e9seau d&rsquo;agences.<\/p>\n<p>Des d\u00e9placements r\u00e9guliers sur tout le territoire : Pays de Loire, Bretagne, Centre Loire et Normandie sont \u00e0 pr\u00e9voir.<\/p>\n<h2>Profil:<\/h2>\n<\/p>\n<p>La qualit\u00e9 durable de nos immeubles et la satisfaction de nos clients locataires guident notre action. L&rsquo;\u00e9coute des besoins, la r\u00e9activit\u00e9 de nos interventions et la qualit\u00e9 des travaux engag\u00e9s garantissent la r\u00e9ussite de cette mission d&rsquo;int\u00e9r\u00eat g\u00e9n\u00e9ral.<\/p>\n<p>Si vous aussi, vous partagez cette id\u00e9e de notre m\u00e9tier, avec en plus :<br \/>&#8211; une exp\u00e9rience professionnelle significative dans une fonction de direction op\u00e9rationnelle, id\u00e9alement en direction d&rsquo;agence,<br \/>&#8211; de solides comp\u00e9tences issues d&rsquo;une formation sup\u00e9rieure (immobilier, urbanisme, gestion, sciences)<br \/>&#8211; un fort leadership et une facilit\u00e9 \u00e0 animer des \u00e9quipes pluridisciplinaires dans un organisation matricielle<br \/>&#8211; le sens du contact et de la n\u00e9gociation<br \/>&#8211; la maitrise des processus de gestion locative, technique et administrative<br \/>&#8211; une aisance dans le d\u00e9veloppement de partenariats et dans l&rsquo;entretien de relations institutionnelles<br \/>&#8211; la capacit\u00e9 d&rsquo;analyse et de l&rsquo;esprit de synth\u00e8se<br \/>&#8211; le sens du contact et de la n\u00e9gociation<\/p>\n<p>C&rsquo;est aussi int\u00e9grer un environnement de travail bienveillant :<br \/>. Un management attentif \u00e0 l&rsquo;\u00e9quilibre entre la vie professionnelle et la vie priv\u00e9e<br \/>. Une entreprise respectueuse de la diversit\u00e9 et de l&rsquo;\u00e9galit\u00e9 de traitement professionnel entre toutes et tous<br \/>. Une exp\u00e9rience riche et apprenante<\/p>\n<\/p>\n<h3>Temps de travail<\/h3>\n<p>Temps plein <\/p>\n<h3> Organisme <\/h3>\n<p> <span id=\"ctl00_ctl00_AspMainContent_MainContent_MasterPageSettingsView_ctl03_ctl01_fldEntityDescriptionFormat_lblContentText\"><span id=\"ctl00_MainContent_DescriptionEntityEdit_SubForm1_ctl01_Field1_ctl00_lblEntityFormat\">CDC HABITAT <\/span><br \/><\/span><\/p>\n","protected":false},"author":0,"featured_media":5636,"template":"","meta":{"_promoted":"","_job_location":"France, Pays de Loire, Loire Atlantique (44) 1 rue des Sassafras - 44301 NANTES","_application":"https:\/\/les-hlm-recrutent.talent-soft.com\/offre-de-emploi\/emploi-directeur-interregional-adjoint-cdc-habitat-44-h-f_68576.aspx?utm_source=monbailleur.fr","_company_name":"CDC HABITAT","_company_website":"","_company_tagline":"","_company_twitter":"","_company_video":"","_filled":0,"_featured":0,"_remote_position":0,"_job_salary":"","_job_salary_currency":"","_job_salary_unit":""},"job-categories":[78],"job-types":[63],"class_list":{"0":"post-36055","1":"job_listing","2":"type-job_listing","3":"status-publish","4":"has-post-thumbnail","5":"hentry","6":"job_listing_category-autres","7":"job_listing_type-cdi","9":"job-type-cdi"},"yoast_head":"<!-- This site is optimized with the Yoast SEO Premium plugin v22.4 (Yoast SEO v25.1) - https:\/\/yoast.com\/wordpress\/plugins\/seo\/ -->\n<title>Directeur interr\u00e9gional adjoint - CDC Habitat (44) H\/F - Monbailleur.fr - Emploi<\/title>\n<meta name=\"robots\" content=\"noindex, follow\" \/>\n<meta property=\"og:locale\" content=\"fr_FR\" \/>\n<meta property=\"og:type\" content=\"article\" \/>\n<meta property=\"og:title\" content=\"Directeur interr\u00e9gional adjoint - CDC Habitat (44) H\/F\" \/>\n<meta property=\"og:description\" content=\"L&rsquo;entreprise: Rejoindre le groupe CDC Habitat, c&rsquo;est int\u00e9grer une entreprise au service de l&rsquo;habitat d&rsquo;int\u00e9r\u00eat public. Un groupe expert des m\u00e9tiers de la gestion locative, de la construction, de la r\u00e9novation de l&rsquo;habitat et de la ville. Un groupe engag\u00e9 pour r\u00e9pondre aux d\u00e9fis actuels. Un op\u00e9rateur global, pr\u00e9sent dans l&rsquo;Hexagone et les Outre-mer, qui\" \/>\n<meta property=\"og:url\" content=\"https:\/\/www.monbailleur.fr\/offres-emploi\/poste\/directeur-interregional-adjoint-cdc-habitat-44-h-f\" \/>\n<meta property=\"og:site_name\" content=\"Monbailleur.fr - Emploi\" \/>\n<meta property=\"og:image\" content=\"https:\/\/www.monbailleur.fr\/offres-emploi\/wp-content\/uploads\/2023\/06\/mon_bailleur_emploi_placeholder.png\" \/>\n\t<meta property=\"og:image:width\" content=\"512\" \/>\n\t<meta property=\"og:image:height\" content=\"512\" \/>\n\t<meta property=\"og:image:type\" content=\"image\/png\" \/>\n<meta name=\"twitter:card\" content=\"summary_large_image\" \/>\n<meta name=\"twitter:label1\" content=\"Dur\u00e9e de lecture estim\u00e9e\" \/>\n\t<meta name=\"twitter:data1\" content=\"4 minutes\" \/>\n<script type=\"application\/ld+json\" class=\"yoast-schema-graph\">{\"@context\":\"https:\/\/schema.org\",\"@graph\":[{\"@type\":\"WebPage\",\"@id\":\"https:\/\/www.monbailleur.fr\/offres-emploi\/poste\/directeur-interregional-adjoint-cdc-habitat-44-h-f\",\"url\":\"https:\/\/www.monbailleur.fr\/offres-emploi\/poste\/directeur-interregional-adjoint-cdc-habitat-44-h-f\",\"name\":\"Directeur interr\u00e9gional adjoint - CDC Habitat (44) H\/F - Monbailleur.fr - Emploi\",\"isPartOf\":{\"@id\":\"https:\/\/www.monbailleur.fr\/offres-emploi\/#website\"},\"primaryImageOfPage\":{\"@id\":\"https:\/\/www.monbailleur.fr\/offres-emploi\/poste\/directeur-interregional-adjoint-cdc-habitat-44-h-f#primaryimage\"},\"image\":{\"@id\":\"https:\/\/www.monbailleur.fr\/offres-emploi\/poste\/directeur-interregional-adjoint-cdc-habitat-44-h-f#primaryimage\"},\"thumbnailUrl\":\"https:\/\/www.monbailleur.fr\/offres-emploi\/wp-content\/uploads\/2023\/06\/mon_bailleur_emploi_placeholder.png\",\"datePublished\":\"2026-04-13T06:00:37+00:00\",\"breadcrumb\":{\"@id\":\"https:\/\/www.monbailleur.fr\/offres-emploi\/poste\/directeur-interregional-adjoint-cdc-habitat-44-h-f#breadcrumb\"},\"inLanguage\":\"fr-FR\",\"potentialAction\":[{\"@type\":\"ReadAction\",\"target\":[\"https:\/\/www.monbailleur.fr\/offres-emploi\/poste\/directeur-interregional-adjoint-cdc-habitat-44-h-f\"]}]},{\"@type\":\"ImageObject\",\"inLanguage\":\"fr-FR\",\"@id\":\"https:\/\/www.monbailleur.fr\/offres-emploi\/poste\/directeur-interregional-adjoint-cdc-habitat-44-h-f#primaryimage\",\"url\":\"https:\/\/www.monbailleur.fr\/offres-emploi\/wp-content\/uploads\/2023\/06\/mon_bailleur_emploi_placeholder.png\",\"contentUrl\":\"https:\/\/www.monbailleur.fr\/offres-emploi\/wp-content\/uploads\/2023\/06\/mon_bailleur_emploi_placeholder.png\",\"width\":512,\"height\":512},{\"@type\":\"BreadcrumbList\",\"@id\":\"https:\/\/www.monbailleur.fr\/offres-emploi\/poste\/directeur-interregional-adjoint-cdc-habitat-44-h-f#breadcrumb\",\"itemListElement\":[{\"@type\":\"ListItem\",\"position\":1,\"name\":\"Accueil\",\"item\":\"https:\/\/www.monbailleur.fr\/offres-emploi\/\"},{\"@type\":\"ListItem\",\"position\":2,\"name\":\"offres d\u2019emploi\",\"item\":\"https:\/\/www.monbailleur.fr\/offres-emploi\/job-listings\"},{\"@type\":\"ListItem\",\"position\":3,\"name\":\"Directeur interr\u00e9gional adjoint &#8211; CDC Habitat (44) H\/F\"}]},{\"@type\":\"WebSite\",\"@id\":\"https:\/\/www.monbailleur.fr\/offres-emploi\/#website\",\"url\":\"https:\/\/www.monbailleur.fr\/offres-emploi\/\",\"name\":\"Monbailleur.fr - Emploi\",\"description\":\"Les offres d&#039;emploi du logement social\",\"publisher\":{\"@id\":\"https:\/\/www.monbailleur.fr\/offres-emploi\/#organization\"},\"potentialAction\":[{\"@type\":\"SearchAction\",\"target\":{\"@type\":\"EntryPoint\",\"urlTemplate\":\"https:\/\/www.monbailleur.fr\/offres-emploi\/?s={search_term_string}\"},\"query-input\":{\"@type\":\"PropertyValueSpecification\",\"valueRequired\":true,\"valueName\":\"search_term_string\"}}],\"inLanguage\":\"fr-FR\"},{\"@type\":\"Organization\",\"@id\":\"https:\/\/www.monbailleur.fr\/offres-emploi\/#organization\",\"name\":\"Monbailleur.fr - Emploi\",\"url\":\"https:\/\/www.monbailleur.fr\/offres-emploi\/\",\"logo\":{\"@type\":\"ImageObject\",\"inLanguage\":\"fr-FR\",\"@id\":\"https:\/\/www.monbailleur.fr\/offres-emploi\/#\/schema\/logo\/image\/\",\"url\":\"https:\/\/www.monbailleur.fr\/offres-emploi\/wp-content\/uploads\/2023\/06\/MonBailleur-1200x675-1.png\",\"contentUrl\":\"https:\/\/www.monbailleur.fr\/offres-emploi\/wp-content\/uploads\/2023\/06\/MonBailleur-1200x675-1.png\",\"width\":1200,\"height\":675,\"caption\":\"Monbailleur.fr - Emploi\"},\"image\":{\"@id\":\"https:\/\/www.monbailleur.fr\/offres-emploi\/#\/schema\/logo\/image\/\"}}]}<\/script>\n<!-- \/ Yoast SEO Premium plugin. -->","yoast_head_json":{"title":"Directeur interr\u00e9gional adjoint - CDC Habitat (44) H\/F - Monbailleur.fr - Emploi","robots":{"index":"noindex","follow":"follow"},"og_locale":"fr_FR","og_type":"article","og_title":"Directeur interr\u00e9gional adjoint - CDC Habitat (44) H\/F","og_description":"L&rsquo;entreprise: Rejoindre le groupe CDC Habitat, c&rsquo;est int\u00e9grer une entreprise au service de l&rsquo;habitat d&rsquo;int\u00e9r\u00eat public. Un groupe expert des m\u00e9tiers de la gestion locative, de la construction, de la r\u00e9novation de l&rsquo;habitat et de la ville. Un groupe engag\u00e9 pour r\u00e9pondre aux d\u00e9fis actuels. Un op\u00e9rateur global, pr\u00e9sent dans l&rsquo;Hexagone et les Outre-mer, qui","og_url":"https:\/\/www.monbailleur.fr\/offres-emploi\/poste\/directeur-interregional-adjoint-cdc-habitat-44-h-f","og_site_name":"Monbailleur.fr - Emploi","og_image":[{"width":512,"height":512,"url":"https:\/\/www.monbailleur.fr\/offres-emploi\/wp-content\/uploads\/2023\/06\/mon_bailleur_emploi_placeholder.png","type":"image\/png"}],"twitter_card":"summary_large_image","twitter_misc":{"Dur\u00e9e de lecture estim\u00e9e":"4 minutes"},"schema":{"@context":"https:\/\/schema.org","@graph":[{"@type":"WebPage","@id":"https:\/\/www.monbailleur.fr\/offres-emploi\/poste\/directeur-interregional-adjoint-cdc-habitat-44-h-f","url":"https:\/\/www.monbailleur.fr\/offres-emploi\/poste\/directeur-interregional-adjoint-cdc-habitat-44-h-f","name":"Directeur interr\u00e9gional adjoint - CDC Habitat (44) H\/F - Monbailleur.fr - Emploi","isPartOf":{"@id":"https:\/\/www.monbailleur.fr\/offres-emploi\/#website"},"primaryImageOfPage":{"@id":"https:\/\/www.monbailleur.fr\/offres-emploi\/poste\/directeur-interregional-adjoint-cdc-habitat-44-h-f#primaryimage"},"image":{"@id":"https:\/\/www.monbailleur.fr\/offres-emploi\/poste\/directeur-interregional-adjoint-cdc-habitat-44-h-f#primaryimage"},"thumbnailUrl":"https:\/\/www.monbailleur.fr\/offres-emploi\/wp-content\/uploads\/2023\/06\/mon_bailleur_emploi_placeholder.png","datePublished":"2026-04-13T06:00:37+00:00","breadcrumb":{"@id":"https:\/\/www.monbailleur.fr\/offres-emploi\/poste\/directeur-interregional-adjoint-cdc-habitat-44-h-f#breadcrumb"},"inLanguage":"fr-FR","potentialAction":[{"@type":"ReadAction","target":["https:\/\/www.monbailleur.fr\/offres-emploi\/poste\/directeur-interregional-adjoint-cdc-habitat-44-h-f"]}]},{"@type":"ImageObject","inLanguage":"fr-FR","@id":"https:\/\/www.monbailleur.fr\/offres-emploi\/poste\/directeur-interregional-adjoint-cdc-habitat-44-h-f#primaryimage","url":"https:\/\/www.monbailleur.fr\/offres-emploi\/wp-content\/uploads\/2023\/06\/mon_bailleur_emploi_placeholder.png","contentUrl":"https:\/\/www.monbailleur.fr\/offres-emploi\/wp-content\/uploads\/2023\/06\/mon_bailleur_emploi_placeholder.png","width":512,"height":512},{"@type":"BreadcrumbList","@id":"https:\/\/www.monbailleur.fr\/offres-emploi\/poste\/directeur-interregional-adjoint-cdc-habitat-44-h-f#breadcrumb","itemListElement":[{"@type":"ListItem","position":1,"name":"Accueil","item":"https:\/\/www.monbailleur.fr\/offres-emploi\/"},{"@type":"ListItem","position":2,"name":"offres d\u2019emploi","item":"https:\/\/www.monbailleur.fr\/offres-emploi\/job-listings"},{"@type":"ListItem","position":3,"name":"Directeur interr\u00e9gional adjoint &#8211; CDC Habitat (44) H\/F"}]},{"@type":"WebSite","@id":"https:\/\/www.monbailleur.fr\/offres-emploi\/#website","url":"https:\/\/www.monbailleur.fr\/offres-emploi\/","name":"Monbailleur.fr - Emploi","description":"Les offres d&#039;emploi du logement social","publisher":{"@id":"https:\/\/www.monbailleur.fr\/offres-emploi\/#organization"},"potentialAction":[{"@type":"SearchAction","target":{"@type":"EntryPoint","urlTemplate":"https:\/\/www.monbailleur.fr\/offres-emploi\/?s={search_term_string}"},"query-input":{"@type":"PropertyValueSpecification","valueRequired":true,"valueName":"search_term_string"}}],"inLanguage":"fr-FR"},{"@type":"Organization","@id":"https:\/\/www.monbailleur.fr\/offres-emploi\/#organization","name":"Monbailleur.fr - Emploi","url":"https:\/\/www.monbailleur.fr\/offres-emploi\/","logo":{"@type":"ImageObject","inLanguage":"fr-FR","@id":"https:\/\/www.monbailleur.fr\/offres-emploi\/#\/schema\/logo\/image\/","url":"https:\/\/www.monbailleur.fr\/offres-emploi\/wp-content\/uploads\/2023\/06\/MonBailleur-1200x675-1.png","contentUrl":"https:\/\/www.monbailleur.fr\/offres-emploi\/wp-content\/uploads\/2023\/06\/MonBailleur-1200x675-1.png","width":1200,"height":675,"caption":"Monbailleur.fr - Emploi"},"image":{"@id":"https:\/\/www.monbailleur.fr\/offres-emploi\/#\/schema\/logo\/image\/"}}]}},"_links":{"self":[{"href":"https:\/\/www.monbailleur.fr\/offres-emploi\/wp-json\/wp\/v2\/job-listings\/36055","targetHints":{"allow":["GET"]}}],"collection":[{"href":"https:\/\/www.monbailleur.fr\/offres-emploi\/wp-json\/wp\/v2\/job-listings"}],"about":[{"href":"https:\/\/www.monbailleur.fr\/offres-emploi\/wp-json\/wp\/v2\/types\/job_listing"}],"wp:featuredmedia":[{"embeddable":true,"href":"https:\/\/www.monbailleur.fr\/offres-emploi\/wp-json\/wp\/v2\/media\/5636"}],"wp:attachment":[{"href":"https:\/\/www.monbailleur.fr\/offres-emploi\/wp-json\/wp\/v2\/media?parent=36055"}],"wp:term":[{"taxonomy":"job_listing_category","embeddable":true,"href":"https:\/\/www.monbailleur.fr\/offres-emploi\/wp-json\/wp\/v2\/job-categories?post=36055"},{"taxonomy":"job_listing_type","embeddable":true,"href":"https:\/\/www.monbailleur.fr\/offres-emploi\/wp-json\/wp\/v2\/job-types?post=36055"}],"curies":[{"name":"wp","href":"https:\/\/api.w.org\/{rel}","templated":true}]}}