{"id":36094,"date":"2026-04-15T08:00:16","date_gmt":"2026-04-15T06:00:16","guid":{"rendered":"https:\/\/www.monbailleur.fr\/offres-emploi\/poste\/directeur-territorial-adjoint-adoma-77-94-h-f-2"},"modified":"2026-04-15T08:00:16","modified_gmt":"2026-04-15T06:00:16","slug":"directeur-territorial-adjoint-adoma-77-94-h-f-2","status":"publish","type":"job_listing","link":"https:\/\/www.monbailleur.fr\/offres-emploi\/poste\/directeur-territorial-adjoint-adoma-77-94-h-f-2","title":{"rendered":"Directeur Territorial Adjoint &#8211; Adoma (77\/94) H\/F"},"content":{"rendered":"<h2>L&rsquo;entreprise:<\/h2>\n<\/p>\n<p>En rejoignant Adoma, vous rejoignez un acteur de la solidarit\u00e9 engag\u00e9 pour le logement et l&rsquo;h\u00e9bergement des personnes en difficult\u00e9 : jeunes en insertion, travailleurs pr\u00e9caires, b\u00e9n\u00e9ficiaires de minima sociaux, travailleurs migrants, familles monoparentales. Pour nos 3 000 collaborateurs, l&rsquo;int\u00e9r\u00eat g\u00e9n\u00e9ral est au centre de nos pr\u00e9occupations avec une conviction qui nous anime : \u00ab un logement pour tous, c&rsquo;est un avenir pour chacun \u00bb. Nous accompagnons plus de 88 000 clients sur l&rsquo;ensemble du territoire.<br \/>Adoma est une filiale du groupe CDC Habitat. Un groupe partout dans l&rsquo;Hexagone et en Outre-mer o\u00f9 10 800 collaborateurs imaginent des solutions d&rsquo;habitat inclusives et durables au service des politiques publiques pour l&rsquo;am\u00e9nagement des quartiers et des territoires.<\/p>\n<h2>Description:<\/h2>\n<\/p>\n<p>Une mission d&rsquo;int\u00e9r\u00eat g\u00e9n\u00e9ral<\/p>\n<p>Nos r\u00e9sidences sociales ont pour vocation d&rsquo;accueillir un public en situation de pr\u00e9carit\u00e9 et de vuln\u00e9rabilit\u00e9. Au quotidien, les \u00e9quipes veillent \u00e0 un accueil et \u00e0 un accompagnement social de qualit\u00e9.<\/p>\n<p>Aux c\u00f4t\u00e9s de la Directrice Territoriale de Seine &amp; Val de Marne, vous le secondez dans l&rsquo;exploitation locative, commerciale et sociale d&rsquo;un parc constitu\u00e9 de 2 456 logements : 15 r\u00e9sidences sociales, 1 r\u00e9sidence jeunes actifs, 1 foyer de jeunes travailleurs et 2 pensions de famille, r\u00e9partis sur les deux d\u00e9partements.<\/p>\n<p>En tant que Directeur Territorial Adjoint, agir concr\u00e8tement pour l&rsquo;int\u00e9r\u00eat g\u00e9n\u00e9ral, c&rsquo;est notamment\u2026<\/p>\n<p>Garantir :<br \/>&#8211; Le management, le recrutement, l&rsquo;organisation et le contr\u00f4le de l&rsquo;activit\u00e9 d&rsquo;une \u00e9quipe de proximit\u00e9 compos\u00e9e de 2 responsables de sites et 13 responsables de r\u00e9sidence ;<br \/>-La r\u00e9alisation des objectifs d&rsquo;exploitation locative de la Direction Territoriale : encaissements, recouvrement, optimisation du taux d&rsquo;occupation (entr\u00e9es, sorties, gestion des contingents r\u00e9servataires) ; Le d\u00e9veloppement et l&rsquo;entretien des relations avec les \u00e9lus et les partenaires institutionnels ;<br \/>&#8211; Le suivi administratif de l&rsquo;activit\u00e9 au travers du suivi budg\u00e9taire, des indicateurs et du reporting.<\/p>\n<p>Favoriser :<br \/>&#8211; Le d\u00e9veloppement des comp\u00e9tences des \u00e9quipes en collaboration avec le service RH (recrutement, int\u00e9gration, \u00e9valuation, identification des besoins de formations\u2026) ;<br \/>&#8211; Le bon d\u00e9roulement du parcours r\u00e9sidentiel au sein du parc<br \/>&#8211; La coordination des actions d&rsquo;accompagnement social et leur r\u00e9alisation en lien avec la fili\u00e8re sociale ;<br \/>&#8211; La collaboration avec la fili\u00e8re maintenance\/travaux pour garantir le bon entretien des sites.<\/p>\n<p>Veiller :<br \/>&#8211; Au suivi du budget et au maintien de la marge d&rsquo;exploitation de votre secteur ;<br \/>&#8211; A la s\u00e9curit\u00e9 des collaborateurs et des r\u00e9sidents et le cas \u00e9ch\u00e9ant, alerter et s&rsquo;assurer de la bonne application des proc\u00e9dures internes en lien avec le Coordinateur S\u00e9curit\u00e9 R\u00e9gional ;<br \/>&#8211; A l&rsquo;application des proc\u00e9dures internes.<\/p>\n<\/p>\n<h2>Profil:<\/h2>\n<\/p>\n<p>Le maillage territorial d&rsquo;Adoma nous permet d&rsquo;offrir r\u00e9activit\u00e9, proximit\u00e9 et disponibilit\u00e9 \u00e0 nos r\u00e9sidents et h\u00e9berg\u00e9s, ainsi qu&rsquo;\u00e0 nos partenaires.<\/p>\n<p>Si vous aussi, vous souhaitez vous investir dans l&rsquo;insertion par le logement des publics vuln\u00e9rables, avec en plus :<br \/>&#8211; Une formation sup\u00e9rieure de niveau Bac+2\/3 en logement\/urbanisme\/professions immobili\u00e8res<br \/>&#8211; Une exp\u00e9rience significative d&rsquo;au moins 5 ans en animation d&rsquo;\u00e9quipe dans le domaine de la gestion locative et\/ou de la gestion de structures sociales.<br \/>&#8211; Une connaissance des aspects r\u00e8glementaires li\u00e9s \u00e0 l&rsquo;immobilier locatif\/social et une bonne connaissance des r\u00e9seaux de partenaires.<br \/>&#8211; Une rigueur de gestion et d&rsquo;organisation<br \/>&#8211; Un sens du service client d\u00e9velopp\u00e9<\/p>\n<p>Postulez !<\/p>\n<p>Lieu : poste bas\u00e9 \u00e0 Villiers-sur-Marne<br \/>Des d\u00e9placements fr\u00e9quents seront \u00e0 pr\u00e9voir sur l&rsquo;ensemble des d\u00e9partements de Seine &amp; Val de Marne.<\/p>\n<p>Rejoindre Adoma,<\/p>\n<p>C&rsquo;est b\u00e9n\u00e9ficier d&rsquo;avantages sociaux :<br \/>. Temps de travail forfait 203 jours\/an<br \/>. Compte \u00c9pargne temps<br \/>. Titres-restaurant<br \/>. Mutuelle familiale et pr\u00e9voyance<br \/>. Prestations CSE<\/p>\n<p>C&rsquo;est aussi int\u00e9grer un environnement de travail bienveillant :<br \/>. Un management attentif \u00e0 l&rsquo;\u00e9quilibre entre la vie professionnelle et la vie priv\u00e9e<br \/>. Une entreprise respectueuse de la diversit\u00e9 et de l&rsquo;\u00e9galit\u00e9 de traitement professionnel entre toutes et tous<br \/>. Une exp\u00e9rience riche et apprenante<\/p>\n<p>Votre processus de recrutement se d\u00e9roulera en 3 \u00e9tapes :<br \/>1. Un premier \u00e9change avec un \u00e0 deux membres de l&rsquo;\u00e9quipe RH pour faire connaissance ;<br \/>2. Une rencontre avec le manager pour \u00e9changer sur les missions et votre projet professionnel<br \/>3. Un dernier \u00e9change avec la Direction Interr\u00e9gionale Ile-de-France<\/p>\n<h3>Temps de travail<\/h3>\n<p>Temps plein <\/p>\n<h3> Organisme <\/h3>\n<p> <span id=\"ctl00_ctl00_AspMainContent_MainContent_MasterPageSettingsView_ctl03_ctl01_fldEntityDescriptionFormat_lblContentText\"><span id=\"ctl00_MainContent_DescriptionEntityEdit_SubForm1_ctl01_Field1_ctl00_lblEntityFormat\">ADOMA <\/span><br \/><\/span><\/p>\n","protected":false},"author":0,"featured_media":5636,"template":"","meta":{"_promoted":"","_job_location":"France, Ile-de-France, Val de Marne (94) villiers sur marne","_application":"https:\/\/les-hlm-recrutent.talent-soft.com\/offre-de-emploi\/emploi-directeur-territorial-adjoint-adoma-77-94-h-f_68596.aspx?utm_source=monbailleur.fr","_company_name":"ADOMA","_company_website":"","_company_tagline":"","_company_twitter":"","_company_video":"","_filled":0,"_featured":0,"_remote_position":0,"_job_salary":"","_job_salary_currency":"","_job_salary_unit":""},"job-categories":[78],"job-types":[63],"class_list":{"0":"post-36094","1":"job_listing","2":"type-job_listing","3":"status-publish","4":"has-post-thumbnail","5":"hentry","6":"job_listing_category-autres","7":"job_listing_type-cdi","9":"job-type-cdi"},"yoast_head":"<!-- This site is optimized with the Yoast SEO Premium plugin v22.4 (Yoast SEO v25.1) - https:\/\/yoast.com\/wordpress\/plugins\/seo\/ -->\n<title>Directeur Territorial Adjoint - Adoma (77\/94) H\/F - Monbailleur.fr - Emploi<\/title>\n<meta name=\"robots\" content=\"noindex, follow\" \/>\n<meta property=\"og:locale\" content=\"fr_FR\" \/>\n<meta property=\"og:type\" content=\"article\" \/>\n<meta property=\"og:title\" content=\"Directeur Territorial Adjoint - Adoma (77\/94) H\/F\" \/>\n<meta property=\"og:description\" content=\"L&rsquo;entreprise: En rejoignant Adoma, vous rejoignez un acteur de la solidarit\u00e9 engag\u00e9 pour le logement et l&rsquo;h\u00e9bergement des personnes en difficult\u00e9 : jeunes en insertion, travailleurs pr\u00e9caires, b\u00e9n\u00e9ficiaires de minima sociaux, travailleurs migrants, familles monoparentales. Pour nos 3 000 collaborateurs, l&rsquo;int\u00e9r\u00eat g\u00e9n\u00e9ral est au centre de nos pr\u00e9occupations avec une conviction qui nous anime :\" \/>\n<meta property=\"og:url\" content=\"https:\/\/www.monbailleur.fr\/offres-emploi\/poste\/directeur-territorial-adjoint-adoma-77-94-h-f-2\" \/>\n<meta property=\"og:site_name\" content=\"Monbailleur.fr - Emploi\" \/>\n<meta property=\"og:image\" content=\"https:\/\/www.monbailleur.fr\/offres-emploi\/wp-content\/uploads\/2023\/06\/mon_bailleur_emploi_placeholder.png\" \/>\n\t<meta property=\"og:image:width\" content=\"512\" \/>\n\t<meta property=\"og:image:height\" content=\"512\" \/>\n\t<meta property=\"og:image:type\" content=\"image\/png\" \/>\n<meta name=\"twitter:card\" content=\"summary_large_image\" \/>\n<meta name=\"twitter:label1\" content=\"Dur\u00e9e de lecture estim\u00e9e\" \/>\n\t<meta name=\"twitter:data1\" content=\"4 minutes\" \/>\n<script type=\"application\/ld+json\" class=\"yoast-schema-graph\">{\"@context\":\"https:\/\/schema.org\",\"@graph\":[{\"@type\":\"WebPage\",\"@id\":\"https:\/\/www.monbailleur.fr\/offres-emploi\/poste\/directeur-territorial-adjoint-adoma-77-94-h-f-2\",\"url\":\"https:\/\/www.monbailleur.fr\/offres-emploi\/poste\/directeur-territorial-adjoint-adoma-77-94-h-f-2\",\"name\":\"Directeur Territorial Adjoint - Adoma (77\/94) H\/F - Monbailleur.fr - Emploi\",\"isPartOf\":{\"@id\":\"https:\/\/www.monbailleur.fr\/offres-emploi\/#website\"},\"primaryImageOfPage\":{\"@id\":\"https:\/\/www.monbailleur.fr\/offres-emploi\/poste\/directeur-territorial-adjoint-adoma-77-94-h-f-2#primaryimage\"},\"image\":{\"@id\":\"https:\/\/www.monbailleur.fr\/offres-emploi\/poste\/directeur-territorial-adjoint-adoma-77-94-h-f-2#primaryimage\"},\"thumbnailUrl\":\"https:\/\/www.monbailleur.fr\/offres-emploi\/wp-content\/uploads\/2023\/06\/mon_bailleur_emploi_placeholder.png\",\"datePublished\":\"2026-04-15T06:00:16+00:00\",\"breadcrumb\":{\"@id\":\"https:\/\/www.monbailleur.fr\/offres-emploi\/poste\/directeur-territorial-adjoint-adoma-77-94-h-f-2#breadcrumb\"},\"inLanguage\":\"fr-FR\",\"potentialAction\":[{\"@type\":\"ReadAction\",\"target\":[\"https:\/\/www.monbailleur.fr\/offres-emploi\/poste\/directeur-territorial-adjoint-adoma-77-94-h-f-2\"]}]},{\"@type\":\"ImageObject\",\"inLanguage\":\"fr-FR\",\"@id\":\"https:\/\/www.monbailleur.fr\/offres-emploi\/poste\/directeur-territorial-adjoint-adoma-77-94-h-f-2#primaryimage\",\"url\":\"https:\/\/www.monbailleur.fr\/offres-emploi\/wp-content\/uploads\/2023\/06\/mon_bailleur_emploi_placeholder.png\",\"contentUrl\":\"https:\/\/www.monbailleur.fr\/offres-emploi\/wp-content\/uploads\/2023\/06\/mon_bailleur_emploi_placeholder.png\",\"width\":512,\"height\":512},{\"@type\":\"BreadcrumbList\",\"@id\":\"https:\/\/www.monbailleur.fr\/offres-emploi\/poste\/directeur-territorial-adjoint-adoma-77-94-h-f-2#breadcrumb\",\"itemListElement\":[{\"@type\":\"ListItem\",\"position\":1,\"name\":\"Accueil\",\"item\":\"https:\/\/www.monbailleur.fr\/offres-emploi\/\"},{\"@type\":\"ListItem\",\"position\":2,\"name\":\"offres d\u2019emploi\",\"item\":\"https:\/\/www.monbailleur.fr\/offres-emploi\/job-listings\"},{\"@type\":\"ListItem\",\"position\":3,\"name\":\"Directeur Territorial Adjoint &#8211; Adoma (77\/94) H\/F\"}]},{\"@type\":\"WebSite\",\"@id\":\"https:\/\/www.monbailleur.fr\/offres-emploi\/#website\",\"url\":\"https:\/\/www.monbailleur.fr\/offres-emploi\/\",\"name\":\"Monbailleur.fr - Emploi\",\"description\":\"Les offres d&#039;emploi du logement social\",\"publisher\":{\"@id\":\"https:\/\/www.monbailleur.fr\/offres-emploi\/#organization\"},\"potentialAction\":[{\"@type\":\"SearchAction\",\"target\":{\"@type\":\"EntryPoint\",\"urlTemplate\":\"https:\/\/www.monbailleur.fr\/offres-emploi\/?s={search_term_string}\"},\"query-input\":{\"@type\":\"PropertyValueSpecification\",\"valueRequired\":true,\"valueName\":\"search_term_string\"}}],\"inLanguage\":\"fr-FR\"},{\"@type\":\"Organization\",\"@id\":\"https:\/\/www.monbailleur.fr\/offres-emploi\/#organization\",\"name\":\"Monbailleur.fr - Emploi\",\"url\":\"https:\/\/www.monbailleur.fr\/offres-emploi\/\",\"logo\":{\"@type\":\"ImageObject\",\"inLanguage\":\"fr-FR\",\"@id\":\"https:\/\/www.monbailleur.fr\/offres-emploi\/#\/schema\/logo\/image\/\",\"url\":\"https:\/\/www.monbailleur.fr\/offres-emploi\/wp-content\/uploads\/2023\/06\/MonBailleur-1200x675-1.png\",\"contentUrl\":\"https:\/\/www.monbailleur.fr\/offres-emploi\/wp-content\/uploads\/2023\/06\/MonBailleur-1200x675-1.png\",\"width\":1200,\"height\":675,\"caption\":\"Monbailleur.fr - Emploi\"},\"image\":{\"@id\":\"https:\/\/www.monbailleur.fr\/offres-emploi\/#\/schema\/logo\/image\/\"}}]}<\/script>\n<!-- \/ Yoast SEO Premium plugin. -->","yoast_head_json":{"title":"Directeur Territorial Adjoint - Adoma (77\/94) H\/F - Monbailleur.fr - Emploi","robots":{"index":"noindex","follow":"follow"},"og_locale":"fr_FR","og_type":"article","og_title":"Directeur Territorial Adjoint - Adoma (77\/94) H\/F","og_description":"L&rsquo;entreprise: En rejoignant Adoma, vous rejoignez un acteur de la solidarit\u00e9 engag\u00e9 pour le logement et l&rsquo;h\u00e9bergement des personnes en difficult\u00e9 : jeunes en insertion, travailleurs pr\u00e9caires, b\u00e9n\u00e9ficiaires de minima sociaux, travailleurs migrants, familles monoparentales. Pour nos 3 000 collaborateurs, l&rsquo;int\u00e9r\u00eat g\u00e9n\u00e9ral est au centre de nos pr\u00e9occupations avec une conviction qui nous anime :","og_url":"https:\/\/www.monbailleur.fr\/offres-emploi\/poste\/directeur-territorial-adjoint-adoma-77-94-h-f-2","og_site_name":"Monbailleur.fr - Emploi","og_image":[{"width":512,"height":512,"url":"https:\/\/www.monbailleur.fr\/offres-emploi\/wp-content\/uploads\/2023\/06\/mon_bailleur_emploi_placeholder.png","type":"image\/png"}],"twitter_card":"summary_large_image","twitter_misc":{"Dur\u00e9e de lecture estim\u00e9e":"4 minutes"},"schema":{"@context":"https:\/\/schema.org","@graph":[{"@type":"WebPage","@id":"https:\/\/www.monbailleur.fr\/offres-emploi\/poste\/directeur-territorial-adjoint-adoma-77-94-h-f-2","url":"https:\/\/www.monbailleur.fr\/offres-emploi\/poste\/directeur-territorial-adjoint-adoma-77-94-h-f-2","name":"Directeur Territorial Adjoint - Adoma (77\/94) H\/F - Monbailleur.fr - Emploi","isPartOf":{"@id":"https:\/\/www.monbailleur.fr\/offres-emploi\/#website"},"primaryImageOfPage":{"@id":"https:\/\/www.monbailleur.fr\/offres-emploi\/poste\/directeur-territorial-adjoint-adoma-77-94-h-f-2#primaryimage"},"image":{"@id":"https:\/\/www.monbailleur.fr\/offres-emploi\/poste\/directeur-territorial-adjoint-adoma-77-94-h-f-2#primaryimage"},"thumbnailUrl":"https:\/\/www.monbailleur.fr\/offres-emploi\/wp-content\/uploads\/2023\/06\/mon_bailleur_emploi_placeholder.png","datePublished":"2026-04-15T06:00:16+00:00","breadcrumb":{"@id":"https:\/\/www.monbailleur.fr\/offres-emploi\/poste\/directeur-territorial-adjoint-adoma-77-94-h-f-2#breadcrumb"},"inLanguage":"fr-FR","potentialAction":[{"@type":"ReadAction","target":["https:\/\/www.monbailleur.fr\/offres-emploi\/poste\/directeur-territorial-adjoint-adoma-77-94-h-f-2"]}]},{"@type":"ImageObject","inLanguage":"fr-FR","@id":"https:\/\/www.monbailleur.fr\/offres-emploi\/poste\/directeur-territorial-adjoint-adoma-77-94-h-f-2#primaryimage","url":"https:\/\/www.monbailleur.fr\/offres-emploi\/wp-content\/uploads\/2023\/06\/mon_bailleur_emploi_placeholder.png","contentUrl":"https:\/\/www.monbailleur.fr\/offres-emploi\/wp-content\/uploads\/2023\/06\/mon_bailleur_emploi_placeholder.png","width":512,"height":512},{"@type":"BreadcrumbList","@id":"https:\/\/www.monbailleur.fr\/offres-emploi\/poste\/directeur-territorial-adjoint-adoma-77-94-h-f-2#breadcrumb","itemListElement":[{"@type":"ListItem","position":1,"name":"Accueil","item":"https:\/\/www.monbailleur.fr\/offres-emploi\/"},{"@type":"ListItem","position":2,"name":"offres d\u2019emploi","item":"https:\/\/www.monbailleur.fr\/offres-emploi\/job-listings"},{"@type":"ListItem","position":3,"name":"Directeur Territorial Adjoint &#8211; Adoma (77\/94) H\/F"}]},{"@type":"WebSite","@id":"https:\/\/www.monbailleur.fr\/offres-emploi\/#website","url":"https:\/\/www.monbailleur.fr\/offres-emploi\/","name":"Monbailleur.fr - Emploi","description":"Les offres d&#039;emploi du logement social","publisher":{"@id":"https:\/\/www.monbailleur.fr\/offres-emploi\/#organization"},"potentialAction":[{"@type":"SearchAction","target":{"@type":"EntryPoint","urlTemplate":"https:\/\/www.monbailleur.fr\/offres-emploi\/?s={search_term_string}"},"query-input":{"@type":"PropertyValueSpecification","valueRequired":true,"valueName":"search_term_string"}}],"inLanguage":"fr-FR"},{"@type":"Organization","@id":"https:\/\/www.monbailleur.fr\/offres-emploi\/#organization","name":"Monbailleur.fr - Emploi","url":"https:\/\/www.monbailleur.fr\/offres-emploi\/","logo":{"@type":"ImageObject","inLanguage":"fr-FR","@id":"https:\/\/www.monbailleur.fr\/offres-emploi\/#\/schema\/logo\/image\/","url":"https:\/\/www.monbailleur.fr\/offres-emploi\/wp-content\/uploads\/2023\/06\/MonBailleur-1200x675-1.png","contentUrl":"https:\/\/www.monbailleur.fr\/offres-emploi\/wp-content\/uploads\/2023\/06\/MonBailleur-1200x675-1.png","width":1200,"height":675,"caption":"Monbailleur.fr - Emploi"},"image":{"@id":"https:\/\/www.monbailleur.fr\/offres-emploi\/#\/schema\/logo\/image\/"}}]}},"_links":{"self":[{"href":"https:\/\/www.monbailleur.fr\/offres-emploi\/wp-json\/wp\/v2\/job-listings\/36094","targetHints":{"allow":["GET"]}}],"collection":[{"href":"https:\/\/www.monbailleur.fr\/offres-emploi\/wp-json\/wp\/v2\/job-listings"}],"about":[{"href":"https:\/\/www.monbailleur.fr\/offres-emploi\/wp-json\/wp\/v2\/types\/job_listing"}],"wp:featuredmedia":[{"embeddable":true,"href":"https:\/\/www.monbailleur.fr\/offres-emploi\/wp-json\/wp\/v2\/media\/5636"}],"wp:attachment":[{"href":"https:\/\/www.monbailleur.fr\/offres-emploi\/wp-json\/wp\/v2\/media?parent=36094"}],"wp:term":[{"taxonomy":"job_listing_category","embeddable":true,"href":"https:\/\/www.monbailleur.fr\/offres-emploi\/wp-json\/wp\/v2\/job-categories?post=36094"},{"taxonomy":"job_listing_type","embeddable":true,"href":"https:\/\/www.monbailleur.fr\/offres-emploi\/wp-json\/wp\/v2\/job-types?post=36094"}],"curies":[{"name":"wp","href":"https:\/\/api.w.org\/{rel}","templated":true}]}}