{"id":36148,"date":"2026-04-15T08:00:44","date_gmt":"2026-04-15T06:00:44","guid":{"rendered":"https:\/\/www.monbailleur.fr\/offres-emploi\/poste\/charge-de-gestion-locative-et-commerciale-h-f"},"modified":"2026-04-15T08:00:44","modified_gmt":"2026-04-15T06:00:44","slug":"charge-de-gestion-locative-et-commerciale-h-f","status":"publish","type":"job_listing","link":"https:\/\/www.monbailleur.fr\/offres-emploi\/poste\/charge-de-gestion-locative-et-commerciale-h-f","title":{"rendered":"Charg\u00e9 de Gestion Locative et Commerciale H\/F"},"content":{"rendered":"<h2>L&rsquo;entreprise:<\/h2>\n<p>CDC Habitat, anciennement Groupe SNI, est une filiale de la Caisse des d\u00e9p\u00f4ts et consignations ayant pour mission principale la gestion du patrimoine immobilier public. L&rsquo;entreprise g\u00e8re 348 725 logements. En 2005, le groupe SNI se transforme en op\u00e9rateur immobilier global.<\/p>\n<h2>Description:<\/h2>\n<\/p>\n<p>Vous \u00e9voluerez au sein de la Direction Interr\u00e9gionale PACAC de CDC Habitat qui compte 6 agences et 460 collaborateurs.<\/p>\n<p>Nous assurons la gestion et le d\u00e9veloppement d\u2019un patrimoine de plus de 29 000 logements sociaux, interm\u00e9diaires et libres destin\u00e9s aux familles, aux \u00e9tudiants, jeunes actifs, aux personnes \u00e2g\u00e9es et personnes en situation d\u2019exclusion. <\/p>\n<p>La Direction Interr\u00e9gionale PACAC est l\u2019une des six directions Interr\u00e9gionales du groupe CDC Habitat.<\/p>\n<p>Un groupe expert des m\u00e9tiers de la gestion locative, de la construction, de la r\u00e9novation de l\u2019habitat et de la ville. Une entreprise engag\u00e9e au service de l\u2019habitat d\u2019int\u00e9r\u00eat public pour r\u00e9pondre aux d\u00e9fis actuels. Un op\u00e9rateur global, pr\u00e9sent dans l\u2019Hexagone et les Outre-mer, qui offre \u00e0 ses 10 800 collaborateurs un cadre de travail bienveillant et la possibilit\u00e9 d\u2019agir concr\u00e8tement. <\/p>\n<p>Permettre \u00e0 nos candidats locataires d\u2019acc\u00e9der \u00e0 un logement adapt\u00e9 \u00e0 leurs envies et ressources dans le logement social, libre ou encore interm\u00e9diaire et les accompagner tout au long de leur parcours de vie locative, telle est la mission principale de nos charg\u00e9(e)s de gestion locative en agence.<\/p>\n<p>Dans le cadre d\u2019un CDD surcroit d\u2019activit\u00e9 li\u00e9 au plan annuel de mutation et sous la direction de la Cadre de gestion locative de l\u2019agence d&rsquo;Aix-en-Provence, vous viendrez en renfort d\u2019une \u00e9quipe constitu\u00e9e de 6 personnes.<\/p>\n<p>En tant que Charg\u00e9(e) de gestion locative et commercialisation polyvalent(e), agir concr\u00e8tement pour l\u2019int\u00e9r\u00eat g\u00e9n\u00e9ral\u2026<\/p>\n<p>C\u2019est assurer, <\/p>\n<p>&#8211; La gestion administrative li\u00e9e \u00e0 la vie du bail<\/p>\n<p>&#8211; Le traitement de courriers, accueil physique et t\u00e9l\u00e9phonique<\/p>\n<p>C\u2019est garantir,<\/p>\n<p>&#8211; La pr\u00e9paration des dossiers de candidatures pour les commissions d\u2019attribution de logement (CAL)<\/p>\n<p>&#8211; L\u2019instruction des demandes des locataires<\/p>\n<p>C\u2019est participer,<\/p>\n<p>&#8211; A la fiabilit\u00e9 des donn\u00e9es li\u00e9es aux informations patrimoine et \u00e0 la d\u00e9mat\u00e9rialisation des documents dans la GED<\/p>\n<p>C\u2019est collaborer,<\/p>\n<p>&#8211; Avec les p\u00f4les proximit\u00e9 et n\u00e9gociateurs immobiliers locaux lors des remises en location des logements<\/p>\n<h2>Profil:<\/h2>\n<\/p>\n<p>Si vous aussi, vous partagez cette id\u00e9e de notre m\u00e9tier, et avez envie de vous investir dans une mission sociale valorisante et que vous disposez :<\/p>\n<\/p>\n<p>&#8211; D\u2019un bac+2\/3 id\u00e9alement en immobilier<\/p>\n<p>&#8211; Id\u00e9alement d&rsquo;une premi\u00e8re exp\u00e9rience en gestion locative de pr\u00e9f\u00e9rence au sein d\u2019un bailleur et sur un patrimoine diversifi\u00e9<\/p>\n<p>&#8211; D\u2019une app\u00e9tence pour les t\u00e2ches administratives<\/p>\n<p>&#8211; De capacit\u00e9s de rigueur et d\u2019analyse<\/p>\n<p>Alors postulez !<\/p>\n<p>Rejoindre CDC Habitat, c\u2019est b\u00e9n\u00e9ficier d\u2019avantages sociaux :<\/p>\n<p>&#8211; Temps de travail \u00e0 38h\/semaine et 19 RTT\/an<\/p>\n<p>&#8211; Prime anciennet\u00e9, 13eme mois, prime de vacances, prime de participation et int\u00e9ressement plan \u00e9pargne salariale, prime de performance<\/p>\n<p>&#8211; Indemnit\u00e9 de transport ou remboursement transport public sur justificatif \u00e0 hauteur de 75%<\/p>\n<p>&#8211; Compte \u00e9pargne temps<\/p>\n<p>&#8211; Titres-restaurant pris en charge \u00e0 60% par l\u2019employeur<\/p>\n<p>&#8211; Mutuelle familiale et pr\u00e9voyance<\/p>\n<p>&#8211; Prestation CSE<\/p>\n<p>C\u2019est aussi int\u00e9grer un environnement de travail bienveillant :<\/p>\n<p>&#8211; Un management attentif \u00e0 l\u2019\u00e9quilibre entre la vie professionnelle et la vie priv\u00e9e<\/p>\n<p>&#8211; Une entreprise respectueuse de la diversit\u00e9 et de l\u2019\u00e9galit\u00e9 de traitement professionnel entre toutes et tous<\/p>\n<p>&#8211; Une exp\u00e9rience riche et apprenante<\/p>\n<h3>Niveau de dipl\u00f4me:<\/h3>\n<p> BAC+2<\/p>\n<h3>Sp\u00e9cialisations:<\/h3>\n<p>A-DROIT IMMOBILIER<\/p>\n<h3> Entit\u00e9 de rattachement <\/h3>\n<p> Rejoindre le groupe CDC Habitat, c&rsquo;est int\u00e9grer une entreprise au service de l&rsquo;habitat d&rsquo;int\u00e9r\u00eat public. Un groupe expert des m\u00e9tiers de la gestion locative, de la construction, de la r\u00e9novation de l&rsquo;habitat et de la ville. Un groupe engag\u00e9 pour r\u00e9pondre aux d\u00e9fis actuels. Un op\u00e9rateur global, pr\u00e9sent dans l&rsquo;Hexagone et les Outre-mer, qui offre \u00e0 ses 10 800 collaborateurs un cadre de travail bienveillant et la possibilit\u00e9 d&rsquo;agir concr\u00e8tement. <\/p>\n<p>Vous \u00e9voluerez au sein de la direction interr\u00e9gionale Provence Alpes C\u00f4te-d&rsquo;Azur et Corse de CDC Habitat bas\u00e9e \u00e0 Marseille et organis\u00e9e en un r\u00e9seau d&rsquo;agences de gestion locative situ\u00e9es \u00e0 Marseille, Aix-en-Provence, Toulon, Istres, Orange et Nice. Nos 400 collaborateurs assurent la gestion et le d\u00e9veloppement d&rsquo;un patrimoine de plus de 27 000 logements sociaux, interm\u00e9diaires et abordables destin\u00e9s aux familles, aux \u00e9tudiants, jeunes actifs, aux personnes \u00e2g\u00e9es et personnes fragilis\u00e9es et\/ou en situation de handicap. <\/p>\n<p>CDC Habitat s&rsquo;engage en faveur de la diversit\u00e9, l&rsquo;\u00e9galit\u00e9 professionnelle, l&#8217;emploi des travailleurs handicap\u00e9s.<\/p>\n<p>Agent de Maitrise<\/p>\n","protected":false},"author":0,"featured_media":3651,"template":"","meta":{"_promoted":"","_job_location":"France, Provence-Cote d'Azur, Bouches du Rh\u00f4ne (13) Aix-en-Provence","_application":"https:\/\/emploi.cdc-habitat.com\/offre-de-emploi\/emploi-charge-de-gestion-locative-et-commerciale-h-f_11950.aspx?utm_source=monbailleur.fr","_company_name":"CDC Habitat","_company_website":"https:\/\/www.cdc-habitat.fr\/","_company_tagline":"","_company_twitter":"","_company_video":"","_filled":0,"_featured":0,"_remote_position":0,"_job_salary":"","_job_salary_currency":"","_job_salary_unit":""},"job-categories":[78],"job-types":[52],"class_list":{"0":"post-36148","1":"job_listing","2":"type-job_listing","3":"status-publish","4":"has-post-thumbnail","5":"hentry","6":"job_listing_category-autres","7":"job_listing_type-cdd","9":"job-type-cdd"},"yoast_head":"<!-- This site is optimized with the Yoast SEO Premium plugin v22.4 (Yoast SEO v25.1) - https:\/\/yoast.com\/wordpress\/plugins\/seo\/ -->\n<title>Charg\u00e9 de Gestion Locative et Commerciale H\/F - Monbailleur.fr - Emploi<\/title>\n<meta name=\"robots\" content=\"noindex, follow\" \/>\n<meta property=\"og:locale\" content=\"fr_FR\" \/>\n<meta property=\"og:type\" content=\"article\" \/>\n<meta property=\"og:title\" content=\"Charg\u00e9 de Gestion Locative et Commerciale H\/F\" \/>\n<meta property=\"og:description\" content=\"L&rsquo;entreprise: CDC Habitat, anciennement Groupe SNI, est une filiale de la Caisse des d\u00e9p\u00f4ts et consignations ayant pour mission principale la gestion du patrimoine immobilier public. L&rsquo;entreprise g\u00e8re 348 725 logements. En 2005, le groupe SNI se transforme en op\u00e9rateur immobilier global. Description: Vous \u00e9voluerez au sein de la Direction Interr\u00e9gionale PACAC de CDC Habitat\" \/>\n<meta property=\"og:url\" content=\"https:\/\/www.monbailleur.fr\/offres-emploi\/poste\/charge-de-gestion-locative-et-commerciale-h-f\" \/>\n<meta property=\"og:site_name\" content=\"Monbailleur.fr - Emploi\" \/>\n<meta property=\"og:image\" content=\"https:\/\/www.monbailleur.fr\/offres-emploi\/wp-content\/uploads\/2023\/06\/cdc-habitat.png\" \/>\n\t<meta property=\"og:image:width\" content=\"291\" \/>\n\t<meta property=\"og:image:height\" content=\"73\" \/>\n\t<meta property=\"og:image:type\" content=\"image\/png\" \/>\n<meta name=\"twitter:card\" content=\"summary_large_image\" \/>\n<meta name=\"twitter:label1\" content=\"Dur\u00e9e de lecture estim\u00e9e\" \/>\n\t<meta name=\"twitter:data1\" content=\"4 minutes\" \/>\n<script type=\"application\/ld+json\" class=\"yoast-schema-graph\">{\"@context\":\"https:\/\/schema.org\",\"@graph\":[{\"@type\":\"WebPage\",\"@id\":\"https:\/\/www.monbailleur.fr\/offres-emploi\/poste\/charge-de-gestion-locative-et-commerciale-h-f\",\"url\":\"https:\/\/www.monbailleur.fr\/offres-emploi\/poste\/charge-de-gestion-locative-et-commerciale-h-f\",\"name\":\"Charg\u00e9 de Gestion Locative et Commerciale H\/F - Monbailleur.fr - Emploi\",\"isPartOf\":{\"@id\":\"https:\/\/www.monbailleur.fr\/offres-emploi\/#website\"},\"primaryImageOfPage\":{\"@id\":\"https:\/\/www.monbailleur.fr\/offres-emploi\/poste\/charge-de-gestion-locative-et-commerciale-h-f#primaryimage\"},\"image\":{\"@id\":\"https:\/\/www.monbailleur.fr\/offres-emploi\/poste\/charge-de-gestion-locative-et-commerciale-h-f#primaryimage\"},\"thumbnailUrl\":\"https:\/\/www.monbailleur.fr\/offres-emploi\/wp-content\/uploads\/2023\/06\/cdc-habitat.png\",\"datePublished\":\"2026-04-15T06:00:44+00:00\",\"breadcrumb\":{\"@id\":\"https:\/\/www.monbailleur.fr\/offres-emploi\/poste\/charge-de-gestion-locative-et-commerciale-h-f#breadcrumb\"},\"inLanguage\":\"fr-FR\",\"potentialAction\":[{\"@type\":\"ReadAction\",\"target\":[\"https:\/\/www.monbailleur.fr\/offres-emploi\/poste\/charge-de-gestion-locative-et-commerciale-h-f\"]}]},{\"@type\":\"ImageObject\",\"inLanguage\":\"fr-FR\",\"@id\":\"https:\/\/www.monbailleur.fr\/offres-emploi\/poste\/charge-de-gestion-locative-et-commerciale-h-f#primaryimage\",\"url\":\"https:\/\/www.monbailleur.fr\/offres-emploi\/wp-content\/uploads\/2023\/06\/cdc-habitat.png\",\"contentUrl\":\"https:\/\/www.monbailleur.fr\/offres-emploi\/wp-content\/uploads\/2023\/06\/cdc-habitat.png\",\"width\":291,\"height\":73},{\"@type\":\"BreadcrumbList\",\"@id\":\"https:\/\/www.monbailleur.fr\/offres-emploi\/poste\/charge-de-gestion-locative-et-commerciale-h-f#breadcrumb\",\"itemListElement\":[{\"@type\":\"ListItem\",\"position\":1,\"name\":\"Accueil\",\"item\":\"https:\/\/www.monbailleur.fr\/offres-emploi\/\"},{\"@type\":\"ListItem\",\"position\":2,\"name\":\"offres d\u2019emploi\",\"item\":\"https:\/\/www.monbailleur.fr\/offres-emploi\/job-listings\"},{\"@type\":\"ListItem\",\"position\":3,\"name\":\"Charg\u00e9 de Gestion Locative et Commerciale H\/F\"}]},{\"@type\":\"WebSite\",\"@id\":\"https:\/\/www.monbailleur.fr\/offres-emploi\/#website\",\"url\":\"https:\/\/www.monbailleur.fr\/offres-emploi\/\",\"name\":\"Monbailleur.fr - Emploi\",\"description\":\"Les offres d&#039;emploi du logement social\",\"publisher\":{\"@id\":\"https:\/\/www.monbailleur.fr\/offres-emploi\/#organization\"},\"potentialAction\":[{\"@type\":\"SearchAction\",\"target\":{\"@type\":\"EntryPoint\",\"urlTemplate\":\"https:\/\/www.monbailleur.fr\/offres-emploi\/?s={search_term_string}\"},\"query-input\":{\"@type\":\"PropertyValueSpecification\",\"valueRequired\":true,\"valueName\":\"search_term_string\"}}],\"inLanguage\":\"fr-FR\"},{\"@type\":\"Organization\",\"@id\":\"https:\/\/www.monbailleur.fr\/offres-emploi\/#organization\",\"name\":\"Monbailleur.fr - Emploi\",\"url\":\"https:\/\/www.monbailleur.fr\/offres-emploi\/\",\"logo\":{\"@type\":\"ImageObject\",\"inLanguage\":\"fr-FR\",\"@id\":\"https:\/\/www.monbailleur.fr\/offres-emploi\/#\/schema\/logo\/image\/\",\"url\":\"https:\/\/www.monbailleur.fr\/offres-emploi\/wp-content\/uploads\/2023\/06\/MonBailleur-1200x675-1.png\",\"contentUrl\":\"https:\/\/www.monbailleur.fr\/offres-emploi\/wp-content\/uploads\/2023\/06\/MonBailleur-1200x675-1.png\",\"width\":1200,\"height\":675,\"caption\":\"Monbailleur.fr - Emploi\"},\"image\":{\"@id\":\"https:\/\/www.monbailleur.fr\/offres-emploi\/#\/schema\/logo\/image\/\"}}]}<\/script>\n<!-- \/ Yoast SEO Premium plugin. -->","yoast_head_json":{"title":"Charg\u00e9 de Gestion Locative et Commerciale H\/F - Monbailleur.fr - Emploi","robots":{"index":"noindex","follow":"follow"},"og_locale":"fr_FR","og_type":"article","og_title":"Charg\u00e9 de Gestion Locative et Commerciale H\/F","og_description":"L&rsquo;entreprise: CDC Habitat, anciennement Groupe SNI, est une filiale de la Caisse des d\u00e9p\u00f4ts et consignations ayant pour mission principale la gestion du patrimoine immobilier public. L&rsquo;entreprise g\u00e8re 348 725 logements. En 2005, le groupe SNI se transforme en op\u00e9rateur immobilier global. Description: Vous \u00e9voluerez au sein de la Direction Interr\u00e9gionale PACAC de CDC Habitat","og_url":"https:\/\/www.monbailleur.fr\/offres-emploi\/poste\/charge-de-gestion-locative-et-commerciale-h-f","og_site_name":"Monbailleur.fr - Emploi","og_image":[{"width":291,"height":73,"url":"https:\/\/www.monbailleur.fr\/offres-emploi\/wp-content\/uploads\/2023\/06\/cdc-habitat.png","type":"image\/png"}],"twitter_card":"summary_large_image","twitter_misc":{"Dur\u00e9e de lecture estim\u00e9e":"4 minutes"},"schema":{"@context":"https:\/\/schema.org","@graph":[{"@type":"WebPage","@id":"https:\/\/www.monbailleur.fr\/offres-emploi\/poste\/charge-de-gestion-locative-et-commerciale-h-f","url":"https:\/\/www.monbailleur.fr\/offres-emploi\/poste\/charge-de-gestion-locative-et-commerciale-h-f","name":"Charg\u00e9 de Gestion Locative et Commerciale H\/F - Monbailleur.fr - Emploi","isPartOf":{"@id":"https:\/\/www.monbailleur.fr\/offres-emploi\/#website"},"primaryImageOfPage":{"@id":"https:\/\/www.monbailleur.fr\/offres-emploi\/poste\/charge-de-gestion-locative-et-commerciale-h-f#primaryimage"},"image":{"@id":"https:\/\/www.monbailleur.fr\/offres-emploi\/poste\/charge-de-gestion-locative-et-commerciale-h-f#primaryimage"},"thumbnailUrl":"https:\/\/www.monbailleur.fr\/offres-emploi\/wp-content\/uploads\/2023\/06\/cdc-habitat.png","datePublished":"2026-04-15T06:00:44+00:00","breadcrumb":{"@id":"https:\/\/www.monbailleur.fr\/offres-emploi\/poste\/charge-de-gestion-locative-et-commerciale-h-f#breadcrumb"},"inLanguage":"fr-FR","potentialAction":[{"@type":"ReadAction","target":["https:\/\/www.monbailleur.fr\/offres-emploi\/poste\/charge-de-gestion-locative-et-commerciale-h-f"]}]},{"@type":"ImageObject","inLanguage":"fr-FR","@id":"https:\/\/www.monbailleur.fr\/offres-emploi\/poste\/charge-de-gestion-locative-et-commerciale-h-f#primaryimage","url":"https:\/\/www.monbailleur.fr\/offres-emploi\/wp-content\/uploads\/2023\/06\/cdc-habitat.png","contentUrl":"https:\/\/www.monbailleur.fr\/offres-emploi\/wp-content\/uploads\/2023\/06\/cdc-habitat.png","width":291,"height":73},{"@type":"BreadcrumbList","@id":"https:\/\/www.monbailleur.fr\/offres-emploi\/poste\/charge-de-gestion-locative-et-commerciale-h-f#breadcrumb","itemListElement":[{"@type":"ListItem","position":1,"name":"Accueil","item":"https:\/\/www.monbailleur.fr\/offres-emploi\/"},{"@type":"ListItem","position":2,"name":"offres d\u2019emploi","item":"https:\/\/www.monbailleur.fr\/offres-emploi\/job-listings"},{"@type":"ListItem","position":3,"name":"Charg\u00e9 de Gestion Locative et Commerciale H\/F"}]},{"@type":"WebSite","@id":"https:\/\/www.monbailleur.fr\/offres-emploi\/#website","url":"https:\/\/www.monbailleur.fr\/offres-emploi\/","name":"Monbailleur.fr - Emploi","description":"Les offres d&#039;emploi du logement social","publisher":{"@id":"https:\/\/www.monbailleur.fr\/offres-emploi\/#organization"},"potentialAction":[{"@type":"SearchAction","target":{"@type":"EntryPoint","urlTemplate":"https:\/\/www.monbailleur.fr\/offres-emploi\/?s={search_term_string}"},"query-input":{"@type":"PropertyValueSpecification","valueRequired":true,"valueName":"search_term_string"}}],"inLanguage":"fr-FR"},{"@type":"Organization","@id":"https:\/\/www.monbailleur.fr\/offres-emploi\/#organization","name":"Monbailleur.fr - Emploi","url":"https:\/\/www.monbailleur.fr\/offres-emploi\/","logo":{"@type":"ImageObject","inLanguage":"fr-FR","@id":"https:\/\/www.monbailleur.fr\/offres-emploi\/#\/schema\/logo\/image\/","url":"https:\/\/www.monbailleur.fr\/offres-emploi\/wp-content\/uploads\/2023\/06\/MonBailleur-1200x675-1.png","contentUrl":"https:\/\/www.monbailleur.fr\/offres-emploi\/wp-content\/uploads\/2023\/06\/MonBailleur-1200x675-1.png","width":1200,"height":675,"caption":"Monbailleur.fr - Emploi"},"image":{"@id":"https:\/\/www.monbailleur.fr\/offres-emploi\/#\/schema\/logo\/image\/"}}]}},"_links":{"self":[{"href":"https:\/\/www.monbailleur.fr\/offres-emploi\/wp-json\/wp\/v2\/job-listings\/36148","targetHints":{"allow":["GET"]}}],"collection":[{"href":"https:\/\/www.monbailleur.fr\/offres-emploi\/wp-json\/wp\/v2\/job-listings"}],"about":[{"href":"https:\/\/www.monbailleur.fr\/offres-emploi\/wp-json\/wp\/v2\/types\/job_listing"}],"wp:featuredmedia":[{"embeddable":true,"href":"https:\/\/www.monbailleur.fr\/offres-emploi\/wp-json\/wp\/v2\/media\/3651"}],"wp:attachment":[{"href":"https:\/\/www.monbailleur.fr\/offres-emploi\/wp-json\/wp\/v2\/media?parent=36148"}],"wp:term":[{"taxonomy":"job_listing_category","embeddable":true,"href":"https:\/\/www.monbailleur.fr\/offres-emploi\/wp-json\/wp\/v2\/job-categories?post=36148"},{"taxonomy":"job_listing_type","embeddable":true,"href":"https:\/\/www.monbailleur.fr\/offres-emploi\/wp-json\/wp\/v2\/job-types?post=36148"}],"curies":[{"name":"wp","href":"https:\/\/api.w.org\/{rel}","templated":true}]}}