{"id":36163,"date":"2026-04-16T08:00:15","date_gmt":"2026-04-16T06:00:15","guid":{"rendered":"https:\/\/www.monbailleur.fr\/offres-emploi\/poste\/charge-de-coproprietes-cdc-habitat-social-h-f-h-f"},"modified":"2026-04-16T08:00:15","modified_gmt":"2026-04-16T06:00:15","slug":"charge-de-coproprietes-cdc-habitat-social-h-f-h-f","status":"publish","type":"job_listing","link":"https:\/\/www.monbailleur.fr\/offres-emploi\/poste\/charge-de-coproprietes-cdc-habitat-social-h-f-h-f","title":{"rendered":"Charg\u00e9 de copropri\u00e9t\u00e9s &#8211; CDC Habitat Social &#8211; H\/F H\/F"},"content":{"rendered":"<h2>L&rsquo;entreprise:<\/h2>\n<p>CDC Habitat, anciennement Groupe SNI, est une filiale de la Caisse des d\u00e9p\u00f4ts et consignations ayant pour mission principale la gestion du patrimoine immobilier public. L&rsquo;entreprise g\u00e8re 348 725 logements. En 2005, le groupe SNI se transforme en op\u00e9rateur immobilier global.<\/p>\n<h2>Description:<\/h2>\n<\/p>\n<p><strong>Une mission d\u2019int\u00e9r\u00eat g\u00e9n\u00e9ral<\/strong><\/p>\n<p>Le groupe CDC Habitat contribue \u00e0 l\u2019am\u00e9lioration des conditions de logement de ses locataires en apportant son expertise de bailleur dans les d\u00e9cisions prises en faveur de nos copropri\u00e9t\u00e9s.<\/p>\n<p>Au sein de la Direction Interr\u00e9gionale Grand Ouest, \u00e0 Nantes, dans le cadre d\u2019un CDI, vous rejoindrez notre p\u00f4le copropri\u00e9t\u00e9s compos\u00e9 de 5 personnes, et apporterez votre expertise dans la gestion des copropri\u00e9t\u00e9s en soutien aux \u00e9quipes op\u00e9rationnelles.<\/p>\n<p>En tant que Charg\u00e9(e) de copropri\u00e9t\u00e9s dans le secteur de l\u2019Habitat, agir concr\u00e8tement pour l\u2019int\u00e9r\u00eat g\u00e9n\u00e9ral \u2026<\/p>\n<p><strong>C\u2019est participer,<\/strong><\/p>\n<p>&#8211; Aux montages de mise en copropri\u00e9t\u00e9 sur des programmes neufs ou mis en vente,<\/p>\n<p>&#8211; A la n\u00e9gociation de la r\u00e9daction des r\u00e8glements de copropri\u00e9t\u00e9s ou statuts.<\/p>\n<p><strong>C\u2019est accompagner,<\/strong><\/p>\n<p>&#8211; Les \u00e9quipes de proximit\u00e9 en tant qu&rsquo;expert(e) ; bonnes connaissances des lois et r\u00e8glements qui r\u00e9gissent la copropri\u00e9t\u00e9),<\/p>\n<p>&#8211; Les \u00e9quipes de proximit\u00e9 sur la priorisation de leur portefeuille,<\/p>\n<p>&#8211; La mise en service des immeubles et de la copropri\u00e9t\u00e9 (sur les projets de convocation avec le syndic),<\/p>\n<p>&#8211; Et \u00e9mettre des avis sur les projets de r\u00e9solutions des Assembl\u00e9es G\u00e9n\u00e9rales.<\/p>\n<p><strong>C\u2019est g\u00e9rer,<\/strong><\/p>\n<p>&#8211; Un portefeuille d&rsquo;immeubles en multipropri\u00e9t\u00e9 (engagements financiers, contr\u00f4le des convocations et PV d\u2019AG)<\/p>\n<p>&#8211; La fiabilisation des donn\u00e9es administratives des immeubles en copropri\u00e9t\u00e9s (convocation, PV d\u2019AG, r\u00e8glements de copropri\u00e9t\u00e9s, statuts aful asl)<\/p>\n<p>&#8211; La consultation des futurs syndics, contr\u00f4ler leur activit\u00e9, fluidifier les \u00e9changes avec ces partenaires.<\/p>\n<h2>Profil:<\/h2>\n<\/p>\n<p>La qualit\u00e9 durable de nos immeubles et la satisfaction de nos clients locataires guident notre action. L\u2019\u00e9coute des besoins, la r\u00e9activit\u00e9 de nos interventions et la qualit\u00e9 des travaux engag\u00e9s garantissent la r\u00e9ussite de cette mission d\u2019int\u00e9r\u00eat g\u00e9n\u00e9ral. <\/p>\n<p><span style=\"text-decoration: underline\">Si vous aussi, vous partagez cette id\u00e9e de notre m\u00e9tier, avec en plus :<\/span><\/p>\n<p>&#8211; Une exp\u00e9rience confirm\u00e9e, de plusieurs ann\u00e9es, en tant que Gestionnaire copropri\u00e9t\u00e9s ou Gestionnaire locatif dans un cabinet d\u2019Administration de Biens.<\/p>\n<p>&#8211; De l\u2019exp\u00e9rience de gestion des livraisons d\u2019op\u00e9rations neuves avec mise en service de l\u2019immeuble et AG constitutive.<\/p>\n<p>&#8211; Une bonne connaissance r\u00e9cente des organisations multipropri\u00e9t\u00e9s : ASL, AFUL, SDC.<\/p>\n<p>&#8211; La participation \u00e0 des r\u00e9unions de montage avec les promoteurs et g\u00e9om\u00e8tres serait un plus.<\/p>\n<p>&#8211; Une formation dans l\u2019Immobilier (minimum Bac + 3), une formation ICH serait un plus.<\/p>\n<p>&#8211; Des qualit\u00e9s de rigueur, organisation et communication<\/p>\n<p><span style=\"text-decoration: underline\">Postulez !<\/span><\/p>\n<p><strong>Rejoindre CDC Habitat, C\u2019est b\u00e9n\u00e9ficier d\u2019avantages :<\/strong><br \/> . T\u00e9l\u00e9travail possible<\/p>\n<p>. Temps de travail : Cadre au forfait 208 travaill\u00e9s \/ an<\/p>\n<p>. 13 mois de salaire et primes (participation, int\u00e9ressement, objectifs \u2026 )<br \/> . Participation aux frais de transport<br \/> . Compte \u00c9pargne temps<br \/> . Titres-restaurant<br \/> . Mutuelle familiale et pr\u00e9voyance<\/p>\n<p>. Prestations CSE<\/p>\n<p> <strong>C\u2019est aussi int\u00e9grer un environnement de travail bienveillant :<\/strong><\/p>\n<p>. Un management attentif \u00e0 l\u2019\u00e9quilibre entre la vie professionnelle et la vie priv\u00e9e<br \/> . Une entreprise respectueuse de la diversit\u00e9 et de l\u2019\u00e9galit\u00e9 de traitement professionnel entre toutes et tous<br \/> . Une exp\u00e9rience riche et apprenante<\/p>\n<p><span style=\"text-decoration: underline\">Dans le cadre du processus de recrutement,<\/span><\/p>\n<p>&#8211; lors d\u2019un 1er entretien, vous rencontrerez la Responsable RH adjointe Grand Ouest ainsi que le Responsable Copropri\u00e9t\u00e9s Grand Ouest<\/p>\n<p>&#8211; lors d\u2019un 2nd entretien, vous rencontrerez la Responsable RH Grand Ouest ainsi que le Directeur de la Gestion Locative Grand Ouest<\/p>\n<p><strong>Travailler pour le groupe CDC Habitat, c\u2019est une belle entreprise !<\/strong><\/p>\n<p><span style=\"text-decoration: underline\"><em>Votre r\u00e9mun\u00e9ration : selon profil et exp\u00e9rience<\/em><\/span><\/p>\n<\/p>\n<h3>Niveau de dipl\u00f4me:<\/h3>\n<p> BAC+2<\/p>\n<h3>Sp\u00e9cialisations:<\/h3>\n<ul>\n<li>DROIT IMMOBILIER<\/li>\n<li>A-DROIT IMMOBILIER<\/li>\n<li>A-GESTION IMMOBILIERE<\/li>\n<li>A-IMMOBILIER<\/li>\n<\/ul>\n<h3> Entit\u00e9 de rattachement <\/h3>\n<p> Rejoindre le groupe CDC Habitat, c&rsquo;est int\u00e9grer une entreprise au service de l&rsquo;habitat d&rsquo;int\u00e9r\u00eat public. Un groupe expert des m\u00e9tiers de la gestion locative, de la construction, de la r\u00e9novation de l&rsquo;habitat et de la ville. Un groupe engag\u00e9 pour r\u00e9pondre aux d\u00e9fis actuels. Un op\u00e9rateur global, pr\u00e9sent dans l&rsquo;Hexagone et les Outre-mer, qui offre \u00e0 ses 10 800 collaborateurs un cadre de travail bienveillant et la possibilit\u00e9 d&rsquo;agir concr\u00e8tement. <\/p>\n<p>Vous \u00e9voluerez au sein de la direction interr\u00e9gionale Grand Ouest de CDC Habitat, bas\u00e9e \u00e0 Nantes et organis\u00e9e en r\u00e9seau d&rsquo;agences de gestion locative situ\u00e9es \u00e0 H\u00e9rouville-Saint-Clair, Rouen, Cou\u00e9ron, Le Mans, Tours et Orl\u00e9ans. Nos 400 collaborateurs assurent la gestion et le d\u00e9veloppement d&rsquo;un patrimoine de 36 000 logements sociaux, interm\u00e9diaires et abordables destin\u00e9s aux familles, aux \u00e9tudiants, jeunes actifs, aux personnes \u00e2g\u00e9es et personnes fragilis\u00e9es et\/ou en situation de handicap. <\/p>\n<p>CDC Habitat s&rsquo;engage en faveur de la diversit\u00e9, l&rsquo;\u00e9galit\u00e9 professionnelle, l&#8217;emploi des travailleurs handicap\u00e9s.<\/p>\n<p>Cadre<\/p>\n","protected":false},"author":0,"featured_media":3651,"template":"","meta":{"_promoted":"","_job_location":"France, Pays de Loire, Loire Atlantique (44) 1 rue des Sassafras NANTES","_application":"https:\/\/emploi.cdc-habitat.com\/offre-de-emploi\/emploi-charge-de-coproprietes-cdc-habitat-social-h-f-h-f_12082.aspx?utm_source=monbailleur.fr","_company_name":"CDC Habitat","_company_website":"https:\/\/www.cdc-habitat.fr\/","_company_tagline":"","_company_twitter":"","_company_video":"","_filled":0,"_featured":0,"_remote_position":0,"_job_salary":"","_job_salary_currency":"","_job_salary_unit":""},"job-categories":[78],"job-types":[63],"class_list":{"0":"post-36163","1":"job_listing","2":"type-job_listing","3":"status-publish","4":"has-post-thumbnail","5":"hentry","6":"job_listing_category-autres","7":"job_listing_type-cdi","9":"job-type-cdi"},"yoast_head":"<!-- This site is optimized with the Yoast SEO Premium plugin v22.4 (Yoast SEO v25.1) - https:\/\/yoast.com\/wordpress\/plugins\/seo\/ -->\n<title>Charg\u00e9 de copropri\u00e9t\u00e9s - CDC Habitat Social - H\/F H\/F - Monbailleur.fr - Emploi<\/title>\n<meta name=\"robots\" content=\"noindex, follow\" \/>\n<meta property=\"og:locale\" content=\"fr_FR\" \/>\n<meta property=\"og:type\" content=\"article\" \/>\n<meta property=\"og:title\" content=\"Charg\u00e9 de copropri\u00e9t\u00e9s - CDC Habitat Social - H\/F H\/F\" \/>\n<meta property=\"og:description\" content=\"L&rsquo;entreprise: CDC Habitat, anciennement Groupe SNI, est une filiale de la Caisse des d\u00e9p\u00f4ts et consignations ayant pour mission principale la gestion du patrimoine immobilier public. L&rsquo;entreprise g\u00e8re 348 725 logements. En 2005, le groupe SNI se transforme en op\u00e9rateur immobilier global. Description: Une mission d\u2019int\u00e9r\u00eat g\u00e9n\u00e9ral Le groupe CDC Habitat contribue \u00e0 l\u2019am\u00e9lioration des\" \/>\n<meta property=\"og:url\" content=\"https:\/\/www.monbailleur.fr\/offres-emploi\/poste\/charge-de-coproprietes-cdc-habitat-social-h-f-h-f\" \/>\n<meta property=\"og:site_name\" content=\"Monbailleur.fr - Emploi\" \/>\n<meta property=\"og:image\" content=\"https:\/\/www.monbailleur.fr\/offres-emploi\/wp-content\/uploads\/2023\/06\/cdc-habitat.png\" \/>\n\t<meta property=\"og:image:width\" content=\"291\" \/>\n\t<meta property=\"og:image:height\" content=\"73\" \/>\n\t<meta property=\"og:image:type\" content=\"image\/png\" \/>\n<meta name=\"twitter:card\" content=\"summary_large_image\" \/>\n<meta name=\"twitter:label1\" content=\"Dur\u00e9e de lecture estim\u00e9e\" \/>\n\t<meta name=\"twitter:data1\" content=\"4 minutes\" \/>\n<script type=\"application\/ld+json\" class=\"yoast-schema-graph\">{\"@context\":\"https:\/\/schema.org\",\"@graph\":[{\"@type\":\"WebPage\",\"@id\":\"https:\/\/www.monbailleur.fr\/offres-emploi\/poste\/charge-de-coproprietes-cdc-habitat-social-h-f-h-f\",\"url\":\"https:\/\/www.monbailleur.fr\/offres-emploi\/poste\/charge-de-coproprietes-cdc-habitat-social-h-f-h-f\",\"name\":\"Charg\u00e9 de copropri\u00e9t\u00e9s - CDC Habitat Social - H\/F H\/F - Monbailleur.fr - Emploi\",\"isPartOf\":{\"@id\":\"https:\/\/www.monbailleur.fr\/offres-emploi\/#website\"},\"primaryImageOfPage\":{\"@id\":\"https:\/\/www.monbailleur.fr\/offres-emploi\/poste\/charge-de-coproprietes-cdc-habitat-social-h-f-h-f#primaryimage\"},\"image\":{\"@id\":\"https:\/\/www.monbailleur.fr\/offres-emploi\/poste\/charge-de-coproprietes-cdc-habitat-social-h-f-h-f#primaryimage\"},\"thumbnailUrl\":\"https:\/\/www.monbailleur.fr\/offres-emploi\/wp-content\/uploads\/2023\/06\/cdc-habitat.png\",\"datePublished\":\"2026-04-16T06:00:15+00:00\",\"breadcrumb\":{\"@id\":\"https:\/\/www.monbailleur.fr\/offres-emploi\/poste\/charge-de-coproprietes-cdc-habitat-social-h-f-h-f#breadcrumb\"},\"inLanguage\":\"fr-FR\",\"potentialAction\":[{\"@type\":\"ReadAction\",\"target\":[\"https:\/\/www.monbailleur.fr\/offres-emploi\/poste\/charge-de-coproprietes-cdc-habitat-social-h-f-h-f\"]}]},{\"@type\":\"ImageObject\",\"inLanguage\":\"fr-FR\",\"@id\":\"https:\/\/www.monbailleur.fr\/offres-emploi\/poste\/charge-de-coproprietes-cdc-habitat-social-h-f-h-f#primaryimage\",\"url\":\"https:\/\/www.monbailleur.fr\/offres-emploi\/wp-content\/uploads\/2023\/06\/cdc-habitat.png\",\"contentUrl\":\"https:\/\/www.monbailleur.fr\/offres-emploi\/wp-content\/uploads\/2023\/06\/cdc-habitat.png\",\"width\":291,\"height\":73},{\"@type\":\"BreadcrumbList\",\"@id\":\"https:\/\/www.monbailleur.fr\/offres-emploi\/poste\/charge-de-coproprietes-cdc-habitat-social-h-f-h-f#breadcrumb\",\"itemListElement\":[{\"@type\":\"ListItem\",\"position\":1,\"name\":\"Accueil\",\"item\":\"https:\/\/www.monbailleur.fr\/offres-emploi\/\"},{\"@type\":\"ListItem\",\"position\":2,\"name\":\"offres d\u2019emploi\",\"item\":\"https:\/\/www.monbailleur.fr\/offres-emploi\/job-listings\"},{\"@type\":\"ListItem\",\"position\":3,\"name\":\"Charg\u00e9 de copropri\u00e9t\u00e9s &#8211; CDC Habitat Social &#8211; H\/F H\/F\"}]},{\"@type\":\"WebSite\",\"@id\":\"https:\/\/www.monbailleur.fr\/offres-emploi\/#website\",\"url\":\"https:\/\/www.monbailleur.fr\/offres-emploi\/\",\"name\":\"Monbailleur.fr - Emploi\",\"description\":\"Les offres d&#039;emploi du logement social\",\"publisher\":{\"@id\":\"https:\/\/www.monbailleur.fr\/offres-emploi\/#organization\"},\"potentialAction\":[{\"@type\":\"SearchAction\",\"target\":{\"@type\":\"EntryPoint\",\"urlTemplate\":\"https:\/\/www.monbailleur.fr\/offres-emploi\/?s={search_term_string}\"},\"query-input\":{\"@type\":\"PropertyValueSpecification\",\"valueRequired\":true,\"valueName\":\"search_term_string\"}}],\"inLanguage\":\"fr-FR\"},{\"@type\":\"Organization\",\"@id\":\"https:\/\/www.monbailleur.fr\/offres-emploi\/#organization\",\"name\":\"Monbailleur.fr - Emploi\",\"url\":\"https:\/\/www.monbailleur.fr\/offres-emploi\/\",\"logo\":{\"@type\":\"ImageObject\",\"inLanguage\":\"fr-FR\",\"@id\":\"https:\/\/www.monbailleur.fr\/offres-emploi\/#\/schema\/logo\/image\/\",\"url\":\"https:\/\/www.monbailleur.fr\/offres-emploi\/wp-content\/uploads\/2023\/06\/MonBailleur-1200x675-1.png\",\"contentUrl\":\"https:\/\/www.monbailleur.fr\/offres-emploi\/wp-content\/uploads\/2023\/06\/MonBailleur-1200x675-1.png\",\"width\":1200,\"height\":675,\"caption\":\"Monbailleur.fr - Emploi\"},\"image\":{\"@id\":\"https:\/\/www.monbailleur.fr\/offres-emploi\/#\/schema\/logo\/image\/\"}}]}<\/script>\n<!-- \/ Yoast SEO Premium plugin. -->","yoast_head_json":{"title":"Charg\u00e9 de copropri\u00e9t\u00e9s - CDC Habitat Social - H\/F H\/F - Monbailleur.fr - Emploi","robots":{"index":"noindex","follow":"follow"},"og_locale":"fr_FR","og_type":"article","og_title":"Charg\u00e9 de copropri\u00e9t\u00e9s - CDC Habitat Social - H\/F H\/F","og_description":"L&rsquo;entreprise: CDC Habitat, anciennement Groupe SNI, est une filiale de la Caisse des d\u00e9p\u00f4ts et consignations ayant pour mission principale la gestion du patrimoine immobilier public. L&rsquo;entreprise g\u00e8re 348 725 logements. En 2005, le groupe SNI se transforme en op\u00e9rateur immobilier global. Description: Une mission d\u2019int\u00e9r\u00eat g\u00e9n\u00e9ral Le groupe CDC Habitat contribue \u00e0 l\u2019am\u00e9lioration des","og_url":"https:\/\/www.monbailleur.fr\/offres-emploi\/poste\/charge-de-coproprietes-cdc-habitat-social-h-f-h-f","og_site_name":"Monbailleur.fr - Emploi","og_image":[{"width":291,"height":73,"url":"https:\/\/www.monbailleur.fr\/offres-emploi\/wp-content\/uploads\/2023\/06\/cdc-habitat.png","type":"image\/png"}],"twitter_card":"summary_large_image","twitter_misc":{"Dur\u00e9e de lecture estim\u00e9e":"4 minutes"},"schema":{"@context":"https:\/\/schema.org","@graph":[{"@type":"WebPage","@id":"https:\/\/www.monbailleur.fr\/offres-emploi\/poste\/charge-de-coproprietes-cdc-habitat-social-h-f-h-f","url":"https:\/\/www.monbailleur.fr\/offres-emploi\/poste\/charge-de-coproprietes-cdc-habitat-social-h-f-h-f","name":"Charg\u00e9 de copropri\u00e9t\u00e9s - CDC Habitat Social - H\/F H\/F - Monbailleur.fr - Emploi","isPartOf":{"@id":"https:\/\/www.monbailleur.fr\/offres-emploi\/#website"},"primaryImageOfPage":{"@id":"https:\/\/www.monbailleur.fr\/offres-emploi\/poste\/charge-de-coproprietes-cdc-habitat-social-h-f-h-f#primaryimage"},"image":{"@id":"https:\/\/www.monbailleur.fr\/offres-emploi\/poste\/charge-de-coproprietes-cdc-habitat-social-h-f-h-f#primaryimage"},"thumbnailUrl":"https:\/\/www.monbailleur.fr\/offres-emploi\/wp-content\/uploads\/2023\/06\/cdc-habitat.png","datePublished":"2026-04-16T06:00:15+00:00","breadcrumb":{"@id":"https:\/\/www.monbailleur.fr\/offres-emploi\/poste\/charge-de-coproprietes-cdc-habitat-social-h-f-h-f#breadcrumb"},"inLanguage":"fr-FR","potentialAction":[{"@type":"ReadAction","target":["https:\/\/www.monbailleur.fr\/offres-emploi\/poste\/charge-de-coproprietes-cdc-habitat-social-h-f-h-f"]}]},{"@type":"ImageObject","inLanguage":"fr-FR","@id":"https:\/\/www.monbailleur.fr\/offres-emploi\/poste\/charge-de-coproprietes-cdc-habitat-social-h-f-h-f#primaryimage","url":"https:\/\/www.monbailleur.fr\/offres-emploi\/wp-content\/uploads\/2023\/06\/cdc-habitat.png","contentUrl":"https:\/\/www.monbailleur.fr\/offres-emploi\/wp-content\/uploads\/2023\/06\/cdc-habitat.png","width":291,"height":73},{"@type":"BreadcrumbList","@id":"https:\/\/www.monbailleur.fr\/offres-emploi\/poste\/charge-de-coproprietes-cdc-habitat-social-h-f-h-f#breadcrumb","itemListElement":[{"@type":"ListItem","position":1,"name":"Accueil","item":"https:\/\/www.monbailleur.fr\/offres-emploi\/"},{"@type":"ListItem","position":2,"name":"offres d\u2019emploi","item":"https:\/\/www.monbailleur.fr\/offres-emploi\/job-listings"},{"@type":"ListItem","position":3,"name":"Charg\u00e9 de copropri\u00e9t\u00e9s &#8211; CDC Habitat Social &#8211; H\/F H\/F"}]},{"@type":"WebSite","@id":"https:\/\/www.monbailleur.fr\/offres-emploi\/#website","url":"https:\/\/www.monbailleur.fr\/offres-emploi\/","name":"Monbailleur.fr - Emploi","description":"Les offres d&#039;emploi du logement social","publisher":{"@id":"https:\/\/www.monbailleur.fr\/offres-emploi\/#organization"},"potentialAction":[{"@type":"SearchAction","target":{"@type":"EntryPoint","urlTemplate":"https:\/\/www.monbailleur.fr\/offres-emploi\/?s={search_term_string}"},"query-input":{"@type":"PropertyValueSpecification","valueRequired":true,"valueName":"search_term_string"}}],"inLanguage":"fr-FR"},{"@type":"Organization","@id":"https:\/\/www.monbailleur.fr\/offres-emploi\/#organization","name":"Monbailleur.fr - Emploi","url":"https:\/\/www.monbailleur.fr\/offres-emploi\/","logo":{"@type":"ImageObject","inLanguage":"fr-FR","@id":"https:\/\/www.monbailleur.fr\/offres-emploi\/#\/schema\/logo\/image\/","url":"https:\/\/www.monbailleur.fr\/offres-emploi\/wp-content\/uploads\/2023\/06\/MonBailleur-1200x675-1.png","contentUrl":"https:\/\/www.monbailleur.fr\/offres-emploi\/wp-content\/uploads\/2023\/06\/MonBailleur-1200x675-1.png","width":1200,"height":675,"caption":"Monbailleur.fr - Emploi"},"image":{"@id":"https:\/\/www.monbailleur.fr\/offres-emploi\/#\/schema\/logo\/image\/"}}]}},"_links":{"self":[{"href":"https:\/\/www.monbailleur.fr\/offres-emploi\/wp-json\/wp\/v2\/job-listings\/36163","targetHints":{"allow":["GET"]}}],"collection":[{"href":"https:\/\/www.monbailleur.fr\/offres-emploi\/wp-json\/wp\/v2\/job-listings"}],"about":[{"href":"https:\/\/www.monbailleur.fr\/offres-emploi\/wp-json\/wp\/v2\/types\/job_listing"}],"wp:featuredmedia":[{"embeddable":true,"href":"https:\/\/www.monbailleur.fr\/offres-emploi\/wp-json\/wp\/v2\/media\/3651"}],"wp:attachment":[{"href":"https:\/\/www.monbailleur.fr\/offres-emploi\/wp-json\/wp\/v2\/media?parent=36163"}],"wp:term":[{"taxonomy":"job_listing_category","embeddable":true,"href":"https:\/\/www.monbailleur.fr\/offres-emploi\/wp-json\/wp\/v2\/job-categories?post=36163"},{"taxonomy":"job_listing_type","embeddable":true,"href":"https:\/\/www.monbailleur.fr\/offres-emploi\/wp-json\/wp\/v2\/job-types?post=36163"}],"curies":[{"name":"wp","href":"https:\/\/api.w.org\/{rel}","templated":true}]}}