{"id":36169,"date":"2026-04-16T08:00:19","date_gmt":"2026-04-16T06:00:19","guid":{"rendered":"https:\/\/www.monbailleur.fr\/offres-emploi\/poste\/responsable-du-service-relation-locataires-h-f"},"modified":"2026-04-16T08:00:19","modified_gmt":"2026-04-16T06:00:19","slug":"responsable-du-service-relation-locataires-h-f","status":"publish","type":"job_listing","link":"https:\/\/www.monbailleur.fr\/offres-emploi\/poste\/responsable-du-service-relation-locataires-h-f","title":{"rendered":"Responsable du Service Relation Locataires H\/F"},"content":{"rendered":"<h2>L&rsquo;entreprise:<\/h2>\n<\/p>\n<p>La RIVP est un bailleur social qui emploie plus de 1 200 collaborateurs.Notre groupe immobilier a vocation de construire, de r\u00e9habiliter et de g\u00e9rer des logements, des r\u00e9sidences \u00e9tudiantes, des commerces et des bureaux pour start-up et entreprises innovantes (h\u00f4tels d&rsquo;entreprises \/ p\u00e9pini\u00e8res). A la t\u00eate d&rsquo;un patrimoine de pr\u00e8s de 63 500 logements (habitations &amp; foyers) situ\u00e9s \u00e0 92% dans Paris et 8% en banlieue, la RIVP est un acteur majeur du logement social \u00e0 Paris. Les missions de la RIVP s&rsquo;inscrivent dans une d\u00e9marche volontariste en mati\u00e8re de qualit\u00e9 de service et d&rsquo;accompagnement social des locataires, de d\u00e9veloppement durable et de performance \u00e9nerg\u00e9tique.<\/p>\n<h2>Description:<\/h2>\n<\/p>\n<p>Dans une d\u00e9marche de transformation et de modernisation de ses services et afin d&rsquo;offrir une exp\u00e9rience locataire toujours plus performante, la RIVP recherche son-sa futur(e) Responsable du Service Relations Locataires.<\/p>\n<p>Rattach\u00e9(e) au Directeur de la Qualit\u00e9 et de la Gestion Locative, vous assurez le pilotage, la coordination et la performance du Service Relation Locataires (SRL &#8211; centre d&rsquo;appels).<\/p>\n<p>Vos missions principales seront les suivantes :<\/p>\n<p>Piloter et manager le Service Relation Locataires et ses \u00e9quipes (34 collaborateurs).<br \/> Garantir la qualit\u00e9, la fluidit\u00e9 et la coh\u00e9rence du traitement des demandes locataires.<br \/> Contribuer \u00e0 la d\u00e9finition et au d\u00e9ploiement de la strat\u00e9gie Relation Locataires.<br \/> Suivre la performance du service (indicateurs, tableaux de bord, plans d&rsquo;actions).<br \/> Porter une dynamique d&rsquo;am\u00e9lioration continue et de modernisation des outils et process.<br \/> Piloter et contribuer aux projets transverses li\u00e9s \u00e0 la relation locataires.<\/p>\n<h2>Profil:<\/h2>\n<\/p>\n<p>De formation Bac +3 minimum, vous disposez d&rsquo;une exp\u00e9rience confirm\u00e9e en tant que responsable de centre d&rsquo;appels ou de service relation clients, avec une vision strat\u00e9gique du m\u00e9tier.<br \/>Vous avez pilot\u00e9 des \u00e9quipes de taille significative et \u00e9volu\u00e9 id\u00e9alement dans des contextes de transformation, de structuration ou de croissance.<\/p>\n<p>Dot\u00e9(e) d&rsquo;une forte culture de la performance, vous ma\u00eetrisez le pilotage par les indicateurs et la mise en \u0153uvre de plans d&rsquo;actions.<br \/>Manager structurant(e), vous savez conduire le changement avec clart\u00e9, p\u00e9dagogie et une posture manag\u00e9riale affirm\u00e9e. Votre leadership, votre sens du service client, votre esprit d&rsquo;initiative et vos excellentes qualit\u00e9s de communication vous permettent de f\u00e9d\u00e9rer les \u00e9quipes et de porter des ambitions \u00e9lev\u00e9es en mati\u00e8re de qualit\u00e9 de service.<\/p>\n<h3>Niveau de dipl\u00f4me:<\/h3>\n<p> Niveau II &#8211; Bac+3\/4 (licence, ma\u00eetrise,&#8230;)<\/p>\n<h3>Temps de travail<\/h3>\n<p>Temps plein <\/p>\n<h3> Organisme <\/h3>\n<p> <span id=\"ctl00_ctl00_AspMainContent_MainContent_MasterPageSettingsView_ctl03_ctl01_fldEntityDescriptionFormat_lblContentText\"><span id=\"ctl00_MainContent_DescriptionEntityEdit_SubForm1_ctl01_Field1_ctl00_lblEntityFormat\">RIVP <\/span><br \/><\/span><\/p>\n","protected":false},"author":0,"featured_media":5636,"template":"","meta":{"_promoted":"","_job_location":"France, Ile-de-France, Paris (75) 13, Avenue de la Porte d'Italie, 75013 Paris","_application":"https:\/\/les-hlm-recrutent.talent-soft.com\/offre-de-emploi\/emploi-responsable-du-service-relation-locataires-h-f_68630.aspx?utm_source=monbailleur.fr","_company_name":"RIVP","_company_website":"","_company_tagline":"","_company_twitter":"","_company_video":"","_filled":0,"_featured":0,"_remote_position":0,"_job_salary":"","_job_salary_currency":"","_job_salary_unit":""},"job-categories":[78],"job-types":[63],"class_list":{"0":"post-36169","1":"job_listing","2":"type-job_listing","3":"status-publish","4":"has-post-thumbnail","5":"hentry","6":"job_listing_category-autres","7":"job_listing_type-cdi","9":"job-type-cdi"},"yoast_head":"<!-- This site is optimized with the Yoast SEO Premium plugin v22.4 (Yoast SEO v25.1) - https:\/\/yoast.com\/wordpress\/plugins\/seo\/ -->\n<title>Responsable du Service Relation Locataires H\/F - Monbailleur.fr - Emploi<\/title>\n<meta name=\"robots\" content=\"noindex, follow\" \/>\n<meta property=\"og:locale\" content=\"fr_FR\" \/>\n<meta property=\"og:type\" content=\"article\" \/>\n<meta property=\"og:title\" content=\"Responsable du Service Relation Locataires H\/F\" \/>\n<meta property=\"og:description\" content=\"L&rsquo;entreprise: La RIVP est un bailleur social qui emploie plus de 1 200 collaborateurs.Notre groupe immobilier a vocation de construire, de r\u00e9habiliter et de g\u00e9rer des logements, des r\u00e9sidences \u00e9tudiantes, des commerces et des bureaux pour start-up et entreprises innovantes (h\u00f4tels d&rsquo;entreprises \/ p\u00e9pini\u00e8res). A la t\u00eate d&rsquo;un patrimoine de pr\u00e8s de 63 500 logements\" \/>\n<meta property=\"og:url\" content=\"https:\/\/www.monbailleur.fr\/offres-emploi\/poste\/responsable-du-service-relation-locataires-h-f\" \/>\n<meta property=\"og:site_name\" content=\"Monbailleur.fr - Emploi\" \/>\n<meta property=\"og:image\" content=\"https:\/\/www.monbailleur.fr\/offres-emploi\/wp-content\/uploads\/2023\/06\/mon_bailleur_emploi_placeholder.png\" \/>\n\t<meta property=\"og:image:width\" content=\"512\" \/>\n\t<meta property=\"og:image:height\" content=\"512\" \/>\n\t<meta property=\"og:image:type\" content=\"image\/png\" \/>\n<meta name=\"twitter:card\" content=\"summary_large_image\" \/>\n<meta name=\"twitter:label1\" content=\"Dur\u00e9e de lecture estim\u00e9e\" \/>\n\t<meta name=\"twitter:data1\" content=\"2 minutes\" \/>\n<script type=\"application\/ld+json\" class=\"yoast-schema-graph\">{\"@context\":\"https:\/\/schema.org\",\"@graph\":[{\"@type\":\"WebPage\",\"@id\":\"https:\/\/www.monbailleur.fr\/offres-emploi\/poste\/responsable-du-service-relation-locataires-h-f\",\"url\":\"https:\/\/www.monbailleur.fr\/offres-emploi\/poste\/responsable-du-service-relation-locataires-h-f\",\"name\":\"Responsable du Service Relation Locataires H\/F - Monbailleur.fr - Emploi\",\"isPartOf\":{\"@id\":\"https:\/\/www.monbailleur.fr\/offres-emploi\/#website\"},\"primaryImageOfPage\":{\"@id\":\"https:\/\/www.monbailleur.fr\/offres-emploi\/poste\/responsable-du-service-relation-locataires-h-f#primaryimage\"},\"image\":{\"@id\":\"https:\/\/www.monbailleur.fr\/offres-emploi\/poste\/responsable-du-service-relation-locataires-h-f#primaryimage\"},\"thumbnailUrl\":\"https:\/\/www.monbailleur.fr\/offres-emploi\/wp-content\/uploads\/2023\/06\/mon_bailleur_emploi_placeholder.png\",\"datePublished\":\"2026-04-16T06:00:19+00:00\",\"breadcrumb\":{\"@id\":\"https:\/\/www.monbailleur.fr\/offres-emploi\/poste\/responsable-du-service-relation-locataires-h-f#breadcrumb\"},\"inLanguage\":\"fr-FR\",\"potentialAction\":[{\"@type\":\"ReadAction\",\"target\":[\"https:\/\/www.monbailleur.fr\/offres-emploi\/poste\/responsable-du-service-relation-locataires-h-f\"]}]},{\"@type\":\"ImageObject\",\"inLanguage\":\"fr-FR\",\"@id\":\"https:\/\/www.monbailleur.fr\/offres-emploi\/poste\/responsable-du-service-relation-locataires-h-f#primaryimage\",\"url\":\"https:\/\/www.monbailleur.fr\/offres-emploi\/wp-content\/uploads\/2023\/06\/mon_bailleur_emploi_placeholder.png\",\"contentUrl\":\"https:\/\/www.monbailleur.fr\/offres-emploi\/wp-content\/uploads\/2023\/06\/mon_bailleur_emploi_placeholder.png\",\"width\":512,\"height\":512},{\"@type\":\"BreadcrumbList\",\"@id\":\"https:\/\/www.monbailleur.fr\/offres-emploi\/poste\/responsable-du-service-relation-locataires-h-f#breadcrumb\",\"itemListElement\":[{\"@type\":\"ListItem\",\"position\":1,\"name\":\"Accueil\",\"item\":\"https:\/\/www.monbailleur.fr\/offres-emploi\/\"},{\"@type\":\"ListItem\",\"position\":2,\"name\":\"offres d\u2019emploi\",\"item\":\"https:\/\/www.monbailleur.fr\/offres-emploi\/job-listings\"},{\"@type\":\"ListItem\",\"position\":3,\"name\":\"Responsable du Service Relation Locataires H\/F\"}]},{\"@type\":\"WebSite\",\"@id\":\"https:\/\/www.monbailleur.fr\/offres-emploi\/#website\",\"url\":\"https:\/\/www.monbailleur.fr\/offres-emploi\/\",\"name\":\"Monbailleur.fr - Emploi\",\"description\":\"Les offres d&#039;emploi du logement social\",\"publisher\":{\"@id\":\"https:\/\/www.monbailleur.fr\/offres-emploi\/#organization\"},\"potentialAction\":[{\"@type\":\"SearchAction\",\"target\":{\"@type\":\"EntryPoint\",\"urlTemplate\":\"https:\/\/www.monbailleur.fr\/offres-emploi\/?s={search_term_string}\"},\"query-input\":{\"@type\":\"PropertyValueSpecification\",\"valueRequired\":true,\"valueName\":\"search_term_string\"}}],\"inLanguage\":\"fr-FR\"},{\"@type\":\"Organization\",\"@id\":\"https:\/\/www.monbailleur.fr\/offres-emploi\/#organization\",\"name\":\"Monbailleur.fr - Emploi\",\"url\":\"https:\/\/www.monbailleur.fr\/offres-emploi\/\",\"logo\":{\"@type\":\"ImageObject\",\"inLanguage\":\"fr-FR\",\"@id\":\"https:\/\/www.monbailleur.fr\/offres-emploi\/#\/schema\/logo\/image\/\",\"url\":\"https:\/\/www.monbailleur.fr\/offres-emploi\/wp-content\/uploads\/2023\/06\/MonBailleur-1200x675-1.png\",\"contentUrl\":\"https:\/\/www.monbailleur.fr\/offres-emploi\/wp-content\/uploads\/2023\/06\/MonBailleur-1200x675-1.png\",\"width\":1200,\"height\":675,\"caption\":\"Monbailleur.fr - Emploi\"},\"image\":{\"@id\":\"https:\/\/www.monbailleur.fr\/offres-emploi\/#\/schema\/logo\/image\/\"}}]}<\/script>\n<!-- \/ Yoast SEO Premium plugin. -->","yoast_head_json":{"title":"Responsable du Service Relation Locataires H\/F - Monbailleur.fr - Emploi","robots":{"index":"noindex","follow":"follow"},"og_locale":"fr_FR","og_type":"article","og_title":"Responsable du Service Relation Locataires H\/F","og_description":"L&rsquo;entreprise: La RIVP est un bailleur social qui emploie plus de 1 200 collaborateurs.Notre groupe immobilier a vocation de construire, de r\u00e9habiliter et de g\u00e9rer des logements, des r\u00e9sidences \u00e9tudiantes, des commerces et des bureaux pour start-up et entreprises innovantes (h\u00f4tels d&rsquo;entreprises \/ p\u00e9pini\u00e8res). A la t\u00eate d&rsquo;un patrimoine de pr\u00e8s de 63 500 logements","og_url":"https:\/\/www.monbailleur.fr\/offres-emploi\/poste\/responsable-du-service-relation-locataires-h-f","og_site_name":"Monbailleur.fr - Emploi","og_image":[{"width":512,"height":512,"url":"https:\/\/www.monbailleur.fr\/offres-emploi\/wp-content\/uploads\/2023\/06\/mon_bailleur_emploi_placeholder.png","type":"image\/png"}],"twitter_card":"summary_large_image","twitter_misc":{"Dur\u00e9e de lecture estim\u00e9e":"2 minutes"},"schema":{"@context":"https:\/\/schema.org","@graph":[{"@type":"WebPage","@id":"https:\/\/www.monbailleur.fr\/offres-emploi\/poste\/responsable-du-service-relation-locataires-h-f","url":"https:\/\/www.monbailleur.fr\/offres-emploi\/poste\/responsable-du-service-relation-locataires-h-f","name":"Responsable du Service Relation Locataires H\/F - Monbailleur.fr - Emploi","isPartOf":{"@id":"https:\/\/www.monbailleur.fr\/offres-emploi\/#website"},"primaryImageOfPage":{"@id":"https:\/\/www.monbailleur.fr\/offres-emploi\/poste\/responsable-du-service-relation-locataires-h-f#primaryimage"},"image":{"@id":"https:\/\/www.monbailleur.fr\/offres-emploi\/poste\/responsable-du-service-relation-locataires-h-f#primaryimage"},"thumbnailUrl":"https:\/\/www.monbailleur.fr\/offres-emploi\/wp-content\/uploads\/2023\/06\/mon_bailleur_emploi_placeholder.png","datePublished":"2026-04-16T06:00:19+00:00","breadcrumb":{"@id":"https:\/\/www.monbailleur.fr\/offres-emploi\/poste\/responsable-du-service-relation-locataires-h-f#breadcrumb"},"inLanguage":"fr-FR","potentialAction":[{"@type":"ReadAction","target":["https:\/\/www.monbailleur.fr\/offres-emploi\/poste\/responsable-du-service-relation-locataires-h-f"]}]},{"@type":"ImageObject","inLanguage":"fr-FR","@id":"https:\/\/www.monbailleur.fr\/offres-emploi\/poste\/responsable-du-service-relation-locataires-h-f#primaryimage","url":"https:\/\/www.monbailleur.fr\/offres-emploi\/wp-content\/uploads\/2023\/06\/mon_bailleur_emploi_placeholder.png","contentUrl":"https:\/\/www.monbailleur.fr\/offres-emploi\/wp-content\/uploads\/2023\/06\/mon_bailleur_emploi_placeholder.png","width":512,"height":512},{"@type":"BreadcrumbList","@id":"https:\/\/www.monbailleur.fr\/offres-emploi\/poste\/responsable-du-service-relation-locataires-h-f#breadcrumb","itemListElement":[{"@type":"ListItem","position":1,"name":"Accueil","item":"https:\/\/www.monbailleur.fr\/offres-emploi\/"},{"@type":"ListItem","position":2,"name":"offres d\u2019emploi","item":"https:\/\/www.monbailleur.fr\/offres-emploi\/job-listings"},{"@type":"ListItem","position":3,"name":"Responsable du Service Relation Locataires H\/F"}]},{"@type":"WebSite","@id":"https:\/\/www.monbailleur.fr\/offres-emploi\/#website","url":"https:\/\/www.monbailleur.fr\/offres-emploi\/","name":"Monbailleur.fr - Emploi","description":"Les offres d&#039;emploi du logement social","publisher":{"@id":"https:\/\/www.monbailleur.fr\/offres-emploi\/#organization"},"potentialAction":[{"@type":"SearchAction","target":{"@type":"EntryPoint","urlTemplate":"https:\/\/www.monbailleur.fr\/offres-emploi\/?s={search_term_string}"},"query-input":{"@type":"PropertyValueSpecification","valueRequired":true,"valueName":"search_term_string"}}],"inLanguage":"fr-FR"},{"@type":"Organization","@id":"https:\/\/www.monbailleur.fr\/offres-emploi\/#organization","name":"Monbailleur.fr - Emploi","url":"https:\/\/www.monbailleur.fr\/offres-emploi\/","logo":{"@type":"ImageObject","inLanguage":"fr-FR","@id":"https:\/\/www.monbailleur.fr\/offres-emploi\/#\/schema\/logo\/image\/","url":"https:\/\/www.monbailleur.fr\/offres-emploi\/wp-content\/uploads\/2023\/06\/MonBailleur-1200x675-1.png","contentUrl":"https:\/\/www.monbailleur.fr\/offres-emploi\/wp-content\/uploads\/2023\/06\/MonBailleur-1200x675-1.png","width":1200,"height":675,"caption":"Monbailleur.fr - Emploi"},"image":{"@id":"https:\/\/www.monbailleur.fr\/offres-emploi\/#\/schema\/logo\/image\/"}}]}},"_links":{"self":[{"href":"https:\/\/www.monbailleur.fr\/offres-emploi\/wp-json\/wp\/v2\/job-listings\/36169","targetHints":{"allow":["GET"]}}],"collection":[{"href":"https:\/\/www.monbailleur.fr\/offres-emploi\/wp-json\/wp\/v2\/job-listings"}],"about":[{"href":"https:\/\/www.monbailleur.fr\/offres-emploi\/wp-json\/wp\/v2\/types\/job_listing"}],"wp:featuredmedia":[{"embeddable":true,"href":"https:\/\/www.monbailleur.fr\/offres-emploi\/wp-json\/wp\/v2\/media\/5636"}],"wp:attachment":[{"href":"https:\/\/www.monbailleur.fr\/offres-emploi\/wp-json\/wp\/v2\/media?parent=36169"}],"wp:term":[{"taxonomy":"job_listing_category","embeddable":true,"href":"https:\/\/www.monbailleur.fr\/offres-emploi\/wp-json\/wp\/v2\/job-categories?post=36169"},{"taxonomy":"job_listing_type","embeddable":true,"href":"https:\/\/www.monbailleur.fr\/offres-emploi\/wp-json\/wp\/v2\/job-types?post=36169"}],"curies":[{"name":"wp","href":"https:\/\/api.w.org\/{rel}","templated":true}]}}