{"id":38300,"date":"2026-07-04T08:01:07","date_gmt":"2026-07-04T06:01:07","guid":{"rendered":"https:\/\/www.monbailleur.fr\/offres-emploi\/poste\/charge-de-recouvrement-saint-germain-en-laye-h-f"},"modified":"2026-07-04T08:01:07","modified_gmt":"2026-07-04T06:01:07","slug":"charge-de-recouvrement-saint-germain-en-laye-h-f","status":"publish","type":"job_listing","link":"https:\/\/www.monbailleur.fr\/offres-emploi\/poste\/charge-de-recouvrement-saint-germain-en-laye-h-f","title":{"rendered":"Charg\u00e9 de Recouvrement &#8211; Saint Germain en Laye H\/F"},"content":{"rendered":"<h2>L&rsquo;entreprise:<\/h2>\n<p>CDC Habitat, anciennement Groupe SNI, est une filiale de la Caisse des d\u00e9p\u00f4ts et consignations ayant pour mission principale la gestion du patrimoine immobilier public. L&rsquo;entreprise g\u00e8re 348 725 logements. En 2005, le groupe SNI se transforme en op\u00e9rateur immobilier global.<\/p>\n<h2>Description:<\/h2>\n<\/p>\n<p>Au sein de l\u2019\u00e9quipe de gestion locative de l\u2019agence, et sous la responsabilit\u00e9 du Responsable Gestion Locative et Commerciale de l\u2019agence de Saint-Germain-en-Laye, vous assurez la gestion des dossiers impay\u00e9s et du recouvrement amiable des locataires, ainsi que la relation avec nos clients.<\/p>\n<\/p>\n<p>Vous assurez un r\u00f4le essentiel dans les r\u00e9sultats de l\u2019agence en mati\u00e8re de r\u00e9duction des impay\u00e9s en d\u00e9ployant les dispositifs adapt\u00e9s \u00e0 chaque situation en mati\u00e8re de recouvrement de la dette.<\/p>\n<p>Vous assurez \u00e9galement le lien avec l\u2019\u00e9quipe du service de recouvrement contentieux du si\u00e8ge de la DIR \u00e0 l\u2019issue de la phase amiable.<\/p>\n<\/p>\n<p>En tant que Charg\u00e9 de Recouvrement, agir concr\u00e8tement pour l\u2019int\u00e9r\u00eat g\u00e9n\u00e9ral\u2026<\/p>\n<p>C\u2019est assurer la gestion du pr\u00e9contentieux locataires pr\u00e9sents :<\/p>\n<p>&#8211; D\u00e9tecter, relancer, analyser, d\u00e9finir des actions de recouvrements adapt\u00e9es et mise en \u0153uvre<\/p>\n<p>&#8211; Assurer les relations avec les clients, les partenaires et les collectivit\u00e9s<\/p>\n<p>&#8211; Participer aux commissions de pr\u00e9ventions des impay\u00e9s<\/p>\n<\/p>\n<p>C\u2019est suivre :<\/p>\n<p>-la gestion du pr\u00e9contentieux locataires partis<\/p>\n<\/p>\n<p> C\u2019est collaborer :<\/p>\n<p>&#8211; avec l\u2019\u00e9quipe de gardiens pour garantir les relances de terrain r\u00e9alis\u00e9s par les \u00e9quipes de proximit\u00e9<\/p>\n<p>&#8211; avec votre manager pour assurer le reporting de l\u2019activit\u00e9 et suivre les indicateurs de r\u00e9sultats<\/p>\n<p>&#8211; avec les diff\u00e9rents services de l\u2019agence, et plus particuli\u00e8rement avec les conseillers sociaux<\/p>\n<p>&#8211; avec le service contentieux du groupe<\/p>\n<h2>Profil:<\/h2>\n<\/p>\n<p>Le charg\u00e9 de recouvrement a pour mission de recouvrer, \u00e0 l\u2019amiable, les loyers impay\u00e9s aupr\u00e8s des locataires. En tenant compte des difficult\u00e9s de chacun, il met tout en \u0153uvre pour r\u00e9sorber l\u2019impay\u00e9, accompagne et suit le locataire individuellement afin d\u2019\u00e9viter les proc\u00e9dures contentieuses en lien avec les acteurs internes et externes. Il met en \u0153uvre les proc\u00e9dures judiciaires si n\u00e9cessaires.<\/p>\n<p> Si vous aussi, vous partagez cette id\u00e9e de notre m\u00e9tier, avec en plus :<\/p>\n<p>&#8211; Id\u00e9alement une formation sup\u00e9rieure en droit de l\u2019immobilier<\/p>\n<p>&#8211; Id\u00e9alement 2 \u00e0 5 ans d\u2019exp\u00e9rience en recouvrement des cr\u00e9ances au sein d\u2019un bailleur<\/p>\n<p>&#8211; Un fort sens du service, de la polyvalence, de la r\u00e9activit\u00e9 et une bonne capacit\u00e9 \u00e0 travailler en \u00e9quipe<\/p>\n<p>&#8211; Ma\u00eetrise des outils informatiques (id\u00e9alement IKOS).<\/p>\n<\/p>\n<p>Rejoindre CDC Habitat, c\u2019est b\u00e9n\u00e9ficier d\u2019avantages sociaux :<\/p>\n<p>&#8211; T\u00e9l\u00e9travail possible (condition 3 mois d\u2019anciennet\u00e9)<\/p>\n<p>&#8211; Temps de travail \u00e0 38h\/semaine et 19 RTT\/an<\/p>\n<p>&#8211; 13\u00e8me mois de salaire et primes (participation, int\u00e9ressement, objectifs\u2026)<\/p>\n<p>&#8211; Indemnit\u00e9 de transport ou remboursement transport public sur justificatif \u00e0 hauteur de 75%<\/p>\n<p>&#8211; Titres-restaurant<\/p>\n<p>&#8211; Mutuelle familiale et pr\u00e9voyance<\/p>\n<p>&#8211; Prestations CSE<\/p>\n<\/p>\n<p>C\u2019est aussi int\u00e9grer un environnement de travail bienveillant :<\/p>\n<p>&#8211; Un management attentif \u00e0 l\u2019\u00e9quilibre entre la vie professionnelle et la vie priv\u00e9e<\/p>\n<p>&#8211; Une entreprise respectueuse de la diversit\u00e9 et de l\u2019\u00e9galit\u00e9 de traitement professionnel entre toutes et tous<\/p>\n<p>&#8211; Une exp\u00e9rience riche et apprenante<\/p>\n<p> Dans le cadre du processus de recrutement,<\/p>\n<p>&#8211; lors d\u2019un 1er entretien, vous rencontrerez le Responsable RH<\/p>\n<p>&#8211; ors d\u2019un 2nd entretien, vous rencontrerez les op\u00e9rationnels<\/p>\n<p>Travailler pour le groupe CDC Habitat, c\u2019est une belle entreprise !<\/p>\n<\/p>\n<h3>Niveau de dipl\u00f4me:<\/h3>\n<p> BAC+2<\/p>\n<h3>Sp\u00e9cialisations:<\/h3>\n<p>A-GESTION IMMOBILIERE<\/p>\n<h3> Entit\u00e9 de rattachement <\/h3>\n<p> Rejoindre le groupe CDC Habitat, c&rsquo;est int\u00e9grer une entreprise au service de l&rsquo;habitat d&rsquo;int\u00e9r\u00eat public. Un groupe expert des m\u00e9tiers de la gestion locative, de la construction, de la r\u00e9novation de l&rsquo;habitat et de la ville. Un groupe engag\u00e9 pour r\u00e9pondre aux d\u00e9fis actuels. Un op\u00e9rateur global, pr\u00e9sent dans l&rsquo;Hexagone et les Outre-mer, qui offre \u00e0 ses 10 800 collaborateurs un cadre de travail bienveillant et la possibilit\u00e9 d&rsquo;agir concr\u00e8tement. <\/p>\n<p>Vous \u00e9voluerez au sein de la direction interr\u00e9gionale \u00cele-de-France de CDC Habitat, acteur majeur de l&rsquo;habitat francilien, bas\u00e9e \u00e0 Paris et organis\u00e9e en un r\u00e9seau de 17 agences de gestion locative situ\u00e9es en Ile-de-Fance. Nos 2000 collaborateurs assurent la gestion et le d\u00e9veloppement d&rsquo;un patrimoine de plus de 145 000 logements sociaux, interm\u00e9diaires et abordables destin\u00e9s aux familles, aux \u00e9tudiants, jeunes actifs, aux personnes \u00e2g\u00e9es et personnes fragilis\u00e9es et\/ou en situation de handicap. <\/p>\n<p>CDC Habitat s&rsquo;engage en faveur de la diversit\u00e9, l&rsquo;\u00e9galit\u00e9 professionnelle, l&#8217;emploi des travailleurs handicap\u00e9s.<\/p>\n<p>Agent de Maitrise<\/p>\n","protected":false},"author":0,"featured_media":5636,"template":"","meta":{"_promoted":"","_job_location":"France, Ile-de-France, Yvelines (78) Saint-Germain-en-Laye","_application":"https:\/\/emploi.cdc-habitat.com\/offre-de-emploi\/emploi-charge-de-recouvrement-saint-germain-en-laye-h-f_12527.aspx?utm_source=monbailleur.fr","_company_name":"CDC Habitat","_company_website":"https:\/\/www.cdc-habitat.fr\/","_company_tagline":"","_company_twitter":"","_company_video":"","_filled":0,"_featured":0,"_remote_position":0,"_job_salary":"","_job_salary_currency":"","_job_salary_unit":""},"job-categories":[78],"job-types":[63],"class_list":["post-38300","job_listing","type-job_listing","status-publish","has-post-thumbnail","hentry","job_listing_category-autres","job_listing_type-cdi","job-type-cdi"],"yoast_head":"<!-- This site is optimized with the Yoast SEO Premium plugin v22.4 (Yoast SEO v25.1) - https:\/\/yoast.com\/wordpress\/plugins\/seo\/ -->\n<title>Charg\u00e9 de Recouvrement - Saint Germain en Laye H\/F - Monbailleur.fr - Emploi<\/title>\n<meta name=\"robots\" content=\"noindex, follow\" \/>\n<meta property=\"og:locale\" content=\"fr_FR\" \/>\n<meta property=\"og:type\" content=\"article\" \/>\n<meta property=\"og:title\" content=\"Charg\u00e9 de Recouvrement - Saint Germain en Laye H\/F\" \/>\n<meta property=\"og:description\" content=\"L&rsquo;entreprise: CDC Habitat, anciennement Groupe SNI, est une filiale de la Caisse des d\u00e9p\u00f4ts et consignations ayant pour mission principale la gestion du patrimoine immobilier public. L&rsquo;entreprise g\u00e8re 348 725 logements. En 2005, le groupe SNI se transforme en op\u00e9rateur immobilier global. Description: Au sein de l\u2019\u00e9quipe de gestion locative de l\u2019agence, et sous la\" \/>\n<meta property=\"og:url\" content=\"https:\/\/www.monbailleur.fr\/offres-emploi\/poste\/charge-de-recouvrement-saint-germain-en-laye-h-f\" \/>\n<meta property=\"og:site_name\" content=\"Monbailleur.fr - Emploi\" \/>\n<meta property=\"og:image\" content=\"https:\/\/www.monbailleur.fr\/offres-emploi\/wp-content\/uploads\/2023\/06\/mon_bailleur_emploi_placeholder.png\" \/>\n\t<meta property=\"og:image:width\" content=\"512\" \/>\n\t<meta property=\"og:image:height\" content=\"512\" \/>\n\t<meta property=\"og:image:type\" content=\"image\/png\" \/>\n<meta name=\"twitter:card\" content=\"summary_large_image\" \/>\n<meta name=\"twitter:label1\" content=\"Dur\u00e9e de lecture estim\u00e9e\" \/>\n\t<meta name=\"twitter:data1\" content=\"4 minutes\" \/>\n<script type=\"application\/ld+json\" class=\"yoast-schema-graph\">{\"@context\":\"https:\/\/schema.org\",\"@graph\":[{\"@type\":\"WebPage\",\"@id\":\"https:\/\/www.monbailleur.fr\/offres-emploi\/poste\/charge-de-recouvrement-saint-germain-en-laye-h-f\",\"url\":\"https:\/\/www.monbailleur.fr\/offres-emploi\/poste\/charge-de-recouvrement-saint-germain-en-laye-h-f\",\"name\":\"Charg\u00e9 de Recouvrement - Saint Germain en Laye H\/F - Monbailleur.fr - Emploi\",\"isPartOf\":{\"@id\":\"https:\/\/www.monbailleur.fr\/offres-emploi\/#website\"},\"primaryImageOfPage\":{\"@id\":\"https:\/\/www.monbailleur.fr\/offres-emploi\/poste\/charge-de-recouvrement-saint-germain-en-laye-h-f#primaryimage\"},\"image\":{\"@id\":\"https:\/\/www.monbailleur.fr\/offres-emploi\/poste\/charge-de-recouvrement-saint-germain-en-laye-h-f#primaryimage\"},\"thumbnailUrl\":\"https:\/\/www.monbailleur.fr\/offres-emploi\/wp-content\/uploads\/2023\/06\/mon_bailleur_emploi_placeholder.png\",\"datePublished\":\"2026-07-04T06:01:07+00:00\",\"breadcrumb\":{\"@id\":\"https:\/\/www.monbailleur.fr\/offres-emploi\/poste\/charge-de-recouvrement-saint-germain-en-laye-h-f#breadcrumb\"},\"inLanguage\":\"fr-FR\",\"potentialAction\":[{\"@type\":\"ReadAction\",\"target\":[\"https:\/\/www.monbailleur.fr\/offres-emploi\/poste\/charge-de-recouvrement-saint-germain-en-laye-h-f\"]}]},{\"@type\":\"ImageObject\",\"inLanguage\":\"fr-FR\",\"@id\":\"https:\/\/www.monbailleur.fr\/offres-emploi\/poste\/charge-de-recouvrement-saint-germain-en-laye-h-f#primaryimage\",\"url\":\"https:\/\/www.monbailleur.fr\/offres-emploi\/wp-content\/uploads\/2023\/06\/mon_bailleur_emploi_placeholder.png\",\"contentUrl\":\"https:\/\/www.monbailleur.fr\/offres-emploi\/wp-content\/uploads\/2023\/06\/mon_bailleur_emploi_placeholder.png\",\"width\":512,\"height\":512},{\"@type\":\"BreadcrumbList\",\"@id\":\"https:\/\/www.monbailleur.fr\/offres-emploi\/poste\/charge-de-recouvrement-saint-germain-en-laye-h-f#breadcrumb\",\"itemListElement\":[{\"@type\":\"ListItem\",\"position\":1,\"name\":\"Accueil\",\"item\":\"https:\/\/www.monbailleur.fr\/offres-emploi\/\"},{\"@type\":\"ListItem\",\"position\":2,\"name\":\"offres d\u2019emploi\",\"item\":\"https:\/\/www.monbailleur.fr\/offres-emploi\/job-listings\"},{\"@type\":\"ListItem\",\"position\":3,\"name\":\"Charg\u00e9 de Recouvrement &#8211; Saint Germain en Laye H\/F\"}]},{\"@type\":\"WebSite\",\"@id\":\"https:\/\/www.monbailleur.fr\/offres-emploi\/#website\",\"url\":\"https:\/\/www.monbailleur.fr\/offres-emploi\/\",\"name\":\"Monbailleur.fr - Emploi\",\"description\":\"Les offres d&#039;emploi du logement social\",\"publisher\":{\"@id\":\"https:\/\/www.monbailleur.fr\/offres-emploi\/#organization\"},\"potentialAction\":[{\"@type\":\"SearchAction\",\"target\":{\"@type\":\"EntryPoint\",\"urlTemplate\":\"https:\/\/www.monbailleur.fr\/offres-emploi\/?s={search_term_string}\"},\"query-input\":{\"@type\":\"PropertyValueSpecification\",\"valueRequired\":true,\"valueName\":\"search_term_string\"}}],\"inLanguage\":\"fr-FR\"},{\"@type\":\"Organization\",\"@id\":\"https:\/\/www.monbailleur.fr\/offres-emploi\/#organization\",\"name\":\"Monbailleur.fr - Emploi\",\"url\":\"https:\/\/www.monbailleur.fr\/offres-emploi\/\",\"logo\":{\"@type\":\"ImageObject\",\"inLanguage\":\"fr-FR\",\"@id\":\"https:\/\/www.monbailleur.fr\/offres-emploi\/#\/schema\/logo\/image\/\",\"url\":\"https:\/\/www.monbailleur.fr\/offres-emploi\/wp-content\/uploads\/2023\/06\/MonBailleur-1200x675-1.png\",\"contentUrl\":\"https:\/\/www.monbailleur.fr\/offres-emploi\/wp-content\/uploads\/2023\/06\/MonBailleur-1200x675-1.png\",\"width\":1200,\"height\":675,\"caption\":\"Monbailleur.fr - Emploi\"},\"image\":{\"@id\":\"https:\/\/www.monbailleur.fr\/offres-emploi\/#\/schema\/logo\/image\/\"}}]}<\/script>\n<!-- \/ Yoast SEO Premium plugin. -->","yoast_head_json":{"title":"Charg\u00e9 de Recouvrement - Saint Germain en Laye H\/F - Monbailleur.fr - Emploi","robots":{"index":"noindex","follow":"follow"},"og_locale":"fr_FR","og_type":"article","og_title":"Charg\u00e9 de Recouvrement - Saint Germain en Laye H\/F","og_description":"L&rsquo;entreprise: CDC Habitat, anciennement Groupe SNI, est une filiale de la Caisse des d\u00e9p\u00f4ts et consignations ayant pour mission principale la gestion du patrimoine immobilier public. L&rsquo;entreprise g\u00e8re 348 725 logements. En 2005, le groupe SNI se transforme en op\u00e9rateur immobilier global. Description: Au sein de l\u2019\u00e9quipe de gestion locative de l\u2019agence, et sous la","og_url":"https:\/\/www.monbailleur.fr\/offres-emploi\/poste\/charge-de-recouvrement-saint-germain-en-laye-h-f","og_site_name":"Monbailleur.fr - Emploi","og_image":[{"width":512,"height":512,"url":"https:\/\/www.monbailleur.fr\/offres-emploi\/wp-content\/uploads\/2023\/06\/mon_bailleur_emploi_placeholder.png","type":"image\/png"}],"twitter_card":"summary_large_image","twitter_misc":{"Dur\u00e9e de lecture estim\u00e9e":"4 minutes"},"schema":{"@context":"https:\/\/schema.org","@graph":[{"@type":"WebPage","@id":"https:\/\/www.monbailleur.fr\/offres-emploi\/poste\/charge-de-recouvrement-saint-germain-en-laye-h-f","url":"https:\/\/www.monbailleur.fr\/offres-emploi\/poste\/charge-de-recouvrement-saint-germain-en-laye-h-f","name":"Charg\u00e9 de Recouvrement - Saint Germain en Laye H\/F - Monbailleur.fr - Emploi","isPartOf":{"@id":"https:\/\/www.monbailleur.fr\/offres-emploi\/#website"},"primaryImageOfPage":{"@id":"https:\/\/www.monbailleur.fr\/offres-emploi\/poste\/charge-de-recouvrement-saint-germain-en-laye-h-f#primaryimage"},"image":{"@id":"https:\/\/www.monbailleur.fr\/offres-emploi\/poste\/charge-de-recouvrement-saint-germain-en-laye-h-f#primaryimage"},"thumbnailUrl":"https:\/\/www.monbailleur.fr\/offres-emploi\/wp-content\/uploads\/2023\/06\/mon_bailleur_emploi_placeholder.png","datePublished":"2026-07-04T06:01:07+00:00","breadcrumb":{"@id":"https:\/\/www.monbailleur.fr\/offres-emploi\/poste\/charge-de-recouvrement-saint-germain-en-laye-h-f#breadcrumb"},"inLanguage":"fr-FR","potentialAction":[{"@type":"ReadAction","target":["https:\/\/www.monbailleur.fr\/offres-emploi\/poste\/charge-de-recouvrement-saint-germain-en-laye-h-f"]}]},{"@type":"ImageObject","inLanguage":"fr-FR","@id":"https:\/\/www.monbailleur.fr\/offres-emploi\/poste\/charge-de-recouvrement-saint-germain-en-laye-h-f#primaryimage","url":"https:\/\/www.monbailleur.fr\/offres-emploi\/wp-content\/uploads\/2023\/06\/mon_bailleur_emploi_placeholder.png","contentUrl":"https:\/\/www.monbailleur.fr\/offres-emploi\/wp-content\/uploads\/2023\/06\/mon_bailleur_emploi_placeholder.png","width":512,"height":512},{"@type":"BreadcrumbList","@id":"https:\/\/www.monbailleur.fr\/offres-emploi\/poste\/charge-de-recouvrement-saint-germain-en-laye-h-f#breadcrumb","itemListElement":[{"@type":"ListItem","position":1,"name":"Accueil","item":"https:\/\/www.monbailleur.fr\/offres-emploi\/"},{"@type":"ListItem","position":2,"name":"offres d\u2019emploi","item":"https:\/\/www.monbailleur.fr\/offres-emploi\/job-listings"},{"@type":"ListItem","position":3,"name":"Charg\u00e9 de Recouvrement &#8211; Saint Germain en Laye H\/F"}]},{"@type":"WebSite","@id":"https:\/\/www.monbailleur.fr\/offres-emploi\/#website","url":"https:\/\/www.monbailleur.fr\/offres-emploi\/","name":"Monbailleur.fr - Emploi","description":"Les offres d&#039;emploi du logement social","publisher":{"@id":"https:\/\/www.monbailleur.fr\/offres-emploi\/#organization"},"potentialAction":[{"@type":"SearchAction","target":{"@type":"EntryPoint","urlTemplate":"https:\/\/www.monbailleur.fr\/offres-emploi\/?s={search_term_string}"},"query-input":{"@type":"PropertyValueSpecification","valueRequired":true,"valueName":"search_term_string"}}],"inLanguage":"fr-FR"},{"@type":"Organization","@id":"https:\/\/www.monbailleur.fr\/offres-emploi\/#organization","name":"Monbailleur.fr - Emploi","url":"https:\/\/www.monbailleur.fr\/offres-emploi\/","logo":{"@type":"ImageObject","inLanguage":"fr-FR","@id":"https:\/\/www.monbailleur.fr\/offres-emploi\/#\/schema\/logo\/image\/","url":"https:\/\/www.monbailleur.fr\/offres-emploi\/wp-content\/uploads\/2023\/06\/MonBailleur-1200x675-1.png","contentUrl":"https:\/\/www.monbailleur.fr\/offres-emploi\/wp-content\/uploads\/2023\/06\/MonBailleur-1200x675-1.png","width":1200,"height":675,"caption":"Monbailleur.fr - Emploi"},"image":{"@id":"https:\/\/www.monbailleur.fr\/offres-emploi\/#\/schema\/logo\/image\/"}}]}},"_links":{"self":[{"href":"https:\/\/www.monbailleur.fr\/offres-emploi\/wp-json\/wp\/v2\/job-listings\/38300","targetHints":{"allow":["GET"]}}],"collection":[{"href":"https:\/\/www.monbailleur.fr\/offres-emploi\/wp-json\/wp\/v2\/job-listings"}],"about":[{"href":"https:\/\/www.monbailleur.fr\/offres-emploi\/wp-json\/wp\/v2\/types\/job_listing"}],"wp:featuredmedia":[{"embeddable":true,"href":"https:\/\/www.monbailleur.fr\/offres-emploi\/wp-json\/wp\/v2\/media\/5636"}],"wp:attachment":[{"href":"https:\/\/www.monbailleur.fr\/offres-emploi\/wp-json\/wp\/v2\/media?parent=38300"}],"wp:term":[{"taxonomy":"job_listing_category","embeddable":true,"href":"https:\/\/www.monbailleur.fr\/offres-emploi\/wp-json\/wp\/v2\/job-categories?post=38300"},{"taxonomy":"job_listing_type","embeddable":true,"href":"https:\/\/www.monbailleur.fr\/offres-emploi\/wp-json\/wp\/v2\/job-types?post=38300"}],"curies":[{"name":"wp","href":"https:\/\/api.w.org\/{rel}","templated":true}]}}