{"id":38789,"date":"2026-07-25T08:00:28","date_gmt":"2026-07-25T06:00:28","guid":{"rendered":"https:\/\/www.monbailleur.fr\/offres-emploi\/poste\/gestionnaire-precontentieux-f-h-h-f"},"modified":"2026-07-25T08:00:28","modified_gmt":"2026-07-25T06:00:28","slug":"gestionnaire-precontentieux-f-h-h-f","status":"publish","type":"job_listing","link":"https:\/\/www.monbailleur.fr\/offres-emploi\/poste\/gestionnaire-precontentieux-f-h-h-f","title":{"rendered":"Gestionnaire pr\u00e9contentieux F\/H H\/F"},"content":{"rendered":"<h2>L&rsquo;entreprise:<\/h2>\n<\/p>\n<p><strong><em>Acteur majeur de l\u2019immobilier social sur son d\u00e9partement, Moselis construit, g\u00e8re et entretient un patrimoine vari\u00e9 comprenant plus de 15 500 logements locatifs sociaux implant\u00e9s sur environ 150 communes de la Moselle. Au quotidien, 240 collaborateurs \u0153uvrent dans leur domaine respectif pour offrir un habitat de qualit\u00e9 aux Mosellans.<\/em><\/strong><\/p>\n<p>Envie de donner du sens \u00e0 votre travail ? De travailler dans une organisation qui un impact sur le territoire et dans le quotidien de sa population ?<\/p>\n<p>Rejoignez Moselis et devenez Gestionnaire pr\u00e9contentieux H\/F<\/p>\n<h2>Description:<\/h2>\n<\/p>\n<p>Rattach\u00e9 au Directeur territorial, le Gestionnaire pr\u00e9contentieux a pour principale mission de contribuer \u00e0 la r\u00e9solution des retards de paiement des locataires de Moselis en phase amiable. Il est en contact direct avec les locataires pour rechercher des solutions durables de maintien dans les lieux et de r\u00e9gularisation des dettes. Il assure la tra\u00e7abilit\u00e9 des actions engag\u00e9es avant transfert au contentieux.<\/p>\n<p><strong>Vos principales missions seront<\/strong> :<\/p>\n<p>Identifier les situations d\u2019impay\u00e9s \u00e0 traiter en phase amiable<br \/>R\u00e9aliser les relances aupr\u00e8s des locataires<br \/>Identifier l\u2019origine des difficult\u00e9s de paiement rencontr\u00e9es et proposer des solutions adapt\u00e9es<br \/>Formaliser les plans d&rsquo;apurements<br \/>Etablir les synth\u00e8ses de situation<br \/>Assurer la tra\u00e7abilit\u00e9 des \u00e9changes et dossiers<br \/>Orienter les locataires vers les services d\u2019aide sociale ou FSL<br \/>Traiter les saisines CAF et CCAPEX<br \/>Monter les dossiers d\u2019aides financi\u00e8res (avec le locataire ou les partenaires)<br \/>Participer aux \u00e9changes et commissions partenariales sur les impay\u00e9s<\/p>\n<h2>Profil:<\/h2>\n<\/p>\n<p><strong>VOTRE PROFIL<\/strong> :<\/p>\n<p>Vous justifiez \u00e0 minima de 2 ans d\u2019exp\u00e9rience dans une fonction similaire. Une exp\u00e9rience dans le milieu du logement social est appr\u00e9ci\u00e9e.<\/p>\n<p>Vous connaissez id\u00e9alement la l\u00e9gislation en mati\u00e8re de gestion locative et sociale.<\/p>\n<p>Vous \u00eates reconnu pour vos qualit\u00e9 relationnelle et d&rsquo;\u00e9coute.<\/p>\n<p>Vous \u00eates \u00e9galement proactif, rigoureux et avez le go\u00fbt du challenge pour faire baisser l&rsquo;impay\u00e9.<\/p>\n<p>Vos capacit\u00e9 d\u2019anticipation et de r\u00e9activit\u00e9 seront un atout.<\/p>\n<p>La maitrise des outils bureautiques est indispensable.<\/p>\n<\/p>\n<p><strong>LES CONDITIONS DU POSTE <\/strong>:<\/p>\n<p>\u00b7 Contrat \u00e0 dur\u00e9e ind\u00e9termin\u00e9e<\/p>\n<p>\u00b7 R\u00e9mun\u00e9ration : \u00e0 partir de 26 715 euros annuels bruts (sur 13 mois)<\/p>\n<p>\u00b7 Lieu d\u2019exercice : si\u00e8ge social \u00e0 Metz (parking gratuit sur place)<\/p>\n<p>\u00b7 Temps de travail : 39 heures hebdomadaires et horaires variables<\/p>\n<p>\u00b7 Avantages collectifs sociaux : mutuelle, pr\u00e9voyance, plan d\u2019\u00e9pargne retraite, tickets restaurant<\/p>\n<\/p>\n<p>Rejoindre Moselis, c\u2019est aussi b\u00e9n\u00e9ficier d\u2019un \u00e9quilibre vie professionnelle \/ vie priv\u00e9e, rejoindre une organisation qui reconna\u00eet le travail collectif et valorise la fid\u00e9lit\u00e9 :<\/p>\n<p>\u00b7 21 jours de RTT<\/p>\n<p>\u00b7 Prime d\u2019int\u00e9ressement<\/p>\n<p>\u00b7 Prime d\u2019anciennet\u00e9 d\u00e8s 5 ans<\/p>\n<p>\u00b7 Plan d\u2019Epargne Entreprise<\/p>\n<p>\u00b7 Compte Epargne Temps<\/p>\n<h3>Niveau de dipl\u00f4me:<\/h3>\n<p> Niveau III &#8211; Bac+2 (BTS, DUT,\u2026)<\/p>\n<h3>Temps de travail<\/h3>\n<p>Temps plein <\/p>\n<h3> Organisme <\/h3>\n<p> <span id=\"ctl00_ctl00_AspMainContent_MainContent_MasterPageSettingsView_ctl03_ctl01_fldEntityDescriptionFormat_lblContentText\"><span id=\"ctl00_MainContent_DescriptionEntityEdit_SubForm1_ctl01_Field1_ctl00_lblEntityFormat\">MOSELIS <\/span><br \/><\/span><\/p>\n","protected":false},"author":0,"featured_media":5636,"template":"","meta":{"_promoted":"","_job_location":"France, Grand-Est 57070 METZ","_application":"https:\/\/les-hlm-recrutent.talent-soft.com\/offre-de-emploi\/emploi-gestionnaire-precontentieux-f-h-h-f_70080.aspx?utm_source=monbailleur.fr","_company_name":"MOSELIS","_company_website":"","_company_tagline":"","_company_twitter":"","_company_video":"","_filled":0,"_featured":0,"_remote_position":0,"_job_salary":"","_job_salary_currency":"","_job_salary_unit":""},"job-categories":[78],"job-types":[63],"class_list":["post-38789","job_listing","type-job_listing","status-publish","has-post-thumbnail","hentry","job_listing_category-autres","job_listing_type-cdi","job-type-cdi"],"yoast_head":"<!-- This site is optimized with the Yoast SEO Premium plugin v22.4 (Yoast SEO v25.1) - https:\/\/yoast.com\/wordpress\/plugins\/seo\/ -->\n<title>Gestionnaire pr\u00e9contentieux F\/H H\/F - Monbailleur.fr - Emploi<\/title>\n<meta name=\"robots\" content=\"noindex, follow\" \/>\n<meta property=\"og:locale\" content=\"fr_FR\" \/>\n<meta property=\"og:type\" content=\"article\" \/>\n<meta property=\"og:title\" content=\"Gestionnaire pr\u00e9contentieux F\/H H\/F\" \/>\n<meta property=\"og:description\" content=\"L&rsquo;entreprise: Acteur majeur de l\u2019immobilier social sur son d\u00e9partement, Moselis construit, g\u00e8re et entretient un patrimoine vari\u00e9 comprenant plus de 15 500 logements locatifs sociaux implant\u00e9s sur environ 150 communes de la Moselle. Au quotidien, 240 collaborateurs \u0153uvrent dans leur domaine respectif pour offrir un habitat de qualit\u00e9 aux Mosellans. Envie de donner du sens\" \/>\n<meta property=\"og:url\" content=\"https:\/\/www.monbailleur.fr\/offres-emploi\/poste\/gestionnaire-precontentieux-f-h-h-f\" \/>\n<meta property=\"og:site_name\" content=\"Monbailleur.fr - Emploi\" \/>\n<meta property=\"og:image\" content=\"https:\/\/www.monbailleur.fr\/offres-emploi\/wp-content\/uploads\/2023\/06\/mon_bailleur_emploi_placeholder.png\" \/>\n\t<meta property=\"og:image:width\" content=\"512\" \/>\n\t<meta property=\"og:image:height\" content=\"512\" \/>\n\t<meta property=\"og:image:type\" content=\"image\/png\" \/>\n<meta name=\"twitter:card\" content=\"summary_large_image\" \/>\n<meta name=\"twitter:label1\" content=\"Dur\u00e9e de lecture estim\u00e9e\" \/>\n\t<meta name=\"twitter:data1\" content=\"2 minutes\" \/>\n<script type=\"application\/ld+json\" class=\"yoast-schema-graph\">{\"@context\":\"https:\/\/schema.org\",\"@graph\":[{\"@type\":\"WebPage\",\"@id\":\"https:\/\/www.monbailleur.fr\/offres-emploi\/poste\/gestionnaire-precontentieux-f-h-h-f\",\"url\":\"https:\/\/www.monbailleur.fr\/offres-emploi\/poste\/gestionnaire-precontentieux-f-h-h-f\",\"name\":\"Gestionnaire pr\u00e9contentieux F\/H H\/F - Monbailleur.fr - Emploi\",\"isPartOf\":{\"@id\":\"https:\/\/www.monbailleur.fr\/offres-emploi\/#website\"},\"primaryImageOfPage\":{\"@id\":\"https:\/\/www.monbailleur.fr\/offres-emploi\/poste\/gestionnaire-precontentieux-f-h-h-f#primaryimage\"},\"image\":{\"@id\":\"https:\/\/www.monbailleur.fr\/offres-emploi\/poste\/gestionnaire-precontentieux-f-h-h-f#primaryimage\"},\"thumbnailUrl\":\"https:\/\/www.monbailleur.fr\/offres-emploi\/wp-content\/uploads\/2023\/06\/mon_bailleur_emploi_placeholder.png\",\"datePublished\":\"2026-07-25T06:00:28+00:00\",\"breadcrumb\":{\"@id\":\"https:\/\/www.monbailleur.fr\/offres-emploi\/poste\/gestionnaire-precontentieux-f-h-h-f#breadcrumb\"},\"inLanguage\":\"fr-FR\",\"potentialAction\":[{\"@type\":\"ReadAction\",\"target\":[\"https:\/\/www.monbailleur.fr\/offres-emploi\/poste\/gestionnaire-precontentieux-f-h-h-f\"]}]},{\"@type\":\"ImageObject\",\"inLanguage\":\"fr-FR\",\"@id\":\"https:\/\/www.monbailleur.fr\/offres-emploi\/poste\/gestionnaire-precontentieux-f-h-h-f#primaryimage\",\"url\":\"https:\/\/www.monbailleur.fr\/offres-emploi\/wp-content\/uploads\/2023\/06\/mon_bailleur_emploi_placeholder.png\",\"contentUrl\":\"https:\/\/www.monbailleur.fr\/offres-emploi\/wp-content\/uploads\/2023\/06\/mon_bailleur_emploi_placeholder.png\",\"width\":512,\"height\":512},{\"@type\":\"BreadcrumbList\",\"@id\":\"https:\/\/www.monbailleur.fr\/offres-emploi\/poste\/gestionnaire-precontentieux-f-h-h-f#breadcrumb\",\"itemListElement\":[{\"@type\":\"ListItem\",\"position\":1,\"name\":\"Accueil\",\"item\":\"https:\/\/www.monbailleur.fr\/offres-emploi\/\"},{\"@type\":\"ListItem\",\"position\":2,\"name\":\"offres d\u2019emploi\",\"item\":\"https:\/\/www.monbailleur.fr\/offres-emploi\/job-listings\"},{\"@type\":\"ListItem\",\"position\":3,\"name\":\"Gestionnaire pr\u00e9contentieux F\/H H\/F\"}]},{\"@type\":\"WebSite\",\"@id\":\"https:\/\/www.monbailleur.fr\/offres-emploi\/#website\",\"url\":\"https:\/\/www.monbailleur.fr\/offres-emploi\/\",\"name\":\"Monbailleur.fr - Emploi\",\"description\":\"Les offres d&#039;emploi du logement social\",\"publisher\":{\"@id\":\"https:\/\/www.monbailleur.fr\/offres-emploi\/#organization\"},\"potentialAction\":[{\"@type\":\"SearchAction\",\"target\":{\"@type\":\"EntryPoint\",\"urlTemplate\":\"https:\/\/www.monbailleur.fr\/offres-emploi\/?s={search_term_string}\"},\"query-input\":{\"@type\":\"PropertyValueSpecification\",\"valueRequired\":true,\"valueName\":\"search_term_string\"}}],\"inLanguage\":\"fr-FR\"},{\"@type\":\"Organization\",\"@id\":\"https:\/\/www.monbailleur.fr\/offres-emploi\/#organization\",\"name\":\"Monbailleur.fr - Emploi\",\"url\":\"https:\/\/www.monbailleur.fr\/offres-emploi\/\",\"logo\":{\"@type\":\"ImageObject\",\"inLanguage\":\"fr-FR\",\"@id\":\"https:\/\/www.monbailleur.fr\/offres-emploi\/#\/schema\/logo\/image\/\",\"url\":\"https:\/\/www.monbailleur.fr\/offres-emploi\/wp-content\/uploads\/2023\/06\/MonBailleur-1200x675-1.png\",\"contentUrl\":\"https:\/\/www.monbailleur.fr\/offres-emploi\/wp-content\/uploads\/2023\/06\/MonBailleur-1200x675-1.png\",\"width\":1200,\"height\":675,\"caption\":\"Monbailleur.fr - Emploi\"},\"image\":{\"@id\":\"https:\/\/www.monbailleur.fr\/offres-emploi\/#\/schema\/logo\/image\/\"}}]}<\/script>\n<!-- \/ Yoast SEO Premium plugin. -->","yoast_head_json":{"title":"Gestionnaire pr\u00e9contentieux F\/H H\/F - Monbailleur.fr - Emploi","robots":{"index":"noindex","follow":"follow"},"og_locale":"fr_FR","og_type":"article","og_title":"Gestionnaire pr\u00e9contentieux F\/H H\/F","og_description":"L&rsquo;entreprise: Acteur majeur de l\u2019immobilier social sur son d\u00e9partement, Moselis construit, g\u00e8re et entretient un patrimoine vari\u00e9 comprenant plus de 15 500 logements locatifs sociaux implant\u00e9s sur environ 150 communes de la Moselle. Au quotidien, 240 collaborateurs \u0153uvrent dans leur domaine respectif pour offrir un habitat de qualit\u00e9 aux Mosellans. Envie de donner du sens","og_url":"https:\/\/www.monbailleur.fr\/offres-emploi\/poste\/gestionnaire-precontentieux-f-h-h-f","og_site_name":"Monbailleur.fr - Emploi","og_image":[{"width":512,"height":512,"url":"https:\/\/www.monbailleur.fr\/offres-emploi\/wp-content\/uploads\/2023\/06\/mon_bailleur_emploi_placeholder.png","type":"image\/png"}],"twitter_card":"summary_large_image","twitter_misc":{"Dur\u00e9e de lecture estim\u00e9e":"2 minutes"},"schema":{"@context":"https:\/\/schema.org","@graph":[{"@type":"WebPage","@id":"https:\/\/www.monbailleur.fr\/offres-emploi\/poste\/gestionnaire-precontentieux-f-h-h-f","url":"https:\/\/www.monbailleur.fr\/offres-emploi\/poste\/gestionnaire-precontentieux-f-h-h-f","name":"Gestionnaire pr\u00e9contentieux F\/H H\/F - Monbailleur.fr - Emploi","isPartOf":{"@id":"https:\/\/www.monbailleur.fr\/offres-emploi\/#website"},"primaryImageOfPage":{"@id":"https:\/\/www.monbailleur.fr\/offres-emploi\/poste\/gestionnaire-precontentieux-f-h-h-f#primaryimage"},"image":{"@id":"https:\/\/www.monbailleur.fr\/offres-emploi\/poste\/gestionnaire-precontentieux-f-h-h-f#primaryimage"},"thumbnailUrl":"https:\/\/www.monbailleur.fr\/offres-emploi\/wp-content\/uploads\/2023\/06\/mon_bailleur_emploi_placeholder.png","datePublished":"2026-07-25T06:00:28+00:00","breadcrumb":{"@id":"https:\/\/www.monbailleur.fr\/offres-emploi\/poste\/gestionnaire-precontentieux-f-h-h-f#breadcrumb"},"inLanguage":"fr-FR","potentialAction":[{"@type":"ReadAction","target":["https:\/\/www.monbailleur.fr\/offres-emploi\/poste\/gestionnaire-precontentieux-f-h-h-f"]}]},{"@type":"ImageObject","inLanguage":"fr-FR","@id":"https:\/\/www.monbailleur.fr\/offres-emploi\/poste\/gestionnaire-precontentieux-f-h-h-f#primaryimage","url":"https:\/\/www.monbailleur.fr\/offres-emploi\/wp-content\/uploads\/2023\/06\/mon_bailleur_emploi_placeholder.png","contentUrl":"https:\/\/www.monbailleur.fr\/offres-emploi\/wp-content\/uploads\/2023\/06\/mon_bailleur_emploi_placeholder.png","width":512,"height":512},{"@type":"BreadcrumbList","@id":"https:\/\/www.monbailleur.fr\/offres-emploi\/poste\/gestionnaire-precontentieux-f-h-h-f#breadcrumb","itemListElement":[{"@type":"ListItem","position":1,"name":"Accueil","item":"https:\/\/www.monbailleur.fr\/offres-emploi\/"},{"@type":"ListItem","position":2,"name":"offres d\u2019emploi","item":"https:\/\/www.monbailleur.fr\/offres-emploi\/job-listings"},{"@type":"ListItem","position":3,"name":"Gestionnaire pr\u00e9contentieux F\/H H\/F"}]},{"@type":"WebSite","@id":"https:\/\/www.monbailleur.fr\/offres-emploi\/#website","url":"https:\/\/www.monbailleur.fr\/offres-emploi\/","name":"Monbailleur.fr - Emploi","description":"Les offres d&#039;emploi du logement social","publisher":{"@id":"https:\/\/www.monbailleur.fr\/offres-emploi\/#organization"},"potentialAction":[{"@type":"SearchAction","target":{"@type":"EntryPoint","urlTemplate":"https:\/\/www.monbailleur.fr\/offres-emploi\/?s={search_term_string}"},"query-input":{"@type":"PropertyValueSpecification","valueRequired":true,"valueName":"search_term_string"}}],"inLanguage":"fr-FR"},{"@type":"Organization","@id":"https:\/\/www.monbailleur.fr\/offres-emploi\/#organization","name":"Monbailleur.fr - Emploi","url":"https:\/\/www.monbailleur.fr\/offres-emploi\/","logo":{"@type":"ImageObject","inLanguage":"fr-FR","@id":"https:\/\/www.monbailleur.fr\/offres-emploi\/#\/schema\/logo\/image\/","url":"https:\/\/www.monbailleur.fr\/offres-emploi\/wp-content\/uploads\/2023\/06\/MonBailleur-1200x675-1.png","contentUrl":"https:\/\/www.monbailleur.fr\/offres-emploi\/wp-content\/uploads\/2023\/06\/MonBailleur-1200x675-1.png","width":1200,"height":675,"caption":"Monbailleur.fr - Emploi"},"image":{"@id":"https:\/\/www.monbailleur.fr\/offres-emploi\/#\/schema\/logo\/image\/"}}]}},"_links":{"self":[{"href":"https:\/\/www.monbailleur.fr\/offres-emploi\/wp-json\/wp\/v2\/job-listings\/38789","targetHints":{"allow":["GET"]}}],"collection":[{"href":"https:\/\/www.monbailleur.fr\/offres-emploi\/wp-json\/wp\/v2\/job-listings"}],"about":[{"href":"https:\/\/www.monbailleur.fr\/offres-emploi\/wp-json\/wp\/v2\/types\/job_listing"}],"wp:featuredmedia":[{"embeddable":true,"href":"https:\/\/www.monbailleur.fr\/offres-emploi\/wp-json\/wp\/v2\/media\/5636"}],"wp:attachment":[{"href":"https:\/\/www.monbailleur.fr\/offres-emploi\/wp-json\/wp\/v2\/media?parent=38789"}],"wp:term":[{"taxonomy":"job_listing_category","embeddable":true,"href":"https:\/\/www.monbailleur.fr\/offres-emploi\/wp-json\/wp\/v2\/job-categories?post=38789"},{"taxonomy":"job_listing_type","embeddable":true,"href":"https:\/\/www.monbailleur.fr\/offres-emploi\/wp-json\/wp\/v2\/job-types?post=38789"}],"curies":[{"name":"wp","href":"https:\/\/api.w.org\/{rel}","templated":true}]}}