{"id":38867,"date":"2026-07-29T08:00:32","date_gmt":"2026-07-29T06:00:32","guid":{"rendered":"https:\/\/www.monbailleur.fr\/offres-emploi\/poste\/charge-de-recouvrement-charge-de-contentieux-f-h-h-f"},"modified":"2026-07-29T08:00:32","modified_gmt":"2026-07-29T06:00:32","slug":"charge-de-recouvrement-charge-de-contentieux-f-h-h-f","status":"publish","type":"job_listing","link":"https:\/\/www.monbailleur.fr\/offres-emploi\/poste\/charge-de-recouvrement-charge-de-contentieux-f-h-h-f","title":{"rendered":"Charg\u00e9 de recouvrement \/ Charg\u00e9 de contentieux F\/H H\/F"},"content":{"rendered":"<h2>L&rsquo;entreprise:<\/h2>\n<\/p>\n<p>L\u2019Office Public de l\u2019Habitat SETE THAU HABITAT recrute un\/une gestionnaire de recouvrement pr\u00e9contentieux.<\/p>\n<p>SETE THAU HABITAT est le bailleur social de la Communaut\u00e9 d\u2019Agglom\u00e9ration \u00ab S\u00e8te Agglop\u00f4le M\u00e9diterran\u00e9e \u00bb qui regroupe 130.000 habitants. Avec ses 72 collaborateurs, un patrimoine de 4.000 logements locatifs implant\u00e9s sur 12 communes, il est le principal acteur HLM de son territoire.<\/p>\n<p>Outre la port\u00e9e du poste, il vous faudra avoir le go\u00fbt du challenge car nous d\u00e9ployons une strat\u00e9gie d\u2019entreprise de transformation du num\u00e9rique et de nos organisations afin de viser la performance et la qualit\u00e9 de gestion de proximit\u00e9 au service des locataires.<\/p>\n<p>Notre \u00e9tablissement s&rsquo;engage en faveur de la diversit\u00e9 et de l&rsquo;inclusion : ce poste est accessible aux personnes en situation de handicap. <\/p>\n<h2>Description:<\/h2>\n<\/p>\n<p><span style=\"text-decoration: underline\"><strong>\u00b7 Description du poste :<\/strong><\/span><\/p>\n<p><strong><em>D\u00e9tecter et pr\u00e9venir les impay\u00e9s <\/em>:<\/strong><\/p>\n<p>&#8211; Assurer par tout moyen le recouvrement amiable des impay\u00e9s des locataires pr\u00e9sents : d\u00e9tection des situations d&rsquo;impay\u00e9s\/fragilit\u00e9, analyse des situations avant engagement de proc\u00e9dures<\/p>\n<\/p>\n<p>&#8211; En lien avec les charg\u00e9s de client\u00e8les, accompagner les locataires en situation de fragilit\u00e9 afin de pr\u00e9venir les situations d\u2019impay\u00e9s naissant et suivre les nouveaux entrants<\/p>\n<p><strong><em>Accompagner et orienter les locataires :<\/em><\/strong><\/p>\n<p>&#8211; Echanger avec les locataires en situation d&rsquo;impay\u00e9s en sollicitant le contact, puis en les rencontrant \u00e0 l\u2019office mais \u00e9galement \u00e0 l\u2019occasion de visites \u00e0 domicile<\/p>\n<p>&#8211; Travailler en lien avec les partenaires sociaux du secteur (CCAS, Conseil d\u00e9partemental, associatifs, mandataire, etc.) et solliciter si besoin, la CAF\/ MSA, les agents de terrain de l\u2019Office.<\/p>\n<p><strong><em>Encaisser, recouvrer et mettre en place les dispositifs d\u2019aide sociaux :<\/em><\/strong><\/p>\n<p>&#8211; Convenir de modalit\u00e9s de paiements adapt\u00e9es (pr\u00e9l\u00e8vement, virement, plans d\u2019apurement\u2026) des dettes locatives sur la base d\u2019un examen attentif des situations en pr\u00e9sence, en conciliant les imp\u00e9ratifs de l\u2019Office et la solvabilit\u00e9 des locataires concern\u00e9s,<\/p>\n<p>&#8211; Examiner les possibilit\u00e9s d\u2019acc\u00e9der aux dispositifs d\u2019aides au logement : maintien de l\u2019Aide Personnalis\u00e9e au Logement, recours au subventions ou financements tierces (Fonds de Solidarit\u00e9 au Logement, caisses de retraite, Action Logement, CPAM, etc).<\/p>\n<\/p>\n<p>&#8211; Pr\u00e9venir l\u2019impay\u00e9 d\u00e8s son d\u00e9clenchement par des relances imm\u00e9diates, pertinentes (SMS\/Mail), cibl\u00e9es, formalis\u00e9es et automatis\u00e9es.<\/p>\n<p>&#8211; Veiller \u00e0 la pr\u00e9paration ad\u00e9quate des dossiers de recouvrement avant transmission contentieuse, en lien avec le responsable contentieux<\/p>\n<\/p>\n<p><strong><em>Rendre compte :<\/em><\/strong><\/p>\n<\/p>\n<p>&#8211; Suivre l\u2019activit\u00e9 et les indicateurs en assurant le reporting<\/p>\n<p>&#8211; Planifier et anticiper les interactions<\/p>\n<p>&#8211; Faire le lien avec les diff\u00e9rents services<\/p>\n<h2>Profil:<\/h2>\n<\/p>\n<p><strong><span style=\"text-decoration: underline\">\u00b7 Votre profil :<\/span><\/strong><\/p>\n<\/p>\n<p><strong><em>Savoirs :<\/em><\/strong><\/p>\n<p>&#8211; Analyse financi\u00e8re<\/p>\n<p>&#8211; Dispositif d\u2019actions sociales<\/p>\n<p>&#8211; Connaissance des proc\u00e9dures et instances d\u2019accompagnement social<\/p>\n<p>&#8211; Connaissance de la r\u00e8glementation sp\u00e9cifique au logement social<\/p>\n<p><em><strong>Savoir-Faire :<\/strong><\/em><\/p>\n<p>&#8211; App\u00e9tence informatique<\/p>\n<p>&#8211; Gestion des conflits<\/p>\n<p><strong><em>Savoir \u00catre :<\/em><\/strong><\/p>\n<p>&#8211; Rigueur et m\u00e9thode<\/p>\n<p>&#8211; Force de persuasion<\/p>\n<p>&#8211; Qualit\u00e9 d\u2019\u00e9coute<\/p>\n<p>&#8211; Discernement et confidentialit\u00e9<\/p>\n<p>&#8211; Pers\u00e9v\u00e9rance et pugnacit\u00e9<\/p>\n<p>&#8211; R\u00e9sistance au stress<\/p>\n<\/p>\n<p>Conform\u00e9ment \u00e0 notre politique en faveur du handicap, nous garantissons l&rsquo;\u00e9galit\u00e9 de traitement \u00e0 toutes les candidatures. <\/p>\n<h3>Niveau de dipl\u00f4me:<\/h3>\n<p> Niveau III &#8211; Bac+2 (BTS, DUT,\u2026)<\/p>\n<h3>Temps de travail<\/h3>\n<p>Temps plein <\/p>\n<h3> Organisme <\/h3>\n<p> <span id=\"ctl00_ctl00_AspMainContent_MainContent_MasterPageSettingsView_ctl03_ctl01_fldEntityDescriptionFormat_lblContentText\"><span id=\"ctl00_MainContent_DescriptionEntityEdit_SubForm1_ctl01_Field1_ctl00_lblEntityFormat\">SETE THAU HABITAT <\/span><br \/><\/span><\/p>\n","protected":false},"author":0,"featured_media":5636,"template":"","meta":{"_promoted":"","_job_location":"France, Occitanie, H\u00e9rault (34) 14 rue des Lauriers roses - BP 20149 34203 SETE CEDEX","_application":"https:\/\/les-hlm-recrutent.talent-soft.com\/offre-de-emploi\/emploi-charge-de-recouvrement-charge-de-contentieux-f-h-h-f_70143.aspx?utm_source=monbailleur.fr","_company_name":"SETE THAU HABITAT","_company_website":"","_company_tagline":"","_company_twitter":"","_company_video":"","_filled":0,"_featured":0,"_remote_position":0,"_job_salary":"","_job_salary_currency":"","_job_salary_unit":""},"job-categories":[78],"job-types":[63],"class_list":["post-38867","job_listing","type-job_listing","status-publish","has-post-thumbnail","hentry","job_listing_category-autres","job_listing_type-cdi","job-type-cdi"],"yoast_head":"<!-- This site is optimized with the Yoast SEO Premium plugin v22.4 (Yoast SEO v25.1) - https:\/\/yoast.com\/wordpress\/plugins\/seo\/ -->\n<title>Charg\u00e9 de recouvrement \/ Charg\u00e9 de contentieux F\/H H\/F - Monbailleur.fr - Emploi<\/title>\n<meta name=\"robots\" content=\"noindex, follow\" \/>\n<meta property=\"og:locale\" content=\"fr_FR\" \/>\n<meta property=\"og:type\" content=\"article\" \/>\n<meta property=\"og:title\" content=\"Charg\u00e9 de recouvrement \/ Charg\u00e9 de contentieux F\/H H\/F\" \/>\n<meta property=\"og:description\" content=\"L&rsquo;entreprise: L\u2019Office Public de l\u2019Habitat SETE THAU HABITAT recrute un\/une gestionnaire de recouvrement pr\u00e9contentieux. SETE THAU HABITAT est le bailleur social de la Communaut\u00e9 d\u2019Agglom\u00e9ration \u00ab S\u00e8te Agglop\u00f4le M\u00e9diterran\u00e9e \u00bb qui regroupe 130.000 habitants. Avec ses 72 collaborateurs, un patrimoine de 4.000 logements locatifs implant\u00e9s sur 12 communes, il est le principal acteur HLM de\" \/>\n<meta property=\"og:url\" content=\"https:\/\/www.monbailleur.fr\/offres-emploi\/poste\/charge-de-recouvrement-charge-de-contentieux-f-h-h-f\" \/>\n<meta property=\"og:site_name\" content=\"Monbailleur.fr - Emploi\" \/>\n<meta property=\"og:image\" content=\"https:\/\/www.monbailleur.fr\/offres-emploi\/wp-content\/uploads\/2023\/06\/mon_bailleur_emploi_placeholder.png\" \/>\n\t<meta property=\"og:image:width\" content=\"512\" \/>\n\t<meta property=\"og:image:height\" content=\"512\" \/>\n\t<meta property=\"og:image:type\" content=\"image\/png\" \/>\n<meta name=\"twitter:card\" content=\"summary_large_image\" \/>\n<meta name=\"twitter:label1\" content=\"Dur\u00e9e de lecture estim\u00e9e\" \/>\n\t<meta name=\"twitter:data1\" content=\"3 minutes\" \/>\n<script type=\"application\/ld+json\" class=\"yoast-schema-graph\">{\"@context\":\"https:\/\/schema.org\",\"@graph\":[{\"@type\":\"WebPage\",\"@id\":\"https:\/\/www.monbailleur.fr\/offres-emploi\/poste\/charge-de-recouvrement-charge-de-contentieux-f-h-h-f\",\"url\":\"https:\/\/www.monbailleur.fr\/offres-emploi\/poste\/charge-de-recouvrement-charge-de-contentieux-f-h-h-f\",\"name\":\"Charg\u00e9 de recouvrement \/ Charg\u00e9 de contentieux F\/H H\/F - Monbailleur.fr - Emploi\",\"isPartOf\":{\"@id\":\"https:\/\/www.monbailleur.fr\/offres-emploi\/#website\"},\"primaryImageOfPage\":{\"@id\":\"https:\/\/www.monbailleur.fr\/offres-emploi\/poste\/charge-de-recouvrement-charge-de-contentieux-f-h-h-f#primaryimage\"},\"image\":{\"@id\":\"https:\/\/www.monbailleur.fr\/offres-emploi\/poste\/charge-de-recouvrement-charge-de-contentieux-f-h-h-f#primaryimage\"},\"thumbnailUrl\":\"https:\/\/www.monbailleur.fr\/offres-emploi\/wp-content\/uploads\/2023\/06\/mon_bailleur_emploi_placeholder.png\",\"datePublished\":\"2026-07-29T06:00:32+00:00\",\"breadcrumb\":{\"@id\":\"https:\/\/www.monbailleur.fr\/offres-emploi\/poste\/charge-de-recouvrement-charge-de-contentieux-f-h-h-f#breadcrumb\"},\"inLanguage\":\"fr-FR\",\"potentialAction\":[{\"@type\":\"ReadAction\",\"target\":[\"https:\/\/www.monbailleur.fr\/offres-emploi\/poste\/charge-de-recouvrement-charge-de-contentieux-f-h-h-f\"]}]},{\"@type\":\"ImageObject\",\"inLanguage\":\"fr-FR\",\"@id\":\"https:\/\/www.monbailleur.fr\/offres-emploi\/poste\/charge-de-recouvrement-charge-de-contentieux-f-h-h-f#primaryimage\",\"url\":\"https:\/\/www.monbailleur.fr\/offres-emploi\/wp-content\/uploads\/2023\/06\/mon_bailleur_emploi_placeholder.png\",\"contentUrl\":\"https:\/\/www.monbailleur.fr\/offres-emploi\/wp-content\/uploads\/2023\/06\/mon_bailleur_emploi_placeholder.png\",\"width\":512,\"height\":512},{\"@type\":\"BreadcrumbList\",\"@id\":\"https:\/\/www.monbailleur.fr\/offres-emploi\/poste\/charge-de-recouvrement-charge-de-contentieux-f-h-h-f#breadcrumb\",\"itemListElement\":[{\"@type\":\"ListItem\",\"position\":1,\"name\":\"Accueil\",\"item\":\"https:\/\/www.monbailleur.fr\/offres-emploi\/\"},{\"@type\":\"ListItem\",\"position\":2,\"name\":\"offres d\u2019emploi\",\"item\":\"https:\/\/www.monbailleur.fr\/offres-emploi\/job-listings\"},{\"@type\":\"ListItem\",\"position\":3,\"name\":\"Charg\u00e9 de recouvrement \/ Charg\u00e9 de contentieux F\/H H\/F\"}]},{\"@type\":\"WebSite\",\"@id\":\"https:\/\/www.monbailleur.fr\/offres-emploi\/#website\",\"url\":\"https:\/\/www.monbailleur.fr\/offres-emploi\/\",\"name\":\"Monbailleur.fr - Emploi\",\"description\":\"Les offres d&#039;emploi du logement social\",\"publisher\":{\"@id\":\"https:\/\/www.monbailleur.fr\/offres-emploi\/#organization\"},\"potentialAction\":[{\"@type\":\"SearchAction\",\"target\":{\"@type\":\"EntryPoint\",\"urlTemplate\":\"https:\/\/www.monbailleur.fr\/offres-emploi\/?s={search_term_string}\"},\"query-input\":{\"@type\":\"PropertyValueSpecification\",\"valueRequired\":true,\"valueName\":\"search_term_string\"}}],\"inLanguage\":\"fr-FR\"},{\"@type\":\"Organization\",\"@id\":\"https:\/\/www.monbailleur.fr\/offres-emploi\/#organization\",\"name\":\"Monbailleur.fr - Emploi\",\"url\":\"https:\/\/www.monbailleur.fr\/offres-emploi\/\",\"logo\":{\"@type\":\"ImageObject\",\"inLanguage\":\"fr-FR\",\"@id\":\"https:\/\/www.monbailleur.fr\/offres-emploi\/#\/schema\/logo\/image\/\",\"url\":\"https:\/\/www.monbailleur.fr\/offres-emploi\/wp-content\/uploads\/2023\/06\/MonBailleur-1200x675-1.png\",\"contentUrl\":\"https:\/\/www.monbailleur.fr\/offres-emploi\/wp-content\/uploads\/2023\/06\/MonBailleur-1200x675-1.png\",\"width\":1200,\"height\":675,\"caption\":\"Monbailleur.fr - Emploi\"},\"image\":{\"@id\":\"https:\/\/www.monbailleur.fr\/offres-emploi\/#\/schema\/logo\/image\/\"}}]}<\/script>\n<!-- \/ Yoast SEO Premium plugin. -->","yoast_head_json":{"title":"Charg\u00e9 de recouvrement \/ Charg\u00e9 de contentieux F\/H H\/F - Monbailleur.fr - Emploi","robots":{"index":"noindex","follow":"follow"},"og_locale":"fr_FR","og_type":"article","og_title":"Charg\u00e9 de recouvrement \/ Charg\u00e9 de contentieux F\/H H\/F","og_description":"L&rsquo;entreprise: L\u2019Office Public de l\u2019Habitat SETE THAU HABITAT recrute un\/une gestionnaire de recouvrement pr\u00e9contentieux. SETE THAU HABITAT est le bailleur social de la Communaut\u00e9 d\u2019Agglom\u00e9ration \u00ab S\u00e8te Agglop\u00f4le M\u00e9diterran\u00e9e \u00bb qui regroupe 130.000 habitants. Avec ses 72 collaborateurs, un patrimoine de 4.000 logements locatifs implant\u00e9s sur 12 communes, il est le principal acteur HLM de","og_url":"https:\/\/www.monbailleur.fr\/offres-emploi\/poste\/charge-de-recouvrement-charge-de-contentieux-f-h-h-f","og_site_name":"Monbailleur.fr - Emploi","og_image":[{"width":512,"height":512,"url":"https:\/\/www.monbailleur.fr\/offres-emploi\/wp-content\/uploads\/2023\/06\/mon_bailleur_emploi_placeholder.png","type":"image\/png"}],"twitter_card":"summary_large_image","twitter_misc":{"Dur\u00e9e de lecture estim\u00e9e":"3 minutes"},"schema":{"@context":"https:\/\/schema.org","@graph":[{"@type":"WebPage","@id":"https:\/\/www.monbailleur.fr\/offres-emploi\/poste\/charge-de-recouvrement-charge-de-contentieux-f-h-h-f","url":"https:\/\/www.monbailleur.fr\/offres-emploi\/poste\/charge-de-recouvrement-charge-de-contentieux-f-h-h-f","name":"Charg\u00e9 de recouvrement \/ Charg\u00e9 de contentieux F\/H H\/F - Monbailleur.fr - Emploi","isPartOf":{"@id":"https:\/\/www.monbailleur.fr\/offres-emploi\/#website"},"primaryImageOfPage":{"@id":"https:\/\/www.monbailleur.fr\/offres-emploi\/poste\/charge-de-recouvrement-charge-de-contentieux-f-h-h-f#primaryimage"},"image":{"@id":"https:\/\/www.monbailleur.fr\/offres-emploi\/poste\/charge-de-recouvrement-charge-de-contentieux-f-h-h-f#primaryimage"},"thumbnailUrl":"https:\/\/www.monbailleur.fr\/offres-emploi\/wp-content\/uploads\/2023\/06\/mon_bailleur_emploi_placeholder.png","datePublished":"2026-07-29T06:00:32+00:00","breadcrumb":{"@id":"https:\/\/www.monbailleur.fr\/offres-emploi\/poste\/charge-de-recouvrement-charge-de-contentieux-f-h-h-f#breadcrumb"},"inLanguage":"fr-FR","potentialAction":[{"@type":"ReadAction","target":["https:\/\/www.monbailleur.fr\/offres-emploi\/poste\/charge-de-recouvrement-charge-de-contentieux-f-h-h-f"]}]},{"@type":"ImageObject","inLanguage":"fr-FR","@id":"https:\/\/www.monbailleur.fr\/offres-emploi\/poste\/charge-de-recouvrement-charge-de-contentieux-f-h-h-f#primaryimage","url":"https:\/\/www.monbailleur.fr\/offres-emploi\/wp-content\/uploads\/2023\/06\/mon_bailleur_emploi_placeholder.png","contentUrl":"https:\/\/www.monbailleur.fr\/offres-emploi\/wp-content\/uploads\/2023\/06\/mon_bailleur_emploi_placeholder.png","width":512,"height":512},{"@type":"BreadcrumbList","@id":"https:\/\/www.monbailleur.fr\/offres-emploi\/poste\/charge-de-recouvrement-charge-de-contentieux-f-h-h-f#breadcrumb","itemListElement":[{"@type":"ListItem","position":1,"name":"Accueil","item":"https:\/\/www.monbailleur.fr\/offres-emploi\/"},{"@type":"ListItem","position":2,"name":"offres d\u2019emploi","item":"https:\/\/www.monbailleur.fr\/offres-emploi\/job-listings"},{"@type":"ListItem","position":3,"name":"Charg\u00e9 de recouvrement \/ Charg\u00e9 de contentieux F\/H H\/F"}]},{"@type":"WebSite","@id":"https:\/\/www.monbailleur.fr\/offres-emploi\/#website","url":"https:\/\/www.monbailleur.fr\/offres-emploi\/","name":"Monbailleur.fr - Emploi","description":"Les offres d&#039;emploi du logement social","publisher":{"@id":"https:\/\/www.monbailleur.fr\/offres-emploi\/#organization"},"potentialAction":[{"@type":"SearchAction","target":{"@type":"EntryPoint","urlTemplate":"https:\/\/www.monbailleur.fr\/offres-emploi\/?s={search_term_string}"},"query-input":{"@type":"PropertyValueSpecification","valueRequired":true,"valueName":"search_term_string"}}],"inLanguage":"fr-FR"},{"@type":"Organization","@id":"https:\/\/www.monbailleur.fr\/offres-emploi\/#organization","name":"Monbailleur.fr - Emploi","url":"https:\/\/www.monbailleur.fr\/offres-emploi\/","logo":{"@type":"ImageObject","inLanguage":"fr-FR","@id":"https:\/\/www.monbailleur.fr\/offres-emploi\/#\/schema\/logo\/image\/","url":"https:\/\/www.monbailleur.fr\/offres-emploi\/wp-content\/uploads\/2023\/06\/MonBailleur-1200x675-1.png","contentUrl":"https:\/\/www.monbailleur.fr\/offres-emploi\/wp-content\/uploads\/2023\/06\/MonBailleur-1200x675-1.png","width":1200,"height":675,"caption":"Monbailleur.fr - Emploi"},"image":{"@id":"https:\/\/www.monbailleur.fr\/offres-emploi\/#\/schema\/logo\/image\/"}}]}},"_links":{"self":[{"href":"https:\/\/www.monbailleur.fr\/offres-emploi\/wp-json\/wp\/v2\/job-listings\/38867","targetHints":{"allow":["GET"]}}],"collection":[{"href":"https:\/\/www.monbailleur.fr\/offres-emploi\/wp-json\/wp\/v2\/job-listings"}],"about":[{"href":"https:\/\/www.monbailleur.fr\/offres-emploi\/wp-json\/wp\/v2\/types\/job_listing"}],"wp:featuredmedia":[{"embeddable":true,"href":"https:\/\/www.monbailleur.fr\/offres-emploi\/wp-json\/wp\/v2\/media\/5636"}],"wp:attachment":[{"href":"https:\/\/www.monbailleur.fr\/offres-emploi\/wp-json\/wp\/v2\/media?parent=38867"}],"wp:term":[{"taxonomy":"job_listing_category","embeddable":true,"href":"https:\/\/www.monbailleur.fr\/offres-emploi\/wp-json\/wp\/v2\/job-categories?post=38867"},{"taxonomy":"job_listing_type","embeddable":true,"href":"https:\/\/www.monbailleur.fr\/offres-emploi\/wp-json\/wp\/v2\/job-types?post=38867"}],"curies":[{"name":"wp","href":"https:\/\/api.w.org\/{rel}","templated":true}]}}