{"id":38975,"date":"2026-08-04T08:00:26","date_gmt":"2026-08-04T06:00:26","guid":{"rendered":"https:\/\/www.monbailleur.fr\/offres-emploi\/poste\/gestionnaire-de-charges-f-h-h-f"},"modified":"2026-08-04T08:00:26","modified_gmt":"2026-08-04T06:00:26","slug":"gestionnaire-de-charges-f-h-h-f","status":"publish","type":"job_listing","link":"https:\/\/www.monbailleur.fr\/offres-emploi\/poste\/gestionnaire-de-charges-f-h-h-f","title":{"rendered":"Gestionnaire de charges F\/H H\/F"},"content":{"rendered":"<h2>L&rsquo;entreprise:<\/h2>\n<\/p>\n<p style=\"text-align: justify\">La SEMISO, Soci\u00e9t\u00e9 d\u2019\u00c9conomie Mixte de la Ville de Saint-Ouen-sur-Seine, agit au quotidien pour le d\u00e9veloppement d\u2019un habitat accessible, durable et inclusif.<\/p>\n<p style=\"text-align: justify\">Forte de ses missions de bailleur social, d\u2019am\u00e9nageur et de gestionnaire de patrimoine, elle \u0153uvre aux c\u00f4t\u00e9s de la collectivit\u00e9 pour favoriser le bien-vivre des habitants et accompagner les transformations urbaines du territoire.<\/p>\n<p style=\"text-align: justify\">La SEMISO recrute La SEMISO recrute en contrat \u00e0 dur\u00e9e ind\u00e9termin\u00e9e un(e) Gestionnaire Charges Locatives dans le cadre d\u2019un remplacement.<\/p>\n<p style=\"text-align: justify\">Vous souhaitez rejoindre une structure \u00e0 taille humaine, un acteur engag\u00e9 au service de l\u2019int\u00e9r\u00eat g\u00e9n\u00e9ral ? Alors n\u2019h\u00e9sitez pas, postulez !<\/p>\n<p style=\"text-align: justify\">\n<h2>Description:<\/h2>\n<\/p>\n<p><strong><span style=\"text-decoration: underline\">Vos missions<\/span> :<\/strong><\/p>\n<p style=\"text-align: justify\">Sous l\u2019autorit\u00e9 du Responsable Tarification, Quittancement, Charges Locatives et Copropri\u00e9t\u00e9s, vous jouerez un r\u00f4le cl\u00e9 dans la r\u00e9gularisation des charges locatives en collaboration avec nos \u00e9quipes internes.<\/p>\n<p style=\"text-align: justify\">Vous interviendrez notamment sur :<\/p>\n<ul>\n<li style=\"text-align: justify\"><strong>R\u00e9gularisation de charges<\/strong> : r\u00e9aliser les r\u00e9gularisations de charges locatives des r\u00e9sidences.<\/li>\n<li style=\"text-align: justify\"><strong>Charges r\u00e9cup\u00e9rables<\/strong> : contr\u00f4ler la r\u00e9cup\u00e9rabilit\u00e9 des charges et factures li\u00e9es aux prestations locatives.<\/li>\n<li style=\"text-align: justify\">F<strong>acturation des fluides<\/strong> : analyse et v\u00e9rification des factures (eau, gaz, chauffage\u2026).<\/li>\n<li style=\"text-align: justify\"><strong>Suivi budg\u00e9taire<\/strong> : suivre et adapter le budget pr\u00e9visionnel des charges locatives des r\u00e9sidences.<\/li>\n<li style=\"text-align: justify\"><strong>Activit\u00e9s compl\u00e9mentaires<\/strong> : mise \u00e0 jour des indicateurs li\u00e9s \u00e0 son activit\u00e9, suivi des d\u00e9penses, traitement des r\u00e9clamations locatives sur les charges, participation \u00e0 la fiabilisation des donn\u00e9es comptables.<\/li>\n<\/ul>\n<h2>Profil:<\/h2>\n<\/p>\n<p><strong><span style=\"text-decoration: underline\">Profil recherch\u00e9<\/span> :<\/strong><\/p>\n<p style=\"text-align: justify\">De Bac +2 \u00e0 Bac +5 minimum (en comptabilit\u00e9, gestion immobili\u00e8re ou \u00e9quivalent).<\/p>\n<p style=\"text-align: justify\">5 ans d\u2019exp\u00e9rience (hors alternance) sur un poste similaire en r\u00e9gularisation de charges locatives, comptabilit\u00e9 mandant immobili\u00e8re et\/ou en comptabilit\u00e9 gestion locative.<\/p>\n<p style=\"text-align: justify\">Connaissance de la l\u00e9gislation HLM et <strong>particuli\u00e8rement de la gestion locative<\/strong>.<\/p>\n<p style=\"text-align: justify\">Exp\u00e9rience significative dans l\u2019application des proc\u00e9dures de facturation des charges locatives,<strong> id\u00e9alement dans le logement social.<\/strong><\/p>\n<p style=\"text-align: justify\">Vous disposez de comp\u00e9tences analytiques et savez hi\u00e9rarchiser vos t\u00e2ches.<\/p>\n<p style=\"text-align: justify\">Bonne communication \u00e9crite (courriers, comptes rendus).<\/p>\n<p style=\"text-align: justify\">Rigueur, sens de l\u2019organisation, aisance relationnelle, esprit d\u2019\u00e9quipe.<\/p>\n<p style=\"text-align: justify\">Ma\u00eetrise des logiciels m\u00e9tiers (PREM, GED, Workflow) et outils bureautiques.<\/p>\n<p style=\"text-align: justify\">Une exp\u00e9rience au sein d\u2019un bailleur social est fortement appr\u00e9ci\u00e9e.<\/p>\n<p style=\"text-align: justify\">\n<p style=\"text-align: justify\">\n<h3>Temps de travail<\/h3>\n<p>Temps plein <\/p>\n<h3> Organisme <\/h3>\n<p> <span id=\"ctl00_ctl00_AspMainContent_MainContent_MasterPageSettingsView_ctl03_ctl01_fldEntityDescriptionFormat_lblContentText\"><span id=\"ctl00_MainContent_DescriptionEntityEdit_SubForm1_ctl01_Field1_ctl00_lblEntityFormat\">SEMISO <\/span><br \/><\/span><\/p>\n","protected":false},"author":0,"featured_media":5636,"template":"","meta":{"_promoted":"","_job_location":"France, Ile-de-France, Seine Saint-Denis (93) 17 rue Claude Monet 93400 SAINT-OUEN","_application":"https:\/\/les-hlm-recrutent.talent-soft.com\/offre-de-emploi\/emploi-gestionnaire-de-charges-f-h-h-f_70210.aspx?utm_source=monbailleur.fr","_company_name":"SEMISO","_company_website":"","_company_tagline":"","_company_twitter":"","_company_video":"","_filled":0,"_featured":0,"_remote_position":0,"_job_salary":"","_job_salary_currency":"","_job_salary_unit":""},"job-categories":[78],"job-types":[63],"class_list":["post-38975","job_listing","type-job_listing","status-publish","has-post-thumbnail","hentry","job_listing_category-autres","job_listing_type-cdi","job-type-cdi"],"yoast_head":"<!-- This site is optimized with the Yoast SEO Premium plugin v22.4 (Yoast SEO v25.1) - https:\/\/yoast.com\/wordpress\/plugins\/seo\/ -->\n<title>Gestionnaire de charges F\/H H\/F - Monbailleur.fr - Emploi<\/title>\n<meta name=\"robots\" content=\"noindex, follow\" \/>\n<meta property=\"og:locale\" content=\"fr_FR\" \/>\n<meta property=\"og:type\" content=\"article\" \/>\n<meta property=\"og:title\" content=\"Gestionnaire de charges F\/H H\/F\" \/>\n<meta property=\"og:description\" content=\"L&rsquo;entreprise: La SEMISO, Soci\u00e9t\u00e9 d\u2019\u00c9conomie Mixte de la Ville de Saint-Ouen-sur-Seine, agit au quotidien pour le d\u00e9veloppement d\u2019un habitat accessible, durable et inclusif. Forte de ses missions de bailleur social, d\u2019am\u00e9nageur et de gestionnaire de patrimoine, elle \u0153uvre aux c\u00f4t\u00e9s de la collectivit\u00e9 pour favoriser le bien-vivre des habitants et accompagner les transformations urbaines du\" \/>\n<meta property=\"og:url\" content=\"https:\/\/www.monbailleur.fr\/offres-emploi\/poste\/gestionnaire-de-charges-f-h-h-f\" \/>\n<meta property=\"og:site_name\" content=\"Monbailleur.fr - Emploi\" \/>\n<meta property=\"og:image\" content=\"https:\/\/www.monbailleur.fr\/offres-emploi\/wp-content\/uploads\/2023\/06\/mon_bailleur_emploi_placeholder.png\" \/>\n\t<meta property=\"og:image:width\" content=\"512\" \/>\n\t<meta property=\"og:image:height\" content=\"512\" \/>\n\t<meta property=\"og:image:type\" content=\"image\/png\" \/>\n<meta name=\"twitter:card\" content=\"summary_large_image\" \/>\n<meta name=\"twitter:label1\" content=\"Dur\u00e9e de lecture estim\u00e9e\" \/>\n\t<meta name=\"twitter:data1\" content=\"2 minutes\" \/>\n<script type=\"application\/ld+json\" class=\"yoast-schema-graph\">{\"@context\":\"https:\/\/schema.org\",\"@graph\":[{\"@type\":\"WebPage\",\"@id\":\"https:\/\/www.monbailleur.fr\/offres-emploi\/poste\/gestionnaire-de-charges-f-h-h-f\",\"url\":\"https:\/\/www.monbailleur.fr\/offres-emploi\/poste\/gestionnaire-de-charges-f-h-h-f\",\"name\":\"Gestionnaire de charges F\/H H\/F - Monbailleur.fr - Emploi\",\"isPartOf\":{\"@id\":\"https:\/\/www.monbailleur.fr\/offres-emploi\/#website\"},\"primaryImageOfPage\":{\"@id\":\"https:\/\/www.monbailleur.fr\/offres-emploi\/poste\/gestionnaire-de-charges-f-h-h-f#primaryimage\"},\"image\":{\"@id\":\"https:\/\/www.monbailleur.fr\/offres-emploi\/poste\/gestionnaire-de-charges-f-h-h-f#primaryimage\"},\"thumbnailUrl\":\"https:\/\/www.monbailleur.fr\/offres-emploi\/wp-content\/uploads\/2023\/06\/mon_bailleur_emploi_placeholder.png\",\"datePublished\":\"2026-08-04T06:00:26+00:00\",\"breadcrumb\":{\"@id\":\"https:\/\/www.monbailleur.fr\/offres-emploi\/poste\/gestionnaire-de-charges-f-h-h-f#breadcrumb\"},\"inLanguage\":\"fr-FR\",\"potentialAction\":[{\"@type\":\"ReadAction\",\"target\":[\"https:\/\/www.monbailleur.fr\/offres-emploi\/poste\/gestionnaire-de-charges-f-h-h-f\"]}]},{\"@type\":\"ImageObject\",\"inLanguage\":\"fr-FR\",\"@id\":\"https:\/\/www.monbailleur.fr\/offres-emploi\/poste\/gestionnaire-de-charges-f-h-h-f#primaryimage\",\"url\":\"https:\/\/www.monbailleur.fr\/offres-emploi\/wp-content\/uploads\/2023\/06\/mon_bailleur_emploi_placeholder.png\",\"contentUrl\":\"https:\/\/www.monbailleur.fr\/offres-emploi\/wp-content\/uploads\/2023\/06\/mon_bailleur_emploi_placeholder.png\",\"width\":512,\"height\":512},{\"@type\":\"BreadcrumbList\",\"@id\":\"https:\/\/www.monbailleur.fr\/offres-emploi\/poste\/gestionnaire-de-charges-f-h-h-f#breadcrumb\",\"itemListElement\":[{\"@type\":\"ListItem\",\"position\":1,\"name\":\"Accueil\",\"item\":\"https:\/\/www.monbailleur.fr\/offres-emploi\/\"},{\"@type\":\"ListItem\",\"position\":2,\"name\":\"offres d\u2019emploi\",\"item\":\"https:\/\/www.monbailleur.fr\/offres-emploi\/job-listings\"},{\"@type\":\"ListItem\",\"position\":3,\"name\":\"Gestionnaire de charges F\/H H\/F\"}]},{\"@type\":\"WebSite\",\"@id\":\"https:\/\/www.monbailleur.fr\/offres-emploi\/#website\",\"url\":\"https:\/\/www.monbailleur.fr\/offres-emploi\/\",\"name\":\"Monbailleur.fr - Emploi\",\"description\":\"Les offres d&#039;emploi du logement social\",\"publisher\":{\"@id\":\"https:\/\/www.monbailleur.fr\/offres-emploi\/#organization\"},\"potentialAction\":[{\"@type\":\"SearchAction\",\"target\":{\"@type\":\"EntryPoint\",\"urlTemplate\":\"https:\/\/www.monbailleur.fr\/offres-emploi\/?s={search_term_string}\"},\"query-input\":{\"@type\":\"PropertyValueSpecification\",\"valueRequired\":true,\"valueName\":\"search_term_string\"}}],\"inLanguage\":\"fr-FR\"},{\"@type\":\"Organization\",\"@id\":\"https:\/\/www.monbailleur.fr\/offres-emploi\/#organization\",\"name\":\"Monbailleur.fr - Emploi\",\"url\":\"https:\/\/www.monbailleur.fr\/offres-emploi\/\",\"logo\":{\"@type\":\"ImageObject\",\"inLanguage\":\"fr-FR\",\"@id\":\"https:\/\/www.monbailleur.fr\/offres-emploi\/#\/schema\/logo\/image\/\",\"url\":\"https:\/\/www.monbailleur.fr\/offres-emploi\/wp-content\/uploads\/2023\/06\/MonBailleur-1200x675-1.png\",\"contentUrl\":\"https:\/\/www.monbailleur.fr\/offres-emploi\/wp-content\/uploads\/2023\/06\/MonBailleur-1200x675-1.png\",\"width\":1200,\"height\":675,\"caption\":\"Monbailleur.fr - Emploi\"},\"image\":{\"@id\":\"https:\/\/www.monbailleur.fr\/offres-emploi\/#\/schema\/logo\/image\/\"}}]}<\/script>\n<!-- \/ Yoast SEO Premium plugin. -->","yoast_head_json":{"title":"Gestionnaire de charges F\/H H\/F - Monbailleur.fr - Emploi","robots":{"index":"noindex","follow":"follow"},"og_locale":"fr_FR","og_type":"article","og_title":"Gestionnaire de charges F\/H H\/F","og_description":"L&rsquo;entreprise: La SEMISO, Soci\u00e9t\u00e9 d\u2019\u00c9conomie Mixte de la Ville de Saint-Ouen-sur-Seine, agit au quotidien pour le d\u00e9veloppement d\u2019un habitat accessible, durable et inclusif. Forte de ses missions de bailleur social, d\u2019am\u00e9nageur et de gestionnaire de patrimoine, elle \u0153uvre aux c\u00f4t\u00e9s de la collectivit\u00e9 pour favoriser le bien-vivre des habitants et accompagner les transformations urbaines du","og_url":"https:\/\/www.monbailleur.fr\/offres-emploi\/poste\/gestionnaire-de-charges-f-h-h-f","og_site_name":"Monbailleur.fr - Emploi","og_image":[{"width":512,"height":512,"url":"https:\/\/www.monbailleur.fr\/offres-emploi\/wp-content\/uploads\/2023\/06\/mon_bailleur_emploi_placeholder.png","type":"image\/png"}],"twitter_card":"summary_large_image","twitter_misc":{"Dur\u00e9e de lecture estim\u00e9e":"2 minutes"},"schema":{"@context":"https:\/\/schema.org","@graph":[{"@type":"WebPage","@id":"https:\/\/www.monbailleur.fr\/offres-emploi\/poste\/gestionnaire-de-charges-f-h-h-f","url":"https:\/\/www.monbailleur.fr\/offres-emploi\/poste\/gestionnaire-de-charges-f-h-h-f","name":"Gestionnaire de charges F\/H H\/F - Monbailleur.fr - Emploi","isPartOf":{"@id":"https:\/\/www.monbailleur.fr\/offres-emploi\/#website"},"primaryImageOfPage":{"@id":"https:\/\/www.monbailleur.fr\/offres-emploi\/poste\/gestionnaire-de-charges-f-h-h-f#primaryimage"},"image":{"@id":"https:\/\/www.monbailleur.fr\/offres-emploi\/poste\/gestionnaire-de-charges-f-h-h-f#primaryimage"},"thumbnailUrl":"https:\/\/www.monbailleur.fr\/offres-emploi\/wp-content\/uploads\/2023\/06\/mon_bailleur_emploi_placeholder.png","datePublished":"2026-08-04T06:00:26+00:00","breadcrumb":{"@id":"https:\/\/www.monbailleur.fr\/offres-emploi\/poste\/gestionnaire-de-charges-f-h-h-f#breadcrumb"},"inLanguage":"fr-FR","potentialAction":[{"@type":"ReadAction","target":["https:\/\/www.monbailleur.fr\/offres-emploi\/poste\/gestionnaire-de-charges-f-h-h-f"]}]},{"@type":"ImageObject","inLanguage":"fr-FR","@id":"https:\/\/www.monbailleur.fr\/offres-emploi\/poste\/gestionnaire-de-charges-f-h-h-f#primaryimage","url":"https:\/\/www.monbailleur.fr\/offres-emploi\/wp-content\/uploads\/2023\/06\/mon_bailleur_emploi_placeholder.png","contentUrl":"https:\/\/www.monbailleur.fr\/offres-emploi\/wp-content\/uploads\/2023\/06\/mon_bailleur_emploi_placeholder.png","width":512,"height":512},{"@type":"BreadcrumbList","@id":"https:\/\/www.monbailleur.fr\/offres-emploi\/poste\/gestionnaire-de-charges-f-h-h-f#breadcrumb","itemListElement":[{"@type":"ListItem","position":1,"name":"Accueil","item":"https:\/\/www.monbailleur.fr\/offres-emploi\/"},{"@type":"ListItem","position":2,"name":"offres d\u2019emploi","item":"https:\/\/www.monbailleur.fr\/offres-emploi\/job-listings"},{"@type":"ListItem","position":3,"name":"Gestionnaire de charges F\/H H\/F"}]},{"@type":"WebSite","@id":"https:\/\/www.monbailleur.fr\/offres-emploi\/#website","url":"https:\/\/www.monbailleur.fr\/offres-emploi\/","name":"Monbailleur.fr - Emploi","description":"Les offres d&#039;emploi du logement social","publisher":{"@id":"https:\/\/www.monbailleur.fr\/offres-emploi\/#organization"},"potentialAction":[{"@type":"SearchAction","target":{"@type":"EntryPoint","urlTemplate":"https:\/\/www.monbailleur.fr\/offres-emploi\/?s={search_term_string}"},"query-input":{"@type":"PropertyValueSpecification","valueRequired":true,"valueName":"search_term_string"}}],"inLanguage":"fr-FR"},{"@type":"Organization","@id":"https:\/\/www.monbailleur.fr\/offres-emploi\/#organization","name":"Monbailleur.fr - Emploi","url":"https:\/\/www.monbailleur.fr\/offres-emploi\/","logo":{"@type":"ImageObject","inLanguage":"fr-FR","@id":"https:\/\/www.monbailleur.fr\/offres-emploi\/#\/schema\/logo\/image\/","url":"https:\/\/www.monbailleur.fr\/offres-emploi\/wp-content\/uploads\/2023\/06\/MonBailleur-1200x675-1.png","contentUrl":"https:\/\/www.monbailleur.fr\/offres-emploi\/wp-content\/uploads\/2023\/06\/MonBailleur-1200x675-1.png","width":1200,"height":675,"caption":"Monbailleur.fr - Emploi"},"image":{"@id":"https:\/\/www.monbailleur.fr\/offres-emploi\/#\/schema\/logo\/image\/"}}]}},"_links":{"self":[{"href":"https:\/\/www.monbailleur.fr\/offres-emploi\/wp-json\/wp\/v2\/job-listings\/38975","targetHints":{"allow":["GET"]}}],"collection":[{"href":"https:\/\/www.monbailleur.fr\/offres-emploi\/wp-json\/wp\/v2\/job-listings"}],"about":[{"href":"https:\/\/www.monbailleur.fr\/offres-emploi\/wp-json\/wp\/v2\/types\/job_listing"}],"wp:featuredmedia":[{"embeddable":true,"href":"https:\/\/www.monbailleur.fr\/offres-emploi\/wp-json\/wp\/v2\/media\/5636"}],"wp:attachment":[{"href":"https:\/\/www.monbailleur.fr\/offres-emploi\/wp-json\/wp\/v2\/media?parent=38975"}],"wp:term":[{"taxonomy":"job_listing_category","embeddable":true,"href":"https:\/\/www.monbailleur.fr\/offres-emploi\/wp-json\/wp\/v2\/job-categories?post=38975"},{"taxonomy":"job_listing_type","embeddable":true,"href":"https:\/\/www.monbailleur.fr\/offres-emploi\/wp-json\/wp\/v2\/job-types?post=38975"}],"curies":[{"name":"wp","href":"https:\/\/api.w.org\/{rel}","templated":true}]}}