{"id":38985,"date":"2026-08-05T08:00:14","date_gmt":"2026-08-05T06:00:14","guid":{"rendered":"https:\/\/www.monbailleur.fr\/offres-emploi\/poste\/referent-charge-de-gestion-locative-f-h"},"modified":"2026-08-05T08:00:14","modified_gmt":"2026-08-05T06:00:14","slug":"referent-charge-de-gestion-locative-f-h","status":"publish","type":"job_listing","link":"https:\/\/www.monbailleur.fr\/offres-emploi\/poste\/referent-charge-de-gestion-locative-f-h","title":{"rendered":"R\u00e9f\u00e9rent Charg\u00e9 de gestion locative F\/H"},"content":{"rendered":"<h2>L&rsquo;entreprise:<\/h2>\n<h2>Description:<\/h2>\n<\/p>\n<p>Vous souhaitez aujourd\u2019hui \u00e9voluer vers un poste \u00e0 dominante back-office, avec un r\u00f4le transverse d\u2019accompagnement et de structuration des pratiques ? Ce poste chez Nov\u00e9 Gestion est fait pour vous.<\/p>\n<p>Rattach\u00e9(e) \u00e0 la responsable du p\u00f4le Relation Client et Attribution, au sein de la Direction Gestion Locative et Relation Clients de Nov\u00e9 Gestion, vous occupez un r\u00f4le cl\u00e9 de support et de coordination aupr\u00e8s des agences sur le territoire, vous contribuez \u00e0 la fiabilisation des pratiques et \u00e0 une meilleure lisibilit\u00e9 de l\u2019activit\u00e9 gestion locative.<\/p>\n<p>Ainsi, vous intervenez sur les missions suivantes :<\/p>\n<p>&#8211; <br \/>Apporter un support quotidien aux agences sur les sujets de gestion locative et assurer le relais back-office<\/p>\n<p>&#8211; <br \/>D\u00e9ployer les process existants, veiller \u00e0 leur bonne application et contribuer \u00e0 leur am\u00e9lioration continue<\/p>\n<p>&#8211; <br \/>Assurer le suivi des sollicitations des agences et proposer des outils de suivi adapt\u00e9s pour en optimiser le traitement<\/p>\n<p>&#8211; <br \/>R\u00e9aliser des actions de recouvrement de premier niveau (appels sortants, relances, suivi des dossiers)<\/p>\n<p>&#8211; <br \/>Accompagner les \u00e9quipes agences dans la prise en main des outils et des process<\/p>\n<p>&#8211; <br \/>Mettre en place, alimenter et analyser des tableaux de suivi de l\u2019activit\u00e9 du service (indicateurs, reporting, exploitation des donn\u00e9es)<\/p>\n<p>&#8211; <br \/>\u00catre force de proposition dans l\u2019optimisation des m\u00e9thodes de travail, des outils et de l\u2019organisation du service<\/p>\n<p>&#8211; Prendre en charge les sollicitations complexes li\u00e9es aux charges locatives (niveau 3), en assurant un accompagnement des locataires lors des pics d\u2019activit\u00e9 et en garantissant un traitement rigoureux et apais\u00e9 des situations sensibles<\/p>\n<p>Issu(e) d\u2019une formation en immobilier ou en gestion, vous disposez d\u2019une exp\u00e9rience confirm\u00e9e en gestion locative et ma\u00eetrisez l\u2019ensemble de la vie du contrat ainsi que les enjeux op\u00e9rationnels li\u00e9s \u00e0 l\u2019activit\u00e9 des agences. <\/p>\n<p>Reconnu(e) pour votre aisance relationnelle, vous \u00eates \u00e0 l\u2019aise dans les \u00e9changes et savez vous positionner face \u00e0 des interlocuteurs vari\u00e9s. Votre exp\u00e9rience vous permet d\u2019analyser les situations avec recul et de proposer des solutions adapt\u00e9es. Vous appr\u00e9ciez travailler sur l\u2019am\u00e9lioration des process, l\u2019optimisation des outils et la fiabilisation des m\u00e9thodes de travail.<\/p>\n<p>\u00c0 l\u2019aise avec les outils informatiques, et notamment Excel, vous savez cr\u00e9er, alimenter et exploiter des tableaux de suivi et des indicateurs d\u2019activit\u00e9. Rigoureux(se), organis\u00e9(e) et dot\u00e9(e) d\u2019un bon esprit d\u2019analyse, vous appr\u00e9ciez le travail en \u00e9quipe et adoptez une posture de facilitateurrice aupr\u00e8s des agences. Vous savez travailler en mode projet en cas de besoin.<\/p>\n<p>Ce qui ferait de vous le candidat id\u00e9al (F\/H) :<\/p>\n<p>&#8211; Vous aimez \u00eatre au contact d\u2019interlocuteurs vari\u00e9s <br \/>&#8211; Vous savez \u00e9couter vos interlocuteurs pour comprendre les besoins <br \/>&#8211; Le cot\u00e9 multit\u00e2che vous pla\u00eet <br \/>&#8211; Vous trouvez de l&rsquo;int\u00e9r\u00eat \u00e0 compiler et organiser des donn\u00e9es pour rendre un reporting efficient en terme de pilotage <\/p>\n<p>Les bonnes raisons de nous rejoindre :<\/p>\n<p>&#8211; Impact Social R\u00e9el : Travailler pour une entreprise qui contribue activement \u00e0 un avenir meilleur, porteuse de valeurs humaines, au service de l&rsquo;utilit\u00e9 sociale <br \/>&#8211; Missions Riches et Diversifi\u00e9es : Des t\u00e2ches vari\u00e9es et stimulantes, vous assurant de ne jamais vous ennuyer et de toujours apprendre. <br \/>&#8211; Un environnement de travail \u00e9quilibr\u00e9 : T\u00e9l\u00e9travail, horaires flexibles, 20 jours de RTT par an (gr\u00e2ce \u00e0 une organisation sur 39h hebdomadaires) pour favoriser un meilleur \u00e9quilibre entre vie pro et vie perso. Acc\u00e8s \u00e0 la plateforme moodwork. <br \/>&#8211; Un \u00c9panouissement et un D\u00e9veloppement : B\u00e9n\u00e9ficiez d\u2019un parcours d\u2019int\u00e9gration sur mesure et d\u2019opportunit\u00e9s de d\u00e9veloppement professionnel continues. Rejoindre un employeur engag\u00e9 en faveur de l\u2019\u00e9galit\u00e9 professionnelle, de la diversit\u00e9 et de l\u2019inclusion, <br \/>&#8211; Avantages Sociaux Attractifs : 13\u00e8me mois, prime vacances, mutuelle (prise en charge \u00e0 95% sur une couverture isol\u00e9e), pr\u00e9voyance, tickets restaurant, int\u00e9ressement, activit\u00e9s du CSE&#8230; <br \/>&#8211; un Accompagnement \u00e0 la mobilit\u00e9 douce : Parce qu\u2019aujourd\u2019hui, se d\u00e9placer autrement est devenu une exigence d\u00e9terminante pour pr\u00e9server la plan\u00e8te, nous prenons en charge votre abonnement de transports en commun \u00e0 hauteur de 65% ou un forfait de mobilit\u00e9 durable. <\/p>\n<p>Engag\u00e9 en faveur de l\u2019\u00e9galit\u00e9 professionnelle, de la diversit\u00e9 et de l\u2019inclusion, nous accueillons et valorisons tous les talents.<\/p>\n<p>Vous \u00eates enthousiaste \u00e0 l\u2019id\u00e9e de relever ce challenge et vous vous reconnaissez dans le profil ? Alors adressez-nous d\u00e8s maintenant votre candidature : CV, lettre de motivation et pr\u00e9tentions.<\/p>\n<p>Notre soci\u00e9t\u00e9 est membre du Groupe Arcade-VYV.<\/p>\n<p>\u00ab G\u00e9n\u00e9raliste de l\u2019habitat, compos\u00e9 de deux p\u00f4les (social et priv\u00e9), le Groupe Arcade est le 4e acteur sur le march\u00e9 du logement social. Au travers de ses 32 filiales ancr\u00e9es dans les territoires, il construit 5 000 logements par an et en g\u00e8re 200 000. Le Groupe Arcade couvre l\u2019ensemble des m\u00e9tiers de l\u2019immobilier sur le territoire m\u00e9tropolitain : il construit et g\u00e8re une offre compl\u00e8te de logements et de r\u00e9sidences services sur tous les segments de l\u2019habitat.<\/p>\n<p>Le 1er juillet 2019, une nouvelle page s\u2019ouvre dans l\u2019histoire du Groupe : le Groupe Arcade et le Groupe VYV, num\u00e9ro un du secteur mutualiste en France, se rapprochent pour associer les expertises de l\u2019habitat et de la protection sociale et ainsi construire un mod\u00e8le unique et innovant d\u2019habitat social au service du mieux-vivre.<\/p>\n<p>Plus qu\u2019un d\u00e9terminant de sant\u00e9, l\u2019habitat est une condition essentielle au mieux-vivre et doit prendre en compte les sp\u00e9cificit\u00e9s des territoires et les parcours de vie de chacun. \u00bb<\/p>\n<p>https:\/\/www.youtube.com\/watch?v=7VusMXO6XjU<\/p>\n<h3>Niveau de dipl\u00f4me:<\/h3>\n<p> Niveau III &#8211; Bac+2 (BTS, DUT,\u2026)<\/p>\n<h3>Temps de travail<\/h3>\n<p>Temps plein <\/p>\n<h3> Organisme <\/h3>\n<p> <span id=\"ctl00_ctl00_AspMainContent_MainContent_MasterPageSettingsView_ctl03_ctl01_fldEntityDescriptionFormat_lblContentText\"><span id=\"ctl00_MainContent_DescriptionEntityEdit_SubForm1_ctl01_Field1_ctl00_lblEntityFormat\">AIGUILLON CONSTRUCTION <\/span><br \/><\/span><\/p>\n","protected":false},"author":0,"featured_media":7246,"template":"","meta":{"_promoted":"","_job_location":"France, Bretagne, Ille et Vilaine (35) Rennes","_application":"https:\/\/les-hlm-recrutent.talent-soft.com\/offre-de-emploi\/emploi-referent-charge-de-gestion-locative-f-h_67357.aspx?utm_source=monbailleur.fr","_company_name":"AIGUILLON CONSTRUCTION","_company_website":"","_company_tagline":"","_company_twitter":"","_company_video":"","_filled":0,"_featured":0,"_remote_position":0,"_job_salary":"","_job_salary_currency":"","_job_salary_unit":""},"job-categories":[78],"job-types":[63],"class_list":["post-38985","job_listing","type-job_listing","status-publish","has-post-thumbnail","hentry","job_listing_category-autres","job_listing_type-cdi","job-type-cdi"],"yoast_head":"<!-- This site is optimized with the Yoast SEO Premium plugin v22.4 (Yoast SEO v25.1) - https:\/\/yoast.com\/wordpress\/plugins\/seo\/ -->\n<title>R\u00e9f\u00e9rent Charg\u00e9 de gestion locative F\/H - Monbailleur.fr - Emploi<\/title>\n<meta name=\"robots\" content=\"noindex, follow\" \/>\n<meta property=\"og:locale\" content=\"fr_FR\" \/>\n<meta property=\"og:type\" content=\"article\" \/>\n<meta property=\"og:title\" content=\"R\u00e9f\u00e9rent Charg\u00e9 de gestion locative F\/H\" \/>\n<meta property=\"og:description\" content=\"L&rsquo;entreprise: Description: Vous souhaitez aujourd\u2019hui \u00e9voluer vers un poste \u00e0 dominante back-office, avec un r\u00f4le transverse d\u2019accompagnement et de structuration des pratiques ? Ce poste chez Nov\u00e9 Gestion est fait pour vous. Rattach\u00e9(e) \u00e0 la responsable du p\u00f4le Relation Client et Attribution, au sein de la Direction Gestion Locative et Relation Clients de Nov\u00e9 Gestion,\" \/>\n<meta property=\"og:url\" content=\"https:\/\/www.monbailleur.fr\/offres-emploi\/poste\/referent-charge-de-gestion-locative-f-h\" \/>\n<meta property=\"og:site_name\" content=\"Monbailleur.fr - Emploi\" \/>\n<meta property=\"og:image\" content=\"https:\/\/www.monbailleur.fr\/offres-emploi\/wp-content\/uploads\/2023\/08\/aiguillon-construction.jpg\" \/>\n\t<meta property=\"og:image:width\" content=\"200\" \/>\n\t<meta property=\"og:image:height\" content=\"114\" \/>\n\t<meta property=\"og:image:type\" content=\"image\/jpeg\" \/>\n<meta name=\"twitter:card\" content=\"summary_large_image\" \/>\n<meta name=\"twitter:label1\" content=\"Dur\u00e9e de lecture estim\u00e9e\" \/>\n\t<meta name=\"twitter:data1\" content=\"5 minutes\" \/>\n<script type=\"application\/ld+json\" class=\"yoast-schema-graph\">{\"@context\":\"https:\/\/schema.org\",\"@graph\":[{\"@type\":\"WebPage\",\"@id\":\"https:\/\/www.monbailleur.fr\/offres-emploi\/poste\/referent-charge-de-gestion-locative-f-h\",\"url\":\"https:\/\/www.monbailleur.fr\/offres-emploi\/poste\/referent-charge-de-gestion-locative-f-h\",\"name\":\"R\u00e9f\u00e9rent Charg\u00e9 de gestion locative F\/H - Monbailleur.fr - Emploi\",\"isPartOf\":{\"@id\":\"https:\/\/www.monbailleur.fr\/offres-emploi\/#website\"},\"primaryImageOfPage\":{\"@id\":\"https:\/\/www.monbailleur.fr\/offres-emploi\/poste\/referent-charge-de-gestion-locative-f-h#primaryimage\"},\"image\":{\"@id\":\"https:\/\/www.monbailleur.fr\/offres-emploi\/poste\/referent-charge-de-gestion-locative-f-h#primaryimage\"},\"thumbnailUrl\":\"https:\/\/www.monbailleur.fr\/offres-emploi\/wp-content\/uploads\/2023\/08\/aiguillon-construction.jpg\",\"datePublished\":\"2026-08-05T06:00:14+00:00\",\"breadcrumb\":{\"@id\":\"https:\/\/www.monbailleur.fr\/offres-emploi\/poste\/referent-charge-de-gestion-locative-f-h#breadcrumb\"},\"inLanguage\":\"fr-FR\",\"potentialAction\":[{\"@type\":\"ReadAction\",\"target\":[\"https:\/\/www.monbailleur.fr\/offres-emploi\/poste\/referent-charge-de-gestion-locative-f-h\"]}]},{\"@type\":\"ImageObject\",\"inLanguage\":\"fr-FR\",\"@id\":\"https:\/\/www.monbailleur.fr\/offres-emploi\/poste\/referent-charge-de-gestion-locative-f-h#primaryimage\",\"url\":\"https:\/\/www.monbailleur.fr\/offres-emploi\/wp-content\/uploads\/2023\/08\/aiguillon-construction.jpg\",\"contentUrl\":\"https:\/\/www.monbailleur.fr\/offres-emploi\/wp-content\/uploads\/2023\/08\/aiguillon-construction.jpg\",\"width\":200,\"height\":114},{\"@type\":\"BreadcrumbList\",\"@id\":\"https:\/\/www.monbailleur.fr\/offres-emploi\/poste\/referent-charge-de-gestion-locative-f-h#breadcrumb\",\"itemListElement\":[{\"@type\":\"ListItem\",\"position\":1,\"name\":\"Accueil\",\"item\":\"https:\/\/www.monbailleur.fr\/offres-emploi\/\"},{\"@type\":\"ListItem\",\"position\":2,\"name\":\"offres d\u2019emploi\",\"item\":\"https:\/\/www.monbailleur.fr\/offres-emploi\/job-listings\"},{\"@type\":\"ListItem\",\"position\":3,\"name\":\"R\u00e9f\u00e9rent Charg\u00e9 de gestion locative F\/H\"}]},{\"@type\":\"WebSite\",\"@id\":\"https:\/\/www.monbailleur.fr\/offres-emploi\/#website\",\"url\":\"https:\/\/www.monbailleur.fr\/offres-emploi\/\",\"name\":\"Monbailleur.fr - Emploi\",\"description\":\"Les offres d&#039;emploi du logement social\",\"publisher\":{\"@id\":\"https:\/\/www.monbailleur.fr\/offres-emploi\/#organization\"},\"potentialAction\":[{\"@type\":\"SearchAction\",\"target\":{\"@type\":\"EntryPoint\",\"urlTemplate\":\"https:\/\/www.monbailleur.fr\/offres-emploi\/?s={search_term_string}\"},\"query-input\":{\"@type\":\"PropertyValueSpecification\",\"valueRequired\":true,\"valueName\":\"search_term_string\"}}],\"inLanguage\":\"fr-FR\"},{\"@type\":\"Organization\",\"@id\":\"https:\/\/www.monbailleur.fr\/offres-emploi\/#organization\",\"name\":\"Monbailleur.fr - Emploi\",\"url\":\"https:\/\/www.monbailleur.fr\/offres-emploi\/\",\"logo\":{\"@type\":\"ImageObject\",\"inLanguage\":\"fr-FR\",\"@id\":\"https:\/\/www.monbailleur.fr\/offres-emploi\/#\/schema\/logo\/image\/\",\"url\":\"https:\/\/www.monbailleur.fr\/offres-emploi\/wp-content\/uploads\/2023\/06\/MonBailleur-1200x675-1.png\",\"contentUrl\":\"https:\/\/www.monbailleur.fr\/offres-emploi\/wp-content\/uploads\/2023\/06\/MonBailleur-1200x675-1.png\",\"width\":1200,\"height\":675,\"caption\":\"Monbailleur.fr - Emploi\"},\"image\":{\"@id\":\"https:\/\/www.monbailleur.fr\/offres-emploi\/#\/schema\/logo\/image\/\"}}]}<\/script>\n<!-- \/ Yoast SEO Premium plugin. -->","yoast_head_json":{"title":"R\u00e9f\u00e9rent Charg\u00e9 de gestion locative F\/H - Monbailleur.fr - Emploi","robots":{"index":"noindex","follow":"follow"},"og_locale":"fr_FR","og_type":"article","og_title":"R\u00e9f\u00e9rent Charg\u00e9 de gestion locative F\/H","og_description":"L&rsquo;entreprise: Description: Vous souhaitez aujourd\u2019hui \u00e9voluer vers un poste \u00e0 dominante back-office, avec un r\u00f4le transverse d\u2019accompagnement et de structuration des pratiques ? Ce poste chez Nov\u00e9 Gestion est fait pour vous. Rattach\u00e9(e) \u00e0 la responsable du p\u00f4le Relation Client et Attribution, au sein de la Direction Gestion Locative et Relation Clients de Nov\u00e9 Gestion,","og_url":"https:\/\/www.monbailleur.fr\/offres-emploi\/poste\/referent-charge-de-gestion-locative-f-h","og_site_name":"Monbailleur.fr - Emploi","og_image":[{"width":200,"height":114,"url":"https:\/\/www.monbailleur.fr\/offres-emploi\/wp-content\/uploads\/2023\/08\/aiguillon-construction.jpg","type":"image\/jpeg"}],"twitter_card":"summary_large_image","twitter_misc":{"Dur\u00e9e de lecture estim\u00e9e":"5 minutes"},"schema":{"@context":"https:\/\/schema.org","@graph":[{"@type":"WebPage","@id":"https:\/\/www.monbailleur.fr\/offres-emploi\/poste\/referent-charge-de-gestion-locative-f-h","url":"https:\/\/www.monbailleur.fr\/offres-emploi\/poste\/referent-charge-de-gestion-locative-f-h","name":"R\u00e9f\u00e9rent Charg\u00e9 de gestion locative F\/H - Monbailleur.fr - Emploi","isPartOf":{"@id":"https:\/\/www.monbailleur.fr\/offres-emploi\/#website"},"primaryImageOfPage":{"@id":"https:\/\/www.monbailleur.fr\/offres-emploi\/poste\/referent-charge-de-gestion-locative-f-h#primaryimage"},"image":{"@id":"https:\/\/www.monbailleur.fr\/offres-emploi\/poste\/referent-charge-de-gestion-locative-f-h#primaryimage"},"thumbnailUrl":"https:\/\/www.monbailleur.fr\/offres-emploi\/wp-content\/uploads\/2023\/08\/aiguillon-construction.jpg","datePublished":"2026-08-05T06:00:14+00:00","breadcrumb":{"@id":"https:\/\/www.monbailleur.fr\/offres-emploi\/poste\/referent-charge-de-gestion-locative-f-h#breadcrumb"},"inLanguage":"fr-FR","potentialAction":[{"@type":"ReadAction","target":["https:\/\/www.monbailleur.fr\/offres-emploi\/poste\/referent-charge-de-gestion-locative-f-h"]}]},{"@type":"ImageObject","inLanguage":"fr-FR","@id":"https:\/\/www.monbailleur.fr\/offres-emploi\/poste\/referent-charge-de-gestion-locative-f-h#primaryimage","url":"https:\/\/www.monbailleur.fr\/offres-emploi\/wp-content\/uploads\/2023\/08\/aiguillon-construction.jpg","contentUrl":"https:\/\/www.monbailleur.fr\/offres-emploi\/wp-content\/uploads\/2023\/08\/aiguillon-construction.jpg","width":200,"height":114},{"@type":"BreadcrumbList","@id":"https:\/\/www.monbailleur.fr\/offres-emploi\/poste\/referent-charge-de-gestion-locative-f-h#breadcrumb","itemListElement":[{"@type":"ListItem","position":1,"name":"Accueil","item":"https:\/\/www.monbailleur.fr\/offres-emploi\/"},{"@type":"ListItem","position":2,"name":"offres d\u2019emploi","item":"https:\/\/www.monbailleur.fr\/offres-emploi\/job-listings"},{"@type":"ListItem","position":3,"name":"R\u00e9f\u00e9rent Charg\u00e9 de gestion locative F\/H"}]},{"@type":"WebSite","@id":"https:\/\/www.monbailleur.fr\/offres-emploi\/#website","url":"https:\/\/www.monbailleur.fr\/offres-emploi\/","name":"Monbailleur.fr - Emploi","description":"Les offres d&#039;emploi du logement social","publisher":{"@id":"https:\/\/www.monbailleur.fr\/offres-emploi\/#organization"},"potentialAction":[{"@type":"SearchAction","target":{"@type":"EntryPoint","urlTemplate":"https:\/\/www.monbailleur.fr\/offres-emploi\/?s={search_term_string}"},"query-input":{"@type":"PropertyValueSpecification","valueRequired":true,"valueName":"search_term_string"}}],"inLanguage":"fr-FR"},{"@type":"Organization","@id":"https:\/\/www.monbailleur.fr\/offres-emploi\/#organization","name":"Monbailleur.fr - Emploi","url":"https:\/\/www.monbailleur.fr\/offres-emploi\/","logo":{"@type":"ImageObject","inLanguage":"fr-FR","@id":"https:\/\/www.monbailleur.fr\/offres-emploi\/#\/schema\/logo\/image\/","url":"https:\/\/www.monbailleur.fr\/offres-emploi\/wp-content\/uploads\/2023\/06\/MonBailleur-1200x675-1.png","contentUrl":"https:\/\/www.monbailleur.fr\/offres-emploi\/wp-content\/uploads\/2023\/06\/MonBailleur-1200x675-1.png","width":1200,"height":675,"caption":"Monbailleur.fr - Emploi"},"image":{"@id":"https:\/\/www.monbailleur.fr\/offres-emploi\/#\/schema\/logo\/image\/"}}]}},"_links":{"self":[{"href":"https:\/\/www.monbailleur.fr\/offres-emploi\/wp-json\/wp\/v2\/job-listings\/38985","targetHints":{"allow":["GET"]}}],"collection":[{"href":"https:\/\/www.monbailleur.fr\/offres-emploi\/wp-json\/wp\/v2\/job-listings"}],"about":[{"href":"https:\/\/www.monbailleur.fr\/offres-emploi\/wp-json\/wp\/v2\/types\/job_listing"}],"wp:featuredmedia":[{"embeddable":true,"href":"https:\/\/www.monbailleur.fr\/offres-emploi\/wp-json\/wp\/v2\/media\/7246"}],"wp:attachment":[{"href":"https:\/\/www.monbailleur.fr\/offres-emploi\/wp-json\/wp\/v2\/media?parent=38985"}],"wp:term":[{"taxonomy":"job_listing_category","embeddable":true,"href":"https:\/\/www.monbailleur.fr\/offres-emploi\/wp-json\/wp\/v2\/job-categories?post=38985"},{"taxonomy":"job_listing_type","embeddable":true,"href":"https:\/\/www.monbailleur.fr\/offres-emploi\/wp-json\/wp\/v2\/job-types?post=38985"}],"curies":[{"name":"wp","href":"https:\/\/api.w.org\/{rel}","templated":true}]}}