{"id":38993,"date":"2026-08-19T08:00:39","date_gmt":"2026-08-19T06:00:39","guid":{"rendered":"https:\/\/www.monbailleur.fr\/offres-emploi\/poste\/comptable-gestion-locative-f-h"},"modified":"2026-08-19T08:00:39","modified_gmt":"2026-08-19T06:00:39","slug":"comptable-gestion-locative-f-h","status":"publish","type":"job_listing","link":"https:\/\/www.monbailleur.fr\/offres-emploi\/poste\/comptable-gestion-locative-f-h","title":{"rendered":"Comptable Gestion Locative F\/H"},"content":{"rendered":"<h2>L&rsquo;entreprise:<\/h2>\n<h2>Description:<\/h2>\n<\/p>\n<p>Nov\u00e9 Gestion recrute un Comptable Gestion Locative F\/H en CDI.<\/p>\n<p>Rattach\u00e9(e) \u00e0 la Direction Finance au sein du service gestion de compte,vous assurez le traitement comptable de la gestion immobili\u00e8re en vous assurant de la satisfaction des ressortissants et du bon fonctionnement de l&rsquo;activit\u00e9.<\/p>\n<p>Vos principales missions :<\/p>\n<p>&#8211; <br \/>Assurer le quittancement mensuel et le suivi des comptes locataires (encaissements, aides au logement, assurances).<\/p>\n<p>&#8211; <br \/>G\u00e9rer les arr\u00eat\u00e9s de comptes lors du d\u00e9part des locataires : facturation, calcul des charges, remboursement des locataires cr\u00e9diteurs.<\/p>\n<p>&#8211; <br \/>Cr\u00e9er et suivre les nouveaux patrimoines dans notre outil m\u00e9tier : collecte des donn\u00e9es, saisie, budget pr\u00e9visionnel.<\/p>\n<p>&#8211; <br \/>\u00c9laborer la r\u00e9gularisation annuelle des charges : analyse des d\u00e9penses, contr\u00f4le des appels de fonds, budget pr\u00e9visionnel<\/p>\n<p>&#8211; <br \/>Enregistrer les factures fournisseurs en lien avec les contrats ou les travaux ponctuels, et valider leur r\u00e9cup\u00e9rabilit\u00e9.<\/p>\n<p>&#8211; <br \/>Collaborer en \u00e9quipe pour assurer la continuit\u00e9 du service et intervenir ponctuellement sur l&rsquo;ensemble des missions du service.<\/p>\n<p>Engagements communs \u00e0 l\u2019ensemble des collaborateurs :<\/p>\n<p>&#8211; Travailler en transversalit\u00e9 avec les autres services et accompagner les agences sur le territoire. <br \/>&#8211; Respecter la confidentialit\u00e9 des informations tant en interne qu\u2019en externe.<\/p>\n<p>Issu.e d&rsquo;une formation sup\u00e9rieure, vous avez une solide exp\u00e9rience en gestion immobili\u00e8re et connaissez bien la r\u00e9glementation des charges locatives et aides au logement.<\/p>\n<p>Vous ma\u00eetrisez les bases comptables et budg\u00e9taires, ainsi que les outils informatiques, notamment Excel. La connaissance du logiciel IKOS serait un vrai plus.<\/p>\n<p>Reconnu.e pour votre capacit\u00e9 d&rsquo;adaptation, vous \u00eates organis\u00e9.e et structur\u00e9.e, vous savez prioriser, respecter les d\u00e9lais. Votre sens de l\u2019analyse et votre esprit de synth\u00e8se vous permettent de trouver des solutions efficaces et d&rsquo;\u00eatre force de proposition.<\/p>\n<p>Dot\u00e9.e d\u2019un bon sens relationnel, vous aimez le travail en \u00e9quipe. Vous \u00eates \u00e0 l&rsquo;\u00e9coute, autonome, curieux.se et vous avez le sens du service client.<\/p>\n<p>Engag\u00e9s pour l\u2019\u00e9galit\u00e9 professionnelle, la diversit\u00e9 et l\u2019inclusion, nous valorisons tous les talents<\/p>\n<p>Ce qui nous ferait de vous le candidat id\u00e9al F\/H<\/p>\n<p>&#8211; Un naturel facilitateur <br \/>&#8211; Une culture du r\u00e9sultat <br \/>&#8211; Et\u2026 une bonne dose d&rsquo;\u00e9nergie ! <\/p>\n<p>Si vous souhaitez rejoindre une entreprise ambitieuse et participer \u00e0 des projets de qualit\u00e9, nous attendons votre candidature !<\/p>\n<p>Nous concernant :<\/p>\n<p>&#8211; Nous assurons un parcours d\u2019int\u00e9gration sur mesure pour chaque nouvel.le embauch\u00e9.e. <br \/>&#8211; Nous b\u00e9n\u00e9ficions d&rsquo;avantages sociaux int\u00e9ressants ( 13\u00e8me mois, prime vacances, RTT ,mutuelle, pr\u00e9voyance, tickets restaurant, int\u00e9ressement, activit\u00e9s du CSE, flexibilit\u00e9 des horaires, t\u00e9l\u00e9travail .. ) <\/p>\n<p>&#8211; Enfin, parce qu\u2019aujourd\u2019hui, se d\u00e9placer autrement est devenu une exigence d\u00e9terminante pour pr\u00e9server la plan\u00e8te, nous prenons en charge votre abonnement de transports en commun \u00e0 hauteur de 60% ou un forfait de mobilit\u00e9 durable. <br \/>&#8211; Nos locaux sont situ\u00e9s \u00e0 proximit\u00e9 de la gare de Rennes (accessibilit\u00e9 m\u00e9tro, bus). <\/p>\n<p>Notre soci\u00e9t\u00e9 est membre du Groupe Arcade-VYV.<\/p>\n<p>\u00ab G\u00e9n\u00e9raliste de l\u2019habitat, compos\u00e9 de deux p\u00f4les (social et priv\u00e9), le Groupe Arcade est le 4e acteur sur le march\u00e9 du logement social. Au travers de ses 32 filiales ancr\u00e9es dans les territoires, il construit 5 000 logements par an et en g\u00e8re 200 000. Le Groupe Arcade couvre l\u2019ensemble des m\u00e9tiers de l\u2019immobilier sur le territoire m\u00e9tropolitain : il construit et g\u00e8re une offre compl\u00e8te de logements et de r\u00e9sidences services sur tous les segments de l\u2019habitat.<\/p>\n<p>Le 1er juillet 2019, une nouvelle page s\u2019ouvre dans l\u2019histoire du Groupe : le Groupe Arcade et le Groupe VYV, num\u00e9ro un du secteur mutualiste en France, se rapprochent pour associer les expertises de l\u2019habitat et de la protection sociale et ainsi construire un mod\u00e8le unique et innovant d\u2019habitat social au service du mieux-vivre.<\/p>\n<p>Plus qu\u2019un d\u00e9terminant de sant\u00e9, l\u2019habitat est une condition essentielle au mieux-vivre et doit prendre en compte les sp\u00e9cificit\u00e9s des territoires et les parcours de vie de chacun. \u00bb<\/p>\n<p>https:\/\/www.youtube.com\/watch?v=7VusMXO6XjU<\/p>\n<h3>Niveau de dipl\u00f4me:<\/h3>\n<p> Niveau III &#8211; Bac+2 (BTS, DUT,\u2026)<\/p>\n<h3>Temps de travail<\/h3>\n<p>Temps plein <\/p>\n<h3> Organisme <\/h3>\n<p> <span id=\"ctl00_ctl00_AspMainContent_MainContent_MasterPageSettingsView_ctl03_ctl01_fldEntityDescriptionFormat_lblContentText\"><span id=\"ctl00_MainContent_DescriptionEntityEdit_SubForm1_ctl01_Field1_ctl00_lblEntityFormat\">AIGUILLON CONSTRUCTION <\/span><br \/><\/span><\/p>\n","protected":false},"author":0,"featured_media":7246,"template":"","meta":{"_promoted":"","_job_location":"France, Bretagne, Ille et Vilaine (35) Rennes","_application":"https:\/\/les-hlm-recrutent.talent-soft.com\/offre-de-emploi\/emploi-comptable-gestion-locative-f-h_65632.aspx?utm_source=monbailleur.fr","_company_name":"AIGUILLON CONSTRUCTION","_company_website":"","_company_tagline":"","_company_twitter":"","_company_video":"","_filled":0,"_featured":0,"_remote_position":0,"_job_salary":"","_job_salary_currency":"","_job_salary_unit":""},"job-categories":[78],"job-types":[63],"class_list":["post-38993","job_listing","type-job_listing","status-publish","has-post-thumbnail","hentry","job_listing_category-autres","job_listing_type-cdi","job-type-cdi"],"yoast_head":"<!-- This site is optimized with the Yoast SEO Premium plugin v22.4 (Yoast SEO v25.1) - https:\/\/yoast.com\/wordpress\/plugins\/seo\/ -->\n<title>Comptable Gestion Locative F\/H - Monbailleur.fr - Emploi<\/title>\n<meta name=\"robots\" content=\"noindex, follow\" \/>\n<meta property=\"og:locale\" content=\"fr_FR\" \/>\n<meta property=\"og:type\" content=\"article\" \/>\n<meta property=\"og:title\" content=\"Comptable Gestion Locative F\/H\" \/>\n<meta property=\"og:description\" content=\"L&rsquo;entreprise: Description: Nov\u00e9 Gestion recrute un Comptable Gestion Locative F\/H en CDI. Rattach\u00e9(e) \u00e0 la Direction Finance au sein du service gestion de compte,vous assurez le traitement comptable de la gestion immobili\u00e8re en vous assurant de la satisfaction des ressortissants et du bon fonctionnement de l&rsquo;activit\u00e9. Vos principales missions : &#8211; Assurer le quittancement mensuel\" \/>\n<meta property=\"og:url\" content=\"https:\/\/www.monbailleur.fr\/offres-emploi\/poste\/comptable-gestion-locative-f-h\" \/>\n<meta property=\"og:site_name\" content=\"Monbailleur.fr - Emploi\" \/>\n<meta property=\"og:image\" content=\"https:\/\/www.monbailleur.fr\/offres-emploi\/wp-content\/uploads\/2023\/08\/aiguillon-construction.jpg\" \/>\n\t<meta property=\"og:image:width\" content=\"200\" \/>\n\t<meta property=\"og:image:height\" content=\"114\" \/>\n\t<meta property=\"og:image:type\" content=\"image\/jpeg\" \/>\n<meta name=\"twitter:card\" content=\"summary_large_image\" \/>\n<meta name=\"twitter:label1\" content=\"Dur\u00e9e de lecture estim\u00e9e\" \/>\n\t<meta name=\"twitter:data1\" content=\"4 minutes\" \/>\n<script type=\"application\/ld+json\" class=\"yoast-schema-graph\">{\"@context\":\"https:\/\/schema.org\",\"@graph\":[{\"@type\":\"WebPage\",\"@id\":\"https:\/\/www.monbailleur.fr\/offres-emploi\/poste\/comptable-gestion-locative-f-h\",\"url\":\"https:\/\/www.monbailleur.fr\/offres-emploi\/poste\/comptable-gestion-locative-f-h\",\"name\":\"Comptable Gestion Locative F\/H - Monbailleur.fr - Emploi\",\"isPartOf\":{\"@id\":\"https:\/\/www.monbailleur.fr\/offres-emploi\/#website\"},\"primaryImageOfPage\":{\"@id\":\"https:\/\/www.monbailleur.fr\/offres-emploi\/poste\/comptable-gestion-locative-f-h#primaryimage\"},\"image\":{\"@id\":\"https:\/\/www.monbailleur.fr\/offres-emploi\/poste\/comptable-gestion-locative-f-h#primaryimage\"},\"thumbnailUrl\":\"https:\/\/www.monbailleur.fr\/offres-emploi\/wp-content\/uploads\/2023\/08\/aiguillon-construction.jpg\",\"datePublished\":\"2026-08-19T06:00:39+00:00\",\"breadcrumb\":{\"@id\":\"https:\/\/www.monbailleur.fr\/offres-emploi\/poste\/comptable-gestion-locative-f-h#breadcrumb\"},\"inLanguage\":\"fr-FR\",\"potentialAction\":[{\"@type\":\"ReadAction\",\"target\":[\"https:\/\/www.monbailleur.fr\/offres-emploi\/poste\/comptable-gestion-locative-f-h\"]}]},{\"@type\":\"ImageObject\",\"inLanguage\":\"fr-FR\",\"@id\":\"https:\/\/www.monbailleur.fr\/offres-emploi\/poste\/comptable-gestion-locative-f-h#primaryimage\",\"url\":\"https:\/\/www.monbailleur.fr\/offres-emploi\/wp-content\/uploads\/2023\/08\/aiguillon-construction.jpg\",\"contentUrl\":\"https:\/\/www.monbailleur.fr\/offres-emploi\/wp-content\/uploads\/2023\/08\/aiguillon-construction.jpg\",\"width\":200,\"height\":114},{\"@type\":\"BreadcrumbList\",\"@id\":\"https:\/\/www.monbailleur.fr\/offres-emploi\/poste\/comptable-gestion-locative-f-h#breadcrumb\",\"itemListElement\":[{\"@type\":\"ListItem\",\"position\":1,\"name\":\"Accueil\",\"item\":\"https:\/\/www.monbailleur.fr\/offres-emploi\/\"},{\"@type\":\"ListItem\",\"position\":2,\"name\":\"offres d\u2019emploi\",\"item\":\"https:\/\/www.monbailleur.fr\/offres-emploi\/job-listings\"},{\"@type\":\"ListItem\",\"position\":3,\"name\":\"Comptable Gestion Locative F\/H\"}]},{\"@type\":\"WebSite\",\"@id\":\"https:\/\/www.monbailleur.fr\/offres-emploi\/#website\",\"url\":\"https:\/\/www.monbailleur.fr\/offres-emploi\/\",\"name\":\"Monbailleur.fr - Emploi\",\"description\":\"Les offres d&#039;emploi du logement social\",\"publisher\":{\"@id\":\"https:\/\/www.monbailleur.fr\/offres-emploi\/#organization\"},\"potentialAction\":[{\"@type\":\"SearchAction\",\"target\":{\"@type\":\"EntryPoint\",\"urlTemplate\":\"https:\/\/www.monbailleur.fr\/offres-emploi\/?s={search_term_string}\"},\"query-input\":{\"@type\":\"PropertyValueSpecification\",\"valueRequired\":true,\"valueName\":\"search_term_string\"}}],\"inLanguage\":\"fr-FR\"},{\"@type\":\"Organization\",\"@id\":\"https:\/\/www.monbailleur.fr\/offres-emploi\/#organization\",\"name\":\"Monbailleur.fr - Emploi\",\"url\":\"https:\/\/www.monbailleur.fr\/offres-emploi\/\",\"logo\":{\"@type\":\"ImageObject\",\"inLanguage\":\"fr-FR\",\"@id\":\"https:\/\/www.monbailleur.fr\/offres-emploi\/#\/schema\/logo\/image\/\",\"url\":\"https:\/\/www.monbailleur.fr\/offres-emploi\/wp-content\/uploads\/2023\/06\/MonBailleur-1200x675-1.png\",\"contentUrl\":\"https:\/\/www.monbailleur.fr\/offres-emploi\/wp-content\/uploads\/2023\/06\/MonBailleur-1200x675-1.png\",\"width\":1200,\"height\":675,\"caption\":\"Monbailleur.fr - Emploi\"},\"image\":{\"@id\":\"https:\/\/www.monbailleur.fr\/offres-emploi\/#\/schema\/logo\/image\/\"}}]}<\/script>\n<!-- \/ Yoast SEO Premium plugin. -->","yoast_head_json":{"title":"Comptable Gestion Locative F\/H - Monbailleur.fr - Emploi","robots":{"index":"noindex","follow":"follow"},"og_locale":"fr_FR","og_type":"article","og_title":"Comptable Gestion Locative F\/H","og_description":"L&rsquo;entreprise: Description: Nov\u00e9 Gestion recrute un Comptable Gestion Locative F\/H en CDI. Rattach\u00e9(e) \u00e0 la Direction Finance au sein du service gestion de compte,vous assurez le traitement comptable de la gestion immobili\u00e8re en vous assurant de la satisfaction des ressortissants et du bon fonctionnement de l&rsquo;activit\u00e9. Vos principales missions : &#8211; Assurer le quittancement mensuel","og_url":"https:\/\/www.monbailleur.fr\/offres-emploi\/poste\/comptable-gestion-locative-f-h","og_site_name":"Monbailleur.fr - Emploi","og_image":[{"width":200,"height":114,"url":"https:\/\/www.monbailleur.fr\/offres-emploi\/wp-content\/uploads\/2023\/08\/aiguillon-construction.jpg","type":"image\/jpeg"}],"twitter_card":"summary_large_image","twitter_misc":{"Dur\u00e9e de lecture estim\u00e9e":"4 minutes"},"schema":{"@context":"https:\/\/schema.org","@graph":[{"@type":"WebPage","@id":"https:\/\/www.monbailleur.fr\/offres-emploi\/poste\/comptable-gestion-locative-f-h","url":"https:\/\/www.monbailleur.fr\/offres-emploi\/poste\/comptable-gestion-locative-f-h","name":"Comptable Gestion Locative F\/H - Monbailleur.fr - Emploi","isPartOf":{"@id":"https:\/\/www.monbailleur.fr\/offres-emploi\/#website"},"primaryImageOfPage":{"@id":"https:\/\/www.monbailleur.fr\/offres-emploi\/poste\/comptable-gestion-locative-f-h#primaryimage"},"image":{"@id":"https:\/\/www.monbailleur.fr\/offres-emploi\/poste\/comptable-gestion-locative-f-h#primaryimage"},"thumbnailUrl":"https:\/\/www.monbailleur.fr\/offres-emploi\/wp-content\/uploads\/2023\/08\/aiguillon-construction.jpg","datePublished":"2026-08-19T06:00:39+00:00","breadcrumb":{"@id":"https:\/\/www.monbailleur.fr\/offres-emploi\/poste\/comptable-gestion-locative-f-h#breadcrumb"},"inLanguage":"fr-FR","potentialAction":[{"@type":"ReadAction","target":["https:\/\/www.monbailleur.fr\/offres-emploi\/poste\/comptable-gestion-locative-f-h"]}]},{"@type":"ImageObject","inLanguage":"fr-FR","@id":"https:\/\/www.monbailleur.fr\/offres-emploi\/poste\/comptable-gestion-locative-f-h#primaryimage","url":"https:\/\/www.monbailleur.fr\/offres-emploi\/wp-content\/uploads\/2023\/08\/aiguillon-construction.jpg","contentUrl":"https:\/\/www.monbailleur.fr\/offres-emploi\/wp-content\/uploads\/2023\/08\/aiguillon-construction.jpg","width":200,"height":114},{"@type":"BreadcrumbList","@id":"https:\/\/www.monbailleur.fr\/offres-emploi\/poste\/comptable-gestion-locative-f-h#breadcrumb","itemListElement":[{"@type":"ListItem","position":1,"name":"Accueil","item":"https:\/\/www.monbailleur.fr\/offres-emploi\/"},{"@type":"ListItem","position":2,"name":"offres d\u2019emploi","item":"https:\/\/www.monbailleur.fr\/offres-emploi\/job-listings"},{"@type":"ListItem","position":3,"name":"Comptable Gestion Locative F\/H"}]},{"@type":"WebSite","@id":"https:\/\/www.monbailleur.fr\/offres-emploi\/#website","url":"https:\/\/www.monbailleur.fr\/offres-emploi\/","name":"Monbailleur.fr - Emploi","description":"Les offres d&#039;emploi du logement social","publisher":{"@id":"https:\/\/www.monbailleur.fr\/offres-emploi\/#organization"},"potentialAction":[{"@type":"SearchAction","target":{"@type":"EntryPoint","urlTemplate":"https:\/\/www.monbailleur.fr\/offres-emploi\/?s={search_term_string}"},"query-input":{"@type":"PropertyValueSpecification","valueRequired":true,"valueName":"search_term_string"}}],"inLanguage":"fr-FR"},{"@type":"Organization","@id":"https:\/\/www.monbailleur.fr\/offres-emploi\/#organization","name":"Monbailleur.fr - Emploi","url":"https:\/\/www.monbailleur.fr\/offres-emploi\/","logo":{"@type":"ImageObject","inLanguage":"fr-FR","@id":"https:\/\/www.monbailleur.fr\/offres-emploi\/#\/schema\/logo\/image\/","url":"https:\/\/www.monbailleur.fr\/offres-emploi\/wp-content\/uploads\/2023\/06\/MonBailleur-1200x675-1.png","contentUrl":"https:\/\/www.monbailleur.fr\/offres-emploi\/wp-content\/uploads\/2023\/06\/MonBailleur-1200x675-1.png","width":1200,"height":675,"caption":"Monbailleur.fr - Emploi"},"image":{"@id":"https:\/\/www.monbailleur.fr\/offres-emploi\/#\/schema\/logo\/image\/"}}]}},"_links":{"self":[{"href":"https:\/\/www.monbailleur.fr\/offres-emploi\/wp-json\/wp\/v2\/job-listings\/38993","targetHints":{"allow":["GET"]}}],"collection":[{"href":"https:\/\/www.monbailleur.fr\/offres-emploi\/wp-json\/wp\/v2\/job-listings"}],"about":[{"href":"https:\/\/www.monbailleur.fr\/offres-emploi\/wp-json\/wp\/v2\/types\/job_listing"}],"wp:featuredmedia":[{"embeddable":true,"href":"https:\/\/www.monbailleur.fr\/offres-emploi\/wp-json\/wp\/v2\/media\/7246"}],"wp:attachment":[{"href":"https:\/\/www.monbailleur.fr\/offres-emploi\/wp-json\/wp\/v2\/media?parent=38993"}],"wp:term":[{"taxonomy":"job_listing_category","embeddable":true,"href":"https:\/\/www.monbailleur.fr\/offres-emploi\/wp-json\/wp\/v2\/job-categories?post=38993"},{"taxonomy":"job_listing_type","embeddable":true,"href":"https:\/\/www.monbailleur.fr\/offres-emploi\/wp-json\/wp\/v2\/job-types?post=38993"}],"curies":[{"name":"wp","href":"https:\/\/api.w.org\/{rel}","templated":true}]}}