{"id":39020,"date":"2026-08-06T08:00:21","date_gmt":"2026-08-06T06:00:21","guid":{"rendered":"https:\/\/www.monbailleur.fr\/offres-emploi\/poste\/directeur-regional-adjoint-investissements-h-f"},"modified":"2026-08-06T08:00:21","modified_gmt":"2026-08-06T06:00:21","slug":"directeur-regional-adjoint-investissements-h-f","status":"publish","type":"job_listing","link":"https:\/\/www.monbailleur.fr\/offres-emploi\/poste\/directeur-regional-adjoint-investissements-h-f","title":{"rendered":"Directeur R\u00e9gional Adjoint Investissements H\/F"},"content":{"rendered":"<h2>L&rsquo;entreprise:<\/h2>\n<p>Action Logement Groupe d\u00e9termine les orientations strat\u00e9giques du groupe Action Logement, les conditions d&#8217;emploi des ressources financi\u00e8res, et veille \u00e0 ce que les aides et les services soient distribu\u00e9s avec \u00e9quit\u00e9 entre les personnes \u00e9ligibles, dans tous les territoires.<\/p>\n<h2>Description:<\/h2>\n<\/p>\n<p><strong>Vouloir am\u00e9liorer le logement\u2026 ET LE FAIRE !<\/strong><br \/>Rejoignez un Groupe qui agit concr\u00e8tement pour faciliter le logement des salari\u00e9s et ainsi am\u00e9liorer le quotidien de millions de Fran\u00e7ais.<br \/>Le groupe Action Logement, employeur de r\u00e9f\u00e9rence dans son secteur, couvre l&rsquo;ensemble des m\u00e9tiers de service et de l&rsquo;immobilier. \u00c0 ce jour, le Groupe compte plus de 100 m\u00e9tiers r\u00e9partis dans quatre grands domaines d\u2019expertises : l\u2019aide et l\u2019accompagnement des b\u00e9n\u00e9ficiaires, la gestion du parc immobilier, la conception et la construction de logements durables, l\u2019am\u00e9lioration et l\u2019innovation au service de toutes les activit\u00e9s du Groupe.<br \/><strong>Pourquoi nous rejoindre ?<\/strong><br \/>\u00b7 Si vous voulez \u00eatre utile, en aidant en agissant au c\u0153ur de l\u2019\u00e9conomie sociale et solidaire ;<br \/>\u00b7 Si vous voulez bouger les lignes, en vous mobilisant pour soutenir un habitat et des modes de vie durables ;<br \/>\u00b7 Si vous voulez enrichir votre parcours, en profitant de programmes de formations innovants et de mobilit\u00e9 dans toute la France ;<br \/>\u00b7 Si vous voulez vous accomplir professionnellement, en int\u00e9grant un Groupe qui d\u00e9veloppe une politique de sant\u00e9, de s\u00e9curit\u00e9 et de qualit\u00e9 de vie au travail r\u00e9solument exigeante ;<br \/><strong>Rejoignez nous !<\/strong><\/p>\n<p>Pour mener \u00e0 bien notre mission, nous recherchons un Directeur R\u00e9gional Adjoint Investissement H\/F pour la r\u00e9gion HAUTS DE FRANCE sur l\u2019agence de Marcq-en-Bar\u0153ul<\/p>\n<p>Le Directeur Adjoint R\u00e9gional H\/F a pour mission de repr\u00e9senter le Directeur R\u00e9gional sur les th\u00e9matiques des investissements publics et priv\u00e9s, des diff\u00e9rentes politiques d&rsquo;interventions NPNRU, ACV et des relations avec les bailleurs sur l&rsquo;investissement.<\/p>\n<p><span style=\"text-decoration: underline\">Les missions<\/span><\/p>\n<p>\u2713 Mettre en \u0153uvre la strat\u00e9gie des activit\u00e9s\/m\u00e9tiers et\/ou partenariale au niveau r\u00e9gional :<br \/>\u2022 Participer \u00e0 la d\u00e9finition de la politique de d\u00e9veloppement en ad\u00e9quation avec les orientations strat\u00e9giques de l\u2019entreprise ;<br \/>\u2022 Suivre la mise en \u0153uvre des actions sur le territoire et les indicateurs pour mesurer l\u2019atteinte des objectifs ;<br \/>\u2022 S\u2019assurer de la diffusion de l\u2019information aupr\u00e8s des entit\u00e9s r\u00e9gionales.<\/p>\n<p>\u2713 Piloter l\u2019activit\u00e9 :<br \/>\u2022 Piloter l\u2019organisation de l\u2019activit\u00e9 sur le territoire ;<br \/>\u2022 Suivre les budgets de l\u2019activit\u00e9 et en assurer le respect et l\u2019optimisation ;<br \/>\u2022 Veiller au respect de l\u2019application des proc\u00e9dures internes et de la r\u00e8glementation ;<\/p>\n<p>\u2713 Manager les \u00e9quipes d\u00e9di\u00e9es :<br \/>\u2713 Repr\u00e9senter l\u2019activit\u00e9 dans les diff\u00e9rentes instances<\/p>\n<p>\u2022 Repr\u00e9senter le directeur r\u00e9gional sur les th\u00e9matiques des investissements publics et priv\u00e9s, des diff\u00e9rentes politiques d&rsquo;intervention NPNRU, ACV, des relations avec les bailleurs tant sur l&rsquo;investissement que sur le locatif.<br \/>\u2022 Articuler les interventions Action Logement entre les politiques groupe et les d\u00e9ploiements ALS et le d\u00e9veloppement en r\u00e9gion.<br \/>\u2022 Garantir la bonne int\u00e9gration des interventions aupr\u00e8s des territoires (formation, information, animation, pilotage des objectifs).<br \/>\u2022 Accompagner les collaborateurs des directions territoriales \u00e0 la r\u00e9ussite de leurs missions<\/p>\n<div class=\"know_div_element know_div\" lang=\"fr\" style=\"top: 0px; left: 0px; z-index: 210000; font-size: 1rem\"> <\/div>\n<h2>Profil:<\/h2>\n<\/p>\n<p>Professionnel confirm\u00e9, vous avez une connaissance des territoires des Hauts-de-France et de la relation aux territoires ainsi que de l&rsquo;\u00e9cosyst\u00e8me et de l&rsquo;\u00e9conomie du logement social.<\/p>\n<p>Vous maitrisez les Politiques nationales (ACV, ANRU) et avez une expertise av\u00e9r\u00e9e en financement des bailleurs sociaux dans leurs op\u00e9rations de production et de r\u00e9habilitation.<\/p>\n<p><span style=\"text-decoration: underline\">A ce titre<\/span> :<\/p>\n<p>&#8211; Vous maitrisez les diff\u00e9rents produits de financement des bailleurs sociaux (par norme, agr\u00e9ment, produit) et notamment dans le cadre des politiques nationales de type ANRU et\/ou ACV.<\/p>\n<p>&#8211; Vous avez une bonne connaissance des diff\u00e9rents labels et certifications environnementales n\u00e9cessaires dans le cadre de la d\u00e9marche RSE promue par le groupe.<\/p>\n<p>&#8211; Vous avez une capacit\u00e9 av\u00e9r\u00e9e \u00e0 piloter une enveloppe financi\u00e8re d\u00e9di\u00e9e et \u00e0 r\u00e9aliser des outils de pilotage et de priorisation des op\u00e9rations.<\/p>\n<p>&#8211; Vous avez une exp\u00e9rience dans les services financiers d\u2019une collectivit\u00e9 locale, d\u2019une agence nationale, d\u2019un bailleur ou d\u2019un service de l\u2019Etat en central ou d\u00e9concentr\u00e9.<\/p>\n<p>&#8211; Vous avez une exp\u00e9rience en management direct ainsi qu\u2019une exp\u00e9rience en management de projets urbains complexes.<\/p>\n<\/p>\n<p>Une connaissance des r\u00e8gles de KYC et de solvabilit\u00e9 des investisseurs priv\u00e9s sera fortement appr\u00e9ci\u00e9e.<\/p>\n<p>Les missions propos\u00e9es vous int\u00e9ressent, vous vous reconnaissez dans cette description ? Alors, n&rsquo;h\u00e9sitez plus en postulant \u00e0 cette offre ! Nous serons ravis de recevoir votre candidature.<\/p>\n<p><strong>Poste ouvert aux personnes en situation de handicap. <\/strong><\/p>\n<div class=\"know_div_element know_div\" lang=\"fr\" style=\"top: 0px; left: 0px; z-index: 210000; font-size: 1rem\"> <\/div>\n<h3>Niveau de dipl\u00f4me:<\/h3>\n<p> BAC + 5 (Master 2, DESS, DEA)<\/p>\n<h3>Sp\u00e9cialisations:<\/h3>\n<p>Autre fili\u00e8re<\/p>\n<h3> Entit\u00e9 <\/h3>\n<p> Action Logement Services porte l&rsquo;une des deux missions d&rsquo;utilit\u00e9 sociale du groupe Action Logement : faciliter l&rsquo;acc\u00e8s au logement des plus fragiles, en d\u00e9livrant des services et des aides financi\u00e8res pour accompagner leur mobilit\u00e9 r\u00e9sidentielle et professionnelle. La soci\u00e9t\u00e9 contribue \u00e9galement au financement des bailleurs sociaux pour la construction et la r\u00e9habilitation de logements. Elle favorise ainsi l&rsquo;acc\u00e8s et le maintien dans l&#8217;emploi, la performance des entreprises, et le d\u00e9veloppement des territoires.<\/p>\n","protected":false},"author":0,"featured_media":3646,"template":"","meta":{"_promoted":"","_job_location":"France, Hauts-de-France, 59 - Nord Marcq-en-Bar\u0153ul","_application":"https:\/\/actionlogement-recrute.talent-soft.com\/offre-de-emploi\/emploi-directeur-regional-adjoint-investissements-h-f_17819.aspx?utm_source=monbailleur.fr","_company_name":"Action Logement","_company_website":"https:\/\/actionlogement-recrute.talent-soft.com\/","_company_tagline":"","_company_twitter":"","_company_video":"","_filled":0,"_featured":0,"_remote_position":0,"_job_salary":"","_job_salary_currency":"","_job_salary_unit":""},"job-categories":[78],"job-types":[63],"class_list":["post-39020","job_listing","type-job_listing","status-publish","has-post-thumbnail","hentry","job_listing_category-autres","job_listing_type-cdi","job-type-cdi"],"yoast_head":"<!-- This site is optimized with the Yoast SEO Premium plugin v22.4 (Yoast SEO v25.1) - https:\/\/yoast.com\/wordpress\/plugins\/seo\/ -->\n<title>Directeur R\u00e9gional Adjoint Investissements H\/F - Monbailleur.fr - Emploi<\/title>\n<meta name=\"robots\" content=\"noindex, follow\" \/>\n<meta property=\"og:locale\" content=\"fr_FR\" \/>\n<meta property=\"og:type\" content=\"article\" \/>\n<meta property=\"og:title\" content=\"Directeur R\u00e9gional Adjoint Investissements H\/F\" \/>\n<meta property=\"og:description\" content=\"L&rsquo;entreprise: Action Logement Groupe d\u00e9termine les orientations strat\u00e9giques du groupe Action Logement, les conditions d&#8217;emploi des ressources financi\u00e8res, et veille \u00e0 ce que les aides et les services soient distribu\u00e9s avec \u00e9quit\u00e9 entre les personnes \u00e9ligibles, dans tous les territoires. Description: Vouloir am\u00e9liorer le logement\u2026 ET LE FAIRE !Rejoignez un Groupe qui agit concr\u00e8tement pour\" \/>\n<meta property=\"og:url\" content=\"https:\/\/www.monbailleur.fr\/offres-emploi\/poste\/directeur-regional-adjoint-investissements-h-f\" \/>\n<meta property=\"og:site_name\" content=\"Monbailleur.fr - Emploi\" \/>\n<meta property=\"og:image\" content=\"https:\/\/www.monbailleur.fr\/offres-emploi\/wp-content\/uploads\/2023\/06\/action-logement.png\" \/>\n\t<meta property=\"og:image:width\" content=\"175\" \/>\n\t<meta property=\"og:image:height\" content=\"200\" \/>\n\t<meta property=\"og:image:type\" content=\"image\/png\" \/>\n<meta name=\"twitter:card\" content=\"summary_large_image\" \/>\n<meta name=\"twitter:label1\" content=\"Dur\u00e9e de lecture estim\u00e9e\" \/>\n\t<meta name=\"twitter:data1\" content=\"4 minutes\" \/>\n<script type=\"application\/ld+json\" class=\"yoast-schema-graph\">{\"@context\":\"https:\/\/schema.org\",\"@graph\":[{\"@type\":\"WebPage\",\"@id\":\"https:\/\/www.monbailleur.fr\/offres-emploi\/poste\/directeur-regional-adjoint-investissements-h-f\",\"url\":\"https:\/\/www.monbailleur.fr\/offres-emploi\/poste\/directeur-regional-adjoint-investissements-h-f\",\"name\":\"Directeur R\u00e9gional Adjoint Investissements H\/F - Monbailleur.fr - Emploi\",\"isPartOf\":{\"@id\":\"https:\/\/www.monbailleur.fr\/offres-emploi\/#website\"},\"primaryImageOfPage\":{\"@id\":\"https:\/\/www.monbailleur.fr\/offres-emploi\/poste\/directeur-regional-adjoint-investissements-h-f#primaryimage\"},\"image\":{\"@id\":\"https:\/\/www.monbailleur.fr\/offres-emploi\/poste\/directeur-regional-adjoint-investissements-h-f#primaryimage\"},\"thumbnailUrl\":\"https:\/\/www.monbailleur.fr\/offres-emploi\/wp-content\/uploads\/2023\/06\/action-logement.png\",\"datePublished\":\"2026-08-06T06:00:21+00:00\",\"breadcrumb\":{\"@id\":\"https:\/\/www.monbailleur.fr\/offres-emploi\/poste\/directeur-regional-adjoint-investissements-h-f#breadcrumb\"},\"inLanguage\":\"fr-FR\",\"potentialAction\":[{\"@type\":\"ReadAction\",\"target\":[\"https:\/\/www.monbailleur.fr\/offres-emploi\/poste\/directeur-regional-adjoint-investissements-h-f\"]}]},{\"@type\":\"ImageObject\",\"inLanguage\":\"fr-FR\",\"@id\":\"https:\/\/www.monbailleur.fr\/offres-emploi\/poste\/directeur-regional-adjoint-investissements-h-f#primaryimage\",\"url\":\"https:\/\/www.monbailleur.fr\/offres-emploi\/wp-content\/uploads\/2023\/06\/action-logement.png\",\"contentUrl\":\"https:\/\/www.monbailleur.fr\/offres-emploi\/wp-content\/uploads\/2023\/06\/action-logement.png\",\"width\":175,\"height\":200},{\"@type\":\"BreadcrumbList\",\"@id\":\"https:\/\/www.monbailleur.fr\/offres-emploi\/poste\/directeur-regional-adjoint-investissements-h-f#breadcrumb\",\"itemListElement\":[{\"@type\":\"ListItem\",\"position\":1,\"name\":\"Accueil\",\"item\":\"https:\/\/www.monbailleur.fr\/offres-emploi\/\"},{\"@type\":\"ListItem\",\"position\":2,\"name\":\"offres d\u2019emploi\",\"item\":\"https:\/\/www.monbailleur.fr\/offres-emploi\/job-listings\"},{\"@type\":\"ListItem\",\"position\":3,\"name\":\"Directeur R\u00e9gional Adjoint Investissements H\/F\"}]},{\"@type\":\"WebSite\",\"@id\":\"https:\/\/www.monbailleur.fr\/offres-emploi\/#website\",\"url\":\"https:\/\/www.monbailleur.fr\/offres-emploi\/\",\"name\":\"Monbailleur.fr - Emploi\",\"description\":\"Les offres d&#039;emploi du logement social\",\"publisher\":{\"@id\":\"https:\/\/www.monbailleur.fr\/offres-emploi\/#organization\"},\"potentialAction\":[{\"@type\":\"SearchAction\",\"target\":{\"@type\":\"EntryPoint\",\"urlTemplate\":\"https:\/\/www.monbailleur.fr\/offres-emploi\/?s={search_term_string}\"},\"query-input\":{\"@type\":\"PropertyValueSpecification\",\"valueRequired\":true,\"valueName\":\"search_term_string\"}}],\"inLanguage\":\"fr-FR\"},{\"@type\":\"Organization\",\"@id\":\"https:\/\/www.monbailleur.fr\/offres-emploi\/#organization\",\"name\":\"Monbailleur.fr - Emploi\",\"url\":\"https:\/\/www.monbailleur.fr\/offres-emploi\/\",\"logo\":{\"@type\":\"ImageObject\",\"inLanguage\":\"fr-FR\",\"@id\":\"https:\/\/www.monbailleur.fr\/offres-emploi\/#\/schema\/logo\/image\/\",\"url\":\"https:\/\/www.monbailleur.fr\/offres-emploi\/wp-content\/uploads\/2023\/06\/MonBailleur-1200x675-1.png\",\"contentUrl\":\"https:\/\/www.monbailleur.fr\/offres-emploi\/wp-content\/uploads\/2023\/06\/MonBailleur-1200x675-1.png\",\"width\":1200,\"height\":675,\"caption\":\"Monbailleur.fr - Emploi\"},\"image\":{\"@id\":\"https:\/\/www.monbailleur.fr\/offres-emploi\/#\/schema\/logo\/image\/\"}}]}<\/script>\n<!-- \/ Yoast SEO Premium plugin. -->","yoast_head_json":{"title":"Directeur R\u00e9gional Adjoint Investissements H\/F - Monbailleur.fr - Emploi","robots":{"index":"noindex","follow":"follow"},"og_locale":"fr_FR","og_type":"article","og_title":"Directeur R\u00e9gional Adjoint Investissements H\/F","og_description":"L&rsquo;entreprise: Action Logement Groupe d\u00e9termine les orientations strat\u00e9giques du groupe Action Logement, les conditions d&#8217;emploi des ressources financi\u00e8res, et veille \u00e0 ce que les aides et les services soient distribu\u00e9s avec \u00e9quit\u00e9 entre les personnes \u00e9ligibles, dans tous les territoires. Description: Vouloir am\u00e9liorer le logement\u2026 ET LE FAIRE !Rejoignez un Groupe qui agit concr\u00e8tement pour","og_url":"https:\/\/www.monbailleur.fr\/offres-emploi\/poste\/directeur-regional-adjoint-investissements-h-f","og_site_name":"Monbailleur.fr - Emploi","og_image":[{"width":175,"height":200,"url":"https:\/\/www.monbailleur.fr\/offres-emploi\/wp-content\/uploads\/2023\/06\/action-logement.png","type":"image\/png"}],"twitter_card":"summary_large_image","twitter_misc":{"Dur\u00e9e de lecture estim\u00e9e":"4 minutes"},"schema":{"@context":"https:\/\/schema.org","@graph":[{"@type":"WebPage","@id":"https:\/\/www.monbailleur.fr\/offres-emploi\/poste\/directeur-regional-adjoint-investissements-h-f","url":"https:\/\/www.monbailleur.fr\/offres-emploi\/poste\/directeur-regional-adjoint-investissements-h-f","name":"Directeur R\u00e9gional Adjoint Investissements H\/F - Monbailleur.fr - Emploi","isPartOf":{"@id":"https:\/\/www.monbailleur.fr\/offres-emploi\/#website"},"primaryImageOfPage":{"@id":"https:\/\/www.monbailleur.fr\/offres-emploi\/poste\/directeur-regional-adjoint-investissements-h-f#primaryimage"},"image":{"@id":"https:\/\/www.monbailleur.fr\/offres-emploi\/poste\/directeur-regional-adjoint-investissements-h-f#primaryimage"},"thumbnailUrl":"https:\/\/www.monbailleur.fr\/offres-emploi\/wp-content\/uploads\/2023\/06\/action-logement.png","datePublished":"2026-08-06T06:00:21+00:00","breadcrumb":{"@id":"https:\/\/www.monbailleur.fr\/offres-emploi\/poste\/directeur-regional-adjoint-investissements-h-f#breadcrumb"},"inLanguage":"fr-FR","potentialAction":[{"@type":"ReadAction","target":["https:\/\/www.monbailleur.fr\/offres-emploi\/poste\/directeur-regional-adjoint-investissements-h-f"]}]},{"@type":"ImageObject","inLanguage":"fr-FR","@id":"https:\/\/www.monbailleur.fr\/offres-emploi\/poste\/directeur-regional-adjoint-investissements-h-f#primaryimage","url":"https:\/\/www.monbailleur.fr\/offres-emploi\/wp-content\/uploads\/2023\/06\/action-logement.png","contentUrl":"https:\/\/www.monbailleur.fr\/offres-emploi\/wp-content\/uploads\/2023\/06\/action-logement.png","width":175,"height":200},{"@type":"BreadcrumbList","@id":"https:\/\/www.monbailleur.fr\/offres-emploi\/poste\/directeur-regional-adjoint-investissements-h-f#breadcrumb","itemListElement":[{"@type":"ListItem","position":1,"name":"Accueil","item":"https:\/\/www.monbailleur.fr\/offres-emploi\/"},{"@type":"ListItem","position":2,"name":"offres d\u2019emploi","item":"https:\/\/www.monbailleur.fr\/offres-emploi\/job-listings"},{"@type":"ListItem","position":3,"name":"Directeur R\u00e9gional Adjoint Investissements H\/F"}]},{"@type":"WebSite","@id":"https:\/\/www.monbailleur.fr\/offres-emploi\/#website","url":"https:\/\/www.monbailleur.fr\/offres-emploi\/","name":"Monbailleur.fr - Emploi","description":"Les offres d&#039;emploi du logement social","publisher":{"@id":"https:\/\/www.monbailleur.fr\/offres-emploi\/#organization"},"potentialAction":[{"@type":"SearchAction","target":{"@type":"EntryPoint","urlTemplate":"https:\/\/www.monbailleur.fr\/offres-emploi\/?s={search_term_string}"},"query-input":{"@type":"PropertyValueSpecification","valueRequired":true,"valueName":"search_term_string"}}],"inLanguage":"fr-FR"},{"@type":"Organization","@id":"https:\/\/www.monbailleur.fr\/offres-emploi\/#organization","name":"Monbailleur.fr - Emploi","url":"https:\/\/www.monbailleur.fr\/offres-emploi\/","logo":{"@type":"ImageObject","inLanguage":"fr-FR","@id":"https:\/\/www.monbailleur.fr\/offres-emploi\/#\/schema\/logo\/image\/","url":"https:\/\/www.monbailleur.fr\/offres-emploi\/wp-content\/uploads\/2023\/06\/MonBailleur-1200x675-1.png","contentUrl":"https:\/\/www.monbailleur.fr\/offres-emploi\/wp-content\/uploads\/2023\/06\/MonBailleur-1200x675-1.png","width":1200,"height":675,"caption":"Monbailleur.fr - Emploi"},"image":{"@id":"https:\/\/www.monbailleur.fr\/offres-emploi\/#\/schema\/logo\/image\/"}}]}},"_links":{"self":[{"href":"https:\/\/www.monbailleur.fr\/offres-emploi\/wp-json\/wp\/v2\/job-listings\/39020","targetHints":{"allow":["GET"]}}],"collection":[{"href":"https:\/\/www.monbailleur.fr\/offres-emploi\/wp-json\/wp\/v2\/job-listings"}],"about":[{"href":"https:\/\/www.monbailleur.fr\/offres-emploi\/wp-json\/wp\/v2\/types\/job_listing"}],"wp:featuredmedia":[{"embeddable":true,"href":"https:\/\/www.monbailleur.fr\/offres-emploi\/wp-json\/wp\/v2\/media\/3646"}],"wp:attachment":[{"href":"https:\/\/www.monbailleur.fr\/offres-emploi\/wp-json\/wp\/v2\/media?parent=39020"}],"wp:term":[{"taxonomy":"job_listing_category","embeddable":true,"href":"https:\/\/www.monbailleur.fr\/offres-emploi\/wp-json\/wp\/v2\/job-categories?post=39020"},{"taxonomy":"job_listing_type","embeddable":true,"href":"https:\/\/www.monbailleur.fr\/offres-emploi\/wp-json\/wp\/v2\/job-types?post=39020"}],"curies":[{"name":"wp","href":"https:\/\/api.w.org\/{rel}","templated":true}]}}