{"id":39048,"date":"2026-08-07T08:00:11","date_gmt":"2026-08-07T06:00:11","guid":{"rendered":"https:\/\/www.monbailleur.fr\/offres-emploi\/poste\/directeur-responsable-dagence-f-h-h-f"},"modified":"2026-08-07T08:00:11","modified_gmt":"2026-08-07T06:00:11","slug":"directeur-responsable-dagence-f-h-h-f","status":"publish","type":"job_listing","link":"https:\/\/www.monbailleur.fr\/offres-emploi\/poste\/directeur-responsable-dagence-f-h-h-f","title":{"rendered":"Directeur \/ Responsable d&rsquo;agence F\/H H\/F"},"content":{"rendered":"<h2>L&rsquo;entreprise:<\/h2>\n<\/p>\n<p>Rejoindre Habitat 44, c\u2019est rejoindre une \u00e9quipe proche, engag\u00e9e et solidaire.<\/p>\n<p>Notre mission<\/p>\n<\/p>\n<p>Permettre \u00e0 chacun d\u2019acc\u00e9der \u00e0 un logement de qualit\u00e9, abordable et durable.<\/p>\n<p>Chez Habitat 44, chaque collaborateur agit au service de l\u2019int\u00e9r\u00eat g\u00e9n\u00e9ral et contribue directement \u00e0 am\u00e9liorer la vie des habitants de Loire\u2011Atlantique.<\/p>\n<\/p>\n<p>Pourquoi nous rejoindre ?<\/p>\n<\/p>\n<p>Une entreprise \u00e0 taille humaine, accessible et proche de ses \u00e9quipes<\/p>\n<p>Des collaborateurs engag\u00e9s : 145 professionnels passionn\u00e9s par leur mission<\/p>\n<p>Une pr\u00e9sence locale forte avec 5 agences au plus pr\u00e8s des locataires<\/p>\n<p>Plus de 20 m\u00e9tiers diff\u00e9rents pour \u00e9voluer et construire votre parcours<\/p>\n<p>Un acteur cl\u00e9 du territoire au sein de UNITER, 1er groupement du logement abordable en Loire\u2011Atlantique<\/p>\n<\/p>\n<p>  Nos valeurs, votre quotidien<br \/>Proche \u2013 Engag\u00e9 \u2013 Solidaire<\/p>\n<h2>Description:<\/h2>\n<\/p>\n<p>Rattach\u00e9(e) \u00e0 la directrice du p\u00f4le client\u00e8le, vous pilotez une agence de proximit\u00e9 avec un parc d\u2019environ 1900 logements. Vous mettez en \u0153uvre la politique g\u00e9n\u00e9rale de l\u2019organisme sur votre territoire. Vous managez une \u00e9quipe pluridisciplinaire. Vous mettez en \u0153uvre et animez l&rsquo;activit\u00e9 locative, commerciale et sociale de l&rsquo;Agence.<\/p>\n<\/p>\n<p>Les principales missions :<\/p>\n<p> Management<\/p>\n<p>\u2726 Homme ou Femme de terrain, votre r\u00f4le est avant tout d\u2019\u00eatre garant du bon fonctionnement de l\u2019agence en mati\u00e8re de continuit\u00e9 et de qualit\u00e9 de service aux locataires (attributions, \u00e9tats des lieux, entretien courant, gestion des troubles de voisinage, du pr\u00e9contentieux \u2026). Vous pilotez l&rsquo;activit\u00e9 de l&rsquo;agence \u00e0 l&rsquo;aide des indicateurs de suivi.<\/p>\n<p>\u2726 Manager participatif, vous assurez au quotidien l\u2019accompagnement de vos collaborateurs et le d\u00e9veloppement de leurs comp\u00e9tences. Vous facilitez la transversalit\u00e9 avec les directions du si\u00e8ge.<\/p>\n<p>\u2726 Vous organisez et animez des actions participatives et de concertation avec les locataires ou leur repr\u00e9sentant.<\/p>\n<p>\u2726 Dans un contexte de d\u00e9veloppement, vous avez \u00e0 c\u0153ur de piloter les diff\u00e9rents projets tout en donnant l\u2019impulsion n\u00e9cessaire \u00e0 vos \u00e9quipes. Vous f\u00e9d\u00e9rez votre \u00e9quipe autour du projet d\u2019entreprise.<\/p>\n<\/p>\n<p> Gestion du patrimoine<\/p>\n<p>\u2726 Dans un objectif d\u2019am\u00e9lioration du patrimoine existant, vous participez \u00e0 la d\u00e9finition de la programmation des travaux d\u2019entretien et \u00e0 la supervision de la gestion technique du patrimoine. \u00c0 ce titre, vous \u00e9laborez le budget de l&rsquo;agence avec le responsable de la proximit\u00e9 et vous assurez les arbitrages n\u00e9cessaires.<\/p>\n<p>\u2726 Vous supervisez la mise en location des nouveaux logements.<\/p>\n<\/p>\n<p> Partenariats<\/p>\n<p>\u2726 Vous vous investissez au quotidien aupr\u00e8s des partenaires et des collectivit\u00e9s, des services de l\u2019Etat, de l\u2019ensemble du r\u00e9seau associatif afin de d\u00e9velopper la politique de l\u2019habitat local\u2026 Ainsi, vous travaillez de concert avec nos partenaires en prenant en compte leurs attentes et portez un message constructif, tout en \u00e9tant le garant des valeurs d\u2019HABITAT 44.<\/p>\n<\/p>\n<h2>Profil:<\/h2>\n<\/p>\n<p>De formation sup\u00e9rieure, vous justifiez d\u2019une exp\u00e9rience en gestion de la proximit\u00e9, vous connaissez les m\u00e9tiers du logement social et maitrisez la r\u00e8glementation du logement social.<\/p>\n<p>Votre exp\u00e9rience confirm\u00e9e en management op\u00e9rationnel (\u00e0 minima 5 ans), vous a permis de d\u00e9velopper votre capacit\u00e9 \u00e0 piloter la fixation et l\u2019atteinte des objectifs, tout en \u00e9tant garant d\u2019un fonctionnement bienveillant et proche de vos \u00e9quipes. Vous poss\u00e9dez de r\u00e9elles capacit\u00e9s d&rsquo;animation, de management, de mobilisation. Vous \u00eates reconnu(e) pour vos capacit\u00e9s relationnelles et de repr\u00e9sentativit\u00e9.<\/p>\n<p>Vous disposez d\u2019une capacit\u00e9 d\u2019organisation d\u2019unit\u00e9 d\u00e9centralis\u00e9e avec pragmatisme et un sens d\u00e9velopp\u00e9 des priorit\u00e9s. Vous avez des aptitudes \u00e0 piloter des projets.<\/p>\n<\/p>\n<p>Une bonne maitrise des outils informatiques et le permis B sont indispensables.<\/p>\n<p>Le poste est bas\u00e9 \u00e0 Gu\u00e9rande, avec des d\u00e9placements quotidiens sur le d\u00e9partement de la Loire-Atlantique.<\/p>\n<h3>Temps de travail<\/h3>\n<p>Temps plein <\/p>\n<h3> Organisme <\/h3>\n<p> <span id=\"ctl00_ctl00_AspMainContent_MainContent_MasterPageSettingsView_ctl03_ctl01_fldEntityDescriptionFormat_lblContentText\"><span id=\"ctl00_MainContent_DescriptionEntityEdit_SubForm1_ctl01_Field1_ctl00_lblEntityFormat\">HABITAT 44 <\/span><br \/><\/span><\/p>\n","protected":false},"author":0,"featured_media":5636,"template":"","meta":{"_promoted":"","_job_location":"France, Pays de Loire, Loire Atlantique (44) PLACE CHARLES MULLER 44350 GUERANDE","_application":"https:\/\/les-hlm-recrutent.talent-soft.com\/offre-de-emploi\/emploi-directeur-responsable-d-agence-f-h-h-f_70212.aspx?utm_source=monbailleur.fr","_company_name":"HABITAT 44","_company_website":"","_company_tagline":"","_company_twitter":"","_company_video":"","_filled":0,"_featured":0,"_remote_position":0,"_job_salary":"","_job_salary_currency":"","_job_salary_unit":""},"job-categories":[78],"job-types":[63],"class_list":["post-39048","job_listing","type-job_listing","status-publish","has-post-thumbnail","hentry","job_listing_category-autres","job_listing_type-cdi","job-type-cdi"],"yoast_head":"<!-- This site is optimized with the Yoast SEO Premium plugin v22.4 (Yoast SEO v25.1) - https:\/\/yoast.com\/wordpress\/plugins\/seo\/ -->\n<title>Directeur \/ Responsable d&#039;agence F\/H H\/F - Monbailleur.fr - Emploi<\/title>\n<meta name=\"robots\" content=\"noindex, follow\" \/>\n<meta property=\"og:locale\" content=\"fr_FR\" \/>\n<meta property=\"og:type\" content=\"article\" \/>\n<meta property=\"og:title\" content=\"Directeur \/ Responsable d&#039;agence F\/H H\/F\" \/>\n<meta property=\"og:description\" content=\"L&rsquo;entreprise: Rejoindre Habitat 44, c\u2019est rejoindre une \u00e9quipe proche, engag\u00e9e et solidaire. Notre mission Permettre \u00e0 chacun d\u2019acc\u00e9der \u00e0 un logement de qualit\u00e9, abordable et durable. Chez Habitat 44, chaque collaborateur agit au service de l\u2019int\u00e9r\u00eat g\u00e9n\u00e9ral et contribue directement \u00e0 am\u00e9liorer la vie des habitants de Loire\u2011Atlantique. Pourquoi nous rejoindre ? Une entreprise \u00e0\" \/>\n<meta property=\"og:url\" content=\"https:\/\/www.monbailleur.fr\/offres-emploi\/poste\/directeur-responsable-dagence-f-h-h-f\" \/>\n<meta property=\"og:site_name\" content=\"Monbailleur.fr - Emploi\" \/>\n<meta property=\"og:image\" content=\"https:\/\/www.monbailleur.fr\/offres-emploi\/wp-content\/uploads\/2023\/06\/mon_bailleur_emploi_placeholder.png\" \/>\n\t<meta property=\"og:image:width\" content=\"512\" \/>\n\t<meta property=\"og:image:height\" content=\"512\" \/>\n\t<meta property=\"og:image:type\" content=\"image\/png\" \/>\n<meta name=\"twitter:card\" content=\"summary_large_image\" \/>\n<meta name=\"twitter:label1\" content=\"Dur\u00e9e de lecture estim\u00e9e\" \/>\n\t<meta name=\"twitter:data1\" content=\"3 minutes\" \/>\n<script type=\"application\/ld+json\" class=\"yoast-schema-graph\">{\"@context\":\"https:\/\/schema.org\",\"@graph\":[{\"@type\":\"WebPage\",\"@id\":\"https:\/\/www.monbailleur.fr\/offres-emploi\/poste\/directeur-responsable-dagence-f-h-h-f\",\"url\":\"https:\/\/www.monbailleur.fr\/offres-emploi\/poste\/directeur-responsable-dagence-f-h-h-f\",\"name\":\"Directeur \/ Responsable d'agence F\/H H\/F - Monbailleur.fr - Emploi\",\"isPartOf\":{\"@id\":\"https:\/\/www.monbailleur.fr\/offres-emploi\/#website\"},\"primaryImageOfPage\":{\"@id\":\"https:\/\/www.monbailleur.fr\/offres-emploi\/poste\/directeur-responsable-dagence-f-h-h-f#primaryimage\"},\"image\":{\"@id\":\"https:\/\/www.monbailleur.fr\/offres-emploi\/poste\/directeur-responsable-dagence-f-h-h-f#primaryimage\"},\"thumbnailUrl\":\"https:\/\/www.monbailleur.fr\/offres-emploi\/wp-content\/uploads\/2023\/06\/mon_bailleur_emploi_placeholder.png\",\"datePublished\":\"2026-08-07T06:00:11+00:00\",\"breadcrumb\":{\"@id\":\"https:\/\/www.monbailleur.fr\/offres-emploi\/poste\/directeur-responsable-dagence-f-h-h-f#breadcrumb\"},\"inLanguage\":\"fr-FR\",\"potentialAction\":[{\"@type\":\"ReadAction\",\"target\":[\"https:\/\/www.monbailleur.fr\/offres-emploi\/poste\/directeur-responsable-dagence-f-h-h-f\"]}]},{\"@type\":\"ImageObject\",\"inLanguage\":\"fr-FR\",\"@id\":\"https:\/\/www.monbailleur.fr\/offres-emploi\/poste\/directeur-responsable-dagence-f-h-h-f#primaryimage\",\"url\":\"https:\/\/www.monbailleur.fr\/offres-emploi\/wp-content\/uploads\/2023\/06\/mon_bailleur_emploi_placeholder.png\",\"contentUrl\":\"https:\/\/www.monbailleur.fr\/offres-emploi\/wp-content\/uploads\/2023\/06\/mon_bailleur_emploi_placeholder.png\",\"width\":512,\"height\":512},{\"@type\":\"BreadcrumbList\",\"@id\":\"https:\/\/www.monbailleur.fr\/offres-emploi\/poste\/directeur-responsable-dagence-f-h-h-f#breadcrumb\",\"itemListElement\":[{\"@type\":\"ListItem\",\"position\":1,\"name\":\"Accueil\",\"item\":\"https:\/\/www.monbailleur.fr\/offres-emploi\/\"},{\"@type\":\"ListItem\",\"position\":2,\"name\":\"offres d\u2019emploi\",\"item\":\"https:\/\/www.monbailleur.fr\/offres-emploi\/job-listings\"},{\"@type\":\"ListItem\",\"position\":3,\"name\":\"Directeur \/ Responsable d&rsquo;agence F\/H H\/F\"}]},{\"@type\":\"WebSite\",\"@id\":\"https:\/\/www.monbailleur.fr\/offres-emploi\/#website\",\"url\":\"https:\/\/www.monbailleur.fr\/offres-emploi\/\",\"name\":\"Monbailleur.fr - Emploi\",\"description\":\"Les offres d&#039;emploi du logement social\",\"publisher\":{\"@id\":\"https:\/\/www.monbailleur.fr\/offres-emploi\/#organization\"},\"potentialAction\":[{\"@type\":\"SearchAction\",\"target\":{\"@type\":\"EntryPoint\",\"urlTemplate\":\"https:\/\/www.monbailleur.fr\/offres-emploi\/?s={search_term_string}\"},\"query-input\":{\"@type\":\"PropertyValueSpecification\",\"valueRequired\":true,\"valueName\":\"search_term_string\"}}],\"inLanguage\":\"fr-FR\"},{\"@type\":\"Organization\",\"@id\":\"https:\/\/www.monbailleur.fr\/offres-emploi\/#organization\",\"name\":\"Monbailleur.fr - Emploi\",\"url\":\"https:\/\/www.monbailleur.fr\/offres-emploi\/\",\"logo\":{\"@type\":\"ImageObject\",\"inLanguage\":\"fr-FR\",\"@id\":\"https:\/\/www.monbailleur.fr\/offres-emploi\/#\/schema\/logo\/image\/\",\"url\":\"https:\/\/www.monbailleur.fr\/offres-emploi\/wp-content\/uploads\/2023\/06\/MonBailleur-1200x675-1.png\",\"contentUrl\":\"https:\/\/www.monbailleur.fr\/offres-emploi\/wp-content\/uploads\/2023\/06\/MonBailleur-1200x675-1.png\",\"width\":1200,\"height\":675,\"caption\":\"Monbailleur.fr - Emploi\"},\"image\":{\"@id\":\"https:\/\/www.monbailleur.fr\/offres-emploi\/#\/schema\/logo\/image\/\"}}]}<\/script>\n<!-- \/ Yoast SEO Premium plugin. -->","yoast_head_json":{"title":"Directeur \/ Responsable d'agence F\/H H\/F - Monbailleur.fr - Emploi","robots":{"index":"noindex","follow":"follow"},"og_locale":"fr_FR","og_type":"article","og_title":"Directeur \/ Responsable d'agence F\/H H\/F","og_description":"L&rsquo;entreprise: Rejoindre Habitat 44, c\u2019est rejoindre une \u00e9quipe proche, engag\u00e9e et solidaire. Notre mission Permettre \u00e0 chacun d\u2019acc\u00e9der \u00e0 un logement de qualit\u00e9, abordable et durable. Chez Habitat 44, chaque collaborateur agit au service de l\u2019int\u00e9r\u00eat g\u00e9n\u00e9ral et contribue directement \u00e0 am\u00e9liorer la vie des habitants de Loire\u2011Atlantique. Pourquoi nous rejoindre ? Une entreprise \u00e0","og_url":"https:\/\/www.monbailleur.fr\/offres-emploi\/poste\/directeur-responsable-dagence-f-h-h-f","og_site_name":"Monbailleur.fr - Emploi","og_image":[{"width":512,"height":512,"url":"https:\/\/www.monbailleur.fr\/offres-emploi\/wp-content\/uploads\/2023\/06\/mon_bailleur_emploi_placeholder.png","type":"image\/png"}],"twitter_card":"summary_large_image","twitter_misc":{"Dur\u00e9e de lecture estim\u00e9e":"3 minutes"},"schema":{"@context":"https:\/\/schema.org","@graph":[{"@type":"WebPage","@id":"https:\/\/www.monbailleur.fr\/offres-emploi\/poste\/directeur-responsable-dagence-f-h-h-f","url":"https:\/\/www.monbailleur.fr\/offres-emploi\/poste\/directeur-responsable-dagence-f-h-h-f","name":"Directeur \/ Responsable d'agence F\/H H\/F - Monbailleur.fr - Emploi","isPartOf":{"@id":"https:\/\/www.monbailleur.fr\/offres-emploi\/#website"},"primaryImageOfPage":{"@id":"https:\/\/www.monbailleur.fr\/offres-emploi\/poste\/directeur-responsable-dagence-f-h-h-f#primaryimage"},"image":{"@id":"https:\/\/www.monbailleur.fr\/offres-emploi\/poste\/directeur-responsable-dagence-f-h-h-f#primaryimage"},"thumbnailUrl":"https:\/\/www.monbailleur.fr\/offres-emploi\/wp-content\/uploads\/2023\/06\/mon_bailleur_emploi_placeholder.png","datePublished":"2026-08-07T06:00:11+00:00","breadcrumb":{"@id":"https:\/\/www.monbailleur.fr\/offres-emploi\/poste\/directeur-responsable-dagence-f-h-h-f#breadcrumb"},"inLanguage":"fr-FR","potentialAction":[{"@type":"ReadAction","target":["https:\/\/www.monbailleur.fr\/offres-emploi\/poste\/directeur-responsable-dagence-f-h-h-f"]}]},{"@type":"ImageObject","inLanguage":"fr-FR","@id":"https:\/\/www.monbailleur.fr\/offres-emploi\/poste\/directeur-responsable-dagence-f-h-h-f#primaryimage","url":"https:\/\/www.monbailleur.fr\/offres-emploi\/wp-content\/uploads\/2023\/06\/mon_bailleur_emploi_placeholder.png","contentUrl":"https:\/\/www.monbailleur.fr\/offres-emploi\/wp-content\/uploads\/2023\/06\/mon_bailleur_emploi_placeholder.png","width":512,"height":512},{"@type":"BreadcrumbList","@id":"https:\/\/www.monbailleur.fr\/offres-emploi\/poste\/directeur-responsable-dagence-f-h-h-f#breadcrumb","itemListElement":[{"@type":"ListItem","position":1,"name":"Accueil","item":"https:\/\/www.monbailleur.fr\/offres-emploi\/"},{"@type":"ListItem","position":2,"name":"offres d\u2019emploi","item":"https:\/\/www.monbailleur.fr\/offres-emploi\/job-listings"},{"@type":"ListItem","position":3,"name":"Directeur \/ Responsable d&rsquo;agence F\/H H\/F"}]},{"@type":"WebSite","@id":"https:\/\/www.monbailleur.fr\/offres-emploi\/#website","url":"https:\/\/www.monbailleur.fr\/offres-emploi\/","name":"Monbailleur.fr - Emploi","description":"Les offres d&#039;emploi du logement social","publisher":{"@id":"https:\/\/www.monbailleur.fr\/offres-emploi\/#organization"},"potentialAction":[{"@type":"SearchAction","target":{"@type":"EntryPoint","urlTemplate":"https:\/\/www.monbailleur.fr\/offres-emploi\/?s={search_term_string}"},"query-input":{"@type":"PropertyValueSpecification","valueRequired":true,"valueName":"search_term_string"}}],"inLanguage":"fr-FR"},{"@type":"Organization","@id":"https:\/\/www.monbailleur.fr\/offres-emploi\/#organization","name":"Monbailleur.fr - Emploi","url":"https:\/\/www.monbailleur.fr\/offres-emploi\/","logo":{"@type":"ImageObject","inLanguage":"fr-FR","@id":"https:\/\/www.monbailleur.fr\/offres-emploi\/#\/schema\/logo\/image\/","url":"https:\/\/www.monbailleur.fr\/offres-emploi\/wp-content\/uploads\/2023\/06\/MonBailleur-1200x675-1.png","contentUrl":"https:\/\/www.monbailleur.fr\/offres-emploi\/wp-content\/uploads\/2023\/06\/MonBailleur-1200x675-1.png","width":1200,"height":675,"caption":"Monbailleur.fr - Emploi"},"image":{"@id":"https:\/\/www.monbailleur.fr\/offres-emploi\/#\/schema\/logo\/image\/"}}]}},"_links":{"self":[{"href":"https:\/\/www.monbailleur.fr\/offres-emploi\/wp-json\/wp\/v2\/job-listings\/39048","targetHints":{"allow":["GET"]}}],"collection":[{"href":"https:\/\/www.monbailleur.fr\/offres-emploi\/wp-json\/wp\/v2\/job-listings"}],"about":[{"href":"https:\/\/www.monbailleur.fr\/offres-emploi\/wp-json\/wp\/v2\/types\/job_listing"}],"wp:featuredmedia":[{"embeddable":true,"href":"https:\/\/www.monbailleur.fr\/offres-emploi\/wp-json\/wp\/v2\/media\/5636"}],"wp:attachment":[{"href":"https:\/\/www.monbailleur.fr\/offres-emploi\/wp-json\/wp\/v2\/media?parent=39048"}],"wp:term":[{"taxonomy":"job_listing_category","embeddable":true,"href":"https:\/\/www.monbailleur.fr\/offres-emploi\/wp-json\/wp\/v2\/job-categories?post=39048"},{"taxonomy":"job_listing_type","embeddable":true,"href":"https:\/\/www.monbailleur.fr\/offres-emploi\/wp-json\/wp\/v2\/job-types?post=39048"}],"curies":[{"name":"wp","href":"https:\/\/api.w.org\/{rel}","templated":true}]}}