{"id":39097,"date":"2026-08-08T08:00:29","date_gmt":"2026-08-08T06:00:29","guid":{"rendered":"https:\/\/www.monbailleur.fr\/offres-emploi\/poste\/coordinateurtrice-technique-h-f"},"modified":"2026-08-08T08:00:29","modified_gmt":"2026-08-08T06:00:29","slug":"coordinateurtrice-technique-h-f","status":"publish","type":"job_listing","link":"https:\/\/www.monbailleur.fr\/offres-emploi\/poste\/coordinateurtrice-technique-h-f","title":{"rendered":"COORDINATEUR(TRICE) TECHNIQUE H\/F"},"content":{"rendered":"<h2>L&rsquo;entreprise:<\/h2>\n<\/p>\n<p>Une ambition pour la jeunesse.<\/p>\n<p>L&rsquo;ALJT, par l&rsquo;acc\u00e8s au logement des jeunes, vise \u00e0 promouvoir la coh\u00e9sion sociale et contribuer \u00e0 l&rsquo;\u00e9galit\u00e9 des chances. L&rsquo;ALJT loge et accompagne annuellement plus de 12 000 jeunes \u00e2g\u00e9.e.s de 18 \u00e0 32 ans. Nos 8 300 logements (individuels, couples ou monoparentaux) sont actuellement r\u00e9partis dans 76 r\u00e9sidences implant\u00e9es sur les 8 d\u00e9partements franciliens. Nous proposons 3 types de r\u00e9sidences compl\u00e9mentaires afin de r\u00e9pondre aux diff\u00e9rents besoins des jeunes, qui rencontrent des difficult\u00e9s d&rsquo;acc\u00e8s au logement.<br \/>L&rsquo;ALJT inscrit son action dans le soutien et l&rsquo;accompagnement des jeunes dans leur parcours d&rsquo;int\u00e9gration dans la vie active et d&rsquo;acc\u00e8s \u00e0 un logement p\u00e9renne.<\/p>\n<h2>Description:<\/h2>\n<\/p>\n<p>Vous voulez rejoindre une association dynamique, en plein d\u00e9veloppement ?<\/p>\n<p>L&rsquo;ALJT, par l&rsquo;acc\u00e8s au logement des jeunes, vise \u00e0 promouvoir la coh\u00e9sion sociale et contribuer \u00e0 l&rsquo;\u00e9galit\u00e9 des chances. L&rsquo;ALJT loge et accompagne annuellement plus de 12 100 jeunes \u00e2g\u00e9.e.s de 18 \u00e0 32 ans. Nos 8 684 logements (individuels, couples ou monoparentaux) sont actuellement r\u00e9partis dans 81 r\u00e9sidences implant\u00e9es sur les 8 d\u00e9partements franciliens. Nous proposons 3 types de r\u00e9sidences compl\u00e9mentaires afin de r\u00e9pondre aux diff\u00e9rents besoins des jeunes, qui rencontrent des difficult\u00e9s d&rsquo;acc\u00e8s au logement.<\/p>\n<p>L&rsquo;ALJT inscrit son action dans le soutien et l&rsquo;accompagnement des jeunes dans leur parcours d&rsquo;int\u00e9gration dans la vie active et d&rsquo;acc\u00e8s \u00e0 un logement p\u00e9renne.<\/p>\n<p>D\u00e9velopper en continue notre offre de r\u00e9sidences pour r\u00e9pondre toujours plus aux besoins en Ile-de-France et au-del\u00e0 marque l&rsquo;un des 7 enjeux auxquels l&rsquo;ALJT se mobilise.<\/p>\n<p>En 2025, l&rsquo;organisation des territoires et de la direction technique est repens\u00e9e pour mieux r\u00e9pondre aux besoins des r\u00e9sidences, renforcer la s\u00e9curit\u00e9 des b\u00e2timents et garantir un confort optimal aux r\u00e9sidents.<\/p>\n<p>Dans ce contexte, la Direction Technique recherche un.e \u00ab Coordinateur.trice Technique \u00bb pour ses r\u00e9sidences du 75 (18 r\u00e9sidences).<\/p>\n<p>R\u00f4le : Acteur.rice important.e de cette direction votre r\u00f4le est essentiel pour assurer et garantir l&rsquo;entretien des r\u00e9sidences et ainsi contribuer \u00e0 la s\u00e9curit\u00e9 et qualit\u00e9 des r\u00e9sidences pour nos jeunes.<\/p>\n<p>Vous intervenez sur l&rsquo;ensemble des r\u00e9sidences de Paris afin de garantir leur entretien optimal, ainsi que le bon fonctionnement des \u00e9quipements.<\/p>\n<p>Vous \u00eates rattach\u00e9.e au Responsable Technique et avec son soutien et en lien avec l&rsquo;\u00e9quipe, vos missions sont de :<\/p>\n<p>Garantir la s\u00e9curit\u00e9 des b\u00e2timents et des logements,<br \/>Pr\u00e9venir et d\u00e9tecter les dysfonctionnements et\/ou d\u00e9gradations par une surveillance des locaux et logements<br \/>Garantir la r\u00e9paration des dysfonctionnements et\/ou d\u00e9gradations<br \/>Organiser et suivre la r\u00e9alisation de chantiers sur 1 ou plusieurs r\u00e9sidences,<br \/>Suivre la consommation des \u00e9nergies et contribuer \u00e0 la mise en \u0153uvre de la politique d\u00e9veloppement durable<br \/>Assurer la mise \u00e0 disposition et la bonne utilisation du mat\u00e9riel et des mat\u00e9riaux<br \/>Contribuer \u00e0 la remise en \u00e9tat du logement suite au d\u00e9part d&rsquo;un r\u00e9sident en cas de logement tr\u00e8s d\u00e9grad\u00e9 ou probl\u00e9matique particuli\u00e8re<br \/>Coordonner l&rsquo;activit\u00e9 des employ\u00e9s et techniciens de maintenance et des int\u00e9rimaires sur tout ou partie du territoire<br \/>Contribuer aux missions transversales et \u00e0 la vie quotidienne de la r\u00e9sidence<\/p>\n<p>Liste non exhaustive<\/p>\n<h2>Profil:<\/h2>\n<\/p>\n<p>Profil : Vous \u00eates obligatoirement titulaire d&rsquo;un dipl\u00f4me de niveau Bac +2 (ou sup\u00e9rieur) en maintenance du b\u00e2timent et \u00eates dot\u00e9(e)s d&rsquo;une ma\u00eetrise technique d&rsquo;un ou plusieurs corps d&rsquo;\u00e9tat.<\/p>\n<p>Vous devez justifier d&rsquo;une ou plusieurs exp\u00e9rience(s) significative dans une fonction similaire.<\/p>\n<p>Id\u00e9alement, vous avez une connaissance de l&rsquo;environnement du logement social. Vous appr\u00e9ciez le travail en \u00e9quipe et le contact au quotidien (salari\u00e9s, prestataires, r\u00e9sidents).<\/p>\n<p>Contrat : CDI &#8211; 35 heures, grande mobilit\u00e9 D\u00e9partement du 75<\/p>\n<p>Bureau de rattachement : R\u00e9sidence de Paris 20 &#8211; Dumas<\/p>\n<p>Direction Technique : Si\u00e8ge ALJT<\/p>\n<p>R\u00e9mun\u00e9ration : A partir de 30,7K\u20ac (R\u00e9mun\u00e9ration sur 13 mois) + Remboursement 60% des Transports en commun, mutuelle et pr\u00e9voyance, tickets restaurants, Comit\u00e9 Social et Economique (CSE). Rattachement \u00e0 la Convention Collective de l&rsquo;habitat et du logement accompagn\u00e9s.<\/p>\n<h3>Temps de travail<\/h3>\n<p>Temps plein <\/p>\n<h3> Organisme <\/h3>\n<p> <span id=\"ctl00_ctl00_AspMainContent_MainContent_MasterPageSettingsView_ctl03_ctl01_fldEntityDescriptionFormat_lblContentText\"><span id=\"ctl00_MainContent_DescriptionEntityEdit_SubForm1_ctl01_Field1_ctl00_lblEntityFormat\">ALJT <\/span><br \/><\/span><\/p>\n","protected":false},"author":0,"featured_media":5636,"template":"","meta":{"_promoted":"","_job_location":"France, Ile-de-France, Paris (75) 93 rue Alexandre Dumas","_application":"https:\/\/les-hlm-recrutent.talent-soft.com\/offre-de-emploi\/emploi--coordinateur-trice-technique-h-f_70286.aspx?utm_source=monbailleur.fr","_company_name":"ALJT","_company_website":"","_company_tagline":"","_company_twitter":"","_company_video":"","_filled":0,"_featured":0,"_remote_position":0,"_job_salary":"","_job_salary_currency":"","_job_salary_unit":""},"job-categories":[78],"job-types":[63],"class_list":["post-39097","job_listing","type-job_listing","status-publish","has-post-thumbnail","hentry","job_listing_category-autres","job_listing_type-cdi","job-type-cdi"],"yoast_head":"<!-- This site is optimized with the Yoast SEO Premium plugin v22.4 (Yoast SEO v25.1) - https:\/\/yoast.com\/wordpress\/plugins\/seo\/ -->\n<title>COORDINATEUR(TRICE) TECHNIQUE H\/F - Monbailleur.fr - Emploi<\/title>\n<meta name=\"robots\" content=\"noindex, follow\" \/>\n<meta property=\"og:locale\" content=\"fr_FR\" \/>\n<meta property=\"og:type\" content=\"article\" \/>\n<meta property=\"og:title\" content=\"COORDINATEUR(TRICE) TECHNIQUE H\/F\" \/>\n<meta property=\"og:description\" content=\"L&rsquo;entreprise: Une ambition pour la jeunesse. L&rsquo;ALJT, par l&rsquo;acc\u00e8s au logement des jeunes, vise \u00e0 promouvoir la coh\u00e9sion sociale et contribuer \u00e0 l&rsquo;\u00e9galit\u00e9 des chances. L&rsquo;ALJT loge et accompagne annuellement plus de 12 000 jeunes \u00e2g\u00e9.e.s de 18 \u00e0 32 ans. Nos 8 300 logements (individuels, couples ou monoparentaux) sont actuellement r\u00e9partis dans 76 r\u00e9sidences\" \/>\n<meta property=\"og:url\" content=\"https:\/\/www.monbailleur.fr\/offres-emploi\/poste\/coordinateurtrice-technique-h-f\" \/>\n<meta property=\"og:site_name\" content=\"Monbailleur.fr - Emploi\" \/>\n<meta property=\"og:image\" content=\"https:\/\/www.monbailleur.fr\/offres-emploi\/wp-content\/uploads\/2023\/06\/mon_bailleur_emploi_placeholder.png\" \/>\n\t<meta property=\"og:image:width\" content=\"512\" \/>\n\t<meta property=\"og:image:height\" content=\"512\" \/>\n\t<meta property=\"og:image:type\" content=\"image\/png\" \/>\n<meta name=\"twitter:card\" content=\"summary_large_image\" \/>\n<meta name=\"twitter:label1\" content=\"Dur\u00e9e de lecture estim\u00e9e\" \/>\n\t<meta name=\"twitter:data1\" content=\"3 minutes\" \/>\n<script type=\"application\/ld+json\" class=\"yoast-schema-graph\">{\"@context\":\"https:\/\/schema.org\",\"@graph\":[{\"@type\":\"WebPage\",\"@id\":\"https:\/\/www.monbailleur.fr\/offres-emploi\/poste\/coordinateurtrice-technique-h-f\",\"url\":\"https:\/\/www.monbailleur.fr\/offres-emploi\/poste\/coordinateurtrice-technique-h-f\",\"name\":\"COORDINATEUR(TRICE) TECHNIQUE H\/F - Monbailleur.fr - Emploi\",\"isPartOf\":{\"@id\":\"https:\/\/www.monbailleur.fr\/offres-emploi\/#website\"},\"primaryImageOfPage\":{\"@id\":\"https:\/\/www.monbailleur.fr\/offres-emploi\/poste\/coordinateurtrice-technique-h-f#primaryimage\"},\"image\":{\"@id\":\"https:\/\/www.monbailleur.fr\/offres-emploi\/poste\/coordinateurtrice-technique-h-f#primaryimage\"},\"thumbnailUrl\":\"https:\/\/www.monbailleur.fr\/offres-emploi\/wp-content\/uploads\/2023\/06\/mon_bailleur_emploi_placeholder.png\",\"datePublished\":\"2026-08-08T06:00:29+00:00\",\"breadcrumb\":{\"@id\":\"https:\/\/www.monbailleur.fr\/offres-emploi\/poste\/coordinateurtrice-technique-h-f#breadcrumb\"},\"inLanguage\":\"fr-FR\",\"potentialAction\":[{\"@type\":\"ReadAction\",\"target\":[\"https:\/\/www.monbailleur.fr\/offres-emploi\/poste\/coordinateurtrice-technique-h-f\"]}]},{\"@type\":\"ImageObject\",\"inLanguage\":\"fr-FR\",\"@id\":\"https:\/\/www.monbailleur.fr\/offres-emploi\/poste\/coordinateurtrice-technique-h-f#primaryimage\",\"url\":\"https:\/\/www.monbailleur.fr\/offres-emploi\/wp-content\/uploads\/2023\/06\/mon_bailleur_emploi_placeholder.png\",\"contentUrl\":\"https:\/\/www.monbailleur.fr\/offres-emploi\/wp-content\/uploads\/2023\/06\/mon_bailleur_emploi_placeholder.png\",\"width\":512,\"height\":512},{\"@type\":\"BreadcrumbList\",\"@id\":\"https:\/\/www.monbailleur.fr\/offres-emploi\/poste\/coordinateurtrice-technique-h-f#breadcrumb\",\"itemListElement\":[{\"@type\":\"ListItem\",\"position\":1,\"name\":\"Accueil\",\"item\":\"https:\/\/www.monbailleur.fr\/offres-emploi\/\"},{\"@type\":\"ListItem\",\"position\":2,\"name\":\"offres d\u2019emploi\",\"item\":\"https:\/\/www.monbailleur.fr\/offres-emploi\/job-listings\"},{\"@type\":\"ListItem\",\"position\":3,\"name\":\"COORDINATEUR(TRICE) TECHNIQUE H\/F\"}]},{\"@type\":\"WebSite\",\"@id\":\"https:\/\/www.monbailleur.fr\/offres-emploi\/#website\",\"url\":\"https:\/\/www.monbailleur.fr\/offres-emploi\/\",\"name\":\"Monbailleur.fr - Emploi\",\"description\":\"Les offres d&#039;emploi du logement social\",\"publisher\":{\"@id\":\"https:\/\/www.monbailleur.fr\/offres-emploi\/#organization\"},\"potentialAction\":[{\"@type\":\"SearchAction\",\"target\":{\"@type\":\"EntryPoint\",\"urlTemplate\":\"https:\/\/www.monbailleur.fr\/offres-emploi\/?s={search_term_string}\"},\"query-input\":{\"@type\":\"PropertyValueSpecification\",\"valueRequired\":true,\"valueName\":\"search_term_string\"}}],\"inLanguage\":\"fr-FR\"},{\"@type\":\"Organization\",\"@id\":\"https:\/\/www.monbailleur.fr\/offres-emploi\/#organization\",\"name\":\"Monbailleur.fr - Emploi\",\"url\":\"https:\/\/www.monbailleur.fr\/offres-emploi\/\",\"logo\":{\"@type\":\"ImageObject\",\"inLanguage\":\"fr-FR\",\"@id\":\"https:\/\/www.monbailleur.fr\/offres-emploi\/#\/schema\/logo\/image\/\",\"url\":\"https:\/\/www.monbailleur.fr\/offres-emploi\/wp-content\/uploads\/2023\/06\/MonBailleur-1200x675-1.png\",\"contentUrl\":\"https:\/\/www.monbailleur.fr\/offres-emploi\/wp-content\/uploads\/2023\/06\/MonBailleur-1200x675-1.png\",\"width\":1200,\"height\":675,\"caption\":\"Monbailleur.fr - Emploi\"},\"image\":{\"@id\":\"https:\/\/www.monbailleur.fr\/offres-emploi\/#\/schema\/logo\/image\/\"}}]}<\/script>\n<!-- \/ Yoast SEO Premium plugin. -->","yoast_head_json":{"title":"COORDINATEUR(TRICE) TECHNIQUE H\/F - Monbailleur.fr - Emploi","robots":{"index":"noindex","follow":"follow"},"og_locale":"fr_FR","og_type":"article","og_title":"COORDINATEUR(TRICE) TECHNIQUE H\/F","og_description":"L&rsquo;entreprise: Une ambition pour la jeunesse. L&rsquo;ALJT, par l&rsquo;acc\u00e8s au logement des jeunes, vise \u00e0 promouvoir la coh\u00e9sion sociale et contribuer \u00e0 l&rsquo;\u00e9galit\u00e9 des chances. L&rsquo;ALJT loge et accompagne annuellement plus de 12 000 jeunes \u00e2g\u00e9.e.s de 18 \u00e0 32 ans. Nos 8 300 logements (individuels, couples ou monoparentaux) sont actuellement r\u00e9partis dans 76 r\u00e9sidences","og_url":"https:\/\/www.monbailleur.fr\/offres-emploi\/poste\/coordinateurtrice-technique-h-f","og_site_name":"Monbailleur.fr - Emploi","og_image":[{"width":512,"height":512,"url":"https:\/\/www.monbailleur.fr\/offres-emploi\/wp-content\/uploads\/2023\/06\/mon_bailleur_emploi_placeholder.png","type":"image\/png"}],"twitter_card":"summary_large_image","twitter_misc":{"Dur\u00e9e de lecture estim\u00e9e":"3 minutes"},"schema":{"@context":"https:\/\/schema.org","@graph":[{"@type":"WebPage","@id":"https:\/\/www.monbailleur.fr\/offres-emploi\/poste\/coordinateurtrice-technique-h-f","url":"https:\/\/www.monbailleur.fr\/offres-emploi\/poste\/coordinateurtrice-technique-h-f","name":"COORDINATEUR(TRICE) TECHNIQUE H\/F - Monbailleur.fr - Emploi","isPartOf":{"@id":"https:\/\/www.monbailleur.fr\/offres-emploi\/#website"},"primaryImageOfPage":{"@id":"https:\/\/www.monbailleur.fr\/offres-emploi\/poste\/coordinateurtrice-technique-h-f#primaryimage"},"image":{"@id":"https:\/\/www.monbailleur.fr\/offres-emploi\/poste\/coordinateurtrice-technique-h-f#primaryimage"},"thumbnailUrl":"https:\/\/www.monbailleur.fr\/offres-emploi\/wp-content\/uploads\/2023\/06\/mon_bailleur_emploi_placeholder.png","datePublished":"2026-08-08T06:00:29+00:00","breadcrumb":{"@id":"https:\/\/www.monbailleur.fr\/offres-emploi\/poste\/coordinateurtrice-technique-h-f#breadcrumb"},"inLanguage":"fr-FR","potentialAction":[{"@type":"ReadAction","target":["https:\/\/www.monbailleur.fr\/offres-emploi\/poste\/coordinateurtrice-technique-h-f"]}]},{"@type":"ImageObject","inLanguage":"fr-FR","@id":"https:\/\/www.monbailleur.fr\/offres-emploi\/poste\/coordinateurtrice-technique-h-f#primaryimage","url":"https:\/\/www.monbailleur.fr\/offres-emploi\/wp-content\/uploads\/2023\/06\/mon_bailleur_emploi_placeholder.png","contentUrl":"https:\/\/www.monbailleur.fr\/offres-emploi\/wp-content\/uploads\/2023\/06\/mon_bailleur_emploi_placeholder.png","width":512,"height":512},{"@type":"BreadcrumbList","@id":"https:\/\/www.monbailleur.fr\/offres-emploi\/poste\/coordinateurtrice-technique-h-f#breadcrumb","itemListElement":[{"@type":"ListItem","position":1,"name":"Accueil","item":"https:\/\/www.monbailleur.fr\/offres-emploi\/"},{"@type":"ListItem","position":2,"name":"offres d\u2019emploi","item":"https:\/\/www.monbailleur.fr\/offres-emploi\/job-listings"},{"@type":"ListItem","position":3,"name":"COORDINATEUR(TRICE) TECHNIQUE H\/F"}]},{"@type":"WebSite","@id":"https:\/\/www.monbailleur.fr\/offres-emploi\/#website","url":"https:\/\/www.monbailleur.fr\/offres-emploi\/","name":"Monbailleur.fr - Emploi","description":"Les offres d&#039;emploi du logement social","publisher":{"@id":"https:\/\/www.monbailleur.fr\/offres-emploi\/#organization"},"potentialAction":[{"@type":"SearchAction","target":{"@type":"EntryPoint","urlTemplate":"https:\/\/www.monbailleur.fr\/offres-emploi\/?s={search_term_string}"},"query-input":{"@type":"PropertyValueSpecification","valueRequired":true,"valueName":"search_term_string"}}],"inLanguage":"fr-FR"},{"@type":"Organization","@id":"https:\/\/www.monbailleur.fr\/offres-emploi\/#organization","name":"Monbailleur.fr - Emploi","url":"https:\/\/www.monbailleur.fr\/offres-emploi\/","logo":{"@type":"ImageObject","inLanguage":"fr-FR","@id":"https:\/\/www.monbailleur.fr\/offres-emploi\/#\/schema\/logo\/image\/","url":"https:\/\/www.monbailleur.fr\/offres-emploi\/wp-content\/uploads\/2023\/06\/MonBailleur-1200x675-1.png","contentUrl":"https:\/\/www.monbailleur.fr\/offres-emploi\/wp-content\/uploads\/2023\/06\/MonBailleur-1200x675-1.png","width":1200,"height":675,"caption":"Monbailleur.fr - Emploi"},"image":{"@id":"https:\/\/www.monbailleur.fr\/offres-emploi\/#\/schema\/logo\/image\/"}}]}},"_links":{"self":[{"href":"https:\/\/www.monbailleur.fr\/offres-emploi\/wp-json\/wp\/v2\/job-listings\/39097","targetHints":{"allow":["GET"]}}],"collection":[{"href":"https:\/\/www.monbailleur.fr\/offres-emploi\/wp-json\/wp\/v2\/job-listings"}],"about":[{"href":"https:\/\/www.monbailleur.fr\/offres-emploi\/wp-json\/wp\/v2\/types\/job_listing"}],"wp:featuredmedia":[{"embeddable":true,"href":"https:\/\/www.monbailleur.fr\/offres-emploi\/wp-json\/wp\/v2\/media\/5636"}],"wp:attachment":[{"href":"https:\/\/www.monbailleur.fr\/offres-emploi\/wp-json\/wp\/v2\/media?parent=39097"}],"wp:term":[{"taxonomy":"job_listing_category","embeddable":true,"href":"https:\/\/www.monbailleur.fr\/offres-emploi\/wp-json\/wp\/v2\/job-categories?post=39097"},{"taxonomy":"job_listing_type","embeddable":true,"href":"https:\/\/www.monbailleur.fr\/offres-emploi\/wp-json\/wp\/v2\/job-types?post=39097"}],"curies":[{"name":"wp","href":"https:\/\/api.w.org\/{rel}","templated":true}]}}