{"id":39123,"date":"2026-08-12T08:00:16","date_gmt":"2026-08-12T06:00:16","guid":{"rendered":"https:\/\/www.monbailleur.fr\/offres-emploi\/poste\/responsable-pole-technique-cdc-habitat-social-63-h-f-2"},"modified":"2026-08-12T08:00:16","modified_gmt":"2026-08-12T06:00:16","slug":"responsable-pole-technique-cdc-habitat-social-63-h-f-2","status":"publish","type":"job_listing","link":"https:\/\/www.monbailleur.fr\/offres-emploi\/poste\/responsable-pole-technique-cdc-habitat-social-63-h-f-2","title":{"rendered":"Responsable P\u00f4le Technique &#8211; CDC Habitat Social (63) H\/F"},"content":{"rendered":"<h2>L&rsquo;entreprise:<\/h2>\n<\/p>\n<p>Rejoindre le groupe CDC Habitat, c&rsquo;est int\u00e9grer une entreprise au service de l&rsquo;habitat d&rsquo;int\u00e9r\u00eat public. Un groupe expert des m\u00e9tiers de la gestion locative, de la construction, de la r\u00e9novation de l&rsquo;habitat et de la ville. Un groupe engag\u00e9 pour r\u00e9pondre aux d\u00e9fis actuels. Un op\u00e9rateur global, pr\u00e9sent dans l&rsquo;Hexagone et les Outre-mer, qui offre \u00e0 ses 10 800 collaborateurs un cadre de travail bienveillant et la possibilit\u00e9 d&rsquo;agir concr\u00e8tement.<\/p>\n<p>Vous \u00e9voluerez au sein de la direction interr\u00e9gionale Auvergne Rh\u00f4ne-Alpes de CDC Habitat, bas\u00e9e \u00e0 Lyon et organis\u00e9e en un r\u00e9seau d&rsquo;agences de gestion locative situ\u00e9es \u00e0 Lyon, Grenoble, Annecy et Clermont-Ferrand. Nos 300 collaborateurs assurent la gestion et le d\u00e9veloppement d&rsquo;un patrimoine de plus de 25 000 logements sociaux, interm\u00e9diaires et abordables destin\u00e9s aux familles, aux \u00e9tudiants, jeunes actifs, aux personnes \u00e2g\u00e9es et personnes fragilis\u00e9es et\/ou en situation de handicap.<br \/>La Direction r\u00e9gionale Auvergne Rh\u00f4ne-Alpes est impliqu\u00e9e dans la d\u00e9marche \u00ab Objectif Employeur Pro V\u00e9lo \u00bb sur Lyon.<\/p>\n<p>CDC Habitat s&rsquo;engage en faveur de la diversit\u00e9, l&rsquo;\u00e9galit\u00e9 professionnelle, l&#8217;emploi des travailleurs handicap\u00e9s.<\/p>\n<h2>Description:<\/h2>\n<\/p>\n<p>Au sein de l&rsquo;agence Clermont-Ferrand Auvergne, rattach\u00e9.e hi\u00e9rarchiquement au Directeur d&rsquo;agence, vous assurez le pilotage et l&rsquo;animation de la fili\u00e8re technique de l&rsquo;agence.<br \/>Vous managez une \u00e9quipe de 4 personnes.<br \/>Vous assurez la s\u00e9curit\u00e9 et le suivi des travaux de gros entretien dans le respect de la politique de l&rsquo;entreprise.<br \/>Vous assurez un r\u00f4le de r\u00e9f\u00e9rent en mati\u00e8re de s\u00e9curit\u00e9, ainsi que de conseil et support technique au sein des \u00e9quipes de l&rsquo;agence.<\/p>\n<p>Au sein de l&rsquo;agence Clermont-Ferrand Auvergne, rattach\u00e9.e hi\u00e9rarchiquement au Directeur d&rsquo;agence, vous assurez le pilotage et l&rsquo;animation de la fili\u00e8re technique de l&rsquo;agence.<br \/>Vous managez une \u00e9quipe de 4 personnes (une assistante, 2 techniciens et 1 alternant).<br \/>Vous garantissez l&rsquo;am\u00e9lioration et la p\u00e9rennit\u00e9 du patrimoine immobilier en assurant la conception, la s\u00e9curit\u00e9 et le suivi des travaux de gros entretien dans le respect de la politique de l&rsquo;entreprise.<br \/>Vous assurez un r\u00f4le de r\u00e9f\u00e9rent en mati\u00e8re de s\u00e9curit\u00e9, ainsi que de conseil et support technique au sein des \u00e9quipes de l&rsquo;agence.<\/p>\n<p>Les principales missions confi\u00e9es sont les suivantes :<br \/>1. Garantir la p\u00e9rennit\u00e9 du parc, la s\u00e9curit\u00e9 et l&rsquo;entretien du patrimoine.<\/p>\n<p>2. Animer et encadrer une \u00e9quipe :<br \/>* Veiller \u00e0 la coh\u00e9sion de son \u00e9quipe afin atteindre les r\u00e9sultats et les objectifs attendus &#8211; Apporte le soutien et l&rsquo;accompagnement n\u00e9cessaires pour contribuer \u00e0 leur performance et au d\u00e9veloppement des comp\u00e9tences.<br \/>* Participer aux d\u00e9cisions en mati\u00e8re de recrutement, de formation, d&rsquo;\u00e9valuation, de mobilit\u00e9 et d&rsquo;\u00e9volution salariale de ses \u00e9quipes.<br \/>* Garantir l&rsquo;atteinte des objectifs et assurer la bonne ex\u00e9cution des objectifs techniques d\u00e9finis par le Groupe.<br \/>* Mettre en \u0153uvre l&rsquo;organisation, planifier et contr\u00f4ler les travaux de son \u00e9quipe, prendre les mesures correctives n\u00e9cessaires.<br \/>* Assurer le suivi et le reporting de l&rsquo;activit\u00e9.<\/p>\n<p>3. Assurer le pilotage et l&rsquo;expertise du p\u00f4le technique :<br \/>* Piloter l&rsquo;activit\u00e9 du p\u00f4le technique.<br \/>* Garantir la fiabilit\u00e9 des donn\u00e9es de programmation dans les outils d\u00e9di\u00e9s.<br \/>* Assurer un r\u00f4le de r\u00e9f\u00e9rent en mati\u00e8re de s\u00e9curit\u00e9, ainsi que de conseil et support technique.<br \/>* Assurer le suivi et le contr\u00f4le des DO et des sinistres majeurs.<br \/>* Contribuer \u00e0 l&rsquo;optimisation de la maintenance courante.<\/p>\n<p>4. Assurer l&rsquo;organisation : Seconder le directeur d&rsquo;agence &#8211; repr\u00e9senter la soci\u00e9t\u00e9 aupr\u00e8s des partenaires. Participer aux ouvertures d&rsquo;AO et au montage des rapports d&rsquo;attribution.<\/p>\n<p>5. Assurer le suivi d&rsquo;op\u00e9rations dont il a la charge<\/p>\n<\/p>\n<h2>Profil:<\/h2>\n<\/p>\n<p>Formation\/exp\u00e9rience :<br \/>* Formation : Bac + 4\/5 dans le domaine du b\u00e2timent, travaux publics,<br \/>maintenance du patrimoine.<br \/>* Exp\u00e9rience minimale de 10 ans.<\/p>\n<p>Connaissances :<br \/>* Secteur de la construction de b\u00e2timent.<br \/>* March\u00e9 des travaux et des prestations.<br \/>* Secteur de la maintenance b\u00e2timent.<br \/>* Proc\u00e9dures des march\u00e9s publics.<br \/>* Droit de l&rsquo;urbanisme.<br \/>* Droit de la construction.<br \/>* Normes et standards de s\u00e9curit\u00e9 dans les b\u00e2timents.<\/p>\n<p>Comp\u00e9tences op\u00e9rationnelles :<br \/>* Ma\u00eetriser les techniques de n\u00e9gociation.<br \/>* G\u00e9rer une multitude d&rsquo;interlocuteurs et d&rsquo;interlocutrices.<br \/>* Piloter la r\u00e9alisation de travaux.<br \/>* Ma\u00eetriser les proc\u00e9dures et les r\u00e8gles des march\u00e9s publics.<br \/>* Assurer une veille technique.<br \/>* Animer et motiver une \u00e9quipe.<br \/>* Ma\u00eetriser les techniques de maintenance de b\u00e2timents.<br \/>* Comprendre et n\u00e9gocier un contrat de prestation.<br \/>* Etablir et piloter un budget.<br \/>* Faire appliquer les r\u00e8gles, les proc\u00e9dures et contr\u00f4ler.<\/p>\n<p>Comp\u00e9tences comportementales :<br \/>* Instaurer une relation dans le temps.<br \/>* Adaptabilit\u00e9 et flexibilit\u00e9.<br \/>* Capacit\u00e9 \u00e0 travailler en \u00e9quipe.<br \/>* Rigueur de gestion et d&rsquo;organisation.<br \/>* P\u00e9dagogie.<br \/>* Culture du r\u00e9sultat.<\/p>\n<p>Permis de conduire B exig\u00e9<\/p>\n<h3>Temps de travail<\/h3>\n<p>Temps plein <\/p>\n<h3> Organisme <\/h3>\n<p> <span id=\"ctl00_ctl00_AspMainContent_MainContent_MasterPageSettingsView_ctl03_ctl01_fldEntityDescriptionFormat_lblContentText\"><span id=\"ctl00_MainContent_DescriptionEntityEdit_SubForm1_ctl01_Field1_ctl00_lblEntityFormat\">CDC HABITAT <\/span><br \/><\/span><\/p>\n","protected":false},"author":0,"featured_media":5636,"template":"","meta":{"_promoted":"","_job_location":"France, Auvergne - Rhone-Alpes, Puy de D\u00f4me (63) Rue Pierre Besset","_application":"https:\/\/les-hlm-recrutent.talent-soft.com\/offre-de-emploi\/emploi-responsable-pole-technique-cdc-habitat-social-63-h-f_70304.aspx?utm_source=monbailleur.fr","_company_name":"CDC HABITAT","_company_website":"","_company_tagline":"","_company_twitter":"","_company_video":"","_filled":0,"_featured":0,"_remote_position":0,"_job_salary":"","_job_salary_currency":"","_job_salary_unit":""},"job-categories":[78],"job-types":[63],"class_list":["post-39123","job_listing","type-job_listing","status-publish","has-post-thumbnail","hentry","job_listing_category-autres","job_listing_type-cdi","job-type-cdi"],"yoast_head":"<!-- This site is optimized with the Yoast SEO Premium plugin v22.4 (Yoast SEO v25.1) - https:\/\/yoast.com\/wordpress\/plugins\/seo\/ -->\n<title>Responsable P\u00f4le Technique - CDC Habitat Social (63) H\/F - Monbailleur.fr - Emploi<\/title>\n<meta name=\"robots\" content=\"noindex, follow\" \/>\n<meta property=\"og:locale\" content=\"fr_FR\" \/>\n<meta property=\"og:type\" content=\"article\" \/>\n<meta property=\"og:title\" content=\"Responsable P\u00f4le Technique - CDC Habitat Social (63) H\/F\" \/>\n<meta property=\"og:description\" content=\"L&rsquo;entreprise: Rejoindre le groupe CDC Habitat, c&rsquo;est int\u00e9grer une entreprise au service de l&rsquo;habitat d&rsquo;int\u00e9r\u00eat public. Un groupe expert des m\u00e9tiers de la gestion locative, de la construction, de la r\u00e9novation de l&rsquo;habitat et de la ville. Un groupe engag\u00e9 pour r\u00e9pondre aux d\u00e9fis actuels. Un op\u00e9rateur global, pr\u00e9sent dans l&rsquo;Hexagone et les Outre-mer, qui\" \/>\n<meta property=\"og:url\" content=\"https:\/\/www.monbailleur.fr\/offres-emploi\/poste\/responsable-pole-technique-cdc-habitat-social-63-h-f-2\" \/>\n<meta property=\"og:site_name\" content=\"Monbailleur.fr - Emploi\" \/>\n<meta property=\"og:image\" content=\"https:\/\/www.monbailleur.fr\/offres-emploi\/wp-content\/uploads\/2023\/06\/mon_bailleur_emploi_placeholder.png\" \/>\n\t<meta property=\"og:image:width\" content=\"512\" \/>\n\t<meta property=\"og:image:height\" content=\"512\" \/>\n\t<meta property=\"og:image:type\" content=\"image\/png\" \/>\n<meta name=\"twitter:card\" content=\"summary_large_image\" \/>\n<meta name=\"twitter:label1\" content=\"Dur\u00e9e de lecture estim\u00e9e\" \/>\n\t<meta name=\"twitter:data1\" content=\"4 minutes\" \/>\n<script type=\"application\/ld+json\" class=\"yoast-schema-graph\">{\"@context\":\"https:\/\/schema.org\",\"@graph\":[{\"@type\":\"WebPage\",\"@id\":\"https:\/\/www.monbailleur.fr\/offres-emploi\/poste\/responsable-pole-technique-cdc-habitat-social-63-h-f-2\",\"url\":\"https:\/\/www.monbailleur.fr\/offres-emploi\/poste\/responsable-pole-technique-cdc-habitat-social-63-h-f-2\",\"name\":\"Responsable P\u00f4le Technique - CDC Habitat Social (63) H\/F - Monbailleur.fr - Emploi\",\"isPartOf\":{\"@id\":\"https:\/\/www.monbailleur.fr\/offres-emploi\/#website\"},\"primaryImageOfPage\":{\"@id\":\"https:\/\/www.monbailleur.fr\/offres-emploi\/poste\/responsable-pole-technique-cdc-habitat-social-63-h-f-2#primaryimage\"},\"image\":{\"@id\":\"https:\/\/www.monbailleur.fr\/offres-emploi\/poste\/responsable-pole-technique-cdc-habitat-social-63-h-f-2#primaryimage\"},\"thumbnailUrl\":\"https:\/\/www.monbailleur.fr\/offres-emploi\/wp-content\/uploads\/2023\/06\/mon_bailleur_emploi_placeholder.png\",\"datePublished\":\"2026-08-12T06:00:16+00:00\",\"breadcrumb\":{\"@id\":\"https:\/\/www.monbailleur.fr\/offres-emploi\/poste\/responsable-pole-technique-cdc-habitat-social-63-h-f-2#breadcrumb\"},\"inLanguage\":\"fr-FR\",\"potentialAction\":[{\"@type\":\"ReadAction\",\"target\":[\"https:\/\/www.monbailleur.fr\/offres-emploi\/poste\/responsable-pole-technique-cdc-habitat-social-63-h-f-2\"]}]},{\"@type\":\"ImageObject\",\"inLanguage\":\"fr-FR\",\"@id\":\"https:\/\/www.monbailleur.fr\/offres-emploi\/poste\/responsable-pole-technique-cdc-habitat-social-63-h-f-2#primaryimage\",\"url\":\"https:\/\/www.monbailleur.fr\/offres-emploi\/wp-content\/uploads\/2023\/06\/mon_bailleur_emploi_placeholder.png\",\"contentUrl\":\"https:\/\/www.monbailleur.fr\/offres-emploi\/wp-content\/uploads\/2023\/06\/mon_bailleur_emploi_placeholder.png\",\"width\":512,\"height\":512},{\"@type\":\"BreadcrumbList\",\"@id\":\"https:\/\/www.monbailleur.fr\/offres-emploi\/poste\/responsable-pole-technique-cdc-habitat-social-63-h-f-2#breadcrumb\",\"itemListElement\":[{\"@type\":\"ListItem\",\"position\":1,\"name\":\"Accueil\",\"item\":\"https:\/\/www.monbailleur.fr\/offres-emploi\/\"},{\"@type\":\"ListItem\",\"position\":2,\"name\":\"offres d\u2019emploi\",\"item\":\"https:\/\/www.monbailleur.fr\/offres-emploi\/job-listings\"},{\"@type\":\"ListItem\",\"position\":3,\"name\":\"Responsable P\u00f4le Technique &#8211; CDC Habitat Social (63) H\/F\"}]},{\"@type\":\"WebSite\",\"@id\":\"https:\/\/www.monbailleur.fr\/offres-emploi\/#website\",\"url\":\"https:\/\/www.monbailleur.fr\/offres-emploi\/\",\"name\":\"Monbailleur.fr - Emploi\",\"description\":\"Les offres d&#039;emploi du logement social\",\"publisher\":{\"@id\":\"https:\/\/www.monbailleur.fr\/offres-emploi\/#organization\"},\"potentialAction\":[{\"@type\":\"SearchAction\",\"target\":{\"@type\":\"EntryPoint\",\"urlTemplate\":\"https:\/\/www.monbailleur.fr\/offres-emploi\/?s={search_term_string}\"},\"query-input\":{\"@type\":\"PropertyValueSpecification\",\"valueRequired\":true,\"valueName\":\"search_term_string\"}}],\"inLanguage\":\"fr-FR\"},{\"@type\":\"Organization\",\"@id\":\"https:\/\/www.monbailleur.fr\/offres-emploi\/#organization\",\"name\":\"Monbailleur.fr - Emploi\",\"url\":\"https:\/\/www.monbailleur.fr\/offres-emploi\/\",\"logo\":{\"@type\":\"ImageObject\",\"inLanguage\":\"fr-FR\",\"@id\":\"https:\/\/www.monbailleur.fr\/offres-emploi\/#\/schema\/logo\/image\/\",\"url\":\"https:\/\/www.monbailleur.fr\/offres-emploi\/wp-content\/uploads\/2023\/06\/MonBailleur-1200x675-1.png\",\"contentUrl\":\"https:\/\/www.monbailleur.fr\/offres-emploi\/wp-content\/uploads\/2023\/06\/MonBailleur-1200x675-1.png\",\"width\":1200,\"height\":675,\"caption\":\"Monbailleur.fr - Emploi\"},\"image\":{\"@id\":\"https:\/\/www.monbailleur.fr\/offres-emploi\/#\/schema\/logo\/image\/\"}}]}<\/script>\n<!-- \/ Yoast SEO Premium plugin. -->","yoast_head_json":{"title":"Responsable P\u00f4le Technique - CDC Habitat Social (63) H\/F - Monbailleur.fr - Emploi","robots":{"index":"noindex","follow":"follow"},"og_locale":"fr_FR","og_type":"article","og_title":"Responsable P\u00f4le Technique - CDC Habitat Social (63) H\/F","og_description":"L&rsquo;entreprise: Rejoindre le groupe CDC Habitat, c&rsquo;est int\u00e9grer une entreprise au service de l&rsquo;habitat d&rsquo;int\u00e9r\u00eat public. Un groupe expert des m\u00e9tiers de la gestion locative, de la construction, de la r\u00e9novation de l&rsquo;habitat et de la ville. Un groupe engag\u00e9 pour r\u00e9pondre aux d\u00e9fis actuels. Un op\u00e9rateur global, pr\u00e9sent dans l&rsquo;Hexagone et les Outre-mer, qui","og_url":"https:\/\/www.monbailleur.fr\/offres-emploi\/poste\/responsable-pole-technique-cdc-habitat-social-63-h-f-2","og_site_name":"Monbailleur.fr - Emploi","og_image":[{"width":512,"height":512,"url":"https:\/\/www.monbailleur.fr\/offres-emploi\/wp-content\/uploads\/2023\/06\/mon_bailleur_emploi_placeholder.png","type":"image\/png"}],"twitter_card":"summary_large_image","twitter_misc":{"Dur\u00e9e de lecture estim\u00e9e":"4 minutes"},"schema":{"@context":"https:\/\/schema.org","@graph":[{"@type":"WebPage","@id":"https:\/\/www.monbailleur.fr\/offres-emploi\/poste\/responsable-pole-technique-cdc-habitat-social-63-h-f-2","url":"https:\/\/www.monbailleur.fr\/offres-emploi\/poste\/responsable-pole-technique-cdc-habitat-social-63-h-f-2","name":"Responsable P\u00f4le Technique - CDC Habitat Social (63) H\/F - Monbailleur.fr - Emploi","isPartOf":{"@id":"https:\/\/www.monbailleur.fr\/offres-emploi\/#website"},"primaryImageOfPage":{"@id":"https:\/\/www.monbailleur.fr\/offres-emploi\/poste\/responsable-pole-technique-cdc-habitat-social-63-h-f-2#primaryimage"},"image":{"@id":"https:\/\/www.monbailleur.fr\/offres-emploi\/poste\/responsable-pole-technique-cdc-habitat-social-63-h-f-2#primaryimage"},"thumbnailUrl":"https:\/\/www.monbailleur.fr\/offres-emploi\/wp-content\/uploads\/2023\/06\/mon_bailleur_emploi_placeholder.png","datePublished":"2026-08-12T06:00:16+00:00","breadcrumb":{"@id":"https:\/\/www.monbailleur.fr\/offres-emploi\/poste\/responsable-pole-technique-cdc-habitat-social-63-h-f-2#breadcrumb"},"inLanguage":"fr-FR","potentialAction":[{"@type":"ReadAction","target":["https:\/\/www.monbailleur.fr\/offres-emploi\/poste\/responsable-pole-technique-cdc-habitat-social-63-h-f-2"]}]},{"@type":"ImageObject","inLanguage":"fr-FR","@id":"https:\/\/www.monbailleur.fr\/offres-emploi\/poste\/responsable-pole-technique-cdc-habitat-social-63-h-f-2#primaryimage","url":"https:\/\/www.monbailleur.fr\/offres-emploi\/wp-content\/uploads\/2023\/06\/mon_bailleur_emploi_placeholder.png","contentUrl":"https:\/\/www.monbailleur.fr\/offres-emploi\/wp-content\/uploads\/2023\/06\/mon_bailleur_emploi_placeholder.png","width":512,"height":512},{"@type":"BreadcrumbList","@id":"https:\/\/www.monbailleur.fr\/offres-emploi\/poste\/responsable-pole-technique-cdc-habitat-social-63-h-f-2#breadcrumb","itemListElement":[{"@type":"ListItem","position":1,"name":"Accueil","item":"https:\/\/www.monbailleur.fr\/offres-emploi\/"},{"@type":"ListItem","position":2,"name":"offres d\u2019emploi","item":"https:\/\/www.monbailleur.fr\/offres-emploi\/job-listings"},{"@type":"ListItem","position":3,"name":"Responsable P\u00f4le Technique &#8211; CDC Habitat Social (63) H\/F"}]},{"@type":"WebSite","@id":"https:\/\/www.monbailleur.fr\/offres-emploi\/#website","url":"https:\/\/www.monbailleur.fr\/offres-emploi\/","name":"Monbailleur.fr - Emploi","description":"Les offres d&#039;emploi du logement social","publisher":{"@id":"https:\/\/www.monbailleur.fr\/offres-emploi\/#organization"},"potentialAction":[{"@type":"SearchAction","target":{"@type":"EntryPoint","urlTemplate":"https:\/\/www.monbailleur.fr\/offres-emploi\/?s={search_term_string}"},"query-input":{"@type":"PropertyValueSpecification","valueRequired":true,"valueName":"search_term_string"}}],"inLanguage":"fr-FR"},{"@type":"Organization","@id":"https:\/\/www.monbailleur.fr\/offres-emploi\/#organization","name":"Monbailleur.fr - Emploi","url":"https:\/\/www.monbailleur.fr\/offres-emploi\/","logo":{"@type":"ImageObject","inLanguage":"fr-FR","@id":"https:\/\/www.monbailleur.fr\/offres-emploi\/#\/schema\/logo\/image\/","url":"https:\/\/www.monbailleur.fr\/offres-emploi\/wp-content\/uploads\/2023\/06\/MonBailleur-1200x675-1.png","contentUrl":"https:\/\/www.monbailleur.fr\/offres-emploi\/wp-content\/uploads\/2023\/06\/MonBailleur-1200x675-1.png","width":1200,"height":675,"caption":"Monbailleur.fr - Emploi"},"image":{"@id":"https:\/\/www.monbailleur.fr\/offres-emploi\/#\/schema\/logo\/image\/"}}]}},"_links":{"self":[{"href":"https:\/\/www.monbailleur.fr\/offres-emploi\/wp-json\/wp\/v2\/job-listings\/39123","targetHints":{"allow":["GET"]}}],"collection":[{"href":"https:\/\/www.monbailleur.fr\/offres-emploi\/wp-json\/wp\/v2\/job-listings"}],"about":[{"href":"https:\/\/www.monbailleur.fr\/offres-emploi\/wp-json\/wp\/v2\/types\/job_listing"}],"wp:featuredmedia":[{"embeddable":true,"href":"https:\/\/www.monbailleur.fr\/offres-emploi\/wp-json\/wp\/v2\/media\/5636"}],"wp:attachment":[{"href":"https:\/\/www.monbailleur.fr\/offres-emploi\/wp-json\/wp\/v2\/media?parent=39123"}],"wp:term":[{"taxonomy":"job_listing_category","embeddable":true,"href":"https:\/\/www.monbailleur.fr\/offres-emploi\/wp-json\/wp\/v2\/job-categories?post=39123"},{"taxonomy":"job_listing_type","embeddable":true,"href":"https:\/\/www.monbailleur.fr\/offres-emploi\/wp-json\/wp\/v2\/job-types?post=39123"}],"curies":[{"name":"wp","href":"https:\/\/api.w.org\/{rel}","templated":true}]}}