{"id":39154,"date":"2026-08-13T08:00:18","date_gmt":"2026-08-13T06:00:18","guid":{"rendered":"https:\/\/www.monbailleur.fr\/offres-emploi\/poste\/travailleur-social-h-f"},"modified":"2026-08-13T08:00:18","modified_gmt":"2026-08-13T06:00:18","slug":"travailleur-social-h-f","status":"publish","type":"job_listing","link":"https:\/\/www.monbailleur.fr\/offres-emploi\/poste\/travailleur-social-h-f","title":{"rendered":"Travailleur social H\/F"},"content":{"rendered":"<h2>L&rsquo;entreprise:<\/h2>\n<\/p>\n<p>ALSACE HABITAT est une soci\u00e9t\u00e9 d&rsquo;Economie Mixte bas\u00e9e \u00e0 Strasbourg et partenaire privil\u00e9gi\u00e9 de la Collectivit\u00e9 europ\u00e9enne d&rsquo;Alsace. La soci\u00e9t\u00e9 compte plus de 230 collaborateurs et g\u00e8re un parc de 17 000 logements.<\/p>\n<p>Pr\u00e9sents sur tout le territoire Bas-Rhinois, nous construisons, am\u00e9nageons et r\u00e9habilitons des logements aid\u00e9s, des r\u00e9sidences s\u00e9niors, des gendarmeries, des foyers \u00e9tudiants et jeunes travailleurs. Gr\u00e2ce \u00e0 une politique R.S.E engag\u00e9e et dynamique, nous agissons au quotidien pour le bien-\u00eatre de nos locataires et de nos salari\u00e9s. <\/p>\n<h2>Description:<\/h2>\n<\/p>\n<p><span style=\"text-decoration: underline\"><strong>LE POSTE<\/strong><\/span><\/p>\n<p>Nous recherchons un(e) <strong>Travailleur(se) social(e) en CDI<\/strong>, qui int\u00e8grera notre Si\u00e8ge situ\u00e9 \u00e0 <strong>Strasbourg<\/strong>.<\/p>\n<p>Vous serez rattach\u00e9(e) \u00e0 la Responsable du Service Contentieux et M\u00e9diation.<\/p>\n<\/p>\n<p><span style=\"text-decoration: underline\"><strong>MISSIONS PRINCIPALES<\/strong><\/span><\/p>\n<p><strong>1 \u2013 D\u00e8s la signature du bail<\/strong><\/p>\n<p>&#8211; Accompagner les m\u00e9nages en situation de fragilit\u00e9 dans l&rsquo;accomplissement des d\u00e9marches administratives (souscription de l\u2019assurance couvrant les risques locatifs, mise en place du pr\u00e9l\u00e8vement automatique, d\u00e9clarations aupr\u00e8s de la CAF, constitution et suivi du dossier Fonds de Solidarit\u00e9 pour le Logement).<\/p>\n<p>&#8211; Assurer un suivi r\u00e9gulier de ces m\u00e9nages pendant les 4 mois suivant la signature du bail afin de pr\u00e9venir tout risque d\u2019impay\u00e9, et remonter les informations \u00e0 la Responsable du Service Contentieux et M\u00e9diation en cas de d\u00e9gradation de la situation.<\/p>\n<p><strong>2 \u2013 Durant la vie du bail<\/strong><\/p>\n<p>&#8211; Accueillir, renseigner les locataires en situation d\u2019impay\u00e9s et proposer des solutions adapt\u00e9es avec \u00e9ventuellement une orientation vers le partenaire Cr\u00e9sus pour un bilan \u00e9conomique<\/p>\n<p>&#8211; G\u00e9rer et traiter les appels t\u00e9l\u00e9phoniques des locataires et partenaires sociaux<\/p>\n<p>&#8211; Se mettre en relation avec les UTAMS de secteur, transmettre les dossiers aux assistant(e)s sociaux(ales) et \u00e9changer avec les services sociaux de la Collectivit\u00e9 Europ\u00e9enne d\u2019Alsace<\/p>\n<p>&#8211; Alerter le service d\u2019hygi\u00e8ne et de la salubrit\u00e9, via la plateforme signal logement en cas de locataires Diog\u00e8ne<\/p>\n<p>&#8211; Constituer et suivre un dossier FSL maintien permettant d\u2019\u00e9viter l\u2019expulsion, jusqu\u2019\u00e0 l&rsquo;obtention des fonds<\/p>\n<p>&#8211; R\u00e9aliser un bilan de situation pour les personnes \u00e2g\u00e9es isol\u00e9es et non accompagn\u00e9es en agence, antenne, si\u00e8ge ou au domicile (avec accompagnement en interne en cas de d\u00e9placement sur site) et les orienter vers les assistant(e)s sociaux(ales) de l\u2019UTAMS du secteur, ou pr\u00e9venir les services g\u00e9riatriques mobiles,\u2026<\/p>\n<p>&#8211; Accompagner les locataires en difficult\u00e9 pour compl\u00e9ter l\u2019enqu\u00eate SLS (Suppl\u00e9ment de Loyer de Solidarit\u00e9)<\/p>\n<p>&#8211; Orienter les locataires en situation administrative irr\u00e9guli\u00e8re lors des renouvellements de demande de logement ou d\u2019aides sociales<\/p>\n<p>&#8211; Participer \u00e0 une revue mensuelle des dossiers avec les responsables d\u2019agence \/ antenne et la Responsable du Service Contentieux et M\u00e9diation<\/p>\n<h2>Profil:<\/h2>\n<\/p>\n<p>Vous \u00eates titulaire d&rsquo;un dipl\u00f4me d&rsquo;\u00e9tat d&rsquo;assistant de service social (DEASS), de travailleur social ou de conseiller \u00e9conomique, social et familial. <\/p>\n<p>Une exp\u00e9rience dans l&rsquo;accompagnement du public s\u00e9nior est souhait\u00e9e.<\/p>\n<p>Le permis B est indispensable pour assurer les d\u00e9placements professionnels.<\/p>\n<p>Vous ma\u00eetrisez la l\u00e9gislation sociale ainsi que les dispositifs d\u2019aide (FSL, APL, surendettement,&#8230;).<br \/> Vous \u00eates capable d\u2019analyser des situations litigieuses, d\u2019en r\u00e9diger une synth\u00e8se claire et de proposer des conseils adapt\u00e9s, tout en respectant la confidentialit\u00e9 des dossiers.<\/p>\n<p>Organis\u00e9(e), rigoureux(se) et autonome, vous faites preuve d\u2019\u00e9coute et savez instaurer une relation de confiance avec vos interlocuteurs.<\/p>\n<\/p>\n<p><strong>\u00ab DECOUVREZ LES AVANTAGES ALSACE HABITAT \u00bb<\/strong><\/p>\n<p>\u00b7 28 jours de cong\u00e9s pay\u00e9s<\/p>\n<p>\u00b7 13\u00e8me mois<\/p>\n<p>\u00b7 1 vendredi sur 2 non travaill\u00e9<\/p>\n<p>\u00b7 Prime d\u2019assiduit\u00e9<\/p>\n<p>\u00b7 Prime d\u2019int\u00e9ressement<\/p>\n<p>\u00b7 Tickets restaurant<\/p>\n<p>\u00b7 Mutuelle gratuite pour les salari\u00e9s<\/p>\n<p>\u00b7 Forfait Mobilit\u00e9s Durables (covoiturage &amp; v\u00e9lo)<\/p>\n<p>\u00b7 PEE et PERCOL (abond\u00e9)<\/p>\n<p>\u00b7 Avantages CSE (carte cadeaux, sorties,&#8230;)<\/p>\n<p>\u00b7 Afterworks<\/p>\n<p>D&rsquo;autres surprises vous attendent &#8230;<\/p>\n<p>Vous vous reconnaissez dans ce profil ? Alors n&rsquo;attendez plus et rejoignez-nous d\u00e8s \u00e0 pr\u00e9sent !<\/p>\n<h3>Temps de travail<\/h3>\n<p>Temps plein <\/p>\n<h3> Organisme <\/h3>\n<p> <span id=\"ctl00_ctl00_AspMainContent_MainContent_MasterPageSettingsView_ctl03_ctl01_fldEntityDescriptionFormat_lblContentText\"><span id=\"ctl00_MainContent_DescriptionEntityEdit_SubForm1_ctl01_Field1_ctl00_lblEntityFormat\">ALSACE HABITAT <\/span><br \/><\/span><\/p>\n","protected":false},"author":0,"featured_media":5636,"template":"","meta":{"_promoted":"","_job_location":"France, Grand-Est, Bas Rhin (67) 4, rue Bartisch 67100 STRASBOURG","_application":"https:\/\/les-hlm-recrutent.talent-soft.com\/offre-de-emploi\/emploi-travailleur-social-h-f_70333.aspx?utm_source=monbailleur.fr","_company_name":"ALSACE HABITAT","_company_website":"","_company_tagline":"","_company_twitter":"","_company_video":"","_filled":0,"_featured":0,"_remote_position":0,"_job_salary":"","_job_salary_currency":"","_job_salary_unit":""},"job-categories":[78],"job-types":[63],"class_list":["post-39154","job_listing","type-job_listing","status-publish","has-post-thumbnail","hentry","job_listing_category-autres","job_listing_type-cdi","job-type-cdi"],"yoast_head":"<!-- This site is optimized with the Yoast SEO Premium plugin v22.4 (Yoast SEO v25.1) - https:\/\/yoast.com\/wordpress\/plugins\/seo\/ -->\n<title>Travailleur social H\/F - Monbailleur.fr - Emploi<\/title>\n<meta name=\"robots\" content=\"noindex, follow\" \/>\n<meta property=\"og:locale\" content=\"fr_FR\" \/>\n<meta property=\"og:type\" content=\"article\" \/>\n<meta property=\"og:title\" content=\"Travailleur social H\/F\" \/>\n<meta property=\"og:description\" content=\"L&rsquo;entreprise: ALSACE HABITAT est une soci\u00e9t\u00e9 d&rsquo;Economie Mixte bas\u00e9e \u00e0 Strasbourg et partenaire privil\u00e9gi\u00e9 de la Collectivit\u00e9 europ\u00e9enne d&rsquo;Alsace. La soci\u00e9t\u00e9 compte plus de 230 collaborateurs et g\u00e8re un parc de 17 000 logements. Pr\u00e9sents sur tout le territoire Bas-Rhinois, nous construisons, am\u00e9nageons et r\u00e9habilitons des logements aid\u00e9s, des r\u00e9sidences s\u00e9niors, des gendarmeries, des foyers\" \/>\n<meta property=\"og:url\" content=\"https:\/\/www.monbailleur.fr\/offres-emploi\/poste\/travailleur-social-h-f\" \/>\n<meta property=\"og:site_name\" content=\"Monbailleur.fr - Emploi\" \/>\n<meta property=\"og:image\" content=\"https:\/\/www.monbailleur.fr\/offres-emploi\/wp-content\/uploads\/2023\/06\/mon_bailleur_emploi_placeholder.png\" \/>\n\t<meta property=\"og:image:width\" content=\"512\" \/>\n\t<meta property=\"og:image:height\" content=\"512\" \/>\n\t<meta property=\"og:image:type\" content=\"image\/png\" \/>\n<meta name=\"twitter:card\" content=\"summary_large_image\" \/>\n<meta name=\"twitter:label1\" content=\"Dur\u00e9e de lecture estim\u00e9e\" \/>\n\t<meta name=\"twitter:data1\" content=\"3 minutes\" \/>\n<script type=\"application\/ld+json\" class=\"yoast-schema-graph\">{\"@context\":\"https:\/\/schema.org\",\"@graph\":[{\"@type\":\"WebPage\",\"@id\":\"https:\/\/www.monbailleur.fr\/offres-emploi\/poste\/travailleur-social-h-f\",\"url\":\"https:\/\/www.monbailleur.fr\/offres-emploi\/poste\/travailleur-social-h-f\",\"name\":\"Travailleur social H\/F - Monbailleur.fr - Emploi\",\"isPartOf\":{\"@id\":\"https:\/\/www.monbailleur.fr\/offres-emploi\/#website\"},\"primaryImageOfPage\":{\"@id\":\"https:\/\/www.monbailleur.fr\/offres-emploi\/poste\/travailleur-social-h-f#primaryimage\"},\"image\":{\"@id\":\"https:\/\/www.monbailleur.fr\/offres-emploi\/poste\/travailleur-social-h-f#primaryimage\"},\"thumbnailUrl\":\"https:\/\/www.monbailleur.fr\/offres-emploi\/wp-content\/uploads\/2023\/06\/mon_bailleur_emploi_placeholder.png\",\"datePublished\":\"2026-08-13T06:00:18+00:00\",\"breadcrumb\":{\"@id\":\"https:\/\/www.monbailleur.fr\/offres-emploi\/poste\/travailleur-social-h-f#breadcrumb\"},\"inLanguage\":\"fr-FR\",\"potentialAction\":[{\"@type\":\"ReadAction\",\"target\":[\"https:\/\/www.monbailleur.fr\/offres-emploi\/poste\/travailleur-social-h-f\"]}]},{\"@type\":\"ImageObject\",\"inLanguage\":\"fr-FR\",\"@id\":\"https:\/\/www.monbailleur.fr\/offres-emploi\/poste\/travailleur-social-h-f#primaryimage\",\"url\":\"https:\/\/www.monbailleur.fr\/offres-emploi\/wp-content\/uploads\/2023\/06\/mon_bailleur_emploi_placeholder.png\",\"contentUrl\":\"https:\/\/www.monbailleur.fr\/offres-emploi\/wp-content\/uploads\/2023\/06\/mon_bailleur_emploi_placeholder.png\",\"width\":512,\"height\":512},{\"@type\":\"BreadcrumbList\",\"@id\":\"https:\/\/www.monbailleur.fr\/offres-emploi\/poste\/travailleur-social-h-f#breadcrumb\",\"itemListElement\":[{\"@type\":\"ListItem\",\"position\":1,\"name\":\"Accueil\",\"item\":\"https:\/\/www.monbailleur.fr\/offres-emploi\/\"},{\"@type\":\"ListItem\",\"position\":2,\"name\":\"offres d\u2019emploi\",\"item\":\"https:\/\/www.monbailleur.fr\/offres-emploi\/job-listings\"},{\"@type\":\"ListItem\",\"position\":3,\"name\":\"Travailleur social H\/F\"}]},{\"@type\":\"WebSite\",\"@id\":\"https:\/\/www.monbailleur.fr\/offres-emploi\/#website\",\"url\":\"https:\/\/www.monbailleur.fr\/offres-emploi\/\",\"name\":\"Monbailleur.fr - Emploi\",\"description\":\"Les offres d&#039;emploi du logement social\",\"publisher\":{\"@id\":\"https:\/\/www.monbailleur.fr\/offres-emploi\/#organization\"},\"potentialAction\":[{\"@type\":\"SearchAction\",\"target\":{\"@type\":\"EntryPoint\",\"urlTemplate\":\"https:\/\/www.monbailleur.fr\/offres-emploi\/?s={search_term_string}\"},\"query-input\":{\"@type\":\"PropertyValueSpecification\",\"valueRequired\":true,\"valueName\":\"search_term_string\"}}],\"inLanguage\":\"fr-FR\"},{\"@type\":\"Organization\",\"@id\":\"https:\/\/www.monbailleur.fr\/offres-emploi\/#organization\",\"name\":\"Monbailleur.fr - Emploi\",\"url\":\"https:\/\/www.monbailleur.fr\/offres-emploi\/\",\"logo\":{\"@type\":\"ImageObject\",\"inLanguage\":\"fr-FR\",\"@id\":\"https:\/\/www.monbailleur.fr\/offres-emploi\/#\/schema\/logo\/image\/\",\"url\":\"https:\/\/www.monbailleur.fr\/offres-emploi\/wp-content\/uploads\/2023\/06\/MonBailleur-1200x675-1.png\",\"contentUrl\":\"https:\/\/www.monbailleur.fr\/offres-emploi\/wp-content\/uploads\/2023\/06\/MonBailleur-1200x675-1.png\",\"width\":1200,\"height\":675,\"caption\":\"Monbailleur.fr - Emploi\"},\"image\":{\"@id\":\"https:\/\/www.monbailleur.fr\/offres-emploi\/#\/schema\/logo\/image\/\"}}]}<\/script>\n<!-- \/ Yoast SEO Premium plugin. -->","yoast_head_json":{"title":"Travailleur social H\/F - Monbailleur.fr - Emploi","robots":{"index":"noindex","follow":"follow"},"og_locale":"fr_FR","og_type":"article","og_title":"Travailleur social H\/F","og_description":"L&rsquo;entreprise: ALSACE HABITAT est une soci\u00e9t\u00e9 d&rsquo;Economie Mixte bas\u00e9e \u00e0 Strasbourg et partenaire privil\u00e9gi\u00e9 de la Collectivit\u00e9 europ\u00e9enne d&rsquo;Alsace. La soci\u00e9t\u00e9 compte plus de 230 collaborateurs et g\u00e8re un parc de 17 000 logements. Pr\u00e9sents sur tout le territoire Bas-Rhinois, nous construisons, am\u00e9nageons et r\u00e9habilitons des logements aid\u00e9s, des r\u00e9sidences s\u00e9niors, des gendarmeries, des foyers","og_url":"https:\/\/www.monbailleur.fr\/offres-emploi\/poste\/travailleur-social-h-f","og_site_name":"Monbailleur.fr - Emploi","og_image":[{"width":512,"height":512,"url":"https:\/\/www.monbailleur.fr\/offres-emploi\/wp-content\/uploads\/2023\/06\/mon_bailleur_emploi_placeholder.png","type":"image\/png"}],"twitter_card":"summary_large_image","twitter_misc":{"Dur\u00e9e de lecture estim\u00e9e":"3 minutes"},"schema":{"@context":"https:\/\/schema.org","@graph":[{"@type":"WebPage","@id":"https:\/\/www.monbailleur.fr\/offres-emploi\/poste\/travailleur-social-h-f","url":"https:\/\/www.monbailleur.fr\/offres-emploi\/poste\/travailleur-social-h-f","name":"Travailleur social H\/F - Monbailleur.fr - Emploi","isPartOf":{"@id":"https:\/\/www.monbailleur.fr\/offres-emploi\/#website"},"primaryImageOfPage":{"@id":"https:\/\/www.monbailleur.fr\/offres-emploi\/poste\/travailleur-social-h-f#primaryimage"},"image":{"@id":"https:\/\/www.monbailleur.fr\/offres-emploi\/poste\/travailleur-social-h-f#primaryimage"},"thumbnailUrl":"https:\/\/www.monbailleur.fr\/offres-emploi\/wp-content\/uploads\/2023\/06\/mon_bailleur_emploi_placeholder.png","datePublished":"2026-08-13T06:00:18+00:00","breadcrumb":{"@id":"https:\/\/www.monbailleur.fr\/offres-emploi\/poste\/travailleur-social-h-f#breadcrumb"},"inLanguage":"fr-FR","potentialAction":[{"@type":"ReadAction","target":["https:\/\/www.monbailleur.fr\/offres-emploi\/poste\/travailleur-social-h-f"]}]},{"@type":"ImageObject","inLanguage":"fr-FR","@id":"https:\/\/www.monbailleur.fr\/offres-emploi\/poste\/travailleur-social-h-f#primaryimage","url":"https:\/\/www.monbailleur.fr\/offres-emploi\/wp-content\/uploads\/2023\/06\/mon_bailleur_emploi_placeholder.png","contentUrl":"https:\/\/www.monbailleur.fr\/offres-emploi\/wp-content\/uploads\/2023\/06\/mon_bailleur_emploi_placeholder.png","width":512,"height":512},{"@type":"BreadcrumbList","@id":"https:\/\/www.monbailleur.fr\/offres-emploi\/poste\/travailleur-social-h-f#breadcrumb","itemListElement":[{"@type":"ListItem","position":1,"name":"Accueil","item":"https:\/\/www.monbailleur.fr\/offres-emploi\/"},{"@type":"ListItem","position":2,"name":"offres d\u2019emploi","item":"https:\/\/www.monbailleur.fr\/offres-emploi\/job-listings"},{"@type":"ListItem","position":3,"name":"Travailleur social H\/F"}]},{"@type":"WebSite","@id":"https:\/\/www.monbailleur.fr\/offres-emploi\/#website","url":"https:\/\/www.monbailleur.fr\/offres-emploi\/","name":"Monbailleur.fr - Emploi","description":"Les offres d&#039;emploi du logement social","publisher":{"@id":"https:\/\/www.monbailleur.fr\/offres-emploi\/#organization"},"potentialAction":[{"@type":"SearchAction","target":{"@type":"EntryPoint","urlTemplate":"https:\/\/www.monbailleur.fr\/offres-emploi\/?s={search_term_string}"},"query-input":{"@type":"PropertyValueSpecification","valueRequired":true,"valueName":"search_term_string"}}],"inLanguage":"fr-FR"},{"@type":"Organization","@id":"https:\/\/www.monbailleur.fr\/offres-emploi\/#organization","name":"Monbailleur.fr - Emploi","url":"https:\/\/www.monbailleur.fr\/offres-emploi\/","logo":{"@type":"ImageObject","inLanguage":"fr-FR","@id":"https:\/\/www.monbailleur.fr\/offres-emploi\/#\/schema\/logo\/image\/","url":"https:\/\/www.monbailleur.fr\/offres-emploi\/wp-content\/uploads\/2023\/06\/MonBailleur-1200x675-1.png","contentUrl":"https:\/\/www.monbailleur.fr\/offres-emploi\/wp-content\/uploads\/2023\/06\/MonBailleur-1200x675-1.png","width":1200,"height":675,"caption":"Monbailleur.fr - Emploi"},"image":{"@id":"https:\/\/www.monbailleur.fr\/offres-emploi\/#\/schema\/logo\/image\/"}}]}},"_links":{"self":[{"href":"https:\/\/www.monbailleur.fr\/offres-emploi\/wp-json\/wp\/v2\/job-listings\/39154","targetHints":{"allow":["GET"]}}],"collection":[{"href":"https:\/\/www.monbailleur.fr\/offres-emploi\/wp-json\/wp\/v2\/job-listings"}],"about":[{"href":"https:\/\/www.monbailleur.fr\/offres-emploi\/wp-json\/wp\/v2\/types\/job_listing"}],"wp:featuredmedia":[{"embeddable":true,"href":"https:\/\/www.monbailleur.fr\/offres-emploi\/wp-json\/wp\/v2\/media\/5636"}],"wp:attachment":[{"href":"https:\/\/www.monbailleur.fr\/offres-emploi\/wp-json\/wp\/v2\/media?parent=39154"}],"wp:term":[{"taxonomy":"job_listing_category","embeddable":true,"href":"https:\/\/www.monbailleur.fr\/offres-emploi\/wp-json\/wp\/v2\/job-categories?post=39154"},{"taxonomy":"job_listing_type","embeddable":true,"href":"https:\/\/www.monbailleur.fr\/offres-emploi\/wp-json\/wp\/v2\/job-types?post=39154"}],"curies":[{"name":"wp","href":"https:\/\/api.w.org\/{rel}","templated":true}]}}