{"id":39167,"date":"2026-08-13T08:00:28","date_gmt":"2026-08-13T06:00:28","guid":{"rendered":"https:\/\/www.monbailleur.fr\/offres-emploi\/poste\/employe-dimmeuble-talence-h-f"},"modified":"2026-08-13T08:00:28","modified_gmt":"2026-08-13T06:00:28","slug":"employe-dimmeuble-talence-h-f","status":"publish","type":"job_listing","link":"https:\/\/www.monbailleur.fr\/offres-emploi\/poste\/employe-dimmeuble-talence-h-f","title":{"rendered":"Employ\u00e9 d&rsquo;immeuble &#8211; Talence H\/F"},"content":{"rendered":"<h2>L&rsquo;entreprise:<\/h2>\n<p>Action Logement Groupe d\u00e9termine les orientations strat\u00e9giques du groupe Action Logement, les conditions d&#8217;emploi des ressources financi\u00e8res, et veille \u00e0 ce que les aides et les services soient distribu\u00e9s avec \u00e9quit\u00e9 entre les personnes \u00e9ligibles, dans tous les territoires.<\/p>\n<h2>Description:<\/h2>\n<\/p>\n<p>Rattach\u00e9(e) \u00e0 la Direction Territoriale M\u00e9tropole Centre, sur le secteur de Talence, vous assurez l&rsquo;entretien des r\u00e9sidences, veillez au bon \u00e9tat du patrimoine et contribuez au maintien d&rsquo;un cadre de vie agr\u00e9able pour les locataires, gr\u00e2ce \u00e0 votre pr\u00e9sence quotidienne sur le terrain.<\/p>\n<p>V\u00e9ritable interlocuteur(trice) de proximit\u00e9, vous \u00eates l&rsquo;interface entre les locataires de votre secteur et Domofrance. \u00c0 ce titre, vous accompagnez les r\u00e9sidents dans leur quotidien, veillez au respect du cadre de vie et travaillez en \u00e9troite collaboration avec les \u00e9quipes de l&rsquo;agence, afin d&rsquo;assurer un service de qualit\u00e9.<\/p>\n<p style=\"text-align: justify\"> Vos principales missions seront les suivantes:<\/p>\n<ul style=\"text-align: justify\">\n<li>Nettoyer les parties communes du patrimoine,<\/li>\n<li>Assurer le traitement des ordures m\u00e9nag\u00e8res,<\/li>\n<li>Entretenir les espaces ext\u00e9rieurs,<\/li>\n<li>R\u00e9aliser l\u2019entretien courant,<\/li>\n<li>Contribuer au service aux locataires,<\/li>\n<li>Participer \u00e0 la surveillance du patrimoine,<\/li>\n<li>Pr\u00e9venir des d\u00e9gradations des parties communes,<\/li>\n<li>Assurer la veille s\u00e9curit\u00e9,<\/li>\n<li>Veiller au respect et \u00e0 l\u2019application du r\u00e8glement int\u00e9rieur.<\/li>\n<\/ul>\n<p style=\"text-align: justify\">\n<p style=\"text-align: justify\">Nous rejoindre c&rsquo;est vivre une aventure faite de succ\u00e8s personnels, de r\u00e9ussites collectives, de challenges innovants, de difficult\u00e9s sur lesquelles vous saurez rebondir.<\/p>\n<p style=\"text-align: justify\">En somme, un parcours fait de belles rencontres \u00e0 l&rsquo;image des valeurs que nous d\u00e9fendons au quotidien \u00e0 savoir le bien-vivre ensemble !<\/p>\n<p style=\"text-align: justify\">Avec un processus de recrutement \u00e0 notre image : simple, rapide et efficace<br \/>&#8211; Votre CV est retenu : nous vous contacterons pour un premier \u00e9change.<br \/>&#8211; L&rsquo;\u00e9change est positif ? Place \u00e0 l&rsquo;entretien en pr\u00e9sence de votre futur manager.<br \/>&#8211; Vous avez un premier retour dans les jours qui suivent l&rsquo;entretien.<br \/>&#8211; Si \u00e7a matche : Bienvenue chez vous !<\/p>\n<p style=\"text-align: justify\">En tant qu&#8217;employeur, Domofrance offre \u00e0 tous les m\u00eames opportunit\u00e9s d&rsquo;acc\u00e8s \u00e0 l&#8217;emploi sans distinction de genre, ethnicit\u00e9, religion, orientation sexuelle, statut social, handicap et d&rsquo;\u00e2ge. Domofrance veille \u00e0 d\u00e9velopper un environnement de travail inclusif qui refl\u00e8te la diversit\u00e9 de ses \u00e9quipes et de ses clients.<\/p>\n<p style=\"text-align: justify\">\n<p style=\"text-align: justify\">ET LA SUITE ?<\/p>\n<p style=\"text-align: justify\">Pour vous permettre de vous projeter dans la dur\u00e9e en alliant un \u00e9quilibre vie personnelle\/professionnelle, d\u00e9couvrez nos principaux avantages :<\/p>\n<p>&#8211; Prime d&rsquo;int\u00e9ressement et politique d&rsquo;abondement en cas de placement,<br \/>&#8211; Tickets Restaurant (11\u20ac\/jour),<br \/>&#8211; Mutuelle avec 80% de prise en charge,<br \/>&#8211; Pr\u00e9voyance,<br \/>&#8211; Comit\u00e9 Social d&rsquo;Entreprise et subventions associ\u00e9es,<br \/>&#8211; Parcours d&rsquo;int\u00e9gration structur\u00e9,<br \/>&#8211; Politique dynamique de formation, de mobilit\u00e9 et de promotion interne,<br \/>&#8211; Salaire sur 13, 5 mois,<br \/>&#8211; Une culture d&rsquo;entreprise r\u00e9solument coop\u00e9rative, responsable et innovante o\u00f9 l&rsquo;enthousiasme est cl\u00e9, \u00e0 d\u00e9couvrir ici : www.domofrance.fr<\/p>\n<h2>Profil:<\/h2>\n<\/p>\n<p>Votre profil ?<\/p>\n<p>Vous \u00eates organis\u00e9(e), autonome, rigoureux(e) et r\u00e9actif(ve).<\/p>\n<p>Vous disposez du permis de conduire ainsi que d\u2019un v\u00e9hicule et id\u00e9alement d\u2019une habilitation \u00e9lectrique.<\/p>\n<h3>Niveau de dipl\u00f4me:<\/h3>\n<p> Brevet des colleges<\/p>\n<h3>Sp\u00e9cialisations:<\/h3>\n<p>Autre fili\u00e8re<\/p>\n","protected":false},"author":0,"featured_media":3646,"template":"","meta":{"_promoted":"","_job_location":"France, Nouvelle-Aquitaine, 33 - Gironde Talence","_application":"https:\/\/actionlogement-recrute.talent-soft.com\/offre-de-emploi\/emploi-employe-d-immeuble-talence-h-f_17924.aspx?utm_source=monbailleur.fr","_company_name":"Action Logement","_company_website":"https:\/\/actionlogement-recrute.talent-soft.com\/","_company_tagline":"","_company_twitter":"","_company_video":"","_filled":0,"_featured":0,"_remote_position":0,"_job_salary":"","_job_salary_currency":"","_job_salary_unit":""},"job-categories":[78],"job-types":[63],"class_list":["post-39167","job_listing","type-job_listing","status-publish","has-post-thumbnail","hentry","job_listing_category-autres","job_listing_type-cdi","job-type-cdi"],"yoast_head":"<!-- This site is optimized with the Yoast SEO Premium plugin v22.4 (Yoast SEO v25.1) - https:\/\/yoast.com\/wordpress\/plugins\/seo\/ -->\n<title>Employ\u00e9 d&#039;immeuble - Talence H\/F - Monbailleur.fr - Emploi<\/title>\n<meta name=\"robots\" content=\"noindex, follow\" \/>\n<meta property=\"og:locale\" content=\"fr_FR\" \/>\n<meta property=\"og:type\" content=\"article\" \/>\n<meta property=\"og:title\" content=\"Employ\u00e9 d&#039;immeuble - Talence H\/F\" \/>\n<meta property=\"og:description\" content=\"L&rsquo;entreprise: Action Logement Groupe d\u00e9termine les orientations strat\u00e9giques du groupe Action Logement, les conditions d&#8217;emploi des ressources financi\u00e8res, et veille \u00e0 ce que les aides et les services soient distribu\u00e9s avec \u00e9quit\u00e9 entre les personnes \u00e9ligibles, dans tous les territoires. Description: Rattach\u00e9(e) \u00e0 la Direction Territoriale M\u00e9tropole Centre, sur le secteur de Talence, vous assurez\" \/>\n<meta property=\"og:url\" content=\"https:\/\/www.monbailleur.fr\/offres-emploi\/poste\/employe-dimmeuble-talence-h-f\" \/>\n<meta property=\"og:site_name\" content=\"Monbailleur.fr - Emploi\" \/>\n<meta property=\"og:image\" content=\"https:\/\/www.monbailleur.fr\/offres-emploi\/wp-content\/uploads\/2023\/06\/action-logement.png\" \/>\n\t<meta property=\"og:image:width\" content=\"175\" \/>\n\t<meta property=\"og:image:height\" content=\"200\" \/>\n\t<meta property=\"og:image:type\" content=\"image\/png\" \/>\n<meta name=\"twitter:card\" content=\"summary_large_image\" \/>\n<meta name=\"twitter:label1\" content=\"Dur\u00e9e de lecture estim\u00e9e\" \/>\n\t<meta name=\"twitter:data1\" content=\"3 minutes\" \/>\n<script type=\"application\/ld+json\" class=\"yoast-schema-graph\">{\"@context\":\"https:\/\/schema.org\",\"@graph\":[{\"@type\":\"WebPage\",\"@id\":\"https:\/\/www.monbailleur.fr\/offres-emploi\/poste\/employe-dimmeuble-talence-h-f\",\"url\":\"https:\/\/www.monbailleur.fr\/offres-emploi\/poste\/employe-dimmeuble-talence-h-f\",\"name\":\"Employ\u00e9 d'immeuble - Talence H\/F - Monbailleur.fr - Emploi\",\"isPartOf\":{\"@id\":\"https:\/\/www.monbailleur.fr\/offres-emploi\/#website\"},\"primaryImageOfPage\":{\"@id\":\"https:\/\/www.monbailleur.fr\/offres-emploi\/poste\/employe-dimmeuble-talence-h-f#primaryimage\"},\"image\":{\"@id\":\"https:\/\/www.monbailleur.fr\/offres-emploi\/poste\/employe-dimmeuble-talence-h-f#primaryimage\"},\"thumbnailUrl\":\"https:\/\/www.monbailleur.fr\/offres-emploi\/wp-content\/uploads\/2023\/06\/action-logement.png\",\"datePublished\":\"2026-08-13T06:00:28+00:00\",\"breadcrumb\":{\"@id\":\"https:\/\/www.monbailleur.fr\/offres-emploi\/poste\/employe-dimmeuble-talence-h-f#breadcrumb\"},\"inLanguage\":\"fr-FR\",\"potentialAction\":[{\"@type\":\"ReadAction\",\"target\":[\"https:\/\/www.monbailleur.fr\/offres-emploi\/poste\/employe-dimmeuble-talence-h-f\"]}]},{\"@type\":\"ImageObject\",\"inLanguage\":\"fr-FR\",\"@id\":\"https:\/\/www.monbailleur.fr\/offres-emploi\/poste\/employe-dimmeuble-talence-h-f#primaryimage\",\"url\":\"https:\/\/www.monbailleur.fr\/offres-emploi\/wp-content\/uploads\/2023\/06\/action-logement.png\",\"contentUrl\":\"https:\/\/www.monbailleur.fr\/offres-emploi\/wp-content\/uploads\/2023\/06\/action-logement.png\",\"width\":175,\"height\":200},{\"@type\":\"BreadcrumbList\",\"@id\":\"https:\/\/www.monbailleur.fr\/offres-emploi\/poste\/employe-dimmeuble-talence-h-f#breadcrumb\",\"itemListElement\":[{\"@type\":\"ListItem\",\"position\":1,\"name\":\"Accueil\",\"item\":\"https:\/\/www.monbailleur.fr\/offres-emploi\/\"},{\"@type\":\"ListItem\",\"position\":2,\"name\":\"offres d\u2019emploi\",\"item\":\"https:\/\/www.monbailleur.fr\/offres-emploi\/job-listings\"},{\"@type\":\"ListItem\",\"position\":3,\"name\":\"Employ\u00e9 d&rsquo;immeuble &#8211; Talence H\/F\"}]},{\"@type\":\"WebSite\",\"@id\":\"https:\/\/www.monbailleur.fr\/offres-emploi\/#website\",\"url\":\"https:\/\/www.monbailleur.fr\/offres-emploi\/\",\"name\":\"Monbailleur.fr - Emploi\",\"description\":\"Les offres d&#039;emploi du logement social\",\"publisher\":{\"@id\":\"https:\/\/www.monbailleur.fr\/offres-emploi\/#organization\"},\"potentialAction\":[{\"@type\":\"SearchAction\",\"target\":{\"@type\":\"EntryPoint\",\"urlTemplate\":\"https:\/\/www.monbailleur.fr\/offres-emploi\/?s={search_term_string}\"},\"query-input\":{\"@type\":\"PropertyValueSpecification\",\"valueRequired\":true,\"valueName\":\"search_term_string\"}}],\"inLanguage\":\"fr-FR\"},{\"@type\":\"Organization\",\"@id\":\"https:\/\/www.monbailleur.fr\/offres-emploi\/#organization\",\"name\":\"Monbailleur.fr - Emploi\",\"url\":\"https:\/\/www.monbailleur.fr\/offres-emploi\/\",\"logo\":{\"@type\":\"ImageObject\",\"inLanguage\":\"fr-FR\",\"@id\":\"https:\/\/www.monbailleur.fr\/offres-emploi\/#\/schema\/logo\/image\/\",\"url\":\"https:\/\/www.monbailleur.fr\/offres-emploi\/wp-content\/uploads\/2023\/06\/MonBailleur-1200x675-1.png\",\"contentUrl\":\"https:\/\/www.monbailleur.fr\/offres-emploi\/wp-content\/uploads\/2023\/06\/MonBailleur-1200x675-1.png\",\"width\":1200,\"height\":675,\"caption\":\"Monbailleur.fr - Emploi\"},\"image\":{\"@id\":\"https:\/\/www.monbailleur.fr\/offres-emploi\/#\/schema\/logo\/image\/\"}}]}<\/script>\n<!-- \/ Yoast SEO Premium plugin. -->","yoast_head_json":{"title":"Employ\u00e9 d'immeuble - Talence H\/F - Monbailleur.fr - Emploi","robots":{"index":"noindex","follow":"follow"},"og_locale":"fr_FR","og_type":"article","og_title":"Employ\u00e9 d'immeuble - Talence H\/F","og_description":"L&rsquo;entreprise: Action Logement Groupe d\u00e9termine les orientations strat\u00e9giques du groupe Action Logement, les conditions d&#8217;emploi des ressources financi\u00e8res, et veille \u00e0 ce que les aides et les services soient distribu\u00e9s avec \u00e9quit\u00e9 entre les personnes \u00e9ligibles, dans tous les territoires. Description: Rattach\u00e9(e) \u00e0 la Direction Territoriale M\u00e9tropole Centre, sur le secteur de Talence, vous assurez","og_url":"https:\/\/www.monbailleur.fr\/offres-emploi\/poste\/employe-dimmeuble-talence-h-f","og_site_name":"Monbailleur.fr - Emploi","og_image":[{"width":175,"height":200,"url":"https:\/\/www.monbailleur.fr\/offres-emploi\/wp-content\/uploads\/2023\/06\/action-logement.png","type":"image\/png"}],"twitter_card":"summary_large_image","twitter_misc":{"Dur\u00e9e de lecture estim\u00e9e":"3 minutes"},"schema":{"@context":"https:\/\/schema.org","@graph":[{"@type":"WebPage","@id":"https:\/\/www.monbailleur.fr\/offres-emploi\/poste\/employe-dimmeuble-talence-h-f","url":"https:\/\/www.monbailleur.fr\/offres-emploi\/poste\/employe-dimmeuble-talence-h-f","name":"Employ\u00e9 d'immeuble - Talence H\/F - Monbailleur.fr - Emploi","isPartOf":{"@id":"https:\/\/www.monbailleur.fr\/offres-emploi\/#website"},"primaryImageOfPage":{"@id":"https:\/\/www.monbailleur.fr\/offres-emploi\/poste\/employe-dimmeuble-talence-h-f#primaryimage"},"image":{"@id":"https:\/\/www.monbailleur.fr\/offres-emploi\/poste\/employe-dimmeuble-talence-h-f#primaryimage"},"thumbnailUrl":"https:\/\/www.monbailleur.fr\/offres-emploi\/wp-content\/uploads\/2023\/06\/action-logement.png","datePublished":"2026-08-13T06:00:28+00:00","breadcrumb":{"@id":"https:\/\/www.monbailleur.fr\/offres-emploi\/poste\/employe-dimmeuble-talence-h-f#breadcrumb"},"inLanguage":"fr-FR","potentialAction":[{"@type":"ReadAction","target":["https:\/\/www.monbailleur.fr\/offres-emploi\/poste\/employe-dimmeuble-talence-h-f"]}]},{"@type":"ImageObject","inLanguage":"fr-FR","@id":"https:\/\/www.monbailleur.fr\/offres-emploi\/poste\/employe-dimmeuble-talence-h-f#primaryimage","url":"https:\/\/www.monbailleur.fr\/offres-emploi\/wp-content\/uploads\/2023\/06\/action-logement.png","contentUrl":"https:\/\/www.monbailleur.fr\/offres-emploi\/wp-content\/uploads\/2023\/06\/action-logement.png","width":175,"height":200},{"@type":"BreadcrumbList","@id":"https:\/\/www.monbailleur.fr\/offres-emploi\/poste\/employe-dimmeuble-talence-h-f#breadcrumb","itemListElement":[{"@type":"ListItem","position":1,"name":"Accueil","item":"https:\/\/www.monbailleur.fr\/offres-emploi\/"},{"@type":"ListItem","position":2,"name":"offres d\u2019emploi","item":"https:\/\/www.monbailleur.fr\/offres-emploi\/job-listings"},{"@type":"ListItem","position":3,"name":"Employ\u00e9 d&rsquo;immeuble &#8211; Talence H\/F"}]},{"@type":"WebSite","@id":"https:\/\/www.monbailleur.fr\/offres-emploi\/#website","url":"https:\/\/www.monbailleur.fr\/offres-emploi\/","name":"Monbailleur.fr - Emploi","description":"Les offres d&#039;emploi du logement social","publisher":{"@id":"https:\/\/www.monbailleur.fr\/offres-emploi\/#organization"},"potentialAction":[{"@type":"SearchAction","target":{"@type":"EntryPoint","urlTemplate":"https:\/\/www.monbailleur.fr\/offres-emploi\/?s={search_term_string}"},"query-input":{"@type":"PropertyValueSpecification","valueRequired":true,"valueName":"search_term_string"}}],"inLanguage":"fr-FR"},{"@type":"Organization","@id":"https:\/\/www.monbailleur.fr\/offres-emploi\/#organization","name":"Monbailleur.fr - Emploi","url":"https:\/\/www.monbailleur.fr\/offres-emploi\/","logo":{"@type":"ImageObject","inLanguage":"fr-FR","@id":"https:\/\/www.monbailleur.fr\/offres-emploi\/#\/schema\/logo\/image\/","url":"https:\/\/www.monbailleur.fr\/offres-emploi\/wp-content\/uploads\/2023\/06\/MonBailleur-1200x675-1.png","contentUrl":"https:\/\/www.monbailleur.fr\/offres-emploi\/wp-content\/uploads\/2023\/06\/MonBailleur-1200x675-1.png","width":1200,"height":675,"caption":"Monbailleur.fr - Emploi"},"image":{"@id":"https:\/\/www.monbailleur.fr\/offres-emploi\/#\/schema\/logo\/image\/"}}]}},"_links":{"self":[{"href":"https:\/\/www.monbailleur.fr\/offres-emploi\/wp-json\/wp\/v2\/job-listings\/39167","targetHints":{"allow":["GET"]}}],"collection":[{"href":"https:\/\/www.monbailleur.fr\/offres-emploi\/wp-json\/wp\/v2\/job-listings"}],"about":[{"href":"https:\/\/www.monbailleur.fr\/offres-emploi\/wp-json\/wp\/v2\/types\/job_listing"}],"wp:featuredmedia":[{"embeddable":true,"href":"https:\/\/www.monbailleur.fr\/offres-emploi\/wp-json\/wp\/v2\/media\/3646"}],"wp:attachment":[{"href":"https:\/\/www.monbailleur.fr\/offres-emploi\/wp-json\/wp\/v2\/media?parent=39167"}],"wp:term":[{"taxonomy":"job_listing_category","embeddable":true,"href":"https:\/\/www.monbailleur.fr\/offres-emploi\/wp-json\/wp\/v2\/job-categories?post=39167"},{"taxonomy":"job_listing_type","embeddable":true,"href":"https:\/\/www.monbailleur.fr\/offres-emploi\/wp-json\/wp\/v2\/job-types?post=39167"}],"curies":[{"name":"wp","href":"https:\/\/api.w.org\/{rel}","templated":true}]}}