{"id":39169,"date":"2026-08-13T08:00:29","date_gmt":"2026-08-13T06:00:29","guid":{"rendered":"https:\/\/www.monbailleur.fr\/offres-emploi\/poste\/chargee-relations-entreprises-h-f"},"modified":"2026-08-13T08:00:29","modified_gmt":"2026-08-13T06:00:29","slug":"chargee-relations-entreprises-h-f","status":"publish","type":"job_listing","link":"https:\/\/www.monbailleur.fr\/offres-emploi\/poste\/chargee-relations-entreprises-h-f","title":{"rendered":"Charg\u00e9(e) Relations Entreprises H\/F"},"content":{"rendered":"<h2>L&rsquo;entreprise:<\/h2>\n<p>Action Logement Groupe d\u00e9termine les orientations strat\u00e9giques du groupe Action Logement, les conditions d&#8217;emploi des ressources financi\u00e8res, et veille \u00e0 ce que les aides et les services soient distribu\u00e9s avec \u00e9quit\u00e9 entre les personnes \u00e9ligibles, dans tous les territoires.<\/p>\n<h2>Description:<\/h2>\n<\/p>\n<p style=\"text-align: justify\">Vouloir am\u00e9liorer le logement\u2026 ET LE FAIRE !<\/p>\n<p>Rejoignez un Groupe qui agit concr\u00e8tement pour faciliter le logement des salari\u00e9s et ainsi am\u00e9liorer le quotidien de millions de Fran\u00e7ais.<br \/>Le groupe Action Logement, employeur de r\u00e9f\u00e9rence dans son secteur, couvre l&rsquo;ensemble des m\u00e9tiers de service et de l&rsquo;immobilier. \u00c0 ce jour, le Groupe compte plus de 100 m\u00e9tiers r\u00e9partis dans quatre grands domaines d\u2019expertises : l\u2019aide et l\u2019accompagnement des b\u00e9n\u00e9ficiaires, la gestion du parc immobilier, la conception et la construction de logements durables, l\u2019am\u00e9lioration et l\u2019innovation au service de toutes les activit\u00e9s du groupe<\/p>\n<p style=\"text-align: justify\">\n<p style=\"text-align: justify\">Dans le cadre d&rsquo;un remplacement, nous recherchons un <strong>Charg\u00e9 Relations Entreprises H\/F<\/strong> pour notre entit\u00e9 Action Logement Services.<\/p>\n<p style=\"text-align: justify\">Le Charg\u00e9 Relations Entreprises est \u00ab\u00a0l\u2019ambassadeur\u00a0\u00bb d\u2019Action Logement Services aupr\u00e8s des entreprises. Il d\u00e9veloppe la notori\u00e9t\u00e9 de l\u2019offre produits et services aupr\u00e8s des entreprises, des salari\u00e9s b\u00e9n\u00e9ficiaires et des acteurs \u00e9conomiques. Eu \u00e9gard aux besoins de chaque entreprise qu\u2019il recense pour aboutir \u00e0 la d\u00e9finition de la politique-logement de celle-ci, et dans le respect des objectifs de d\u00e9veloppement des services qui lui sont fix\u00e9s par Action Logement Services, il conduit le plan d\u2019actions d\u00e9fini devant aboutir \u00e0 la satisfaction du client. Au-del\u00e0 du client entreprise, il rencontre des b\u00e9n\u00e9ficiaires de ces services, des partenaires, des apporteurs d\u2019affaires, et des acteurs institutionnels autres (ex : \u00e9conomiques) pour faciliter la mise en \u0153uvre des projets li\u00e9s aux interactions Emploi \/ Logement. <\/p>\n<p><strong>Principales missions : <\/strong><\/p>\n<p style=\"text-align: justify\"><strong>Assurer le suivi et le d\u00e9veloppement de la relation avec les interlocuteurs\u202f:<\/strong> <br \/>D\u00e9tecter, recenser et analyser les besoins ; <br \/>Proposer l\u2019offre de services ; <br \/>Veiller \u00e0 la satisfaction des interlocuteurs et des b\u00e9n\u00e9ficiaires en lien avec les services internes. <\/p>\n<p><strong>Promouvoir l\u2019ensemble de l\u2019offre de services\u202f: <\/strong><br \/>Proposer et planifier des plans d\u2019actions commerciales\u202f; <br \/>Participer \u00e0 toutes actions commerciales visant \u00e0 la promotion de l\u2019offre\u202f: salons, forums, permanences, etc.\u202f; <br \/>Assurer une veille \u00e9conomique et sectorielle sur son p\u00e9rim\u00e8tre. <\/p>\n<p><strong>Assurer la gestion administrative de son activit\u00e9\u202f: <\/strong><br \/>Mettre \u00e0 jour les bases de donn\u00e9es commerciales\u202f; <br \/>Etablir les rapports et\/ou comptes rendus d\u2019activit\u00e9\u202f; <br \/>R\u00e9aliser un reporting r\u00e9gulier de son activit\u00e9. <\/p>\n<p style=\"text-align: justify\">\n<p style=\"text-align: justify\"><span style=\"text-decoration: underline\">Nos avantages au sein du groupe<\/span> :<\/p>\n<p style=\"text-align: justify\">&#8211; Titres Restaurant d\u2019une valeur de 10,50 \u20ac par jour travaill\u00e9<br \/>&#8211; Tarifs avantageux sur la mutuelle et la pr\u00e9voyance<br \/>&#8211; Prime d&rsquo;int\u00e9ressement \u00e0 partir de 3 mois d\u2019anciennet\u00e9<br \/>&#8211; Convention de forfait \u00e0 212 jours par an<br \/>&#8211; 27 jours de cong\u00e9s pay\u00e9s + attribution de jours de repos, au prorata du temps de pr\u00e9sence<br \/>&#8211; Acc\u00e8s \u00e0 la billetterie et aux \u0153uvres sociales du CSE<br \/>&#8211; Possibilit\u00e9 de t\u00e9l\u00e9travail selon les r\u00e8gles en vigueur, apr\u00e8s 1 mois d\u2019anciennet\u00e9 <\/p>\n<p style=\"text-align: justify\"><strong>R\u00e9mun\u00e9ration : 29 000 \u20ac bruts annuels sur 13 mois.<\/strong><\/p>\n<p style=\"text-align: justify\"><strong>Le poste est \u00e0 pourvoir d\u00e8s que possible en CDD sur une dur\u00e9e de 3 mois.<\/strong><\/p>\n<h2>Profil:<\/h2>\n<\/p>\n<p style=\"text-align: justify\">De formation Bac+2 minimum (Professions immobili\u00e8res, commerce, banque, assurance&#8230;), vous disposez d\u2019une exp\u00e9rience significative dans le milieu immobilier et le d\u00e9veloppement d\u2019actions commerciales.<\/p>\n<p style=\"text-align: justify\">\n<p style=\"text-align: justify\">Vous savez d\u00e9tecter et analyser les besoins des clients (salari\u00e9s, entreprises et partenaires).<\/p>\n<p style=\"text-align: justify\">Vous \u00eates de nature curieux(se), afin d\u2019\u00eatre en veille quant \u00e0 l\u2019activit\u00e9 des entreprises et \u00e0 l\u2019\u00e9volution de l\u2019offre Action Logement Services.<\/p>\n<p style=\"text-align: justify\">Vous ma\u00eetrisez les outils informatiques (Excel notamment).<\/p>\n<p style=\"text-align: justify\">\n<p style=\"text-align: justify\">Dot\u00e9(\u00e9) d\u2019un esprit d\u2019\u00e9quipe, rigoureux(se) et autonome, vous adoptez une approche op\u00e9rationnelle de votre fonction, au contact du terrain et des ressources. Votre go\u00fbt du challenge et du travail en \u00e9quipe, votre d\u00e9termination ainsi que votre adaptabilit\u00e9 seront des atouts majeurs pour ce poste.<\/p>\n<h3>Niveau de dipl\u00f4me:<\/h3>\n<p> BAC + 2 (BTS, DUT, DEUG, etc)<\/p>\n<h3>Sp\u00e9cialisations:<\/h3>\n<p>Autre fili\u00e8re<\/p>\n<h3> Entit\u00e9 <\/h3>\n<p> Action Logement Services porte l&rsquo;une des deux missions d&rsquo;utilit\u00e9 sociale du groupe Action Logement : faciliter l&rsquo;acc\u00e8s au logement des plus fragiles, en d\u00e9livrant des services et des aides financi\u00e8res pour accompagner leur mobilit\u00e9 r\u00e9sidentielle et professionnelle. La soci\u00e9t\u00e9 contribue \u00e9galement au financement des bailleurs sociaux pour la construction et la r\u00e9habilitation de logements. Elle favorise ainsi l&rsquo;acc\u00e8s et le maintien dans l&#8217;emploi, la performance des entreprises, et le d\u00e9veloppement des territoires.<\/p>\n","protected":false},"author":0,"featured_media":3646,"template":"","meta":{"_promoted":"","_job_location":"France, Grand-Est, 57 - Moselle 2 Place Saint-Martin 57000 METZ","_application":"https:\/\/actionlogement-recrute.talent-soft.com\/offre-de-emploi\/emploi-charge-e-relations-entreprises-h-f_17927.aspx?utm_source=monbailleur.fr","_company_name":"Action Logement","_company_website":"https:\/\/actionlogement-recrute.talent-soft.com\/","_company_tagline":"","_company_twitter":"","_company_video":"","_filled":0,"_featured":0,"_remote_position":0,"_job_salary":"","_job_salary_currency":"","_job_salary_unit":""},"job-categories":[78],"job-types":[52],"class_list":["post-39169","job_listing","type-job_listing","status-publish","has-post-thumbnail","hentry","job_listing_category-autres","job_listing_type-cdd","job-type-cdd"],"yoast_head":"<!-- This site is optimized with the Yoast SEO Premium plugin v22.4 (Yoast SEO v25.1) - https:\/\/yoast.com\/wordpress\/plugins\/seo\/ -->\n<title>Charg\u00e9(e) Relations Entreprises H\/F - Monbailleur.fr - Emploi<\/title>\n<meta name=\"robots\" content=\"noindex, follow\" \/>\n<meta property=\"og:locale\" content=\"fr_FR\" \/>\n<meta property=\"og:type\" content=\"article\" \/>\n<meta property=\"og:title\" content=\"Charg\u00e9(e) Relations Entreprises H\/F\" \/>\n<meta property=\"og:description\" content=\"L&rsquo;entreprise: Action Logement Groupe d\u00e9termine les orientations strat\u00e9giques du groupe Action Logement, les conditions d&#8217;emploi des ressources financi\u00e8res, et veille \u00e0 ce que les aides et les services soient distribu\u00e9s avec \u00e9quit\u00e9 entre les personnes \u00e9ligibles, dans tous les territoires. Description: Vouloir am\u00e9liorer le logement\u2026 ET LE FAIRE ! Rejoignez un Groupe qui agit concr\u00e8tement\" \/>\n<meta property=\"og:url\" content=\"https:\/\/www.monbailleur.fr\/offres-emploi\/poste\/chargee-relations-entreprises-h-f\" \/>\n<meta property=\"og:site_name\" content=\"Monbailleur.fr - Emploi\" \/>\n<meta property=\"og:image\" content=\"https:\/\/www.monbailleur.fr\/offres-emploi\/wp-content\/uploads\/2023\/06\/action-logement.png\" \/>\n\t<meta property=\"og:image:width\" content=\"175\" \/>\n\t<meta property=\"og:image:height\" content=\"200\" \/>\n\t<meta property=\"og:image:type\" content=\"image\/png\" \/>\n<meta name=\"twitter:card\" content=\"summary_large_image\" \/>\n<meta name=\"twitter:label1\" content=\"Dur\u00e9e de lecture estim\u00e9e\" \/>\n\t<meta name=\"twitter:data1\" content=\"4 minutes\" \/>\n<script type=\"application\/ld+json\" class=\"yoast-schema-graph\">{\"@context\":\"https:\/\/schema.org\",\"@graph\":[{\"@type\":\"WebPage\",\"@id\":\"https:\/\/www.monbailleur.fr\/offres-emploi\/poste\/chargee-relations-entreprises-h-f\",\"url\":\"https:\/\/www.monbailleur.fr\/offres-emploi\/poste\/chargee-relations-entreprises-h-f\",\"name\":\"Charg\u00e9(e) Relations Entreprises H\/F - Monbailleur.fr - Emploi\",\"isPartOf\":{\"@id\":\"https:\/\/www.monbailleur.fr\/offres-emploi\/#website\"},\"primaryImageOfPage\":{\"@id\":\"https:\/\/www.monbailleur.fr\/offres-emploi\/poste\/chargee-relations-entreprises-h-f#primaryimage\"},\"image\":{\"@id\":\"https:\/\/www.monbailleur.fr\/offres-emploi\/poste\/chargee-relations-entreprises-h-f#primaryimage\"},\"thumbnailUrl\":\"https:\/\/www.monbailleur.fr\/offres-emploi\/wp-content\/uploads\/2023\/06\/action-logement.png\",\"datePublished\":\"2026-08-13T06:00:29+00:00\",\"breadcrumb\":{\"@id\":\"https:\/\/www.monbailleur.fr\/offres-emploi\/poste\/chargee-relations-entreprises-h-f#breadcrumb\"},\"inLanguage\":\"fr-FR\",\"potentialAction\":[{\"@type\":\"ReadAction\",\"target\":[\"https:\/\/www.monbailleur.fr\/offres-emploi\/poste\/chargee-relations-entreprises-h-f\"]}]},{\"@type\":\"ImageObject\",\"inLanguage\":\"fr-FR\",\"@id\":\"https:\/\/www.monbailleur.fr\/offres-emploi\/poste\/chargee-relations-entreprises-h-f#primaryimage\",\"url\":\"https:\/\/www.monbailleur.fr\/offres-emploi\/wp-content\/uploads\/2023\/06\/action-logement.png\",\"contentUrl\":\"https:\/\/www.monbailleur.fr\/offres-emploi\/wp-content\/uploads\/2023\/06\/action-logement.png\",\"width\":175,\"height\":200},{\"@type\":\"BreadcrumbList\",\"@id\":\"https:\/\/www.monbailleur.fr\/offres-emploi\/poste\/chargee-relations-entreprises-h-f#breadcrumb\",\"itemListElement\":[{\"@type\":\"ListItem\",\"position\":1,\"name\":\"Accueil\",\"item\":\"https:\/\/www.monbailleur.fr\/offres-emploi\/\"},{\"@type\":\"ListItem\",\"position\":2,\"name\":\"offres d\u2019emploi\",\"item\":\"https:\/\/www.monbailleur.fr\/offres-emploi\/job-listings\"},{\"@type\":\"ListItem\",\"position\":3,\"name\":\"Charg\u00e9(e) Relations Entreprises H\/F\"}]},{\"@type\":\"WebSite\",\"@id\":\"https:\/\/www.monbailleur.fr\/offres-emploi\/#website\",\"url\":\"https:\/\/www.monbailleur.fr\/offres-emploi\/\",\"name\":\"Monbailleur.fr - Emploi\",\"description\":\"Les offres d&#039;emploi du logement social\",\"publisher\":{\"@id\":\"https:\/\/www.monbailleur.fr\/offres-emploi\/#organization\"},\"potentialAction\":[{\"@type\":\"SearchAction\",\"target\":{\"@type\":\"EntryPoint\",\"urlTemplate\":\"https:\/\/www.monbailleur.fr\/offres-emploi\/?s={search_term_string}\"},\"query-input\":{\"@type\":\"PropertyValueSpecification\",\"valueRequired\":true,\"valueName\":\"search_term_string\"}}],\"inLanguage\":\"fr-FR\"},{\"@type\":\"Organization\",\"@id\":\"https:\/\/www.monbailleur.fr\/offres-emploi\/#organization\",\"name\":\"Monbailleur.fr - Emploi\",\"url\":\"https:\/\/www.monbailleur.fr\/offres-emploi\/\",\"logo\":{\"@type\":\"ImageObject\",\"inLanguage\":\"fr-FR\",\"@id\":\"https:\/\/www.monbailleur.fr\/offres-emploi\/#\/schema\/logo\/image\/\",\"url\":\"https:\/\/www.monbailleur.fr\/offres-emploi\/wp-content\/uploads\/2023\/06\/MonBailleur-1200x675-1.png\",\"contentUrl\":\"https:\/\/www.monbailleur.fr\/offres-emploi\/wp-content\/uploads\/2023\/06\/MonBailleur-1200x675-1.png\",\"width\":1200,\"height\":675,\"caption\":\"Monbailleur.fr - Emploi\"},\"image\":{\"@id\":\"https:\/\/www.monbailleur.fr\/offres-emploi\/#\/schema\/logo\/image\/\"}}]}<\/script>\n<!-- \/ Yoast SEO Premium plugin. -->","yoast_head_json":{"title":"Charg\u00e9(e) Relations Entreprises H\/F - Monbailleur.fr - Emploi","robots":{"index":"noindex","follow":"follow"},"og_locale":"fr_FR","og_type":"article","og_title":"Charg\u00e9(e) Relations Entreprises H\/F","og_description":"L&rsquo;entreprise: Action Logement Groupe d\u00e9termine les orientations strat\u00e9giques du groupe Action Logement, les conditions d&#8217;emploi des ressources financi\u00e8res, et veille \u00e0 ce que les aides et les services soient distribu\u00e9s avec \u00e9quit\u00e9 entre les personnes \u00e9ligibles, dans tous les territoires. Description: Vouloir am\u00e9liorer le logement\u2026 ET LE FAIRE ! Rejoignez un Groupe qui agit concr\u00e8tement","og_url":"https:\/\/www.monbailleur.fr\/offres-emploi\/poste\/chargee-relations-entreprises-h-f","og_site_name":"Monbailleur.fr - Emploi","og_image":[{"width":175,"height":200,"url":"https:\/\/www.monbailleur.fr\/offres-emploi\/wp-content\/uploads\/2023\/06\/action-logement.png","type":"image\/png"}],"twitter_card":"summary_large_image","twitter_misc":{"Dur\u00e9e de lecture estim\u00e9e":"4 minutes"},"schema":{"@context":"https:\/\/schema.org","@graph":[{"@type":"WebPage","@id":"https:\/\/www.monbailleur.fr\/offres-emploi\/poste\/chargee-relations-entreprises-h-f","url":"https:\/\/www.monbailleur.fr\/offres-emploi\/poste\/chargee-relations-entreprises-h-f","name":"Charg\u00e9(e) Relations Entreprises H\/F - Monbailleur.fr - Emploi","isPartOf":{"@id":"https:\/\/www.monbailleur.fr\/offres-emploi\/#website"},"primaryImageOfPage":{"@id":"https:\/\/www.monbailleur.fr\/offres-emploi\/poste\/chargee-relations-entreprises-h-f#primaryimage"},"image":{"@id":"https:\/\/www.monbailleur.fr\/offres-emploi\/poste\/chargee-relations-entreprises-h-f#primaryimage"},"thumbnailUrl":"https:\/\/www.monbailleur.fr\/offres-emploi\/wp-content\/uploads\/2023\/06\/action-logement.png","datePublished":"2026-08-13T06:00:29+00:00","breadcrumb":{"@id":"https:\/\/www.monbailleur.fr\/offres-emploi\/poste\/chargee-relations-entreprises-h-f#breadcrumb"},"inLanguage":"fr-FR","potentialAction":[{"@type":"ReadAction","target":["https:\/\/www.monbailleur.fr\/offres-emploi\/poste\/chargee-relations-entreprises-h-f"]}]},{"@type":"ImageObject","inLanguage":"fr-FR","@id":"https:\/\/www.monbailleur.fr\/offres-emploi\/poste\/chargee-relations-entreprises-h-f#primaryimage","url":"https:\/\/www.monbailleur.fr\/offres-emploi\/wp-content\/uploads\/2023\/06\/action-logement.png","contentUrl":"https:\/\/www.monbailleur.fr\/offres-emploi\/wp-content\/uploads\/2023\/06\/action-logement.png","width":175,"height":200},{"@type":"BreadcrumbList","@id":"https:\/\/www.monbailleur.fr\/offres-emploi\/poste\/chargee-relations-entreprises-h-f#breadcrumb","itemListElement":[{"@type":"ListItem","position":1,"name":"Accueil","item":"https:\/\/www.monbailleur.fr\/offres-emploi\/"},{"@type":"ListItem","position":2,"name":"offres d\u2019emploi","item":"https:\/\/www.monbailleur.fr\/offres-emploi\/job-listings"},{"@type":"ListItem","position":3,"name":"Charg\u00e9(e) Relations Entreprises H\/F"}]},{"@type":"WebSite","@id":"https:\/\/www.monbailleur.fr\/offres-emploi\/#website","url":"https:\/\/www.monbailleur.fr\/offres-emploi\/","name":"Monbailleur.fr - Emploi","description":"Les offres d&#039;emploi du logement social","publisher":{"@id":"https:\/\/www.monbailleur.fr\/offres-emploi\/#organization"},"potentialAction":[{"@type":"SearchAction","target":{"@type":"EntryPoint","urlTemplate":"https:\/\/www.monbailleur.fr\/offres-emploi\/?s={search_term_string}"},"query-input":{"@type":"PropertyValueSpecification","valueRequired":true,"valueName":"search_term_string"}}],"inLanguage":"fr-FR"},{"@type":"Organization","@id":"https:\/\/www.monbailleur.fr\/offres-emploi\/#organization","name":"Monbailleur.fr - Emploi","url":"https:\/\/www.monbailleur.fr\/offres-emploi\/","logo":{"@type":"ImageObject","inLanguage":"fr-FR","@id":"https:\/\/www.monbailleur.fr\/offres-emploi\/#\/schema\/logo\/image\/","url":"https:\/\/www.monbailleur.fr\/offres-emploi\/wp-content\/uploads\/2023\/06\/MonBailleur-1200x675-1.png","contentUrl":"https:\/\/www.monbailleur.fr\/offres-emploi\/wp-content\/uploads\/2023\/06\/MonBailleur-1200x675-1.png","width":1200,"height":675,"caption":"Monbailleur.fr - Emploi"},"image":{"@id":"https:\/\/www.monbailleur.fr\/offres-emploi\/#\/schema\/logo\/image\/"}}]}},"_links":{"self":[{"href":"https:\/\/www.monbailleur.fr\/offres-emploi\/wp-json\/wp\/v2\/job-listings\/39169","targetHints":{"allow":["GET"]}}],"collection":[{"href":"https:\/\/www.monbailleur.fr\/offres-emploi\/wp-json\/wp\/v2\/job-listings"}],"about":[{"href":"https:\/\/www.monbailleur.fr\/offres-emploi\/wp-json\/wp\/v2\/types\/job_listing"}],"wp:featuredmedia":[{"embeddable":true,"href":"https:\/\/www.monbailleur.fr\/offres-emploi\/wp-json\/wp\/v2\/media\/3646"}],"wp:attachment":[{"href":"https:\/\/www.monbailleur.fr\/offres-emploi\/wp-json\/wp\/v2\/media?parent=39169"}],"wp:term":[{"taxonomy":"job_listing_category","embeddable":true,"href":"https:\/\/www.monbailleur.fr\/offres-emploi\/wp-json\/wp\/v2\/job-categories?post=39169"},{"taxonomy":"job_listing_type","embeddable":true,"href":"https:\/\/www.monbailleur.fr\/offres-emploi\/wp-json\/wp\/v2\/job-types?post=39169"}],"curies":[{"name":"wp","href":"https:\/\/api.w.org\/{rel}","templated":true}]}}