{"id":39199,"date":"2026-09-02T08:00:43","date_gmt":"2026-09-02T06:00:43","guid":{"rendered":"https:\/\/www.monbailleur.fr\/offres-emploi\/poste\/gestionnaire-dimmeuble-h-f"},"modified":"2026-09-02T08:00:43","modified_gmt":"2026-09-02T06:00:43","slug":"gestionnaire-dimmeuble-h-f","status":"publish","type":"job_listing","link":"https:\/\/www.monbailleur.fr\/offres-emploi\/poste\/gestionnaire-dimmeuble-h-f","title":{"rendered":"GESTIONNAIRE D&rsquo;IMMEUBLE H\/F"},"content":{"rendered":"<h2>L&rsquo;entreprise:<\/h2>\n<\/p>\n<p>La Soci\u00e9t\u00e9 Anonyme d&rsquo;HLM du Cotentin, fond\u00e9e en 1920, g\u00e8re un patrimoine de plus de 6000 logements sur le d\u00e9partement de la Manche et d\u00e9veloppe des services envers ses clients locataires et ses partenaires que sont les \u00e9lus locaux.<\/p>\n<p>Notre souhait de participer \u00e0 la r\u00e9alisation de la diversit\u00e9 urbaine et de favoriser la vitalit\u00e9 des liens sociaux dynamiques nous permet de nous positionner en sp\u00e9cialistes de l&rsquo;Habitat Social et de la Ville dans toutes leurs dimensions :<\/p>\n<p>Construction de logements locatifs et en accession \u00e0 la propri\u00e9t\u00e9<\/p>\n<p>Gestion et am\u00e9lioration de logements sociaux destin\u00e9s \u00e0 la location<\/p>\n<p>Am\u00e9nagement et d\u00e9veloppement urbain<\/p>\n<p>D\u00e9finition, montage et r\u00e9alisation de projets initi\u00e9s par des collectivit\u00e9s locales.<\/p>\n<h2>Description:<\/h2>\n<\/p>\n<p><strong>Au sein du Service Gestion Locative de la soci\u00e9t\u00e9, vous \u00eates le lien entre la soci\u00e9t\u00e9 et le locataire, vous veillez \u00e0 la coh\u00e9rence et \u00e0 la qualit\u00e9 du service rendu aux locataires.<\/strong><\/p>\n<p>Vous avez pour mission de :<br \/><strong>&#8211; Sur une r\u00e9sidence sp\u00e9cifique, contribuer \u00e0 la lutte contre la vacance et les impay\u00e9s en organisant les visites d\u2019appartements, en r\u00e9alisant les \u00e9tats des lieux, en encaissant les loyers\u2026<\/strong><\/p>\n<p>-S&rsquo;assurer du bon \u00e9tat de fonctionnement et de propret\u00e9 du logement. R\u00e9aliser le nettoyage de la chambre.<br \/>-Informer les locataires des modalit\u00e9s \u00e0 l\u2019entr\u00e9e dans les lieux. <br \/>-R\u00e9aliser les constats EDL sur place au moyen d\u2019une tablette informatique et g\u00e9rer les documents correspondants. <br \/>-Remettre au locataire les cl\u00e9s apr\u00e8s signature du bail (et documents).<br \/>-Assurer le suivi des travaux de remise en \u00e9tat et participer \u00e0 l\u2019optimisation du processus de relocation<br \/>-Assurer le suivi des visites de contr\u00f4les de conformit\u00e9s \u00e9lectriques \u00e0 chaque entr\u00e9e de locataire.<br \/>-Assurer une relance physique aupr\u00e8s des locataires (retards de loyers etc\u2026)<\/p>\n<p><strong>\u00catre l\u2019Interlocuteur privil\u00e9gi\u00e9 des locataires et le garant d\u2019une relation client de qualit\u00e9.<\/strong><br \/>-Veiller au respect du r\u00e8glement int\u00e9rieur, au bien-\u00eatre des locataires et \u00e0 la qualit\u00e9 de vie au sein des r\u00e9sidences.<br \/>-Assurer aupr\u00e8s des locataires la gestion du service de laverie<br \/>-Rep\u00e9rer et lister les besoins en mat\u00e9riel et formuler la demande par \u00e9crit aupr\u00e8s du responsable de la GL.<br \/>-Assurer et organiser la maintenance et\/ou le remplacement du mobilier des logements. <br \/>-Assurer l\u2019ensemble des menues r\u00e9parations dans les chambres et les parties communes de la r\u00e9sidence <br \/>-Consulter le compte-rendu des interventions de l\u2019agent de s\u00e9curit\u00e9 charg\u00e9 de la surveillance nocturne de la r\u00e9sidence, rendre compte au Responsable de la Gestion Locative et prendre les dispositions qui s\u2019imposent.<br \/>-Assurer la M\u00e9diation aupr\u00e8s des Locataires, g\u00e9rer les conflits et les incivilit\u00e9s, r\u00e9diger et transmettre un rapport circonstanci\u00e9 \u00e0 la Charg\u00e9e de Gestion Locative.<\/p>\n<p><strong>&#8211; Sur un groupe d\u2019immeubles d\u00e9finis, vous avez pour mission:<\/strong><br \/>-V\u00e9rifier la propret\u00e9 des parties communes et des abords de la r\u00e9sidence et le traitement des ordures m\u00e9nag\u00e8res<br \/>-Pr\u00e9parer et contr\u00f4ler l\u2019enl\u00e8vement des encombrants<br \/>-Assurer l\u2019entretien courant des parties communes et recenser les besoins d\u2019intervention.<br \/>-Contr\u00f4ler le fonctionnement des installations et des \u00e9quipements<br \/> Assurer les menues r\u00e9parations <br \/>-D\u00e9clencher et assurer le suivi des interventions des entreprises<br \/>-Effectuer l\u2019affichage n\u00e9cessaire.<\/p>\n<p>MISSIONS COMPLEMENTAIRES<\/p>\n<p>-Saisir dans Ulis, les diagnostics techniques re\u00e7us dans le cadre de la remise en \u00e9tat des logements.<br \/>-Faire visiter les logements vacants apr\u00e8s attribution. <br \/>-Assurer, si besoin, les Etats des Lieux entrants et sortants sur l\u2019ensemble du patrimoine.<br \/>-Assurer des remplacements au poste d&rsquo;accueil du si\u00e8ge social.<\/p>\n<p>-Participer au traitement de l&rsquo;enqu\u00eate annuelle SLS<\/p>\n<p>-Participer \u00e0 la mise \u00e0 jour des proc\u00e9dures internes.<\/p>\n<h2>Profil:<\/h2>\n<\/p>\n<p> BAC \/ BAC +2 dans le domaine de la maintenance technique ou de l\u2019immobilier, ou exp\u00e9rience similaire d\u2019au moins 2 ans.<\/p>\n<p>SAVOIR-FAIRE<\/p>\n<p> R\u00e9pondre aux sollicitations des locataires<\/p>\n<p> Veille du patrimoine<\/p>\n<p> Surveillance et maintenance technique des installations<\/p>\n<p> Suivi des interventions des entreprises.<\/p>\n<p> Polyvalence<\/p>\n<p> R\u00e9alisation des \u00e9tats des lieux.<\/p>\n<p> Connaissances juridiques relatives au rapport entre le bailleur et le locataire Bureautique<\/p>\n<\/p>\n<p>SAVOIR-ETRE<\/p>\n<p> Aptitudes relationnelles. <\/p>\n<p> Rigueur<\/p>\n<p> Organisation<\/p>\n<p> Ecoute \/ Diplomatie<\/p>\n<h3>Niveau de dipl\u00f4me:<\/h3>\n<p> Niveau IV &#8211; Bac (g\u00e9n\u00e9ral, technologique ou professionnel), au Brevet de technicien (BT) ou au Brevet<\/p>\n<h3>Temps de travail<\/h3>\n<p>Temps plein <\/p>\n<h3> Organisme <\/h3>\n<p> <span id=\"ctl00_ctl00_AspMainContent_MainContent_MasterPageSettingsView_ctl03_ctl01_fldEntityDescriptionFormat_lblContentText\"><span id=\"ctl00_MainContent_DescriptionEntityEdit_SubForm1_ctl01_Field1_ctl00_lblEntityFormat\">SA HLM DU COTENTIN <\/span><br \/><\/span><\/p>\n","protected":false},"author":0,"featured_media":5636,"template":"","meta":{"_promoted":"","_job_location":"France, Normandie, Manche (50) 17 rue Guillaume Fouace 50100 CHERBOURG EN COTENTIN\u00b2","_application":"https:\/\/les-hlm-recrutent.talent-soft.com\/offre-de-emploi\/emploi-gestionnaire-d-immeuble-h-f_70348.aspx?utm_source=monbailleur.fr","_company_name":"SA HLM DU COTENTIN","_company_website":"","_company_tagline":"","_company_twitter":"","_company_video":"","_filled":0,"_featured":0,"_remote_position":0,"_job_salary":"","_job_salary_currency":"","_job_salary_unit":""},"job-categories":[78],"job-types":[63],"class_list":["post-39199","job_listing","type-job_listing","status-publish","has-post-thumbnail","hentry","job_listing_category-autres","job_listing_type-cdi","job-type-cdi"],"yoast_head":"<!-- This site is optimized with the Yoast SEO Premium plugin v22.4 (Yoast SEO v25.1) - https:\/\/yoast.com\/wordpress\/plugins\/seo\/ -->\n<title>GESTIONNAIRE D&#039;IMMEUBLE H\/F - Monbailleur.fr - Emploi<\/title>\n<meta name=\"robots\" content=\"noindex, follow\" \/>\n<meta property=\"og:locale\" content=\"fr_FR\" \/>\n<meta property=\"og:type\" content=\"article\" \/>\n<meta property=\"og:title\" content=\"GESTIONNAIRE D&#039;IMMEUBLE H\/F\" \/>\n<meta property=\"og:description\" content=\"L&rsquo;entreprise: La Soci\u00e9t\u00e9 Anonyme d&rsquo;HLM du Cotentin, fond\u00e9e en 1920, g\u00e8re un patrimoine de plus de 6000 logements sur le d\u00e9partement de la Manche et d\u00e9veloppe des services envers ses clients locataires et ses partenaires que sont les \u00e9lus locaux. Notre souhait de participer \u00e0 la r\u00e9alisation de la diversit\u00e9 urbaine et de favoriser la\" \/>\n<meta property=\"og:url\" content=\"https:\/\/www.monbailleur.fr\/offres-emploi\/poste\/gestionnaire-dimmeuble-h-f\" \/>\n<meta property=\"og:site_name\" content=\"Monbailleur.fr - Emploi\" \/>\n<meta property=\"og:image\" content=\"https:\/\/www.monbailleur.fr\/offres-emploi\/wp-content\/uploads\/2023\/06\/mon_bailleur_emploi_placeholder.png\" \/>\n\t<meta property=\"og:image:width\" content=\"512\" \/>\n\t<meta property=\"og:image:height\" content=\"512\" \/>\n\t<meta property=\"og:image:type\" content=\"image\/png\" \/>\n<meta name=\"twitter:card\" content=\"summary_large_image\" \/>\n<meta name=\"twitter:label1\" content=\"Dur\u00e9e de lecture estim\u00e9e\" \/>\n\t<meta name=\"twitter:data1\" content=\"4 minutes\" \/>\n<script type=\"application\/ld+json\" class=\"yoast-schema-graph\">{\"@context\":\"https:\/\/schema.org\",\"@graph\":[{\"@type\":\"WebPage\",\"@id\":\"https:\/\/www.monbailleur.fr\/offres-emploi\/poste\/gestionnaire-dimmeuble-h-f\",\"url\":\"https:\/\/www.monbailleur.fr\/offres-emploi\/poste\/gestionnaire-dimmeuble-h-f\",\"name\":\"GESTIONNAIRE D'IMMEUBLE H\/F - Monbailleur.fr - Emploi\",\"isPartOf\":{\"@id\":\"https:\/\/www.monbailleur.fr\/offres-emploi\/#website\"},\"primaryImageOfPage\":{\"@id\":\"https:\/\/www.monbailleur.fr\/offres-emploi\/poste\/gestionnaire-dimmeuble-h-f#primaryimage\"},\"image\":{\"@id\":\"https:\/\/www.monbailleur.fr\/offres-emploi\/poste\/gestionnaire-dimmeuble-h-f#primaryimage\"},\"thumbnailUrl\":\"https:\/\/www.monbailleur.fr\/offres-emploi\/wp-content\/uploads\/2023\/06\/mon_bailleur_emploi_placeholder.png\",\"datePublished\":\"2026-09-02T06:00:43+00:00\",\"breadcrumb\":{\"@id\":\"https:\/\/www.monbailleur.fr\/offres-emploi\/poste\/gestionnaire-dimmeuble-h-f#breadcrumb\"},\"inLanguage\":\"fr-FR\",\"potentialAction\":[{\"@type\":\"ReadAction\",\"target\":[\"https:\/\/www.monbailleur.fr\/offres-emploi\/poste\/gestionnaire-dimmeuble-h-f\"]}]},{\"@type\":\"ImageObject\",\"inLanguage\":\"fr-FR\",\"@id\":\"https:\/\/www.monbailleur.fr\/offres-emploi\/poste\/gestionnaire-dimmeuble-h-f#primaryimage\",\"url\":\"https:\/\/www.monbailleur.fr\/offres-emploi\/wp-content\/uploads\/2023\/06\/mon_bailleur_emploi_placeholder.png\",\"contentUrl\":\"https:\/\/www.monbailleur.fr\/offres-emploi\/wp-content\/uploads\/2023\/06\/mon_bailleur_emploi_placeholder.png\",\"width\":512,\"height\":512},{\"@type\":\"BreadcrumbList\",\"@id\":\"https:\/\/www.monbailleur.fr\/offres-emploi\/poste\/gestionnaire-dimmeuble-h-f#breadcrumb\",\"itemListElement\":[{\"@type\":\"ListItem\",\"position\":1,\"name\":\"Accueil\",\"item\":\"https:\/\/www.monbailleur.fr\/offres-emploi\/\"},{\"@type\":\"ListItem\",\"position\":2,\"name\":\"offres d\u2019emploi\",\"item\":\"https:\/\/www.monbailleur.fr\/offres-emploi\/job-listings\"},{\"@type\":\"ListItem\",\"position\":3,\"name\":\"GESTIONNAIRE D&rsquo;IMMEUBLE H\/F\"}]},{\"@type\":\"WebSite\",\"@id\":\"https:\/\/www.monbailleur.fr\/offres-emploi\/#website\",\"url\":\"https:\/\/www.monbailleur.fr\/offres-emploi\/\",\"name\":\"Monbailleur.fr - Emploi\",\"description\":\"Les offres d&#039;emploi du logement social\",\"publisher\":{\"@id\":\"https:\/\/www.monbailleur.fr\/offres-emploi\/#organization\"},\"potentialAction\":[{\"@type\":\"SearchAction\",\"target\":{\"@type\":\"EntryPoint\",\"urlTemplate\":\"https:\/\/www.monbailleur.fr\/offres-emploi\/?s={search_term_string}\"},\"query-input\":{\"@type\":\"PropertyValueSpecification\",\"valueRequired\":true,\"valueName\":\"search_term_string\"}}],\"inLanguage\":\"fr-FR\"},{\"@type\":\"Organization\",\"@id\":\"https:\/\/www.monbailleur.fr\/offres-emploi\/#organization\",\"name\":\"Monbailleur.fr - Emploi\",\"url\":\"https:\/\/www.monbailleur.fr\/offres-emploi\/\",\"logo\":{\"@type\":\"ImageObject\",\"inLanguage\":\"fr-FR\",\"@id\":\"https:\/\/www.monbailleur.fr\/offres-emploi\/#\/schema\/logo\/image\/\",\"url\":\"https:\/\/www.monbailleur.fr\/offres-emploi\/wp-content\/uploads\/2023\/06\/MonBailleur-1200x675-1.png\",\"contentUrl\":\"https:\/\/www.monbailleur.fr\/offres-emploi\/wp-content\/uploads\/2023\/06\/MonBailleur-1200x675-1.png\",\"width\":1200,\"height\":675,\"caption\":\"Monbailleur.fr - Emploi\"},\"image\":{\"@id\":\"https:\/\/www.monbailleur.fr\/offres-emploi\/#\/schema\/logo\/image\/\"}}]}<\/script>\n<!-- \/ Yoast SEO Premium plugin. -->","yoast_head_json":{"title":"GESTIONNAIRE D'IMMEUBLE H\/F - Monbailleur.fr - Emploi","robots":{"index":"noindex","follow":"follow"},"og_locale":"fr_FR","og_type":"article","og_title":"GESTIONNAIRE D'IMMEUBLE H\/F","og_description":"L&rsquo;entreprise: La Soci\u00e9t\u00e9 Anonyme d&rsquo;HLM du Cotentin, fond\u00e9e en 1920, g\u00e8re un patrimoine de plus de 6000 logements sur le d\u00e9partement de la Manche et d\u00e9veloppe des services envers ses clients locataires et ses partenaires que sont les \u00e9lus locaux. Notre souhait de participer \u00e0 la r\u00e9alisation de la diversit\u00e9 urbaine et de favoriser la","og_url":"https:\/\/www.monbailleur.fr\/offres-emploi\/poste\/gestionnaire-dimmeuble-h-f","og_site_name":"Monbailleur.fr - Emploi","og_image":[{"width":512,"height":512,"url":"https:\/\/www.monbailleur.fr\/offres-emploi\/wp-content\/uploads\/2023\/06\/mon_bailleur_emploi_placeholder.png","type":"image\/png"}],"twitter_card":"summary_large_image","twitter_misc":{"Dur\u00e9e de lecture estim\u00e9e":"4 minutes"},"schema":{"@context":"https:\/\/schema.org","@graph":[{"@type":"WebPage","@id":"https:\/\/www.monbailleur.fr\/offres-emploi\/poste\/gestionnaire-dimmeuble-h-f","url":"https:\/\/www.monbailleur.fr\/offres-emploi\/poste\/gestionnaire-dimmeuble-h-f","name":"GESTIONNAIRE D'IMMEUBLE H\/F - Monbailleur.fr - Emploi","isPartOf":{"@id":"https:\/\/www.monbailleur.fr\/offres-emploi\/#website"},"primaryImageOfPage":{"@id":"https:\/\/www.monbailleur.fr\/offres-emploi\/poste\/gestionnaire-dimmeuble-h-f#primaryimage"},"image":{"@id":"https:\/\/www.monbailleur.fr\/offres-emploi\/poste\/gestionnaire-dimmeuble-h-f#primaryimage"},"thumbnailUrl":"https:\/\/www.monbailleur.fr\/offres-emploi\/wp-content\/uploads\/2023\/06\/mon_bailleur_emploi_placeholder.png","datePublished":"2026-09-02T06:00:43+00:00","breadcrumb":{"@id":"https:\/\/www.monbailleur.fr\/offres-emploi\/poste\/gestionnaire-dimmeuble-h-f#breadcrumb"},"inLanguage":"fr-FR","potentialAction":[{"@type":"ReadAction","target":["https:\/\/www.monbailleur.fr\/offres-emploi\/poste\/gestionnaire-dimmeuble-h-f"]}]},{"@type":"ImageObject","inLanguage":"fr-FR","@id":"https:\/\/www.monbailleur.fr\/offres-emploi\/poste\/gestionnaire-dimmeuble-h-f#primaryimage","url":"https:\/\/www.monbailleur.fr\/offres-emploi\/wp-content\/uploads\/2023\/06\/mon_bailleur_emploi_placeholder.png","contentUrl":"https:\/\/www.monbailleur.fr\/offres-emploi\/wp-content\/uploads\/2023\/06\/mon_bailleur_emploi_placeholder.png","width":512,"height":512},{"@type":"BreadcrumbList","@id":"https:\/\/www.monbailleur.fr\/offres-emploi\/poste\/gestionnaire-dimmeuble-h-f#breadcrumb","itemListElement":[{"@type":"ListItem","position":1,"name":"Accueil","item":"https:\/\/www.monbailleur.fr\/offres-emploi\/"},{"@type":"ListItem","position":2,"name":"offres d\u2019emploi","item":"https:\/\/www.monbailleur.fr\/offres-emploi\/job-listings"},{"@type":"ListItem","position":3,"name":"GESTIONNAIRE D&rsquo;IMMEUBLE H\/F"}]},{"@type":"WebSite","@id":"https:\/\/www.monbailleur.fr\/offres-emploi\/#website","url":"https:\/\/www.monbailleur.fr\/offres-emploi\/","name":"Monbailleur.fr - Emploi","description":"Les offres d&#039;emploi du logement social","publisher":{"@id":"https:\/\/www.monbailleur.fr\/offres-emploi\/#organization"},"potentialAction":[{"@type":"SearchAction","target":{"@type":"EntryPoint","urlTemplate":"https:\/\/www.monbailleur.fr\/offres-emploi\/?s={search_term_string}"},"query-input":{"@type":"PropertyValueSpecification","valueRequired":true,"valueName":"search_term_string"}}],"inLanguage":"fr-FR"},{"@type":"Organization","@id":"https:\/\/www.monbailleur.fr\/offres-emploi\/#organization","name":"Monbailleur.fr - Emploi","url":"https:\/\/www.monbailleur.fr\/offres-emploi\/","logo":{"@type":"ImageObject","inLanguage":"fr-FR","@id":"https:\/\/www.monbailleur.fr\/offres-emploi\/#\/schema\/logo\/image\/","url":"https:\/\/www.monbailleur.fr\/offres-emploi\/wp-content\/uploads\/2023\/06\/MonBailleur-1200x675-1.png","contentUrl":"https:\/\/www.monbailleur.fr\/offres-emploi\/wp-content\/uploads\/2023\/06\/MonBailleur-1200x675-1.png","width":1200,"height":675,"caption":"Monbailleur.fr - Emploi"},"image":{"@id":"https:\/\/www.monbailleur.fr\/offres-emploi\/#\/schema\/logo\/image\/"}}]}},"_links":{"self":[{"href":"https:\/\/www.monbailleur.fr\/offres-emploi\/wp-json\/wp\/v2\/job-listings\/39199","targetHints":{"allow":["GET"]}}],"collection":[{"href":"https:\/\/www.monbailleur.fr\/offres-emploi\/wp-json\/wp\/v2\/job-listings"}],"about":[{"href":"https:\/\/www.monbailleur.fr\/offres-emploi\/wp-json\/wp\/v2\/types\/job_listing"}],"wp:featuredmedia":[{"embeddable":true,"href":"https:\/\/www.monbailleur.fr\/offres-emploi\/wp-json\/wp\/v2\/media\/5636"}],"wp:attachment":[{"href":"https:\/\/www.monbailleur.fr\/offres-emploi\/wp-json\/wp\/v2\/media?parent=39199"}],"wp:term":[{"taxonomy":"job_listing_category","embeddable":true,"href":"https:\/\/www.monbailleur.fr\/offres-emploi\/wp-json\/wp\/v2\/job-categories?post=39199"},{"taxonomy":"job_listing_type","embeddable":true,"href":"https:\/\/www.monbailleur.fr\/offres-emploi\/wp-json\/wp\/v2\/job-types?post=39199"}],"curies":[{"name":"wp","href":"https:\/\/api.w.org\/{rel}","templated":true}]}}