{"id":39216,"date":"2026-08-18T08:00:26","date_gmt":"2026-08-18T06:00:26","guid":{"rendered":"https:\/\/www.monbailleur.fr\/offres-emploi\/poste\/responsable-dagence-adjointe-h-f"},"modified":"2026-08-18T08:00:26","modified_gmt":"2026-08-18T06:00:26","slug":"responsable-dagence-adjointe-h-f","status":"publish","type":"job_listing","link":"https:\/\/www.monbailleur.fr\/offres-emploi\/poste\/responsable-dagence-adjointe-h-f","title":{"rendered":"Responsable d&rsquo;Agence Adjoint(e) H\/F"},"content":{"rendered":"<h2>L&rsquo;entreprise:<\/h2>\n<p>Action Logement Groupe d\u00e9termine les orientations strat\u00e9giques du groupe Action Logement, les conditions d&#8217;emploi des ressources financi\u00e8res, et veille \u00e0 ce que les aides et les services soient distribu\u00e9s avec \u00e9quit\u00e9 entre les personnes \u00e9ligibles, dans tous les territoires.<\/p>\n<h2>Description:<\/h2>\n<\/p>\n<p style=\"text-align: justify\">Habellis, filiale du groupe Action Logement Immobilier, est un <strong>acteur majeur du secteur de l\u2019immobilier en Bourgogne depuis plus de 100 ans<\/strong>, qui compte plus de 200 salari\u00e9s et r\u00e9alise un chiffre d\u2019affaires de 115 millions d\u2019euros. Vous partagez notre <strong>dynamisme<\/strong> et avez envie de vous investir dans une soci\u00e9t\u00e9 en <strong>pleine expansion<\/strong&gt; ; rejoignez la Direction Client\u00e8le Locative, Patrimoine et Territoires et l\u2019agence C\u00f4te d\u2019Or au sein d\u2019une \u00e9quipe d\u2019une quinzaine de personnes.<\/p>\n<p style=\"text-align: justify\"><iframe src=\"\/\/www.youtube.com\/embed\/QFczCly81A8\" width=\"560\" height=\"314\" allowfullscreen=\"allowfullscreen\"><\/iframe><\/p>\n<p style=\"text-align: justify\"><em><strong>Vos missions<\/strong><\/em><\/p>\n<ul style=\"text-align: justify\">\n<li>Envie de vous sentir utile au sein d\u2019une entreprise sociale de l\u2019habitat ?<\/li>\n<li>Vous voulez contribuer activement \u00e0 la qualit\u00e9 de service de nos locataires ?<\/li>\n<li>Votre sens du relationnel et votre curiosit\u00e9 sont reconnus dans vos derni\u00e8res exp\u00e9riences ?<\/li>\n<\/ul>\n<p style=\"text-align: justify\"><strong>Vous \u00eates peut-\u00eatre notre futur.e Responsable d\u2019agence adjoint.e!<\/strong><\/p>\n<p style=\"text-align: justify\">En tant que Responsable d\u2019agence adjoint.e au sein d\u2019Habellis, vous \u00eates le v\u00e9ritable bras droit du Responsable d&rsquo;agence. Ainsi vous l&rsquo;accompagnerez au quotidien dans le pilotage de l\u2019activit\u00e9 locative gr\u00e2ce \u00e0 votre sens de <br \/>l&rsquo;organisation et de la coh\u00e9sion ainsi que par votre expertise en gestion locative sociale. Vos missions sont donc les suivantes :<\/p>\n<ul>\n<li style=\"text-align: justify\">G\u00e9rer coordination g\u00e9n\u00e9rale de l&rsquo;agence et la repr\u00e9sentation de la soci\u00e9t\u00e9 ;<\/li>\n<li style=\"text-align: justify\">G\u00e9rer les situations d&rsquo;urgence et exceptionnelles (sinistres, permanence centrale) ;<\/li>\n<li style=\"text-align: justify\">G\u00e9rer les moyens financiers de l&rsquo;agence, contr\u00f4ler l&rsquo;utilisation des budgets et leur r\u00e9alisation ;<\/li>\n<li style=\"text-align: justify\">R\u00e9ceptionner les programmes neufs ;<\/li>\n<li style=\"text-align: justify\">Suivre les objectifs et contr\u00f4ler l&rsquo;activit\u00e9 dans le respect des proc\u00e9dures internes ;<\/li>\n<li style=\"text-align: justify\">Construire et entretenir une relation de qualit\u00e9 avec les partenaires (collectivit\u00e9s, partenaires sociaux et associations diverses) en vue de valoriser l&rsquo;image de la soci\u00e9t\u00e9 ;<\/li>\n<li style=\"text-align: justify\">Participer aux r\u00e9unions avec les associations de locataires (comit\u00e9s locaux de concertation) ;<\/li>\n<li style=\"text-align: justify\">Participer \u00e0 l&rsquo;int\u00e9gration et \u00e0 l&rsquo;accompagnement des nouveaux collaborateurs de l&rsquo;agence : prise en main du logiciel (IKOS), accompagnement sur le terrain ;<\/li>\n<li style=\"text-align: justify\">Contribuer aux projets informatiques structurant l\u2019activit\u00e9 de la gestion locative.<\/li>\n<\/ul>\n<h2>Profil:<\/h2>\n<\/p>\n<p style=\"text-align: justify\">Vous connaissez le <strong>secteur du logement social et vous avez une exp\u00e9rience r\u00e9ussie en coordination d\u2019\u00e9quipe de 2 ans minimum. Vous avez une fibre commerciale et disposez de connaissances techniques en entretien <\/strong><br \/><strong>courant d\u2019un logement<\/strong>.<\/p>\n<p style=\"text-align: justify\">D\u00f4t\u00e9.e d\u2019un sens relationnel, vous \u00eates \u00e0 l\u2019aise avec l\u2019outils informatique et les chiffres (gestion budg\u00e9taire, reporting). Diplomate, autonome, r\u00e9actif.ve et motiv\u00e9.e, vous savez relayer l\u2019information aupr\u00e8s des services internes et des interlocuteurs externes. <span style=\"text-decoration: underline\">Des d\u00e9placements sont \u00e0 pr\u00e9voir<\/span>.<\/p>\n<h3>Niveau de dipl\u00f4me:<\/h3>\n<p> BAC + 2 (BTS, DUT, DEUG, etc)<\/p>\n<h3>Sp\u00e9cialisations:<\/h3>\n<p>Autre fili\u00e8re<\/p>\n","protected":false},"author":0,"featured_media":3646,"template":"","meta":{"_promoted":"","_job_location":"France, Bourgogne-Franche-Comt\u00e9, 21 - Cote d'Or 28 Boulevard Georges Cl\u00e9menceau - 21000 DIJON","_application":"https:\/\/actionlogement-recrute.talent-soft.com\/offre-de-emploi\/emploi-responsable-d-agence-adjoint-e-h-f_17935.aspx?utm_source=monbailleur.fr","_company_name":"Action Logement","_company_website":"https:\/\/actionlogement-recrute.talent-soft.com\/","_company_tagline":"","_company_twitter":"","_company_video":"","_filled":0,"_featured":0,"_remote_position":0,"_job_salary":"","_job_salary_currency":"","_job_salary_unit":""},"job-categories":[78],"job-types":[52],"class_list":["post-39216","job_listing","type-job_listing","status-publish","has-post-thumbnail","hentry","job_listing_category-autres","job_listing_type-cdd","job-type-cdd"],"yoast_head":"<!-- This site is optimized with the Yoast SEO Premium plugin v22.4 (Yoast SEO v25.1) - https:\/\/yoast.com\/wordpress\/plugins\/seo\/ -->\n<title>Responsable d&#039;Agence Adjoint(e) H\/F - Monbailleur.fr - Emploi<\/title>\n<meta name=\"robots\" content=\"noindex, follow\" \/>\n<meta property=\"og:locale\" content=\"fr_FR\" \/>\n<meta property=\"og:type\" content=\"article\" \/>\n<meta property=\"og:title\" content=\"Responsable d&#039;Agence Adjoint(e) H\/F\" \/>\n<meta property=\"og:description\" content=\"L&rsquo;entreprise: Action Logement Groupe d\u00e9termine les orientations strat\u00e9giques du groupe Action Logement, les conditions d&#8217;emploi des ressources financi\u00e8res, et veille \u00e0 ce que les aides et les services soient distribu\u00e9s avec \u00e9quit\u00e9 entre les personnes \u00e9ligibles, dans tous les territoires. Description: Habellis, filiale du groupe Action Logement Immobilier, est un acteur majeur du secteur de\" \/>\n<meta property=\"og:url\" content=\"https:\/\/www.monbailleur.fr\/offres-emploi\/poste\/responsable-dagence-adjointe-h-f\" \/>\n<meta property=\"og:site_name\" content=\"Monbailleur.fr - Emploi\" \/>\n<meta property=\"og:image\" content=\"https:\/\/www.monbailleur.fr\/offres-emploi\/wp-content\/uploads\/2023\/06\/action-logement.png\" \/>\n\t<meta property=\"og:image:width\" content=\"175\" \/>\n\t<meta property=\"og:image:height\" content=\"200\" \/>\n\t<meta property=\"og:image:type\" content=\"image\/png\" \/>\n<meta name=\"twitter:card\" content=\"summary_large_image\" \/>\n<meta name=\"twitter:label1\" content=\"Dur\u00e9e de lecture estim\u00e9e\" \/>\n\t<meta name=\"twitter:data1\" content=\"1 minute\" \/>\n<script type=\"application\/ld+json\" class=\"yoast-schema-graph\">{\"@context\":\"https:\/\/schema.org\",\"@graph\":[{\"@type\":\"WebPage\",\"@id\":\"https:\/\/www.monbailleur.fr\/offres-emploi\/poste\/responsable-dagence-adjointe-h-f\",\"url\":\"https:\/\/www.monbailleur.fr\/offres-emploi\/poste\/responsable-dagence-adjointe-h-f\",\"name\":\"Responsable d'Agence Adjoint(e) H\/F - Monbailleur.fr - Emploi\",\"isPartOf\":{\"@id\":\"https:\/\/www.monbailleur.fr\/offres-emploi\/#website\"},\"primaryImageOfPage\":{\"@id\":\"https:\/\/www.monbailleur.fr\/offres-emploi\/poste\/responsable-dagence-adjointe-h-f#primaryimage\"},\"image\":{\"@id\":\"https:\/\/www.monbailleur.fr\/offres-emploi\/poste\/responsable-dagence-adjointe-h-f#primaryimage\"},\"thumbnailUrl\":\"https:\/\/www.monbailleur.fr\/offres-emploi\/wp-content\/uploads\/2023\/06\/action-logement.png\",\"datePublished\":\"2026-08-18T06:00:26+00:00\",\"breadcrumb\":{\"@id\":\"https:\/\/www.monbailleur.fr\/offres-emploi\/poste\/responsable-dagence-adjointe-h-f#breadcrumb\"},\"inLanguage\":\"fr-FR\",\"potentialAction\":[{\"@type\":\"ReadAction\",\"target\":[\"https:\/\/www.monbailleur.fr\/offres-emploi\/poste\/responsable-dagence-adjointe-h-f\"]}]},{\"@type\":\"ImageObject\",\"inLanguage\":\"fr-FR\",\"@id\":\"https:\/\/www.monbailleur.fr\/offres-emploi\/poste\/responsable-dagence-adjointe-h-f#primaryimage\",\"url\":\"https:\/\/www.monbailleur.fr\/offres-emploi\/wp-content\/uploads\/2023\/06\/action-logement.png\",\"contentUrl\":\"https:\/\/www.monbailleur.fr\/offres-emploi\/wp-content\/uploads\/2023\/06\/action-logement.png\",\"width\":175,\"height\":200},{\"@type\":\"BreadcrumbList\",\"@id\":\"https:\/\/www.monbailleur.fr\/offres-emploi\/poste\/responsable-dagence-adjointe-h-f#breadcrumb\",\"itemListElement\":[{\"@type\":\"ListItem\",\"position\":1,\"name\":\"Accueil\",\"item\":\"https:\/\/www.monbailleur.fr\/offres-emploi\/\"},{\"@type\":\"ListItem\",\"position\":2,\"name\":\"offres d\u2019emploi\",\"item\":\"https:\/\/www.monbailleur.fr\/offres-emploi\/job-listings\"},{\"@type\":\"ListItem\",\"position\":3,\"name\":\"Responsable d&rsquo;Agence Adjoint(e) H\/F\"}]},{\"@type\":\"WebSite\",\"@id\":\"https:\/\/www.monbailleur.fr\/offres-emploi\/#website\",\"url\":\"https:\/\/www.monbailleur.fr\/offres-emploi\/\",\"name\":\"Monbailleur.fr - Emploi\",\"description\":\"Les offres d&#039;emploi du logement social\",\"publisher\":{\"@id\":\"https:\/\/www.monbailleur.fr\/offres-emploi\/#organization\"},\"potentialAction\":[{\"@type\":\"SearchAction\",\"target\":{\"@type\":\"EntryPoint\",\"urlTemplate\":\"https:\/\/www.monbailleur.fr\/offres-emploi\/?s={search_term_string}\"},\"query-input\":{\"@type\":\"PropertyValueSpecification\",\"valueRequired\":true,\"valueName\":\"search_term_string\"}}],\"inLanguage\":\"fr-FR\"},{\"@type\":\"Organization\",\"@id\":\"https:\/\/www.monbailleur.fr\/offres-emploi\/#organization\",\"name\":\"Monbailleur.fr - Emploi\",\"url\":\"https:\/\/www.monbailleur.fr\/offres-emploi\/\",\"logo\":{\"@type\":\"ImageObject\",\"inLanguage\":\"fr-FR\",\"@id\":\"https:\/\/www.monbailleur.fr\/offres-emploi\/#\/schema\/logo\/image\/\",\"url\":\"https:\/\/www.monbailleur.fr\/offres-emploi\/wp-content\/uploads\/2023\/06\/MonBailleur-1200x675-1.png\",\"contentUrl\":\"https:\/\/www.monbailleur.fr\/offres-emploi\/wp-content\/uploads\/2023\/06\/MonBailleur-1200x675-1.png\",\"width\":1200,\"height\":675,\"caption\":\"Monbailleur.fr - Emploi\"},\"image\":{\"@id\":\"https:\/\/www.monbailleur.fr\/offres-emploi\/#\/schema\/logo\/image\/\"}}]}<\/script>\n<!-- \/ Yoast SEO Premium plugin. -->","yoast_head_json":{"title":"Responsable d'Agence Adjoint(e) H\/F - Monbailleur.fr - Emploi","robots":{"index":"noindex","follow":"follow"},"og_locale":"fr_FR","og_type":"article","og_title":"Responsable d'Agence Adjoint(e) H\/F","og_description":"L&rsquo;entreprise: Action Logement Groupe d\u00e9termine les orientations strat\u00e9giques du groupe Action Logement, les conditions d&#8217;emploi des ressources financi\u00e8res, et veille \u00e0 ce que les aides et les services soient distribu\u00e9s avec \u00e9quit\u00e9 entre les personnes \u00e9ligibles, dans tous les territoires. Description: Habellis, filiale du groupe Action Logement Immobilier, est un acteur majeur du secteur de","og_url":"https:\/\/www.monbailleur.fr\/offres-emploi\/poste\/responsable-dagence-adjointe-h-f","og_site_name":"Monbailleur.fr - Emploi","og_image":[{"width":175,"height":200,"url":"https:\/\/www.monbailleur.fr\/offres-emploi\/wp-content\/uploads\/2023\/06\/action-logement.png","type":"image\/png"}],"twitter_card":"summary_large_image","twitter_misc":{"Dur\u00e9e de lecture estim\u00e9e":"1 minute"},"schema":{"@context":"https:\/\/schema.org","@graph":[{"@type":"WebPage","@id":"https:\/\/www.monbailleur.fr\/offres-emploi\/poste\/responsable-dagence-adjointe-h-f","url":"https:\/\/www.monbailleur.fr\/offres-emploi\/poste\/responsable-dagence-adjointe-h-f","name":"Responsable d'Agence Adjoint(e) H\/F - Monbailleur.fr - Emploi","isPartOf":{"@id":"https:\/\/www.monbailleur.fr\/offres-emploi\/#website"},"primaryImageOfPage":{"@id":"https:\/\/www.monbailleur.fr\/offres-emploi\/poste\/responsable-dagence-adjointe-h-f#primaryimage"},"image":{"@id":"https:\/\/www.monbailleur.fr\/offres-emploi\/poste\/responsable-dagence-adjointe-h-f#primaryimage"},"thumbnailUrl":"https:\/\/www.monbailleur.fr\/offres-emploi\/wp-content\/uploads\/2023\/06\/action-logement.png","datePublished":"2026-08-18T06:00:26+00:00","breadcrumb":{"@id":"https:\/\/www.monbailleur.fr\/offres-emploi\/poste\/responsable-dagence-adjointe-h-f#breadcrumb"},"inLanguage":"fr-FR","potentialAction":[{"@type":"ReadAction","target":["https:\/\/www.monbailleur.fr\/offres-emploi\/poste\/responsable-dagence-adjointe-h-f"]}]},{"@type":"ImageObject","inLanguage":"fr-FR","@id":"https:\/\/www.monbailleur.fr\/offres-emploi\/poste\/responsable-dagence-adjointe-h-f#primaryimage","url":"https:\/\/www.monbailleur.fr\/offres-emploi\/wp-content\/uploads\/2023\/06\/action-logement.png","contentUrl":"https:\/\/www.monbailleur.fr\/offres-emploi\/wp-content\/uploads\/2023\/06\/action-logement.png","width":175,"height":200},{"@type":"BreadcrumbList","@id":"https:\/\/www.monbailleur.fr\/offres-emploi\/poste\/responsable-dagence-adjointe-h-f#breadcrumb","itemListElement":[{"@type":"ListItem","position":1,"name":"Accueil","item":"https:\/\/www.monbailleur.fr\/offres-emploi\/"},{"@type":"ListItem","position":2,"name":"offres d\u2019emploi","item":"https:\/\/www.monbailleur.fr\/offres-emploi\/job-listings"},{"@type":"ListItem","position":3,"name":"Responsable d&rsquo;Agence Adjoint(e) H\/F"}]},{"@type":"WebSite","@id":"https:\/\/www.monbailleur.fr\/offres-emploi\/#website","url":"https:\/\/www.monbailleur.fr\/offres-emploi\/","name":"Monbailleur.fr - Emploi","description":"Les offres d&#039;emploi du logement social","publisher":{"@id":"https:\/\/www.monbailleur.fr\/offres-emploi\/#organization"},"potentialAction":[{"@type":"SearchAction","target":{"@type":"EntryPoint","urlTemplate":"https:\/\/www.monbailleur.fr\/offres-emploi\/?s={search_term_string}"},"query-input":{"@type":"PropertyValueSpecification","valueRequired":true,"valueName":"search_term_string"}}],"inLanguage":"fr-FR"},{"@type":"Organization","@id":"https:\/\/www.monbailleur.fr\/offres-emploi\/#organization","name":"Monbailleur.fr - Emploi","url":"https:\/\/www.monbailleur.fr\/offres-emploi\/","logo":{"@type":"ImageObject","inLanguage":"fr-FR","@id":"https:\/\/www.monbailleur.fr\/offres-emploi\/#\/schema\/logo\/image\/","url":"https:\/\/www.monbailleur.fr\/offres-emploi\/wp-content\/uploads\/2023\/06\/MonBailleur-1200x675-1.png","contentUrl":"https:\/\/www.monbailleur.fr\/offres-emploi\/wp-content\/uploads\/2023\/06\/MonBailleur-1200x675-1.png","width":1200,"height":675,"caption":"Monbailleur.fr - Emploi"},"image":{"@id":"https:\/\/www.monbailleur.fr\/offres-emploi\/#\/schema\/logo\/image\/"}}]}},"_links":{"self":[{"href":"https:\/\/www.monbailleur.fr\/offres-emploi\/wp-json\/wp\/v2\/job-listings\/39216","targetHints":{"allow":["GET"]}}],"collection":[{"href":"https:\/\/www.monbailleur.fr\/offres-emploi\/wp-json\/wp\/v2\/job-listings"}],"about":[{"href":"https:\/\/www.monbailleur.fr\/offres-emploi\/wp-json\/wp\/v2\/types\/job_listing"}],"wp:featuredmedia":[{"embeddable":true,"href":"https:\/\/www.monbailleur.fr\/offres-emploi\/wp-json\/wp\/v2\/media\/3646"}],"wp:attachment":[{"href":"https:\/\/www.monbailleur.fr\/offres-emploi\/wp-json\/wp\/v2\/media?parent=39216"}],"wp:term":[{"taxonomy":"job_listing_category","embeddable":true,"href":"https:\/\/www.monbailleur.fr\/offres-emploi\/wp-json\/wp\/v2\/job-categories?post=39216"},{"taxonomy":"job_listing_type","embeddable":true,"href":"https:\/\/www.monbailleur.fr\/offres-emploi\/wp-json\/wp\/v2\/job-types?post=39216"}],"curies":[{"name":"wp","href":"https:\/\/api.w.org\/{rel}","templated":true}]}}