{"id":39218,"date":"2026-08-18T08:00:31","date_gmt":"2026-08-18T06:00:31","guid":{"rendered":"https:\/\/www.monbailleur.fr\/offres-emploi\/poste\/une-assistante-de-direction-h-f"},"modified":"2026-08-18T08:00:31","modified_gmt":"2026-08-18T06:00:31","slug":"une-assistante-de-direction-h-f","status":"publish","type":"job_listing","link":"https:\/\/www.monbailleur.fr\/offres-emploi\/poste\/une-assistante-de-direction-h-f","title":{"rendered":"Un(e) Assistant(e) de direction H\/F"},"content":{"rendered":"<h2>L&rsquo;entreprise:<\/h2>\n<\/p>\n<p><a href=\"https:\/\/www.union-habitat.org\/\" target=\"_blank\">L&rsquo;Union sociale pour l&rsquo;habitat<\/a> (USH) est la conf\u00e9d\u00e9ration professionnelle du mouvement Hlm. Dans ce cadre elle recrute pour la F\u00e9d\u00e9ration Nationale des Associations R\u00e9gionales Hlm (<a href=\"https:\/\/fnar-habitat.org\/\">FNAR<\/a>) un(e) Assistant(e) de direction.<\/p>\n<p>La FNAR est une des 5 f\u00e9d\u00e9rations regroup\u00e9es au sein de l\u2019Union sociale pour l\u2019habitat (USH). Elle f\u00e9d\u00e8re 12 associations ou unions r\u00e9gionales d\u2019organismes HLM sur tout le territoire m\u00e9tropolitain. Elle r\u00e9alise, en lien \u00e9troit avec les services de l\u2019USH et des F\u00e9d\u00e9rations, une animation technique et professionnelle du r\u00e9seau des permanents des associations et unions r\u00e9gionales afin de favoriser le d\u00e9veloppement de leur action.<\/p>\n<\/p>\n<p><strong><span style=\"text-decoration: underline\">Ce que nous vous offrons<\/span> :<\/strong><\/p>\n<p>\u2022 Un si\u00e8ge social en plein c\u0153ur de Paris<\/p>\n<p>\u2022 Une politique dynamique de d\u00e9veloppement des comp\u00e9tences et de formation (accord collectif)<\/p>\n<p>\u2022 Des tickets restaurant (12\u20ac)<\/p>\n<p>\u2022 La possibilit\u00e9 d&rsquo;effectuer du t\u00e9l\u00e9travail<\/p>\n<p>\u2022 Un CSE avec des offres de loisirs avantageuses : voyages, week-end, activit\u00e9s, places de cin\u00e9ma etc.<\/p>\n<\/p>\n<h2>Description:<\/h2>\n<\/p>\n<p>L\u2019Assistant(e) est rattach\u00e9(e) au Secr\u00e9taire G\u00e9n\u00e9ral de la FNAR ; il\/elle apporte un appui op\u00e9rationnel et administratif dans la gestion de la FNAR et assure le secr\u00e9tariat de l\u2019\u00e9quipe de la f\u00e9d\u00e9ration.<\/p>\n<\/p>\n<p><strong><span style=\"text-decoration: underline\">Il\/elle a pour missions principales<\/span> :<\/strong><\/p>\n<\/p>\n<p>\u2022 Gestion des relations administratives et financi\u00e8res avec le r\u00e9seau des Associations r\u00e9gionales<\/p>\n<p>\u2022 Appui \u00e0 la gestion financi\u00e8re de la f\u00e9d\u00e9ration en lien avec le secr\u00e9taire g\u00e9n\u00e9ral et la DAF de l&rsquo;USH<\/p>\n<p>\u2022 Contribution \u00e0 la pr\u00e9paration et au suivi des r\u00e9unions, des manifestations et des instances de la F\u00e9d\u00e9ration : convocations, relances, pr\u00e9paration des dossiers, r\u00e9servation des salles, accueil des participants<\/p>\n<p>\u2022 Suivi administratif et organisation logistique des formations mises en \u0153uvre par la Fnar \u00e0 destination des salari\u00e9s des Associations r\u00e9gionales<\/p>\n<p>\u2022 R\u00e9daction des courriers et des documents (frappe et mise en forme) et appui \u00e0 l\u2019ensemble de l\u2019\u00e9quipe dans la production des documents<\/p>\n<p>\u2022 Gestion des appels t\u00e9l\u00e9phoniques, des courriers et des plannings<\/p>\n<p>\u2022 Gestion des d\u00e9placements professionnels et fournitures<\/p>\n<h2>Profil:<\/h2>\n<\/p>\n<p> <span style=\"text-decoration: underline\"><strong>Comp\u00e9tences cl\u00e9s<\/strong><\/span><\/p>\n<\/p>\n<p>\u2022 Rigueur et sens de l\u2019organisation<br \/>\u2022 Bonne connaissance des outils administratifs et financiers<br \/>\u2022 Discr\u00e9tion, confidentialit\u00e9<br \/>\u2022 Aisance relationnelle<br \/>\u2022 Sens de l\u2019initiative et capacit\u00e9 d\u2019adaptation au travail en \u00e9quipe.<br \/>\u2022 Capacit\u00e9 r\u00e9dactionnelle (orthographe)<br \/>\u2022 Excellente pratique et ma\u00eetrise des outils bureautiques<\/p>\n<\/p>\n<p><strong> \u2022 5 ans d\u2019exp\u00e9rience minimum dans une fonction similaire<\/strong><\/p>\n<\/p>\n<p>Votre candidature (lettre de motivation et CV) devra \u00eatre adress\u00e9e \u00e0 l\u2019attention du Secr\u00e9taire G\u00e9n\u00e9ral et du Directeur de la FNAR \u00e0 l\u2019adresse suivante : fnar@fnar-habitat.org<\/p>\n<h3>Niveau de dipl\u00f4me:<\/h3>\n<p> Niveau II &#8211; Bac+3\/4 (licence, ma\u00eetrise,&#8230;)<\/p>\n<h3>Temps de travail<\/h3>\n<p>Temps plein <\/p>\n<h3> Organisme <\/h3>\n<p> <span id=\"ctl00_ctl00_AspMainContent_MainContent_MasterPageSettingsView_ctl03_ctl01_fldEntityDescriptionFormat_lblContentText\"><span id=\"ctl00_MainContent_DescriptionEntityEdit_SubForm1_ctl01_Field1_ctl00_lblEntityFormat\">L&rsquo;UNION SOCIALE POUR L&rsquo;HABITAT <\/span><br \/><\/span><\/p>\n","protected":false},"author":0,"featured_media":3803,"template":"","meta":{"_promoted":"","_job_location":"France, Ile-de-France, Paris (75) Paris 8\u00e8me","_application":"https:\/\/les-hlm-recrutent.talent-soft.com\/offre-de-emploi\/emploi-un-e-assistant-e-de-direction-h-f_70351.aspx?utm_source=monbailleur.fr","_company_name":"L'UNION SOCIALE POUR L'HABITAT","_company_website":"","_company_tagline":"","_company_twitter":"","_company_video":"","_filled":0,"_featured":0,"_remote_position":0,"_job_salary":"","_job_salary_currency":"","_job_salary_unit":""},"job-categories":[78],"job-types":[63],"class_list":["post-39218","job_listing","type-job_listing","status-publish","has-post-thumbnail","hentry","job_listing_category-autres","job_listing_type-cdi","job-type-cdi"],"yoast_head":"<!-- This site is optimized with the Yoast SEO Premium plugin v22.4 (Yoast SEO v25.1) - https:\/\/yoast.com\/wordpress\/plugins\/seo\/ -->\n<title>Un(e) Assistant(e) de direction H\/F - Monbailleur.fr - Emploi<\/title>\n<meta name=\"robots\" content=\"noindex, follow\" \/>\n<meta property=\"og:locale\" content=\"fr_FR\" \/>\n<meta property=\"og:type\" content=\"article\" \/>\n<meta property=\"og:title\" content=\"Un(e) Assistant(e) de direction H\/F\" \/>\n<meta property=\"og:description\" content=\"L&rsquo;entreprise: L&rsquo;Union sociale pour l&rsquo;habitat (USH) est la conf\u00e9d\u00e9ration professionnelle du mouvement Hlm. Dans ce cadre elle recrute pour la F\u00e9d\u00e9ration Nationale des Associations R\u00e9gionales Hlm (FNAR) un(e) Assistant(e) de direction. La FNAR est une des 5 f\u00e9d\u00e9rations regroup\u00e9es au sein de l\u2019Union sociale pour l\u2019habitat (USH). Elle f\u00e9d\u00e8re 12 associations ou unions r\u00e9gionales d\u2019organismes\" \/>\n<meta property=\"og:url\" content=\"https:\/\/www.monbailleur.fr\/offres-emploi\/poste\/une-assistante-de-direction-h-f\" \/>\n<meta property=\"og:site_name\" content=\"Monbailleur.fr - Emploi\" \/>\n<meta property=\"og:image\" content=\"https:\/\/www.monbailleur.fr\/offres-emploi\/wp-content\/uploads\/2023\/06\/lunion-sociale-pour-lhabitat.jpg\" \/>\n\t<meta property=\"og:image:width\" content=\"200\" \/>\n\t<meta property=\"og:image:height\" content=\"185\" \/>\n\t<meta property=\"og:image:type\" content=\"image\/jpeg\" \/>\n<meta name=\"twitter:card\" content=\"summary_large_image\" \/>\n<meta name=\"twitter:label1\" content=\"Dur\u00e9e de lecture estim\u00e9e\" \/>\n\t<meta name=\"twitter:data1\" content=\"2 minutes\" \/>\n<script type=\"application\/ld+json\" class=\"yoast-schema-graph\">{\"@context\":\"https:\/\/schema.org\",\"@graph\":[{\"@type\":\"WebPage\",\"@id\":\"https:\/\/www.monbailleur.fr\/offres-emploi\/poste\/une-assistante-de-direction-h-f\",\"url\":\"https:\/\/www.monbailleur.fr\/offres-emploi\/poste\/une-assistante-de-direction-h-f\",\"name\":\"Un(e) Assistant(e) de direction H\/F - Monbailleur.fr - Emploi\",\"isPartOf\":{\"@id\":\"https:\/\/www.monbailleur.fr\/offres-emploi\/#website\"},\"primaryImageOfPage\":{\"@id\":\"https:\/\/www.monbailleur.fr\/offres-emploi\/poste\/une-assistante-de-direction-h-f#primaryimage\"},\"image\":{\"@id\":\"https:\/\/www.monbailleur.fr\/offres-emploi\/poste\/une-assistante-de-direction-h-f#primaryimage\"},\"thumbnailUrl\":\"https:\/\/www.monbailleur.fr\/offres-emploi\/wp-content\/uploads\/2023\/06\/lunion-sociale-pour-lhabitat.jpg\",\"datePublished\":\"2026-08-18T06:00:31+00:00\",\"breadcrumb\":{\"@id\":\"https:\/\/www.monbailleur.fr\/offres-emploi\/poste\/une-assistante-de-direction-h-f#breadcrumb\"},\"inLanguage\":\"fr-FR\",\"potentialAction\":[{\"@type\":\"ReadAction\",\"target\":[\"https:\/\/www.monbailleur.fr\/offres-emploi\/poste\/une-assistante-de-direction-h-f\"]}]},{\"@type\":\"ImageObject\",\"inLanguage\":\"fr-FR\",\"@id\":\"https:\/\/www.monbailleur.fr\/offres-emploi\/poste\/une-assistante-de-direction-h-f#primaryimage\",\"url\":\"https:\/\/www.monbailleur.fr\/offres-emploi\/wp-content\/uploads\/2023\/06\/lunion-sociale-pour-lhabitat.jpg\",\"contentUrl\":\"https:\/\/www.monbailleur.fr\/offres-emploi\/wp-content\/uploads\/2023\/06\/lunion-sociale-pour-lhabitat.jpg\",\"width\":200,\"height\":185},{\"@type\":\"BreadcrumbList\",\"@id\":\"https:\/\/www.monbailleur.fr\/offres-emploi\/poste\/une-assistante-de-direction-h-f#breadcrumb\",\"itemListElement\":[{\"@type\":\"ListItem\",\"position\":1,\"name\":\"Accueil\",\"item\":\"https:\/\/www.monbailleur.fr\/offres-emploi\/\"},{\"@type\":\"ListItem\",\"position\":2,\"name\":\"offres d\u2019emploi\",\"item\":\"https:\/\/www.monbailleur.fr\/offres-emploi\/job-listings\"},{\"@type\":\"ListItem\",\"position\":3,\"name\":\"Un(e) Assistant(e) de direction H\/F\"}]},{\"@type\":\"WebSite\",\"@id\":\"https:\/\/www.monbailleur.fr\/offres-emploi\/#website\",\"url\":\"https:\/\/www.monbailleur.fr\/offres-emploi\/\",\"name\":\"Monbailleur.fr - Emploi\",\"description\":\"Les offres d&#039;emploi du logement social\",\"publisher\":{\"@id\":\"https:\/\/www.monbailleur.fr\/offres-emploi\/#organization\"},\"potentialAction\":[{\"@type\":\"SearchAction\",\"target\":{\"@type\":\"EntryPoint\",\"urlTemplate\":\"https:\/\/www.monbailleur.fr\/offres-emploi\/?s={search_term_string}\"},\"query-input\":{\"@type\":\"PropertyValueSpecification\",\"valueRequired\":true,\"valueName\":\"search_term_string\"}}],\"inLanguage\":\"fr-FR\"},{\"@type\":\"Organization\",\"@id\":\"https:\/\/www.monbailleur.fr\/offres-emploi\/#organization\",\"name\":\"Monbailleur.fr - Emploi\",\"url\":\"https:\/\/www.monbailleur.fr\/offres-emploi\/\",\"logo\":{\"@type\":\"ImageObject\",\"inLanguage\":\"fr-FR\",\"@id\":\"https:\/\/www.monbailleur.fr\/offres-emploi\/#\/schema\/logo\/image\/\",\"url\":\"https:\/\/www.monbailleur.fr\/offres-emploi\/wp-content\/uploads\/2023\/06\/MonBailleur-1200x675-1.png\",\"contentUrl\":\"https:\/\/www.monbailleur.fr\/offres-emploi\/wp-content\/uploads\/2023\/06\/MonBailleur-1200x675-1.png\",\"width\":1200,\"height\":675,\"caption\":\"Monbailleur.fr - Emploi\"},\"image\":{\"@id\":\"https:\/\/www.monbailleur.fr\/offres-emploi\/#\/schema\/logo\/image\/\"}}]}<\/script>\n<!-- \/ Yoast SEO Premium plugin. -->","yoast_head_json":{"title":"Un(e) Assistant(e) de direction H\/F - Monbailleur.fr - Emploi","robots":{"index":"noindex","follow":"follow"},"og_locale":"fr_FR","og_type":"article","og_title":"Un(e) Assistant(e) de direction H\/F","og_description":"L&rsquo;entreprise: L&rsquo;Union sociale pour l&rsquo;habitat (USH) est la conf\u00e9d\u00e9ration professionnelle du mouvement Hlm. Dans ce cadre elle recrute pour la F\u00e9d\u00e9ration Nationale des Associations R\u00e9gionales Hlm (FNAR) un(e) Assistant(e) de direction. La FNAR est une des 5 f\u00e9d\u00e9rations regroup\u00e9es au sein de l\u2019Union sociale pour l\u2019habitat (USH). Elle f\u00e9d\u00e8re 12 associations ou unions r\u00e9gionales d\u2019organismes","og_url":"https:\/\/www.monbailleur.fr\/offres-emploi\/poste\/une-assistante-de-direction-h-f","og_site_name":"Monbailleur.fr - Emploi","og_image":[{"width":200,"height":185,"url":"https:\/\/www.monbailleur.fr\/offres-emploi\/wp-content\/uploads\/2023\/06\/lunion-sociale-pour-lhabitat.jpg","type":"image\/jpeg"}],"twitter_card":"summary_large_image","twitter_misc":{"Dur\u00e9e de lecture estim\u00e9e":"2 minutes"},"schema":{"@context":"https:\/\/schema.org","@graph":[{"@type":"WebPage","@id":"https:\/\/www.monbailleur.fr\/offres-emploi\/poste\/une-assistante-de-direction-h-f","url":"https:\/\/www.monbailleur.fr\/offres-emploi\/poste\/une-assistante-de-direction-h-f","name":"Un(e) Assistant(e) de direction H\/F - Monbailleur.fr - Emploi","isPartOf":{"@id":"https:\/\/www.monbailleur.fr\/offres-emploi\/#website"},"primaryImageOfPage":{"@id":"https:\/\/www.monbailleur.fr\/offres-emploi\/poste\/une-assistante-de-direction-h-f#primaryimage"},"image":{"@id":"https:\/\/www.monbailleur.fr\/offres-emploi\/poste\/une-assistante-de-direction-h-f#primaryimage"},"thumbnailUrl":"https:\/\/www.monbailleur.fr\/offres-emploi\/wp-content\/uploads\/2023\/06\/lunion-sociale-pour-lhabitat.jpg","datePublished":"2026-08-18T06:00:31+00:00","breadcrumb":{"@id":"https:\/\/www.monbailleur.fr\/offres-emploi\/poste\/une-assistante-de-direction-h-f#breadcrumb"},"inLanguage":"fr-FR","potentialAction":[{"@type":"ReadAction","target":["https:\/\/www.monbailleur.fr\/offres-emploi\/poste\/une-assistante-de-direction-h-f"]}]},{"@type":"ImageObject","inLanguage":"fr-FR","@id":"https:\/\/www.monbailleur.fr\/offres-emploi\/poste\/une-assistante-de-direction-h-f#primaryimage","url":"https:\/\/www.monbailleur.fr\/offres-emploi\/wp-content\/uploads\/2023\/06\/lunion-sociale-pour-lhabitat.jpg","contentUrl":"https:\/\/www.monbailleur.fr\/offres-emploi\/wp-content\/uploads\/2023\/06\/lunion-sociale-pour-lhabitat.jpg","width":200,"height":185},{"@type":"BreadcrumbList","@id":"https:\/\/www.monbailleur.fr\/offres-emploi\/poste\/une-assistante-de-direction-h-f#breadcrumb","itemListElement":[{"@type":"ListItem","position":1,"name":"Accueil","item":"https:\/\/www.monbailleur.fr\/offres-emploi\/"},{"@type":"ListItem","position":2,"name":"offres d\u2019emploi","item":"https:\/\/www.monbailleur.fr\/offres-emploi\/job-listings"},{"@type":"ListItem","position":3,"name":"Un(e) Assistant(e) de direction H\/F"}]},{"@type":"WebSite","@id":"https:\/\/www.monbailleur.fr\/offres-emploi\/#website","url":"https:\/\/www.monbailleur.fr\/offres-emploi\/","name":"Monbailleur.fr - Emploi","description":"Les offres d&#039;emploi du logement social","publisher":{"@id":"https:\/\/www.monbailleur.fr\/offres-emploi\/#organization"},"potentialAction":[{"@type":"SearchAction","target":{"@type":"EntryPoint","urlTemplate":"https:\/\/www.monbailleur.fr\/offres-emploi\/?s={search_term_string}"},"query-input":{"@type":"PropertyValueSpecification","valueRequired":true,"valueName":"search_term_string"}}],"inLanguage":"fr-FR"},{"@type":"Organization","@id":"https:\/\/www.monbailleur.fr\/offres-emploi\/#organization","name":"Monbailleur.fr - Emploi","url":"https:\/\/www.monbailleur.fr\/offres-emploi\/","logo":{"@type":"ImageObject","inLanguage":"fr-FR","@id":"https:\/\/www.monbailleur.fr\/offres-emploi\/#\/schema\/logo\/image\/","url":"https:\/\/www.monbailleur.fr\/offres-emploi\/wp-content\/uploads\/2023\/06\/MonBailleur-1200x675-1.png","contentUrl":"https:\/\/www.monbailleur.fr\/offres-emploi\/wp-content\/uploads\/2023\/06\/MonBailleur-1200x675-1.png","width":1200,"height":675,"caption":"Monbailleur.fr - Emploi"},"image":{"@id":"https:\/\/www.monbailleur.fr\/offres-emploi\/#\/schema\/logo\/image\/"}}]}},"_links":{"self":[{"href":"https:\/\/www.monbailleur.fr\/offres-emploi\/wp-json\/wp\/v2\/job-listings\/39218","targetHints":{"allow":["GET"]}}],"collection":[{"href":"https:\/\/www.monbailleur.fr\/offres-emploi\/wp-json\/wp\/v2\/job-listings"}],"about":[{"href":"https:\/\/www.monbailleur.fr\/offres-emploi\/wp-json\/wp\/v2\/types\/job_listing"}],"wp:featuredmedia":[{"embeddable":true,"href":"https:\/\/www.monbailleur.fr\/offres-emploi\/wp-json\/wp\/v2\/media\/3803"}],"wp:attachment":[{"href":"https:\/\/www.monbailleur.fr\/offres-emploi\/wp-json\/wp\/v2\/media?parent=39218"}],"wp:term":[{"taxonomy":"job_listing_category","embeddable":true,"href":"https:\/\/www.monbailleur.fr\/offres-emploi\/wp-json\/wp\/v2\/job-categories?post=39218"},{"taxonomy":"job_listing_type","embeddable":true,"href":"https:\/\/www.monbailleur.fr\/offres-emploi\/wp-json\/wp\/v2\/job-types?post=39218"}],"curies":[{"name":"wp","href":"https:\/\/api.w.org\/{rel}","templated":true}]}}