{"id":39226,"date":"2026-08-19T08:00:14","date_gmt":"2026-08-19T06:00:14","guid":{"rendered":"https:\/\/www.monbailleur.fr\/offres-emploi\/poste\/assistant-services-generaux-f-h"},"modified":"2026-08-19T08:00:14","modified_gmt":"2026-08-19T06:00:14","slug":"assistant-services-generaux-f-h","status":"publish","type":"job_listing","link":"https:\/\/www.monbailleur.fr\/offres-emploi\/poste\/assistant-services-generaux-f-h","title":{"rendered":"Assistant services g\u00e9n\u00e9raux F\/H"},"content":{"rendered":"<h2>L&rsquo;entreprise:<\/h2>\n<h2>Description:<\/h2>\n<\/p>\n<p>Rejoignez notre service Environnement de travail et contribuez \u00e0 cr\u00e9er des espaces et des services qui favorisent l\u2019engagement, le bien-\u00eatre des collaborateurs et la performance durable. Vous g\u00e9rez des projets vari\u00e9s autour de l\u2019environnement de travail, de la mobilit\u00e9, de la flotte automobile et de la QHSE, tout en participant \u00e0 l\u2019am\u00e9lioration continue de nos pratiques.<\/p>\n<p>Vos principales missions :<\/p>\n<p>&#8211; Environnement de travail et services g\u00e9n\u00e9raux :<\/p>\n<p>&#8211; Assurer le suivi des interventions techniques, de l&rsquo;archivage et des outils du service (ticketing, contr\u00f4le d&rsquo;acc\u00e8s&#8230;). <br \/>&#8211; Contr\u00f4ler les factures. <br \/>&#8211; Contribuer \u00e0 la continuit\u00e9 des services g\u00e9n\u00e9raux (accueil, courrier, maintenance, prestataires). <\/p>\n<p>&#8211; Flotte automobile :<\/p>\n<p>&#8211; Participer \u00e0 la gestion de la flotte automobile : entretiens, r\u00e9parations, contr\u00f4les r\u00e9glementaires, sinistres, contraventions et outils de gestion. <\/p>\n<p>&#8211; Mobilit\u00e9 : <\/p>\n<p>&#8211; Accompagner la gestion de la mobilit\u00e9 des collaborateurs (transports en commun et d\u00e9placements professionnels). <\/p>\n<p>&#8211; Qualit\u00e9, Hygi\u00e8ne, S\u00e9curit\u00e9 et Environnement (QHSE) :<\/p>\n<p>&#8211; Contribuer \u00e0 l&rsquo;animation de la d\u00e9marche QHSE : indicateurs, reporting, plans d&rsquo;actions, sensibilisation et conformit\u00e9 r\u00e9glementaire. <br \/>&#8211; Assurer le suivi du DUERP, du PAPRIPACT et des audits de sites via l&rsquo;outil Pr\u00e9virisk. <br \/>&#8211; Participer \u00e0 la mise en \u0153uvre des actions d&rsquo;am\u00e9lioration des conditions de travail et \u00e0 la conformit\u00e9 des installations techniques. <br \/>&#8211; Prendre part \u00e0 des projets transverses li\u00e9s \u00e0 l&rsquo;environnement de travail (am\u00e9nagements, ouvertures de sites, recyclage du mobilier, etc.). <\/p>\n<p>CDD de 7 mois \u00e0 pourvoir \u00e0 partir du mois d\u2019octobre dans le cadre d\u2019un surcroit.<\/p>\n<p>Poste, \u00e0 temps plein, bas\u00e9 au si\u00e8ge social \u00e0 Rennes.<\/p>\n<p>Pourquoi nous rejoindre ?<\/p>\n<p>\u2728 Profitez d\u2019un 13\u1d49 mois et de primes attractives : vacances, int\u00e9ressement et participation,<\/p>\n<p>\u2728 B\u00e9n\u00e9ficiez de titres-restaurant de 10\u20ac via la carte SWILE,<\/p>\n<p>\u2728 Des locaux facilement accessibles en transports en commun (m\u00e9tro \u00e0 proximit\u00e9), avec une prise en charge \u00e0 70% de vos frais de transport,<\/p>\n<p>\u2728 De nombreux RTT et du t\u00e9l\u00e9travail pour un meilleur \u00e9quilibre vie pro\/vie perso, <\/p>\n<p>\u2728 Un CSE actif qui prend soin de ses collaborateurs,<\/p>\n<p>\u2728 Et enfin, une \u00e9quipe dynamique et motivante, qui a h\u00e2te de vous accueillir !<\/p>\n<p>Vous \u00eates titulaire d&rsquo;un Bac +2 dans le domaine de la gestion, des achats ou de l&rsquo;administratif.<\/p>\n<p>De plus, vous justifiez d&rsquo;une exp\u00e9rience confirm\u00e9e de 2 \u00e0 5 ans minimum dans la gestion de flotte automobile ou sur un poste similaire.<\/p>\n<p>\u00c0 l&rsquo;aise avec les outils bureautiques, vous ma\u00eetrisez notamment Word et Excel, ainsi que les logiciels de gestion de flotte.<\/p>\n<p>Autonome et r\u00e9actif(ve), vous faites preuve d&rsquo;un excellent relationnel et appr\u00e9ciez le travail en \u00e9quipe. Votre sens de l&rsquo;organisation et votre capacit\u00e9 \u00e0 anticiper vous permettent de mener vos missions avec efficacit\u00e9.<\/p>\n<p>Le permis B est indispensable pour ce poste.<\/p>\n<p>D\u00e9roulement du processus de recrutement :<br \/>Toutes les candidatures seront lues avec attention. Si votre profil nous correspond :<\/p>\n<p>&#8211; Un appel t\u00e9l\u00e9phonique de pr\u00e9-qualification pour \u00e9valuer l\u2019ad\u00e9quation entre votre recherche et le poste, <br \/>&#8211; Un entretien avec la responsable du service recouvrement et la charg\u00e9e de recrutement ax\u00e9 sur la d\u00e9couverte de votre profil et le poste propos\u00e9, <br \/>&#8211; Une prise de r\u00e9f\u00e9rences, <br \/>&#8211; La d\u00e9cision finale ! <\/p>\n<p> L\u2019aventure vous tente ? N\u2019h\u00e9sitez plus et postulez vite ! <\/p>\n<p>Nos avantages : <br \/>&#8211; Primes (13\u00e8me mois, vacances, int\u00e9ressement et participation)<br \/>&#8211; Prise en charge \u00e0 70% de l&rsquo;abonnement des transports en commun <br \/>&#8211; Nombreux RTT<br \/>&#8211; Titres restaurant<\/p>\n<h3>Niveau de dipl\u00f4me:<\/h3>\n<p> Niveau III &#8211; Bac+2 (BTS, DUT,\u2026)<\/p>\n<h3>Temps de travail<\/h3>\n<p>Temps plein <\/p>\n<h3> Organisme <\/h3>\n<p> <span id=\"ctl00_ctl00_AspMainContent_MainContent_MasterPageSettingsView_ctl03_ctl01_fldEntityDescriptionFormat_lblContentText\"><span id=\"ctl00_MainContent_DescriptionEntityEdit_SubForm1_ctl01_Field1_ctl00_lblEntityFormat\">ESPACIL HABITAT <\/span><br \/><\/span><\/p>\n","protected":false},"author":0,"featured_media":5636,"template":"","meta":{"_promoted":"","_job_location":"France, Bretagne, Ille et Vilaine (35) Rennes","_application":"https:\/\/les-hlm-recrutent.talent-soft.com\/offre-de-emploi\/emploi-assistant-services-generaux-f-h_70405.aspx?utm_source=monbailleur.fr","_company_name":"ESPACIL HABITAT","_company_website":"","_company_tagline":"","_company_twitter":"","_company_video":"","_filled":0,"_featured":0,"_remote_position":0,"_job_salary":"","_job_salary_currency":"","_job_salary_unit":""},"job-categories":[78],"job-types":[52],"class_list":["post-39226","job_listing","type-job_listing","status-publish","has-post-thumbnail","hentry","job_listing_category-autres","job_listing_type-cdd","job-type-cdd"],"yoast_head":"<!-- This site is optimized with the Yoast SEO Premium plugin v22.4 (Yoast SEO v25.1) - https:\/\/yoast.com\/wordpress\/plugins\/seo\/ -->\n<title>Assistant services g\u00e9n\u00e9raux F\/H - Monbailleur.fr - Emploi<\/title>\n<meta name=\"robots\" content=\"noindex, follow\" \/>\n<meta property=\"og:locale\" content=\"fr_FR\" \/>\n<meta property=\"og:type\" content=\"article\" \/>\n<meta property=\"og:title\" content=\"Assistant services g\u00e9n\u00e9raux F\/H\" \/>\n<meta property=\"og:description\" content=\"L&rsquo;entreprise: Description: Rejoignez notre service Environnement de travail et contribuez \u00e0 cr\u00e9er des espaces et des services qui favorisent l\u2019engagement, le bien-\u00eatre des collaborateurs et la performance durable. Vous g\u00e9rez des projets vari\u00e9s autour de l\u2019environnement de travail, de la mobilit\u00e9, de la flotte automobile et de la QHSE, tout en participant \u00e0 l\u2019am\u00e9lioration continue\" \/>\n<meta property=\"og:url\" content=\"https:\/\/www.monbailleur.fr\/offres-emploi\/poste\/assistant-services-generaux-f-h\" \/>\n<meta property=\"og:site_name\" content=\"Monbailleur.fr - Emploi\" \/>\n<meta property=\"og:image\" content=\"https:\/\/www.monbailleur.fr\/offres-emploi\/wp-content\/uploads\/2023\/06\/mon_bailleur_emploi_placeholder.png\" \/>\n\t<meta property=\"og:image:width\" content=\"512\" \/>\n\t<meta property=\"og:image:height\" content=\"512\" \/>\n\t<meta property=\"og:image:type\" content=\"image\/png\" \/>\n<meta name=\"twitter:card\" content=\"summary_large_image\" \/>\n<meta name=\"twitter:label1\" content=\"Dur\u00e9e de lecture estim\u00e9e\" \/>\n\t<meta name=\"twitter:data1\" content=\"3 minutes\" \/>\n<script type=\"application\/ld+json\" class=\"yoast-schema-graph\">{\"@context\":\"https:\/\/schema.org\",\"@graph\":[{\"@type\":\"WebPage\",\"@id\":\"https:\/\/www.monbailleur.fr\/offres-emploi\/poste\/assistant-services-generaux-f-h\",\"url\":\"https:\/\/www.monbailleur.fr\/offres-emploi\/poste\/assistant-services-generaux-f-h\",\"name\":\"Assistant services g\u00e9n\u00e9raux F\/H - Monbailleur.fr - Emploi\",\"isPartOf\":{\"@id\":\"https:\/\/www.monbailleur.fr\/offres-emploi\/#website\"},\"primaryImageOfPage\":{\"@id\":\"https:\/\/www.monbailleur.fr\/offres-emploi\/poste\/assistant-services-generaux-f-h#primaryimage\"},\"image\":{\"@id\":\"https:\/\/www.monbailleur.fr\/offres-emploi\/poste\/assistant-services-generaux-f-h#primaryimage\"},\"thumbnailUrl\":\"https:\/\/www.monbailleur.fr\/offres-emploi\/wp-content\/uploads\/2023\/06\/mon_bailleur_emploi_placeholder.png\",\"datePublished\":\"2026-08-19T06:00:14+00:00\",\"breadcrumb\":{\"@id\":\"https:\/\/www.monbailleur.fr\/offres-emploi\/poste\/assistant-services-generaux-f-h#breadcrumb\"},\"inLanguage\":\"fr-FR\",\"potentialAction\":[{\"@type\":\"ReadAction\",\"target\":[\"https:\/\/www.monbailleur.fr\/offres-emploi\/poste\/assistant-services-generaux-f-h\"]}]},{\"@type\":\"ImageObject\",\"inLanguage\":\"fr-FR\",\"@id\":\"https:\/\/www.monbailleur.fr\/offres-emploi\/poste\/assistant-services-generaux-f-h#primaryimage\",\"url\":\"https:\/\/www.monbailleur.fr\/offres-emploi\/wp-content\/uploads\/2023\/06\/mon_bailleur_emploi_placeholder.png\",\"contentUrl\":\"https:\/\/www.monbailleur.fr\/offres-emploi\/wp-content\/uploads\/2023\/06\/mon_bailleur_emploi_placeholder.png\",\"width\":512,\"height\":512},{\"@type\":\"BreadcrumbList\",\"@id\":\"https:\/\/www.monbailleur.fr\/offres-emploi\/poste\/assistant-services-generaux-f-h#breadcrumb\",\"itemListElement\":[{\"@type\":\"ListItem\",\"position\":1,\"name\":\"Accueil\",\"item\":\"https:\/\/www.monbailleur.fr\/offres-emploi\/\"},{\"@type\":\"ListItem\",\"position\":2,\"name\":\"offres d\u2019emploi\",\"item\":\"https:\/\/www.monbailleur.fr\/offres-emploi\/job-listings\"},{\"@type\":\"ListItem\",\"position\":3,\"name\":\"Assistant services g\u00e9n\u00e9raux F\/H\"}]},{\"@type\":\"WebSite\",\"@id\":\"https:\/\/www.monbailleur.fr\/offres-emploi\/#website\",\"url\":\"https:\/\/www.monbailleur.fr\/offres-emploi\/\",\"name\":\"Monbailleur.fr - Emploi\",\"description\":\"Les offres d&#039;emploi du logement social\",\"publisher\":{\"@id\":\"https:\/\/www.monbailleur.fr\/offres-emploi\/#organization\"},\"potentialAction\":[{\"@type\":\"SearchAction\",\"target\":{\"@type\":\"EntryPoint\",\"urlTemplate\":\"https:\/\/www.monbailleur.fr\/offres-emploi\/?s={search_term_string}\"},\"query-input\":{\"@type\":\"PropertyValueSpecification\",\"valueRequired\":true,\"valueName\":\"search_term_string\"}}],\"inLanguage\":\"fr-FR\"},{\"@type\":\"Organization\",\"@id\":\"https:\/\/www.monbailleur.fr\/offres-emploi\/#organization\",\"name\":\"Monbailleur.fr - Emploi\",\"url\":\"https:\/\/www.monbailleur.fr\/offres-emploi\/\",\"logo\":{\"@type\":\"ImageObject\",\"inLanguage\":\"fr-FR\",\"@id\":\"https:\/\/www.monbailleur.fr\/offres-emploi\/#\/schema\/logo\/image\/\",\"url\":\"https:\/\/www.monbailleur.fr\/offres-emploi\/wp-content\/uploads\/2023\/06\/MonBailleur-1200x675-1.png\",\"contentUrl\":\"https:\/\/www.monbailleur.fr\/offres-emploi\/wp-content\/uploads\/2023\/06\/MonBailleur-1200x675-1.png\",\"width\":1200,\"height\":675,\"caption\":\"Monbailleur.fr - Emploi\"},\"image\":{\"@id\":\"https:\/\/www.monbailleur.fr\/offres-emploi\/#\/schema\/logo\/image\/\"}}]}<\/script>\n<!-- \/ Yoast SEO Premium plugin. -->","yoast_head_json":{"title":"Assistant services g\u00e9n\u00e9raux F\/H - Monbailleur.fr - Emploi","robots":{"index":"noindex","follow":"follow"},"og_locale":"fr_FR","og_type":"article","og_title":"Assistant services g\u00e9n\u00e9raux F\/H","og_description":"L&rsquo;entreprise: Description: Rejoignez notre service Environnement de travail et contribuez \u00e0 cr\u00e9er des espaces et des services qui favorisent l\u2019engagement, le bien-\u00eatre des collaborateurs et la performance durable. Vous g\u00e9rez des projets vari\u00e9s autour de l\u2019environnement de travail, de la mobilit\u00e9, de la flotte automobile et de la QHSE, tout en participant \u00e0 l\u2019am\u00e9lioration continue","og_url":"https:\/\/www.monbailleur.fr\/offres-emploi\/poste\/assistant-services-generaux-f-h","og_site_name":"Monbailleur.fr - Emploi","og_image":[{"width":512,"height":512,"url":"https:\/\/www.monbailleur.fr\/offres-emploi\/wp-content\/uploads\/2023\/06\/mon_bailleur_emploi_placeholder.png","type":"image\/png"}],"twitter_card":"summary_large_image","twitter_misc":{"Dur\u00e9e de lecture estim\u00e9e":"3 minutes"},"schema":{"@context":"https:\/\/schema.org","@graph":[{"@type":"WebPage","@id":"https:\/\/www.monbailleur.fr\/offres-emploi\/poste\/assistant-services-generaux-f-h","url":"https:\/\/www.monbailleur.fr\/offres-emploi\/poste\/assistant-services-generaux-f-h","name":"Assistant services g\u00e9n\u00e9raux F\/H - Monbailleur.fr - Emploi","isPartOf":{"@id":"https:\/\/www.monbailleur.fr\/offres-emploi\/#website"},"primaryImageOfPage":{"@id":"https:\/\/www.monbailleur.fr\/offres-emploi\/poste\/assistant-services-generaux-f-h#primaryimage"},"image":{"@id":"https:\/\/www.monbailleur.fr\/offres-emploi\/poste\/assistant-services-generaux-f-h#primaryimage"},"thumbnailUrl":"https:\/\/www.monbailleur.fr\/offres-emploi\/wp-content\/uploads\/2023\/06\/mon_bailleur_emploi_placeholder.png","datePublished":"2026-08-19T06:00:14+00:00","breadcrumb":{"@id":"https:\/\/www.monbailleur.fr\/offres-emploi\/poste\/assistant-services-generaux-f-h#breadcrumb"},"inLanguage":"fr-FR","potentialAction":[{"@type":"ReadAction","target":["https:\/\/www.monbailleur.fr\/offres-emploi\/poste\/assistant-services-generaux-f-h"]}]},{"@type":"ImageObject","inLanguage":"fr-FR","@id":"https:\/\/www.monbailleur.fr\/offres-emploi\/poste\/assistant-services-generaux-f-h#primaryimage","url":"https:\/\/www.monbailleur.fr\/offres-emploi\/wp-content\/uploads\/2023\/06\/mon_bailleur_emploi_placeholder.png","contentUrl":"https:\/\/www.monbailleur.fr\/offres-emploi\/wp-content\/uploads\/2023\/06\/mon_bailleur_emploi_placeholder.png","width":512,"height":512},{"@type":"BreadcrumbList","@id":"https:\/\/www.monbailleur.fr\/offres-emploi\/poste\/assistant-services-generaux-f-h#breadcrumb","itemListElement":[{"@type":"ListItem","position":1,"name":"Accueil","item":"https:\/\/www.monbailleur.fr\/offres-emploi\/"},{"@type":"ListItem","position":2,"name":"offres d\u2019emploi","item":"https:\/\/www.monbailleur.fr\/offres-emploi\/job-listings"},{"@type":"ListItem","position":3,"name":"Assistant services g\u00e9n\u00e9raux F\/H"}]},{"@type":"WebSite","@id":"https:\/\/www.monbailleur.fr\/offres-emploi\/#website","url":"https:\/\/www.monbailleur.fr\/offres-emploi\/","name":"Monbailleur.fr - Emploi","description":"Les offres d&#039;emploi du logement social","publisher":{"@id":"https:\/\/www.monbailleur.fr\/offres-emploi\/#organization"},"potentialAction":[{"@type":"SearchAction","target":{"@type":"EntryPoint","urlTemplate":"https:\/\/www.monbailleur.fr\/offres-emploi\/?s={search_term_string}"},"query-input":{"@type":"PropertyValueSpecification","valueRequired":true,"valueName":"search_term_string"}}],"inLanguage":"fr-FR"},{"@type":"Organization","@id":"https:\/\/www.monbailleur.fr\/offres-emploi\/#organization","name":"Monbailleur.fr - Emploi","url":"https:\/\/www.monbailleur.fr\/offres-emploi\/","logo":{"@type":"ImageObject","inLanguage":"fr-FR","@id":"https:\/\/www.monbailleur.fr\/offres-emploi\/#\/schema\/logo\/image\/","url":"https:\/\/www.monbailleur.fr\/offres-emploi\/wp-content\/uploads\/2023\/06\/MonBailleur-1200x675-1.png","contentUrl":"https:\/\/www.monbailleur.fr\/offres-emploi\/wp-content\/uploads\/2023\/06\/MonBailleur-1200x675-1.png","width":1200,"height":675,"caption":"Monbailleur.fr - Emploi"},"image":{"@id":"https:\/\/www.monbailleur.fr\/offres-emploi\/#\/schema\/logo\/image\/"}}]}},"_links":{"self":[{"href":"https:\/\/www.monbailleur.fr\/offres-emploi\/wp-json\/wp\/v2\/job-listings\/39226","targetHints":{"allow":["GET"]}}],"collection":[{"href":"https:\/\/www.monbailleur.fr\/offres-emploi\/wp-json\/wp\/v2\/job-listings"}],"about":[{"href":"https:\/\/www.monbailleur.fr\/offres-emploi\/wp-json\/wp\/v2\/types\/job_listing"}],"wp:featuredmedia":[{"embeddable":true,"href":"https:\/\/www.monbailleur.fr\/offres-emploi\/wp-json\/wp\/v2\/media\/5636"}],"wp:attachment":[{"href":"https:\/\/www.monbailleur.fr\/offres-emploi\/wp-json\/wp\/v2\/media?parent=39226"}],"wp:term":[{"taxonomy":"job_listing_category","embeddable":true,"href":"https:\/\/www.monbailleur.fr\/offres-emploi\/wp-json\/wp\/v2\/job-categories?post=39226"},{"taxonomy":"job_listing_type","embeddable":true,"href":"https:\/\/www.monbailleur.fr\/offres-emploi\/wp-json\/wp\/v2\/job-types?post=39226"}],"curies":[{"name":"wp","href":"https:\/\/api.w.org\/{rel}","templated":true}]}}