{"id":39228,"date":"2026-08-19T08:00:15","date_gmt":"2026-08-19T06:00:15","guid":{"rendered":"https:\/\/www.monbailleur.fr\/offres-emploi\/poste\/gestionnaire-rh-h-f"},"modified":"2026-08-19T08:00:15","modified_gmt":"2026-08-19T06:00:15","slug":"gestionnaire-rh-h-f","status":"publish","type":"job_listing","link":"https:\/\/www.monbailleur.fr\/offres-emploi\/poste\/gestionnaire-rh-h-f","title":{"rendered":"GESTIONNAIRE RH H\/F"},"content":{"rendered":"<h2>L&rsquo;entreprise:<\/h2>\n<\/p>\n<p>Et si vous rejoignez un organisme social et solidaire, en d\u00e9veloppement permanent ?<\/p>\n<p>Depuis 1969, Hauts-de-Seine Habitat, premier bailleur social du d\u00e9partement, continue \u00e0 innover et \u00e0 d\u00e9velopper des solutions de logement pour tous, en mettant le locataire au c\u0153ur de ses actions.<\/p>\n<p>Rejoindre Hauts-de-Seine Habitat, c&rsquo;est int\u00e9grer un office compos\u00e9 de 850 collaborateurs, tous anim\u00e9s par la fiert\u00e9 de travailler pour une mission de service public, dans un organisme portant des valeurs fortes : le sens du service, le sens des responsabilit\u00e9s, l&rsquo;exemplarit\u00e9 et l&rsquo;esprit d&rsquo;\u00e9quipe.<\/p>\n<p>Nous recherchons des collaborateurs motiv\u00e9s par notre mission d&rsquo;int\u00e9r\u00eat g\u00e9n\u00e9ral, appr\u00e9ciant le travail en transversal, dans l&rsquo;objectif de relever ensemble les d\u00e9fis du logement de demain et atteindre l&rsquo;enti\u00e8re satisfaction de nos locataires.<\/p>\n<h2>Description:<\/h2>\n<\/p>\n<p>Sous la responsabilit\u00e9 de la DRH et en collaboration avec les Directeurs de proximit\u00e9, le Gestionnaire RH accompagne le directeur de proximit\u00e9 dans le suivi des collaborateurs de proximit\u00e9 dans une logique de support RH. Il applique les proc\u00e9dures RH li\u00e9es aux r\u00e8gles de s\u00e9curit\u00e9s et au d\u00e9veloppement des collaborateurs.<br \/>Il est constamment en lien avec les directions de proximit\u00e9 et assure l\u2019interface avec la Direction des Ressources Humaines.<\/p>\n<p>Le Gestionnaire territorial RH a notamment pour missions :<\/p>\n<p>\u00b7La gestion sociale<br \/>-Analyse de l\u2019absent\u00e9isme (absences, cong\u00e9s, maladie\u2026) sur K\u00e9lio<br \/>-Remonte les \u00e9l\u00e9ments variables de paie (astreintes, heures suppl\u00e9mentaires\u2026)<br \/>-Coordonne la gestion des absences en lien avec les Directions de Proximit\u00e9 et facilite l\u2019organisation des remplacements avec le service recrutement.<br \/>-Assure la tenue des tableaux de bord RH et de masse salariale.<\/p>\n<p>\u00b7La gestion des emplois et le d\u00e9veloppement des comp\u00e9tences<br \/>-Assure l\u2019organisation de l\u2019int\u00e9gration des nouveaux collaborateurs<br \/>-Centralise, analyse et fait remonter \u00e0 la DRH les souhaits de mobilit\u00e9 des personnels du territoire et participe au processus de mobilit\u00e9<br \/>-Participe au recueil des besoins collectifs de formation des directions de proximit\u00e9, intervient comme relais du service Formation dans la mise en \u0153uvre et le suivi du plan de d\u00e9veloppement des comp\u00e9tences de l\u2019ann\u00e9e en cours<br \/>-Assure le suivi de la campagne des entretiens professionnels annuels des directions de proximit\u00e9.<br \/>-Participe aux revues du personnel avec les directeurs de proximit\u00e9 et les service de la direction des ressources humaines<br \/>-Participe \u00e0 l\u2019organisation et assure un suivi de l\u2019accueil et de l\u2019int\u00e9gration des nouveaux collaborateurs des directions de proximit\u00e9<\/p>\n<p>\u00b7La pr\u00e9vention des risques professionnels<br \/>-Assure l\u2019interface du service pr\u00e9vention dans le cadre de l\u2019information et du suivi de la mise en \u0153uvre des orientations arr\u00eat\u00e9es dans le domaine de la pr\u00e9vention, de la s\u00e9curit\u00e9, de la qualit\u00e9 de vie au travail.<br \/>-Assure l\u2019interface du service pr\u00e9vention notamment pour la gestion des restrictions d\u2019aptitudes et les am\u00e9nagements de postes<br \/>-Etablit les commandes des v\u00eatements de travail et Equipements de Protection Individuelle des personnels de terrain et s\u2019assure de la bonne tenue du stock<br \/>-R\u00e9alise des visites terrains r\u00e9guli\u00e8res pour pouvoir alerter de la non-conformit\u00e9 des proc\u00e9dures demand\u00e9es<br \/>-Centralise les pr\u00e9-d\u00e9clarations d\u2019accident du travail et assure la tenue des indicateurs sur le th\u00e8me.<\/p>\n<p>\u00b7La gestion r\u00e9glementaire<br \/>-Organise la diffusion de l\u2019information en mati\u00e8re de l\u00e9gislation du travail, du r\u00e8glement int\u00e9rieur, des accords d\u2019entreprise et participe \u00e0 la sensibilisation et \u00e0 l\u2019acculturation des collaborateurs dans ce cadre<br \/>-Apporte conseil et soutien aux Directeurs de proximit\u00e9 en mati\u00e8re de gestion disciplinaire de 1 niveau (courrier d\u2019observation), organise la remont\u00e9e des informations et des propositions de sanction.<\/p>\n<p>Le Gestionnaire participe <\/p>\n<h2>Profil:<\/h2>\n<\/p>\n<p>Comp\u00e9tences techniques :<\/p>\n<p>\u00b7Connaissance du monde HLM et des m\u00e9tiers de proximit\u00e9,<\/p>\n<p>\u00b7Connaissance et polyvalence sur les diff\u00e9rents domaines de la gestion des ressources humaines,<\/p>\n<p>\u00b7Ma\u00eetrise des outils bureautiques et informatiques.<\/p>\n<p>Comp\u00e9tences comportementales : <\/p>\n<p>\u00b7Souplesse et fermet\u00e9 dans le cadre des relations avec les op\u00e9rationnels,<\/p>\n<p>\u00b7Qualit\u00e9s relationnelles,<\/p>\n<p>\u00b7Capacit\u00e9s r\u00e9dactionnelles,<\/p>\n<p>\u00b7Esprit d\u2019analyse,<\/p>\n<p>\u00b7Rigueur,<\/p>\n<p>\u00b7Capacit\u00e9s d\u2019\u00e9coute,<\/p>\n<p>\u00b7Go\u00fbt pour le terrain.<\/p>\n<h3>Niveau de dipl\u00f4me:<\/h3>\n<p> Niveau III &#8211; Bac+2 (BTS, DUT,\u2026)<\/p>\n<h3>Temps de travail<\/h3>\n<p>Temps plein <\/p>\n<h3> Organisme <\/h3>\n<p> <span id=\"ctl00_ctl00_AspMainContent_MainContent_MasterPageSettingsView_ctl03_ctl01_fldEntityDescriptionFormat_lblContentText\"><span id=\"ctl00_MainContent_DescriptionEntityEdit_SubForm1_ctl01_Field1_ctl00_lblEntityFormat\">HAUTS-DE-SEINE HABITAT OPH <\/span><br \/><\/span><\/p>\n","protected":false},"author":0,"featured_media":5636,"template":"","meta":{"_promoted":"","_job_location":"France, Ile-de-France, Hauts-de-Seine (92) BAGNEUX, PLESSIS ET CHAVILLE","_application":"https:\/\/les-hlm-recrutent.talent-soft.com\/offre-de-emploi\/emploi-gestionnaire-rh-h-f_70364.aspx?utm_source=monbailleur.fr","_company_name":"HAUTS-DE-SEINE HABITAT OPH","_company_website":"","_company_tagline":"","_company_twitter":"","_company_video":"","_filled":0,"_featured":0,"_remote_position":0,"_job_salary":"","_job_salary_currency":"","_job_salary_unit":""},"job-categories":[78],"job-types":[52],"class_list":["post-39228","job_listing","type-job_listing","status-publish","has-post-thumbnail","hentry","job_listing_category-autres","job_listing_type-cdd","job-type-cdd"],"yoast_head":"<!-- This site is optimized with the Yoast SEO Premium plugin v22.4 (Yoast SEO v25.1) - https:\/\/yoast.com\/wordpress\/plugins\/seo\/ -->\n<title>GESTIONNAIRE RH H\/F - Monbailleur.fr - Emploi<\/title>\n<meta name=\"robots\" content=\"noindex, follow\" \/>\n<meta property=\"og:locale\" content=\"fr_FR\" \/>\n<meta property=\"og:type\" content=\"article\" \/>\n<meta property=\"og:title\" content=\"GESTIONNAIRE RH H\/F\" \/>\n<meta property=\"og:description\" content=\"L&rsquo;entreprise: Et si vous rejoignez un organisme social et solidaire, en d\u00e9veloppement permanent ? Depuis 1969, Hauts-de-Seine Habitat, premier bailleur social du d\u00e9partement, continue \u00e0 innover et \u00e0 d\u00e9velopper des solutions de logement pour tous, en mettant le locataire au c\u0153ur de ses actions. Rejoindre Hauts-de-Seine Habitat, c&rsquo;est int\u00e9grer un office compos\u00e9 de 850 collaborateurs,\" \/>\n<meta property=\"og:url\" content=\"https:\/\/www.monbailleur.fr\/offres-emploi\/poste\/gestionnaire-rh-h-f\" \/>\n<meta property=\"og:site_name\" content=\"Monbailleur.fr - Emploi\" \/>\n<meta property=\"og:image\" content=\"https:\/\/www.monbailleur.fr\/offres-emploi\/wp-content\/uploads\/2023\/06\/mon_bailleur_emploi_placeholder.png\" \/>\n\t<meta property=\"og:image:width\" content=\"512\" \/>\n\t<meta property=\"og:image:height\" content=\"512\" \/>\n\t<meta property=\"og:image:type\" content=\"image\/png\" \/>\n<meta name=\"twitter:card\" content=\"summary_large_image\" \/>\n<meta name=\"twitter:label1\" content=\"Dur\u00e9e de lecture estim\u00e9e\" \/>\n\t<meta name=\"twitter:data1\" content=\"3 minutes\" \/>\n<script type=\"application\/ld+json\" class=\"yoast-schema-graph\">{\"@context\":\"https:\/\/schema.org\",\"@graph\":[{\"@type\":\"WebPage\",\"@id\":\"https:\/\/www.monbailleur.fr\/offres-emploi\/poste\/gestionnaire-rh-h-f\",\"url\":\"https:\/\/www.monbailleur.fr\/offres-emploi\/poste\/gestionnaire-rh-h-f\",\"name\":\"GESTIONNAIRE RH H\/F - Monbailleur.fr - Emploi\",\"isPartOf\":{\"@id\":\"https:\/\/www.monbailleur.fr\/offres-emploi\/#website\"},\"primaryImageOfPage\":{\"@id\":\"https:\/\/www.monbailleur.fr\/offres-emploi\/poste\/gestionnaire-rh-h-f#primaryimage\"},\"image\":{\"@id\":\"https:\/\/www.monbailleur.fr\/offres-emploi\/poste\/gestionnaire-rh-h-f#primaryimage\"},\"thumbnailUrl\":\"https:\/\/www.monbailleur.fr\/offres-emploi\/wp-content\/uploads\/2023\/06\/mon_bailleur_emploi_placeholder.png\",\"datePublished\":\"2026-08-19T06:00:15+00:00\",\"breadcrumb\":{\"@id\":\"https:\/\/www.monbailleur.fr\/offres-emploi\/poste\/gestionnaire-rh-h-f#breadcrumb\"},\"inLanguage\":\"fr-FR\",\"potentialAction\":[{\"@type\":\"ReadAction\",\"target\":[\"https:\/\/www.monbailleur.fr\/offres-emploi\/poste\/gestionnaire-rh-h-f\"]}]},{\"@type\":\"ImageObject\",\"inLanguage\":\"fr-FR\",\"@id\":\"https:\/\/www.monbailleur.fr\/offres-emploi\/poste\/gestionnaire-rh-h-f#primaryimage\",\"url\":\"https:\/\/www.monbailleur.fr\/offres-emploi\/wp-content\/uploads\/2023\/06\/mon_bailleur_emploi_placeholder.png\",\"contentUrl\":\"https:\/\/www.monbailleur.fr\/offres-emploi\/wp-content\/uploads\/2023\/06\/mon_bailleur_emploi_placeholder.png\",\"width\":512,\"height\":512},{\"@type\":\"BreadcrumbList\",\"@id\":\"https:\/\/www.monbailleur.fr\/offres-emploi\/poste\/gestionnaire-rh-h-f#breadcrumb\",\"itemListElement\":[{\"@type\":\"ListItem\",\"position\":1,\"name\":\"Accueil\",\"item\":\"https:\/\/www.monbailleur.fr\/offres-emploi\/\"},{\"@type\":\"ListItem\",\"position\":2,\"name\":\"offres d\u2019emploi\",\"item\":\"https:\/\/www.monbailleur.fr\/offres-emploi\/job-listings\"},{\"@type\":\"ListItem\",\"position\":3,\"name\":\"GESTIONNAIRE RH H\/F\"}]},{\"@type\":\"WebSite\",\"@id\":\"https:\/\/www.monbailleur.fr\/offres-emploi\/#website\",\"url\":\"https:\/\/www.monbailleur.fr\/offres-emploi\/\",\"name\":\"Monbailleur.fr - Emploi\",\"description\":\"Les offres d&#039;emploi du logement social\",\"publisher\":{\"@id\":\"https:\/\/www.monbailleur.fr\/offres-emploi\/#organization\"},\"potentialAction\":[{\"@type\":\"SearchAction\",\"target\":{\"@type\":\"EntryPoint\",\"urlTemplate\":\"https:\/\/www.monbailleur.fr\/offres-emploi\/?s={search_term_string}\"},\"query-input\":{\"@type\":\"PropertyValueSpecification\",\"valueRequired\":true,\"valueName\":\"search_term_string\"}}],\"inLanguage\":\"fr-FR\"},{\"@type\":\"Organization\",\"@id\":\"https:\/\/www.monbailleur.fr\/offres-emploi\/#organization\",\"name\":\"Monbailleur.fr - Emploi\",\"url\":\"https:\/\/www.monbailleur.fr\/offres-emploi\/\",\"logo\":{\"@type\":\"ImageObject\",\"inLanguage\":\"fr-FR\",\"@id\":\"https:\/\/www.monbailleur.fr\/offres-emploi\/#\/schema\/logo\/image\/\",\"url\":\"https:\/\/www.monbailleur.fr\/offres-emploi\/wp-content\/uploads\/2023\/06\/MonBailleur-1200x675-1.png\",\"contentUrl\":\"https:\/\/www.monbailleur.fr\/offres-emploi\/wp-content\/uploads\/2023\/06\/MonBailleur-1200x675-1.png\",\"width\":1200,\"height\":675,\"caption\":\"Monbailleur.fr - Emploi\"},\"image\":{\"@id\":\"https:\/\/www.monbailleur.fr\/offres-emploi\/#\/schema\/logo\/image\/\"}}]}<\/script>\n<!-- \/ Yoast SEO Premium plugin. -->","yoast_head_json":{"title":"GESTIONNAIRE RH H\/F - Monbailleur.fr - Emploi","robots":{"index":"noindex","follow":"follow"},"og_locale":"fr_FR","og_type":"article","og_title":"GESTIONNAIRE RH H\/F","og_description":"L&rsquo;entreprise: Et si vous rejoignez un organisme social et solidaire, en d\u00e9veloppement permanent ? Depuis 1969, Hauts-de-Seine Habitat, premier bailleur social du d\u00e9partement, continue \u00e0 innover et \u00e0 d\u00e9velopper des solutions de logement pour tous, en mettant le locataire au c\u0153ur de ses actions. Rejoindre Hauts-de-Seine Habitat, c&rsquo;est int\u00e9grer un office compos\u00e9 de 850 collaborateurs,","og_url":"https:\/\/www.monbailleur.fr\/offres-emploi\/poste\/gestionnaire-rh-h-f","og_site_name":"Monbailleur.fr - Emploi","og_image":[{"width":512,"height":512,"url":"https:\/\/www.monbailleur.fr\/offres-emploi\/wp-content\/uploads\/2023\/06\/mon_bailleur_emploi_placeholder.png","type":"image\/png"}],"twitter_card":"summary_large_image","twitter_misc":{"Dur\u00e9e de lecture estim\u00e9e":"3 minutes"},"schema":{"@context":"https:\/\/schema.org","@graph":[{"@type":"WebPage","@id":"https:\/\/www.monbailleur.fr\/offres-emploi\/poste\/gestionnaire-rh-h-f","url":"https:\/\/www.monbailleur.fr\/offres-emploi\/poste\/gestionnaire-rh-h-f","name":"GESTIONNAIRE RH H\/F - Monbailleur.fr - Emploi","isPartOf":{"@id":"https:\/\/www.monbailleur.fr\/offres-emploi\/#website"},"primaryImageOfPage":{"@id":"https:\/\/www.monbailleur.fr\/offres-emploi\/poste\/gestionnaire-rh-h-f#primaryimage"},"image":{"@id":"https:\/\/www.monbailleur.fr\/offres-emploi\/poste\/gestionnaire-rh-h-f#primaryimage"},"thumbnailUrl":"https:\/\/www.monbailleur.fr\/offres-emploi\/wp-content\/uploads\/2023\/06\/mon_bailleur_emploi_placeholder.png","datePublished":"2026-08-19T06:00:15+00:00","breadcrumb":{"@id":"https:\/\/www.monbailleur.fr\/offres-emploi\/poste\/gestionnaire-rh-h-f#breadcrumb"},"inLanguage":"fr-FR","potentialAction":[{"@type":"ReadAction","target":["https:\/\/www.monbailleur.fr\/offres-emploi\/poste\/gestionnaire-rh-h-f"]}]},{"@type":"ImageObject","inLanguage":"fr-FR","@id":"https:\/\/www.monbailleur.fr\/offres-emploi\/poste\/gestionnaire-rh-h-f#primaryimage","url":"https:\/\/www.monbailleur.fr\/offres-emploi\/wp-content\/uploads\/2023\/06\/mon_bailleur_emploi_placeholder.png","contentUrl":"https:\/\/www.monbailleur.fr\/offres-emploi\/wp-content\/uploads\/2023\/06\/mon_bailleur_emploi_placeholder.png","width":512,"height":512},{"@type":"BreadcrumbList","@id":"https:\/\/www.monbailleur.fr\/offres-emploi\/poste\/gestionnaire-rh-h-f#breadcrumb","itemListElement":[{"@type":"ListItem","position":1,"name":"Accueil","item":"https:\/\/www.monbailleur.fr\/offres-emploi\/"},{"@type":"ListItem","position":2,"name":"offres d\u2019emploi","item":"https:\/\/www.monbailleur.fr\/offres-emploi\/job-listings"},{"@type":"ListItem","position":3,"name":"GESTIONNAIRE RH H\/F"}]},{"@type":"WebSite","@id":"https:\/\/www.monbailleur.fr\/offres-emploi\/#website","url":"https:\/\/www.monbailleur.fr\/offres-emploi\/","name":"Monbailleur.fr - Emploi","description":"Les offres d&#039;emploi du logement social","publisher":{"@id":"https:\/\/www.monbailleur.fr\/offres-emploi\/#organization"},"potentialAction":[{"@type":"SearchAction","target":{"@type":"EntryPoint","urlTemplate":"https:\/\/www.monbailleur.fr\/offres-emploi\/?s={search_term_string}"},"query-input":{"@type":"PropertyValueSpecification","valueRequired":true,"valueName":"search_term_string"}}],"inLanguage":"fr-FR"},{"@type":"Organization","@id":"https:\/\/www.monbailleur.fr\/offres-emploi\/#organization","name":"Monbailleur.fr - Emploi","url":"https:\/\/www.monbailleur.fr\/offres-emploi\/","logo":{"@type":"ImageObject","inLanguage":"fr-FR","@id":"https:\/\/www.monbailleur.fr\/offres-emploi\/#\/schema\/logo\/image\/","url":"https:\/\/www.monbailleur.fr\/offres-emploi\/wp-content\/uploads\/2023\/06\/MonBailleur-1200x675-1.png","contentUrl":"https:\/\/www.monbailleur.fr\/offres-emploi\/wp-content\/uploads\/2023\/06\/MonBailleur-1200x675-1.png","width":1200,"height":675,"caption":"Monbailleur.fr - Emploi"},"image":{"@id":"https:\/\/www.monbailleur.fr\/offres-emploi\/#\/schema\/logo\/image\/"}}]}},"_links":{"self":[{"href":"https:\/\/www.monbailleur.fr\/offres-emploi\/wp-json\/wp\/v2\/job-listings\/39228","targetHints":{"allow":["GET"]}}],"collection":[{"href":"https:\/\/www.monbailleur.fr\/offres-emploi\/wp-json\/wp\/v2\/job-listings"}],"about":[{"href":"https:\/\/www.monbailleur.fr\/offres-emploi\/wp-json\/wp\/v2\/types\/job_listing"}],"wp:featuredmedia":[{"embeddable":true,"href":"https:\/\/www.monbailleur.fr\/offres-emploi\/wp-json\/wp\/v2\/media\/5636"}],"wp:attachment":[{"href":"https:\/\/www.monbailleur.fr\/offres-emploi\/wp-json\/wp\/v2\/media?parent=39228"}],"wp:term":[{"taxonomy":"job_listing_category","embeddable":true,"href":"https:\/\/www.monbailleur.fr\/offres-emploi\/wp-json\/wp\/v2\/job-categories?post=39228"},{"taxonomy":"job_listing_type","embeddable":true,"href":"https:\/\/www.monbailleur.fr\/offres-emploi\/wp-json\/wp\/v2\/job-types?post=39228"}],"curies":[{"name":"wp","href":"https:\/\/api.w.org\/{rel}","templated":true}]}}