{"id":39242,"date":"2026-08-19T08:00:21","date_gmt":"2026-08-19T06:00:21","guid":{"rendered":"https:\/\/www.monbailleur.fr\/offres-emploi\/poste\/administrateur-systemes-et-reseaux-f-h"},"modified":"2026-08-19T08:00:21","modified_gmt":"2026-08-19T06:00:21","slug":"administrateur-systemes-et-reseaux-f-h","status":"publish","type":"job_listing","link":"https:\/\/www.monbailleur.fr\/offres-emploi\/poste\/administrateur-systemes-et-reseaux-f-h","title":{"rendered":"Administrateur Syst\u00e8mes et R\u00e9seaux F\/H"},"content":{"rendered":"<h2>L&rsquo;entreprise:<\/h2>\n<h2>Description:<\/h2>\n<\/p>\n<p>Expert(e) et anim\u00e9(e) par les syst\u00e8mes r\u00e9seaux, vous recherchez un nouvel environnement professionnel porteur de sens ?<\/p>\n<p>Vous souhaitez mettre \u00e0 profit vos comp\u00e9tences et exp\u00e9riences aupr\u00e8s d&rsquo;une \u00e9quipe collaborative et engag\u00e9e ?<\/p>\n<p>Ce poste est peut-\u00eatre celui qu&rsquo;il vous faut ! <\/p>\n<p>Au sein de la Direction des syst\u00e8mes d&rsquo;informations de NEOTOA, vous rejoignez l&rsquo;\u00e9quipe Exploitation et Infrastructure.<\/p>\n<p>En bin\u00f4me avec un autre Administrateur Syst\u00e8mes et R\u00e9seaux, vous \u00eates charg\u00e9(e) de configurer, exploiter et optimiser l\u2019infrastructure informatique et le r\u00e9seau.<\/p>\n<p>Votre mission consiste \u00e0 garantir leur performance, leur s\u00e9curit\u00e9 et leur disponibilit\u00e9.<\/p>\n<p>Votre appui technique vous permet \u00e9galement d&rsquo;accompagner les \u00e9quipes support ainsi que le charg\u00e9 du parc informatique lorsque votre expertise est n\u00e9cessaire.<\/p>\n<p>Plus en d\u00e9tail, vos missions sont les suivantes : <\/p>\n<p>1- Administrer<br \/>\u2022 Installer, configurer et administrer les composants logiciels et mat\u00e9riels d\u2019infrastructure data et voix en s&rsquo;assurant du maintien du niveau de s\u00e9curit\u00e9<br \/>\u2022 R\u00e9pondre aux besoins m\u00e9tiers et contribuer \u00e0 la priorisation des mises \u00e0 niveau<\/p>\n<p>2-Maintenir <br \/>\u2022 Maintenir \u00e0 niveau les applications (licences et mises \u00e0 jour)<br \/>\u2022 G\u00e9rer les comptes et les acc\u00e8s utilisateurs<br \/>\u2022 Assurer le support de niveau 2 sur von p\u00e9rim\u00e8tre : analyser les probl\u00e8mes complexes et solutionner les dysfonctionnements afin d\u2019apporter des solutions p\u00e9rennes<br \/>\u2022 D\u00e9ployer les outils de s\u00e9curit\u00e9 et les actions inscrits dans la politique de s\u00e9curit\u00e9 du syst\u00e8me d\u2019informations (PSSI) <\/p>\n<p>3- Superviser <br \/>\u2022 Elaborer les bilans et les analyses de performances des syst\u00e8mes <br \/>\u2022 Mettre en place et exploiter les outils de supervision <br \/>\u2022 D\u00e9terminer les \u00e9l\u00e9ments cl\u00e9s \u00e0 superviser et d\u00e9finir les solutions \u00e0 apporter afin de maximiser le taux de disponibilit\u00e9 des services \u00e0 l\u2019ensemble des p\u00f4les <\/p>\n<p>4-G\u00e9rer des projets techniques<br \/>\u2022 D\u00e9finir, en lien avec les p\u00f4les concern\u00e9s, les opportunit\u00e9s et risques li\u00e9s aux projets<br \/>\u2022 Piloter des projets techniques et coordonner les actions aupr\u00e8s des prestataires ou autres fournisseurs<br \/>\u2022 D\u00e9terminer des pistes d\u2019am\u00e9lioration de l&rsquo;existant en concevant des plans d\u2019actions <\/p>\n<p>5-Accompagner &amp; conseiller<br \/>\u2022 Participer \u00e0 l&rsquo;\u00e9laboration des cahiers des charges et \u00e0 la r\u00e9alisation de documentation technique<br \/>\u2022 \u00catre garant de la corr\u00e9lation des besoins m\u00e9tiers avec les exigences de s\u00e9curit\u00e9 tout en assurant une int\u00e9gration coh\u00e9rente \u00e0 l\u2019infrastructure <br \/>\u2022 \u00catre appui technique aux chefs de projets SI <br \/>\u2022 Assurer une veille technologique<\/p>\n<p>Et si c&rsquo;\u00e9tait vous ? <\/p>\n<p>Titulaire d&rsquo;une formation sup\u00e9rieure de niveau Bac+3 \u00e0 Bac +4 sp\u00e9cialis\u00e9e en administration des syst\u00e8mes et r\u00e9seaux, vous justifiez d&rsquo;au moins 3 ann\u00e9es d&rsquo;exp\u00e9rience sur un poste d&rsquo;administrateur r\u00e9seaux et syst\u00e8mes (hors alternance). <\/p>\n<p>Au cours de votre parcours, vous avez d\u00e9velopp\u00e9 une solide expertise technique vous permettant d&rsquo;intervenir avec autonomie sur les environnements suivants :<\/p>\n<p>&#8211; VMWare <br \/>&#8211; FireWall Fortigate &amp; Palo-Alto <br \/>&#8211; Microsoft (AD, Entra, Windows Server) <br \/>&#8211; M365 \/ Azure <br \/>&#8211; R\u00e9seau meraki <br \/>&#8211; Sauvegarde IBM, Predatar <\/p>\n<p>Curieux(se) et sensible aux innovations, vous \u00eates r\u00e9guli\u00e8rement en veille sur votre secteur.<\/p>\n<p>A l&rsquo;aise avec les changements, vous accompagnez avec p\u00e9dagogie, s\u00e9r\u00e9nit\u00e9 et enthousiasme les projets novateurs. <\/p>\n<p>Conscient(e) des diff\u00e9rents enjeux du poste, vous vous montrez rigoureux(se) dans l&rsquo;exercice de vos fonctions et prenez des d\u00e9cisions mesur\u00e9es et r\u00e9fl\u00e9chies.<\/p>\n<p>Orient\u00e9(e) solutions, vous \u00eates force de proposition pour la mise en place d&rsquo;actions correctives et contribuez ainsi aux enjeux d&rsquo;am\u00e9lioration continue du service. <\/p>\n<p>Autonome et proactif(ve), vous savez organiser efficacement vos activit\u00e9s.<\/p>\n<p>Enfin, votre sens de l&rsquo;organisation, votre adaptabilit\u00e9 et votre flexibilit\u00e9 vous permettront d&rsquo;\u00e9voluer sereinement dans un contexte pouvant n\u00e9cessiter des astreintes.<\/p>\n<p>Modalit\u00e9s du poste : <\/p>\n<p>&#8211; Poste \u00e0 pourvoir \u00e0 compter d&rsquo;octobre 2026 &#8211; CDI <br \/>&#8211; Forfait jours (202 jours\/JNT) <br \/>&#8211; Selon la convention collective des offices publics de l&rsquo;Habitat : statut cadre, classe 8 <br \/>&#8211; Poste bas\u00e9 \u00e0 Rennes &#8211; Boulevard de Verdun <br \/>&#8211; D\u00e9placements ponctuels n\u00e9cessaires (d\u00e9partements 35 et 22) <br \/>&#8211; Astreintes possibles <br \/>&#8211; T\u00e9l\u00e9travail possible (2,5 maximum par semaine) <\/p>\n<p>La fourchette de r\u00e9mun\u00e9ration indiqu\u00e9e comprend le salaire brut annuel sur 12 mois ainsi que les primes de vacances et de fin d\u2019ann\u00e9e.<br \/>Le montant exact sera d\u00e9termin\u00e9 en fonction du parcours et de l\u2019exp\u00e9rience de la personne retenue.<\/p>\n<h3>Niveau de dipl\u00f4me:<\/h3>\n<p> Niveau II &#8211; Bac+3\/4 (licence, ma\u00eetrise,&#8230;)<\/p>\n<h3>Temps de travail<\/h3>\n<p>Temps plein <\/p>\n<h3> Organisme <\/h3>\n<p> <span id=\"ctl00_ctl00_AspMainContent_MainContent_MasterPageSettingsView_ctl03_ctl01_fldEntityDescriptionFormat_lblContentText\"><span id=\"ctl00_MainContent_DescriptionEntityEdit_SubForm1_ctl01_Field1_ctl00_lblEntityFormat\">N\u00c9OTOA <\/span><br \/><\/span><\/p>\n","protected":false},"author":0,"featured_media":5636,"template":"","meta":{"_promoted":"","_job_location":"France, Bretagne, Ille et Vilaine (35) Rennes","_application":"https:\/\/les-hlm-recrutent.talent-soft.com\/offre-de-emploi\/emploi-administrateur-systemes-et-reseaux-f-h_70387.aspx?utm_source=monbailleur.fr","_company_name":"N\u00c9OTOA","_company_website":"","_company_tagline":"","_company_twitter":"","_company_video":"","_filled":0,"_featured":0,"_remote_position":0,"_job_salary":"","_job_salary_currency":"","_job_salary_unit":""},"job-categories":[78],"job-types":[63],"class_list":["post-39242","job_listing","type-job_listing","status-publish","has-post-thumbnail","hentry","job_listing_category-autres","job_listing_type-cdi","job-type-cdi"],"yoast_head":"<!-- This site is optimized with the Yoast SEO Premium plugin v22.4 (Yoast SEO v25.1) - https:\/\/yoast.com\/wordpress\/plugins\/seo\/ -->\n<title>Administrateur Syst\u00e8mes et R\u00e9seaux F\/H - Monbailleur.fr - Emploi<\/title>\n<meta name=\"robots\" content=\"noindex, follow\" \/>\n<meta property=\"og:locale\" content=\"fr_FR\" \/>\n<meta property=\"og:type\" content=\"article\" \/>\n<meta property=\"og:title\" content=\"Administrateur Syst\u00e8mes et R\u00e9seaux F\/H\" \/>\n<meta property=\"og:description\" content=\"L&rsquo;entreprise: Description: Expert(e) et anim\u00e9(e) par les syst\u00e8mes r\u00e9seaux, vous recherchez un nouvel environnement professionnel porteur de sens ? Vous souhaitez mettre \u00e0 profit vos comp\u00e9tences et exp\u00e9riences aupr\u00e8s d&rsquo;une \u00e9quipe collaborative et engag\u00e9e ? Ce poste est peut-\u00eatre celui qu&rsquo;il vous faut ! Au sein de la Direction des syst\u00e8mes d&rsquo;informations de NEOTOA, vous\" \/>\n<meta property=\"og:url\" content=\"https:\/\/www.monbailleur.fr\/offres-emploi\/poste\/administrateur-systemes-et-reseaux-f-h\" \/>\n<meta property=\"og:site_name\" content=\"Monbailleur.fr - Emploi\" \/>\n<meta property=\"og:image\" content=\"https:\/\/www.monbailleur.fr\/offres-emploi\/wp-content\/uploads\/2023\/06\/mon_bailleur_emploi_placeholder.png\" \/>\n\t<meta property=\"og:image:width\" content=\"512\" \/>\n\t<meta property=\"og:image:height\" content=\"512\" \/>\n\t<meta property=\"og:image:type\" content=\"image\/png\" \/>\n<meta name=\"twitter:card\" content=\"summary_large_image\" \/>\n<meta name=\"twitter:label1\" content=\"Dur\u00e9e de lecture estim\u00e9e\" \/>\n\t<meta name=\"twitter:data1\" content=\"4 minutes\" \/>\n<script type=\"application\/ld+json\" class=\"yoast-schema-graph\">{\"@context\":\"https:\/\/schema.org\",\"@graph\":[{\"@type\":\"WebPage\",\"@id\":\"https:\/\/www.monbailleur.fr\/offres-emploi\/poste\/administrateur-systemes-et-reseaux-f-h\",\"url\":\"https:\/\/www.monbailleur.fr\/offres-emploi\/poste\/administrateur-systemes-et-reseaux-f-h\",\"name\":\"Administrateur Syst\u00e8mes et R\u00e9seaux F\/H - Monbailleur.fr - Emploi\",\"isPartOf\":{\"@id\":\"https:\/\/www.monbailleur.fr\/offres-emploi\/#website\"},\"primaryImageOfPage\":{\"@id\":\"https:\/\/www.monbailleur.fr\/offres-emploi\/poste\/administrateur-systemes-et-reseaux-f-h#primaryimage\"},\"image\":{\"@id\":\"https:\/\/www.monbailleur.fr\/offres-emploi\/poste\/administrateur-systemes-et-reseaux-f-h#primaryimage\"},\"thumbnailUrl\":\"https:\/\/www.monbailleur.fr\/offres-emploi\/wp-content\/uploads\/2023\/06\/mon_bailleur_emploi_placeholder.png\",\"datePublished\":\"2026-08-19T06:00:21+00:00\",\"breadcrumb\":{\"@id\":\"https:\/\/www.monbailleur.fr\/offres-emploi\/poste\/administrateur-systemes-et-reseaux-f-h#breadcrumb\"},\"inLanguage\":\"fr-FR\",\"potentialAction\":[{\"@type\":\"ReadAction\",\"target\":[\"https:\/\/www.monbailleur.fr\/offres-emploi\/poste\/administrateur-systemes-et-reseaux-f-h\"]}]},{\"@type\":\"ImageObject\",\"inLanguage\":\"fr-FR\",\"@id\":\"https:\/\/www.monbailleur.fr\/offres-emploi\/poste\/administrateur-systemes-et-reseaux-f-h#primaryimage\",\"url\":\"https:\/\/www.monbailleur.fr\/offres-emploi\/wp-content\/uploads\/2023\/06\/mon_bailleur_emploi_placeholder.png\",\"contentUrl\":\"https:\/\/www.monbailleur.fr\/offres-emploi\/wp-content\/uploads\/2023\/06\/mon_bailleur_emploi_placeholder.png\",\"width\":512,\"height\":512},{\"@type\":\"BreadcrumbList\",\"@id\":\"https:\/\/www.monbailleur.fr\/offres-emploi\/poste\/administrateur-systemes-et-reseaux-f-h#breadcrumb\",\"itemListElement\":[{\"@type\":\"ListItem\",\"position\":1,\"name\":\"Accueil\",\"item\":\"https:\/\/www.monbailleur.fr\/offres-emploi\/\"},{\"@type\":\"ListItem\",\"position\":2,\"name\":\"offres d\u2019emploi\",\"item\":\"https:\/\/www.monbailleur.fr\/offres-emploi\/job-listings\"},{\"@type\":\"ListItem\",\"position\":3,\"name\":\"Administrateur Syst\u00e8mes et R\u00e9seaux F\/H\"}]},{\"@type\":\"WebSite\",\"@id\":\"https:\/\/www.monbailleur.fr\/offres-emploi\/#website\",\"url\":\"https:\/\/www.monbailleur.fr\/offres-emploi\/\",\"name\":\"Monbailleur.fr - Emploi\",\"description\":\"Les offres d&#039;emploi du logement social\",\"publisher\":{\"@id\":\"https:\/\/www.monbailleur.fr\/offres-emploi\/#organization\"},\"potentialAction\":[{\"@type\":\"SearchAction\",\"target\":{\"@type\":\"EntryPoint\",\"urlTemplate\":\"https:\/\/www.monbailleur.fr\/offres-emploi\/?s={search_term_string}\"},\"query-input\":{\"@type\":\"PropertyValueSpecification\",\"valueRequired\":true,\"valueName\":\"search_term_string\"}}],\"inLanguage\":\"fr-FR\"},{\"@type\":\"Organization\",\"@id\":\"https:\/\/www.monbailleur.fr\/offres-emploi\/#organization\",\"name\":\"Monbailleur.fr - Emploi\",\"url\":\"https:\/\/www.monbailleur.fr\/offres-emploi\/\",\"logo\":{\"@type\":\"ImageObject\",\"inLanguage\":\"fr-FR\",\"@id\":\"https:\/\/www.monbailleur.fr\/offres-emploi\/#\/schema\/logo\/image\/\",\"url\":\"https:\/\/www.monbailleur.fr\/offres-emploi\/wp-content\/uploads\/2023\/06\/MonBailleur-1200x675-1.png\",\"contentUrl\":\"https:\/\/www.monbailleur.fr\/offres-emploi\/wp-content\/uploads\/2023\/06\/MonBailleur-1200x675-1.png\",\"width\":1200,\"height\":675,\"caption\":\"Monbailleur.fr - Emploi\"},\"image\":{\"@id\":\"https:\/\/www.monbailleur.fr\/offres-emploi\/#\/schema\/logo\/image\/\"}}]}<\/script>\n<!-- \/ Yoast SEO Premium plugin. -->","yoast_head_json":{"title":"Administrateur Syst\u00e8mes et R\u00e9seaux F\/H - Monbailleur.fr - Emploi","robots":{"index":"noindex","follow":"follow"},"og_locale":"fr_FR","og_type":"article","og_title":"Administrateur Syst\u00e8mes et R\u00e9seaux F\/H","og_description":"L&rsquo;entreprise: Description: Expert(e) et anim\u00e9(e) par les syst\u00e8mes r\u00e9seaux, vous recherchez un nouvel environnement professionnel porteur de sens ? Vous souhaitez mettre \u00e0 profit vos comp\u00e9tences et exp\u00e9riences aupr\u00e8s d&rsquo;une \u00e9quipe collaborative et engag\u00e9e ? Ce poste est peut-\u00eatre celui qu&rsquo;il vous faut ! Au sein de la Direction des syst\u00e8mes d&rsquo;informations de NEOTOA, vous","og_url":"https:\/\/www.monbailleur.fr\/offres-emploi\/poste\/administrateur-systemes-et-reseaux-f-h","og_site_name":"Monbailleur.fr - Emploi","og_image":[{"width":512,"height":512,"url":"https:\/\/www.monbailleur.fr\/offres-emploi\/wp-content\/uploads\/2023\/06\/mon_bailleur_emploi_placeholder.png","type":"image\/png"}],"twitter_card":"summary_large_image","twitter_misc":{"Dur\u00e9e de lecture estim\u00e9e":"4 minutes"},"schema":{"@context":"https:\/\/schema.org","@graph":[{"@type":"WebPage","@id":"https:\/\/www.monbailleur.fr\/offres-emploi\/poste\/administrateur-systemes-et-reseaux-f-h","url":"https:\/\/www.monbailleur.fr\/offres-emploi\/poste\/administrateur-systemes-et-reseaux-f-h","name":"Administrateur Syst\u00e8mes et R\u00e9seaux F\/H - Monbailleur.fr - Emploi","isPartOf":{"@id":"https:\/\/www.monbailleur.fr\/offres-emploi\/#website"},"primaryImageOfPage":{"@id":"https:\/\/www.monbailleur.fr\/offres-emploi\/poste\/administrateur-systemes-et-reseaux-f-h#primaryimage"},"image":{"@id":"https:\/\/www.monbailleur.fr\/offres-emploi\/poste\/administrateur-systemes-et-reseaux-f-h#primaryimage"},"thumbnailUrl":"https:\/\/www.monbailleur.fr\/offres-emploi\/wp-content\/uploads\/2023\/06\/mon_bailleur_emploi_placeholder.png","datePublished":"2026-08-19T06:00:21+00:00","breadcrumb":{"@id":"https:\/\/www.monbailleur.fr\/offres-emploi\/poste\/administrateur-systemes-et-reseaux-f-h#breadcrumb"},"inLanguage":"fr-FR","potentialAction":[{"@type":"ReadAction","target":["https:\/\/www.monbailleur.fr\/offres-emploi\/poste\/administrateur-systemes-et-reseaux-f-h"]}]},{"@type":"ImageObject","inLanguage":"fr-FR","@id":"https:\/\/www.monbailleur.fr\/offres-emploi\/poste\/administrateur-systemes-et-reseaux-f-h#primaryimage","url":"https:\/\/www.monbailleur.fr\/offres-emploi\/wp-content\/uploads\/2023\/06\/mon_bailleur_emploi_placeholder.png","contentUrl":"https:\/\/www.monbailleur.fr\/offres-emploi\/wp-content\/uploads\/2023\/06\/mon_bailleur_emploi_placeholder.png","width":512,"height":512},{"@type":"BreadcrumbList","@id":"https:\/\/www.monbailleur.fr\/offres-emploi\/poste\/administrateur-systemes-et-reseaux-f-h#breadcrumb","itemListElement":[{"@type":"ListItem","position":1,"name":"Accueil","item":"https:\/\/www.monbailleur.fr\/offres-emploi\/"},{"@type":"ListItem","position":2,"name":"offres d\u2019emploi","item":"https:\/\/www.monbailleur.fr\/offres-emploi\/job-listings"},{"@type":"ListItem","position":3,"name":"Administrateur Syst\u00e8mes et R\u00e9seaux F\/H"}]},{"@type":"WebSite","@id":"https:\/\/www.monbailleur.fr\/offres-emploi\/#website","url":"https:\/\/www.monbailleur.fr\/offres-emploi\/","name":"Monbailleur.fr - Emploi","description":"Les offres d&#039;emploi du logement social","publisher":{"@id":"https:\/\/www.monbailleur.fr\/offres-emploi\/#organization"},"potentialAction":[{"@type":"SearchAction","target":{"@type":"EntryPoint","urlTemplate":"https:\/\/www.monbailleur.fr\/offres-emploi\/?s={search_term_string}"},"query-input":{"@type":"PropertyValueSpecification","valueRequired":true,"valueName":"search_term_string"}}],"inLanguage":"fr-FR"},{"@type":"Organization","@id":"https:\/\/www.monbailleur.fr\/offres-emploi\/#organization","name":"Monbailleur.fr - Emploi","url":"https:\/\/www.monbailleur.fr\/offres-emploi\/","logo":{"@type":"ImageObject","inLanguage":"fr-FR","@id":"https:\/\/www.monbailleur.fr\/offres-emploi\/#\/schema\/logo\/image\/","url":"https:\/\/www.monbailleur.fr\/offres-emploi\/wp-content\/uploads\/2023\/06\/MonBailleur-1200x675-1.png","contentUrl":"https:\/\/www.monbailleur.fr\/offres-emploi\/wp-content\/uploads\/2023\/06\/MonBailleur-1200x675-1.png","width":1200,"height":675,"caption":"Monbailleur.fr - Emploi"},"image":{"@id":"https:\/\/www.monbailleur.fr\/offres-emploi\/#\/schema\/logo\/image\/"}}]}},"_links":{"self":[{"href":"https:\/\/www.monbailleur.fr\/offres-emploi\/wp-json\/wp\/v2\/job-listings\/39242","targetHints":{"allow":["GET"]}}],"collection":[{"href":"https:\/\/www.monbailleur.fr\/offres-emploi\/wp-json\/wp\/v2\/job-listings"}],"about":[{"href":"https:\/\/www.monbailleur.fr\/offres-emploi\/wp-json\/wp\/v2\/types\/job_listing"}],"wp:featuredmedia":[{"embeddable":true,"href":"https:\/\/www.monbailleur.fr\/offres-emploi\/wp-json\/wp\/v2\/media\/5636"}],"wp:attachment":[{"href":"https:\/\/www.monbailleur.fr\/offres-emploi\/wp-json\/wp\/v2\/media?parent=39242"}],"wp:term":[{"taxonomy":"job_listing_category","embeddable":true,"href":"https:\/\/www.monbailleur.fr\/offres-emploi\/wp-json\/wp\/v2\/job-categories?post=39242"},{"taxonomy":"job_listing_type","embeddable":true,"href":"https:\/\/www.monbailleur.fr\/offres-emploi\/wp-json\/wp\/v2\/job-types?post=39242"}],"curies":[{"name":"wp","href":"https:\/\/api.w.org\/{rel}","templated":true}]}}