{"id":39284,"date":"2026-08-19T08:00:42","date_gmt":"2026-08-19T06:00:42","guid":{"rendered":"https:\/\/www.monbailleur.fr\/offres-emploi\/poste\/charge-de-suivi-social-et-contentieux-f-h"},"modified":"2026-08-19T08:00:42","modified_gmt":"2026-08-19T06:00:42","slug":"charge-de-suivi-social-et-contentieux-f-h","status":"publish","type":"job_listing","link":"https:\/\/www.monbailleur.fr\/offres-emploi\/poste\/charge-de-suivi-social-et-contentieux-f-h","title":{"rendered":"Charg\u00e9 de suivi social et contentieux F\/H"},"content":{"rendered":"<h2>L&rsquo;entreprise:<\/h2>\n<h2>Description:<\/h2>\n<\/p>\n<p>Rejoignez-nous pour agir concr\u00e8tement au service des locataires et contribuer \u00e0 la ma\u00eetrise des impay\u00e9s !<\/p>\n<p>Sous la responsabilit\u00e9 du Responsable du service Suivi Social &amp; Contentieux, vous accompagnez les locataires dans la r\u00e9solution de leurs difficult\u00e9s. Vous intervenez sur un secteur d\u00e9di\u00e9 pour assurer le suivi des situations d\u2019impay\u00e9s, de la phase pr\u00e9contentieuse jusqu\u2019au contentieux, avec pour objectif de favoriser le maintien des familles dans leur logement.<\/p>\n<p> Vos principales missions <br \/>&#8211; Analyser les situations d\u2019impay\u00e9s et identifier les solutions adapt\u00e9es ; <br \/>&#8211; Accompagner les locataires et construire avec eux des solutions de r\u00e8glement durables ; <br \/>&#8211; Mobiliser les dispositifs et partenaires sociaux : FSL, surendettement, CCAPEX, etc. <br \/>&#8211; Mettre en \u0153uvre les actions pr\u00e9contentieuses et contentieuses li\u00e9es au recouvrement ; <br \/>&#8211; Piloter les relations avec les huissiers, avocats et diff\u00e9rents partenaires ; <br \/>&#8211; Suivre les proc\u00e9dures d\u2019expulsion et l\u2019ex\u00e9cution des d\u00e9cisions de justice ; <br \/>&#8211; Assurer le suivi administratif, informatique et le reporting de votre activit\u00e9 ; <br \/>&#8211; \u00catre force de proposition dans la r\u00e9solution des situations complexes.<\/p>\n<p>Formation<\/p>\n<p>&#8211; Formation sup\u00e9rieure Bac+2\/3 en immobilier ou juridique. <\/p>\n<p> Exp\u00e9rience<\/p>\n<p>&#8211; Exp\u00e9rience r\u00e9ussie de 2 \u00e0 3 ans sur un poste similaire, id\u00e9alement acquise dans le secteur de l&rsquo;immobilier ou du logement social. <\/p>\n<p> Comp\u00e9tences techniques<\/p>\n<p>&#8211; Ma\u00eetriser les techniques de recouvrement et disposer de connaissances en proc\u00e9dures civiles d\u2019ex\u00e9cution et gestion locative HLM ; <br \/>&#8211; <\/p>\n<p>Poss\u00e9der de solides connaissances en mati\u00e8re de proc\u00e9dures civiles d\u2019ex\u00e9cution ;<\/p>\n<p>&#8211; Aisance avec les outils informatiques ; <\/p>\n<p> Qualit\u00e9s personnelles<\/p>\n<p>&#8211; Rigueur, autonomie et organisation ; <br \/>&#8211; Qualit\u00e9s relationnelles et r\u00e9dactionnelles ; <br \/>&#8211; Esprit d&rsquo;\u00e9quipe ; <br \/>&#8211; Capacit\u00e9 d\u2019analyse, d\u2019\u00e9coute, de m\u00e9diation et de synth\u00e8se ; <br \/>&#8211; Discr\u00e9tion et respect de la confidentialit\u00e9. <\/p>\n<p> Pourquoi nous rejoindre ? <br \/>&#8211; Des projets porteurs de sens au service de l\u2019int\u00e9r\u00eat g\u00e9n\u00e9ral <br \/>&#8211; Un poste \u00e0 la crois\u00e9e du social, du juridique et de la relation client, avec un impact concret sur le quotidien des locataires. <br \/>&#8211; Une r\u00e9mun\u00e9ration sur 13,65 mois <br \/>&#8211; Un statut maitrise <br \/>&#8211; Un accord d\u2019int\u00e9ressement <br \/>&#8211; Une mutuelle avantageuse <br \/>&#8211; Des tickets restaurant <br \/>&#8211; Remboursement des frais de transport en commun <br \/>&#8211; Forfait mobilit\u00e9 durable <br \/>&#8211; 39 heures par semaine avec RTT pour un meilleur \u00e9quilibre vie professionnelle \/ vie personnelle <br \/>&#8211; Un CSE dynamique <br \/>&#8211; Un cadre de travail stimulant et responsabilisant <\/p>\n<p>Les d\u00e9finitions suivantes ne sont ni exhaustives, ni immuables. Elles peuvent \u00eatre modifi\u00e9es \u00e0 tout moment en fonction des besoins du Service, de la Direction ou de la Soci\u00e9t\u00e9.<\/p>\n<h3>Niveau de dipl\u00f4me:<\/h3>\n<p> Niveau III &#8211; Bac+2 (BTS, DUT,\u2026)<\/p>\n<h3>Temps de travail<\/h3>\n<p>Temps plein <\/p>\n<h3> Organisme <\/h3>\n<p> <span id=\"ctl00_ctl00_AspMainContent_MainContent_MasterPageSettingsView_ctl03_ctl01_fldEntityDescriptionFormat_lblContentText\"><span id=\"ctl00_MainContent_DescriptionEntityEdit_SubForm1_ctl01_Field1_ctl00_lblEntityFormat\">AUVERGNE HABITAT <\/span><br \/><\/span><\/p>\n","protected":false},"author":0,"featured_media":32950,"template":"","meta":{"_promoted":"","_job_location":"France, Auvergne - Rhone-Alpes, Puy de D\u00f4me (63) Clermont-Ferrand","_application":"https:\/\/les-hlm-recrutent.talent-soft.com\/offre-de-emploi\/emploi-charge-de-suivi-social-et-contentieux-f-h_70410.aspx?utm_source=monbailleur.fr","_company_name":"AUVERGNE HABITAT","_company_website":"","_company_tagline":"","_company_twitter":"","_company_video":"","_filled":0,"_featured":0,"_remote_position":0,"_job_salary":"","_job_salary_currency":"","_job_salary_unit":""},"job-categories":[78],"job-types":[63],"class_list":["post-39284","job_listing","type-job_listing","status-publish","has-post-thumbnail","hentry","job_listing_category-autres","job_listing_type-cdi","job-type-cdi"],"yoast_head":"<!-- This site is optimized with the Yoast SEO Premium plugin v22.4 (Yoast SEO v25.1) - https:\/\/yoast.com\/wordpress\/plugins\/seo\/ -->\n<title>Charg\u00e9 de suivi social et contentieux F\/H - Monbailleur.fr - Emploi<\/title>\n<meta name=\"robots\" content=\"noindex, follow\" \/>\n<meta property=\"og:locale\" content=\"fr_FR\" \/>\n<meta property=\"og:type\" content=\"article\" \/>\n<meta property=\"og:title\" content=\"Charg\u00e9 de suivi social et contentieux F\/H\" \/>\n<meta property=\"og:description\" content=\"L&rsquo;entreprise: Description: Rejoignez-nous pour agir concr\u00e8tement au service des locataires et contribuer \u00e0 la ma\u00eetrise des impay\u00e9s ! Sous la responsabilit\u00e9 du Responsable du service Suivi Social &amp; Contentieux, vous accompagnez les locataires dans la r\u00e9solution de leurs difficult\u00e9s. Vous intervenez sur un secteur d\u00e9di\u00e9 pour assurer le suivi des situations d\u2019impay\u00e9s, de la phase\" \/>\n<meta property=\"og:url\" content=\"https:\/\/www.monbailleur.fr\/offres-emploi\/poste\/charge-de-suivi-social-et-contentieux-f-h\" \/>\n<meta property=\"og:site_name\" content=\"Monbailleur.fr - Emploi\" \/>\n<meta property=\"og:image\" content=\"https:\/\/www.monbailleur.fr\/offres-emploi\/wp-content\/uploads\/2025\/12\/auvergne-habitat.png\" \/>\n\t<meta property=\"og:image:width\" content=\"200\" \/>\n\t<meta property=\"og:image:height\" content=\"183\" \/>\n\t<meta property=\"og:image:type\" content=\"image\/png\" \/>\n<meta name=\"twitter:card\" content=\"summary_large_image\" \/>\n<meta name=\"twitter:label1\" content=\"Dur\u00e9e de lecture estim\u00e9e\" \/>\n\t<meta name=\"twitter:data1\" content=\"2 minutes\" \/>\n<script type=\"application\/ld+json\" class=\"yoast-schema-graph\">{\"@context\":\"https:\/\/schema.org\",\"@graph\":[{\"@type\":\"WebPage\",\"@id\":\"https:\/\/www.monbailleur.fr\/offres-emploi\/poste\/charge-de-suivi-social-et-contentieux-f-h\",\"url\":\"https:\/\/www.monbailleur.fr\/offres-emploi\/poste\/charge-de-suivi-social-et-contentieux-f-h\",\"name\":\"Charg\u00e9 de suivi social et contentieux F\/H - Monbailleur.fr - Emploi\",\"isPartOf\":{\"@id\":\"https:\/\/www.monbailleur.fr\/offres-emploi\/#website\"},\"primaryImageOfPage\":{\"@id\":\"https:\/\/www.monbailleur.fr\/offres-emploi\/poste\/charge-de-suivi-social-et-contentieux-f-h#primaryimage\"},\"image\":{\"@id\":\"https:\/\/www.monbailleur.fr\/offres-emploi\/poste\/charge-de-suivi-social-et-contentieux-f-h#primaryimage\"},\"thumbnailUrl\":\"https:\/\/www.monbailleur.fr\/offres-emploi\/wp-content\/uploads\/2025\/12\/auvergne-habitat.png\",\"datePublished\":\"2026-08-19T06:00:42+00:00\",\"breadcrumb\":{\"@id\":\"https:\/\/www.monbailleur.fr\/offres-emploi\/poste\/charge-de-suivi-social-et-contentieux-f-h#breadcrumb\"},\"inLanguage\":\"fr-FR\",\"potentialAction\":[{\"@type\":\"ReadAction\",\"target\":[\"https:\/\/www.monbailleur.fr\/offres-emploi\/poste\/charge-de-suivi-social-et-contentieux-f-h\"]}]},{\"@type\":\"ImageObject\",\"inLanguage\":\"fr-FR\",\"@id\":\"https:\/\/www.monbailleur.fr\/offres-emploi\/poste\/charge-de-suivi-social-et-contentieux-f-h#primaryimage\",\"url\":\"https:\/\/www.monbailleur.fr\/offres-emploi\/wp-content\/uploads\/2025\/12\/auvergne-habitat.png\",\"contentUrl\":\"https:\/\/www.monbailleur.fr\/offres-emploi\/wp-content\/uploads\/2025\/12\/auvergne-habitat.png\",\"width\":200,\"height\":183},{\"@type\":\"BreadcrumbList\",\"@id\":\"https:\/\/www.monbailleur.fr\/offres-emploi\/poste\/charge-de-suivi-social-et-contentieux-f-h#breadcrumb\",\"itemListElement\":[{\"@type\":\"ListItem\",\"position\":1,\"name\":\"Accueil\",\"item\":\"https:\/\/www.monbailleur.fr\/offres-emploi\/\"},{\"@type\":\"ListItem\",\"position\":2,\"name\":\"offres d\u2019emploi\",\"item\":\"https:\/\/www.monbailleur.fr\/offres-emploi\/job-listings\"},{\"@type\":\"ListItem\",\"position\":3,\"name\":\"Charg\u00e9 de suivi social et contentieux F\/H\"}]},{\"@type\":\"WebSite\",\"@id\":\"https:\/\/www.monbailleur.fr\/offres-emploi\/#website\",\"url\":\"https:\/\/www.monbailleur.fr\/offres-emploi\/\",\"name\":\"Monbailleur.fr - Emploi\",\"description\":\"Les offres d&#039;emploi du logement social\",\"publisher\":{\"@id\":\"https:\/\/www.monbailleur.fr\/offres-emploi\/#organization\"},\"potentialAction\":[{\"@type\":\"SearchAction\",\"target\":{\"@type\":\"EntryPoint\",\"urlTemplate\":\"https:\/\/www.monbailleur.fr\/offres-emploi\/?s={search_term_string}\"},\"query-input\":{\"@type\":\"PropertyValueSpecification\",\"valueRequired\":true,\"valueName\":\"search_term_string\"}}],\"inLanguage\":\"fr-FR\"},{\"@type\":\"Organization\",\"@id\":\"https:\/\/www.monbailleur.fr\/offres-emploi\/#organization\",\"name\":\"Monbailleur.fr - Emploi\",\"url\":\"https:\/\/www.monbailleur.fr\/offres-emploi\/\",\"logo\":{\"@type\":\"ImageObject\",\"inLanguage\":\"fr-FR\",\"@id\":\"https:\/\/www.monbailleur.fr\/offres-emploi\/#\/schema\/logo\/image\/\",\"url\":\"https:\/\/www.monbailleur.fr\/offres-emploi\/wp-content\/uploads\/2023\/06\/MonBailleur-1200x675-1.png\",\"contentUrl\":\"https:\/\/www.monbailleur.fr\/offres-emploi\/wp-content\/uploads\/2023\/06\/MonBailleur-1200x675-1.png\",\"width\":1200,\"height\":675,\"caption\":\"Monbailleur.fr - Emploi\"},\"image\":{\"@id\":\"https:\/\/www.monbailleur.fr\/offres-emploi\/#\/schema\/logo\/image\/\"}}]}<\/script>\n<!-- \/ Yoast SEO Premium plugin. -->","yoast_head_json":{"title":"Charg\u00e9 de suivi social et contentieux F\/H - Monbailleur.fr - Emploi","robots":{"index":"noindex","follow":"follow"},"og_locale":"fr_FR","og_type":"article","og_title":"Charg\u00e9 de suivi social et contentieux F\/H","og_description":"L&rsquo;entreprise: Description: Rejoignez-nous pour agir concr\u00e8tement au service des locataires et contribuer \u00e0 la ma\u00eetrise des impay\u00e9s ! Sous la responsabilit\u00e9 du Responsable du service Suivi Social &amp; Contentieux, vous accompagnez les locataires dans la r\u00e9solution de leurs difficult\u00e9s. Vous intervenez sur un secteur d\u00e9di\u00e9 pour assurer le suivi des situations d\u2019impay\u00e9s, de la phase","og_url":"https:\/\/www.monbailleur.fr\/offres-emploi\/poste\/charge-de-suivi-social-et-contentieux-f-h","og_site_name":"Monbailleur.fr - Emploi","og_image":[{"width":200,"height":183,"url":"https:\/\/www.monbailleur.fr\/offres-emploi\/wp-content\/uploads\/2025\/12\/auvergne-habitat.png","type":"image\/png"}],"twitter_card":"summary_large_image","twitter_misc":{"Dur\u00e9e de lecture estim\u00e9e":"2 minutes"},"schema":{"@context":"https:\/\/schema.org","@graph":[{"@type":"WebPage","@id":"https:\/\/www.monbailleur.fr\/offres-emploi\/poste\/charge-de-suivi-social-et-contentieux-f-h","url":"https:\/\/www.monbailleur.fr\/offres-emploi\/poste\/charge-de-suivi-social-et-contentieux-f-h","name":"Charg\u00e9 de suivi social et contentieux F\/H - Monbailleur.fr - Emploi","isPartOf":{"@id":"https:\/\/www.monbailleur.fr\/offres-emploi\/#website"},"primaryImageOfPage":{"@id":"https:\/\/www.monbailleur.fr\/offres-emploi\/poste\/charge-de-suivi-social-et-contentieux-f-h#primaryimage"},"image":{"@id":"https:\/\/www.monbailleur.fr\/offres-emploi\/poste\/charge-de-suivi-social-et-contentieux-f-h#primaryimage"},"thumbnailUrl":"https:\/\/www.monbailleur.fr\/offres-emploi\/wp-content\/uploads\/2025\/12\/auvergne-habitat.png","datePublished":"2026-08-19T06:00:42+00:00","breadcrumb":{"@id":"https:\/\/www.monbailleur.fr\/offres-emploi\/poste\/charge-de-suivi-social-et-contentieux-f-h#breadcrumb"},"inLanguage":"fr-FR","potentialAction":[{"@type":"ReadAction","target":["https:\/\/www.monbailleur.fr\/offres-emploi\/poste\/charge-de-suivi-social-et-contentieux-f-h"]}]},{"@type":"ImageObject","inLanguage":"fr-FR","@id":"https:\/\/www.monbailleur.fr\/offres-emploi\/poste\/charge-de-suivi-social-et-contentieux-f-h#primaryimage","url":"https:\/\/www.monbailleur.fr\/offres-emploi\/wp-content\/uploads\/2025\/12\/auvergne-habitat.png","contentUrl":"https:\/\/www.monbailleur.fr\/offres-emploi\/wp-content\/uploads\/2025\/12\/auvergne-habitat.png","width":200,"height":183},{"@type":"BreadcrumbList","@id":"https:\/\/www.monbailleur.fr\/offres-emploi\/poste\/charge-de-suivi-social-et-contentieux-f-h#breadcrumb","itemListElement":[{"@type":"ListItem","position":1,"name":"Accueil","item":"https:\/\/www.monbailleur.fr\/offres-emploi\/"},{"@type":"ListItem","position":2,"name":"offres d\u2019emploi","item":"https:\/\/www.monbailleur.fr\/offres-emploi\/job-listings"},{"@type":"ListItem","position":3,"name":"Charg\u00e9 de suivi social et contentieux F\/H"}]},{"@type":"WebSite","@id":"https:\/\/www.monbailleur.fr\/offres-emploi\/#website","url":"https:\/\/www.monbailleur.fr\/offres-emploi\/","name":"Monbailleur.fr - Emploi","description":"Les offres d&#039;emploi du logement social","publisher":{"@id":"https:\/\/www.monbailleur.fr\/offres-emploi\/#organization"},"potentialAction":[{"@type":"SearchAction","target":{"@type":"EntryPoint","urlTemplate":"https:\/\/www.monbailleur.fr\/offres-emploi\/?s={search_term_string}"},"query-input":{"@type":"PropertyValueSpecification","valueRequired":true,"valueName":"search_term_string"}}],"inLanguage":"fr-FR"},{"@type":"Organization","@id":"https:\/\/www.monbailleur.fr\/offres-emploi\/#organization","name":"Monbailleur.fr - Emploi","url":"https:\/\/www.monbailleur.fr\/offres-emploi\/","logo":{"@type":"ImageObject","inLanguage":"fr-FR","@id":"https:\/\/www.monbailleur.fr\/offres-emploi\/#\/schema\/logo\/image\/","url":"https:\/\/www.monbailleur.fr\/offres-emploi\/wp-content\/uploads\/2023\/06\/MonBailleur-1200x675-1.png","contentUrl":"https:\/\/www.monbailleur.fr\/offres-emploi\/wp-content\/uploads\/2023\/06\/MonBailleur-1200x675-1.png","width":1200,"height":675,"caption":"Monbailleur.fr - Emploi"},"image":{"@id":"https:\/\/www.monbailleur.fr\/offres-emploi\/#\/schema\/logo\/image\/"}}]}},"_links":{"self":[{"href":"https:\/\/www.monbailleur.fr\/offres-emploi\/wp-json\/wp\/v2\/job-listings\/39284","targetHints":{"allow":["GET"]}}],"collection":[{"href":"https:\/\/www.monbailleur.fr\/offres-emploi\/wp-json\/wp\/v2\/job-listings"}],"about":[{"href":"https:\/\/www.monbailleur.fr\/offres-emploi\/wp-json\/wp\/v2\/types\/job_listing"}],"wp:featuredmedia":[{"embeddable":true,"href":"https:\/\/www.monbailleur.fr\/offres-emploi\/wp-json\/wp\/v2\/media\/32950"}],"wp:attachment":[{"href":"https:\/\/www.monbailleur.fr\/offres-emploi\/wp-json\/wp\/v2\/media?parent=39284"}],"wp:term":[{"taxonomy":"job_listing_category","embeddable":true,"href":"https:\/\/www.monbailleur.fr\/offres-emploi\/wp-json\/wp\/v2\/job-categories?post=39284"},{"taxonomy":"job_listing_type","embeddable":true,"href":"https:\/\/www.monbailleur.fr\/offres-emploi\/wp-json\/wp\/v2\/job-types?post=39284"}],"curies":[{"name":"wp","href":"https:\/\/api.w.org\/{rel}","templated":true}]}}