{"id":39313,"date":"2026-08-21T08:00:14","date_gmt":"2026-08-21T06:00:14","guid":{"rendered":"https:\/\/www.monbailleur.fr\/offres-emploi\/poste\/gardien-ne-dimmeuble-non-loge-h-f"},"modified":"2026-08-21T08:00:14","modified_gmt":"2026-08-21T06:00:14","slug":"gardien-ne-dimmeuble-non-loge-h-f","status":"publish","type":"job_listing","link":"https:\/\/www.monbailleur.fr\/offres-emploi\/poste\/gardien-ne-dimmeuble-non-loge-h-f","title":{"rendered":"Gardien.ne d&rsquo;immeuble non log\u00e9 H\/F"},"content":{"rendered":"<h2>L&rsquo;entreprise:<\/h2>\n<\/p>\n<p>Constructeur, bailleur social et plateforme de services, Logial-COOP est un acteur de r\u00e9f\u00e9rence de l\u2019habitat social en Val-de-Marne et en Essonne. Depuis plus de 100 ans, nous avons pour mission de loger et d\u2019accompagner les habitants tout au long de leur parcours r\u00e9sidentiel.<\/p>\n<p>Implant\u00e9 sur le territoire du Grand Paris Sud Est Avenir et dans plus de 30 communes de l\u2019Essonne, notre organisme g\u00e8re pr\u00e8s de 10 000 logements et loge 24 000 habitants.<\/p>\n<p>Coop\u00e9rative francilienne au sein du Groupe Arcade-VYV, nous d\u00e9veloppons, \u00e0 travers nos marques Logial-COOP, Domaxia, Gessol Syndic et Habiteal, des offres et programmes immobiliers sur mesure pour un habitat durable, accessible et humain.<\/p>\n<p>Dans le cadre de notre label \u00ab Logement Sant\u00e9 \u00bb, nous concevons des logements favorisant la sant\u00e9, le bien-\u00eatre et la qualit\u00e9 de vie des habitants, tout en int\u00e9grant des enjeux de lien social, d\u2019adaptation aux parcours de vie et de r\u00e9silience environnementale.<\/p>\n<p>Int\u00e9grer Logial-COOP, c\u2019est rejoindre une entreprise port\u00e9e par des valeurs de proximit\u00e9, solidarit\u00e9, une d\u00e9marche \u00e9coresponsable et l\u2019innovation, tout en participant activement au bien-vivre de nos r\u00e9sidents.<\/p>\n<p>Tous nos postes sont ouverts aux personnes en situation de handicap.<\/p>\n<p>D\u00e9couvrez-nous sur logial-coop.fr<\/p>\n<p>Conform\u00e9ment au R\u00e8glement G\u00e9n\u00e9ral sur la Protection des Donn\u00e9es (RGPD), vos donn\u00e9es personnelles seront trait\u00e9es uniquement dans le cadre du processus de recrutement et conserv\u00e9es pour une dur\u00e9e maximale de 2 ans.<\/p>\n<h2>Description:<\/h2>\n<\/p>\n<p>Description du poste :<\/p>\n<p>Rattach\u00e9(e) au Responsable d\u2019agence, vous \u00eates le relais de proximit\u00e9 essentiel entre les locataires et l\u2019agence. Vous veillez \u00e0 la qualit\u00e9 de vie r\u00e9sidentielle, \u00e0 la s\u00e9curit\u00e9 et \u00e0 la propret\u00e9 des immeubles, tout en assurant un suivi administratif de premier niveau.<\/p>\n<p>Acteur(trice) polyvalent(e), vous garantissez le respect du r\u00e8glement int\u00e9rieur, la bonne ex\u00e9cution des prestations et le maintien d\u2019un lien de qualit\u00e9 avec les habitants.<\/p>\n<p>Vos missions principales seront :<\/p>\n<p>Accueil et relation avec les locataires :<\/p>\n<p>Informer, orienter et accompagner les locataires et propri\u00e9taires.<br \/>Assurer la m\u00e9diation en cas de conflits de voisinage.<br \/>Sensibiliser au respect du r\u00e8glement int\u00e9rieur et du guide du locataire.<br \/>Surveillance et s\u00e9curit\u00e9 :<\/p>\n<p>Veiller au bon \u00e9tat g\u00e9n\u00e9ral des b\u00e2timents et signaler les d\u00e9sordres.<br \/>Surveiller les \u00e9quipements de s\u00e9curit\u00e9 et les locaux techniques.<br \/>Suivre les interventions des entreprises prestataires et contr\u00f4ler la qualit\u00e9 des prestations.<br \/>Remonter les dysfonctionnements \u00e0 l\u2019agence.<br \/>Entretien m\u00e9nager :<br \/>Nettoyer les halls, parties communes et ascenseurs selon le planning d\u00e9fini.<\/p>\n<p>G\u00e9rer la sortie et la rentr\u00e9e des containers apr\u00e8s les collectes.<br \/>Gestion technique et administrative :<br \/>Recevoir et suivre les r\u00e9clamations techniques.<\/p>\n<p>V\u00e9rifier et cl\u00f4turer les interventions apr\u00e8s travaux.<br \/>Participer aux \u00e9tats des lieux entrants et sortants.<br \/>Encaisser les loyers (pendant les p\u00e9riodes d\u00e9di\u00e9es) et suivre les impay\u00e9s.<br \/>Appuyer la pr\u00e9vention des impay\u00e9s et orienter les locataires en difficult\u00e9.<br \/>Tenue de la loge :<br \/>Maintenir la loge en bon \u00e9tat, assurer l\u2019accueil et une pr\u00e9sence r\u00e9guli\u00e8re.<\/p>\n<p>R\u00e9aliser les saisies et suivis sur les outils informatiques internes.<\/p>\n<h2>Profil:<\/h2>\n<\/p>\n<p>De formation CAP Gardien d\u2019immeubles ou titulaire d\u2019une \u00e9quivalence acquise par exp\u00e9rience, vous justifiez id\u00e9alement d\u2019au moins 1 an d\u2019exp\u00e9rience sur un poste similaire.<br \/>Reconnu(e) pour votre sens de l\u2019organisation, votre rigueur et votre autonomie, vous assurez vos missions avec m\u00e9thode et pr\u00e9cision.<br \/>Dot\u00e9(e) d\u2019une aisance relationnelle, vous savez cr\u00e9er des \u00e9changes de qualit\u00e9 avec les locataires et les \u00e9quipes internes.<br \/>La proximit\u00e9 g\u00e9ographique avec le lieu de travail est indispensable, ou la possibilit\u00e9 d\u2019y acc\u00e9der de mani\u00e8re autonome.<\/p>\n<h3>Niveau de dipl\u00f4me:<\/h3>\n<p> Niveau V &#8211; CAP, BEP, Dipl\u00f4me national du brevet<\/p>\n<h3>Temps de travail<\/h3>\n<p>Temps plein <\/p>\n<h3> Organisme <\/h3>\n<p> <span id=\"ctl00_ctl00_AspMainContent_MainContent_MasterPageSettingsView_ctl03_ctl01_fldEntityDescriptionFormat_lblContentText\"><span id=\"ctl00_MainContent_DescriptionEntityEdit_SubForm1_ctl01_Field1_ctl00_lblEntityFormat\">LOGIAL COOP <\/span><br \/><\/span><\/p>\n","protected":false},"author":0,"featured_media":4044,"template":"","meta":{"_promoted":"","_job_location":"France, Ile-de-France, Val de Marne (94) 86 bis quai Blanqui 94140 ALFORTVILLE","_application":"https:\/\/les-hlm-recrutent.talent-soft.com\/offre-de-emploi\/emploi-gardien-ne-d-immeuble-non-loge-h-f_70425.aspx?utm_source=monbailleur.fr","_company_name":"LOGIAL COOP","_company_website":"","_company_tagline":"","_company_twitter":"","_company_video":"","_filled":0,"_featured":0,"_remote_position":0,"_job_salary":"","_job_salary_currency":"","_job_salary_unit":""},"job-categories":[78],"job-types":[63],"class_list":["post-39313","job_listing","type-job_listing","status-publish","has-post-thumbnail","hentry","job_listing_category-autres","job_listing_type-cdi","job-type-cdi"],"yoast_head":"<!-- This site is optimized with the Yoast SEO Premium plugin v22.4 (Yoast SEO v25.1) - https:\/\/yoast.com\/wordpress\/plugins\/seo\/ -->\n<title>Gardien.ne d&#039;immeuble non log\u00e9 H\/F - Monbailleur.fr - Emploi<\/title>\n<meta name=\"robots\" content=\"noindex, follow\" \/>\n<meta property=\"og:locale\" content=\"fr_FR\" \/>\n<meta property=\"og:type\" content=\"article\" \/>\n<meta property=\"og:title\" content=\"Gardien.ne d&#039;immeuble non log\u00e9 H\/F\" \/>\n<meta property=\"og:description\" content=\"L&rsquo;entreprise: Constructeur, bailleur social et plateforme de services, Logial-COOP est un acteur de r\u00e9f\u00e9rence de l\u2019habitat social en Val-de-Marne et en Essonne. Depuis plus de 100 ans, nous avons pour mission de loger et d\u2019accompagner les habitants tout au long de leur parcours r\u00e9sidentiel. Implant\u00e9 sur le territoire du Grand Paris Sud Est Avenir et\" \/>\n<meta property=\"og:url\" content=\"https:\/\/www.monbailleur.fr\/offres-emploi\/poste\/gardien-ne-dimmeuble-non-loge-h-f\" \/>\n<meta property=\"og:site_name\" content=\"Monbailleur.fr - Emploi\" \/>\n<meta property=\"og:image\" content=\"https:\/\/www.monbailleur.fr\/offres-emploi\/wp-content\/uploads\/2023\/06\/logial-coop.jpg\" \/>\n\t<meta property=\"og:image:width\" content=\"200\" \/>\n\t<meta property=\"og:image:height\" content=\"192\" \/>\n\t<meta property=\"og:image:type\" content=\"image\/jpeg\" \/>\n<meta name=\"twitter:card\" content=\"summary_large_image\" \/>\n<meta name=\"twitter:label1\" content=\"Dur\u00e9e de lecture estim\u00e9e\" \/>\n\t<meta name=\"twitter:data1\" content=\"3 minutes\" \/>\n<script type=\"application\/ld+json\" class=\"yoast-schema-graph\">{\"@context\":\"https:\/\/schema.org\",\"@graph\":[{\"@type\":\"WebPage\",\"@id\":\"https:\/\/www.monbailleur.fr\/offres-emploi\/poste\/gardien-ne-dimmeuble-non-loge-h-f\",\"url\":\"https:\/\/www.monbailleur.fr\/offres-emploi\/poste\/gardien-ne-dimmeuble-non-loge-h-f\",\"name\":\"Gardien.ne d'immeuble non log\u00e9 H\/F - Monbailleur.fr - Emploi\",\"isPartOf\":{\"@id\":\"https:\/\/www.monbailleur.fr\/offres-emploi\/#website\"},\"primaryImageOfPage\":{\"@id\":\"https:\/\/www.monbailleur.fr\/offres-emploi\/poste\/gardien-ne-dimmeuble-non-loge-h-f#primaryimage\"},\"image\":{\"@id\":\"https:\/\/www.monbailleur.fr\/offres-emploi\/poste\/gardien-ne-dimmeuble-non-loge-h-f#primaryimage\"},\"thumbnailUrl\":\"https:\/\/www.monbailleur.fr\/offres-emploi\/wp-content\/uploads\/2023\/06\/logial-coop.jpg\",\"datePublished\":\"2026-08-21T06:00:14+00:00\",\"breadcrumb\":{\"@id\":\"https:\/\/www.monbailleur.fr\/offres-emploi\/poste\/gardien-ne-dimmeuble-non-loge-h-f#breadcrumb\"},\"inLanguage\":\"fr-FR\",\"potentialAction\":[{\"@type\":\"ReadAction\",\"target\":[\"https:\/\/www.monbailleur.fr\/offres-emploi\/poste\/gardien-ne-dimmeuble-non-loge-h-f\"]}]},{\"@type\":\"ImageObject\",\"inLanguage\":\"fr-FR\",\"@id\":\"https:\/\/www.monbailleur.fr\/offres-emploi\/poste\/gardien-ne-dimmeuble-non-loge-h-f#primaryimage\",\"url\":\"https:\/\/www.monbailleur.fr\/offres-emploi\/wp-content\/uploads\/2023\/06\/logial-coop.jpg\",\"contentUrl\":\"https:\/\/www.monbailleur.fr\/offres-emploi\/wp-content\/uploads\/2023\/06\/logial-coop.jpg\",\"width\":200,\"height\":192},{\"@type\":\"BreadcrumbList\",\"@id\":\"https:\/\/www.monbailleur.fr\/offres-emploi\/poste\/gardien-ne-dimmeuble-non-loge-h-f#breadcrumb\",\"itemListElement\":[{\"@type\":\"ListItem\",\"position\":1,\"name\":\"Accueil\",\"item\":\"https:\/\/www.monbailleur.fr\/offres-emploi\/\"},{\"@type\":\"ListItem\",\"position\":2,\"name\":\"offres d\u2019emploi\",\"item\":\"https:\/\/www.monbailleur.fr\/offres-emploi\/job-listings\"},{\"@type\":\"ListItem\",\"position\":3,\"name\":\"Gardien.ne d&rsquo;immeuble non log\u00e9 H\/F\"}]},{\"@type\":\"WebSite\",\"@id\":\"https:\/\/www.monbailleur.fr\/offres-emploi\/#website\",\"url\":\"https:\/\/www.monbailleur.fr\/offres-emploi\/\",\"name\":\"Monbailleur.fr - Emploi\",\"description\":\"Les offres d&#039;emploi du logement social\",\"publisher\":{\"@id\":\"https:\/\/www.monbailleur.fr\/offres-emploi\/#organization\"},\"potentialAction\":[{\"@type\":\"SearchAction\",\"target\":{\"@type\":\"EntryPoint\",\"urlTemplate\":\"https:\/\/www.monbailleur.fr\/offres-emploi\/?s={search_term_string}\"},\"query-input\":{\"@type\":\"PropertyValueSpecification\",\"valueRequired\":true,\"valueName\":\"search_term_string\"}}],\"inLanguage\":\"fr-FR\"},{\"@type\":\"Organization\",\"@id\":\"https:\/\/www.monbailleur.fr\/offres-emploi\/#organization\",\"name\":\"Monbailleur.fr - Emploi\",\"url\":\"https:\/\/www.monbailleur.fr\/offres-emploi\/\",\"logo\":{\"@type\":\"ImageObject\",\"inLanguage\":\"fr-FR\",\"@id\":\"https:\/\/www.monbailleur.fr\/offres-emploi\/#\/schema\/logo\/image\/\",\"url\":\"https:\/\/www.monbailleur.fr\/offres-emploi\/wp-content\/uploads\/2023\/06\/MonBailleur-1200x675-1.png\",\"contentUrl\":\"https:\/\/www.monbailleur.fr\/offres-emploi\/wp-content\/uploads\/2023\/06\/MonBailleur-1200x675-1.png\",\"width\":1200,\"height\":675,\"caption\":\"Monbailleur.fr - Emploi\"},\"image\":{\"@id\":\"https:\/\/www.monbailleur.fr\/offres-emploi\/#\/schema\/logo\/image\/\"}}]}<\/script>\n<!-- \/ Yoast SEO Premium plugin. -->","yoast_head_json":{"title":"Gardien.ne d'immeuble non log\u00e9 H\/F - Monbailleur.fr - Emploi","robots":{"index":"noindex","follow":"follow"},"og_locale":"fr_FR","og_type":"article","og_title":"Gardien.ne d'immeuble non log\u00e9 H\/F","og_description":"L&rsquo;entreprise: Constructeur, bailleur social et plateforme de services, Logial-COOP est un acteur de r\u00e9f\u00e9rence de l\u2019habitat social en Val-de-Marne et en Essonne. Depuis plus de 100 ans, nous avons pour mission de loger et d\u2019accompagner les habitants tout au long de leur parcours r\u00e9sidentiel. Implant\u00e9 sur le territoire du Grand Paris Sud Est Avenir et","og_url":"https:\/\/www.monbailleur.fr\/offres-emploi\/poste\/gardien-ne-dimmeuble-non-loge-h-f","og_site_name":"Monbailleur.fr - Emploi","og_image":[{"width":200,"height":192,"url":"https:\/\/www.monbailleur.fr\/offres-emploi\/wp-content\/uploads\/2023\/06\/logial-coop.jpg","type":"image\/jpeg"}],"twitter_card":"summary_large_image","twitter_misc":{"Dur\u00e9e de lecture estim\u00e9e":"3 minutes"},"schema":{"@context":"https:\/\/schema.org","@graph":[{"@type":"WebPage","@id":"https:\/\/www.monbailleur.fr\/offres-emploi\/poste\/gardien-ne-dimmeuble-non-loge-h-f","url":"https:\/\/www.monbailleur.fr\/offres-emploi\/poste\/gardien-ne-dimmeuble-non-loge-h-f","name":"Gardien.ne d'immeuble non log\u00e9 H\/F - Monbailleur.fr - Emploi","isPartOf":{"@id":"https:\/\/www.monbailleur.fr\/offres-emploi\/#website"},"primaryImageOfPage":{"@id":"https:\/\/www.monbailleur.fr\/offres-emploi\/poste\/gardien-ne-dimmeuble-non-loge-h-f#primaryimage"},"image":{"@id":"https:\/\/www.monbailleur.fr\/offres-emploi\/poste\/gardien-ne-dimmeuble-non-loge-h-f#primaryimage"},"thumbnailUrl":"https:\/\/www.monbailleur.fr\/offres-emploi\/wp-content\/uploads\/2023\/06\/logial-coop.jpg","datePublished":"2026-08-21T06:00:14+00:00","breadcrumb":{"@id":"https:\/\/www.monbailleur.fr\/offres-emploi\/poste\/gardien-ne-dimmeuble-non-loge-h-f#breadcrumb"},"inLanguage":"fr-FR","potentialAction":[{"@type":"ReadAction","target":["https:\/\/www.monbailleur.fr\/offres-emploi\/poste\/gardien-ne-dimmeuble-non-loge-h-f"]}]},{"@type":"ImageObject","inLanguage":"fr-FR","@id":"https:\/\/www.monbailleur.fr\/offres-emploi\/poste\/gardien-ne-dimmeuble-non-loge-h-f#primaryimage","url":"https:\/\/www.monbailleur.fr\/offres-emploi\/wp-content\/uploads\/2023\/06\/logial-coop.jpg","contentUrl":"https:\/\/www.monbailleur.fr\/offres-emploi\/wp-content\/uploads\/2023\/06\/logial-coop.jpg","width":200,"height":192},{"@type":"BreadcrumbList","@id":"https:\/\/www.monbailleur.fr\/offres-emploi\/poste\/gardien-ne-dimmeuble-non-loge-h-f#breadcrumb","itemListElement":[{"@type":"ListItem","position":1,"name":"Accueil","item":"https:\/\/www.monbailleur.fr\/offres-emploi\/"},{"@type":"ListItem","position":2,"name":"offres d\u2019emploi","item":"https:\/\/www.monbailleur.fr\/offres-emploi\/job-listings"},{"@type":"ListItem","position":3,"name":"Gardien.ne d&rsquo;immeuble non log\u00e9 H\/F"}]},{"@type":"WebSite","@id":"https:\/\/www.monbailleur.fr\/offres-emploi\/#website","url":"https:\/\/www.monbailleur.fr\/offres-emploi\/","name":"Monbailleur.fr - Emploi","description":"Les offres d&#039;emploi du logement social","publisher":{"@id":"https:\/\/www.monbailleur.fr\/offres-emploi\/#organization"},"potentialAction":[{"@type":"SearchAction","target":{"@type":"EntryPoint","urlTemplate":"https:\/\/www.monbailleur.fr\/offres-emploi\/?s={search_term_string}"},"query-input":{"@type":"PropertyValueSpecification","valueRequired":true,"valueName":"search_term_string"}}],"inLanguage":"fr-FR"},{"@type":"Organization","@id":"https:\/\/www.monbailleur.fr\/offres-emploi\/#organization","name":"Monbailleur.fr - Emploi","url":"https:\/\/www.monbailleur.fr\/offres-emploi\/","logo":{"@type":"ImageObject","inLanguage":"fr-FR","@id":"https:\/\/www.monbailleur.fr\/offres-emploi\/#\/schema\/logo\/image\/","url":"https:\/\/www.monbailleur.fr\/offres-emploi\/wp-content\/uploads\/2023\/06\/MonBailleur-1200x675-1.png","contentUrl":"https:\/\/www.monbailleur.fr\/offres-emploi\/wp-content\/uploads\/2023\/06\/MonBailleur-1200x675-1.png","width":1200,"height":675,"caption":"Monbailleur.fr - Emploi"},"image":{"@id":"https:\/\/www.monbailleur.fr\/offres-emploi\/#\/schema\/logo\/image\/"}}]}},"_links":{"self":[{"href":"https:\/\/www.monbailleur.fr\/offres-emploi\/wp-json\/wp\/v2\/job-listings\/39313","targetHints":{"allow":["GET"]}}],"collection":[{"href":"https:\/\/www.monbailleur.fr\/offres-emploi\/wp-json\/wp\/v2\/job-listings"}],"about":[{"href":"https:\/\/www.monbailleur.fr\/offres-emploi\/wp-json\/wp\/v2\/types\/job_listing"}],"wp:featuredmedia":[{"embeddable":true,"href":"https:\/\/www.monbailleur.fr\/offres-emploi\/wp-json\/wp\/v2\/media\/4044"}],"wp:attachment":[{"href":"https:\/\/www.monbailleur.fr\/offres-emploi\/wp-json\/wp\/v2\/media?parent=39313"}],"wp:term":[{"taxonomy":"job_listing_category","embeddable":true,"href":"https:\/\/www.monbailleur.fr\/offres-emploi\/wp-json\/wp\/v2\/job-categories?post=39313"},{"taxonomy":"job_listing_type","embeddable":true,"href":"https:\/\/www.monbailleur.fr\/offres-emploi\/wp-json\/wp\/v2\/job-types?post=39313"}],"curies":[{"name":"wp","href":"https:\/\/api.w.org\/{rel}","templated":true}]}}