{"id":39319,"date":"2026-08-21T08:00:23","date_gmt":"2026-08-21T06:00:23","guid":{"rendered":"https:\/\/www.monbailleur.fr\/offres-emploi\/poste\/responsable-hygiene-et-securite-adoma-75-h-f"},"modified":"2026-08-21T08:00:23","modified_gmt":"2026-08-21T06:00:23","slug":"responsable-hygiene-et-securite-adoma-75-h-f","status":"publish","type":"job_listing","link":"https:\/\/www.monbailleur.fr\/offres-emploi\/poste\/responsable-hygiene-et-securite-adoma-75-h-f","title":{"rendered":"Responsable Hygi\u00e8ne et S\u00e9curit\u00e9 &#8211; Adoma (75) H\/F"},"content":{"rendered":"<h2>L&rsquo;entreprise:<\/h2>\n<p>CDC Habitat, anciennement Groupe SNI, est une filiale de la Caisse des d\u00e9p\u00f4ts et consignations ayant pour mission principale la gestion du patrimoine immobilier public. L&rsquo;entreprise g\u00e8re 348 725 logements. En 2005, le groupe SNI se transforme en op\u00e9rateur immobilier global.<\/p>\n<h2>Description:<\/h2>\n<\/p>\n<p><span style=\"text-decoration: underline\">MISSION<\/span><\/p>\n<\/p>\n<p><strong>Une mission d\u2019int\u00e9r\u00eat g\u00e9n\u00e9ral<\/strong><\/p>\n<\/p>\n<p>Nos solutions de logement accompagn\u00e9 et d\u2019h\u00e9bergement ont pour vocation d\u2019accueillir un public en situation de pr\u00e9carit\u00e9 et de vuln\u00e9rabilit\u00e9. Au quotidien, les \u00e9quipes veillent \u00e0 un accueil et \u00e0 un accompagnement social de qualit\u00e9.<\/p>\n<\/p>\n<p>Rattach\u00e9 au Chef de service Travaux, Maintenance S\u00e9curit\u00e9 au sein de la Direction du Patrimoine, vous garantissez la s\u00e9curit\u00e9 des personnes et des biens au sein du patrimoine immobilier. Vous pilotez la politique de pr\u00e9vention des risques et veillez \u00e0 la conformit\u00e9 r\u00e8glementaire des b\u00e2timents.<\/p>\n<\/p>\n<p><strong>En tant que Responsable Hygi\u00e8ne et S\u00e9curit\u00e9, agir concr\u00e8tement pour l\u2019int\u00e9r\u00eat g\u00e9n\u00e9ral, c\u2019est notamment :<\/strong><\/p>\n<p><strong> <\/strong><\/p>\n<p><strong>Assurer :<\/strong><\/p>\n<p>&#8211; La conformit\u00e9 r\u00e8glementaire en mati\u00e8re de s\u00e9curit\u00e9 incendie et de pr\u00e9vention des risques ;<\/p>\n<p>&#8211; Le pilotage des contr\u00f4les r\u00e8glementaires, les commissions de s\u00e9curit\u00e9 et les registres de s\u00e9curit\u00e9 ;<\/p>\n<p>&#8211; Une veille r\u00e8glementaire et contribuer \u00e0 l\u2019am\u00e9lioration continue des dispositifs de s\u00e9curit\u00e9.<\/p>\n<\/p>\n<p><strong>Superviser :<\/strong><\/p>\n<p>&#8211; Les contrats de maintenance et les travaux de mise en conformit\u00e9 ;<\/p>\n<p>&#8211; La pr\u00e9vention et la ma\u00eetrise des risques li\u00e9s \u00e0 l\u2019amiante, au plomb, au radon, aux installations \u00e9lectriques, aux \u00e9quipements techniques et aux risques sanitaires.<\/p>\n<\/p>\n<p><strong>Animer :<\/strong><\/p>\n<p>&#8211; Les actions de pr\u00e9vention et accompagner les \u00e9quipes op\u00e9rationnelles sur l\u2019ensemble du territoire.<\/p>\n<h2>Profil:<\/h2>\n<\/p>\n<p><span style=\"text-decoration: underline\">PROFIL<\/span><\/p>\n<\/p>\n<p>Si vous aussi, vous voulez contribuer \u00e0 l\u2019int\u00e9r\u00eat g\u00e9n\u00e9ral et disposez de :<\/p>\n<p>&#8211; Une formation sup\u00e9rieure de niveau bac+3\/+5 en s\u00e9curit\u00e9, b\u00e2timent, maintenance, pr\u00e9vention ou gestion des risques ;<\/p>\n<p>&#8211; Une exp\u00e9rience d\u2019au moins 5 ans sur une fonction similaire ;<\/p>\n<p>&#8211; Une excellente ma\u00eetrise de la r\u00e8glementation incendie et des enjeux de s\u00e9curit\u00e9 du patrimoine ;<\/p>\n<p>&#8211; Une solide connaissance des r\u00e8glementations relatives \u00e0 l\u2019amiante, au plomb, aux risques immobiliers et \u00e0 la sant\u00e9 et s\u00e9curit\u00e9 au travail ;<\/p>\n<p>&#8211; Une exp\u00e9rience du pilotage de contrats techniques et de projets mulitsites ;<\/p>\n<p>&#8211; La certification SSIAP 3 serait appr\u00e9ci\u00e9e ;<\/p>\n<p>&#8211; D\u2019excellentes qualit\u00e9s relationnelles, un leadership, le sens de la rigueur et de l\u2019organisation.<\/p>\n<\/p>\n<p>Des d\u00e9placements fr\u00e9quents sur l\u2019ensemble du territoire sont \u00e0 pr\u00e9voir (3 jours\/mois environ).<\/p>\n<\/p>\n<p>Postulez !<\/p>\n<\/p>\n<p>Lieu : poste bas\u00e9 \u00e0 Paris 13\u00e8me<\/p>\n<\/p>\n<p><strong>Rejoindre Adoma,<\/strong><\/p>\n<\/p>\n<p>C\u2019est b\u00e9n\u00e9ficier d\u2019avantages sociaux :<\/p>\n<p>. Temps de travail forfait 203 jours\/an<\/p>\n<p>. T\u00e9l\u00e9travail jusqu\u2019\u00e0 2 jours\/semaine (condition d\u2019anciennet\u00e9 6 mois).<\/p>\n<p>. Titres-restaurant \/ Restaurant d\u2019entreprise<\/p>\n<p>. Mutuelle familiale et pr\u00e9voyance<\/p>\n<p>. Prestations CSE<\/p>\n<p>. Prise en charge des abonnements de transport \u00e0 75%<\/p>\n<p>. Salle de sport et conciergerie<\/p>\n<\/p>\n<p><strong>C\u2019est aussi int\u00e9grer un environnement de travail bienveillant :<\/strong><\/p>\n<p>. Un management attentif \u00e0 l\u2019\u00e9quilibre entre la vie professionnelle et la vie priv\u00e9e<\/p>\n<p>. Une entreprise respectueuse de la diversit\u00e9 et de l\u2019\u00e9galit\u00e9 de traitement professionnel entre toutes et tous<\/p>\n<\/p>\n<p><strong>Votre processus de recrutement se d\u00e9roulera en 3 \u00e9tapes :<\/strong><\/p>\n<p>1. D\u2019abord, un premier \u00e9change t\u00e9l\u00e9phonique avec le responsable recrutement et mobilit\u00e9 pour faire connaissance<\/p>\n<p>2. Une rencontre avec le manager et le recruteur RH pour \u00e9changer sur les missions et votre projet professionnel<\/p>\n<p>3. Un dernier \u00e9change avec le Directeur Patrimoine<\/p>\n<\/p>\n<p><strong>ENTIT\u00c9 DE RATTACHEMENT :<\/strong><\/p>\n<\/p>\n<p>En rejoignant Adoma, vous rejoignez un acteur de la solidarit\u00e9 engag\u00e9 pour le logement et l\u2019h\u00e9bergement des personnes en difficult\u00e9 : jeunes en insertion, travailleurs pr\u00e9caires, b\u00e9n\u00e9ficiaires de minima sociaux, travailleurs migrants, familles monoparentales\u2026 Pour nos 3 000 collaborateurs, l\u2019int\u00e9r\u00eat g\u00e9n\u00e9ral est au centre de nos pr\u00e9occupations avec une conviction qui nous anime : \u00ab un logement pour tous, c\u2019est un avenir pour chacun \u00bb. Nous accompagnons plus de 88 000 clients sur l&rsquo;ensemble du territoire.<\/p>\n<p>Adoma est une filiale du groupe CDC Habitat. Un groupe pr\u00e9sent partout dans l\u2019Hexagone et en Outre-mer o\u00f9 10 800 collaborateurs imaginent des solutions d\u2019habitat inclusives et durables au service des politiques publiques pour l\u2019am\u00e9nagement des quartiers et des territoires.<\/p>\n<\/p>\n<h3>Niveau de dipl\u00f4me:<\/h3>\n<p> BAC+3<\/p>\n<h3>Sp\u00e9cialisations:<\/h3>\n<ul>\n<li>RISQUE \/ SECURITE \/ SURETE<\/li>\n<li>A-SECURITE- PREVENTION<\/li>\n<\/ul>\n<h3> Entit\u00e9 de rattachement <\/h3>\n<p> En rejoignant Adoma, vous rejoignez un acteur de la solidarit\u00e9 engag\u00e9 pour le logement et l&rsquo;h\u00e9bergement des personnes en difficult\u00e9 : jeunes en insertion, travailleurs pr\u00e9caires, b\u00e9n\u00e9ficiaires de minima sociaux, travailleurs migrants, familles monoparentales. Pour nos 3 000 collaborateurs, l&rsquo;int\u00e9r\u00eat g\u00e9n\u00e9ral est au centre de nos pr\u00e9occupations avec une conviction qui nous anime : \u00ab un logement pour tous, c&rsquo;est un avenir pour chacun \u00bb. Nous accompagnons plus de 88 000 clients sur l&rsquo;ensemble du territoire. <br \/>Adoma est une filiale du groupe CDC Habitat. Un groupe partout dans l&rsquo;Hexagone et en Outre-mer o\u00f9 10 800 collaborateurs imaginent des solutions d&rsquo;habitat inclusives et durables au service des politiques publiques pour l&rsquo;am\u00e9nagement des quartiers et des territoires. <\/p>\n<p><\/p>\n<p>Cadre<\/p>\n","protected":false},"author":0,"featured_media":5636,"template":"","meta":{"_promoted":"","_job_location":"France, Ile-de-France, Paris (75) 33 Avenue Pierre Mend\u00e8s-France 75013 PARIS","_application":"https:\/\/emploi.cdc-habitat.com\/offre-de-emploi\/emploi-responsable-hygiene-et-securite-adoma-75-h-f_12727.aspx?utm_source=monbailleur.fr","_company_name":"CDC Habitat","_company_website":"https:\/\/www.cdc-habitat.fr\/","_company_tagline":"","_company_twitter":"","_company_video":"","_filled":0,"_featured":0,"_remote_position":0,"_job_salary":"","_job_salary_currency":"","_job_salary_unit":""},"job-categories":[78],"job-types":[63],"class_list":["post-39319","job_listing","type-job_listing","status-publish","has-post-thumbnail","hentry","job_listing_category-autres","job_listing_type-cdi","job-type-cdi"],"yoast_head":"<!-- This site is optimized with the Yoast SEO Premium plugin v22.4 (Yoast SEO v25.1) - https:\/\/yoast.com\/wordpress\/plugins\/seo\/ -->\n<title>Responsable Hygi\u00e8ne et S\u00e9curit\u00e9 - Adoma (75) H\/F - Monbailleur.fr - Emploi<\/title>\n<meta name=\"robots\" content=\"noindex, follow\" \/>\n<meta property=\"og:locale\" content=\"fr_FR\" \/>\n<meta property=\"og:type\" content=\"article\" \/>\n<meta property=\"og:title\" content=\"Responsable Hygi\u00e8ne et S\u00e9curit\u00e9 - Adoma (75) H\/F\" \/>\n<meta property=\"og:description\" content=\"L&rsquo;entreprise: CDC Habitat, anciennement Groupe SNI, est une filiale de la Caisse des d\u00e9p\u00f4ts et consignations ayant pour mission principale la gestion du patrimoine immobilier public. L&rsquo;entreprise g\u00e8re 348 725 logements. En 2005, le groupe SNI se transforme en op\u00e9rateur immobilier global. Description: MISSION Une mission d\u2019int\u00e9r\u00eat g\u00e9n\u00e9ral Nos solutions de logement accompagn\u00e9 et d\u2019h\u00e9bergement\" \/>\n<meta property=\"og:url\" content=\"https:\/\/www.monbailleur.fr\/offres-emploi\/poste\/responsable-hygiene-et-securite-adoma-75-h-f\" \/>\n<meta property=\"og:site_name\" content=\"Monbailleur.fr - Emploi\" \/>\n<meta property=\"og:image\" content=\"https:\/\/www.monbailleur.fr\/offres-emploi\/wp-content\/uploads\/2023\/06\/mon_bailleur_emploi_placeholder.png\" \/>\n\t<meta property=\"og:image:width\" content=\"512\" \/>\n\t<meta property=\"og:image:height\" content=\"512\" \/>\n\t<meta property=\"og:image:type\" content=\"image\/png\" \/>\n<meta name=\"twitter:card\" content=\"summary_large_image\" \/>\n<meta name=\"twitter:label1\" content=\"Dur\u00e9e de lecture estim\u00e9e\" \/>\n\t<meta name=\"twitter:data1\" content=\"4 minutes\" \/>\n<script type=\"application\/ld+json\" class=\"yoast-schema-graph\">{\"@context\":\"https:\/\/schema.org\",\"@graph\":[{\"@type\":\"WebPage\",\"@id\":\"https:\/\/www.monbailleur.fr\/offres-emploi\/poste\/responsable-hygiene-et-securite-adoma-75-h-f\",\"url\":\"https:\/\/www.monbailleur.fr\/offres-emploi\/poste\/responsable-hygiene-et-securite-adoma-75-h-f\",\"name\":\"Responsable Hygi\u00e8ne et S\u00e9curit\u00e9 - Adoma (75) H\/F - Monbailleur.fr - Emploi\",\"isPartOf\":{\"@id\":\"https:\/\/www.monbailleur.fr\/offres-emploi\/#website\"},\"primaryImageOfPage\":{\"@id\":\"https:\/\/www.monbailleur.fr\/offres-emploi\/poste\/responsable-hygiene-et-securite-adoma-75-h-f#primaryimage\"},\"image\":{\"@id\":\"https:\/\/www.monbailleur.fr\/offres-emploi\/poste\/responsable-hygiene-et-securite-adoma-75-h-f#primaryimage\"},\"thumbnailUrl\":\"https:\/\/www.monbailleur.fr\/offres-emploi\/wp-content\/uploads\/2023\/06\/mon_bailleur_emploi_placeholder.png\",\"datePublished\":\"2026-08-21T06:00:23+00:00\",\"breadcrumb\":{\"@id\":\"https:\/\/www.monbailleur.fr\/offres-emploi\/poste\/responsable-hygiene-et-securite-adoma-75-h-f#breadcrumb\"},\"inLanguage\":\"fr-FR\",\"potentialAction\":[{\"@type\":\"ReadAction\",\"target\":[\"https:\/\/www.monbailleur.fr\/offres-emploi\/poste\/responsable-hygiene-et-securite-adoma-75-h-f\"]}]},{\"@type\":\"ImageObject\",\"inLanguage\":\"fr-FR\",\"@id\":\"https:\/\/www.monbailleur.fr\/offres-emploi\/poste\/responsable-hygiene-et-securite-adoma-75-h-f#primaryimage\",\"url\":\"https:\/\/www.monbailleur.fr\/offres-emploi\/wp-content\/uploads\/2023\/06\/mon_bailleur_emploi_placeholder.png\",\"contentUrl\":\"https:\/\/www.monbailleur.fr\/offres-emploi\/wp-content\/uploads\/2023\/06\/mon_bailleur_emploi_placeholder.png\",\"width\":512,\"height\":512},{\"@type\":\"BreadcrumbList\",\"@id\":\"https:\/\/www.monbailleur.fr\/offres-emploi\/poste\/responsable-hygiene-et-securite-adoma-75-h-f#breadcrumb\",\"itemListElement\":[{\"@type\":\"ListItem\",\"position\":1,\"name\":\"Accueil\",\"item\":\"https:\/\/www.monbailleur.fr\/offres-emploi\/\"},{\"@type\":\"ListItem\",\"position\":2,\"name\":\"offres d\u2019emploi\",\"item\":\"https:\/\/www.monbailleur.fr\/offres-emploi\/job-listings\"},{\"@type\":\"ListItem\",\"position\":3,\"name\":\"Responsable Hygi\u00e8ne et S\u00e9curit\u00e9 &#8211; Adoma (75) H\/F\"}]},{\"@type\":\"WebSite\",\"@id\":\"https:\/\/www.monbailleur.fr\/offres-emploi\/#website\",\"url\":\"https:\/\/www.monbailleur.fr\/offres-emploi\/\",\"name\":\"Monbailleur.fr - Emploi\",\"description\":\"Les offres d&#039;emploi du logement social\",\"publisher\":{\"@id\":\"https:\/\/www.monbailleur.fr\/offres-emploi\/#organization\"},\"potentialAction\":[{\"@type\":\"SearchAction\",\"target\":{\"@type\":\"EntryPoint\",\"urlTemplate\":\"https:\/\/www.monbailleur.fr\/offres-emploi\/?s={search_term_string}\"},\"query-input\":{\"@type\":\"PropertyValueSpecification\",\"valueRequired\":true,\"valueName\":\"search_term_string\"}}],\"inLanguage\":\"fr-FR\"},{\"@type\":\"Organization\",\"@id\":\"https:\/\/www.monbailleur.fr\/offres-emploi\/#organization\",\"name\":\"Monbailleur.fr - Emploi\",\"url\":\"https:\/\/www.monbailleur.fr\/offres-emploi\/\",\"logo\":{\"@type\":\"ImageObject\",\"inLanguage\":\"fr-FR\",\"@id\":\"https:\/\/www.monbailleur.fr\/offres-emploi\/#\/schema\/logo\/image\/\",\"url\":\"https:\/\/www.monbailleur.fr\/offres-emploi\/wp-content\/uploads\/2023\/06\/MonBailleur-1200x675-1.png\",\"contentUrl\":\"https:\/\/www.monbailleur.fr\/offres-emploi\/wp-content\/uploads\/2023\/06\/MonBailleur-1200x675-1.png\",\"width\":1200,\"height\":675,\"caption\":\"Monbailleur.fr - Emploi\"},\"image\":{\"@id\":\"https:\/\/www.monbailleur.fr\/offres-emploi\/#\/schema\/logo\/image\/\"}}]}<\/script>\n<!-- \/ Yoast SEO Premium plugin. -->","yoast_head_json":{"title":"Responsable Hygi\u00e8ne et S\u00e9curit\u00e9 - Adoma (75) H\/F - Monbailleur.fr - Emploi","robots":{"index":"noindex","follow":"follow"},"og_locale":"fr_FR","og_type":"article","og_title":"Responsable Hygi\u00e8ne et S\u00e9curit\u00e9 - Adoma (75) H\/F","og_description":"L&rsquo;entreprise: CDC Habitat, anciennement Groupe SNI, est une filiale de la Caisse des d\u00e9p\u00f4ts et consignations ayant pour mission principale la gestion du patrimoine immobilier public. L&rsquo;entreprise g\u00e8re 348 725 logements. En 2005, le groupe SNI se transforme en op\u00e9rateur immobilier global. Description: MISSION Une mission d\u2019int\u00e9r\u00eat g\u00e9n\u00e9ral Nos solutions de logement accompagn\u00e9 et d\u2019h\u00e9bergement","og_url":"https:\/\/www.monbailleur.fr\/offres-emploi\/poste\/responsable-hygiene-et-securite-adoma-75-h-f","og_site_name":"Monbailleur.fr - Emploi","og_image":[{"width":512,"height":512,"url":"https:\/\/www.monbailleur.fr\/offres-emploi\/wp-content\/uploads\/2023\/06\/mon_bailleur_emploi_placeholder.png","type":"image\/png"}],"twitter_card":"summary_large_image","twitter_misc":{"Dur\u00e9e de lecture estim\u00e9e":"4 minutes"},"schema":{"@context":"https:\/\/schema.org","@graph":[{"@type":"WebPage","@id":"https:\/\/www.monbailleur.fr\/offres-emploi\/poste\/responsable-hygiene-et-securite-adoma-75-h-f","url":"https:\/\/www.monbailleur.fr\/offres-emploi\/poste\/responsable-hygiene-et-securite-adoma-75-h-f","name":"Responsable Hygi\u00e8ne et S\u00e9curit\u00e9 - Adoma (75) H\/F - Monbailleur.fr - Emploi","isPartOf":{"@id":"https:\/\/www.monbailleur.fr\/offres-emploi\/#website"},"primaryImageOfPage":{"@id":"https:\/\/www.monbailleur.fr\/offres-emploi\/poste\/responsable-hygiene-et-securite-adoma-75-h-f#primaryimage"},"image":{"@id":"https:\/\/www.monbailleur.fr\/offres-emploi\/poste\/responsable-hygiene-et-securite-adoma-75-h-f#primaryimage"},"thumbnailUrl":"https:\/\/www.monbailleur.fr\/offres-emploi\/wp-content\/uploads\/2023\/06\/mon_bailleur_emploi_placeholder.png","datePublished":"2026-08-21T06:00:23+00:00","breadcrumb":{"@id":"https:\/\/www.monbailleur.fr\/offres-emploi\/poste\/responsable-hygiene-et-securite-adoma-75-h-f#breadcrumb"},"inLanguage":"fr-FR","potentialAction":[{"@type":"ReadAction","target":["https:\/\/www.monbailleur.fr\/offres-emploi\/poste\/responsable-hygiene-et-securite-adoma-75-h-f"]}]},{"@type":"ImageObject","inLanguage":"fr-FR","@id":"https:\/\/www.monbailleur.fr\/offres-emploi\/poste\/responsable-hygiene-et-securite-adoma-75-h-f#primaryimage","url":"https:\/\/www.monbailleur.fr\/offres-emploi\/wp-content\/uploads\/2023\/06\/mon_bailleur_emploi_placeholder.png","contentUrl":"https:\/\/www.monbailleur.fr\/offres-emploi\/wp-content\/uploads\/2023\/06\/mon_bailleur_emploi_placeholder.png","width":512,"height":512},{"@type":"BreadcrumbList","@id":"https:\/\/www.monbailleur.fr\/offres-emploi\/poste\/responsable-hygiene-et-securite-adoma-75-h-f#breadcrumb","itemListElement":[{"@type":"ListItem","position":1,"name":"Accueil","item":"https:\/\/www.monbailleur.fr\/offres-emploi\/"},{"@type":"ListItem","position":2,"name":"offres d\u2019emploi","item":"https:\/\/www.monbailleur.fr\/offres-emploi\/job-listings"},{"@type":"ListItem","position":3,"name":"Responsable Hygi\u00e8ne et S\u00e9curit\u00e9 &#8211; Adoma (75) H\/F"}]},{"@type":"WebSite","@id":"https:\/\/www.monbailleur.fr\/offres-emploi\/#website","url":"https:\/\/www.monbailleur.fr\/offres-emploi\/","name":"Monbailleur.fr - Emploi","description":"Les offres d&#039;emploi du logement social","publisher":{"@id":"https:\/\/www.monbailleur.fr\/offres-emploi\/#organization"},"potentialAction":[{"@type":"SearchAction","target":{"@type":"EntryPoint","urlTemplate":"https:\/\/www.monbailleur.fr\/offres-emploi\/?s={search_term_string}"},"query-input":{"@type":"PropertyValueSpecification","valueRequired":true,"valueName":"search_term_string"}}],"inLanguage":"fr-FR"},{"@type":"Organization","@id":"https:\/\/www.monbailleur.fr\/offres-emploi\/#organization","name":"Monbailleur.fr - Emploi","url":"https:\/\/www.monbailleur.fr\/offres-emploi\/","logo":{"@type":"ImageObject","inLanguage":"fr-FR","@id":"https:\/\/www.monbailleur.fr\/offres-emploi\/#\/schema\/logo\/image\/","url":"https:\/\/www.monbailleur.fr\/offres-emploi\/wp-content\/uploads\/2023\/06\/MonBailleur-1200x675-1.png","contentUrl":"https:\/\/www.monbailleur.fr\/offres-emploi\/wp-content\/uploads\/2023\/06\/MonBailleur-1200x675-1.png","width":1200,"height":675,"caption":"Monbailleur.fr - Emploi"},"image":{"@id":"https:\/\/www.monbailleur.fr\/offres-emploi\/#\/schema\/logo\/image\/"}}]}},"_links":{"self":[{"href":"https:\/\/www.monbailleur.fr\/offres-emploi\/wp-json\/wp\/v2\/job-listings\/39319","targetHints":{"allow":["GET"]}}],"collection":[{"href":"https:\/\/www.monbailleur.fr\/offres-emploi\/wp-json\/wp\/v2\/job-listings"}],"about":[{"href":"https:\/\/www.monbailleur.fr\/offres-emploi\/wp-json\/wp\/v2\/types\/job_listing"}],"wp:featuredmedia":[{"embeddable":true,"href":"https:\/\/www.monbailleur.fr\/offres-emploi\/wp-json\/wp\/v2\/media\/5636"}],"wp:attachment":[{"href":"https:\/\/www.monbailleur.fr\/offres-emploi\/wp-json\/wp\/v2\/media?parent=39319"}],"wp:term":[{"taxonomy":"job_listing_category","embeddable":true,"href":"https:\/\/www.monbailleur.fr\/offres-emploi\/wp-json\/wp\/v2\/job-categories?post=39319"},{"taxonomy":"job_listing_type","embeddable":true,"href":"https:\/\/www.monbailleur.fr\/offres-emploi\/wp-json\/wp\/v2\/job-types?post=39319"}],"curies":[{"name":"wp","href":"https:\/\/api.w.org\/{rel}","templated":true}]}}