{"id":39332,"date":"2026-08-22T08:00:24","date_gmt":"2026-08-22T06:00:24","guid":{"rendered":"https:\/\/www.monbailleur.fr\/offres-emploi\/poste\/coordinateur-regie-f-h-h-f"},"modified":"2026-08-22T08:00:24","modified_gmt":"2026-08-22T06:00:24","slug":"coordinateur-regie-f-h-h-f","status":"publish","type":"job_listing","link":"https:\/\/www.monbailleur.fr\/offres-emploi\/poste\/coordinateur-regie-f-h-h-f","title":{"rendered":"Coordinateur r\u00e9gie F\/H H\/F"},"content":{"rendered":"<h2>L&rsquo;entreprise:<\/h2>\n<\/p>\n<p>Ici, votre m\u00e9tier a un impact !<\/p>\n<p>Construire, r\u00e9nover, loger, accompagner. Chez DYNACITE, ces mots prennent tout leur sens : ils changent concr\u00e8tement la vie de milliers de personnes, chaque jour.<\/p>\n<p>Premier bailleur social du d\u00e9partement de l\u2019Ain, pr\u00e9sent sur cinq d\u00e9partements d\u2019Auvergne\u2013Rh\u00f4ne-Alpes, nous g\u00e9rons pr\u00e8s de 29 000 logements. Mais au-del\u00e0 des chiffres, ce sont pr\u00e8s de 600 femmes et hommes engag\u00e9s qui portent notre mission d\u2019int\u00e9r\u00eat g\u00e9n\u00e9ral au plus pr\u00e8s des territoires et des habitants.<\/p>\n<p>Nos m\u00e9tiers couvrent toute la cha\u00eene du logement social : am\u00e9nagement, construction neuve, r\u00e9habilitation, gestion locative et accession sociale \u00e0 la propri\u00e9t\u00e9. Chaque ann\u00e9e, nous r\u00e9novons 20 % de notre parc et livrons environ 500 nouveaux logements. Autant de projets concrets au service d\u2019un habitat durable et accessible.<\/p>\n<p>Rejoindre DYNACITE, c\u2019est int\u00e9grer un collectif o\u00f9 la proximit\u00e9, la coop\u00e9ration et le sens du service public ne sont pas des slogans, mais une r\u00e9alit\u00e9 quotidienne. C\u2019est \u00e9voluer dans un environnement qui valorise l\u2019initiative, d\u00e9veloppe les comp\u00e9tences et fait confiance aux talents.<\/p>\n<p>Nos valeurs : respect, professionnalisme, esprit d\u2019\u00e9quipe, innovation et performance guident nos pratiques.<\/p>\n<p>Vous voulez exercer un m\u00e9tier utile, dans une entreprise qui s\u2019engage autant pour ses collaborateurs que pour ses habitants ? Alors votre place est chez DYNACITE.<\/p>\n<p>Ouvert \u00e0 la diversit\u00e9 des profils, votre savoir-\u00eatre et votre savoir-faire feront la diff\u00e9rence, rejoignez-nous !<\/p>\n<h2>Description:<\/h2>\n<\/p>\n<p>Pour renforcer nos \u00e9quipes, nous recherchons :<\/p>\n<\/p>\n<p>Un Coordinateur r\u00e9gie F\/H \u2013 (Bourg en Bresse + d\u00e9placements fr\u00e9quents sur notre patrimoine) \u2013 permis B indispensable<\/p>\n<\/p>\n<p>Vous encadrez et animez une \u00e9quipe de techniciens charg\u00e9s de l\u2019entretien et de la maintenance du patrimoine locatif. Vous planifiez et coordonnez les interventions, garantissez la qualit\u00e9 et la s\u00e9curit\u00e9 des op\u00e9rations, et participez si n\u00e9cessaire \u00e0 la r\u00e9alisation de travaux de maintenance courante. R\u00e9f\u00e9rent technique et manager de proximit\u00e9, vous contribuez \u00e0 la pr\u00e9servation du patrimoine, \u00e0 la satisfaction des locataires et \u00e0 l\u2019accompagnement de votre \u00e9quipe au quotidien.<\/p>\n<h2>Profil:<\/h2>\n<\/p>\n<p>Professionnel du b\u00e2timent, vous avez d\u00e9velopp\u00e9 une solide ma\u00eetrise des activit\u00e9s de maintenance et d\u2019entretien du patrimoine, id\u00e9alement compl\u00e9t\u00e9e par une exp\u00e9rience en encadrement d\u2019\u00e9quipe. Votre sens de l\u2019organisation, votre r\u00e9activit\u00e9 et vos comp\u00e9tences techniques vous permettent de piloter efficacement les interventions.<\/p>\n<\/p>\n<p>CDI &#8211; temps plein<\/p>\n<\/p>\n<p>R\u00e9mun\u00e9ration brute annuelle : \u00e0 partir de 30 000 euros suivant profil sur 13 mois<\/p>\n<\/p>\n<p>AVANTAGES :<\/p>\n<p>\u00b7 6 semaines de cong\u00e9s pay\u00e9s + cong\u00e9s anciennet\u00e9s \u00e0 partir de 5 ans<\/p>\n<p>\u00b7 11 jours de RTT<\/p>\n<p>\u00b7 Tickets restaurant 11 euros par jour<\/p>\n<p>\u00b7 Mutuelle totalement prise en charge pour le salari\u00e9<\/p>\n<p>\u00b7 Pr\u00e9voyance<\/p>\n<p>\u00b7 Prime d\u2019anciennet\u00e9 apr\u00e8s 3 ans d\u2019anciennet\u00e9<\/p>\n<p>\u00b7 Plan d\u2019Epargne Retraite Compl\u00e9mentaire (PERCO) abond\u00e9 par l\u2019entreprise<\/p>\n<p>\u00b7 Accord d\u2019int\u00e9ressement adoss\u00e9 \u00e0 un Plan d\u2019Epargne Entreprise dot\u00e9 d\u2019un abondement possible<\/p>\n<p>\u00b7 Compte Epargne Temps permettant de mon\u00e9tiser une partie de ses cong\u00e9s \u00e9pargn\u00e9s<\/p>\n<p>\u00b7 \u0152uvres sociales donnant droit \u00e0 des r\u00e9ductions, voyages et locations \u00e0 tarifs pr\u00e9f\u00e9rentiels, bons cadeaux, &#8230;)<\/p>\n<\/p>\n<h3>Niveau de dipl\u00f4me:<\/h3>\n<p> Niveau V &#8211; CAP, BEP, Dipl\u00f4me national du brevet<\/p>\n<h3>Temps de travail<\/h3>\n<p>Temps plein <\/p>\n<h3> Organisme <\/h3>\n<p> <span id=\"ctl00_ctl00_AspMainContent_MainContent_MasterPageSettingsView_ctl03_ctl01_fldEntityDescriptionFormat_lblContentText\"><span id=\"ctl00_MainContent_DescriptionEntityEdit_SubForm1_ctl01_Field1_ctl00_lblEntityFormat\">DYNACIT\u00c9 &#8211; OPH DE L&rsquo;AIN <\/span><br \/><\/span><\/p>\n","protected":false},"author":0,"featured_media":30174,"template":"","meta":{"_promoted":"","_job_location":"France, Auvergne - Rhone-Alpes, Ain (01) Bourg en Bresse + d\u00e9placements fr\u00e9quents sur notre patrimoine","_application":"https:\/\/les-hlm-recrutent.talent-soft.com\/offre-de-emploi\/emploi-coordinateur-regie-f-h-h-f_70441.aspx?utm_source=monbailleur.fr","_company_name":"DYNACIT\u00c9 - OPH DE L'AIN","_company_website":"","_company_tagline":"","_company_twitter":"","_company_video":"","_filled":0,"_featured":0,"_remote_position":0,"_job_salary":"","_job_salary_currency":"","_job_salary_unit":""},"job-categories":[78],"job-types":[63],"class_list":["post-39332","job_listing","type-job_listing","status-publish","has-post-thumbnail","hentry","job_listing_category-autres","job_listing_type-cdi","job-type-cdi"],"yoast_head":"<!-- This site is optimized with the Yoast SEO Premium plugin v22.4 (Yoast SEO v25.1) - https:\/\/yoast.com\/wordpress\/plugins\/seo\/ -->\n<title>Coordinateur r\u00e9gie F\/H H\/F - Monbailleur.fr - Emploi<\/title>\n<meta name=\"robots\" content=\"noindex, follow\" \/>\n<meta property=\"og:locale\" content=\"fr_FR\" \/>\n<meta property=\"og:type\" content=\"article\" \/>\n<meta property=\"og:title\" content=\"Coordinateur r\u00e9gie F\/H H\/F\" \/>\n<meta property=\"og:description\" content=\"L&rsquo;entreprise: Ici, votre m\u00e9tier a un impact ! Construire, r\u00e9nover, loger, accompagner. Chez DYNACITE, ces mots prennent tout leur sens : ils changent concr\u00e8tement la vie de milliers de personnes, chaque jour. Premier bailleur social du d\u00e9partement de l\u2019Ain, pr\u00e9sent sur cinq d\u00e9partements d\u2019Auvergne\u2013Rh\u00f4ne-Alpes, nous g\u00e9rons pr\u00e8s de 29 000 logements. Mais au-del\u00e0 des chiffres,\" \/>\n<meta property=\"og:url\" content=\"https:\/\/www.monbailleur.fr\/offres-emploi\/poste\/coordinateur-regie-f-h-h-f\" \/>\n<meta property=\"og:site_name\" content=\"Monbailleur.fr - Emploi\" \/>\n<meta property=\"og:image\" content=\"https:\/\/www.monbailleur.fr\/offres-emploi\/wp-content\/uploads\/2025\/09\/dynacite-oph-de-lain.png\" \/>\n\t<meta property=\"og:image:width\" content=\"200\" \/>\n\t<meta property=\"og:image:height\" content=\"88\" \/>\n\t<meta property=\"og:image:type\" content=\"image\/png\" \/>\n<meta name=\"twitter:card\" content=\"summary_large_image\" \/>\n<meta name=\"twitter:label1\" content=\"Dur\u00e9e de lecture estim\u00e9e\" \/>\n\t<meta name=\"twitter:data1\" content=\"3 minutes\" \/>\n<script type=\"application\/ld+json\" class=\"yoast-schema-graph\">{\"@context\":\"https:\/\/schema.org\",\"@graph\":[{\"@type\":\"WebPage\",\"@id\":\"https:\/\/www.monbailleur.fr\/offres-emploi\/poste\/coordinateur-regie-f-h-h-f\",\"url\":\"https:\/\/www.monbailleur.fr\/offres-emploi\/poste\/coordinateur-regie-f-h-h-f\",\"name\":\"Coordinateur r\u00e9gie F\/H H\/F - Monbailleur.fr - Emploi\",\"isPartOf\":{\"@id\":\"https:\/\/www.monbailleur.fr\/offres-emploi\/#website\"},\"primaryImageOfPage\":{\"@id\":\"https:\/\/www.monbailleur.fr\/offres-emploi\/poste\/coordinateur-regie-f-h-h-f#primaryimage\"},\"image\":{\"@id\":\"https:\/\/www.monbailleur.fr\/offres-emploi\/poste\/coordinateur-regie-f-h-h-f#primaryimage\"},\"thumbnailUrl\":\"https:\/\/www.monbailleur.fr\/offres-emploi\/wp-content\/uploads\/2025\/09\/dynacite-oph-de-lain.png\",\"datePublished\":\"2026-08-22T06:00:24+00:00\",\"breadcrumb\":{\"@id\":\"https:\/\/www.monbailleur.fr\/offres-emploi\/poste\/coordinateur-regie-f-h-h-f#breadcrumb\"},\"inLanguage\":\"fr-FR\",\"potentialAction\":[{\"@type\":\"ReadAction\",\"target\":[\"https:\/\/www.monbailleur.fr\/offres-emploi\/poste\/coordinateur-regie-f-h-h-f\"]}]},{\"@type\":\"ImageObject\",\"inLanguage\":\"fr-FR\",\"@id\":\"https:\/\/www.monbailleur.fr\/offres-emploi\/poste\/coordinateur-regie-f-h-h-f#primaryimage\",\"url\":\"https:\/\/www.monbailleur.fr\/offres-emploi\/wp-content\/uploads\/2025\/09\/dynacite-oph-de-lain.png\",\"contentUrl\":\"https:\/\/www.monbailleur.fr\/offres-emploi\/wp-content\/uploads\/2025\/09\/dynacite-oph-de-lain.png\",\"width\":200,\"height\":88},{\"@type\":\"BreadcrumbList\",\"@id\":\"https:\/\/www.monbailleur.fr\/offres-emploi\/poste\/coordinateur-regie-f-h-h-f#breadcrumb\",\"itemListElement\":[{\"@type\":\"ListItem\",\"position\":1,\"name\":\"Accueil\",\"item\":\"https:\/\/www.monbailleur.fr\/offres-emploi\/\"},{\"@type\":\"ListItem\",\"position\":2,\"name\":\"offres d\u2019emploi\",\"item\":\"https:\/\/www.monbailleur.fr\/offres-emploi\/job-listings\"},{\"@type\":\"ListItem\",\"position\":3,\"name\":\"Coordinateur r\u00e9gie F\/H H\/F\"}]},{\"@type\":\"WebSite\",\"@id\":\"https:\/\/www.monbailleur.fr\/offres-emploi\/#website\",\"url\":\"https:\/\/www.monbailleur.fr\/offres-emploi\/\",\"name\":\"Monbailleur.fr - Emploi\",\"description\":\"Les offres d&#039;emploi du logement social\",\"publisher\":{\"@id\":\"https:\/\/www.monbailleur.fr\/offres-emploi\/#organization\"},\"potentialAction\":[{\"@type\":\"SearchAction\",\"target\":{\"@type\":\"EntryPoint\",\"urlTemplate\":\"https:\/\/www.monbailleur.fr\/offres-emploi\/?s={search_term_string}\"},\"query-input\":{\"@type\":\"PropertyValueSpecification\",\"valueRequired\":true,\"valueName\":\"search_term_string\"}}],\"inLanguage\":\"fr-FR\"},{\"@type\":\"Organization\",\"@id\":\"https:\/\/www.monbailleur.fr\/offres-emploi\/#organization\",\"name\":\"Monbailleur.fr - Emploi\",\"url\":\"https:\/\/www.monbailleur.fr\/offres-emploi\/\",\"logo\":{\"@type\":\"ImageObject\",\"inLanguage\":\"fr-FR\",\"@id\":\"https:\/\/www.monbailleur.fr\/offres-emploi\/#\/schema\/logo\/image\/\",\"url\":\"https:\/\/www.monbailleur.fr\/offres-emploi\/wp-content\/uploads\/2023\/06\/MonBailleur-1200x675-1.png\",\"contentUrl\":\"https:\/\/www.monbailleur.fr\/offres-emploi\/wp-content\/uploads\/2023\/06\/MonBailleur-1200x675-1.png\",\"width\":1200,\"height\":675,\"caption\":\"Monbailleur.fr - Emploi\"},\"image\":{\"@id\":\"https:\/\/www.monbailleur.fr\/offres-emploi\/#\/schema\/logo\/image\/\"}}]}<\/script>\n<!-- \/ Yoast SEO Premium plugin. -->","yoast_head_json":{"title":"Coordinateur r\u00e9gie F\/H H\/F - Monbailleur.fr - Emploi","robots":{"index":"noindex","follow":"follow"},"og_locale":"fr_FR","og_type":"article","og_title":"Coordinateur r\u00e9gie F\/H H\/F","og_description":"L&rsquo;entreprise: Ici, votre m\u00e9tier a un impact ! Construire, r\u00e9nover, loger, accompagner. Chez DYNACITE, ces mots prennent tout leur sens : ils changent concr\u00e8tement la vie de milliers de personnes, chaque jour. Premier bailleur social du d\u00e9partement de l\u2019Ain, pr\u00e9sent sur cinq d\u00e9partements d\u2019Auvergne\u2013Rh\u00f4ne-Alpes, nous g\u00e9rons pr\u00e8s de 29 000 logements. Mais au-del\u00e0 des chiffres,","og_url":"https:\/\/www.monbailleur.fr\/offres-emploi\/poste\/coordinateur-regie-f-h-h-f","og_site_name":"Monbailleur.fr - Emploi","og_image":[{"width":200,"height":88,"url":"https:\/\/www.monbailleur.fr\/offres-emploi\/wp-content\/uploads\/2025\/09\/dynacite-oph-de-lain.png","type":"image\/png"}],"twitter_card":"summary_large_image","twitter_misc":{"Dur\u00e9e de lecture estim\u00e9e":"3 minutes"},"schema":{"@context":"https:\/\/schema.org","@graph":[{"@type":"WebPage","@id":"https:\/\/www.monbailleur.fr\/offres-emploi\/poste\/coordinateur-regie-f-h-h-f","url":"https:\/\/www.monbailleur.fr\/offres-emploi\/poste\/coordinateur-regie-f-h-h-f","name":"Coordinateur r\u00e9gie F\/H H\/F - Monbailleur.fr - Emploi","isPartOf":{"@id":"https:\/\/www.monbailleur.fr\/offres-emploi\/#website"},"primaryImageOfPage":{"@id":"https:\/\/www.monbailleur.fr\/offres-emploi\/poste\/coordinateur-regie-f-h-h-f#primaryimage"},"image":{"@id":"https:\/\/www.monbailleur.fr\/offres-emploi\/poste\/coordinateur-regie-f-h-h-f#primaryimage"},"thumbnailUrl":"https:\/\/www.monbailleur.fr\/offres-emploi\/wp-content\/uploads\/2025\/09\/dynacite-oph-de-lain.png","datePublished":"2026-08-22T06:00:24+00:00","breadcrumb":{"@id":"https:\/\/www.monbailleur.fr\/offres-emploi\/poste\/coordinateur-regie-f-h-h-f#breadcrumb"},"inLanguage":"fr-FR","potentialAction":[{"@type":"ReadAction","target":["https:\/\/www.monbailleur.fr\/offres-emploi\/poste\/coordinateur-regie-f-h-h-f"]}]},{"@type":"ImageObject","inLanguage":"fr-FR","@id":"https:\/\/www.monbailleur.fr\/offres-emploi\/poste\/coordinateur-regie-f-h-h-f#primaryimage","url":"https:\/\/www.monbailleur.fr\/offres-emploi\/wp-content\/uploads\/2025\/09\/dynacite-oph-de-lain.png","contentUrl":"https:\/\/www.monbailleur.fr\/offres-emploi\/wp-content\/uploads\/2025\/09\/dynacite-oph-de-lain.png","width":200,"height":88},{"@type":"BreadcrumbList","@id":"https:\/\/www.monbailleur.fr\/offres-emploi\/poste\/coordinateur-regie-f-h-h-f#breadcrumb","itemListElement":[{"@type":"ListItem","position":1,"name":"Accueil","item":"https:\/\/www.monbailleur.fr\/offres-emploi\/"},{"@type":"ListItem","position":2,"name":"offres d\u2019emploi","item":"https:\/\/www.monbailleur.fr\/offres-emploi\/job-listings"},{"@type":"ListItem","position":3,"name":"Coordinateur r\u00e9gie F\/H H\/F"}]},{"@type":"WebSite","@id":"https:\/\/www.monbailleur.fr\/offres-emploi\/#website","url":"https:\/\/www.monbailleur.fr\/offres-emploi\/","name":"Monbailleur.fr - Emploi","description":"Les offres d&#039;emploi du logement social","publisher":{"@id":"https:\/\/www.monbailleur.fr\/offres-emploi\/#organization"},"potentialAction":[{"@type":"SearchAction","target":{"@type":"EntryPoint","urlTemplate":"https:\/\/www.monbailleur.fr\/offres-emploi\/?s={search_term_string}"},"query-input":{"@type":"PropertyValueSpecification","valueRequired":true,"valueName":"search_term_string"}}],"inLanguage":"fr-FR"},{"@type":"Organization","@id":"https:\/\/www.monbailleur.fr\/offres-emploi\/#organization","name":"Monbailleur.fr - Emploi","url":"https:\/\/www.monbailleur.fr\/offres-emploi\/","logo":{"@type":"ImageObject","inLanguage":"fr-FR","@id":"https:\/\/www.monbailleur.fr\/offres-emploi\/#\/schema\/logo\/image\/","url":"https:\/\/www.monbailleur.fr\/offres-emploi\/wp-content\/uploads\/2023\/06\/MonBailleur-1200x675-1.png","contentUrl":"https:\/\/www.monbailleur.fr\/offres-emploi\/wp-content\/uploads\/2023\/06\/MonBailleur-1200x675-1.png","width":1200,"height":675,"caption":"Monbailleur.fr - Emploi"},"image":{"@id":"https:\/\/www.monbailleur.fr\/offres-emploi\/#\/schema\/logo\/image\/"}}]}},"_links":{"self":[{"href":"https:\/\/www.monbailleur.fr\/offres-emploi\/wp-json\/wp\/v2\/job-listings\/39332","targetHints":{"allow":["GET"]}}],"collection":[{"href":"https:\/\/www.monbailleur.fr\/offres-emploi\/wp-json\/wp\/v2\/job-listings"}],"about":[{"href":"https:\/\/www.monbailleur.fr\/offres-emploi\/wp-json\/wp\/v2\/types\/job_listing"}],"wp:featuredmedia":[{"embeddable":true,"href":"https:\/\/www.monbailleur.fr\/offres-emploi\/wp-json\/wp\/v2\/media\/30174"}],"wp:attachment":[{"href":"https:\/\/www.monbailleur.fr\/offres-emploi\/wp-json\/wp\/v2\/media?parent=39332"}],"wp:term":[{"taxonomy":"job_listing_category","embeddable":true,"href":"https:\/\/www.monbailleur.fr\/offres-emploi\/wp-json\/wp\/v2\/job-categories?post=39332"},{"taxonomy":"job_listing_type","embeddable":true,"href":"https:\/\/www.monbailleur.fr\/offres-emploi\/wp-json\/wp\/v2\/job-types?post=39332"}],"curies":[{"name":"wp","href":"https:\/\/api.w.org\/{rel}","templated":true}]}}