{"id":39346,"date":"2026-08-24T08:00:21","date_gmt":"2026-08-24T06:00:21","guid":{"rendered":"https:\/\/www.monbailleur.fr\/offres-emploi\/poste\/charge-doperations-h-f-h-f"},"modified":"2026-08-24T08:00:21","modified_gmt":"2026-08-24T06:00:21","slug":"charge-doperations-h-f-h-f","status":"publish","type":"job_listing","link":"https:\/\/www.monbailleur.fr\/offres-emploi\/poste\/charge-doperations-h-f-h-f","title":{"rendered":"Charg\u00e9 d&rsquo;op\u00e9rations H\/F H\/F"},"content":{"rendered":"<h2>L&rsquo;entreprise:<\/h2>\n<\/p>\n<p>Fort d&rsquo;un patrimoine de pr\u00e8s de 64 000 Maisons et Cit\u00e9s mini\u00e8res, notre entreprise est le premier bailleur social de la r\u00e9gion des Hauts de France. Choisir d&rsquo;int\u00e9grer Maisons et Cit\u00e9s, c&rsquo;est rejoindre un groupe en pleine \u00e9volution disposant d&rsquo;une vision \u00e0 10 ans structur\u00e9e et port\u00e9e par l&rsquo;ensemble des 850 collaborateurs.<\/p>\n<h2>Description:<\/h2>\n<\/p>\n<p>Notre Responsable R\u00e9alisations sur le territoire de Lens, est en qu\u00eate de son futur talent !<br \/>Il recrute un.e Charg\u00e9.e d&rsquo;op\u00e9rations en CDD \u00e0 Lens pour rejoindre une \u00e9quipe passionn\u00e9e et pleine d&rsquo;\u00e9nergie dans le cadre d&rsquo;un remplacement pour cong\u00e9 maternit\u00e9 !<\/p>\n<p>L&rsquo;aventure du Charg\u00e9 d&rsquo;op\u00e9ration en p\u00f4le r\u00e9alisation consiste \u00e0 suivre rigoureusement l&rsquo;avancement d&rsquo;une op\u00e9rations immobili\u00e8res du lancement de l&rsquo;OS travaux \u00e0 la r\u00e9ception, aussi bien sur de la construction neuve que sur de la r\u00e9habilitation.<\/p>\n<p>Vos missions quotidiennes seront de :<\/p>\n<p>-Garantir le respect des clauses contractuelles des march\u00e9s et du cahier des charges dans le suivi du chantier en tant que ma\u00eetre d&rsquo;ouvrage<br \/>-Assurer la continuit\u00e9 de l&rsquo;information aupr\u00e8s des divers interlocuteurs concern\u00e9s (internes et externes)<br \/>-Contr\u00f4ler la facturation ou appels de fonds et garantir la bonne fin des mises en paiement<br \/>-Assurer la r\u00e9ception des travaux avec les parties prenantes (lev\u00e9e de r\u00e9serve) et effectuer la livraison aux interlocuteurs internes<br \/>-Garantir la cl\u00f4ture administrative, technique et financi\u00e8re de l&rsquo;op\u00e9ration ainsi que le parfait ach\u00e8vement dans l&rsquo;ann\u00e9e de r\u00e9alisation des travaux<\/p>\n<p>Le processus de recrutement :<br \/>&#8211; Un entretien avec le Responsable R\u00e9alisations et les RH<br \/>&#8211; Un entretien avec le Responsable Production Immobili\u00e8re<\/p>\n<h2>Profil:<\/h2>\n<\/p>\n<p>Nous recherchons un profil passionn\u00e9 par la maitrise d&rsquo;ouvrage, capable de suivre des chantiers et poss\u00e9dant une bonne connaissance des techniques de construction du b\u00e2timent.<\/p>\n<p>Vous \u00eates le chef d&rsquo;orchestre des op\u00e9rations :<br \/>&#8211; Dynamique, r\u00e9actif(ve), diplomate et rigoureux(se). Vous avez le sens du collectif et l&rsquo;esprit d&rsquo;\u00e9quipe !<\/p>\n<p>Id\u00e9alement, vous avez valid\u00e9 un Master en g\u00e9nie civil, urbanisme\/am\u00e9nagement ou ing\u00e9nierie travaux\/BTP et vous poss\u00e9dez une exp\u00e9rience d&rsquo;au moins 2 ans sur un poste similaire.<\/p>\n<h3>Temps de travail<\/h3>\n<p>Temps plein <\/p>\n<h3> Organisme <\/h3>\n<p> <span id=\"ctl00_ctl00_AspMainContent_MainContent_MasterPageSettingsView_ctl03_ctl01_fldEntityDescriptionFormat_lblContentText\"><span id=\"ctl00_MainContent_DescriptionEntityEdit_SubForm1_ctl01_Field1_ctl00_lblEntityFormat\">MAISONS ET CIT\u00c9S <\/span><br \/><\/span><\/p>\n","protected":false},"author":0,"featured_media":30169,"template":"","meta":{"_promoted":"","_job_location":"France, Hauts-de-France, Pas de Calais (62) Loos en Gohelle","_application":"https:\/\/les-hlm-recrutent.talent-soft.com\/offre-de-emploi\/emploi-charge-d-operations-h-f-h-f_70453.aspx?utm_source=monbailleur.fr","_company_name":"MAISONS ET CIT\u00c9S","_company_website":"","_company_tagline":"","_company_twitter":"","_company_video":"","_filled":0,"_featured":0,"_remote_position":0,"_job_salary":"","_job_salary_currency":"","_job_salary_unit":""},"job-categories":[78],"job-types":[52],"class_list":["post-39346","job_listing","type-job_listing","status-publish","has-post-thumbnail","hentry","job_listing_category-autres","job_listing_type-cdd","job-type-cdd"],"yoast_head":"<!-- This site is optimized with the Yoast SEO Premium plugin v22.4 (Yoast SEO v25.1) - https:\/\/yoast.com\/wordpress\/plugins\/seo\/ -->\n<title>Charg\u00e9 d&#039;op\u00e9rations H\/F H\/F - Monbailleur.fr - Emploi<\/title>\n<meta name=\"robots\" content=\"noindex, follow\" \/>\n<meta property=\"og:locale\" content=\"fr_FR\" \/>\n<meta property=\"og:type\" content=\"article\" \/>\n<meta property=\"og:title\" content=\"Charg\u00e9 d&#039;op\u00e9rations H\/F H\/F\" \/>\n<meta property=\"og:description\" content=\"L&rsquo;entreprise: Fort d&rsquo;un patrimoine de pr\u00e8s de 64 000 Maisons et Cit\u00e9s mini\u00e8res, notre entreprise est le premier bailleur social de la r\u00e9gion des Hauts de France. Choisir d&rsquo;int\u00e9grer Maisons et Cit\u00e9s, c&rsquo;est rejoindre un groupe en pleine \u00e9volution disposant d&rsquo;une vision \u00e0 10 ans structur\u00e9e et port\u00e9e par l&rsquo;ensemble des 850 collaborateurs. Description: Notre\" \/>\n<meta property=\"og:url\" content=\"https:\/\/www.monbailleur.fr\/offres-emploi\/poste\/charge-doperations-h-f-h-f\" \/>\n<meta property=\"og:site_name\" content=\"Monbailleur.fr - Emploi\" \/>\n<meta property=\"og:image\" content=\"https:\/\/www.monbailleur.fr\/offres-emploi\/wp-content\/uploads\/2025\/09\/maisons-et-cites.png\" \/>\n\t<meta property=\"og:image:width\" content=\"200\" \/>\n\t<meta property=\"og:image:height\" content=\"87\" \/>\n\t<meta property=\"og:image:type\" content=\"image\/png\" \/>\n<meta name=\"twitter:card\" content=\"summary_large_image\" \/>\n<meta name=\"twitter:label1\" content=\"Dur\u00e9e de lecture estim\u00e9e\" \/>\n\t<meta name=\"twitter:data1\" content=\"2 minutes\" \/>\n<script type=\"application\/ld+json\" class=\"yoast-schema-graph\">{\"@context\":\"https:\/\/schema.org\",\"@graph\":[{\"@type\":\"WebPage\",\"@id\":\"https:\/\/www.monbailleur.fr\/offres-emploi\/poste\/charge-doperations-h-f-h-f\",\"url\":\"https:\/\/www.monbailleur.fr\/offres-emploi\/poste\/charge-doperations-h-f-h-f\",\"name\":\"Charg\u00e9 d'op\u00e9rations H\/F H\/F - Monbailleur.fr - Emploi\",\"isPartOf\":{\"@id\":\"https:\/\/www.monbailleur.fr\/offres-emploi\/#website\"},\"primaryImageOfPage\":{\"@id\":\"https:\/\/www.monbailleur.fr\/offres-emploi\/poste\/charge-doperations-h-f-h-f#primaryimage\"},\"image\":{\"@id\":\"https:\/\/www.monbailleur.fr\/offres-emploi\/poste\/charge-doperations-h-f-h-f#primaryimage\"},\"thumbnailUrl\":\"https:\/\/www.monbailleur.fr\/offres-emploi\/wp-content\/uploads\/2025\/09\/maisons-et-cites.png\",\"datePublished\":\"2026-08-24T06:00:21+00:00\",\"breadcrumb\":{\"@id\":\"https:\/\/www.monbailleur.fr\/offres-emploi\/poste\/charge-doperations-h-f-h-f#breadcrumb\"},\"inLanguage\":\"fr-FR\",\"potentialAction\":[{\"@type\":\"ReadAction\",\"target\":[\"https:\/\/www.monbailleur.fr\/offres-emploi\/poste\/charge-doperations-h-f-h-f\"]}]},{\"@type\":\"ImageObject\",\"inLanguage\":\"fr-FR\",\"@id\":\"https:\/\/www.monbailleur.fr\/offres-emploi\/poste\/charge-doperations-h-f-h-f#primaryimage\",\"url\":\"https:\/\/www.monbailleur.fr\/offres-emploi\/wp-content\/uploads\/2025\/09\/maisons-et-cites.png\",\"contentUrl\":\"https:\/\/www.monbailleur.fr\/offres-emploi\/wp-content\/uploads\/2025\/09\/maisons-et-cites.png\",\"width\":200,\"height\":87},{\"@type\":\"BreadcrumbList\",\"@id\":\"https:\/\/www.monbailleur.fr\/offres-emploi\/poste\/charge-doperations-h-f-h-f#breadcrumb\",\"itemListElement\":[{\"@type\":\"ListItem\",\"position\":1,\"name\":\"Accueil\",\"item\":\"https:\/\/www.monbailleur.fr\/offres-emploi\/\"},{\"@type\":\"ListItem\",\"position\":2,\"name\":\"offres d\u2019emploi\",\"item\":\"https:\/\/www.monbailleur.fr\/offres-emploi\/job-listings\"},{\"@type\":\"ListItem\",\"position\":3,\"name\":\"Charg\u00e9 d&rsquo;op\u00e9rations H\/F H\/F\"}]},{\"@type\":\"WebSite\",\"@id\":\"https:\/\/www.monbailleur.fr\/offres-emploi\/#website\",\"url\":\"https:\/\/www.monbailleur.fr\/offres-emploi\/\",\"name\":\"Monbailleur.fr - Emploi\",\"description\":\"Les offres d&#039;emploi du logement social\",\"publisher\":{\"@id\":\"https:\/\/www.monbailleur.fr\/offres-emploi\/#organization\"},\"potentialAction\":[{\"@type\":\"SearchAction\",\"target\":{\"@type\":\"EntryPoint\",\"urlTemplate\":\"https:\/\/www.monbailleur.fr\/offres-emploi\/?s={search_term_string}\"},\"query-input\":{\"@type\":\"PropertyValueSpecification\",\"valueRequired\":true,\"valueName\":\"search_term_string\"}}],\"inLanguage\":\"fr-FR\"},{\"@type\":\"Organization\",\"@id\":\"https:\/\/www.monbailleur.fr\/offres-emploi\/#organization\",\"name\":\"Monbailleur.fr - Emploi\",\"url\":\"https:\/\/www.monbailleur.fr\/offres-emploi\/\",\"logo\":{\"@type\":\"ImageObject\",\"inLanguage\":\"fr-FR\",\"@id\":\"https:\/\/www.monbailleur.fr\/offres-emploi\/#\/schema\/logo\/image\/\",\"url\":\"https:\/\/www.monbailleur.fr\/offres-emploi\/wp-content\/uploads\/2023\/06\/MonBailleur-1200x675-1.png\",\"contentUrl\":\"https:\/\/www.monbailleur.fr\/offres-emploi\/wp-content\/uploads\/2023\/06\/MonBailleur-1200x675-1.png\",\"width\":1200,\"height\":675,\"caption\":\"Monbailleur.fr - Emploi\"},\"image\":{\"@id\":\"https:\/\/www.monbailleur.fr\/offres-emploi\/#\/schema\/logo\/image\/\"}}]}<\/script>\n<!-- \/ Yoast SEO Premium plugin. -->","yoast_head_json":{"title":"Charg\u00e9 d'op\u00e9rations H\/F H\/F - Monbailleur.fr - Emploi","robots":{"index":"noindex","follow":"follow"},"og_locale":"fr_FR","og_type":"article","og_title":"Charg\u00e9 d'op\u00e9rations H\/F H\/F","og_description":"L&rsquo;entreprise: Fort d&rsquo;un patrimoine de pr\u00e8s de 64 000 Maisons et Cit\u00e9s mini\u00e8res, notre entreprise est le premier bailleur social de la r\u00e9gion des Hauts de France. Choisir d&rsquo;int\u00e9grer Maisons et Cit\u00e9s, c&rsquo;est rejoindre un groupe en pleine \u00e9volution disposant d&rsquo;une vision \u00e0 10 ans structur\u00e9e et port\u00e9e par l&rsquo;ensemble des 850 collaborateurs. Description: Notre","og_url":"https:\/\/www.monbailleur.fr\/offres-emploi\/poste\/charge-doperations-h-f-h-f","og_site_name":"Monbailleur.fr - Emploi","og_image":[{"width":200,"height":87,"url":"https:\/\/www.monbailleur.fr\/offres-emploi\/wp-content\/uploads\/2025\/09\/maisons-et-cites.png","type":"image\/png"}],"twitter_card":"summary_large_image","twitter_misc":{"Dur\u00e9e de lecture estim\u00e9e":"2 minutes"},"schema":{"@context":"https:\/\/schema.org","@graph":[{"@type":"WebPage","@id":"https:\/\/www.monbailleur.fr\/offres-emploi\/poste\/charge-doperations-h-f-h-f","url":"https:\/\/www.monbailleur.fr\/offres-emploi\/poste\/charge-doperations-h-f-h-f","name":"Charg\u00e9 d'op\u00e9rations H\/F H\/F - Monbailleur.fr - Emploi","isPartOf":{"@id":"https:\/\/www.monbailleur.fr\/offres-emploi\/#website"},"primaryImageOfPage":{"@id":"https:\/\/www.monbailleur.fr\/offres-emploi\/poste\/charge-doperations-h-f-h-f#primaryimage"},"image":{"@id":"https:\/\/www.monbailleur.fr\/offres-emploi\/poste\/charge-doperations-h-f-h-f#primaryimage"},"thumbnailUrl":"https:\/\/www.monbailleur.fr\/offres-emploi\/wp-content\/uploads\/2025\/09\/maisons-et-cites.png","datePublished":"2026-08-24T06:00:21+00:00","breadcrumb":{"@id":"https:\/\/www.monbailleur.fr\/offres-emploi\/poste\/charge-doperations-h-f-h-f#breadcrumb"},"inLanguage":"fr-FR","potentialAction":[{"@type":"ReadAction","target":["https:\/\/www.monbailleur.fr\/offres-emploi\/poste\/charge-doperations-h-f-h-f"]}]},{"@type":"ImageObject","inLanguage":"fr-FR","@id":"https:\/\/www.monbailleur.fr\/offres-emploi\/poste\/charge-doperations-h-f-h-f#primaryimage","url":"https:\/\/www.monbailleur.fr\/offres-emploi\/wp-content\/uploads\/2025\/09\/maisons-et-cites.png","contentUrl":"https:\/\/www.monbailleur.fr\/offres-emploi\/wp-content\/uploads\/2025\/09\/maisons-et-cites.png","width":200,"height":87},{"@type":"BreadcrumbList","@id":"https:\/\/www.monbailleur.fr\/offres-emploi\/poste\/charge-doperations-h-f-h-f#breadcrumb","itemListElement":[{"@type":"ListItem","position":1,"name":"Accueil","item":"https:\/\/www.monbailleur.fr\/offres-emploi\/"},{"@type":"ListItem","position":2,"name":"offres d\u2019emploi","item":"https:\/\/www.monbailleur.fr\/offres-emploi\/job-listings"},{"@type":"ListItem","position":3,"name":"Charg\u00e9 d&rsquo;op\u00e9rations H\/F H\/F"}]},{"@type":"WebSite","@id":"https:\/\/www.monbailleur.fr\/offres-emploi\/#website","url":"https:\/\/www.monbailleur.fr\/offres-emploi\/","name":"Monbailleur.fr - Emploi","description":"Les offres d&#039;emploi du logement social","publisher":{"@id":"https:\/\/www.monbailleur.fr\/offres-emploi\/#organization"},"potentialAction":[{"@type":"SearchAction","target":{"@type":"EntryPoint","urlTemplate":"https:\/\/www.monbailleur.fr\/offres-emploi\/?s={search_term_string}"},"query-input":{"@type":"PropertyValueSpecification","valueRequired":true,"valueName":"search_term_string"}}],"inLanguage":"fr-FR"},{"@type":"Organization","@id":"https:\/\/www.monbailleur.fr\/offres-emploi\/#organization","name":"Monbailleur.fr - Emploi","url":"https:\/\/www.monbailleur.fr\/offres-emploi\/","logo":{"@type":"ImageObject","inLanguage":"fr-FR","@id":"https:\/\/www.monbailleur.fr\/offres-emploi\/#\/schema\/logo\/image\/","url":"https:\/\/www.monbailleur.fr\/offres-emploi\/wp-content\/uploads\/2023\/06\/MonBailleur-1200x675-1.png","contentUrl":"https:\/\/www.monbailleur.fr\/offres-emploi\/wp-content\/uploads\/2023\/06\/MonBailleur-1200x675-1.png","width":1200,"height":675,"caption":"Monbailleur.fr - Emploi"},"image":{"@id":"https:\/\/www.monbailleur.fr\/offres-emploi\/#\/schema\/logo\/image\/"}}]}},"_links":{"self":[{"href":"https:\/\/www.monbailleur.fr\/offres-emploi\/wp-json\/wp\/v2\/job-listings\/39346","targetHints":{"allow":["GET"]}}],"collection":[{"href":"https:\/\/www.monbailleur.fr\/offres-emploi\/wp-json\/wp\/v2\/job-listings"}],"about":[{"href":"https:\/\/www.monbailleur.fr\/offres-emploi\/wp-json\/wp\/v2\/types\/job_listing"}],"wp:featuredmedia":[{"embeddable":true,"href":"https:\/\/www.monbailleur.fr\/offres-emploi\/wp-json\/wp\/v2\/media\/30169"}],"wp:attachment":[{"href":"https:\/\/www.monbailleur.fr\/offres-emploi\/wp-json\/wp\/v2\/media?parent=39346"}],"wp:term":[{"taxonomy":"job_listing_category","embeddable":true,"href":"https:\/\/www.monbailleur.fr\/offres-emploi\/wp-json\/wp\/v2\/job-categories?post=39346"},{"taxonomy":"job_listing_type","embeddable":true,"href":"https:\/\/www.monbailleur.fr\/offres-emploi\/wp-json\/wp\/v2\/job-types?post=39346"}],"curies":[{"name":"wp","href":"https:\/\/api.w.org\/{rel}","templated":true}]}}