{"id":39347,"date":"2026-08-24T08:00:25","date_gmt":"2026-08-24T06:00:25","guid":{"rendered":"https:\/\/www.monbailleur.fr\/offres-emploi\/poste\/contraleur-de-gestion-communication-cdc-habitat-75-h-f-h-f"},"modified":"2026-08-24T08:00:25","modified_gmt":"2026-08-24T06:00:25","slug":"contraleur-de-gestion-communication-cdc-habitat-75-h-f-h-f","status":"publish","type":"job_listing","link":"https:\/\/www.monbailleur.fr\/offres-emploi\/poste\/contraleur-de-gestion-communication-cdc-habitat-75-h-f-h-f","title":{"rendered":"Contr\u00c3\u00b4leur de gestion &#8211; Communication &#8211; CDC Habitat (75) H\/F H\/F"},"content":{"rendered":"<h2>L&rsquo;entreprise:<\/h2>\n<\/p>\n<p>Relevez le challenge de l&rsquo;habitat au sein d&rsquo;un groupe en croissance !<\/p>\n<p>Rejoindre CDC Habitat, c&rsquo;est int\u00e9grer un groupe expert des m\u00e9tiers de la construction, de la gestion locative, de la r\u00e9novation de l&rsquo;habitat et de la Ville.<br \/>Un groupe engag\u00e9 pour r\u00e9pondre aux d\u00e9fis actuels et au service de l&rsquo;int\u00e9r\u00eat g\u00e9n\u00e9ral.<br \/>Notre gamme de logements r\u00e9pond \u00e0 des besoins tr\u00e8s divers et favorise la mise en oeuvre d&rsquo;un v\u00e9ritable parcours r\u00e9sidentiel, adapt\u00e9 aux diff\u00e9rentes \u00e9tapes de la vie.<br \/>Rejoindre CDC Habitat, c&rsquo;est int\u00e9grer un collectif de passionn\u00e9s.<br \/>Notre Groupe offre plusieurs centaines de m\u00e9tiers. Une multitude d&rsquo;opportunit\u00e9s vous attend.<br \/>Si vous aussi vous souhaitez, avoir un m\u00e9tier porteur de sens dans un environnement stimulant et bienveillant, nous sommes faits pour nous rencontrer !<\/p>\n<p>CDC Habitat s&rsquo;engage en faveur de la diversit\u00e9, l&rsquo;\u00e9galit\u00e9 professionnelle, l&#8217;emploi des travailleurs handicap\u00e9s.<\/p>\n<\/p>\n<h2>Description:<\/h2>\n<\/p>\n<p>Au sein de la Direction du Contr\u00f4le de Gestion Groupe, rattach\u00e9 directement au responsable du p\u00f4le et communication Groupe, vous serez en charge des donn\u00e9es financi\u00e8res Groupe et de CDC Habitat Social.<br \/>En collaboration avec les \u00e9quipes de la Direction financi\u00e8re Groupe, de la direction des participations et des directions m\u00e9tiers :<\/p>\n<p>C&rsquo;est assurer le reporting financier au niveau du Groupe :<br \/>Pr\u00e9parer et suivre les tableaux de synth\u00e8se Groupe.<br \/>\u00c9laborer des pr\u00e9sentations \u00e0 destination des instances de gouvernance (Directoire, Comit\u00e9 d&rsquo;Audit, Conseil de Surveillance) lors des diff\u00e9rentes phases de gestion : rapport d&rsquo;activit\u00e9, budget, PMT et reporting trimestriel.<br \/>R\u00e9diger le rapport financier institutionnel en fran\u00e7ais et en anglais.<br \/>Pr\u00e9parer les supports de pr\u00e9sentation destin\u00e9s aux investisseurs.<br \/>Assurer le reporting de valorisation des d\u00e9riv\u00e9s en lien avec les \u00e9quipes<br \/>Financement et Tr\u00e9sorerie.<br \/>R\u00e9pondre aux sollicitations des interlocuteurs internes (Communication, RSE, etc.) et externes (auditeurs, experts mandat\u00e9s par les CSE, etc.)<\/p>\n<p>C&rsquo;est piloter les dispositifs financiers et r\u00e9glementaires du Groupe :<br \/>Calculer le taux d&rsquo;int\u00e9ressement r\u00e9el en fonction de l&rsquo;atteinte des objectifs fix\u00e9s dans l&rsquo;accord d&rsquo;int\u00e9ressement et r\u00e9aliser les simulations ou \u00e9tudes de sensibilit\u00e9 associ\u00e9es.<br \/>R\u00e9aliser les projections du niveau de participation et conduire les analyses d&rsquo;impact n\u00e9cessaires.<br \/>Participer \u00e0 la mise en oeuvre des exigences de la CSRD au niveau du Groupe.<\/p>\n<p>C&rsquo;est assurer la vision financi\u00e8re transverse de l&rsquo;activit\u00e9 de CDC Habitat Social :<br \/>Budget et PMT : \u00e9laborer les \u00e9tats financiers (bilan, compte de r\u00e9sultat, autofinancement, tableaux de flux de tr\u00e9sorerie, potentiel financier) et produire les livrables destin\u00e9s aux diff\u00e9rentes instances de gouvernance.<br \/>Rapport d&rsquo;activit\u00e9 : produire les \u00e9tats financiers annuels et les supports de pr\u00e9sentation associ\u00e9s.<br \/>Suivi d&rsquo;activit\u00e9 : participer aux r\u00e9unions p\u00e9riodiques de suivi d&rsquo;activit\u00e9 et aux arbitrages patrimoniaux, tout en assurant les reportings sp\u00e9cifiques \u00e0 destination des parties prenantes.<\/p>\n<p>C&rsquo;est contribuer \u00e0 l&rsquo;am\u00e9lioration continue des outils et du pilotage financier :<br \/>R\u00e9aliser les \u00e9tudes financi\u00e8res demand\u00e9es par la Direction G\u00e9n\u00e9rale.<br \/>Participer \u00e0 la mise en place de l&rsquo;outil de collecte budg\u00e9taire et piloter les \u00e9volutions de l&rsquo;outil d&rsquo;\u00e9laboration pr\u00e9visionnelle (Xelos PMT).<br \/>Garantir la coh\u00e9rence du reporting \u00e0 l&rsquo;\u00e9chelle du Groupe et contribuer \u00e0 l&rsquo;am\u00e9lioration continue des outils et des processus de pilotage.<br \/>Apporter son expertise sur les autres sujets du P\u00f4le Corporate selon les besoins (CDC Habitat, fonds, \u00e9tudes et analyses financi\u00e8res).<\/p>\n<h2>Profil:<\/h2>\n<\/p>\n<p>Vous \u00eates titulaire d&rsquo;une formation de niveau Bac +5 en Finance, Contr\u00f4le de gestion ou Ing\u00e9nierie financi\u00e8re.<br \/>Vous justifiez d&rsquo;une exp\u00e9rience significative, id\u00e9alement acquise au sein d&rsquo;un cabinet d&rsquo;audit, d&rsquo;une direction financi\u00e8re, d&rsquo;un fonds d&rsquo;investissement ou d&rsquo;une soci\u00e9t\u00e9 de gestion.<br \/>Vous disposez d&rsquo;excellentes connaissances en analyse et \u00e9laboration des \u00e9tats financiers, ma\u00eetrisez les simulations financi\u00e8res et poss\u00e9dez de solides capacit\u00e9s r\u00e9dactionnelles en fran\u00e7ais comme en anglais. La connaissance du secteur immobilier et du logement social constitue un atout.<br \/>Reconnu pour votre rigueur, votre autonomie et votre sens de l&rsquo;organisation, vous faites preuve d&rsquo;un excellent relationnel, d&rsquo;un esprit d&rsquo;analyse d\u00e9velopp\u00e9 et d&rsquo;une r\u00e9elle app\u00e9tence pour le travail en \u00e9quipe.<\/p>\n<h3>Temps de travail<\/h3>\n<p>Temps plein <\/p>\n<h3> Organisme <\/h3>\n<p> <span id=\"ctl00_ctl00_AspMainContent_MainContent_MasterPageSettingsView_ctl03_ctl01_fldEntityDescriptionFormat_lblContentText\"><span id=\"ctl00_MainContent_DescriptionEntityEdit_SubForm1_ctl01_Field1_ctl00_lblEntityFormat\">CDC HABITAT <\/span><br \/><\/span><\/p>\n","protected":false},"author":0,"featured_media":5636,"template":"","meta":{"_promoted":"","_job_location":"France, Ile-de-France, Paris (75) 33 AVENUE PIERRE MENDES FRANCE","_application":"https:\/\/les-hlm-recrutent.talent-soft.com\/offre-de-emploi\/emploi-contra-leur-de-gestion-communication-cdc-habitat-75-h-f-h-f_70450.aspx?utm_source=monbailleur.fr","_company_name":"CDC HABITAT","_company_website":"","_company_tagline":"","_company_twitter":"","_company_video":"","_filled":0,"_featured":0,"_remote_position":0,"_job_salary":"","_job_salary_currency":"","_job_salary_unit":""},"job-categories":[78],"job-types":[63],"class_list":["post-39347","job_listing","type-job_listing","status-publish","has-post-thumbnail","hentry","job_listing_category-autres","job_listing_type-cdi","job-type-cdi"],"yoast_head":"<!-- This site is optimized with the Yoast SEO Premium plugin v22.4 (Yoast SEO v25.1) - https:\/\/yoast.com\/wordpress\/plugins\/seo\/ -->\n<title>Contr\u00c3\u00b4leur de gestion - Communication - CDC Habitat (75) H\/F H\/F - Monbailleur.fr - Emploi<\/title>\n<meta name=\"robots\" content=\"noindex, follow\" \/>\n<meta property=\"og:locale\" content=\"fr_FR\" \/>\n<meta property=\"og:type\" content=\"article\" \/>\n<meta property=\"og:title\" content=\"Contr\u00c3\u00b4leur de gestion - Communication - CDC Habitat (75) H\/F H\/F\" \/>\n<meta property=\"og:description\" content=\"L&rsquo;entreprise: Relevez le challenge de l&rsquo;habitat au sein d&rsquo;un groupe en croissance ! Rejoindre CDC Habitat, c&rsquo;est int\u00e9grer un groupe expert des m\u00e9tiers de la construction, de la gestion locative, de la r\u00e9novation de l&rsquo;habitat et de la Ville.Un groupe engag\u00e9 pour r\u00e9pondre aux d\u00e9fis actuels et au service de l&rsquo;int\u00e9r\u00eat g\u00e9n\u00e9ral.Notre gamme de logements\" \/>\n<meta property=\"og:url\" content=\"https:\/\/www.monbailleur.fr\/offres-emploi\/poste\/contraleur-de-gestion-communication-cdc-habitat-75-h-f-h-f\" \/>\n<meta property=\"og:site_name\" content=\"Monbailleur.fr - Emploi\" \/>\n<meta property=\"og:image\" content=\"https:\/\/www.monbailleur.fr\/offres-emploi\/wp-content\/uploads\/2023\/06\/mon_bailleur_emploi_placeholder.png\" \/>\n\t<meta property=\"og:image:width\" content=\"512\" \/>\n\t<meta property=\"og:image:height\" content=\"512\" \/>\n\t<meta property=\"og:image:type\" content=\"image\/png\" \/>\n<meta name=\"twitter:card\" content=\"summary_large_image\" \/>\n<meta name=\"twitter:label1\" content=\"Dur\u00e9e de lecture estim\u00e9e\" \/>\n\t<meta name=\"twitter:data1\" content=\"4 minutes\" \/>\n<script type=\"application\/ld+json\" class=\"yoast-schema-graph\">{\"@context\":\"https:\/\/schema.org\",\"@graph\":[{\"@type\":\"WebPage\",\"@id\":\"https:\/\/www.monbailleur.fr\/offres-emploi\/poste\/contraleur-de-gestion-communication-cdc-habitat-75-h-f-h-f\",\"url\":\"https:\/\/www.monbailleur.fr\/offres-emploi\/poste\/contraleur-de-gestion-communication-cdc-habitat-75-h-f-h-f\",\"name\":\"Contr\u00c3\u00b4leur de gestion - Communication - CDC Habitat (75) H\/F H\/F - Monbailleur.fr - Emploi\",\"isPartOf\":{\"@id\":\"https:\/\/www.monbailleur.fr\/offres-emploi\/#website\"},\"primaryImageOfPage\":{\"@id\":\"https:\/\/www.monbailleur.fr\/offres-emploi\/poste\/contraleur-de-gestion-communication-cdc-habitat-75-h-f-h-f#primaryimage\"},\"image\":{\"@id\":\"https:\/\/www.monbailleur.fr\/offres-emploi\/poste\/contraleur-de-gestion-communication-cdc-habitat-75-h-f-h-f#primaryimage\"},\"thumbnailUrl\":\"https:\/\/www.monbailleur.fr\/offres-emploi\/wp-content\/uploads\/2023\/06\/mon_bailleur_emploi_placeholder.png\",\"datePublished\":\"2026-08-24T06:00:25+00:00\",\"breadcrumb\":{\"@id\":\"https:\/\/www.monbailleur.fr\/offres-emploi\/poste\/contraleur-de-gestion-communication-cdc-habitat-75-h-f-h-f#breadcrumb\"},\"inLanguage\":\"fr-FR\",\"potentialAction\":[{\"@type\":\"ReadAction\",\"target\":[\"https:\/\/www.monbailleur.fr\/offres-emploi\/poste\/contraleur-de-gestion-communication-cdc-habitat-75-h-f-h-f\"]}]},{\"@type\":\"ImageObject\",\"inLanguage\":\"fr-FR\",\"@id\":\"https:\/\/www.monbailleur.fr\/offres-emploi\/poste\/contraleur-de-gestion-communication-cdc-habitat-75-h-f-h-f#primaryimage\",\"url\":\"https:\/\/www.monbailleur.fr\/offres-emploi\/wp-content\/uploads\/2023\/06\/mon_bailleur_emploi_placeholder.png\",\"contentUrl\":\"https:\/\/www.monbailleur.fr\/offres-emploi\/wp-content\/uploads\/2023\/06\/mon_bailleur_emploi_placeholder.png\",\"width\":512,\"height\":512},{\"@type\":\"BreadcrumbList\",\"@id\":\"https:\/\/www.monbailleur.fr\/offres-emploi\/poste\/contraleur-de-gestion-communication-cdc-habitat-75-h-f-h-f#breadcrumb\",\"itemListElement\":[{\"@type\":\"ListItem\",\"position\":1,\"name\":\"Accueil\",\"item\":\"https:\/\/www.monbailleur.fr\/offres-emploi\/\"},{\"@type\":\"ListItem\",\"position\":2,\"name\":\"offres d\u2019emploi\",\"item\":\"https:\/\/www.monbailleur.fr\/offres-emploi\/job-listings\"},{\"@type\":\"ListItem\",\"position\":3,\"name\":\"Contr\u00c3\u00b4leur de gestion &#8211; Communication &#8211; CDC Habitat (75) H\/F H\/F\"}]},{\"@type\":\"WebSite\",\"@id\":\"https:\/\/www.monbailleur.fr\/offres-emploi\/#website\",\"url\":\"https:\/\/www.monbailleur.fr\/offres-emploi\/\",\"name\":\"Monbailleur.fr - Emploi\",\"description\":\"Les offres d&#039;emploi du logement social\",\"publisher\":{\"@id\":\"https:\/\/www.monbailleur.fr\/offres-emploi\/#organization\"},\"potentialAction\":[{\"@type\":\"SearchAction\",\"target\":{\"@type\":\"EntryPoint\",\"urlTemplate\":\"https:\/\/www.monbailleur.fr\/offres-emploi\/?s={search_term_string}\"},\"query-input\":{\"@type\":\"PropertyValueSpecification\",\"valueRequired\":true,\"valueName\":\"search_term_string\"}}],\"inLanguage\":\"fr-FR\"},{\"@type\":\"Organization\",\"@id\":\"https:\/\/www.monbailleur.fr\/offres-emploi\/#organization\",\"name\":\"Monbailleur.fr - Emploi\",\"url\":\"https:\/\/www.monbailleur.fr\/offres-emploi\/\",\"logo\":{\"@type\":\"ImageObject\",\"inLanguage\":\"fr-FR\",\"@id\":\"https:\/\/www.monbailleur.fr\/offres-emploi\/#\/schema\/logo\/image\/\",\"url\":\"https:\/\/www.monbailleur.fr\/offres-emploi\/wp-content\/uploads\/2023\/06\/MonBailleur-1200x675-1.png\",\"contentUrl\":\"https:\/\/www.monbailleur.fr\/offres-emploi\/wp-content\/uploads\/2023\/06\/MonBailleur-1200x675-1.png\",\"width\":1200,\"height\":675,\"caption\":\"Monbailleur.fr - Emploi\"},\"image\":{\"@id\":\"https:\/\/www.monbailleur.fr\/offres-emploi\/#\/schema\/logo\/image\/\"}}]}<\/script>\n<!-- \/ Yoast SEO Premium plugin. -->","yoast_head_json":{"title":"Contr\u00c3\u00b4leur de gestion - Communication - CDC Habitat (75) H\/F H\/F - Monbailleur.fr - Emploi","robots":{"index":"noindex","follow":"follow"},"og_locale":"fr_FR","og_type":"article","og_title":"Contr\u00c3\u00b4leur de gestion - Communication - CDC Habitat (75) H\/F H\/F","og_description":"L&rsquo;entreprise: Relevez le challenge de l&rsquo;habitat au sein d&rsquo;un groupe en croissance ! Rejoindre CDC Habitat, c&rsquo;est int\u00e9grer un groupe expert des m\u00e9tiers de la construction, de la gestion locative, de la r\u00e9novation de l&rsquo;habitat et de la Ville.Un groupe engag\u00e9 pour r\u00e9pondre aux d\u00e9fis actuels et au service de l&rsquo;int\u00e9r\u00eat g\u00e9n\u00e9ral.Notre gamme de logements","og_url":"https:\/\/www.monbailleur.fr\/offres-emploi\/poste\/contraleur-de-gestion-communication-cdc-habitat-75-h-f-h-f","og_site_name":"Monbailleur.fr - Emploi","og_image":[{"width":512,"height":512,"url":"https:\/\/www.monbailleur.fr\/offres-emploi\/wp-content\/uploads\/2023\/06\/mon_bailleur_emploi_placeholder.png","type":"image\/png"}],"twitter_card":"summary_large_image","twitter_misc":{"Dur\u00e9e de lecture estim\u00e9e":"4 minutes"},"schema":{"@context":"https:\/\/schema.org","@graph":[{"@type":"WebPage","@id":"https:\/\/www.monbailleur.fr\/offres-emploi\/poste\/contraleur-de-gestion-communication-cdc-habitat-75-h-f-h-f","url":"https:\/\/www.monbailleur.fr\/offres-emploi\/poste\/contraleur-de-gestion-communication-cdc-habitat-75-h-f-h-f","name":"Contr\u00c3\u00b4leur de gestion - Communication - CDC Habitat (75) H\/F H\/F - Monbailleur.fr - Emploi","isPartOf":{"@id":"https:\/\/www.monbailleur.fr\/offres-emploi\/#website"},"primaryImageOfPage":{"@id":"https:\/\/www.monbailleur.fr\/offres-emploi\/poste\/contraleur-de-gestion-communication-cdc-habitat-75-h-f-h-f#primaryimage"},"image":{"@id":"https:\/\/www.monbailleur.fr\/offres-emploi\/poste\/contraleur-de-gestion-communication-cdc-habitat-75-h-f-h-f#primaryimage"},"thumbnailUrl":"https:\/\/www.monbailleur.fr\/offres-emploi\/wp-content\/uploads\/2023\/06\/mon_bailleur_emploi_placeholder.png","datePublished":"2026-08-24T06:00:25+00:00","breadcrumb":{"@id":"https:\/\/www.monbailleur.fr\/offres-emploi\/poste\/contraleur-de-gestion-communication-cdc-habitat-75-h-f-h-f#breadcrumb"},"inLanguage":"fr-FR","potentialAction":[{"@type":"ReadAction","target":["https:\/\/www.monbailleur.fr\/offres-emploi\/poste\/contraleur-de-gestion-communication-cdc-habitat-75-h-f-h-f"]}]},{"@type":"ImageObject","inLanguage":"fr-FR","@id":"https:\/\/www.monbailleur.fr\/offres-emploi\/poste\/contraleur-de-gestion-communication-cdc-habitat-75-h-f-h-f#primaryimage","url":"https:\/\/www.monbailleur.fr\/offres-emploi\/wp-content\/uploads\/2023\/06\/mon_bailleur_emploi_placeholder.png","contentUrl":"https:\/\/www.monbailleur.fr\/offres-emploi\/wp-content\/uploads\/2023\/06\/mon_bailleur_emploi_placeholder.png","width":512,"height":512},{"@type":"BreadcrumbList","@id":"https:\/\/www.monbailleur.fr\/offres-emploi\/poste\/contraleur-de-gestion-communication-cdc-habitat-75-h-f-h-f#breadcrumb","itemListElement":[{"@type":"ListItem","position":1,"name":"Accueil","item":"https:\/\/www.monbailleur.fr\/offres-emploi\/"},{"@type":"ListItem","position":2,"name":"offres d\u2019emploi","item":"https:\/\/www.monbailleur.fr\/offres-emploi\/job-listings"},{"@type":"ListItem","position":3,"name":"Contr\u00c3\u00b4leur de gestion &#8211; Communication &#8211; CDC Habitat (75) H\/F H\/F"}]},{"@type":"WebSite","@id":"https:\/\/www.monbailleur.fr\/offres-emploi\/#website","url":"https:\/\/www.monbailleur.fr\/offres-emploi\/","name":"Monbailleur.fr - Emploi","description":"Les offres d&#039;emploi du logement social","publisher":{"@id":"https:\/\/www.monbailleur.fr\/offres-emploi\/#organization"},"potentialAction":[{"@type":"SearchAction","target":{"@type":"EntryPoint","urlTemplate":"https:\/\/www.monbailleur.fr\/offres-emploi\/?s={search_term_string}"},"query-input":{"@type":"PropertyValueSpecification","valueRequired":true,"valueName":"search_term_string"}}],"inLanguage":"fr-FR"},{"@type":"Organization","@id":"https:\/\/www.monbailleur.fr\/offres-emploi\/#organization","name":"Monbailleur.fr - Emploi","url":"https:\/\/www.monbailleur.fr\/offres-emploi\/","logo":{"@type":"ImageObject","inLanguage":"fr-FR","@id":"https:\/\/www.monbailleur.fr\/offres-emploi\/#\/schema\/logo\/image\/","url":"https:\/\/www.monbailleur.fr\/offres-emploi\/wp-content\/uploads\/2023\/06\/MonBailleur-1200x675-1.png","contentUrl":"https:\/\/www.monbailleur.fr\/offres-emploi\/wp-content\/uploads\/2023\/06\/MonBailleur-1200x675-1.png","width":1200,"height":675,"caption":"Monbailleur.fr - Emploi"},"image":{"@id":"https:\/\/www.monbailleur.fr\/offres-emploi\/#\/schema\/logo\/image\/"}}]}},"_links":{"self":[{"href":"https:\/\/www.monbailleur.fr\/offres-emploi\/wp-json\/wp\/v2\/job-listings\/39347","targetHints":{"allow":["GET"]}}],"collection":[{"href":"https:\/\/www.monbailleur.fr\/offres-emploi\/wp-json\/wp\/v2\/job-listings"}],"about":[{"href":"https:\/\/www.monbailleur.fr\/offres-emploi\/wp-json\/wp\/v2\/types\/job_listing"}],"wp:featuredmedia":[{"embeddable":true,"href":"https:\/\/www.monbailleur.fr\/offres-emploi\/wp-json\/wp\/v2\/media\/5636"}],"wp:attachment":[{"href":"https:\/\/www.monbailleur.fr\/offres-emploi\/wp-json\/wp\/v2\/media?parent=39347"}],"wp:term":[{"taxonomy":"job_listing_category","embeddable":true,"href":"https:\/\/www.monbailleur.fr\/offres-emploi\/wp-json\/wp\/v2\/job-categories?post=39347"},{"taxonomy":"job_listing_type","embeddable":true,"href":"https:\/\/www.monbailleur.fr\/offres-emploi\/wp-json\/wp\/v2\/job-types?post=39347"}],"curies":[{"name":"wp","href":"https:\/\/api.w.org\/{rel}","templated":true}]}}