{"id":39354,"date":"2026-08-25T08:00:15","date_gmt":"2026-08-25T06:00:15","guid":{"rendered":"https:\/\/www.monbailleur.fr\/offres-emploi\/poste\/charge-de-tranquillite-residentielle-h-f"},"modified":"2026-08-25T08:00:15","modified_gmt":"2026-08-25T06:00:15","slug":"charge-de-tranquillite-residentielle-h-f","status":"publish","type":"job_listing","link":"https:\/\/www.monbailleur.fr\/offres-emploi\/poste\/charge-de-tranquillite-residentielle-h-f","title":{"rendered":"Charg\u00e9 de tranquillit\u00e9 residentielle H\/F"},"content":{"rendered":"<h2>L&rsquo;entreprise:<\/h2>\n<\/p>\n<p>Baie de Somme Habitat est un acteur majeur du logement social, avec un patrimoine de 4 000 logements sociaux principalement situ\u00e9s sur la commune d\u2019Abbeville. Nos 72 collaborateurs \u0153uvrent chaque jour pour proposer un cadre de vie de qualit\u00e9 \u00e0 nos locataires.<\/p>\n<h2>Description:<\/h2>\n<\/p>\n<p>Au sein de la Direction Client\u00e8le et Proximit\u00e9, vous contribuez \u00e0 garantir le bien vivre ensemble aux locataires et participez activement \u00e0 la pr\u00e9vention et au traitement des troubles de voisinage et des incivilit\u00e9s.<\/p>\n<p>Pr\u00e9sent sur le terrain et en lien avec les \u00e9quipes de proximit\u00e9, les locataires et nos partenaires, vous intervenez dans une logique de pr\u00e9vention, de m\u00e9diation et de tranquillit\u00e9 r\u00e9sidentielle.<\/p>\n<\/p>\n<p>ACTIVITES PRINCIPALES<\/p>\n<p>\u00c0 ce titre, vous serez notamment charg\u00e9(e) de :<\/p>\n<p>&#8211; Traiter les situations d\u2019incivilit\u00e9s, les troubles de voisinage et les litiges en mettant en \u0153uvre une m\u00e9diation adapt\u00e9e ;<br \/>&#8211; Assurer une pr\u00e9sence et une veille sociale sur le patrimoine afin de pr\u00e9venir les situations pouvant porter atteinte \u00e0 la tranquillit\u00e9 r\u00e9sidentielle ;<br \/>&#8211; Favoriser le dialogue et le lien social entre les locataires afin de contribuer \u00e0 un climat serein au sein des r\u00e9sidences ;<br \/>&#8211; Faire le lien entre les locataires, les diff\u00e9rents services de l\u2019Office et les partenaires afin de faciliter le traitement des situations rencontr\u00e9es ;<br \/>&#8211; D\u00e9velopper et entretenir les relations avec les partenaires et acteurs de la s\u00e9curit\u00e9, notamment les collectivit\u00e9s et les forces de l\u2019ordre ;<br \/>&#8211; Repr\u00e9senter l\u2019organisme aupr\u00e8s des services d\u2019accompagnement social dans le cadre du traitement de situations complexes ;<br \/>&#8211; Assurer une remont\u00e9e r\u00e9guli\u00e8re des informations aupr\u00e8s des services concern\u00e9s ;<br \/>&#8211; Assurer le suivi administratif des dossiers et des proc\u00e9dures ;<br \/>&#8211; Suivre les tableaux de bord li\u00e9s \u00e0 votre activit\u00e9, notamment concernant les actes de vandalisme, les plaintes et les proc\u00e9dures engag\u00e9es ;<br \/>&#8211; Participer \u00e0 l\u2019am\u00e9lioration de la politique de tranquillit\u00e9 et de s\u00e9curit\u00e9 r\u00e9sidentielle en proposant et d\u00e9veloppant des outils et proc\u00e9dures adapt\u00e9s ;<\/p>\n<h2>Profil:<\/h2>\n<\/p>\n<p>Vous disposez de bonnes capacit\u00e9s relationnelles et savez adapter votre communication \u00e0 des interlocuteurs et \u00e0 des situations vari\u00e9es.<\/p>\n<p>Vous ma\u00eetrisez les techniques de communication interpersonnelle et de m\u00e9diation et disposez de connaissances en mati\u00e8re de proc\u00e9dures juridiques.<\/p>\n<p>Votre capacit\u00e9 \u00e0 g\u00e9rer des situations sensibles ou conflictuelles constitue un v\u00e9ritable atout pour ce poste.<\/p>\n<\/p>\n<p>Nous recherchons avant tout une personne :<\/p>\n<p>\u00c0 l\u2019aise dans la gestion des situations difficiles ou conflictuelles ;<br \/>Faisant preuve de ma\u00eetrise de soi et de r\u00e9sistance au stress ;<br \/>Diplomate, empathique et respectueuse des diff\u00e9rents interlocuteurs ;<br \/>Capable d\u2019analyser une situation avec discernement et de prendre du recul ;<br \/>Dot\u00e9e d\u2019un excellent relationnel et d\u2019un r\u00e9el sens du dialogue ;<br \/>Dynamique, disponible et \u00e0 l\u2019\u00e9coute ;<br \/>Organis\u00e9e et rigoureuse dans le suivi de ses dossiers.<\/p>\n<\/p>\n<p>CONDITIONS D\u2019EMPLOI<\/p>\n<p>Classification : C5\u2013 Techniciens, Agents de ma\u00eetrise et assimil\u00e9s.<\/p>\n<p>R\u00e9mun\u00e9ration : selon profil du candidat ;<\/p>\n<p>+ Titres restaurant, compl\u00e9mentaire sant\u00e9 et pr\u00e9voyance, 13\u00e8me mois, prime de r\u00e9sultat, int\u00e9ressement.<\/p>\n<\/p>\n<h3>Niveau de dipl\u00f4me:<\/h3>\n<p> Niveau III &#8211; Bac+2 (BTS, DUT,\u2026)<\/p>\n<h3>Temps de travail<\/h3>\n<p>Temps plein <\/p>\n<h3> Organisme <\/h3>\n<p> <span id=\"ctl00_ctl00_AspMainContent_MainContent_MasterPageSettingsView_ctl03_ctl01_fldEntityDescriptionFormat_lblContentText\"><span id=\"ctl00_MainContent_DescriptionEntityEdit_SubForm1_ctl01_Field1_ctl00_lblEntityFormat\">BAIE DE SOMME HABITAT <\/span><br \/><\/span><\/p>\n","protected":false},"author":0,"featured_media":3901,"template":"","meta":{"_promoted":"","_job_location":"France, Hauts-de-France, Somme (80) ABBEVILLE CEDEX","_application":"https:\/\/les-hlm-recrutent.talent-soft.com\/offre-de-emploi\/emploi-charge-de-tranquillite-residentielle-h-f_70455.aspx?utm_source=monbailleur.fr","_company_name":"BAIE DE SOMME HABITAT","_company_website":"","_company_tagline":"","_company_twitter":"","_company_video":"","_filled":0,"_featured":0,"_remote_position":0,"_job_salary":"","_job_salary_currency":"","_job_salary_unit":""},"job-categories":[78],"job-types":[63],"class_list":["post-39354","job_listing","type-job_listing","status-publish","has-post-thumbnail","hentry","job_listing_category-autres","job_listing_type-cdi","job-type-cdi"],"yoast_head":"<!-- This site is optimized with the Yoast SEO Premium plugin v22.4 (Yoast SEO v25.1) - https:\/\/yoast.com\/wordpress\/plugins\/seo\/ -->\n<title>Charg\u00e9 de tranquillit\u00e9 residentielle H\/F - Monbailleur.fr - Emploi<\/title>\n<meta name=\"robots\" content=\"noindex, follow\" \/>\n<meta property=\"og:locale\" content=\"fr_FR\" \/>\n<meta property=\"og:type\" content=\"article\" \/>\n<meta property=\"og:title\" content=\"Charg\u00e9 de tranquillit\u00e9 residentielle H\/F\" \/>\n<meta property=\"og:description\" content=\"L&rsquo;entreprise: Baie de Somme Habitat est un acteur majeur du logement social, avec un patrimoine de 4 000 logements sociaux principalement situ\u00e9s sur la commune d\u2019Abbeville. Nos 72 collaborateurs \u0153uvrent chaque jour pour proposer un cadre de vie de qualit\u00e9 \u00e0 nos locataires. Description: Au sein de la Direction Client\u00e8le et Proximit\u00e9, vous contribuez \u00e0\" \/>\n<meta property=\"og:url\" content=\"https:\/\/www.monbailleur.fr\/offres-emploi\/poste\/charge-de-tranquillite-residentielle-h-f\" \/>\n<meta property=\"og:site_name\" content=\"Monbailleur.fr - Emploi\" \/>\n<meta property=\"og:image\" content=\"https:\/\/www.monbailleur.fr\/offres-emploi\/wp-content\/uploads\/2023\/06\/baie-de-somme-habitat.png\" \/>\n\t<meta property=\"og:image:width\" content=\"200\" \/>\n\t<meta property=\"og:image:height\" content=\"112\" \/>\n\t<meta property=\"og:image:type\" content=\"image\/png\" \/>\n<meta name=\"twitter:card\" content=\"summary_large_image\" \/>\n<meta name=\"twitter:label1\" content=\"Dur\u00e9e de lecture estim\u00e9e\" \/>\n\t<meta name=\"twitter:data1\" content=\"3 minutes\" \/>\n<script type=\"application\/ld+json\" class=\"yoast-schema-graph\">{\"@context\":\"https:\/\/schema.org\",\"@graph\":[{\"@type\":\"WebPage\",\"@id\":\"https:\/\/www.monbailleur.fr\/offres-emploi\/poste\/charge-de-tranquillite-residentielle-h-f\",\"url\":\"https:\/\/www.monbailleur.fr\/offres-emploi\/poste\/charge-de-tranquillite-residentielle-h-f\",\"name\":\"Charg\u00e9 de tranquillit\u00e9 residentielle H\/F - Monbailleur.fr - Emploi\",\"isPartOf\":{\"@id\":\"https:\/\/www.monbailleur.fr\/offres-emploi\/#website\"},\"primaryImageOfPage\":{\"@id\":\"https:\/\/www.monbailleur.fr\/offres-emploi\/poste\/charge-de-tranquillite-residentielle-h-f#primaryimage\"},\"image\":{\"@id\":\"https:\/\/www.monbailleur.fr\/offres-emploi\/poste\/charge-de-tranquillite-residentielle-h-f#primaryimage\"},\"thumbnailUrl\":\"https:\/\/www.monbailleur.fr\/offres-emploi\/wp-content\/uploads\/2023\/06\/baie-de-somme-habitat.png\",\"datePublished\":\"2026-08-25T06:00:15+00:00\",\"breadcrumb\":{\"@id\":\"https:\/\/www.monbailleur.fr\/offres-emploi\/poste\/charge-de-tranquillite-residentielle-h-f#breadcrumb\"},\"inLanguage\":\"fr-FR\",\"potentialAction\":[{\"@type\":\"ReadAction\",\"target\":[\"https:\/\/www.monbailleur.fr\/offres-emploi\/poste\/charge-de-tranquillite-residentielle-h-f\"]}]},{\"@type\":\"ImageObject\",\"inLanguage\":\"fr-FR\",\"@id\":\"https:\/\/www.monbailleur.fr\/offres-emploi\/poste\/charge-de-tranquillite-residentielle-h-f#primaryimage\",\"url\":\"https:\/\/www.monbailleur.fr\/offres-emploi\/wp-content\/uploads\/2023\/06\/baie-de-somme-habitat.png\",\"contentUrl\":\"https:\/\/www.monbailleur.fr\/offres-emploi\/wp-content\/uploads\/2023\/06\/baie-de-somme-habitat.png\",\"width\":200,\"height\":112},{\"@type\":\"BreadcrumbList\",\"@id\":\"https:\/\/www.monbailleur.fr\/offres-emploi\/poste\/charge-de-tranquillite-residentielle-h-f#breadcrumb\",\"itemListElement\":[{\"@type\":\"ListItem\",\"position\":1,\"name\":\"Accueil\",\"item\":\"https:\/\/www.monbailleur.fr\/offres-emploi\/\"},{\"@type\":\"ListItem\",\"position\":2,\"name\":\"offres d\u2019emploi\",\"item\":\"https:\/\/www.monbailleur.fr\/offres-emploi\/job-listings\"},{\"@type\":\"ListItem\",\"position\":3,\"name\":\"Charg\u00e9 de tranquillit\u00e9 residentielle H\/F\"}]},{\"@type\":\"WebSite\",\"@id\":\"https:\/\/www.monbailleur.fr\/offres-emploi\/#website\",\"url\":\"https:\/\/www.monbailleur.fr\/offres-emploi\/\",\"name\":\"Monbailleur.fr - Emploi\",\"description\":\"Les offres d&#039;emploi du logement social\",\"publisher\":{\"@id\":\"https:\/\/www.monbailleur.fr\/offres-emploi\/#organization\"},\"potentialAction\":[{\"@type\":\"SearchAction\",\"target\":{\"@type\":\"EntryPoint\",\"urlTemplate\":\"https:\/\/www.monbailleur.fr\/offres-emploi\/?s={search_term_string}\"},\"query-input\":{\"@type\":\"PropertyValueSpecification\",\"valueRequired\":true,\"valueName\":\"search_term_string\"}}],\"inLanguage\":\"fr-FR\"},{\"@type\":\"Organization\",\"@id\":\"https:\/\/www.monbailleur.fr\/offres-emploi\/#organization\",\"name\":\"Monbailleur.fr - Emploi\",\"url\":\"https:\/\/www.monbailleur.fr\/offres-emploi\/\",\"logo\":{\"@type\":\"ImageObject\",\"inLanguage\":\"fr-FR\",\"@id\":\"https:\/\/www.monbailleur.fr\/offres-emploi\/#\/schema\/logo\/image\/\",\"url\":\"https:\/\/www.monbailleur.fr\/offres-emploi\/wp-content\/uploads\/2023\/06\/MonBailleur-1200x675-1.png\",\"contentUrl\":\"https:\/\/www.monbailleur.fr\/offres-emploi\/wp-content\/uploads\/2023\/06\/MonBailleur-1200x675-1.png\",\"width\":1200,\"height\":675,\"caption\":\"Monbailleur.fr - Emploi\"},\"image\":{\"@id\":\"https:\/\/www.monbailleur.fr\/offres-emploi\/#\/schema\/logo\/image\/\"}}]}<\/script>\n<!-- \/ Yoast SEO Premium plugin. -->","yoast_head_json":{"title":"Charg\u00e9 de tranquillit\u00e9 residentielle H\/F - Monbailleur.fr - Emploi","robots":{"index":"noindex","follow":"follow"},"og_locale":"fr_FR","og_type":"article","og_title":"Charg\u00e9 de tranquillit\u00e9 residentielle H\/F","og_description":"L&rsquo;entreprise: Baie de Somme Habitat est un acteur majeur du logement social, avec un patrimoine de 4 000 logements sociaux principalement situ\u00e9s sur la commune d\u2019Abbeville. Nos 72 collaborateurs \u0153uvrent chaque jour pour proposer un cadre de vie de qualit\u00e9 \u00e0 nos locataires. Description: Au sein de la Direction Client\u00e8le et Proximit\u00e9, vous contribuez \u00e0","og_url":"https:\/\/www.monbailleur.fr\/offres-emploi\/poste\/charge-de-tranquillite-residentielle-h-f","og_site_name":"Monbailleur.fr - Emploi","og_image":[{"width":200,"height":112,"url":"https:\/\/www.monbailleur.fr\/offres-emploi\/wp-content\/uploads\/2023\/06\/baie-de-somme-habitat.png","type":"image\/png"}],"twitter_card":"summary_large_image","twitter_misc":{"Dur\u00e9e de lecture estim\u00e9e":"3 minutes"},"schema":{"@context":"https:\/\/schema.org","@graph":[{"@type":"WebPage","@id":"https:\/\/www.monbailleur.fr\/offres-emploi\/poste\/charge-de-tranquillite-residentielle-h-f","url":"https:\/\/www.monbailleur.fr\/offres-emploi\/poste\/charge-de-tranquillite-residentielle-h-f","name":"Charg\u00e9 de tranquillit\u00e9 residentielle H\/F - Monbailleur.fr - Emploi","isPartOf":{"@id":"https:\/\/www.monbailleur.fr\/offres-emploi\/#website"},"primaryImageOfPage":{"@id":"https:\/\/www.monbailleur.fr\/offres-emploi\/poste\/charge-de-tranquillite-residentielle-h-f#primaryimage"},"image":{"@id":"https:\/\/www.monbailleur.fr\/offres-emploi\/poste\/charge-de-tranquillite-residentielle-h-f#primaryimage"},"thumbnailUrl":"https:\/\/www.monbailleur.fr\/offres-emploi\/wp-content\/uploads\/2023\/06\/baie-de-somme-habitat.png","datePublished":"2026-08-25T06:00:15+00:00","breadcrumb":{"@id":"https:\/\/www.monbailleur.fr\/offres-emploi\/poste\/charge-de-tranquillite-residentielle-h-f#breadcrumb"},"inLanguage":"fr-FR","potentialAction":[{"@type":"ReadAction","target":["https:\/\/www.monbailleur.fr\/offres-emploi\/poste\/charge-de-tranquillite-residentielle-h-f"]}]},{"@type":"ImageObject","inLanguage":"fr-FR","@id":"https:\/\/www.monbailleur.fr\/offres-emploi\/poste\/charge-de-tranquillite-residentielle-h-f#primaryimage","url":"https:\/\/www.monbailleur.fr\/offres-emploi\/wp-content\/uploads\/2023\/06\/baie-de-somme-habitat.png","contentUrl":"https:\/\/www.monbailleur.fr\/offres-emploi\/wp-content\/uploads\/2023\/06\/baie-de-somme-habitat.png","width":200,"height":112},{"@type":"BreadcrumbList","@id":"https:\/\/www.monbailleur.fr\/offres-emploi\/poste\/charge-de-tranquillite-residentielle-h-f#breadcrumb","itemListElement":[{"@type":"ListItem","position":1,"name":"Accueil","item":"https:\/\/www.monbailleur.fr\/offres-emploi\/"},{"@type":"ListItem","position":2,"name":"offres d\u2019emploi","item":"https:\/\/www.monbailleur.fr\/offres-emploi\/job-listings"},{"@type":"ListItem","position":3,"name":"Charg\u00e9 de tranquillit\u00e9 residentielle H\/F"}]},{"@type":"WebSite","@id":"https:\/\/www.monbailleur.fr\/offres-emploi\/#website","url":"https:\/\/www.monbailleur.fr\/offres-emploi\/","name":"Monbailleur.fr - Emploi","description":"Les offres d&#039;emploi du logement social","publisher":{"@id":"https:\/\/www.monbailleur.fr\/offres-emploi\/#organization"},"potentialAction":[{"@type":"SearchAction","target":{"@type":"EntryPoint","urlTemplate":"https:\/\/www.monbailleur.fr\/offres-emploi\/?s={search_term_string}"},"query-input":{"@type":"PropertyValueSpecification","valueRequired":true,"valueName":"search_term_string"}}],"inLanguage":"fr-FR"},{"@type":"Organization","@id":"https:\/\/www.monbailleur.fr\/offres-emploi\/#organization","name":"Monbailleur.fr - Emploi","url":"https:\/\/www.monbailleur.fr\/offres-emploi\/","logo":{"@type":"ImageObject","inLanguage":"fr-FR","@id":"https:\/\/www.monbailleur.fr\/offres-emploi\/#\/schema\/logo\/image\/","url":"https:\/\/www.monbailleur.fr\/offres-emploi\/wp-content\/uploads\/2023\/06\/MonBailleur-1200x675-1.png","contentUrl":"https:\/\/www.monbailleur.fr\/offres-emploi\/wp-content\/uploads\/2023\/06\/MonBailleur-1200x675-1.png","width":1200,"height":675,"caption":"Monbailleur.fr - Emploi"},"image":{"@id":"https:\/\/www.monbailleur.fr\/offres-emploi\/#\/schema\/logo\/image\/"}}]}},"_links":{"self":[{"href":"https:\/\/www.monbailleur.fr\/offres-emploi\/wp-json\/wp\/v2\/job-listings\/39354","targetHints":{"allow":["GET"]}}],"collection":[{"href":"https:\/\/www.monbailleur.fr\/offres-emploi\/wp-json\/wp\/v2\/job-listings"}],"about":[{"href":"https:\/\/www.monbailleur.fr\/offres-emploi\/wp-json\/wp\/v2\/types\/job_listing"}],"wp:featuredmedia":[{"embeddable":true,"href":"https:\/\/www.monbailleur.fr\/offres-emploi\/wp-json\/wp\/v2\/media\/3901"}],"wp:attachment":[{"href":"https:\/\/www.monbailleur.fr\/offres-emploi\/wp-json\/wp\/v2\/media?parent=39354"}],"wp:term":[{"taxonomy":"job_listing_category","embeddable":true,"href":"https:\/\/www.monbailleur.fr\/offres-emploi\/wp-json\/wp\/v2\/job-categories?post=39354"},{"taxonomy":"job_listing_type","embeddable":true,"href":"https:\/\/www.monbailleur.fr\/offres-emploi\/wp-json\/wp\/v2\/job-types?post=39354"}],"curies":[{"name":"wp","href":"https:\/\/api.w.org\/{rel}","templated":true}]}}