{"id":39373,"date":"2026-08-25T08:00:32","date_gmt":"2026-08-25T06:00:32","guid":{"rendered":"https:\/\/www.monbailleur.fr\/offres-emploi\/poste\/charge-de-gestion-locative-h-f-3"},"modified":"2026-08-25T08:00:32","modified_gmt":"2026-08-25T06:00:32","slug":"charge-de-gestion-locative-h-f-3","status":"publish","type":"job_listing","link":"https:\/\/www.monbailleur.fr\/offres-emploi\/poste\/charge-de-gestion-locative-h-f-3","title":{"rendered":"Charg\u00e9 de gestion locative H\/F"},"content":{"rendered":"<h2>L&rsquo;entreprise:<\/h2>\n<\/p>\n<p><strong>IDF Habitat, coop\u00e9rative Hlm engag\u00e9e pour un habitat abordable, durable et pour tous.<\/strong><\/p>\n<p>Droit fondamental, nous voulons rendre le logement accessible \u00e0 tous. C\u2019est notre raison d\u2019\u00eatre, notre engagement et notre combat depuis plus de 70 ans. Nous \u0153uvrons ainsi au quotidien pour r\u00e9pondre aux d\u00e9fis soci\u00e9taux, sociaux et environnementaux actuels et \u00e0 venir. <\/p>\n<p>Acteur majeur et dynamique de l\u2019habitat social, IDF Habitat g\u00e8re pr\u00e8s de 12 700 logements sociaux, principalement dans le Val de Marne (94) et les Hauts de Seine Sud (92), et construit en moyenne 110 \u00e0 150 logements par an.<\/p>\n<p>Coop\u00e9rative \u00e0 taille humaine, <strong>nous recrutons DES TALENTS <\/strong>dans une grande diversit\u00e9 de m\u00e9tier : gestion locative, ma\u00eetrise d\u2019ouvrage, gestion de proximit\u00e9, fonctions supports\u2026<\/p>\n<p><strong>Nous rejoindre, c\u2019est s\u2019engager au service de l\u2019int\u00e9r\u00eat g\u00e9n\u00e9ral, donner du sens \u00e0 votre m\u00e9tier et votre carri\u00e8re en partageant et en d\u00e9fendant nos valeurs humanistes telles que la solidarit\u00e9, la proximit\u00e9, la responsabilit\u00e9, la coop\u00e9ration et la qualit\u00e9 de service.<\/strong><\/p>\n<p>Rejoignez l\u2019ensemble de nos collaborateurs(trices) qui font vivre chaque jour nos valeurs et portent nos ambitions.<\/p>\n<\/p>\n<p>Rattach\u00e9(e) au Responsable du Service Gestion Locative, vous \u00eates l&rsquo;interlocuteur principal des locataires de votre secteur (portefeuille d&rsquo;environ 1000 logements). Vous assurez la gestion du bail, le suivi administratif du locataire, ainsi que la pr\u00e9vention et le traitement amiable des impay\u00e9s et des troubles de jouissance.<\/p>\n<h2>Description:<\/h2>\n<\/p>\n<\/p>\n<p><strong>Parmi vos activit\u00e9s principales et responsabilit\u00e9s :<\/strong><\/p>\n<p> G\u00e9rer l&rsquo;entr\u00e9e dans les lieux : organisation de la signature du bail, information des nouveaux locataires, constitution du dossier APL et saisie des donn\u00e9es pour le quittancement.<br \/>&#8211; Assurer le suivi de la vie du bail : r\u00e9ponses aux locataires, traitement des r\u00e9clamations, mises \u00e0 jour des dossiers, r\u00e9daction des avenants, suivi des assurances.<br \/>&#8211; G\u00e9rer les demandes de mutation, les parkings\/boxes et participer au traitement des troubles de jouissance.<br \/>&#8211; Assurer la r\u00e9gularisation des charges : constitution des dossiers, ajustement des provisions, mise \u00e0 jour des tableaux de bord et \u00e9changes avec les amicales de locataires.<br \/>&#8211; Pr\u00e9venir et traiter les impay\u00e9s : relances amiables, suivi des plans d&rsquo;apurement, mobilisation des aides, pr\u00e9paration des dossiers pour le contentieux si n\u00e9cessaire.<br \/>&#8211; G\u00e9rer la sortie du locataire : traitement du cong\u00e9, enregistrement de la date de sortie, information des services concern\u00e9s, r\u00e9alisation du d\u00e9compte et transfert au contentieux le cas \u00e9ch\u00e9ant.<br \/>&#8211; Saisir les enqu\u00eates r\u00e9glementaires et suivre les indicateurs (relocation, impay\u00e9s&#8230;).<br \/>&#8211; Assurer une continuit\u00e9 de service en rempla\u00e7ant un coll\u00e8gue ponctuellement.<\/p>\n<\/p>\n<h2>Profil:<\/h2>\n<\/p>\n<p><strong>Vos atouts :<\/strong><\/p>\n<ul>\n<li>Bac+2 professions immobili\u00e8res et\/ou exp\u00e9riences acquises de plus de 3 ans dans une fonction similaire et id\u00e9alement en HLM.<\/li>\n<li>Connaissance de la l\u00e9gislation HLM. Rigueur, Capacit\u00e9 r\u00e9dactionnelle et qualit\u00e9s relationnelles, discr\u00e9tion, sens du r\u00e9sultat et service.<\/li>\n<li>Maitrise du pack bureautique<\/li>\n<li>Ma\u00eetrise du logiciel UlIs -IGRT serait un plus<\/li>\n<li>Esprit d\u2019\u00e9quipe.<\/li>\n<li><strong> <\/strong><\/li>\n<\/ul>\n<p><strong>Et parmi tant de bonnes raisons de nous rejoindre :<\/strong><\/p>\n<p>&#8211; Un processus de recrutement simple et court : Etude de votre candidature \u2013 1 pr\u00e9qualification t\u00e9l\u00e9phonique \u2013 1 ou 2 entretiens en pr\u00e9sentiel<\/p>\n<p>&#8211; Un parcours d\u2019int\u00e9gration adapt\u00e9 et personnalis\u00e9<\/p>\n<p>&#8211; Un accompagnement et des formations pour votre mont\u00e9e en comp\u00e9tence<\/p>\n<p><strong>Nous vous offrons une politique salariale tr\u00e8s attractive et \u00e9volutive :<\/strong><\/p>\n<p>Une r\u00e9mun\u00e9ration annuelle sur 13 mois<br \/>Une mutuelle prise en charge \u00e0 100% pour l\u2019ann\u00e9e 2025<br \/>Des compl\u00e9ments \u00e0 la r\u00e9mun\u00e9ration : augmentation collective, individuelle, primes (prime d\u2019assiduit\u00e9, vacances\u2026)<br \/>Un accord d\u2019int\u00e9ressement avec un plan d\u2019Epargne Entreprise et abondement<br \/>Un carte ticket restaurant prise en charge \u00e0 60% le mois suivant votre arriv\u00e9e<br \/>Un Compte Epargne Temps, l\u2019ann\u00e9e suivant votre arriv\u00e9e<\/p>\n<p><strong>Mais aussi&#8230;<\/strong><\/p>\n<p>Les avantages du CSE (ch\u00e8ques vacances, cadeaux&#8230;)<br \/>Trouver un juste \u00e9quilibre entre vie professionnelle et personnelle : droit \u00e0 la d\u00e9connexion, charte des relations professionnelles, journ\u00e9e enfant malade&#8230;<br \/>Prendre part au mod\u00e8le et \u00e0 l&rsquo;\u00e9volution de notre coop\u00e9rative en devenant coop\u00e9rateur<\/p>\n<\/p>\n<p><span style=\"text-decoration: underline\"><strong>Rejoignez-nous en candidatant (CV et \u00e9ventuellement lettre de motivation) \u00e0 :<\/strong><\/span><\/p>\n<p><strong>recrutement@idfhabitat.fr<\/strong><\/p>\n<h3>Niveau de dipl\u00f4me:<\/h3>\n<p> Niveau III &#8211; Bac+2 (BTS, DUT,\u2026)<\/p>\n<h3>Temps de travail<\/h3>\n<p>Temps plein <\/p>\n<h3> Organisme <\/h3>\n<p> <span id=\"ctl00_ctl00_AspMainContent_MainContent_MasterPageSettingsView_ctl03_ctl01_fldEntityDescriptionFormat_lblContentText\"><span id=\"ctl00_MainContent_DescriptionEntityEdit_SubForm1_ctl01_Field1_ctl00_lblEntityFormat\">IDF HABITAT <\/span><br \/><\/span><\/p>\n","protected":false},"author":0,"featured_media":5636,"template":"","meta":{"_promoted":"","_job_location":"France, Ile-de-France, Val de Marne (94) Champigny sur Marne","_application":"https:\/\/les-hlm-recrutent.talent-soft.com\/offre-de-emploi\/emploi-charge-de-gestion-locative-h-f_70459.aspx?utm_source=monbailleur.fr","_company_name":"IDF HABITAT","_company_website":"","_company_tagline":"","_company_twitter":"","_company_video":"","_filled":0,"_featured":0,"_remote_position":0,"_job_salary":"","_job_salary_currency":"","_job_salary_unit":""},"job-categories":[78],"job-types":[63],"class_list":["post-39373","job_listing","type-job_listing","status-publish","has-post-thumbnail","hentry","job_listing_category-autres","job_listing_type-cdi","job-type-cdi"],"yoast_head":"<!-- This site is optimized with the Yoast SEO Premium plugin v22.4 (Yoast SEO v25.1) - https:\/\/yoast.com\/wordpress\/plugins\/seo\/ -->\n<title>Charg\u00e9 de gestion locative H\/F - Monbailleur.fr - Emploi<\/title>\n<meta name=\"robots\" content=\"noindex, follow\" \/>\n<meta property=\"og:locale\" content=\"fr_FR\" \/>\n<meta property=\"og:type\" content=\"article\" \/>\n<meta property=\"og:title\" content=\"Charg\u00e9 de gestion locative H\/F\" \/>\n<meta property=\"og:description\" content=\"L&rsquo;entreprise: IDF Habitat, coop\u00e9rative Hlm engag\u00e9e pour un habitat abordable, durable et pour tous. Droit fondamental, nous voulons rendre le logement accessible \u00e0 tous. C\u2019est notre raison d\u2019\u00eatre, notre engagement et notre combat depuis plus de 70 ans. Nous \u0153uvrons ainsi au quotidien pour r\u00e9pondre aux d\u00e9fis soci\u00e9taux, sociaux et environnementaux actuels et \u00e0 venir.\" \/>\n<meta property=\"og:url\" content=\"https:\/\/www.monbailleur.fr\/offres-emploi\/poste\/charge-de-gestion-locative-h-f-3\" \/>\n<meta property=\"og:site_name\" content=\"Monbailleur.fr - Emploi\" \/>\n<meta property=\"og:image\" content=\"https:\/\/www.monbailleur.fr\/offres-emploi\/wp-content\/uploads\/2023\/06\/mon_bailleur_emploi_placeholder.png\" \/>\n\t<meta property=\"og:image:width\" content=\"512\" \/>\n\t<meta property=\"og:image:height\" content=\"512\" \/>\n\t<meta property=\"og:image:type\" content=\"image\/png\" \/>\n<meta name=\"twitter:card\" content=\"summary_large_image\" \/>\n<meta name=\"twitter:label1\" content=\"Dur\u00e9e de lecture estim\u00e9e\" \/>\n\t<meta name=\"twitter:data1\" content=\"3 minutes\" \/>\n<script type=\"application\/ld+json\" class=\"yoast-schema-graph\">{\"@context\":\"https:\/\/schema.org\",\"@graph\":[{\"@type\":\"WebPage\",\"@id\":\"https:\/\/www.monbailleur.fr\/offres-emploi\/poste\/charge-de-gestion-locative-h-f-3\",\"url\":\"https:\/\/www.monbailleur.fr\/offres-emploi\/poste\/charge-de-gestion-locative-h-f-3\",\"name\":\"Charg\u00e9 de gestion locative H\/F - Monbailleur.fr - Emploi\",\"isPartOf\":{\"@id\":\"https:\/\/www.monbailleur.fr\/offres-emploi\/#website\"},\"primaryImageOfPage\":{\"@id\":\"https:\/\/www.monbailleur.fr\/offres-emploi\/poste\/charge-de-gestion-locative-h-f-3#primaryimage\"},\"image\":{\"@id\":\"https:\/\/www.monbailleur.fr\/offres-emploi\/poste\/charge-de-gestion-locative-h-f-3#primaryimage\"},\"thumbnailUrl\":\"https:\/\/www.monbailleur.fr\/offres-emploi\/wp-content\/uploads\/2023\/06\/mon_bailleur_emploi_placeholder.png\",\"datePublished\":\"2026-08-25T06:00:32+00:00\",\"breadcrumb\":{\"@id\":\"https:\/\/www.monbailleur.fr\/offres-emploi\/poste\/charge-de-gestion-locative-h-f-3#breadcrumb\"},\"inLanguage\":\"fr-FR\",\"potentialAction\":[{\"@type\":\"ReadAction\",\"target\":[\"https:\/\/www.monbailleur.fr\/offres-emploi\/poste\/charge-de-gestion-locative-h-f-3\"]}]},{\"@type\":\"ImageObject\",\"inLanguage\":\"fr-FR\",\"@id\":\"https:\/\/www.monbailleur.fr\/offres-emploi\/poste\/charge-de-gestion-locative-h-f-3#primaryimage\",\"url\":\"https:\/\/www.monbailleur.fr\/offres-emploi\/wp-content\/uploads\/2023\/06\/mon_bailleur_emploi_placeholder.png\",\"contentUrl\":\"https:\/\/www.monbailleur.fr\/offres-emploi\/wp-content\/uploads\/2023\/06\/mon_bailleur_emploi_placeholder.png\",\"width\":512,\"height\":512},{\"@type\":\"BreadcrumbList\",\"@id\":\"https:\/\/www.monbailleur.fr\/offres-emploi\/poste\/charge-de-gestion-locative-h-f-3#breadcrumb\",\"itemListElement\":[{\"@type\":\"ListItem\",\"position\":1,\"name\":\"Accueil\",\"item\":\"https:\/\/www.monbailleur.fr\/offres-emploi\/\"},{\"@type\":\"ListItem\",\"position\":2,\"name\":\"offres d\u2019emploi\",\"item\":\"https:\/\/www.monbailleur.fr\/offres-emploi\/job-listings\"},{\"@type\":\"ListItem\",\"position\":3,\"name\":\"Charg\u00e9 de gestion locative H\/F\"}]},{\"@type\":\"WebSite\",\"@id\":\"https:\/\/www.monbailleur.fr\/offres-emploi\/#website\",\"url\":\"https:\/\/www.monbailleur.fr\/offres-emploi\/\",\"name\":\"Monbailleur.fr - Emploi\",\"description\":\"Les offres d&#039;emploi du logement social\",\"publisher\":{\"@id\":\"https:\/\/www.monbailleur.fr\/offres-emploi\/#organization\"},\"potentialAction\":[{\"@type\":\"SearchAction\",\"target\":{\"@type\":\"EntryPoint\",\"urlTemplate\":\"https:\/\/www.monbailleur.fr\/offres-emploi\/?s={search_term_string}\"},\"query-input\":{\"@type\":\"PropertyValueSpecification\",\"valueRequired\":true,\"valueName\":\"search_term_string\"}}],\"inLanguage\":\"fr-FR\"},{\"@type\":\"Organization\",\"@id\":\"https:\/\/www.monbailleur.fr\/offres-emploi\/#organization\",\"name\":\"Monbailleur.fr - Emploi\",\"url\":\"https:\/\/www.monbailleur.fr\/offres-emploi\/\",\"logo\":{\"@type\":\"ImageObject\",\"inLanguage\":\"fr-FR\",\"@id\":\"https:\/\/www.monbailleur.fr\/offres-emploi\/#\/schema\/logo\/image\/\",\"url\":\"https:\/\/www.monbailleur.fr\/offres-emploi\/wp-content\/uploads\/2023\/06\/MonBailleur-1200x675-1.png\",\"contentUrl\":\"https:\/\/www.monbailleur.fr\/offres-emploi\/wp-content\/uploads\/2023\/06\/MonBailleur-1200x675-1.png\",\"width\":1200,\"height\":675,\"caption\":\"Monbailleur.fr - Emploi\"},\"image\":{\"@id\":\"https:\/\/www.monbailleur.fr\/offres-emploi\/#\/schema\/logo\/image\/\"}}]}<\/script>\n<!-- \/ Yoast SEO Premium plugin. -->","yoast_head_json":{"title":"Charg\u00e9 de gestion locative H\/F - Monbailleur.fr - Emploi","robots":{"index":"noindex","follow":"follow"},"og_locale":"fr_FR","og_type":"article","og_title":"Charg\u00e9 de gestion locative H\/F","og_description":"L&rsquo;entreprise: IDF Habitat, coop\u00e9rative Hlm engag\u00e9e pour un habitat abordable, durable et pour tous. Droit fondamental, nous voulons rendre le logement accessible \u00e0 tous. C\u2019est notre raison d\u2019\u00eatre, notre engagement et notre combat depuis plus de 70 ans. Nous \u0153uvrons ainsi au quotidien pour r\u00e9pondre aux d\u00e9fis soci\u00e9taux, sociaux et environnementaux actuels et \u00e0 venir.","og_url":"https:\/\/www.monbailleur.fr\/offres-emploi\/poste\/charge-de-gestion-locative-h-f-3","og_site_name":"Monbailleur.fr - Emploi","og_image":[{"width":512,"height":512,"url":"https:\/\/www.monbailleur.fr\/offres-emploi\/wp-content\/uploads\/2023\/06\/mon_bailleur_emploi_placeholder.png","type":"image\/png"}],"twitter_card":"summary_large_image","twitter_misc":{"Dur\u00e9e de lecture estim\u00e9e":"3 minutes"},"schema":{"@context":"https:\/\/schema.org","@graph":[{"@type":"WebPage","@id":"https:\/\/www.monbailleur.fr\/offres-emploi\/poste\/charge-de-gestion-locative-h-f-3","url":"https:\/\/www.monbailleur.fr\/offres-emploi\/poste\/charge-de-gestion-locative-h-f-3","name":"Charg\u00e9 de gestion locative H\/F - Monbailleur.fr - Emploi","isPartOf":{"@id":"https:\/\/www.monbailleur.fr\/offres-emploi\/#website"},"primaryImageOfPage":{"@id":"https:\/\/www.monbailleur.fr\/offres-emploi\/poste\/charge-de-gestion-locative-h-f-3#primaryimage"},"image":{"@id":"https:\/\/www.monbailleur.fr\/offres-emploi\/poste\/charge-de-gestion-locative-h-f-3#primaryimage"},"thumbnailUrl":"https:\/\/www.monbailleur.fr\/offres-emploi\/wp-content\/uploads\/2023\/06\/mon_bailleur_emploi_placeholder.png","datePublished":"2026-08-25T06:00:32+00:00","breadcrumb":{"@id":"https:\/\/www.monbailleur.fr\/offres-emploi\/poste\/charge-de-gestion-locative-h-f-3#breadcrumb"},"inLanguage":"fr-FR","potentialAction":[{"@type":"ReadAction","target":["https:\/\/www.monbailleur.fr\/offres-emploi\/poste\/charge-de-gestion-locative-h-f-3"]}]},{"@type":"ImageObject","inLanguage":"fr-FR","@id":"https:\/\/www.monbailleur.fr\/offres-emploi\/poste\/charge-de-gestion-locative-h-f-3#primaryimage","url":"https:\/\/www.monbailleur.fr\/offres-emploi\/wp-content\/uploads\/2023\/06\/mon_bailleur_emploi_placeholder.png","contentUrl":"https:\/\/www.monbailleur.fr\/offres-emploi\/wp-content\/uploads\/2023\/06\/mon_bailleur_emploi_placeholder.png","width":512,"height":512},{"@type":"BreadcrumbList","@id":"https:\/\/www.monbailleur.fr\/offres-emploi\/poste\/charge-de-gestion-locative-h-f-3#breadcrumb","itemListElement":[{"@type":"ListItem","position":1,"name":"Accueil","item":"https:\/\/www.monbailleur.fr\/offres-emploi\/"},{"@type":"ListItem","position":2,"name":"offres d\u2019emploi","item":"https:\/\/www.monbailleur.fr\/offres-emploi\/job-listings"},{"@type":"ListItem","position":3,"name":"Charg\u00e9 de gestion locative H\/F"}]},{"@type":"WebSite","@id":"https:\/\/www.monbailleur.fr\/offres-emploi\/#website","url":"https:\/\/www.monbailleur.fr\/offres-emploi\/","name":"Monbailleur.fr - Emploi","description":"Les offres d&#039;emploi du logement social","publisher":{"@id":"https:\/\/www.monbailleur.fr\/offres-emploi\/#organization"},"potentialAction":[{"@type":"SearchAction","target":{"@type":"EntryPoint","urlTemplate":"https:\/\/www.monbailleur.fr\/offres-emploi\/?s={search_term_string}"},"query-input":{"@type":"PropertyValueSpecification","valueRequired":true,"valueName":"search_term_string"}}],"inLanguage":"fr-FR"},{"@type":"Organization","@id":"https:\/\/www.monbailleur.fr\/offres-emploi\/#organization","name":"Monbailleur.fr - Emploi","url":"https:\/\/www.monbailleur.fr\/offres-emploi\/","logo":{"@type":"ImageObject","inLanguage":"fr-FR","@id":"https:\/\/www.monbailleur.fr\/offres-emploi\/#\/schema\/logo\/image\/","url":"https:\/\/www.monbailleur.fr\/offres-emploi\/wp-content\/uploads\/2023\/06\/MonBailleur-1200x675-1.png","contentUrl":"https:\/\/www.monbailleur.fr\/offres-emploi\/wp-content\/uploads\/2023\/06\/MonBailleur-1200x675-1.png","width":1200,"height":675,"caption":"Monbailleur.fr - Emploi"},"image":{"@id":"https:\/\/www.monbailleur.fr\/offres-emploi\/#\/schema\/logo\/image\/"}}]}},"_links":{"self":[{"href":"https:\/\/www.monbailleur.fr\/offres-emploi\/wp-json\/wp\/v2\/job-listings\/39373","targetHints":{"allow":["GET"]}}],"collection":[{"href":"https:\/\/www.monbailleur.fr\/offres-emploi\/wp-json\/wp\/v2\/job-listings"}],"about":[{"href":"https:\/\/www.monbailleur.fr\/offres-emploi\/wp-json\/wp\/v2\/types\/job_listing"}],"wp:featuredmedia":[{"embeddable":true,"href":"https:\/\/www.monbailleur.fr\/offres-emploi\/wp-json\/wp\/v2\/media\/5636"}],"wp:attachment":[{"href":"https:\/\/www.monbailleur.fr\/offres-emploi\/wp-json\/wp\/v2\/media?parent=39373"}],"wp:term":[{"taxonomy":"job_listing_category","embeddable":true,"href":"https:\/\/www.monbailleur.fr\/offres-emploi\/wp-json\/wp\/v2\/job-categories?post=39373"},{"taxonomy":"job_listing_type","embeddable":true,"href":"https:\/\/www.monbailleur.fr\/offres-emploi\/wp-json\/wp\/v2\/job-types?post=39373"}],"curies":[{"name":"wp","href":"https:\/\/api.w.org\/{rel}","templated":true}]}}