{"id":39377,"date":"2026-08-26T08:00:08","date_gmt":"2026-08-26T06:00:08","guid":{"rendered":"https:\/\/www.monbailleur.fr\/offres-emploi\/poste\/gardien-dimmeubles-f-h-h-f-4"},"modified":"2026-08-26T08:00:08","modified_gmt":"2026-08-26T06:00:08","slug":"gardien-dimmeubles-f-h-h-f-4","status":"publish","type":"job_listing","link":"https:\/\/www.monbailleur.fr\/offres-emploi\/poste\/gardien-dimmeubles-f-h-h-f-4","title":{"rendered":"Gardien d&rsquo;immeubles &#8211; F\/H H\/F"},"content":{"rendered":"<h2>L&rsquo;entreprise:<\/h2>\n<\/p>\n<p>Avec 7 soci\u00e9t\u00e9s r\u00e9parties sur l&rsquo;ensemble du territoire et pr\u00e8s de 100 000 logements, ICF Habitat, filiale logement de SNCF, compte parmi les plus grands op\u00e9rateurs de logements en France.<\/p>\n<p>Partenaire des collectivit\u00e9s, acteur des grandes transformations urbaines, le Groupe, fort de ses 1500 collaborateurs et collaboratrices, invente aujourd&rsquo;hui le logement de demain : un habitat \u00e0 visage humain, responsable, innovant, con\u00e7u pour r\u00e9pondre aux attentes de tous les publics et aux besoins sp\u00e9cifiques de chaque territoire.<\/p>\n<p>R\u00e9novation de l&rsquo;habitat, d\u00e9veloppement, gestion locative et accompagnement social, property management, vente, conseil, fonctions supports\u2026ICF Habitat propose une pluralit\u00e9 de m\u00e9tiers, d&rsquo;expertises et de services offrant \u00e0 ses futurs talents l&rsquo;opportunit\u00e9 de donner du sens \u00e0 leur carri\u00e8re tout en participant aux grands d\u00e9fis du logement abordable, durable et de la fabrique de la ville.<\/p>\n<h2>Description:<\/h2>\n<\/p>\n<p>Au sein de la Direction d&rsquo;agence Occitanie et rattach\u00e9 au Responsable de la Proximit\u00e9, vous \u00eates le 1er interlocuteur des clients locataires.<\/p>\n<p>Votre sens du service va contribuer au bien vivre ensemble sur un patrimoine d&rsquo;environ 200 logements.<\/p>\n<p>Pour ce faire, en lien avec les \u00e9quipes de la Direction d&rsquo;agence, vous participez \u00e0 la commercialisation des logements (visites, valorisation des \u00e9quipements et des infrastructures des quartiers, \u00e9tats des lieux\u2026) dans un objectif commun de r\u00e9duction de la vacance.<\/p>\n<p>V\u00e9ritable relais avec votre hi\u00e9rarchie, vous g\u00e9rez en toute autonomie les r\u00e9clamations clients, la r\u00e9alisation des \u00e9tats des lieux, les commandes de travaux, la surveillance des \u00e9quipements techniques et de s\u00e9curit\u00e9 (contr\u00f4le des ascenseurs).<br \/>Personne de terrain, vous avez la responsabilit\u00e9 du suivi et du contr\u00f4le des interventions des prestataires externes.<\/p>\n<p>Vous participez activement au recouvrement des loyers.<\/p>\n<p>Particuli\u00e8rement attach\u00e9 \u00e0 la propret\u00e9, vous assurez un entretien courant de qualit\u00e9 (entretien m\u00e9nager et\/ou ordures m\u00e9nag\u00e8res) et veillez \u00e0 la premi\u00e8re maintenance des parties communes.<\/p>\n<p>Repr\u00e9sentant de l&rsquo;entreprise au plus pr\u00e8s de la client\u00e8le, vous v\u00e9hiculez l&rsquo;image d&rsquo;ICF Habitat Atlantique.<\/p>\n<h2>Profil:<\/h2>\n<\/p>\n<p>Titulaire d&rsquo;un CAP Gardien d&rsquo;immeubles (ou \u00e9quivalent), vous savez vous adapter \u00e0 des interlocuteurs vari\u00e9s.<br \/>Bon communicant, vous mettez en \u0153uvre vos capacit\u00e9s d&rsquo;\u00e9coute et de discr\u00e9tion lors de vos \u00e9changes professionnels.<br \/>Vos qualit\u00e9s de rigueur et d&rsquo;organisation vous aideront \u00e0 prendre facilement en main les t\u00e2ches administratives.<br \/>Un bon niveau de fran\u00e7ais \u00e9crit et oral est indispensable pour assurer ce poste tout comme la maitrise de l&rsquo;outil informatique.<\/p>\n<p>Vous \u00eates motiv\u00e9 par ce m\u00e9tier de terrain qui conjugue polyvalence, comp\u00e9tences techniques et relationnelles, alors rejoignez-nous !<\/p>\n<\/p>\n<p>Ce que nous offrons :<\/p>\n<p>Une r\u00e9mun\u00e9ration entre 25200\u20ac et 26180\u20ac annuel brut sur 13 mois et primes vacances.<br \/>Prime variable et prime d&rsquo;int\u00e9ressement<br \/>22 jours de RTT + 27 jours de cong\u00e9s pay\u00e9s (au prorata de la dur\u00e9e du contrat).<br \/>Mutuelle (73 % prise en charge)<br \/>Abonnement de transports en commun (60 % prise en charge)<br \/>Carte ticket restaurant : 9,82 \u20ac par jour travaill\u00e9 (60 % prise en charge)<br \/>Rejoignez une entreprise engag\u00e9e dans la qualit\u00e9 de service et le bien-\u00eatre de ses collaborateurs !<\/p>\n<h3>Temps de travail<\/h3>\n<p>Temps plein <\/p>\n<h3> Organisme <\/h3>\n<p> <span id=\"ctl00_ctl00_AspMainContent_MainContent_MasterPageSettingsView_ctl03_ctl01_fldEntityDescriptionFormat_lblContentText\"><span id=\"ctl00_MainContent_DescriptionEntityEdit_SubForm1_ctl01_Field1_ctl00_lblEntityFormat\">ICF HABITAT <\/span><br \/><\/span><\/p>\n","protected":false},"author":0,"featured_media":28344,"template":"","meta":{"_promoted":"","_job_location":"France, Occitanie, Hautes Pyr\u00e9n\u00e9es (65) CITE DE LA PLANETE - 42 rue Andr\u00e9 Malraux","_application":"https:\/\/les-hlm-recrutent.talent-soft.com\/offre-de-emploi\/emploi-gardien-d-immeubles-f-h-h-f_70477.aspx?utm_source=monbailleur.fr","_company_name":"ICF HABITAT","_company_website":"","_company_tagline":"","_company_twitter":"","_company_video":"","_filled":0,"_featured":0,"_remote_position":0,"_job_salary":"","_job_salary_currency":"","_job_salary_unit":""},"job-categories":[78],"job-types":[52],"class_list":["post-39377","job_listing","type-job_listing","status-publish","has-post-thumbnail","hentry","job_listing_category-autres","job_listing_type-cdd","job-type-cdd"],"yoast_head":"<!-- This site is optimized with the Yoast SEO Premium plugin v22.4 (Yoast SEO v25.1) - https:\/\/yoast.com\/wordpress\/plugins\/seo\/ -->\n<title>Gardien d&#039;immeubles - F\/H H\/F - Monbailleur.fr - Emploi<\/title>\n<meta name=\"robots\" content=\"noindex, follow\" \/>\n<meta property=\"og:locale\" content=\"fr_FR\" \/>\n<meta property=\"og:type\" content=\"article\" \/>\n<meta property=\"og:title\" content=\"Gardien d&#039;immeubles - F\/H H\/F\" \/>\n<meta property=\"og:description\" content=\"L&rsquo;entreprise: Avec 7 soci\u00e9t\u00e9s r\u00e9parties sur l&rsquo;ensemble du territoire et pr\u00e8s de 100 000 logements, ICF Habitat, filiale logement de SNCF, compte parmi les plus grands op\u00e9rateurs de logements en France. Partenaire des collectivit\u00e9s, acteur des grandes transformations urbaines, le Groupe, fort de ses 1500 collaborateurs et collaboratrices, invente aujourd&rsquo;hui le logement de demain :\" \/>\n<meta property=\"og:url\" content=\"https:\/\/www.monbailleur.fr\/offres-emploi\/poste\/gardien-dimmeubles-f-h-h-f-4\" \/>\n<meta property=\"og:site_name\" content=\"Monbailleur.fr - Emploi\" \/>\n<meta property=\"og:image\" content=\"https:\/\/www.monbailleur.fr\/offres-emploi\/wp-content\/uploads\/2025\/07\/icf-habitat.jpg\" \/>\n\t<meta property=\"og:image:width\" content=\"200\" \/>\n\t<meta property=\"og:image:height\" content=\"64\" \/>\n\t<meta property=\"og:image:type\" content=\"image\/jpeg\" \/>\n<meta name=\"twitter:card\" content=\"summary_large_image\" \/>\n<meta name=\"twitter:label1\" content=\"Dur\u00e9e de lecture estim\u00e9e\" \/>\n\t<meta name=\"twitter:data1\" content=\"3 minutes\" \/>\n<script type=\"application\/ld+json\" class=\"yoast-schema-graph\">{\"@context\":\"https:\/\/schema.org\",\"@graph\":[{\"@type\":\"WebPage\",\"@id\":\"https:\/\/www.monbailleur.fr\/offres-emploi\/poste\/gardien-dimmeubles-f-h-h-f-4\",\"url\":\"https:\/\/www.monbailleur.fr\/offres-emploi\/poste\/gardien-dimmeubles-f-h-h-f-4\",\"name\":\"Gardien d'immeubles - F\/H H\/F - Monbailleur.fr - Emploi\",\"isPartOf\":{\"@id\":\"https:\/\/www.monbailleur.fr\/offres-emploi\/#website\"},\"primaryImageOfPage\":{\"@id\":\"https:\/\/www.monbailleur.fr\/offres-emploi\/poste\/gardien-dimmeubles-f-h-h-f-4#primaryimage\"},\"image\":{\"@id\":\"https:\/\/www.monbailleur.fr\/offres-emploi\/poste\/gardien-dimmeubles-f-h-h-f-4#primaryimage\"},\"thumbnailUrl\":\"https:\/\/www.monbailleur.fr\/offres-emploi\/wp-content\/uploads\/2025\/07\/icf-habitat.jpg\",\"datePublished\":\"2026-08-26T06:00:08+00:00\",\"breadcrumb\":{\"@id\":\"https:\/\/www.monbailleur.fr\/offres-emploi\/poste\/gardien-dimmeubles-f-h-h-f-4#breadcrumb\"},\"inLanguage\":\"fr-FR\",\"potentialAction\":[{\"@type\":\"ReadAction\",\"target\":[\"https:\/\/www.monbailleur.fr\/offres-emploi\/poste\/gardien-dimmeubles-f-h-h-f-4\"]}]},{\"@type\":\"ImageObject\",\"inLanguage\":\"fr-FR\",\"@id\":\"https:\/\/www.monbailleur.fr\/offres-emploi\/poste\/gardien-dimmeubles-f-h-h-f-4#primaryimage\",\"url\":\"https:\/\/www.monbailleur.fr\/offres-emploi\/wp-content\/uploads\/2025\/07\/icf-habitat.jpg\",\"contentUrl\":\"https:\/\/www.monbailleur.fr\/offres-emploi\/wp-content\/uploads\/2025\/07\/icf-habitat.jpg\",\"width\":200,\"height\":64},{\"@type\":\"BreadcrumbList\",\"@id\":\"https:\/\/www.monbailleur.fr\/offres-emploi\/poste\/gardien-dimmeubles-f-h-h-f-4#breadcrumb\",\"itemListElement\":[{\"@type\":\"ListItem\",\"position\":1,\"name\":\"Accueil\",\"item\":\"https:\/\/www.monbailleur.fr\/offres-emploi\/\"},{\"@type\":\"ListItem\",\"position\":2,\"name\":\"offres d\u2019emploi\",\"item\":\"https:\/\/www.monbailleur.fr\/offres-emploi\/job-listings\"},{\"@type\":\"ListItem\",\"position\":3,\"name\":\"Gardien d&rsquo;immeubles &#8211; F\/H H\/F\"}]},{\"@type\":\"WebSite\",\"@id\":\"https:\/\/www.monbailleur.fr\/offres-emploi\/#website\",\"url\":\"https:\/\/www.monbailleur.fr\/offres-emploi\/\",\"name\":\"Monbailleur.fr - Emploi\",\"description\":\"Les offres d&#039;emploi du logement social\",\"publisher\":{\"@id\":\"https:\/\/www.monbailleur.fr\/offres-emploi\/#organization\"},\"potentialAction\":[{\"@type\":\"SearchAction\",\"target\":{\"@type\":\"EntryPoint\",\"urlTemplate\":\"https:\/\/www.monbailleur.fr\/offres-emploi\/?s={search_term_string}\"},\"query-input\":{\"@type\":\"PropertyValueSpecification\",\"valueRequired\":true,\"valueName\":\"search_term_string\"}}],\"inLanguage\":\"fr-FR\"},{\"@type\":\"Organization\",\"@id\":\"https:\/\/www.monbailleur.fr\/offres-emploi\/#organization\",\"name\":\"Monbailleur.fr - Emploi\",\"url\":\"https:\/\/www.monbailleur.fr\/offres-emploi\/\",\"logo\":{\"@type\":\"ImageObject\",\"inLanguage\":\"fr-FR\",\"@id\":\"https:\/\/www.monbailleur.fr\/offres-emploi\/#\/schema\/logo\/image\/\",\"url\":\"https:\/\/www.monbailleur.fr\/offres-emploi\/wp-content\/uploads\/2023\/06\/MonBailleur-1200x675-1.png\",\"contentUrl\":\"https:\/\/www.monbailleur.fr\/offres-emploi\/wp-content\/uploads\/2023\/06\/MonBailleur-1200x675-1.png\",\"width\":1200,\"height\":675,\"caption\":\"Monbailleur.fr - Emploi\"},\"image\":{\"@id\":\"https:\/\/www.monbailleur.fr\/offres-emploi\/#\/schema\/logo\/image\/\"}}]}<\/script>\n<!-- \/ Yoast SEO Premium plugin. -->","yoast_head_json":{"title":"Gardien d'immeubles - F\/H H\/F - Monbailleur.fr - Emploi","robots":{"index":"noindex","follow":"follow"},"og_locale":"fr_FR","og_type":"article","og_title":"Gardien d'immeubles - F\/H H\/F","og_description":"L&rsquo;entreprise: Avec 7 soci\u00e9t\u00e9s r\u00e9parties sur l&rsquo;ensemble du territoire et pr\u00e8s de 100 000 logements, ICF Habitat, filiale logement de SNCF, compte parmi les plus grands op\u00e9rateurs de logements en France. Partenaire des collectivit\u00e9s, acteur des grandes transformations urbaines, le Groupe, fort de ses 1500 collaborateurs et collaboratrices, invente aujourd&rsquo;hui le logement de demain :","og_url":"https:\/\/www.monbailleur.fr\/offres-emploi\/poste\/gardien-dimmeubles-f-h-h-f-4","og_site_name":"Monbailleur.fr - Emploi","og_image":[{"width":200,"height":64,"url":"https:\/\/www.monbailleur.fr\/offres-emploi\/wp-content\/uploads\/2025\/07\/icf-habitat.jpg","type":"image\/jpeg"}],"twitter_card":"summary_large_image","twitter_misc":{"Dur\u00e9e de lecture estim\u00e9e":"3 minutes"},"schema":{"@context":"https:\/\/schema.org","@graph":[{"@type":"WebPage","@id":"https:\/\/www.monbailleur.fr\/offres-emploi\/poste\/gardien-dimmeubles-f-h-h-f-4","url":"https:\/\/www.monbailleur.fr\/offres-emploi\/poste\/gardien-dimmeubles-f-h-h-f-4","name":"Gardien d'immeubles - F\/H H\/F - Monbailleur.fr - Emploi","isPartOf":{"@id":"https:\/\/www.monbailleur.fr\/offres-emploi\/#website"},"primaryImageOfPage":{"@id":"https:\/\/www.monbailleur.fr\/offres-emploi\/poste\/gardien-dimmeubles-f-h-h-f-4#primaryimage"},"image":{"@id":"https:\/\/www.monbailleur.fr\/offres-emploi\/poste\/gardien-dimmeubles-f-h-h-f-4#primaryimage"},"thumbnailUrl":"https:\/\/www.monbailleur.fr\/offres-emploi\/wp-content\/uploads\/2025\/07\/icf-habitat.jpg","datePublished":"2026-08-26T06:00:08+00:00","breadcrumb":{"@id":"https:\/\/www.monbailleur.fr\/offres-emploi\/poste\/gardien-dimmeubles-f-h-h-f-4#breadcrumb"},"inLanguage":"fr-FR","potentialAction":[{"@type":"ReadAction","target":["https:\/\/www.monbailleur.fr\/offres-emploi\/poste\/gardien-dimmeubles-f-h-h-f-4"]}]},{"@type":"ImageObject","inLanguage":"fr-FR","@id":"https:\/\/www.monbailleur.fr\/offres-emploi\/poste\/gardien-dimmeubles-f-h-h-f-4#primaryimage","url":"https:\/\/www.monbailleur.fr\/offres-emploi\/wp-content\/uploads\/2025\/07\/icf-habitat.jpg","contentUrl":"https:\/\/www.monbailleur.fr\/offres-emploi\/wp-content\/uploads\/2025\/07\/icf-habitat.jpg","width":200,"height":64},{"@type":"BreadcrumbList","@id":"https:\/\/www.monbailleur.fr\/offres-emploi\/poste\/gardien-dimmeubles-f-h-h-f-4#breadcrumb","itemListElement":[{"@type":"ListItem","position":1,"name":"Accueil","item":"https:\/\/www.monbailleur.fr\/offres-emploi\/"},{"@type":"ListItem","position":2,"name":"offres d\u2019emploi","item":"https:\/\/www.monbailleur.fr\/offres-emploi\/job-listings"},{"@type":"ListItem","position":3,"name":"Gardien d&rsquo;immeubles &#8211; F\/H H\/F"}]},{"@type":"WebSite","@id":"https:\/\/www.monbailleur.fr\/offres-emploi\/#website","url":"https:\/\/www.monbailleur.fr\/offres-emploi\/","name":"Monbailleur.fr - Emploi","description":"Les offres d&#039;emploi du logement social","publisher":{"@id":"https:\/\/www.monbailleur.fr\/offres-emploi\/#organization"},"potentialAction":[{"@type":"SearchAction","target":{"@type":"EntryPoint","urlTemplate":"https:\/\/www.monbailleur.fr\/offres-emploi\/?s={search_term_string}"},"query-input":{"@type":"PropertyValueSpecification","valueRequired":true,"valueName":"search_term_string"}}],"inLanguage":"fr-FR"},{"@type":"Organization","@id":"https:\/\/www.monbailleur.fr\/offres-emploi\/#organization","name":"Monbailleur.fr - Emploi","url":"https:\/\/www.monbailleur.fr\/offres-emploi\/","logo":{"@type":"ImageObject","inLanguage":"fr-FR","@id":"https:\/\/www.monbailleur.fr\/offres-emploi\/#\/schema\/logo\/image\/","url":"https:\/\/www.monbailleur.fr\/offres-emploi\/wp-content\/uploads\/2023\/06\/MonBailleur-1200x675-1.png","contentUrl":"https:\/\/www.monbailleur.fr\/offres-emploi\/wp-content\/uploads\/2023\/06\/MonBailleur-1200x675-1.png","width":1200,"height":675,"caption":"Monbailleur.fr - Emploi"},"image":{"@id":"https:\/\/www.monbailleur.fr\/offres-emploi\/#\/schema\/logo\/image\/"}}]}},"_links":{"self":[{"href":"https:\/\/www.monbailleur.fr\/offres-emploi\/wp-json\/wp\/v2\/job-listings\/39377","targetHints":{"allow":["GET"]}}],"collection":[{"href":"https:\/\/www.monbailleur.fr\/offres-emploi\/wp-json\/wp\/v2\/job-listings"}],"about":[{"href":"https:\/\/www.monbailleur.fr\/offres-emploi\/wp-json\/wp\/v2\/types\/job_listing"}],"wp:featuredmedia":[{"embeddable":true,"href":"https:\/\/www.monbailleur.fr\/offres-emploi\/wp-json\/wp\/v2\/media\/28344"}],"wp:attachment":[{"href":"https:\/\/www.monbailleur.fr\/offres-emploi\/wp-json\/wp\/v2\/media?parent=39377"}],"wp:term":[{"taxonomy":"job_listing_category","embeddable":true,"href":"https:\/\/www.monbailleur.fr\/offres-emploi\/wp-json\/wp\/v2\/job-categories?post=39377"},{"taxonomy":"job_listing_type","embeddable":true,"href":"https:\/\/www.monbailleur.fr\/offres-emploi\/wp-json\/wp\/v2\/job-types?post=39377"}],"curies":[{"name":"wp","href":"https:\/\/api.w.org\/{rel}","templated":true}]}}