{"id":39389,"date":"2026-08-26T08:00:17","date_gmt":"2026-08-26T06:00:17","guid":{"rendered":"https:\/\/www.monbailleur.fr\/offres-emploi\/poste\/charge-de-quittancement-f-h-h-f"},"modified":"2026-08-26T08:00:17","modified_gmt":"2026-08-26T06:00:17","slug":"charge-de-quittancement-f-h-h-f","status":"publish","type":"job_listing","link":"https:\/\/www.monbailleur.fr\/offres-emploi\/poste\/charge-de-quittancement-f-h-h-f","title":{"rendered":"Charg\u00e9 de quittancement F\/H H\/F"},"content":{"rendered":"<h2>L&rsquo;entreprise:<\/h2>\n<\/p>\n<p>Le Groupe Valophis est ancr\u00e9 sur le territoire du Val de Marne et toute l\u2019Ile de France et propose des solutions immobili\u00e8res adapt\u00e9es aux besoins de chacun. Depuis plus de 50 ans, nous portons les couleurs de l\u2019immobilier engag\u00e9. Plus de 1000 femmes et hommes exer\u00e7ant plus de 80 m\u00e9tiers diff\u00e9rents partagent ainsi la m\u00eame ambition : Am\u00e9liorer la qualit\u00e9 de vie de tous ceux et celles qui en ont besoin. Et ce qui compte, avant tout pour nous, c\u2019est que nos talents puissent faire de cette mission une r\u00e9alit\u00e9.<\/p>\n<p>\u00catre en mouvement au quotidien tout en proposant des solutions innovantes et durables qui ont un r\u00e9el impact ? Enfin pouvoir oser, proposer, partager et avancer tout en d\u00e9construisant toutes les id\u00e9es re\u00e7ues ? Autant de questions qui trouvent \u00e9chos en vous ? Alors rejoignez-nous !<\/p>\n<p>Visitez notre site : www.groupevalophis.fr<\/p>\n<h2>Description:<\/h2>\n<\/p>\n<p>Charg\u00e9 de quittancement &#8211; H\/F<br \/>Si\u00e8ge Cr\u00e9teil \u2013 94<\/p>\n<p>M\u00e9tro ligne 8 Cr\u00e9teil Universit\u00e9<\/p>\n<\/p>\n<p>Au sein de la direction des services financiers, rattach\u00e9 au responsable du p\u00f4le quittancement, vos missions principales seront les suivantes :<\/p>\n<\/p>\n<p>&#8211; Elaboration et application du planning mensuel des traitements du quittancement : vous veillez \u00e0 la bonne ex\u00e9cution des traitements, contr\u00f4lez et validez le r\u00e9sultat des traitements. Vous rep\u00e9rez les anomalies et prenez les mesures de corrections n\u00e9cessaires en accord avec votre responsable. Vous validez les d\u00e9comptes de r\u00e9siliation et les modifications de quittancement. <\/p>\n<p>Vous lancez et contr\u00f4lez le traitement des augmentations de loyer. <\/p>\n<p>Vous \u00eates garant de l\u2019application des r\u00e8gles de gestion et des proc\u00e9dures internes. Vous mettez \u00e0 jour les tableaux de suivi d\u2019activit\u00e9 (APL, DDR, SLS, RLS,) <\/p>\n<p>Vous traitez les d\u00e9comptes de surfaces corrig\u00e9es et mettez en application les augmentations suite \u00e0 r\u00e9habilitation. <\/p>\n<\/p>\n<p>&#8211; Relations internes et externes : Vous apportez les r\u00e9ponses aux demandes des agences, vous transmettez aux services concern\u00e9s les r\u00e9sultats des traitements. <\/p>\n<p>Vous collaborez activement avec les diff\u00e9rents intervenants dans la reprise ou la vente de patrimoine. <\/p>\n<p>Vous participez aux projets d\u2019\u00e9volution des proc\u00e9dures, des modes op\u00e9ratoires et des outils. <\/p>\n<p>Vous transmettez les anomalies au service informatique. <\/p>\n<p>Vous collaborez avec le contentieux pour les DDR, avec la Caisse d\u2019allocation familiale (CAF) pour la r\u00e9solution des anomalies constat\u00e9es. <\/p>\n<h2>Profil:<\/h2>\n<\/p>\n<p>Votre personnalit\u00e9 est importante pour nous. Autonome et organis\u00e9(e), vous \u00eates responsable de la qualit\u00e9 de la production de votre service. Vous \u00eates dynamique et motiv\u00e9(e) par l\u2019am\u00e9lioration continue de nos process dans un environnement mouvant et complexe.<\/p>\n<p>Bac + 2 en comptabilit\u00e9 et gestion, vous justifiez d\u2019une premi\u00e8re exp\u00e9rience de 2 ans minimum, id\u00e9alement dans une fonction similaire chez un bailleur social. Cette exp\u00e9rience vous conf\u00e8re une excellente connaissance des proc\u00e9dures et r\u00e8gles de la gestion locative. Vous ma\u00eetrisez Excel.<\/p>\n<p>Nous vous proposons :<\/p>\n<p>Une r\u00e9mun\u00e9ration sur 12 mois, selon exp\u00e9rience, entre 30 et 35 K\u20ac + primes et int\u00e9ressement.<\/p>\n<p>Un statut agent de ma\u00eetrise aux horaires variables<\/p>\n<p>34 jours de cong\u00e9s pay\u00e9s et 16 jours de RTT<\/p>\n<p>La possibilit\u00e9 de t\u00e9l\u00e9travailler 2 jours hebdomadaires.<\/p>\n<p>La possibilit\u00e9 de d\u00e9velopper vos comp\u00e9tences et de b\u00e2tir votre carri\u00e8re (50% des postes sont pourvus en interne).<\/p>\n<p>Un environnement de travail qui vous offre les possibilit\u00e9s de r\u00e9ussir tout en pr\u00e9servant votre \u00e9quilibre.<\/p>\n<p>Le Groupe Valophis est aussi engag\u00e9 en faveur de l\u2019\u00e9galit\u00e9 des chances, le poste propos\u00e9 est ouvert, \u00e0 comp\u00e9tences \u00e9gales, aux candidatures de personnes en situation de handicap.<\/p>\n<h3>Niveau de dipl\u00f4me:<\/h3>\n<p> Niveau III &#8211; Bac+2 (BTS, DUT,\u2026)<\/p>\n<h3>Temps de travail<\/h3>\n<p>Temps plein <\/p>\n<h3> Organisme <\/h3>\n<p> <span id=\"ctl00_ctl00_AspMainContent_MainContent_MasterPageSettingsView_ctl03_ctl01_fldEntityDescriptionFormat_lblContentText\"><span id=\"ctl00_MainContent_DescriptionEntityEdit_SubForm1_ctl01_Field1_ctl00_lblEntityFormat\">VALOPHIS HABITAT &#8211; OPH DU VAL-DE-MARNE <\/span><br \/><\/span><\/p>\n","protected":false},"author":0,"featured_media":3856,"template":"","meta":{"_promoted":"","_job_location":"France, Ile-de-France, Val de Marne (94) 9, route de Choisy 94048 CRETEIL CEDEX","_application":"https:\/\/les-hlm-recrutent.talent-soft.com\/offre-de-emploi\/emploi-charge-de-quittancement-f-h-h-f_70474.aspx?utm_source=monbailleur.fr","_company_name":"VALOPHIS HABITAT - OPH DU VAL-DE-MARNE","_company_website":"","_company_tagline":"","_company_twitter":"","_company_video":"","_filled":0,"_featured":0,"_remote_position":0,"_job_salary":"","_job_salary_currency":"","_job_salary_unit":""},"job-categories":[78],"job-types":[63],"class_list":["post-39389","job_listing","type-job_listing","status-publish","has-post-thumbnail","hentry","job_listing_category-autres","job_listing_type-cdi","job-type-cdi"],"yoast_head":"<!-- This site is optimized with the Yoast SEO Premium plugin v22.4 (Yoast SEO v25.1) - https:\/\/yoast.com\/wordpress\/plugins\/seo\/ -->\n<title>Charg\u00e9 de quittancement F\/H H\/F - Monbailleur.fr - Emploi<\/title>\n<meta name=\"robots\" content=\"noindex, follow\" \/>\n<meta property=\"og:locale\" content=\"fr_FR\" \/>\n<meta property=\"og:type\" content=\"article\" \/>\n<meta property=\"og:title\" content=\"Charg\u00e9 de quittancement F\/H H\/F\" \/>\n<meta property=\"og:description\" content=\"L&rsquo;entreprise: Le Groupe Valophis est ancr\u00e9 sur le territoire du Val de Marne et toute l\u2019Ile de France et propose des solutions immobili\u00e8res adapt\u00e9es aux besoins de chacun. Depuis plus de 50 ans, nous portons les couleurs de l\u2019immobilier engag\u00e9. Plus de 1000 femmes et hommes exer\u00e7ant plus de 80 m\u00e9tiers diff\u00e9rents partagent ainsi la\" \/>\n<meta property=\"og:url\" content=\"https:\/\/www.monbailleur.fr\/offres-emploi\/poste\/charge-de-quittancement-f-h-h-f\" \/>\n<meta property=\"og:site_name\" content=\"Monbailleur.fr - Emploi\" \/>\n<meta property=\"og:image\" content=\"https:\/\/www.monbailleur.fr\/offres-emploi\/wp-content\/uploads\/2023\/06\/valophis-habitat-oph-du-val-de-marne.png\" \/>\n\t<meta property=\"og:image:width\" content=\"200\" \/>\n\t<meta property=\"og:image:height\" content=\"83\" \/>\n\t<meta property=\"og:image:type\" content=\"image\/png\" \/>\n<meta name=\"twitter:card\" content=\"summary_large_image\" \/>\n<meta name=\"twitter:label1\" content=\"Dur\u00e9e de lecture estim\u00e9e\" \/>\n\t<meta name=\"twitter:data1\" content=\"3 minutes\" \/>\n<script type=\"application\/ld+json\" class=\"yoast-schema-graph\">{\"@context\":\"https:\/\/schema.org\",\"@graph\":[{\"@type\":\"WebPage\",\"@id\":\"https:\/\/www.monbailleur.fr\/offres-emploi\/poste\/charge-de-quittancement-f-h-h-f\",\"url\":\"https:\/\/www.monbailleur.fr\/offres-emploi\/poste\/charge-de-quittancement-f-h-h-f\",\"name\":\"Charg\u00e9 de quittancement F\/H H\/F - Monbailleur.fr - Emploi\",\"isPartOf\":{\"@id\":\"https:\/\/www.monbailleur.fr\/offres-emploi\/#website\"},\"primaryImageOfPage\":{\"@id\":\"https:\/\/www.monbailleur.fr\/offres-emploi\/poste\/charge-de-quittancement-f-h-h-f#primaryimage\"},\"image\":{\"@id\":\"https:\/\/www.monbailleur.fr\/offres-emploi\/poste\/charge-de-quittancement-f-h-h-f#primaryimage\"},\"thumbnailUrl\":\"https:\/\/www.monbailleur.fr\/offres-emploi\/wp-content\/uploads\/2023\/06\/valophis-habitat-oph-du-val-de-marne.png\",\"datePublished\":\"2026-08-26T06:00:17+00:00\",\"breadcrumb\":{\"@id\":\"https:\/\/www.monbailleur.fr\/offres-emploi\/poste\/charge-de-quittancement-f-h-h-f#breadcrumb\"},\"inLanguage\":\"fr-FR\",\"potentialAction\":[{\"@type\":\"ReadAction\",\"target\":[\"https:\/\/www.monbailleur.fr\/offres-emploi\/poste\/charge-de-quittancement-f-h-h-f\"]}]},{\"@type\":\"ImageObject\",\"inLanguage\":\"fr-FR\",\"@id\":\"https:\/\/www.monbailleur.fr\/offres-emploi\/poste\/charge-de-quittancement-f-h-h-f#primaryimage\",\"url\":\"https:\/\/www.monbailleur.fr\/offres-emploi\/wp-content\/uploads\/2023\/06\/valophis-habitat-oph-du-val-de-marne.png\",\"contentUrl\":\"https:\/\/www.monbailleur.fr\/offres-emploi\/wp-content\/uploads\/2023\/06\/valophis-habitat-oph-du-val-de-marne.png\",\"width\":200,\"height\":83},{\"@type\":\"BreadcrumbList\",\"@id\":\"https:\/\/www.monbailleur.fr\/offres-emploi\/poste\/charge-de-quittancement-f-h-h-f#breadcrumb\",\"itemListElement\":[{\"@type\":\"ListItem\",\"position\":1,\"name\":\"Accueil\",\"item\":\"https:\/\/www.monbailleur.fr\/offres-emploi\/\"},{\"@type\":\"ListItem\",\"position\":2,\"name\":\"offres d\u2019emploi\",\"item\":\"https:\/\/www.monbailleur.fr\/offres-emploi\/job-listings\"},{\"@type\":\"ListItem\",\"position\":3,\"name\":\"Charg\u00e9 de quittancement F\/H H\/F\"}]},{\"@type\":\"WebSite\",\"@id\":\"https:\/\/www.monbailleur.fr\/offres-emploi\/#website\",\"url\":\"https:\/\/www.monbailleur.fr\/offres-emploi\/\",\"name\":\"Monbailleur.fr - Emploi\",\"description\":\"Les offres d&#039;emploi du logement social\",\"publisher\":{\"@id\":\"https:\/\/www.monbailleur.fr\/offres-emploi\/#organization\"},\"potentialAction\":[{\"@type\":\"SearchAction\",\"target\":{\"@type\":\"EntryPoint\",\"urlTemplate\":\"https:\/\/www.monbailleur.fr\/offres-emploi\/?s={search_term_string}\"},\"query-input\":{\"@type\":\"PropertyValueSpecification\",\"valueRequired\":true,\"valueName\":\"search_term_string\"}}],\"inLanguage\":\"fr-FR\"},{\"@type\":\"Organization\",\"@id\":\"https:\/\/www.monbailleur.fr\/offres-emploi\/#organization\",\"name\":\"Monbailleur.fr - Emploi\",\"url\":\"https:\/\/www.monbailleur.fr\/offres-emploi\/\",\"logo\":{\"@type\":\"ImageObject\",\"inLanguage\":\"fr-FR\",\"@id\":\"https:\/\/www.monbailleur.fr\/offres-emploi\/#\/schema\/logo\/image\/\",\"url\":\"https:\/\/www.monbailleur.fr\/offres-emploi\/wp-content\/uploads\/2023\/06\/MonBailleur-1200x675-1.png\",\"contentUrl\":\"https:\/\/www.monbailleur.fr\/offres-emploi\/wp-content\/uploads\/2023\/06\/MonBailleur-1200x675-1.png\",\"width\":1200,\"height\":675,\"caption\":\"Monbailleur.fr - Emploi\"},\"image\":{\"@id\":\"https:\/\/www.monbailleur.fr\/offres-emploi\/#\/schema\/logo\/image\/\"}}]}<\/script>\n<!-- \/ Yoast SEO Premium plugin. -->","yoast_head_json":{"title":"Charg\u00e9 de quittancement F\/H H\/F - Monbailleur.fr - Emploi","robots":{"index":"noindex","follow":"follow"},"og_locale":"fr_FR","og_type":"article","og_title":"Charg\u00e9 de quittancement F\/H H\/F","og_description":"L&rsquo;entreprise: Le Groupe Valophis est ancr\u00e9 sur le territoire du Val de Marne et toute l\u2019Ile de France et propose des solutions immobili\u00e8res adapt\u00e9es aux besoins de chacun. Depuis plus de 50 ans, nous portons les couleurs de l\u2019immobilier engag\u00e9. Plus de 1000 femmes et hommes exer\u00e7ant plus de 80 m\u00e9tiers diff\u00e9rents partagent ainsi la","og_url":"https:\/\/www.monbailleur.fr\/offres-emploi\/poste\/charge-de-quittancement-f-h-h-f","og_site_name":"Monbailleur.fr - Emploi","og_image":[{"width":200,"height":83,"url":"https:\/\/www.monbailleur.fr\/offres-emploi\/wp-content\/uploads\/2023\/06\/valophis-habitat-oph-du-val-de-marne.png","type":"image\/png"}],"twitter_card":"summary_large_image","twitter_misc":{"Dur\u00e9e de lecture estim\u00e9e":"3 minutes"},"schema":{"@context":"https:\/\/schema.org","@graph":[{"@type":"WebPage","@id":"https:\/\/www.monbailleur.fr\/offres-emploi\/poste\/charge-de-quittancement-f-h-h-f","url":"https:\/\/www.monbailleur.fr\/offres-emploi\/poste\/charge-de-quittancement-f-h-h-f","name":"Charg\u00e9 de quittancement F\/H H\/F - Monbailleur.fr - Emploi","isPartOf":{"@id":"https:\/\/www.monbailleur.fr\/offres-emploi\/#website"},"primaryImageOfPage":{"@id":"https:\/\/www.monbailleur.fr\/offres-emploi\/poste\/charge-de-quittancement-f-h-h-f#primaryimage"},"image":{"@id":"https:\/\/www.monbailleur.fr\/offres-emploi\/poste\/charge-de-quittancement-f-h-h-f#primaryimage"},"thumbnailUrl":"https:\/\/www.monbailleur.fr\/offres-emploi\/wp-content\/uploads\/2023\/06\/valophis-habitat-oph-du-val-de-marne.png","datePublished":"2026-08-26T06:00:17+00:00","breadcrumb":{"@id":"https:\/\/www.monbailleur.fr\/offres-emploi\/poste\/charge-de-quittancement-f-h-h-f#breadcrumb"},"inLanguage":"fr-FR","potentialAction":[{"@type":"ReadAction","target":["https:\/\/www.monbailleur.fr\/offres-emploi\/poste\/charge-de-quittancement-f-h-h-f"]}]},{"@type":"ImageObject","inLanguage":"fr-FR","@id":"https:\/\/www.monbailleur.fr\/offres-emploi\/poste\/charge-de-quittancement-f-h-h-f#primaryimage","url":"https:\/\/www.monbailleur.fr\/offres-emploi\/wp-content\/uploads\/2023\/06\/valophis-habitat-oph-du-val-de-marne.png","contentUrl":"https:\/\/www.monbailleur.fr\/offres-emploi\/wp-content\/uploads\/2023\/06\/valophis-habitat-oph-du-val-de-marne.png","width":200,"height":83},{"@type":"BreadcrumbList","@id":"https:\/\/www.monbailleur.fr\/offres-emploi\/poste\/charge-de-quittancement-f-h-h-f#breadcrumb","itemListElement":[{"@type":"ListItem","position":1,"name":"Accueil","item":"https:\/\/www.monbailleur.fr\/offres-emploi\/"},{"@type":"ListItem","position":2,"name":"offres d\u2019emploi","item":"https:\/\/www.monbailleur.fr\/offres-emploi\/job-listings"},{"@type":"ListItem","position":3,"name":"Charg\u00e9 de quittancement F\/H H\/F"}]},{"@type":"WebSite","@id":"https:\/\/www.monbailleur.fr\/offres-emploi\/#website","url":"https:\/\/www.monbailleur.fr\/offres-emploi\/","name":"Monbailleur.fr - Emploi","description":"Les offres d&#039;emploi du logement social","publisher":{"@id":"https:\/\/www.monbailleur.fr\/offres-emploi\/#organization"},"potentialAction":[{"@type":"SearchAction","target":{"@type":"EntryPoint","urlTemplate":"https:\/\/www.monbailleur.fr\/offres-emploi\/?s={search_term_string}"},"query-input":{"@type":"PropertyValueSpecification","valueRequired":true,"valueName":"search_term_string"}}],"inLanguage":"fr-FR"},{"@type":"Organization","@id":"https:\/\/www.monbailleur.fr\/offres-emploi\/#organization","name":"Monbailleur.fr - Emploi","url":"https:\/\/www.monbailleur.fr\/offres-emploi\/","logo":{"@type":"ImageObject","inLanguage":"fr-FR","@id":"https:\/\/www.monbailleur.fr\/offres-emploi\/#\/schema\/logo\/image\/","url":"https:\/\/www.monbailleur.fr\/offres-emploi\/wp-content\/uploads\/2023\/06\/MonBailleur-1200x675-1.png","contentUrl":"https:\/\/www.monbailleur.fr\/offres-emploi\/wp-content\/uploads\/2023\/06\/MonBailleur-1200x675-1.png","width":1200,"height":675,"caption":"Monbailleur.fr - Emploi"},"image":{"@id":"https:\/\/www.monbailleur.fr\/offres-emploi\/#\/schema\/logo\/image\/"}}]}},"_links":{"self":[{"href":"https:\/\/www.monbailleur.fr\/offres-emploi\/wp-json\/wp\/v2\/job-listings\/39389","targetHints":{"allow":["GET"]}}],"collection":[{"href":"https:\/\/www.monbailleur.fr\/offres-emploi\/wp-json\/wp\/v2\/job-listings"}],"about":[{"href":"https:\/\/www.monbailleur.fr\/offres-emploi\/wp-json\/wp\/v2\/types\/job_listing"}],"wp:featuredmedia":[{"embeddable":true,"href":"https:\/\/www.monbailleur.fr\/offres-emploi\/wp-json\/wp\/v2\/media\/3856"}],"wp:attachment":[{"href":"https:\/\/www.monbailleur.fr\/offres-emploi\/wp-json\/wp\/v2\/media?parent=39389"}],"wp:term":[{"taxonomy":"job_listing_category","embeddable":true,"href":"https:\/\/www.monbailleur.fr\/offres-emploi\/wp-json\/wp\/v2\/job-categories?post=39389"},{"taxonomy":"job_listing_type","embeddable":true,"href":"https:\/\/www.monbailleur.fr\/offres-emploi\/wp-json\/wp\/v2\/job-types?post=39389"}],"curies":[{"name":"wp","href":"https:\/\/api.w.org\/{rel}","templated":true}]}}