{"id":39407,"date":"2026-08-26T08:00:33","date_gmt":"2026-08-26T06:00:33","guid":{"rendered":"https:\/\/www.monbailleur.fr\/offres-emploi\/poste\/gerant-immobilier-f-h"},"modified":"2026-08-26T08:00:33","modified_gmt":"2026-08-26T06:00:33","slug":"gerant-immobilier-f-h","status":"publish","type":"job_listing","link":"https:\/\/www.monbailleur.fr\/offres-emploi\/poste\/gerant-immobilier-f-h","title":{"rendered":"G\u00e9rant immobilier F\/H"},"content":{"rendered":"<h2>L&rsquo;entreprise:<\/h2>\n<h2>Description:<\/h2>\n<\/p>\n<p>Int\u00e9gr\u00e9.e \u00e0 notre \u00e9quipe de l\u2019agence Rennes Sud, vous g\u00e9rez un portefeuille de 750 logements, de l\u2019entr\u00e9e \u00e0 la sortie des locataires, en assurant la qualit\u00e9 du patrimoine et la satisfaction des locataires.<\/p>\n<p>Vos missions principales :<\/p>\n<p>&#8211; Gestion des \u00e9tats des lieux d\u2019entr\u00e9e et de sortie.<\/p>\n<p>&#8211; Gestion des visites conseil.<\/p>\n<p>&#8211; R\u00e9solution des sollicitations techniques (\u00e9dition des bons de travaux, pr\u00e9-validation des factures, maitrise des budgets d\u2019entretien courant et d\u2019\u00e9tats des lieux).<\/p>\n<p>Vous assurerez \u00e9galement des permanences t\u00e9l\u00e9phoniques en rotation avec vos coll\u00e8gues de l\u2019agence.<\/p>\n<p>Poste \u00e0 pourvoir rapidement jusqu\u2019\u00e0 fin avril 2027. Bas\u00e9 \u00e0 l\u2019agence Rennes Sud dans le quartier de la Poterie. D\u00e9placements \u00e0 pr\u00e9voir sur Rennes (secteurs Blosne et Br\u00e9quigny).<\/p>\n<p>Pourquoi nous rejoindre ?<\/p>\n<p>\u2728 Profitez d\u2019un 13\u1d49 mois et de primes attractives : vacances, int\u00e9ressement et participation,<\/p>\n<p>\u2728 B\u00e9n\u00e9ficiez de titres-restaurant de 10\u20ac via la carte SWILE,<\/p>\n<p>\u2728 Des locaux facilement accessibles en transports en commun (m\u00e9tro \u00e0 proximit\u00e9), avec une prise en charge \u00e0 70% de vos frais de transport,<\/p>\n<p>\u2728 De nombreux RTT et du t\u00e9l\u00e9travail pour un meilleur \u00e9quilibre vie pro\/vie perso, <\/p>\n<p>\u2728 Un CSE actif qui prend soin de ses collaborateurs,<\/p>\n<p>\u2728 Et enfin, une \u00e9quipe dynamique et motivante, qui a h\u00e2te de vous accueillir !<\/p>\n<p>De formation sup\u00e9rieure Bac+2\/3 dans le domaine de l\u2019immobilier (BTS Professions Immobili\u00e8res, Licence dans le domaine de l&rsquo;immobilier &#8230;), vous justifiez d\u2019une exp\u00e9rience r\u00e9ussie, id\u00e9alement en gestion locative\/technique chez un bailleur social. <\/p>\n<p>Vous \u00eates curieux et appr\u00e9ciez r\u00e9soudre les probl\u00e8mes. Vous savez g\u00e9rer les situations conflictuelles. Votre sens du service, votre rigueur, votre autonomie ainsi que votre app\u00e9tence pour le technique seront autant d\u2019atouts qui vous permettront de vous sentir bien dans votre poste. La ma\u00eetrise de soi, la capacit\u00e9 d&rsquo;adaption et la r\u00e9activit\u00e9 font parties de vous. Le travail en \u00e9quipe fait sens. <\/p>\n<p>Des connaissances en technique et pathologie du b\u00e2timent seront appr\u00e9ci\u00e9es. Une bonne ma\u00eetrise des outils bureautiques est n\u00e9cessaire (Excel, Word). <\/p>\n<p>Engag\u00e9.e, vous partagez les valeurs de l\u2019habitat social et \u00eates motiv\u00e9.e par un m\u00e9tier qui a du sens et un impact concret au quotidien.<\/p>\n<p>D\u00e9roulement du processus de recrutement : <\/p>\n<p>Toutes les candidatures seront lues avec attention. Si votre profil nous correspond :<\/p>\n<p>&#8211; Un appel t\u00e9l\u00e9phonique de pr\u00e9-qualification pour \u00e9valuer l\u2019ad\u00e9quation entre votre recherche et le poste, <br \/>&#8211; Un entretien avec le responsable d&rsquo;agence ax\u00e9 sur la d\u00e9couverte de votre profil et le poste propos\u00e9, <br \/>&#8211; Un entretien RH pour apprendre \u00e0 mieux vous conna\u00eetre, <br \/>&#8211; Une prise de r\u00e9f\u00e9rences, <br \/>&#8211; La d\u00e9cision finale ! <\/p>\n<p> L\u2019aventure vous tente ? N\u2019h\u00e9sitez plus et postulez vite ! <\/p>\n<p>Nos avantages : <br \/>&#8211; Primes (13\u00e8me mois, vacances, int\u00e9ressement et participation)<br \/>&#8211; Prise en charge \u00e0 70% de l&rsquo;abonnement des transports en commun <br \/>&#8211; Nombreux RTT<br \/>&#8211; Titres restaurant<\/p>\n<h3>Niveau de dipl\u00f4me:<\/h3>\n<p> Niveau III &#8211; Bac+2 (BTS, DUT,\u2026)<\/p>\n<h3>Temps de travail<\/h3>\n<p>Temps plein <\/p>\n<h3> Organisme <\/h3>\n<p> <span id=\"ctl00_ctl00_AspMainContent_MainContent_MasterPageSettingsView_ctl03_ctl01_fldEntityDescriptionFormat_lblContentText\"><span id=\"ctl00_MainContent_DescriptionEntityEdit_SubForm1_ctl01_Field1_ctl00_lblEntityFormat\">ESPACIL HABITAT <\/span><br \/><\/span><\/p>\n","protected":false},"author":0,"featured_media":5636,"template":"","meta":{"_promoted":"","_job_location":"France, Bretagne, Ille et Vilaine (35) Rennes","_application":"https:\/\/les-hlm-recrutent.talent-soft.com\/offre-de-emploi\/emploi-gerant-immobilier-f-h_70490.aspx?utm_source=monbailleur.fr","_company_name":"ESPACIL HABITAT","_company_website":"","_company_tagline":"","_company_twitter":"","_company_video":"","_filled":0,"_featured":0,"_remote_position":0,"_job_salary":"","_job_salary_currency":"","_job_salary_unit":""},"job-categories":[78],"job-types":[52],"class_list":["post-39407","job_listing","type-job_listing","status-publish","has-post-thumbnail","hentry","job_listing_category-autres","job_listing_type-cdd","job-type-cdd"],"yoast_head":"<!-- This site is optimized with the Yoast SEO Premium plugin v22.4 (Yoast SEO v25.1) - https:\/\/yoast.com\/wordpress\/plugins\/seo\/ -->\n<title>G\u00e9rant immobilier F\/H - Monbailleur.fr - Emploi<\/title>\n<meta name=\"robots\" content=\"noindex, follow\" \/>\n<meta property=\"og:locale\" content=\"fr_FR\" \/>\n<meta property=\"og:type\" content=\"article\" \/>\n<meta property=\"og:title\" content=\"G\u00e9rant immobilier F\/H\" \/>\n<meta property=\"og:description\" content=\"L&rsquo;entreprise: Description: Int\u00e9gr\u00e9.e \u00e0 notre \u00e9quipe de l\u2019agence Rennes Sud, vous g\u00e9rez un portefeuille de 750 logements, de l\u2019entr\u00e9e \u00e0 la sortie des locataires, en assurant la qualit\u00e9 du patrimoine et la satisfaction des locataires. Vos missions principales : &#8211; Gestion des \u00e9tats des lieux d\u2019entr\u00e9e et de sortie. &#8211; Gestion des visites conseil. &#8211;\" \/>\n<meta property=\"og:url\" content=\"https:\/\/www.monbailleur.fr\/offres-emploi\/poste\/gerant-immobilier-f-h\" \/>\n<meta property=\"og:site_name\" content=\"Monbailleur.fr - Emploi\" \/>\n<meta property=\"og:image\" content=\"https:\/\/www.monbailleur.fr\/offres-emploi\/wp-content\/uploads\/2023\/06\/mon_bailleur_emploi_placeholder.png\" \/>\n\t<meta property=\"og:image:width\" content=\"512\" \/>\n\t<meta property=\"og:image:height\" content=\"512\" \/>\n\t<meta property=\"og:image:type\" content=\"image\/png\" \/>\n<meta name=\"twitter:card\" content=\"summary_large_image\" \/>\n<meta name=\"twitter:label1\" content=\"Dur\u00e9e de lecture estim\u00e9e\" \/>\n\t<meta name=\"twitter:data1\" content=\"3 minutes\" \/>\n<script type=\"application\/ld+json\" class=\"yoast-schema-graph\">{\"@context\":\"https:\/\/schema.org\",\"@graph\":[{\"@type\":\"WebPage\",\"@id\":\"https:\/\/www.monbailleur.fr\/offres-emploi\/poste\/gerant-immobilier-f-h\",\"url\":\"https:\/\/www.monbailleur.fr\/offres-emploi\/poste\/gerant-immobilier-f-h\",\"name\":\"G\u00e9rant immobilier F\/H - Monbailleur.fr - Emploi\",\"isPartOf\":{\"@id\":\"https:\/\/www.monbailleur.fr\/offres-emploi\/#website\"},\"primaryImageOfPage\":{\"@id\":\"https:\/\/www.monbailleur.fr\/offres-emploi\/poste\/gerant-immobilier-f-h#primaryimage\"},\"image\":{\"@id\":\"https:\/\/www.monbailleur.fr\/offres-emploi\/poste\/gerant-immobilier-f-h#primaryimage\"},\"thumbnailUrl\":\"https:\/\/www.monbailleur.fr\/offres-emploi\/wp-content\/uploads\/2023\/06\/mon_bailleur_emploi_placeholder.png\",\"datePublished\":\"2026-08-26T06:00:33+00:00\",\"breadcrumb\":{\"@id\":\"https:\/\/www.monbailleur.fr\/offres-emploi\/poste\/gerant-immobilier-f-h#breadcrumb\"},\"inLanguage\":\"fr-FR\",\"potentialAction\":[{\"@type\":\"ReadAction\",\"target\":[\"https:\/\/www.monbailleur.fr\/offres-emploi\/poste\/gerant-immobilier-f-h\"]}]},{\"@type\":\"ImageObject\",\"inLanguage\":\"fr-FR\",\"@id\":\"https:\/\/www.monbailleur.fr\/offres-emploi\/poste\/gerant-immobilier-f-h#primaryimage\",\"url\":\"https:\/\/www.monbailleur.fr\/offres-emploi\/wp-content\/uploads\/2023\/06\/mon_bailleur_emploi_placeholder.png\",\"contentUrl\":\"https:\/\/www.monbailleur.fr\/offres-emploi\/wp-content\/uploads\/2023\/06\/mon_bailleur_emploi_placeholder.png\",\"width\":512,\"height\":512},{\"@type\":\"BreadcrumbList\",\"@id\":\"https:\/\/www.monbailleur.fr\/offres-emploi\/poste\/gerant-immobilier-f-h#breadcrumb\",\"itemListElement\":[{\"@type\":\"ListItem\",\"position\":1,\"name\":\"Accueil\",\"item\":\"https:\/\/www.monbailleur.fr\/offres-emploi\/\"},{\"@type\":\"ListItem\",\"position\":2,\"name\":\"offres d\u2019emploi\",\"item\":\"https:\/\/www.monbailleur.fr\/offres-emploi\/job-listings\"},{\"@type\":\"ListItem\",\"position\":3,\"name\":\"G\u00e9rant immobilier F\/H\"}]},{\"@type\":\"WebSite\",\"@id\":\"https:\/\/www.monbailleur.fr\/offres-emploi\/#website\",\"url\":\"https:\/\/www.monbailleur.fr\/offres-emploi\/\",\"name\":\"Monbailleur.fr - Emploi\",\"description\":\"Les offres d&#039;emploi du logement social\",\"publisher\":{\"@id\":\"https:\/\/www.monbailleur.fr\/offres-emploi\/#organization\"},\"potentialAction\":[{\"@type\":\"SearchAction\",\"target\":{\"@type\":\"EntryPoint\",\"urlTemplate\":\"https:\/\/www.monbailleur.fr\/offres-emploi\/?s={search_term_string}\"},\"query-input\":{\"@type\":\"PropertyValueSpecification\",\"valueRequired\":true,\"valueName\":\"search_term_string\"}}],\"inLanguage\":\"fr-FR\"},{\"@type\":\"Organization\",\"@id\":\"https:\/\/www.monbailleur.fr\/offres-emploi\/#organization\",\"name\":\"Monbailleur.fr - Emploi\",\"url\":\"https:\/\/www.monbailleur.fr\/offres-emploi\/\",\"logo\":{\"@type\":\"ImageObject\",\"inLanguage\":\"fr-FR\",\"@id\":\"https:\/\/www.monbailleur.fr\/offres-emploi\/#\/schema\/logo\/image\/\",\"url\":\"https:\/\/www.monbailleur.fr\/offres-emploi\/wp-content\/uploads\/2023\/06\/MonBailleur-1200x675-1.png\",\"contentUrl\":\"https:\/\/www.monbailleur.fr\/offres-emploi\/wp-content\/uploads\/2023\/06\/MonBailleur-1200x675-1.png\",\"width\":1200,\"height\":675,\"caption\":\"Monbailleur.fr - Emploi\"},\"image\":{\"@id\":\"https:\/\/www.monbailleur.fr\/offres-emploi\/#\/schema\/logo\/image\/\"}}]}<\/script>\n<!-- \/ Yoast SEO Premium plugin. -->","yoast_head_json":{"title":"G\u00e9rant immobilier F\/H - Monbailleur.fr - Emploi","robots":{"index":"noindex","follow":"follow"},"og_locale":"fr_FR","og_type":"article","og_title":"G\u00e9rant immobilier F\/H","og_description":"L&rsquo;entreprise: Description: Int\u00e9gr\u00e9.e \u00e0 notre \u00e9quipe de l\u2019agence Rennes Sud, vous g\u00e9rez un portefeuille de 750 logements, de l\u2019entr\u00e9e \u00e0 la sortie des locataires, en assurant la qualit\u00e9 du patrimoine et la satisfaction des locataires. Vos missions principales : &#8211; Gestion des \u00e9tats des lieux d\u2019entr\u00e9e et de sortie. &#8211; Gestion des visites conseil. &#8211;","og_url":"https:\/\/www.monbailleur.fr\/offres-emploi\/poste\/gerant-immobilier-f-h","og_site_name":"Monbailleur.fr - Emploi","og_image":[{"width":512,"height":512,"url":"https:\/\/www.monbailleur.fr\/offres-emploi\/wp-content\/uploads\/2023\/06\/mon_bailleur_emploi_placeholder.png","type":"image\/png"}],"twitter_card":"summary_large_image","twitter_misc":{"Dur\u00e9e de lecture estim\u00e9e":"3 minutes"},"schema":{"@context":"https:\/\/schema.org","@graph":[{"@type":"WebPage","@id":"https:\/\/www.monbailleur.fr\/offres-emploi\/poste\/gerant-immobilier-f-h","url":"https:\/\/www.monbailleur.fr\/offres-emploi\/poste\/gerant-immobilier-f-h","name":"G\u00e9rant immobilier F\/H - Monbailleur.fr - Emploi","isPartOf":{"@id":"https:\/\/www.monbailleur.fr\/offres-emploi\/#website"},"primaryImageOfPage":{"@id":"https:\/\/www.monbailleur.fr\/offres-emploi\/poste\/gerant-immobilier-f-h#primaryimage"},"image":{"@id":"https:\/\/www.monbailleur.fr\/offres-emploi\/poste\/gerant-immobilier-f-h#primaryimage"},"thumbnailUrl":"https:\/\/www.monbailleur.fr\/offres-emploi\/wp-content\/uploads\/2023\/06\/mon_bailleur_emploi_placeholder.png","datePublished":"2026-08-26T06:00:33+00:00","breadcrumb":{"@id":"https:\/\/www.monbailleur.fr\/offres-emploi\/poste\/gerant-immobilier-f-h#breadcrumb"},"inLanguage":"fr-FR","potentialAction":[{"@type":"ReadAction","target":["https:\/\/www.monbailleur.fr\/offres-emploi\/poste\/gerant-immobilier-f-h"]}]},{"@type":"ImageObject","inLanguage":"fr-FR","@id":"https:\/\/www.monbailleur.fr\/offres-emploi\/poste\/gerant-immobilier-f-h#primaryimage","url":"https:\/\/www.monbailleur.fr\/offres-emploi\/wp-content\/uploads\/2023\/06\/mon_bailleur_emploi_placeholder.png","contentUrl":"https:\/\/www.monbailleur.fr\/offres-emploi\/wp-content\/uploads\/2023\/06\/mon_bailleur_emploi_placeholder.png","width":512,"height":512},{"@type":"BreadcrumbList","@id":"https:\/\/www.monbailleur.fr\/offres-emploi\/poste\/gerant-immobilier-f-h#breadcrumb","itemListElement":[{"@type":"ListItem","position":1,"name":"Accueil","item":"https:\/\/www.monbailleur.fr\/offres-emploi\/"},{"@type":"ListItem","position":2,"name":"offres d\u2019emploi","item":"https:\/\/www.monbailleur.fr\/offres-emploi\/job-listings"},{"@type":"ListItem","position":3,"name":"G\u00e9rant immobilier F\/H"}]},{"@type":"WebSite","@id":"https:\/\/www.monbailleur.fr\/offres-emploi\/#website","url":"https:\/\/www.monbailleur.fr\/offres-emploi\/","name":"Monbailleur.fr - Emploi","description":"Les offres d&#039;emploi du logement social","publisher":{"@id":"https:\/\/www.monbailleur.fr\/offres-emploi\/#organization"},"potentialAction":[{"@type":"SearchAction","target":{"@type":"EntryPoint","urlTemplate":"https:\/\/www.monbailleur.fr\/offres-emploi\/?s={search_term_string}"},"query-input":{"@type":"PropertyValueSpecification","valueRequired":true,"valueName":"search_term_string"}}],"inLanguage":"fr-FR"},{"@type":"Organization","@id":"https:\/\/www.monbailleur.fr\/offres-emploi\/#organization","name":"Monbailleur.fr - Emploi","url":"https:\/\/www.monbailleur.fr\/offres-emploi\/","logo":{"@type":"ImageObject","inLanguage":"fr-FR","@id":"https:\/\/www.monbailleur.fr\/offres-emploi\/#\/schema\/logo\/image\/","url":"https:\/\/www.monbailleur.fr\/offres-emploi\/wp-content\/uploads\/2023\/06\/MonBailleur-1200x675-1.png","contentUrl":"https:\/\/www.monbailleur.fr\/offres-emploi\/wp-content\/uploads\/2023\/06\/MonBailleur-1200x675-1.png","width":1200,"height":675,"caption":"Monbailleur.fr - Emploi"},"image":{"@id":"https:\/\/www.monbailleur.fr\/offres-emploi\/#\/schema\/logo\/image\/"}}]}},"_links":{"self":[{"href":"https:\/\/www.monbailleur.fr\/offres-emploi\/wp-json\/wp\/v2\/job-listings\/39407","targetHints":{"allow":["GET"]}}],"collection":[{"href":"https:\/\/www.monbailleur.fr\/offres-emploi\/wp-json\/wp\/v2\/job-listings"}],"about":[{"href":"https:\/\/www.monbailleur.fr\/offres-emploi\/wp-json\/wp\/v2\/types\/job_listing"}],"wp:featuredmedia":[{"embeddable":true,"href":"https:\/\/www.monbailleur.fr\/offres-emploi\/wp-json\/wp\/v2\/media\/5636"}],"wp:attachment":[{"href":"https:\/\/www.monbailleur.fr\/offres-emploi\/wp-json\/wp\/v2\/media?parent=39407"}],"wp:term":[{"taxonomy":"job_listing_category","embeddable":true,"href":"https:\/\/www.monbailleur.fr\/offres-emploi\/wp-json\/wp\/v2\/job-categories?post=39407"},{"taxonomy":"job_listing_type","embeddable":true,"href":"https:\/\/www.monbailleur.fr\/offres-emploi\/wp-json\/wp\/v2\/job-types?post=39407"}],"curies":[{"name":"wp","href":"https:\/\/api.w.org\/{rel}","templated":true}]}}